{"id":11636,"date":"2023-05-05T16:57:53","date_gmt":"2023-05-05T19:57:53","guid":{"rendered":"http:\/\/comdep.com.br\/?page_id=11636"},"modified":"2024-01-02T16:48:11","modified_gmt":"2024-01-02T19:48:11","slug":"primeira-convocacao","status":"publish","type":"page","link":"https:\/\/comdep.com.br\/?page_id=11636","title":{"rendered":"CONVOCA\u00c7\u00c3O CONCURSO P\u00daBLICO"},"content":{"rendered":"<section class=\"wpb-content-wrapper\"><p>[vc_row][vc_column][vc_column_text]Ficam convocados os candidatos abaixo relacionados e aprovados no CONCURSO P\u00daBLICO 001\/2022 a se apresentarem a partir <strong>da data do recebimento do telegrama enviado para o endere\u00e7o fornecido no ato da inscri\u00e7\u00e3o do candidato<\/strong> no prazo de 05 (cinco) dias \u00fateis no hor\u00e1rio de 08:30 \u00e0s 17:30 na sede da COMDEP, localizada na Rua General Rondon, 400-B \u2013 Quitandinha \u2013 Petr\u00f3polis\/RJ, conforme consta no edital.<\/p>\n<p><strong><a href=\"http:\/\/comdep.com.br\/wp-content\/uploads\/2023\/05\/CONVOCACAO_CONCURSO_PUBLICO.pdf\" target=\"_blank\" rel=\"noopener\">Primeira Convoca\u00e7\u00e3o<\/a><\/strong><\/p>\n<p><a href=\"http:\/\/comdep.com.br\/wp-content\/uploads\/2023\/05\/2_E_3_CONVOCACAO_CONCURSO_PUBLICO.pdf\" target=\"_blank\" rel=\"noopener\"><strong>Segunda e Terceira Convoca\u00e7\u00f5es<\/strong><\/a><\/p>\n<p><a href=\"http:\/\/comdep.com.br\/wp-content\/uploads\/2023\/05\/4_CONVOCACAO_CONCURSO_PUBLICO.pdf\" target=\"_blank\" rel=\"noopener\"><strong>Quarta Convoca\u00e7\u00e3o<\/strong><\/a><\/p>\n<p><a href=\"http:\/\/comdep.com.br\/wp-content\/uploads\/2023\/05\/5_CONVOCACAO_CONCURSO_PUBLICO.pdf\" target=\"_blank\" rel=\"noopener\"><strong>Quinta Convoca\u00e7\u00e3o<\/strong><\/a><\/p>\n<p><a href=\"http:\/\/comdep.com.br\/wp-content\/uploads\/2023\/06\/6_CONVOCACAO_CONCURSO_PUBLICO.pdf\" target=\"_blank\" rel=\"noopener\"><strong>Sexta Convoca\u00e7\u00e3o<\/strong><\/a><\/p>\n<p><a href=\"http:\/\/comdep.com.br\/wp-content\/uploads\/2023\/06\/7a_CONVOCACAO_CONCURSO_PUBLICO.pdf\" target=\"_blank\" rel=\"noopener\"><strong>S\u00e9tima Convoca\u00e7\u00e3o<\/strong><\/a><\/p>\n<p><a href=\"http:\/\/comdep.com.br\/wp-content\/uploads\/2023\/06\/8a_CONVOCACAO_CONCURSO_PUBLICO.pdf\" target=\"_blank\" rel=\"noopener\"><strong>Oitava Convoca\u00e7\u00e3o<\/strong><\/a><\/p>\n<p><a href=\"http:\/\/comdep.com.br\/wp-content\/uploads\/2023\/06\/9a_CONVOCACAO_CONCURSO_PUBLICO.pdf\" target=\"_blank\" rel=\"noopener\"><strong>Nona Convoca\u00e7\u00e3o<\/strong><\/a><\/p>\n<p><a href=\"http:\/\/comdep.com.br\/wp-content\/uploads\/2023\/06\/10a_CONVOCACAO_CONCURSO_PUBLICO.pdf\" target=\"_blank\" rel=\"noopener\"><strong>D\u00e9cima Convoca\u00e7\u00e3o<\/strong><\/a><\/p>\n<p><strong><a href=\"http:\/\/comdep.com.br\/wp-content\/uploads\/2023\/07\/11a_CONVOCACAO_CONCURSO_PUBLICO.pdf\" target=\"_blank\" rel=\"noopener\">D\u00e9cima Primeira Convoca\u00e7\u00e3o<\/a><\/strong><\/p>\n<p><a href=\"http:\/\/comdep.com.br\/wp-content\/uploads\/2023\/07\/12a_CONVOCACAO_CONCURSO_PUBLICO.pdf\" target=\"_blank\" rel=\"noopener\"><strong>D\u00e9cima Segunda Convoca\u00e7\u00e3o<\/strong><\/a><\/p>\n<p><a href=\"http:\/\/comdep.com.br\/wp-content\/uploads\/2023\/12\/13a_CONVOCACAO_CONCURSO_PUBLICO.pdf\" target=\"_blank\" rel=\"noopener\"><strong>D\u00e9cima Terceira Convoca\u00e7\u00e3o<\/strong><\/a><\/p>\n<p><a href=\"http:\/\/comdep.com.br\/wp-content\/uploads\/2023\/12\/14a_CONVOCACAO_CONCURSO_PUBLICO.pdf\" target=\"_blank\" rel=\"noopener\"><strong>D\u00e9cima Quarta Convoca\u00e7\u00e3o<\/strong><\/a><\/p>\n<p><a href=\"http:\/\/comdep.com.br\/wp-content\/uploads\/2023\/12\/15a_CONVOCACAO_CONCURSO_PUBLICO.pdf\" target=\"_blank\" rel=\"noopener\"><strong>D\u00e9cima Quinta Convoca\u00e7\u00e3o<\/strong><\/a><\/p>\n<p><strong><a href=\"http:\/\/comdep.com.br\/wp-content\/uploads\/2024\/01\/16a_CONVOCACAO_CONCURSO_PUBLICO.pdf\">D\u00e9cima Sexta Convoca\u00e7\u00e3o<\/a><\/strong><\/p>\n<p><a href=\"http:\/\/comdep.com.br\/wp-content\/uploads\/2024\/01\/17a_CONVOCACAO_CONCURSO_PUBLICO.pdf\"><strong>D\u00e9cima S\u00e9tima Convoca\u00e7\u00e3o<\/strong><\/a>[\/vc_column_text]<div class=\"ult-spacer spacer-69f31e52a6bac\" data-id=\"69f31e52a6bac\" data-height=\"30\" data-height-mobile=\"30\" data-height-tab=\"30\" data-height-tab-portrait=\"\" data-height-mobile-landscape=\"\" style=\"clear:both;display:block;\"><\/div>[\/vc_column][\/vc_row][vc_row][vc_column]<div class=\"ult-spacer spacer-69f31e52a6bc0\" data-id=\"69f31e52a6bc0\" data-height=\"30\" data-height-mobile=\"30\" data-height-tab=\"30\" data-height-tab-portrait=\"\" data-height-mobile-landscape=\"\" style=\"clear:both;display:block;\"><\/div>[\/vc_column][\/vc_row]<\/p>\n<\/section>","protected":false},"excerpt":{"rendered":"<p>[vc_row][vc_column][vc_column_text]Ficam convocados os candidatos abaixo relacionados e aprovados no CONCURSO P\u00daBLICO 001\/2022 a se apresentarem a partir da data do recebimento do telegrama enviado para o endere\u00e7o fornecido no ato da inscri\u00e7\u00e3o do candidato no prazo de 05 (cinco) dias \u00fateis no hor\u00e1rio de 08:30 \u00e0s 17:30 na sede da COMDEP, localizada na Rua General&hellip;<\/p>\n","protected":false},"author":1,"featured_media":0,"parent":0,"menu_order":0,"comment_status":"closed","ping_status":"closed","template":"","meta":{"_themeisle_gutenberg_block_has_review":false,"footnotes":""},"_links":{"self":[{"href":"https:\/\/comdep.com.br\/index.php?rest_route=\/wp\/v2\/pages\/11636"}],"collection":[{"href":"https:\/\/comdep.com.br\/index.php?rest_route=\/wp\/v2\/pages"}],"about":[{"href":"https:\/\/comdep.com.br\/index.php?rest_route=\/wp\/v2\/types\/page"}],"author":[{"embeddable":true,"href":"https:\/\/comdep.com.br\/index.php?rest_route=\/wp\/v2\/users\/1"}],"replies":[{"embeddable":true,"href":"https:\/\/comdep.com.br\/index.php?rest_route=%2Fwp%2Fv2%2Fcomments&post=11636"}],"version-history":[{"count":21,"href":"https:\/\/comdep.com.br\/index.php?rest_route=\/wp\/v2\/pages\/11636\/revisions"}],"predecessor-version":[{"id":14175,"href":"https:\/\/comdep.com.br\/index.php?rest_route=\/wp\/v2\/pages\/11636\/revisions\/14175"}],"wp:attachment":[{"href":"https:\/\/comdep.com.br\/index.php?rest_route=%2Fwp%2Fv2%2Fmedia&parent=11636"}],"curies":[{"name":"wp","href":"https:\/\/api.w.org\/{rel}","templated":true}]}}