{"id":2458,"date":"2020-01-29T12:02:55","date_gmt":"2020-01-29T15:02:55","guid":{"rendered":"http:\/\/comdep.com.br\/?page_id=2458"},"modified":"2025-07-30T14:26:32","modified_gmt":"2025-07-30T17:26:32","slug":"blog","status":"publish","type":"page","link":"https:\/\/comdep.com.br\/?page_id=2458","title":{"rendered":"Not\u00edcias"},"content":{"rendered":"<section class=\"wpb-content-wrapper\"><p>[vc_row][vc_column]<div id=\"ultimate-heading-243269ef72f30535e\" class=\"uvc-heading ult-adjust-bottom-margin ultimate-heading-243269ef72f30535e uvc-524 accent-border-color\" data-hspacer=\"line_only\"  data-halign=\"left\" style=\"text-align:left\"><div class=\"uvc-main-heading ult-responsive\"  data-ultimate-target='.uvc-heading.ultimate-heading-243269ef72f30535e h2'  data-responsive-json-new='{\"font-size\":\"desktop:26px;\",\"line-height\":\"desktop:36px;\"}' ><h2 style=\"font-weight:bold;\">Comdep em a\u00e7\u00e3o.<\/h2><\/div><div class=\"uvc-heading-spacer line_only\" style=\"margin-top:15px;margin-bottom:50px;height:4px;\"><span class=\"uvc-headings-line\" style=\"border-style:solid;border-bottom-width:4px;border-color:;width:50px;\"><\/span><\/div><\/div>[\/vc_column][\/vc_row][vc_row][vc_column]<style type=\"text\/css\" data-type=\"the7_shortcodes-inline-css\">.blog-shortcode.blog-list-shortcode-id-038e677d285d472658540f8b1a1764a5.dividers-on.classic-layout-list article {\n  margin-top: 30px;\n  padding-top: 0;\n}\n.blog-shortcode.blog-list-shortcode-id-038e677d285d472658540f8b1a1764a5.dividers-on.classic-layout-list article:first-of-type {\n  margin-top: 0;\n  padding-top: 0;\n}\n.blog-shortcode.blog-list-shortcode-id-038e677d285d472658540f8b1a1764a5.classic-layout-list.mode-list .post-thumbnail-wrap {\n  width: 25%;\n}\n.blog-shortcode.blog-list-shortcode-id-038e677d285d472658540f8b1a1764a5.classic-layout-list.mode-list .post-entry-content {\n  width: calc(100% - 25%);\n}\n.blog-shortcode.blog-list-shortcode-id-038e677d285d472658540f8b1a1764a5.classic-layout-list.mode-list .no-img .post-entry-content {\n  width: 100%;\n}\n.blog-shortcode.blog-list-shortcode-id-038e677d285d472658540f8b1a1764a5 .filter-bg-decoration .filter-categories a.act {\n  color: #fff;\n}\n.blog-shortcode.blog-list-shortcode-id-038e677d285d472658540f8b1a1764a5:not(.mode-masonry) article {\n  margin-top: 30px;\n}\n.blog-shortcode.blog-list-shortcode-id-038e677d285d472658540f8b1a1764a5:not(.mode-masonry) article:first-of-type,\n.blog-shortcode.blog-list-shortcode-id-038e677d285d472658540f8b1a1764a5:not(.mode-masonry) article.visible.first:not(.product) {\n  margin-top: 0;\n}\n.blog-shortcode.blog-list-shortcode-id-038e677d285d472658540f8b1a1764a5.dividers-on:not(.mode-masonry) article {\n  margin-top: 0;\n  padding-top: 30px;\n}\n.blog-shortcode.blog-list-shortcode-id-038e677d285d472658540f8b1a1764a5.dividers-on:not(.mode-masonry) article:first-of-type,\n.blog-shortcode.blog-list-shortcode-id-038e677d285d472658540f8b1a1764a5.dividers-on:not(.mode-masonry) article.visible.first:not(.product) {\n  margin-top: 0;\n  padding-top: 0;\n}\n.blog-shortcode.blog-list-shortcode-id-038e677d285d472658540f8b1a1764a5 .post-thumbnail-wrap {\n  padding: 0px 0px 0px 0px;\n}\n.blog-shortcode.blog-list-shortcode-id-038e677d285d472658540f8b1a1764a5.enable-bg-rollover .post-thumbnail-rollover:after {\n  background: -webkit-linear-gradient();\n  background: linear-gradient();\n}\n.blog-shortcode.blog-list-shortcode-id-038e677d285d472658540f8b1a1764a5 .gallery-zoom-ico {\n  width: 44px;\n  height: 44px;\n  line-height: 44px;\n  border-radius: 100px;\n  margin: -22px 0 0 -22px;\n  border-width: 0px;\n  color: #ffffff;\n}\n.bottom-overlap-layout-list.blog-shortcode.blog-list-shortcode-id-038e677d285d472658540f8b1a1764a5 .gallery-zoom-ico {\n  margin-top: -22px;\n}\n.gradient-overlay-layout-list.blog-shortcode.blog-list-shortcode-id-038e677d285d472658540f8b1a1764a5 .gallery-zoom-ico,\n.content-rollover-layout-list.blog-shortcode.blog-list-shortcode-id-038e677d285d472658540f8b1a1764a5 .gallery-zoom-ico {\n  margin: 0 0 10px;\n}\n.content-align-center.gradient-overlay-layout-list.blog-shortcode.blog-list-shortcode-id-038e677d285d472658540f8b1a1764a5 .gallery-zoom-ico,\n.content-align-center.content-rollover-layout-list.blog-shortcode.blog-list-shortcode-id-038e677d285d472658540f8b1a1764a5 .gallery-zoom-ico {\n  margin: 0 auto 10px;\n}\n.dt-icon-bg-on.blog-shortcode.blog-list-shortcode-id-038e677d285d472658540f8b1a1764a5 .gallery-zoom-ico {\n  background: rgba(255,255,255,0.3);\n  box-shadow: none;\n}\n.blog-shortcode.blog-list-shortcode-id-038e677d285d472658540f8b1a1764a5 .gallery-zoom-ico > span,\n.blog-shortcode.blog-list-shortcode-id-038e677d285d472658540f8b1a1764a5 .gallery-zoom-ico:before {\n  font-size: 32px;\n  line-height: 44px;\n}\n.blog-shortcode.blog-list-shortcode-id-038e677d285d472658540f8b1a1764a5 .gallery-zoom-ico > span,\n.blog-shortcode.blog-list-shortcode-id-038e677d285d472658540f8b1a1764a5 .gallery-zoom-ico:before {\n  color: #ffffff;\n}\n.blog-shortcode.blog-list-shortcode-id-038e677d285d472658540f8b1a1764a5 .fancy-date a {\n  background: #ffffff;\n  box-shadow: none;\n}\n.blog-shortcode.blog-list-shortcode-id-038e677d285d472658540f8b1a1764a5 .fancy-date a * {\n  color: #2d2d2d;\n}\n.blog-shortcode.blog-list-shortcode-id-038e677d285d472658540f8b1a1764a5 .entry-title,\n.blog-shortcode.blog-list-shortcode-id-038e677d285d472658540f8b1a1764a5.owl-carousel .entry-title {\n  margin-bottom: 5px;\n  font-weight: bold;\n}\n.blog-shortcode.blog-list-shortcode-id-038e677d285d472658540f8b1a1764a5 .entry-meta {\n  margin-bottom: 15px;\n}\n.blog-shortcode.blog-list-shortcode-id-038e677d285d472658540f8b1a1764a5 .portfolio-categories {\n  margin-bottom: 15px;\n}\n.blog-shortcode.blog-list-shortcode-id-038e677d285d472658540f8b1a1764a5 .entry-excerpt {\n  margin-bottom: 5px;\n}\n.blog-shortcode.blog-list-shortcode-id-038e677d285d472658540f8b1a1764a5:not(.centered-layout-list) .post-entry-content {\n  padding: 10px 15px 15px 20px;\n}\n.blog-shortcode.blog-list-shortcode-id-038e677d285d472658540f8b1a1764a5:not(.centered-layout-list):not(.content-bg-on):not(.mode-list) .no-img .post-entry-content {\n  padding: 0;\n}\n@media screen and (max-width: 768px) {\n  .blog-shortcode.blog-list-shortcode-id-038e677d285d472658540f8b1a1764a5 article {\n    -ms-flex-flow: column nowrap;\n    flex-flow: column nowrap;\n    margin-top: 20px;\n  }\n  .blog-shortcode.blog-list-shortcode-id-038e677d285d472658540f8b1a1764a5.dividers-on article {\n    border: none;\n  }\n  .blog-shortcode.blog-list-shortcode-id-038e677d285d472658540f8b1a1764a5.content-bg-on.centered-layout-list article {\n    padding: 0;\n  }\n  .blog-shortcode.blog-list-shortcode-id-038e677d285d472658540f8b1a1764a5.blog-shortcode.dividers-on article,\n  .blog-shortcode.blog-list-shortcode-id-038e677d285d472658540f8b1a1764a5.dividers-on.classic-layout-list article {\n    margin-top: 20px;\n    padding: 0;\n  }\n  .blog-shortcode.blog-list-shortcode-id-038e677d285d472658540f8b1a1764a5.blog-shortcode.dividers-on article:first-of-type,\n  .blog-shortcode.blog-list-shortcode-id-038e677d285d472658540f8b1a1764a5.dividers-on.classic-layout-list article:first-of-type {\n    padding: 0;\n  }\n  #page .blog-shortcode.blog-list-shortcode-id-038e677d285d472658540f8b1a1764a5 .post-thumbnail-wrap,\n  #page .blog-shortcode.blog-list-shortcode-id-038e677d285d472658540f8b1a1764a5 .post-entry-content {\n    width: 100%;\n    margin: 0;\n    top: 0;\n  }\n  #page .blog-shortcode.blog-list-shortcode-id-038e677d285d472658540f8b1a1764a5 .post-thumbnail-wrap {\n    padding: 0;\n  }\n  #page .blog-shortcode.blog-list-shortcode-id-038e677d285d472658540f8b1a1764a5 .post-entry-content:after {\n    display: none;\n  }\n  #page .blog-shortcode.blog-list-shortcode-id-038e677d285d472658540f8b1a1764a5 .project-even .post-thumbnail-wrap,\n  #page .blog-shortcode.blog-list-shortcode-id-038e677d285d472658540f8b1a1764a5.centered-layout-list .post-thumbnail-wrap {\n    -ms-flex-order: 0;\n    order: 0;\n  }\n  #page .blog-shortcode.blog-list-shortcode-id-038e677d285d472658540f8b1a1764a5.centered-layout-list .post-entry-title-content {\n    -ms-flex-order: 1;\n    order: 1;\n    width: 100%;\n    padding: 20px 20px 0;\n  }\n  #page .blog-shortcode.blog-list-shortcode-id-038e677d285d472658540f8b1a1764a5.centered-layout-list .post-entry-content {\n    -ms-flex-order: 2;\n    order: 2;\n    padding-top: 0;\n  }\n  #page .blog-shortcode.blog-list-shortcode-id-038e677d285d472658540f8b1a1764a5 .fancy-categories {\n    top: 10px;\n    left: 10px;\n    bottom: auto;\n    right: auto;\n  }\n  #page .blog-shortcode.blog-list-shortcode-id-038e677d285d472658540f8b1a1764a5 .fancy-date a {\n    top: 10px;\n    right: 10px;\n    left: auto;\n    bottom: auto;\n  }\n  #page .blog-shortcode.blog-list-shortcode-id-038e677d285d472658540f8b1a1764a5 .post-entry-content {\n    padding: 20px;\n  }\n  #page .blog-shortcode.blog-list-shortcode-id-038e677d285d472658540f8b1a1764a5 .entry-title {\n    margin: 3px 0 5px;\n    font-size: 20px;\n    line-height: 26px;\n  }\n  #page .blog-shortcode.blog-list-shortcode-id-038e677d285d472658540f8b1a1764a5 .entry-meta {\n    margin: 5px 0 5px;\n  }\n  #page .blog-shortcode.blog-list-shortcode-id-038e677d285d472658540f8b1a1764a5 .entry-excerpt {\n    margin: 15px 0 0;\n  }\n  #page .blog-shortcode.blog-list-shortcode-id-038e677d285d472658540f8b1a1764a5 .post-details {\n    margin: 5px 0 10px;\n  }\n  #page .blog-shortcode.blog-list-shortcode-id-038e677d285d472658540f8b1a1764a5 .post-details.details-type-link {\n    margin-bottom: 2px;\n  }\n}<\/style><div class=\"articles-list blog-shortcode mode-list blog-list-shortcode-id-038e677d285d472658540f8b1a1764a5 classic-layout-list content-bg-on jquery-filter scale-img dt-icon-bg-off loading-effect-fade-in\" data-cur-page=\"1\" data-post-limit=\"-1\" data-pagination-mode=\"none\"><article class=\"post project-odd visible post-18669 type-post status-publish format-standard has-post-thumbnail hentry category-home category-1 description-off\" data-name=\"Prefeitura refor\u00e7a agenda de educa\u00e7\u00e3o ambiental e convida escolas e institui\u00e7\u00f5es a participarem das a\u00e7\u00f5es\" data-date=\"2026-02-09T14:19:29-03:00\">\n\n<div class=\"post-thumbnail-wrap\">\n\t<div class=\"post-thumbnail\">\n\n\t\t\n\t\t\n\t\t<a href=\"https:\/\/comdep.com.br\/?p=18669\" class=\"post-thumbnail-rollover layzr-bg layzr-bg\" ><img fetchpriority=\"high\" decoding=\"async\" class=\"blog-thumb-lazy-load preload-me lazy-load aspect\" src=\"data:image\/svg+xml,%3Csvg%20xmlns%3D&#39;http%3A%2F%2Fwww.w3.org%2F2000%2Fsvg&#39;%20viewBox%3D&#39;0%200%20768%20512&#39;%2F%3E\" data-src=\"https:\/\/comdep.com.br\/wp-content\/uploads\/2026\/02\/a-4c1c341faa86543b1befdfc57456f9d6_XL-768x512.jpg\" data-srcset=\"https:\/\/comdep.com.br\/wp-content\/uploads\/2026\/02\/a-4c1c341faa86543b1befdfc57456f9d6_XL-768x512.jpg 768w, https:\/\/comdep.com.br\/wp-content\/uploads\/2026\/02\/a-4c1c341faa86543b1befdfc57456f9d6_XL-900x599.jpg 900w\" loading=\"eager\" style=\"--ratio: 768 \/ 512\" sizes=\"(max-width: 768px) 100vw, 768px\" alt=\"\" title=\"a 4c1c341faa86543b1befdfc57456f9d6_XL\" width=\"768\" height=\"512\"  \/><\/a>\n\t<\/div>\n<\/div>\n\n\n<div class=\"post-entry-content\">\n\n\t<h3 class=\"entry-title\">\n\t\t<a href=\"https:\/\/comdep.com.br\/?p=18669\" title=\"Prefeitura refor\u00e7a agenda de educa\u00e7\u00e3o ambiental e convida escolas e institui\u00e7\u00f5es a participarem das a\u00e7\u00f5es\" rel=\"bookmark\">Prefeitura refor\u00e7a agenda de educa\u00e7\u00e3o ambiental e convida escolas e institui\u00e7\u00f5es a participarem das a\u00e7\u00f5es<\/a>\n\t<\/h3>\n\n\t<div class=\"entry-meta\"><a href=\"https:\/\/comdep.com.br\/?m=20260209\" title=\"14:19\" class=\"data-link\" rel=\"bookmark\"><time class=\"entry-date updated\" datetime=\"2026-02-09T14:19:29-03:00\">09\/02\/2026<\/time><\/a><\/div>\n\t<div class=\"entry-excerpt\"><p>As a\u00e7\u00f5es de educa\u00e7\u00e3o ambiental desenvolvidas pela Prefeitura seguem ampliando o trabalho de conscientiza\u00e7\u00e3o em escolas, institui\u00e7\u00f5es e empresas de Petr\u00f3polis ao longo de 2026. A programa\u00e7\u00e3o desenvolvida pela Comdep re\u00fane palestras educativas, apresenta\u00e7\u00f5es da Cia Teatral Os Impar\u00e1veis, teatro de fantoches e atividades interativas sobre descarte correto de res\u00edduos, preserva\u00e7\u00e3o ambiental e responsabilidade coletiva,&hellip;<\/p>\n<\/div>\n\t\n<a href=\"https:\/\/comdep.com.br\/?p=18669\" class=\"post-details details-type-link\" aria-label=\"Read more about Prefeitura refor\u00e7a agenda de educa\u00e7\u00e3o ambiental e convida escolas e institui\u00e7\u00f5es a participarem das a\u00e7\u00f5es\">Read more<i class=\"dt-icon-the7-arrow-03\" aria-hidden=\"true\"><\/i><\/a>\n\n<\/div><\/article><article class=\"post project-odd visible post-18621 type-post status-publish format-standard has-post-thumbnail hentry category-home category-1 description-off\" data-name=\"Prefeitura promove demoli\u00e7\u00e3o de constru\u00e7\u00f5es em terreno destinado a projetos habitacionais na Estrada da Saudade\" data-date=\"2026-02-02T14:37:20-03:00\">\n\n<div class=\"post-thumbnail-wrap\">\n\t<div class=\"post-thumbnail\">\n\n\t\t\n\t\t\n\t\t<a href=\"https:\/\/comdep.com.br\/?p=18621\" class=\"post-thumbnail-rollover layzr-bg layzr-bg\" ><img decoding=\"async\" class=\"blog-thumb-lazy-load preload-me lazy-load aspect\" src=\"data:image\/svg+xml,%3Csvg%20xmlns%3D&#39;http%3A%2F%2Fwww.w3.org%2F2000%2Fsvg&#39;%20viewBox%3D&#39;0%200%20759%20506&#39;%2F%3E\" data-src=\"https:\/\/comdep.com.br\/wp-content\/uploads\/2026\/02\/a-03-26-759x506.jpg\" data-srcset=\"https:\/\/comdep.com.br\/wp-content\/uploads\/2026\/02\/a-03-26-759x506.jpg 759w\" loading=\"eager\" style=\"--ratio: 759 \/ 506\" sizes=\"(max-width: 759px) 100vw, 759px\" alt=\"\" title=\"a 03 26\" width=\"759\" height=\"506\"  \/><\/a>\n\t<\/div>\n<\/div>\n\n\n<div class=\"post-entry-content\">\n\n\t<h3 class=\"entry-title\">\n\t\t<a href=\"https:\/\/comdep.com.br\/?p=18621\" title=\"Prefeitura promove demoli\u00e7\u00e3o de constru\u00e7\u00f5es em terreno destinado a projetos habitacionais na Estrada da Saudade\" rel=\"bookmark\">Prefeitura promove demoli\u00e7\u00e3o de constru\u00e7\u00f5es em terreno destinado a projetos habitacionais na Estrada da Saudade<\/a>\n\t<\/h3>\n\n\t<div class=\"entry-meta\"><a href=\"https:\/\/comdep.com.br\/?m=20260202\" title=\"14:37\" class=\"data-link\" rel=\"bookmark\"><time class=\"entry-date updated\" datetime=\"2026-02-02T14:37:20-03:00\">02\/02\/2026<\/time><\/a><\/div>\n\t<div class=\"entry-excerpt\"><p>A Prefeitura iniciou a demoli\u00e7\u00e3o de duas casas constru\u00eddas em um terreno da Estrada da Saudade, que \u00e9 destinado a projetos habitacionais. Essas casas j\u00e1 existiam quando o terreno foi adquirido pelo munic\u00edpio. A Secretaria de Habita\u00e7\u00e3o coordena o processo de demoli\u00e7\u00e3o, que \u00e9 executado pela Comdep. O local \u00e9 o mesmo que j\u00e1 havia&hellip;<\/p>\n<\/div>\n\t\n<a href=\"https:\/\/comdep.com.br\/?p=18621\" class=\"post-details details-type-link\" aria-label=\"Read more about Prefeitura promove demoli\u00e7\u00e3o de constru\u00e7\u00f5es em terreno destinado a projetos habitacionais na Estrada da Saudade\">Read more<i class=\"dt-icon-the7-arrow-03\" aria-hidden=\"true\"><\/i><\/a>\n\n<\/div><\/article><article class=\"post project-odd visible post-18618 type-post status-publish format-standard has-post-thumbnail hentry category-home category-1 description-off\" data-name=\"Hospital Alcides Carneiro promove semana especial de atividades voltadas ao cuidado com a sa\u00fade mental dos profissionais\" data-date=\"2026-02-02T14:36:12-03:00\">\n\n<div class=\"post-thumbnail-wrap\">\n\t<div class=\"post-thumbnail\">\n\n\t\t\n\t\t\n\t\t<a href=\"https:\/\/comdep.com.br\/?p=18618\" class=\"post-thumbnail-rollover layzr-bg layzr-bg\" ><img decoding=\"async\" class=\"blog-thumb-lazy-load preload-me lazy-load aspect\" src=\"data:image\/svg+xml,%3Csvg%20xmlns%3D&#39;http%3A%2F%2Fwww.w3.org%2F2000%2Fsvg&#39;%20viewBox%3D&#39;0%200%20768%20512&#39;%2F%3E\" data-src=\"https:\/\/comdep.com.br\/wp-content\/uploads\/2026\/02\/a-02-26-768x512.jpg\" data-srcset=\"https:\/\/comdep.com.br\/wp-content\/uploads\/2026\/02\/a-02-26-768x512.jpg 768w, https:\/\/comdep.com.br\/wp-content\/uploads\/2026\/02\/a-02-26-900x599.jpg 900w\" loading=\"eager\" style=\"--ratio: 768 \/ 512\" sizes=\"(max-width: 768px) 100vw, 768px\" alt=\"\" title=\"a 02 26\" width=\"768\" height=\"512\"  \/><\/a>\n\t<\/div>\n<\/div>\n\n\n<div class=\"post-entry-content\">\n\n\t<h3 class=\"entry-title\">\n\t\t<a href=\"https:\/\/comdep.com.br\/?p=18618\" title=\"Hospital Alcides Carneiro promove semana especial de atividades voltadas ao cuidado com a sa\u00fade mental dos profissionais\" rel=\"bookmark\">Hospital Alcides Carneiro promove semana especial de atividades voltadas ao cuidado com a sa\u00fade mental dos profissionais<\/a>\n\t<\/h3>\n\n\t<div class=\"entry-meta\"><a href=\"https:\/\/comdep.com.br\/?m=20260202\" title=\"14:36\" class=\"data-link\" rel=\"bookmark\"><time class=\"entry-date updated\" datetime=\"2026-02-02T14:36:12-03:00\">02\/02\/2026<\/time><\/a><\/div>\n\t<div class=\"entry-excerpt\"><p>uncion\u00e1rios do Hospital Alcides Carneiro (HAC) participaram, esta semana, de atividades voltadas ao cuidado com a sa\u00fade mental. As a\u00e7\u00f5es fazem parte da Campanha Janeiro Branco e t\u00eam como objetivo acolher a equipe que, muitas vezes, no compromisso di\u00e1rio de salvar vidas, enfrenta situa\u00e7\u00f5es de estresse f\u00edsico e emocional. Ao longo da programa\u00e7\u00e3o, foram oferecidas&hellip;<\/p>\n<\/div>\n\t\n<a href=\"https:\/\/comdep.com.br\/?p=18618\" class=\"post-details details-type-link\" aria-label=\"Read more about Hospital Alcides Carneiro promove semana especial de atividades voltadas ao cuidado com a sa\u00fade mental dos profissionais\">Read more<i class=\"dt-icon-the7-arrow-03\" aria-hidden=\"true\"><\/i><\/a>\n\n<\/div><\/article><article class=\"post project-odd visible post-18572 type-post status-publish format-standard has-post-thumbnail hentry category-home category-1 description-off\" data-name=\"Prefeitura leva a\u00e7\u00f5es de cuidado emocional aos trabalhadores\" data-date=\"2026-01-29T09:07:33-03:00\">\n\n<div class=\"post-thumbnail-wrap\">\n\t<div class=\"post-thumbnail\">\n\n\t\t\n\t\t\n\t\t<a href=\"https:\/\/comdep.com.br\/?p=18572\" class=\"post-thumbnail-rollover layzr-bg layzr-bg\" ><img decoding=\"async\" class=\"blog-thumb-lazy-load preload-me lazy-load aspect\" src=\"data:image\/svg+xml,%3Csvg%20xmlns%3D&#39;http%3A%2F%2Fwww.w3.org%2F2000%2Fsvg&#39;%20viewBox%3D&#39;0%200%20760%20507&#39;%2F%3E\" data-src=\"https:\/\/comdep.com.br\/wp-content\/uploads\/2026\/01\/a-2026-760x507.jpg\" data-srcset=\"https:\/\/comdep.com.br\/wp-content\/uploads\/2026\/01\/a-2026-760x507.jpg 760w, https:\/\/comdep.com.br\/wp-content\/uploads\/2026\/01\/a-2026-761x506.jpg 761w\" loading=\"eager\" style=\"--ratio: 760 \/ 507\" sizes=\"(max-width: 760px) 100vw, 760px\" alt=\"\" title=\"a 2026\" width=\"760\" height=\"507\"  \/><\/a>\n\t<\/div>\n<\/div>\n\n\n<div class=\"post-entry-content\">\n\n\t<h3 class=\"entry-title\">\n\t\t<a href=\"https:\/\/comdep.com.br\/?p=18572\" title=\"Prefeitura leva a\u00e7\u00f5es de cuidado emocional aos trabalhadores\" rel=\"bookmark\">Prefeitura leva a\u00e7\u00f5es de cuidado emocional aos trabalhadores<\/a>\n\t<\/h3>\n\n\t<div class=\"entry-meta\"><a href=\"https:\/\/comdep.com.br\/?m=20260129\" title=\"09:07\" class=\"data-link\" rel=\"bookmark\"><time class=\"entry-date updated\" datetime=\"2026-01-29T09:07:33-03:00\">29\/01\/2026<\/time><\/a><\/div>\n\t<div class=\"entry-excerpt\"><p>A Prefeitura realizou uma a\u00e7\u00e3o voltada \u00e0 promo\u00e7\u00e3o da sa\u00fade mental dos trabalhadores da Comdep, dentro da programa\u00e7\u00e3o do Janeiro Branco, campanha nacional de conscientiza\u00e7\u00e3o sobre o cuidado com a sa\u00fade emocional. A iniciativa foi desenvolvida por meio de uma parceria entre a Comdep e a Secretaria Municipal de Sa\u00fade, com a realiza\u00e7\u00e3o de palestras&hellip;<\/p>\n<\/div>\n\t\n<a href=\"https:\/\/comdep.com.br\/?p=18572\" class=\"post-details details-type-link\" aria-label=\"Read more about Prefeitura leva a\u00e7\u00f5es de cuidado emocional aos trabalhadores\">Read more<i class=\"dt-icon-the7-arrow-03\" aria-hidden=\"true\"><\/i><\/a>\n\n<\/div><\/article><article class=\"post project-odd visible post-18451 type-post status-publish format-standard has-post-thumbnail hentry category-home category-1 description-off\" data-name=\"Prefeitura cria canal exclusivo para atendimento sobre lixo domiciliar\" data-date=\"2026-01-15T11:46:51-03:00\">\n\n<div class=\"post-thumbnail-wrap\">\n\t<div class=\"post-thumbnail\">\n\n\t\t\n\t\t\n\t\t<a href=\"https:\/\/comdep.com.br\/?p=18451\" class=\"post-thumbnail-rollover layzr-bg layzr-bg\" ><img decoding=\"async\" class=\"blog-thumb-lazy-load preload-me lazy-load aspect\" src=\"data:image\/svg+xml,%3Csvg%20xmlns%3D&#39;http%3A%2F%2Fwww.w3.org%2F2000%2Fsvg&#39;%20viewBox%3D&#39;0%200%20768%20512&#39;%2F%3E\" data-src=\"https:\/\/comdep.com.br\/wp-content\/uploads\/2026\/01\/aaaaaaaa-c0d2aa3903fba59e71ae5f16e448d877_XL-768x512.jpg\" data-srcset=\"https:\/\/comdep.com.br\/wp-content\/uploads\/2026\/01\/aaaaaaaa-c0d2aa3903fba59e71ae5f16e448d877_XL-768x512.jpg 768w, https:\/\/comdep.com.br\/wp-content\/uploads\/2026\/01\/aaaaaaaa-c0d2aa3903fba59e71ae5f16e448d877_XL-900x599.jpg 900w\" loading=\"eager\" style=\"--ratio: 768 \/ 512\" sizes=\"(max-width: 768px) 100vw, 768px\" alt=\"\" title=\"aaaaaaaa c0d2aa3903fba59e71ae5f16e448d877_XL\" width=\"768\" height=\"512\"  \/><\/a>\n\t<\/div>\n<\/div>\n\n\n<div class=\"post-entry-content\">\n\n\t<h3 class=\"entry-title\">\n\t\t<a href=\"https:\/\/comdep.com.br\/?p=18451\" title=\"Prefeitura cria canal exclusivo para atendimento sobre lixo domiciliar\" rel=\"bookmark\">Prefeitura cria canal exclusivo para atendimento sobre lixo domiciliar<\/a>\n\t<\/h3>\n\n\t<div class=\"entry-meta\"><a href=\"https:\/\/comdep.com.br\/?m=20260115\" title=\"11:46\" class=\"data-link\" rel=\"bookmark\"><time class=\"entry-date updated\" datetime=\"2026-01-15T11:46:51-03:00\">15\/01\/2026<\/time><\/a><\/div>\n\t<div class=\"entry-excerpt\"><p>A popula\u00e7\u00e3o j\u00e1 conta com um canal de atendimento telef\u00f4nico exclusivo para tratar de assuntos relacionados ao lixo domiciliar, facilitando o contato e agilizando a solu\u00e7\u00e3o de demandas do dia a dia. O atendimento funciona de segunda a sexta-feira, das 8h \u00e0s 17h, pelo telefone (24) 2292-9500, op\u00e7\u00e3o 3. Al\u00e9m disso, as solicita\u00e7\u00f5es e informa\u00e7\u00f5es&hellip;<\/p>\n<\/div>\n\t\n<a href=\"https:\/\/comdep.com.br\/?p=18451\" class=\"post-details details-type-link\" aria-label=\"Read more about Prefeitura cria canal exclusivo para atendimento sobre lixo domiciliar\">Read more<i class=\"dt-icon-the7-arrow-03\" aria-hidden=\"true\"><\/i><\/a>\n\n<\/div><\/article><article class=\"post project-odd visible post-18425 type-post status-publish format-standard has-post-thumbnail hentry category-home category-1 description-off\" data-name=\"Prefeitura mant\u00e9m atua\u00e7\u00e3o permanente na limpeza urbana e conserva\u00e7\u00e3o dos espa\u00e7os p\u00fablicos em Petr\u00f3polis em 2025\" data-date=\"2026-01-13T16:26:28-03:00\">\n\n<div class=\"post-thumbnail-wrap\">\n\t<div class=\"post-thumbnail\">\n\n\t\t\n\t\t\n\t\t<a href=\"https:\/\/comdep.com.br\/?p=18425\" class=\"post-thumbnail-rollover layzr-bg layzr-bg\" ><img decoding=\"async\" class=\"blog-thumb-lazy-load preload-me lazy-load aspect\" src=\"data:image\/svg+xml,%3Csvg%20xmlns%3D&#39;http%3A%2F%2Fwww.w3.org%2F2000%2Fsvg&#39;%20viewBox%3D&#39;0%200%20768%20512&#39;%2F%3E\" data-src=\"https:\/\/comdep.com.br\/wp-content\/uploads\/2026\/01\/6f81179d-9fa7-4eb8-b053-5ae79870d9bf-768x512.jpg\" data-srcset=\"https:\/\/comdep.com.br\/wp-content\/uploads\/2026\/01\/6f81179d-9fa7-4eb8-b053-5ae79870d9bf-768x512.jpg 768w, https:\/\/comdep.com.br\/wp-content\/uploads\/2026\/01\/6f81179d-9fa7-4eb8-b053-5ae79870d9bf-1280x852.jpg 1280w\" loading=\"eager\" style=\"--ratio: 768 \/ 512\" sizes=\"(max-width: 768px) 100vw, 768px\" alt=\"\" title=\"6f81179d-9fa7-4eb8-b053-5ae79870d9bf\" width=\"768\" height=\"512\"  \/><\/a>\n\t<\/div>\n<\/div>\n\n\n<div class=\"post-entry-content\">\n\n\t<h3 class=\"entry-title\">\n\t\t<a href=\"https:\/\/comdep.com.br\/?p=18425\" title=\"Prefeitura mant\u00e9m atua\u00e7\u00e3o permanente na limpeza urbana e conserva\u00e7\u00e3o dos espa\u00e7os p\u00fablicos em Petr\u00f3polis em 2025\" rel=\"bookmark\">Prefeitura mant\u00e9m atua\u00e7\u00e3o permanente na limpeza urbana e conserva\u00e7\u00e3o dos espa\u00e7os p\u00fablicos em Petr\u00f3polis em 2025<\/a>\n\t<\/h3>\n\n\t<div class=\"entry-meta\"><a href=\"https:\/\/comdep.com.br\/?m=20260113\" title=\"16:26\" class=\"data-link\" rel=\"bookmark\"><time class=\"entry-date updated\" datetime=\"2026-01-13T16:26:28-03:00\">13\/01\/2026<\/time><\/a><\/div>\n\t<div class=\"entry-excerpt\"><p>Com presen\u00e7a di\u00e1ria nas ruas e a\u00e7\u00f5es distribu\u00eddas por todas as regi\u00f5es da cidade, a Prefeitura de Petr\u00f3polis manteve, ao longo de 2025, uma atua\u00e7\u00e3o cont\u00ednua na limpeza urbana, conserva\u00e7\u00e3o de espa\u00e7os p\u00fablicos e preven\u00e7\u00e3o de impactos ambientais, com execu\u00e7\u00e3o da Companhia Municipal de Desenvolvimento de Petr\u00f3polis (Comdep). O trabalho permanente envolveu desde a manuten\u00e7\u00e3o&hellip;<\/p>\n<\/div>\n\t\n<a href=\"https:\/\/comdep.com.br\/?p=18425\" class=\"post-details details-type-link\" aria-label=\"Read more about Prefeitura mant\u00e9m atua\u00e7\u00e3o permanente na limpeza urbana e conserva\u00e7\u00e3o dos espa\u00e7os p\u00fablicos em Petr\u00f3polis em 2025\">Read more<i class=\"dt-icon-the7-arrow-03\" aria-hidden=\"true\"><\/i><\/a>\n\n<\/div><\/article><article class=\"post project-odd visible post-18264 type-post status-publish format-standard has-post-thumbnail hentry category-home category-1 description-off\" data-name=\"Prefeitura revitaliza principais chafarizes da cidade\" data-date=\"2025-12-19T14:34:29-03:00\">\n\n<div class=\"post-thumbnail-wrap\">\n\t<div class=\"post-thumbnail\">\n\n\t\t\n\t\t\n\t\t<a href=\"https:\/\/comdep.com.br\/?p=18264\" class=\"post-thumbnail-rollover layzr-bg layzr-bg\" ><img decoding=\"async\" class=\"blog-thumb-lazy-load preload-me lazy-load aspect\" src=\"data:image\/svg+xml,%3Csvg%20xmlns%3D&#39;http%3A%2F%2Fwww.w3.org%2F2000%2Fsvg&#39;%20viewBox%3D&#39;0%200%20759%20506&#39;%2F%3E\" data-src=\"https:\/\/comdep.com.br\/wp-content\/uploads\/2025\/12\/a-4040c87bf403cb2b09936d99ab37ac68_XL-759x506.jpg\" data-srcset=\"https:\/\/comdep.com.br\/wp-content\/uploads\/2025\/12\/a-4040c87bf403cb2b09936d99ab37ac68_XL-759x506.jpg 759w\" loading=\"eager\" style=\"--ratio: 759 \/ 506\" sizes=\"(max-width: 759px) 100vw, 759px\" alt=\"\" title=\"a 4040c87bf403cb2b09936d99ab37ac68_XL\" width=\"759\" height=\"506\"  \/><\/a>\n\t<\/div>\n<\/div>\n\n\n<div class=\"post-entry-content\">\n\n\t<h3 class=\"entry-title\">\n\t\t<a href=\"https:\/\/comdep.com.br\/?p=18264\" title=\"Prefeitura revitaliza principais chafarizes da cidade\" rel=\"bookmark\">Prefeitura revitaliza principais chafarizes da cidade<\/a>\n\t<\/h3>\n\n\t<div class=\"entry-meta\"><a href=\"https:\/\/comdep.com.br\/?m=20251219\" title=\"14:34\" class=\"data-link\" rel=\"bookmark\"><time class=\"entry-date updated\" datetime=\"2025-12-19T14:34:29-03:00\">19\/12\/2025<\/time><\/a><\/div>\n\t<div class=\"entry-excerpt\"><p>A Prefeitura intensificou, ao longo de 2025, uma s\u00e9rie de interven\u00e7\u00f5es nos principais chafarizes do munic\u00edpio, garantindo recupera\u00e7\u00e3o estrutural, manuten\u00e7\u00e3o hidr\u00e1ulica, pintura e moderniza\u00e7\u00e3o dos sistemas de bombeamento. As a\u00e7\u00f5es aconteceram nas pra\u00e7as Visconde de Mau\u00e1 (Pra\u00e7a da \u00c1guia), da Liberdade, Cascatinha e Nogueira, al\u00e9m do Pal\u00e1cio de Cristal e no Bosque do Imperador. No&hellip;<\/p>\n<\/div>\n\t\n<a href=\"https:\/\/comdep.com.br\/?p=18264\" class=\"post-details details-type-link\" aria-label=\"Read more about Prefeitura revitaliza principais chafarizes da cidade\">Read more<i class=\"dt-icon-the7-arrow-03\" aria-hidden=\"true\"><\/i><\/a>\n\n<\/div><\/article><article class=\"post project-odd visible post-18261 type-post status-publish format-standard has-post-thumbnail hentry category-home category-1 description-off\" data-name=\"Cascatinha e Centro recebem novas a\u00e7\u00f5es de zeladoria urbana\" data-date=\"2025-12-19T14:33:28-03:00\">\n\n<div class=\"post-thumbnail-wrap\">\n\t<div class=\"post-thumbnail\">\n\n\t\t\n\t\t\n\t\t<a href=\"https:\/\/comdep.com.br\/?p=18261\" class=\"post-thumbnail-rollover layzr-bg layzr-bg\" ><img decoding=\"async\" class=\"blog-thumb-lazy-load preload-me lazy-load aspect\" src=\"data:image\/svg+xml,%3Csvg%20xmlns%3D&#39;http%3A%2F%2Fwww.w3.org%2F2000%2Fsvg&#39;%20viewBox%3D&#39;0%200%20768%20512&#39;%2F%3E\" data-src=\"https:\/\/comdep.com.br\/wp-content\/uploads\/2025\/12\/a-d9c1c935d328d367e372f9722ee12372_XL-768x512.jpg\" data-srcset=\"https:\/\/comdep.com.br\/wp-content\/uploads\/2025\/12\/a-d9c1c935d328d367e372f9722ee12372_XL-768x512.jpg 768w, https:\/\/comdep.com.br\/wp-content\/uploads\/2025\/12\/a-d9c1c935d328d367e372f9722ee12372_XL-900x599.jpg 900w\" loading=\"eager\" style=\"--ratio: 768 \/ 512\" sizes=\"(max-width: 768px) 100vw, 768px\" alt=\"\" title=\"a d9c1c935d328d367e372f9722ee12372_XL\" width=\"768\" height=\"512\"  \/><\/a>\n\t<\/div>\n<\/div>\n\n\n<div class=\"post-entry-content\">\n\n\t<h3 class=\"entry-title\">\n\t\t<a href=\"https:\/\/comdep.com.br\/?p=18261\" title=\"Cascatinha e Centro recebem novas a\u00e7\u00f5es de zeladoria urbana\" rel=\"bookmark\">Cascatinha e Centro recebem novas a\u00e7\u00f5es de zeladoria urbana<\/a>\n\t<\/h3>\n\n\t<div class=\"entry-meta\"><a href=\"https:\/\/comdep.com.br\/?m=20251219\" title=\"14:33\" class=\"data-link\" rel=\"bookmark\"><time class=\"entry-date updated\" datetime=\"2025-12-19T14:33:28-03:00\">19\/12\/2025<\/time><\/a><\/div>\n\t<div class=\"entry-excerpt\"><p>Trabalho inclui abordagens sociais a pessoas em situa\u00e7\u00e3o de rua e servi\u00e7os de limpeza e seguran\u00e7a A Prefeitura promoveu novas a\u00e7\u00f5es de zeladoria urbana em Cascatinha e em ruas do Centro, na manh\u00e3 desta segunda-feira (15\/12). O trabalho foi liderado pela equipe da Secretaria de Assist\u00eancia Social, com apoio da Guarda Civil e da Comdep.&hellip;<\/p>\n<\/div>\n\t\n<a href=\"https:\/\/comdep.com.br\/?p=18261\" class=\"post-details details-type-link\" aria-label=\"Read more about Cascatinha e Centro recebem novas a\u00e7\u00f5es de zeladoria urbana\">Read more<i class=\"dt-icon-the7-arrow-03\" aria-hidden=\"true\"><\/i><\/a>\n\n<\/div><\/article><article class=\"post project-odd visible no-img post-18211 type-post status-publish format-standard hentry category-home category-1 description-off\" data-name=\"Petr\u00f3polis do Bem encerra ano no Carangola\" data-date=\"2025-12-15T11:25:42-03:00\">\n\n<div class=\"post-entry-content\">\n\n\t<h3 class=\"entry-title\">\n\t\t<a href=\"https:\/\/comdep.com.br\/?p=18211\" title=\"Petr\u00f3polis do Bem encerra ano no Carangola\" rel=\"bookmark\">Petr\u00f3polis do Bem encerra ano no Carangola<\/a>\n\t<\/h3>\n\n\t<div class=\"entry-meta\"><a href=\"https:\/\/comdep.com.br\/?m=20251215\" title=\"11:25\" class=\"data-link\" rel=\"bookmark\"><time class=\"entry-date updated\" datetime=\"2025-12-15T11:25:42-03:00\">15\/12\/2025<\/time><\/a><\/div>\n\t<div class=\"entry-excerpt\"><p>Com mais de tr\u00eas mil atendimentos realizados, programa acontece neste s\u00e1bado (13\/12) na Igreja do Divino Esp\u00edrito Santo O Petr\u00f3polis do Bem vai encerrar a agenda do ano no s\u00e1bado (13\/12), no Carangola. O programa vai acontecer na Igreja do Divino Esp\u00edrito Santo (Rua Divino Esp\u00edrito Santo, 818), das 09h \u00e0s 16h. A iniciativa da&hellip;<\/p>\n<\/div>\n\t\n<a href=\"https:\/\/comdep.com.br\/?p=18211\" class=\"post-details details-type-link\" aria-label=\"Read more about Petr\u00f3polis do Bem encerra ano no Carangola\">Read more<i class=\"dt-icon-the7-arrow-03\" aria-hidden=\"true\"><\/i><\/a>\n\n<\/div><\/article><article class=\"post project-odd visible post-18183 type-post status-publish format-standard has-post-thumbnail hentry category-home category-1 description-off\" data-name=\"Comdep atende 22 ocorr\u00eancias ap\u00f3s vendaval e segue atuando ao longo do dia no recolhimento de res\u00edduos\" data-date=\"2025-12-10T13:58:41-03:00\">\n\n<div class=\"post-thumbnail-wrap\">\n\t<div class=\"post-thumbnail\">\n\n\t\t\n\t\t\n\t\t<a href=\"https:\/\/comdep.com.br\/?p=18183\" class=\"post-thumbnail-rollover layzr-bg layzr-bg\" ><img decoding=\"async\" class=\"blog-thumb-lazy-load preload-me lazy-load aspect\" src=\"data:image\/svg+xml,%3Csvg%20xmlns%3D&#39;http%3A%2F%2Fwww.w3.org%2F2000%2Fsvg&#39;%20viewBox%3D&#39;0%200%20768%20512&#39;%2F%3E\" data-src=\"https:\/\/comdep.com.br\/wp-content\/uploads\/2025\/12\/corte-arvore-comdep-768x512.jpeg\" data-srcset=\"https:\/\/comdep.com.br\/wp-content\/uploads\/2025\/12\/corte-arvore-comdep-768x512.jpeg 768w, https:\/\/comdep.com.br\/wp-content\/uploads\/2025\/12\/corte-arvore-comdep-1077x717.jpeg 1077w\" loading=\"eager\" style=\"--ratio: 768 \/ 512\" sizes=\"(max-width: 768px) 100vw, 768px\" alt=\"\" title=\"corte arvore comdep\" width=\"768\" height=\"512\"  \/><\/a>\n\t<\/div>\n<\/div>\n\n\n<div class=\"post-entry-content\">\n\n\t<h3 class=\"entry-title\">\n\t\t<a href=\"https:\/\/comdep.com.br\/?p=18183\" title=\"Comdep atende 22 ocorr\u00eancias ap\u00f3s vendaval e segue atuando ao longo do dia no recolhimento de res\u00edduos\" rel=\"bookmark\">Comdep atende 22 ocorr\u00eancias ap\u00f3s vendaval e segue atuando ao longo do dia no recolhimento de res\u00edduos<\/a>\n\t<\/h3>\n\n\t<div class=\"entry-meta\"><a href=\"https:\/\/comdep.com.br\/?m=20251210\" title=\"13:58\" class=\"data-link\" rel=\"bookmark\"><time class=\"entry-date updated\" datetime=\"2025-12-10T13:58:41-03:00\">10\/12\/2025<\/time><\/a><\/div>\n\t<div class=\"entry-excerpt\"><p>A Prefeitura de Petr\u00f3polis, por meio da Comdep, atendeu at\u00e9 \u00e0s 12h30 22 ocorr\u00eancias relacionadas \u00e0s quedas de \u00e1rvores e galhos provocadas pelo vendaval que atingiu a cidade durante a madrugada desta quarta-feira (10). O primeiro chamado foi registrado \u00e0s 2h55, na Estrada da Fazenda Inglesa, e o trabalho se estendeu por diversos bairros, incluindo&hellip;<\/p>\n<\/div>\n\t\n<a href=\"https:\/\/comdep.com.br\/?p=18183\" class=\"post-details details-type-link\" aria-label=\"Read more about Comdep atende 22 ocorr\u00eancias ap\u00f3s vendaval e segue atuando ao longo do dia no recolhimento de res\u00edduos\">Read more<i class=\"dt-icon-the7-arrow-03\" aria-hidden=\"true\"><\/i><\/a>\n\n<\/div><\/article><article class=\"post project-odd visible post-18157 type-post status-publish format-standard has-post-thumbnail hentry category-home category-1 description-off\" data-name=\"Prefeitura recebe estudantes de Minas Gerais para visita t\u00e9cnica ao Centro de Triagem\" data-date=\"2025-12-05T13:48:41-03:00\">\n\n<div class=\"post-thumbnail-wrap\">\n\t<div class=\"post-thumbnail\">\n\n\t\t\n\t\t\n\t\t<a href=\"https:\/\/comdep.com.br\/?p=18157\" class=\"post-thumbnail-rollover layzr-bg layzr-bg\" ><img decoding=\"async\" class=\"blog-thumb-lazy-load preload-me lazy-load aspect\" src=\"data:image\/svg+xml,%3Csvg%20xmlns%3D&#39;http%3A%2F%2Fwww.w3.org%2F2000%2Fsvg&#39;%20viewBox%3D&#39;0%200%20768%20512&#39;%2F%3E\" data-src=\"https:\/\/comdep.com.br\/wp-content\/uploads\/2025\/12\/a-mg-768x512.jpg\" data-srcset=\"https:\/\/comdep.com.br\/wp-content\/uploads\/2025\/12\/a-mg-768x512.jpg 768w, https:\/\/comdep.com.br\/wp-content\/uploads\/2025\/12\/a-mg-819x546.jpg 819w\" loading=\"eager\" style=\"--ratio: 768 \/ 512\" sizes=\"(max-width: 768px) 100vw, 768px\" alt=\"\" title=\"a mg\" width=\"768\" height=\"512\"  \/><\/a>\n\t<\/div>\n<\/div>\n\n\n<div class=\"post-entry-content\">\n\n\t<h3 class=\"entry-title\">\n\t\t<a href=\"https:\/\/comdep.com.br\/?p=18157\" title=\"Prefeitura recebe estudantes de Minas Gerais para visita t\u00e9cnica ao Centro de Triagem\" rel=\"bookmark\">Prefeitura recebe estudantes de Minas Gerais para visita t\u00e9cnica ao Centro de Triagem<\/a>\n\t<\/h3>\n\n\t<div class=\"entry-meta\"><a href=\"https:\/\/comdep.com.br\/?m=20251205\" title=\"13:48\" class=\"data-link\" rel=\"bookmark\"><time class=\"entry-date updated\" datetime=\"2025-12-05T13:48:41-03:00\">05\/12\/2025<\/time><\/a><\/div>\n\t<div class=\"entry-excerpt\"><p>A Prefeitura recebeu, na quarta-feira (26\/11), um grupo de 60 estudantes da Escola Estadual Felizarda Russano, de Pouso Alto, no sul de Minas Gerais, para uma visita t\u00e9cnica ao Centro de Triagem de Coleta Seletiva Anderson Manoel Palma, no Sim\u00e9ria. A atividade integrou o roteiro pedag\u00f3gico organizado pela escola, que escolheu Petr\u00f3polis pela qualidade de&hellip;<\/p>\n<\/div>\n\t\n<a href=\"https:\/\/comdep.com.br\/?p=18157\" class=\"post-details details-type-link\" aria-label=\"Read more about Prefeitura recebe estudantes de Minas Gerais para visita t\u00e9cnica ao Centro de Triagem\">Read more<i class=\"dt-icon-the7-arrow-03\" aria-hidden=\"true\"><\/i><\/a>\n\n<\/div><\/article><article class=\"post project-odd visible post-18152 type-post status-publish format-standard has-post-thumbnail hentry category-home category-1 description-off\" data-name=\"Prefeitura realiza nova a\u00e7\u00e3o de zeladoria urbana em Cascatinha e no Centro\" data-date=\"2025-12-05T13:46:47-03:00\">\n\n<div class=\"post-thumbnail-wrap\">\n\t<div class=\"post-thumbnail\">\n\n\t\t\n\t\t\n\t\t<a href=\"https:\/\/comdep.com.br\/?p=18152\" class=\"post-thumbnail-rollover layzr-bg layzr-bg\" ><img decoding=\"async\" class=\"blog-thumb-lazy-load preload-me lazy-load aspect\" src=\"data:image\/svg+xml,%3Csvg%20xmlns%3D&#39;http%3A%2F%2Fwww.w3.org%2F2000%2Fsvg&#39;%20viewBox%3D&#39;0%200%20768%20512&#39;%2F%3E\" data-src=\"https:\/\/comdep.com.br\/wp-content\/uploads\/2025\/12\/a-coreassssssss-768x512.jpg\" data-srcset=\"https:\/\/comdep.com.br\/wp-content\/uploads\/2025\/12\/a-coreassssssss-768x512.jpg 768w, https:\/\/comdep.com.br\/wp-content\/uploads\/2025\/12\/a-coreassssssss-900x599.jpg 900w\" loading=\"eager\" style=\"--ratio: 768 \/ 512\" sizes=\"(max-width: 768px) 100vw, 768px\" alt=\"\" title=\"a coreassssssss\" width=\"768\" height=\"512\"  \/><\/a>\n\t<\/div>\n<\/div>\n\n\n<div class=\"post-entry-content\">\n\n\t<h3 class=\"entry-title\">\n\t\t<a href=\"https:\/\/comdep.com.br\/?p=18152\" title=\"Prefeitura realiza nova a\u00e7\u00e3o de zeladoria urbana em Cascatinha e no Centro\" rel=\"bookmark\">Prefeitura realiza nova a\u00e7\u00e3o de zeladoria urbana em Cascatinha e no Centro<\/a>\n\t<\/h3>\n\n\t<div class=\"entry-meta\"><a href=\"https:\/\/comdep.com.br\/?m=20251205\" title=\"13:46\" class=\"data-link\" rel=\"bookmark\"><time class=\"entry-date updated\" datetime=\"2025-12-05T13:46:47-03:00\">05\/12\/2025<\/time><\/a><\/div>\n\t<div class=\"entry-excerpt\"><p>Trabalho incluiu abordagem social a pessoas em situa\u00e7\u00e3o de rua e servi\u00e7os de limpeza, sa\u00fade e seguran\u00e7a A Prefeitura realizou mais uma a\u00e7\u00e3o de zeladoria urbana nessa segunda-feira (02\/12). Equipes da Secretaria de Assist\u00eancia Social estiveram em Cascatinha e em ruas do Centro junto com a Comdep e agentes da Guarda Civil Municipal (GCM). A&hellip;<\/p>\n<\/div>\n\t\n<a href=\"https:\/\/comdep.com.br\/?p=18152\" class=\"post-details details-type-link\" aria-label=\"Read more about Prefeitura realiza nova a\u00e7\u00e3o de zeladoria urbana em Cascatinha e no Centro\">Read more<i class=\"dt-icon-the7-arrow-03\" aria-hidden=\"true\"><\/i><\/a>\n\n<\/div><\/article><article class=\"post project-odd visible post-18070 type-post status-publish format-standard has-post-thumbnail hentry category-home category-1 description-off\" data-name=\"Descarte irregular de entulho e lixo verde compromete a limpeza urbana em Petr\u00f3polis\" data-date=\"2025-11-28T11:00:11-03:00\">\n\n<div class=\"post-thumbnail-wrap\">\n\t<div class=\"post-thumbnail\">\n\n\t\t\n\t\t\n\t\t<a href=\"https:\/\/comdep.com.br\/?p=18070\" class=\"post-thumbnail-rollover layzr-bg layzr-bg\" ><img decoding=\"async\" class=\"blog-thumb-lazy-load preload-me lazy-load aspect\" src=\"data:image\/svg+xml,%3Csvg%20xmlns%3D&#39;http%3A%2F%2Fwww.w3.org%2F2000%2Fsvg&#39;%20viewBox%3D&#39;0%200%20768%20512&#39;%2F%3E\" data-src=\"https:\/\/comdep.com.br\/wp-content\/uploads\/2025\/11\/a-descarte-768x512.jpg\" data-srcset=\"https:\/\/comdep.com.br\/wp-content\/uploads\/2025\/11\/a-descarte-768x512.jpg 768w, https:\/\/comdep.com.br\/wp-content\/uploads\/2025\/11\/a-descarte-900x599.jpg 900w\" loading=\"eager\" style=\"--ratio: 768 \/ 512\" sizes=\"(max-width: 768px) 100vw, 768px\" alt=\"\" title=\"a descarte\" width=\"768\" height=\"512\"  \/><\/a>\n\t<\/div>\n<\/div>\n\n\n<div class=\"post-entry-content\">\n\n\t<h3 class=\"entry-title\">\n\t\t<a href=\"https:\/\/comdep.com.br\/?p=18070\" title=\"Descarte irregular de entulho e lixo verde compromete a limpeza urbana em Petr\u00f3polis\" rel=\"bookmark\">Descarte irregular de entulho e lixo verde compromete a limpeza urbana em Petr\u00f3polis<\/a>\n\t<\/h3>\n\n\t<div class=\"entry-meta\"><a href=\"https:\/\/comdep.com.br\/?m=20251128\" title=\"11:00\" class=\"data-link\" rel=\"bookmark\"><time class=\"entry-date updated\" datetime=\"2025-11-28T11:00:11-03:00\">28\/11\/2025<\/time><\/a><\/div>\n\t<div class=\"entry-excerpt\"><p>stacionamento irregular tamb\u00e9m prejudica a coleta em v\u00e1rios pontos da cidade O descarte irregular de entulho, lixo verde e outros materiais em vias p\u00fablicas \u00e9 uma pr\u00e1tica que, al\u00e9m de configurar infra\u00e7\u00e3o ambiental, compromete o trabalho das equipes da Comdep, respons\u00e1veis pela limpeza urbana. O descarte irregular \u00e9 registrado em v\u00e1rios pontos de Petr\u00f3polis. Com&hellip;<\/p>\n<\/div>\n\t\n<a href=\"https:\/\/comdep.com.br\/?p=18070\" class=\"post-details details-type-link\" aria-label=\"Read more about Descarte irregular de entulho e lixo verde compromete a limpeza urbana em Petr\u00f3polis\">Read more<i class=\"dt-icon-the7-arrow-03\" aria-hidden=\"true\"><\/i><\/a>\n\n<\/div><\/article><article class=\"post project-odd visible post-18060 type-post status-publish format-standard has-post-thumbnail hentry category-home category-1 description-off\" data-name=\"Prefeitura refor\u00e7a compromisso com a sa\u00fade do trabalhador em a\u00e7\u00e3o do Novembro Azul na Comdep\" data-date=\"2025-11-28T09:33:57-03:00\">\n\n<div class=\"post-thumbnail-wrap\">\n\t<div class=\"post-thumbnail\">\n\n\t\t\n\t\t\n\t\t<a href=\"https:\/\/comdep.com.br\/?p=18060\" class=\"post-thumbnail-rollover layzr-bg layzr-bg\" ><img decoding=\"async\" class=\"blog-thumb-lazy-load preload-me lazy-load aspect\" src=\"data:image\/svg+xml,%3Csvg%20xmlns%3D&#39;http%3A%2F%2Fwww.w3.org%2F2000%2Fsvg&#39;%20viewBox%3D&#39;0%200%20768%20512&#39;%2F%3E\" data-src=\"https:\/\/comdep.com.br\/wp-content\/uploads\/2025\/11\/03-scaled-768x512.jpg\" data-srcset=\"https:\/\/comdep.com.br\/wp-content\/uploads\/2025\/11\/03-scaled-768x512.jpg 768w, https:\/\/comdep.com.br\/wp-content\/uploads\/2025\/11\/03-scaled-1306x870.jpg 1306w\" loading=\"eager\" style=\"--ratio: 768 \/ 512\" sizes=\"(max-width: 768px) 100vw, 768px\" alt=\"\" title=\"03\" width=\"768\" height=\"512\"  \/><\/a>\n\t<\/div>\n<\/div>\n\n\n<div class=\"post-entry-content\">\n\n\t<h3 class=\"entry-title\">\n\t\t<a href=\"https:\/\/comdep.com.br\/?p=18060\" title=\"Prefeitura refor\u00e7a compromisso com a sa\u00fade do trabalhador em a\u00e7\u00e3o do Novembro Azul na Comdep\" rel=\"bookmark\">Prefeitura refor\u00e7a compromisso com a sa\u00fade do trabalhador em a\u00e7\u00e3o do Novembro Azul na Comdep<\/a>\n\t<\/h3>\n\n\t<div class=\"entry-meta\"><a href=\"https:\/\/comdep.com.br\/?m=20251128\" title=\"09:33\" class=\"data-link\" rel=\"bookmark\"><time class=\"entry-date updated\" datetime=\"2025-11-28T09:33:57-03:00\">28\/11\/2025<\/time><\/a><\/div>\n\t<div class=\"entry-excerpt\"><p>Funcion\u00e1rios da Comdep receberam, nesta ter\u00e7a-feira (18\/11), uma s\u00e9rie de atendimentos oferecidos pela Prefeitura dentro da Campanha Novembro Azul. A iniciativa refor\u00e7ou a import\u00e2ncia da preven\u00e7\u00e3o e do diagn\u00f3stico precoce das doen\u00e7as que mais atingem os homens, promovendo um dia dedicado ao cuidado, \u00e0 orienta\u00e7\u00e3o e ao bem-estar dos colaboradores. A programa\u00e7\u00e3o, realizada em parceria&hellip;<\/p>\n<\/div>\n\t\n<a href=\"https:\/\/comdep.com.br\/?p=18060\" class=\"post-details details-type-link\" aria-label=\"Read more about Prefeitura refor\u00e7a compromisso com a sa\u00fade do trabalhador em a\u00e7\u00e3o do Novembro Azul na Comdep\">Read more<i class=\"dt-icon-the7-arrow-03\" aria-hidden=\"true\"><\/i><\/a>\n\n<\/div><\/article><article class=\"post project-odd visible post-18057 type-post status-publish format-standard has-post-thumbnail hentry category-home category-1 description-off\" data-name=\"CEI Dra Zilda Arns Neumann cria novos espa\u00e7os de leitura e atividades com reaproveitamento de troncos\" data-date=\"2025-11-28T08:59:27-03:00\">\n\n<div class=\"post-thumbnail-wrap\">\n\t<div class=\"post-thumbnail\">\n\n\t\t\n\t\t\n\t\t<a href=\"https:\/\/comdep.com.br\/?p=18057\" class=\"post-thumbnail-rollover layzr-bg layzr-bg\" ><img decoding=\"async\" class=\"blog-thumb-lazy-load preload-me lazy-load aspect\" src=\"data:image\/svg+xml,%3Csvg%20xmlns%3D&#39;http%3A%2F%2Fwww.w3.org%2F2000%2Fsvg&#39;%20viewBox%3D&#39;0%200%20768%20512&#39;%2F%3E\" data-src=\"https:\/\/comdep.com.br\/wp-content\/uploads\/2025\/11\/a-arns-zilda-768x512.jpg\" data-srcset=\"https:\/\/comdep.com.br\/wp-content\/uploads\/2025\/11\/a-arns-zilda-768x512.jpg 768w, https:\/\/comdep.com.br\/wp-content\/uploads\/2025\/11\/a-arns-zilda-900x599.jpg 900w\" loading=\"eager\" style=\"--ratio: 768 \/ 512\" sizes=\"(max-width: 768px) 100vw, 768px\" alt=\"\" title=\"a arns zilda\" width=\"768\" height=\"512\"  \/><\/a>\n\t<\/div>\n<\/div>\n\n\n<div class=\"post-entry-content\">\n\n\t<h3 class=\"entry-title\">\n\t\t<a href=\"https:\/\/comdep.com.br\/?p=18057\" title=\"CEI Dra Zilda Arns Neumann cria novos espa\u00e7os de leitura e atividades com reaproveitamento de troncos\" rel=\"bookmark\">CEI Dra Zilda Arns Neumann cria novos espa\u00e7os de leitura e atividades com reaproveitamento de troncos<\/a>\n\t<\/h3>\n\n\t<div class=\"entry-meta\"><a href=\"https:\/\/comdep.com.br\/?m=20251128\" title=\"08:59\" class=\"data-link\" rel=\"bookmark\"><time class=\"entry-date updated\" datetime=\"2025-11-28T08:59:27-03:00\">28\/11\/2025<\/time><\/a><\/div>\n\t<div class=\"entry-excerpt\"><p>Projeto transforma material de poda em \u00e1reas de conviv\u00eancia, leitura e plantio dentro do ambiente escolar O Centro de Educa\u00e7\u00e3o Infantil (CEI) Dra Zilda Arns Neumann iniciou um projeto voltado ao reaproveitamento de materiais gerados ap\u00f3s o servi\u00e7o de poda realizado pela Comdep. A proposta foi desenvolvida pela orientadora \u00c9rica Castilho de Oliveira, que identificou&hellip;<\/p>\n<\/div>\n\t\n<a href=\"https:\/\/comdep.com.br\/?p=18057\" class=\"post-details details-type-link\" aria-label=\"Read more about CEI Dra Zilda Arns Neumann cria novos espa\u00e7os de leitura e atividades com reaproveitamento de troncos\">Read more<i class=\"dt-icon-the7-arrow-03\" aria-hidden=\"true\"><\/i><\/a>\n\n<\/div><\/article><article class=\"post project-odd visible post-18054 type-post status-publish format-standard has-post-thumbnail hentry category-home category-1 description-off\" data-name=\"Petr\u00f3polis lan\u00e7a Plano Ver\u00e3o 2025\/2026\" data-date=\"2025-11-28T08:57:36-03:00\">\n\n<div class=\"post-thumbnail-wrap\">\n\t<div class=\"post-thumbnail\">\n\n\t\t\n\t\t\n\t\t<a href=\"https:\/\/comdep.com.br\/?p=18054\" class=\"post-thumbnail-rollover layzr-bg layzr-bg\" ><img decoding=\"async\" class=\"blog-thumb-lazy-load preload-me lazy-load aspect\" src=\"data:image\/svg+xml,%3Csvg%20xmlns%3D&#39;http%3A%2F%2Fwww.w3.org%2F2000%2Fsvg&#39;%20viewBox%3D&#39;0%200%20759%20506&#39;%2F%3E\" data-src=\"https:\/\/comdep.com.br\/wp-content\/uploads\/2025\/11\/a-plano-verao-759x506.jpg\" data-srcset=\"https:\/\/comdep.com.br\/wp-content\/uploads\/2025\/11\/a-plano-verao-759x506.jpg 759w\" loading=\"eager\" style=\"--ratio: 759 \/ 506\" sizes=\"(max-width: 759px) 100vw, 759px\" alt=\"\" title=\"a plano verao\" width=\"759\" height=\"506\"  \/><\/a>\n\t<\/div>\n<\/div>\n\n\n<div class=\"post-entry-content\">\n\n\t<h3 class=\"entry-title\">\n\t\t<a href=\"https:\/\/comdep.com.br\/?p=18054\" title=\"Petr\u00f3polis lan\u00e7a Plano Ver\u00e3o 2025\/2026\" rel=\"bookmark\">Petr\u00f3polis lan\u00e7a Plano Ver\u00e3o 2025\/2026<\/a>\n\t<\/h3>\n\n\t<div class=\"entry-meta\"><a href=\"https:\/\/comdep.com.br\/?m=20251128\" title=\"08:57\" class=\"data-link\" rel=\"bookmark\"><time class=\"entry-date updated\" datetime=\"2025-11-28T08:57:36-03:00\">28\/11\/2025<\/time><\/a><\/div>\n\t<div class=\"entry-excerpt\"><p>30 projetos de obras de conten\u00e7\u00e3o e drenagem em andamento e radar banda X est\u00e1 em fase final de instala\u00e7\u00e3o A Prefeitura lan\u00e7ou nesta quarta-feira (26\/11) o Plano de Conting\u00eancia para Chuvas Intensas: ver\u00e3o 2025\/2026 durante reuni\u00e3o ordin\u00e1ria do Conselho Municipal de Prote\u00e7\u00e3o e Defesa Civil (Compdec). O encontro reuniu representantes do Poder P\u00fablico, sociedade&hellip;<\/p>\n<\/div>\n\t\n<a href=\"https:\/\/comdep.com.br\/?p=18054\" class=\"post-details details-type-link\" aria-label=\"Read more about Petr\u00f3polis lan\u00e7a Plano Ver\u00e3o 2025\/2026\">Read more<i class=\"dt-icon-the7-arrow-03\" aria-hidden=\"true\"><\/i><\/a>\n\n<\/div><\/article><article class=\"post project-odd visible post-18018 type-post status-publish format-standard has-post-thumbnail hentry category-home category-1 description-off\" data-name=\"Campanha Novembro Azul \u00e9 aberta oficialmente em Petr\u00f3polis com foco no acolhimento e na sa\u00fade integral dos homens\" data-date=\"2025-11-13T08:57:33-03:00\">\n\n<div class=\"post-thumbnail-wrap\">\n\t<div class=\"post-thumbnail\">\n\n\t\t\n\t\t\n\t\t<a href=\"https:\/\/comdep.com.br\/?p=18018\" class=\"post-thumbnail-rollover layzr-bg layzr-bg\" ><img decoding=\"async\" class=\"blog-thumb-lazy-load preload-me lazy-load aspect\" src=\"data:image\/svg+xml,%3Csvg%20xmlns%3D&#39;http%3A%2F%2Fwww.w3.org%2F2000%2Fsvg&#39;%20viewBox%3D&#39;0%200%20768%20512&#39;%2F%3E\" data-src=\"https:\/\/comdep.com.br\/wp-content\/uploads\/2025\/11\/a-azul-768x512.jpg\" data-srcset=\"https:\/\/comdep.com.br\/wp-content\/uploads\/2025\/11\/a-azul-768x512.jpg 768w, https:\/\/comdep.com.br\/wp-content\/uploads\/2025\/11\/a-azul.jpg 900w\" loading=\"eager\" style=\"--ratio: 768 \/ 512\" sizes=\"(max-width: 768px) 100vw, 768px\" alt=\"\" title=\"a azul\" width=\"768\" height=\"512\"  \/><\/a>\n\t<\/div>\n<\/div>\n\n\n<div class=\"post-entry-content\">\n\n\t<h3 class=\"entry-title\">\n\t\t<a href=\"https:\/\/comdep.com.br\/?p=18018\" title=\"Campanha Novembro Azul \u00e9 aberta oficialmente em Petr\u00f3polis com foco no acolhimento e na sa\u00fade integral dos homens\" rel=\"bookmark\">Campanha Novembro Azul \u00e9 aberta oficialmente em Petr\u00f3polis com foco no acolhimento e na sa\u00fade integral dos homens<\/a>\n\t<\/h3>\n\n\t<div class=\"entry-meta\"><a href=\"https:\/\/comdep.com.br\/?m=20251113\" title=\"08:57\" class=\"data-link\" rel=\"bookmark\"><time class=\"entry-date updated\" datetime=\"2025-11-13T08:57:33-03:00\">13\/11\/2025<\/time><\/a><\/div>\n\t<div class=\"entry-excerpt\"><p>A Campanha Novembro Azul foi oficialmente aberta pela Prefeitura nesta quarta-feira (05\/11) com um evento para profissionais de sa\u00fade no Col\u00e9gio Santa Catarina, no Centro. O tema deste ano \u00e9 \u201cAcolher para cuidar: sa\u00fade do homem em foco\u201d e o objetivo da campanha \u00e9 a sa\u00fade integral dos homens. A programa\u00e7\u00e3o de abertura teve, al\u00e9m&hellip;<\/p>\n<\/div>\n\t\n<a href=\"https:\/\/comdep.com.br\/?p=18018\" class=\"post-details details-type-link\" aria-label=\"Read more about Campanha Novembro Azul \u00e9 aberta oficialmente em Petr\u00f3polis com foco no acolhimento e na sa\u00fade integral dos homens\">Read more<i class=\"dt-icon-the7-arrow-03\" aria-hidden=\"true\"><\/i><\/a>\n\n<\/div><\/article><article class=\"post project-odd visible post-18015 type-post status-publish format-standard has-post-thumbnail hentry category-home category-1 description-off\" data-name=\"Prefeitura leva a\u00e7\u00f5es de sa\u00fade, meio ambiente, ordem p\u00fablica e limpeza para a Feira Livre do Centro\" data-date=\"2025-11-13T08:55:47-03:00\">\n\n<div class=\"post-thumbnail-wrap\">\n\t<div class=\"post-thumbnail\">\n\n\t\t\n\t\t\n\t\t<a href=\"https:\/\/comdep.com.br\/?p=18015\" class=\"post-thumbnail-rollover layzr-bg layzr-bg\" ><img decoding=\"async\" class=\"blog-thumb-lazy-load preload-me lazy-load aspect\" src=\"data:image\/svg+xml,%3Csvg%20xmlns%3D&#39;http%3A%2F%2Fwww.w3.org%2F2000%2Fsvg&#39;%20viewBox%3D&#39;0%200%20768%20512&#39;%2F%3E\" data-src=\"https:\/\/comdep.com.br\/wp-content\/uploads\/2025\/11\/20251111_085435-scaled-768x512.jpg\" data-srcset=\"https:\/\/comdep.com.br\/wp-content\/uploads\/2025\/11\/20251111_085435-scaled-768x512.jpg 768w, https:\/\/comdep.com.br\/wp-content\/uploads\/2025\/11\/20251111_085435-scaled-1306x870.jpg 1306w\" loading=\"eager\" style=\"--ratio: 768 \/ 512\" sizes=\"(max-width: 768px) 100vw, 768px\" alt=\"\" title=\"20251111_085435\" width=\"768\" height=\"512\"  \/><\/a>\n\t<\/div>\n<\/div>\n\n\n<div class=\"post-entry-content\">\n\n\t<h3 class=\"entry-title\">\n\t\t<a href=\"https:\/\/comdep.com.br\/?p=18015\" title=\"Prefeitura leva a\u00e7\u00f5es de sa\u00fade, meio ambiente, ordem p\u00fablica e limpeza para a Feira Livre do Centro\" rel=\"bookmark\">Prefeitura leva a\u00e7\u00f5es de sa\u00fade, meio ambiente, ordem p\u00fablica e limpeza para a Feira Livre do Centro<\/a>\n\t<\/h3>\n\n\t<div class=\"entry-meta\"><a href=\"https:\/\/comdep.com.br\/?m=20251113\" title=\"08:55\" class=\"data-link\" rel=\"bookmark\"><time class=\"entry-date updated\" datetime=\"2025-11-13T08:55:47-03:00\">13\/11\/2025<\/time><\/a><\/div>\n\t<div class=\"entry-excerpt\"><p>Foco foi no ordenamento dos espa\u00e7os e na orienta\u00e7\u00e3o aos feirantes Os trabalhadores da Feira Livre do Centro receberam uma a\u00e7\u00e3o conjunta da Prefeitura na manh\u00e3 desta ter\u00e7a-feira (11\/11). Foram oferecidas vacinas e testes r\u00e1pidos, oficina de preparo do sal de ervas, orienta\u00e7\u00f5es sobre o descarte adequado de res\u00edduos e informa\u00e7\u00f5es sobre Programa de Recupera\u00e7\u00e3o&hellip;<\/p>\n<\/div>\n\t\n<a href=\"https:\/\/comdep.com.br\/?p=18015\" class=\"post-details details-type-link\" aria-label=\"Read more about Prefeitura leva a\u00e7\u00f5es de sa\u00fade, meio ambiente, ordem p\u00fablica e limpeza para a Feira Livre do Centro\">Read more<i class=\"dt-icon-the7-arrow-03\" aria-hidden=\"true\"><\/i><\/a>\n\n<\/div><\/article><article class=\"post project-odd visible post-17969 type-post status-publish format-standard has-post-thumbnail hentry category-home category-1 description-off\" data-name=\"Prefeitura realiza Dia D do Outubro Rosa na Comdep com programa\u00e7\u00e3o especial\" data-date=\"2025-11-04T13:59:00-03:00\">\n\n<div class=\"post-thumbnail-wrap\">\n\t<div class=\"post-thumbnail\">\n\n\t\t\n\t\t\n\t\t<a href=\"https:\/\/comdep.com.br\/?p=17969\" class=\"post-thumbnail-rollover layzr-bg layzr-bg\" ><img decoding=\"async\" class=\"blog-thumb-lazy-load preload-me lazy-load aspect\" src=\"data:image\/svg+xml,%3Csvg%20xmlns%3D&#39;http%3A%2F%2Fwww.w3.org%2F2000%2Fsvg&#39;%20viewBox%3D&#39;0%200%20768%20512&#39;%2F%3E\" data-src=\"https:\/\/comdep.com.br\/wp-content\/uploads\/2025\/11\/a-rosa-768x512.jpg\" data-srcset=\"https:\/\/comdep.com.br\/wp-content\/uploads\/2025\/11\/a-rosa-768x512.jpg 768w, https:\/\/comdep.com.br\/wp-content\/uploads\/2025\/11\/a-rosa.jpg 900w\" loading=\"eager\" style=\"--ratio: 768 \/ 512\" sizes=\"(max-width: 768px) 100vw, 768px\" alt=\"\" title=\"a rosa\" width=\"768\" height=\"512\"  \/><\/a>\n\t<\/div>\n<\/div>\n\n\n<div class=\"post-entry-content\">\n\n\t<h3 class=\"entry-title\">\n\t\t<a href=\"https:\/\/comdep.com.br\/?p=17969\" title=\"Prefeitura realiza Dia D do Outubro Rosa na Comdep com programa\u00e7\u00e3o especial\" rel=\"bookmark\">Prefeitura realiza Dia D do Outubro Rosa na Comdep com programa\u00e7\u00e3o especial<\/a>\n\t<\/h3>\n\n\t<div class=\"entry-meta\"><a href=\"https:\/\/comdep.com.br\/?m=20251104\" title=\"13:59\" class=\"data-link\" rel=\"bookmark\"><time class=\"entry-date updated\" datetime=\"2025-11-04T13:59:00-03:00\">04\/11\/2025<\/time><\/a><\/div>\n\t<div class=\"entry-excerpt\"><p>A sede da Companhia Municipal de Desenvolvimento de Petr\u00f3polis (Comdep), no Quitandinha, foi palco de um dia repleto de conscientiza\u00e7\u00e3o e cuidado com a sa\u00fade. O Dia D do Outubro Rosa da Comdep, realizado pela Prefeitura nesta quarta-feira (29\/10), reuniu colaboradores e convidadas em uma programa\u00e7\u00e3o voltada \u00e0 preven\u00e7\u00e3o e ao diagn\u00f3stico precoce do c\u00e2ncer&hellip;<\/p>\n<\/div>\n\t\n<a href=\"https:\/\/comdep.com.br\/?p=17969\" class=\"post-details details-type-link\" aria-label=\"Read more about Prefeitura realiza Dia D do Outubro Rosa na Comdep com programa\u00e7\u00e3o especial\">Read more<i class=\"dt-icon-the7-arrow-03\" aria-hidden=\"true\"><\/i><\/a>\n\n<\/div><\/article><article class=\"post project-odd visible post-17966 type-post status-publish format-standard has-post-thumbnail hentry category-home category-1 description-off\" data-name=\"&#8220;Crian\u00e7a Feliz&#8221; promove festa para p\u00fablico atendido pelo programa\" data-date=\"2025-11-04T13:57:42-03:00\">\n\n<div class=\"post-thumbnail-wrap\">\n\t<div class=\"post-thumbnail\">\n\n\t\t\n\t\t\n\t\t<a href=\"https:\/\/comdep.com.br\/?p=17966\" class=\"post-thumbnail-rollover layzr-bg layzr-bg\" ><img decoding=\"async\" class=\"blog-thumb-lazy-load preload-me lazy-load aspect\" src=\"data:image\/svg+xml,%3Csvg%20xmlns%3D&#39;http%3A%2F%2Fwww.w3.org%2F2000%2Fsvg&#39;%20viewBox%3D&#39;0%200%20768%20512&#39;%2F%3E\" data-src=\"https:\/\/comdep.com.br\/wp-content\/uploads\/2025\/11\/a-crianca-768x512.jpg\" data-srcset=\"https:\/\/comdep.com.br\/wp-content\/uploads\/2025\/11\/a-crianca-768x512.jpg 768w, https:\/\/comdep.com.br\/wp-content\/uploads\/2025\/11\/a-crianca.jpg 900w\" loading=\"eager\" style=\"--ratio: 768 \/ 512\" sizes=\"(max-width: 768px) 100vw, 768px\" alt=\"\" title=\"a crianca\" width=\"768\" height=\"512\"  \/><\/a>\n\t<\/div>\n<\/div>\n\n\n<div class=\"post-entry-content\">\n\n\t<h3 class=\"entry-title\">\n\t\t<a href=\"https:\/\/comdep.com.br\/?p=17966\" title=\"&#8220;Crian\u00e7a Feliz&#8221; promove festa para p\u00fablico atendido pelo programa\" rel=\"bookmark\">&#8220;Crian\u00e7a Feliz&#8221; promove festa para p\u00fablico atendido pelo programa<\/a>\n\t<\/h3>\n\n\t<div class=\"entry-meta\"><a href=\"https:\/\/comdep.com.br\/?m=20251104\" title=\"13:57\" class=\"data-link\" rel=\"bookmark\"><time class=\"entry-date updated\" datetime=\"2025-11-04T13:57:42-03:00\">04\/11\/2025<\/time><\/a><\/div>\n\t<div class=\"entry-excerpt\"><p>A Prefeitura promoveu uma festa para as crian\u00e7as atendidas pelo Crian\u00e7a Feliz, nesta quarta-feira (29\/10). A confraterniza\u00e7\u00e3o, realizada no Pal\u00e1cio de Cristal, trouxe um momento de divers\u00e3o e alegria para os pequenos que participam do programa. Al\u00e9m das equipes da Secretaria de Assist\u00eancia Social, o evento contou com a participa\u00e7\u00e3o da Comdep e da Guarda&hellip;<\/p>\n<\/div>\n\t\n<a href=\"https:\/\/comdep.com.br\/?p=17966\" class=\"post-details details-type-link\" aria-label=\"Read more about &#8220;Crian\u00e7a Feliz&#8221; promove festa para p\u00fablico atendido pelo programa\">Read more<i class=\"dt-icon-the7-arrow-03\" aria-hidden=\"true\"><\/i><\/a>\n\n<\/div><\/article><article class=\"post project-odd visible post-17963 type-post status-publish format-standard has-post-thumbnail hentry category-home category-1 description-off\" data-name=\"Petr\u00f3polis \u00e9 selecionado para o curso \u201cUrg\u00eancia clim\u00e1tica \u2013 implementando solu\u00e7\u00f5es em territ\u00f3rios urbanos vulner\u00e1veis\u201d\" data-date=\"2025-11-04T13:52:34-03:00\">\n\n<div class=\"post-thumbnail-wrap\">\n\t<div class=\"post-thumbnail\">\n\n\t\t\n\t\t\n\t\t<a href=\"https:\/\/comdep.com.br\/?p=17963\" class=\"post-thumbnail-rollover layzr-bg layzr-bg\" ><img decoding=\"async\" class=\"blog-thumb-lazy-load preload-me lazy-load aspect\" src=\"data:image\/svg+xml,%3Csvg%20xmlns%3D&#39;http%3A%2F%2Fwww.w3.org%2F2000%2Fsvg&#39;%20viewBox%3D&#39;0%200%20768%20512&#39;%2F%3E\" data-src=\"https:\/\/comdep.com.br\/wp-content\/uploads\/2025\/11\/a-urgencaia-768x512.jpg\" data-srcset=\"https:\/\/comdep.com.br\/wp-content\/uploads\/2025\/11\/a-urgencaia-768x512.jpg 768w, https:\/\/comdep.com.br\/wp-content\/uploads\/2025\/11\/a-urgencaia-900x599.jpg 900w\" loading=\"eager\" style=\"--ratio: 768 \/ 512\" sizes=\"(max-width: 768px) 100vw, 768px\" alt=\"\" title=\"a urgencaia\" width=\"768\" height=\"512\"  \/><\/a>\n\t<\/div>\n<\/div>\n\n\n<div class=\"post-entry-content\">\n\n\t<h3 class=\"entry-title\">\n\t\t<a href=\"https:\/\/comdep.com.br\/?p=17963\" title=\"Petr\u00f3polis \u00e9 selecionado para o curso \u201cUrg\u00eancia clim\u00e1tica \u2013 implementando solu\u00e7\u00f5es em territ\u00f3rios urbanos vulner\u00e1veis\u201d\" rel=\"bookmark\">Petr\u00f3polis \u00e9 selecionado para o curso \u201cUrg\u00eancia clim\u00e1tica \u2013 implementando solu\u00e7\u00f5es em territ\u00f3rios urbanos vulner\u00e1veis\u201d<\/a>\n\t<\/h3>\n\n\t<div class=\"entry-meta\"><a href=\"https:\/\/comdep.com.br\/?m=20251104\" title=\"13:52\" class=\"data-link\" rel=\"bookmark\"><time class=\"entry-date updated\" datetime=\"2025-11-04T13:52:34-03:00\">04\/11\/2025<\/time><\/a><\/div>\n\t<div class=\"entry-excerpt\"><p>Dez cidades foram selecionadas para o curso promovido pelo Minist\u00e9rio das Cidades, em parceria com o Lincoln Institute of Land Policy e apoio do WRI Brasil Petr\u00f3polis foi uma das dez cidades do pa\u00eds selecionada para participar do curso \u201cUrg\u00eancia Clim\u00e1tica \u2013 Implementando Solu\u00e7\u00f5es em Territ\u00f3rios Urbanos Vulner\u00e1veis\u201d. A forma\u00e7\u00e3o integra o Programa Nacional de&hellip;<\/p>\n<\/div>\n\t\n<a href=\"https:\/\/comdep.com.br\/?p=17963\" class=\"post-details details-type-link\" aria-label=\"Read more about Petr\u00f3polis \u00e9 selecionado para o curso \u201cUrg\u00eancia clim\u00e1tica \u2013 implementando solu\u00e7\u00f5es em territ\u00f3rios urbanos vulner\u00e1veis\u201d\">Read more<i class=\"dt-icon-the7-arrow-03\" aria-hidden=\"true\"><\/i><\/a>\n\n<\/div><\/article><article class=\"post project-odd visible post-17905 type-post status-publish format-standard has-post-thumbnail hentry category-home category-1 description-off\" data-name=\"Prefeitura vistoria pontos de apoio e organiza kits emergenciais para dias de chuva\" data-date=\"2025-10-30T13:36:56-03:00\">\n\n<div class=\"post-thumbnail-wrap\">\n\t<div class=\"post-thumbnail\">\n\n\t\t\n\t\t\n\t\t<a href=\"https:\/\/comdep.com.br\/?p=17905\" class=\"post-thumbnail-rollover layzr-bg layzr-bg\" ><img decoding=\"async\" class=\"blog-thumb-lazy-load preload-me lazy-load aspect\" src=\"data:image\/svg+xml,%3Csvg%20xmlns%3D&#39;http%3A%2F%2Fwww.w3.org%2F2000%2Fsvg&#39;%20viewBox%3D&#39;0%200%20759%20506&#39;%2F%3E\" data-src=\"https:\/\/comdep.com.br\/wp-content\/uploads\/2025\/10\/a-kits-759x506.jpg\" data-srcset=\"https:\/\/comdep.com.br\/wp-content\/uploads\/2025\/10\/a-kits-759x506.jpg 759w\" loading=\"eager\" style=\"--ratio: 759 \/ 506\" sizes=\"(max-width: 759px) 100vw, 759px\" alt=\"\" title=\"a kits\" width=\"759\" height=\"506\"  \/><\/a>\n\t<\/div>\n<\/div>\n\n\n<div class=\"post-entry-content\">\n\n\t<h3 class=\"entry-title\">\n\t\t<a href=\"https:\/\/comdep.com.br\/?p=17905\" title=\"Prefeitura vistoria pontos de apoio e organiza kits emergenciais para dias de chuva\" rel=\"bookmark\">Prefeitura vistoria pontos de apoio e organiza kits emergenciais para dias de chuva<\/a>\n\t<\/h3>\n\n\t<div class=\"entry-meta\"><a href=\"https:\/\/comdep.com.br\/?m=20251030\" title=\"13:36\" class=\"data-link\" rel=\"bookmark\"><time class=\"entry-date updated\" datetime=\"2025-10-30T13:36:56-03:00\">30\/10\/2025<\/time><\/a><\/div>\n\t<div class=\"entry-excerpt\"><p>Trabalho feito nas \u00faltimas semanas, antes do per\u00edodo de chuvas na cidade, teve o objetivo de garantir que todos os locais estejam preparados em caso de mobiliza\u00e7\u00e3o Como forma de preparar a cidade para enfrentar as chuvas de ver\u00e3o, a Prefeitura est\u00e1 organizando todos os 68 pontos de apoio. Na semana passada as equipes das&hellip;<\/p>\n<\/div>\n\t\n<a href=\"https:\/\/comdep.com.br\/?p=17905\" class=\"post-details details-type-link\" aria-label=\"Read more about Prefeitura vistoria pontos de apoio e organiza kits emergenciais para dias de chuva\">Read more<i class=\"dt-icon-the7-arrow-03\" aria-hidden=\"true\"><\/i><\/a>\n\n<\/div><\/article><article class=\"post project-odd visible post-17812 type-post status-publish format-standard has-post-thumbnail hentry category-home category-1 description-off\" data-name=\"Prefeitura intensifica limpeza preventiva e desobstruiu mais de 10 mil bueiros antes do per\u00edodo de chuvas\" data-date=\"2025-10-24T09:35:13-03:00\">\n\n<div class=\"post-thumbnail-wrap\">\n\t<div class=\"post-thumbnail\">\n\n\t\t\n\t\t\n\t\t<a href=\"https:\/\/comdep.com.br\/?p=17812\" class=\"post-thumbnail-rollover layzr-bg layzr-bg\" ><img decoding=\"async\" class=\"blog-thumb-lazy-load preload-me lazy-load aspect\" src=\"data:image\/svg+xml,%3Csvg%20xmlns%3D&#39;http%3A%2F%2Fwww.w3.org%2F2000%2Fsvg&#39;%20viewBox%3D&#39;0%200%20768%20512&#39;%2F%3E\" data-src=\"https:\/\/comdep.com.br\/wp-content\/uploads\/2025\/10\/a-bueuro-768x512.jpg\" data-srcset=\"https:\/\/comdep.com.br\/wp-content\/uploads\/2025\/10\/a-bueuro-768x512.jpg 768w, https:\/\/comdep.com.br\/wp-content\/uploads\/2025\/10\/a-bueuro-900x599.jpg 900w\" loading=\"eager\" style=\"--ratio: 768 \/ 512\" sizes=\"(max-width: 768px) 100vw, 768px\" alt=\"\" title=\"a bueuro\" width=\"768\" height=\"512\"  \/><\/a>\n\t<\/div>\n<\/div>\n\n\n<div class=\"post-entry-content\">\n\n\t<h3 class=\"entry-title\">\n\t\t<a href=\"https:\/\/comdep.com.br\/?p=17812\" title=\"Prefeitura intensifica limpeza preventiva e desobstruiu mais de 10 mil bueiros antes do per\u00edodo de chuvas\" rel=\"bookmark\">Prefeitura intensifica limpeza preventiva e desobstruiu mais de 10 mil bueiros antes do per\u00edodo de chuvas<\/a>\n\t<\/h3>\n\n\t<div class=\"entry-meta\"><a href=\"https:\/\/comdep.com.br\/?m=20251024\" title=\"09:35\" class=\"data-link\" rel=\"bookmark\"><time class=\"entry-date updated\" datetime=\"2025-10-24T09:35:13-03:00\">24\/10\/2025<\/time><\/a><\/div>\n\t<div class=\"entry-excerpt\"><p>Com a proximidade do per\u00edodo de chuvas, a Prefeitura tem intensificado as a\u00e7\u00f5es de limpeza e manuten\u00e7\u00e3o do sistema de drenagem em toda a cidade. Desde janeiro at\u00e9 o \u00faltimo dia 20 de outubro, as equipes da Comdep j\u00e1 realizaram a limpeza de mais de 10 mil bueiros (10.101 no total), al\u00e9m de 560 canaletas&hellip;<\/p>\n<\/div>\n\t\n<a href=\"https:\/\/comdep.com.br\/?p=17812\" class=\"post-details details-type-link\" aria-label=\"Read more about Prefeitura intensifica limpeza preventiva e desobstruiu mais de 10 mil bueiros antes do per\u00edodo de chuvas\">Read more<i class=\"dt-icon-the7-arrow-03\" aria-hidden=\"true\"><\/i><\/a>\n\n<\/div><\/article><article class=\"post project-odd visible post-17801 type-post status-publish format-standard has-post-thumbnail hentry category-home category-1 description-off\" data-name=\"Prefeitura realiza a\u00e7\u00e3o de zeladoria urbana em Cascatinha\" data-date=\"2025-10-23T14:06:03-03:00\">\n\n<div class=\"post-thumbnail-wrap\">\n\t<div class=\"post-thumbnail\">\n\n\t\t\n\t\t\n\t\t<a href=\"https:\/\/comdep.com.br\/?p=17801\" class=\"post-thumbnail-rollover layzr-bg layzr-bg\" ><img decoding=\"async\" class=\"blog-thumb-lazy-load preload-me lazy-load aspect\" src=\"data:image\/svg+xml,%3Csvg%20xmlns%3D&#39;http%3A%2F%2Fwww.w3.org%2F2000%2Fsvg&#39;%20viewBox%3D&#39;0%200%20759%20506&#39;%2F%3E\" data-src=\"https:\/\/comdep.com.br\/wp-content\/uploads\/2025\/10\/a-zela-759x506.jpg\" data-srcset=\"https:\/\/comdep.com.br\/wp-content\/uploads\/2025\/10\/a-zela-759x506.jpg 759w\" loading=\"eager\" style=\"--ratio: 759 \/ 506\" sizes=\"(max-width: 759px) 100vw, 759px\" alt=\"\" title=\"a zela\" width=\"759\" height=\"506\"  \/><\/a>\n\t<\/div>\n<\/div>\n\n\n<div class=\"post-entry-content\">\n\n\t<h3 class=\"entry-title\">\n\t\t<a href=\"https:\/\/comdep.com.br\/?p=17801\" title=\"Prefeitura realiza a\u00e7\u00e3o de zeladoria urbana em Cascatinha\" rel=\"bookmark\">Prefeitura realiza a\u00e7\u00e3o de zeladoria urbana em Cascatinha<\/a>\n\t<\/h3>\n\n\t<div class=\"entry-meta\"><a href=\"https:\/\/comdep.com.br\/?m=20251023\" title=\"14:06\" class=\"data-link\" rel=\"bookmark\"><time class=\"entry-date updated\" datetime=\"2025-10-23T14:06:03-03:00\">23\/10\/2025<\/time><\/a><\/div>\n\t<div class=\"entry-excerpt\"><p>Trabalho oferece abordagem social a pessoas em situa\u00e7\u00e3o de rua e tamb\u00e9m promove limpeza, sa\u00fade e seguran\u00e7a nos locais ocupadas por elas A Prefeitura realizou nesta sexta-feira (17\/10) uma a\u00e7\u00e3o de zeladoria urbana na Estrada Jos\u00e9 Carneiro Dias, em Cascatinha. Esse trabalho oferece abordagens sociais a pessoas em situa\u00e7\u00e3o de rua, ao mesmo tempo em&hellip;<\/p>\n<\/div>\n\t\n<a href=\"https:\/\/comdep.com.br\/?p=17801\" class=\"post-details details-type-link\" aria-label=\"Read more about Prefeitura realiza a\u00e7\u00e3o de zeladoria urbana em Cascatinha\">Read more<i class=\"dt-icon-the7-arrow-03\" aria-hidden=\"true\"><\/i><\/a>\n\n<\/div><\/article><article class=\"post project-odd visible post-17798 type-post status-publish format-standard has-post-thumbnail hentry category-home category-1 description-off\" data-name=\"Festival Ol\u00edmpico da Educa\u00e7\u00e3o Infantil promove integra\u00e7\u00e3o e viv\u00eancia esportiva para estudantes da rede municipal\" data-date=\"2025-10-23T14:04:53-03:00\">\n\n<div class=\"post-thumbnail-wrap\">\n\t<div class=\"post-thumbnail\">\n\n\t\t\n\t\t\n\t\t<a href=\"https:\/\/comdep.com.br\/?p=17798\" class=\"post-thumbnail-rollover layzr-bg layzr-bg\" ><img decoding=\"async\" class=\"blog-thumb-lazy-load preload-me lazy-load aspect\" src=\"data:image\/svg+xml,%3Csvg%20xmlns%3D&#39;http%3A%2F%2Fwww.w3.org%2F2000%2Fsvg&#39;%20viewBox%3D&#39;0%200%20768%20512&#39;%2F%3E\" data-src=\"https:\/\/comdep.com.br\/wp-content\/uploads\/2025\/10\/a-festv-768x512.jpg\" data-srcset=\"https:\/\/comdep.com.br\/wp-content\/uploads\/2025\/10\/a-festv-768x512.jpg 768w, https:\/\/comdep.com.br\/wp-content\/uploads\/2025\/10\/a-festv.jpg 900w\" loading=\"eager\" style=\"--ratio: 768 \/ 512\" sizes=\"(max-width: 768px) 100vw, 768px\" alt=\"\" title=\"a festv\" width=\"768\" height=\"512\"  \/><\/a>\n\t<\/div>\n<\/div>\n\n\n<div class=\"post-entry-content\">\n\n\t<h3 class=\"entry-title\">\n\t\t<a href=\"https:\/\/comdep.com.br\/?p=17798\" title=\"Festival Ol\u00edmpico da Educa\u00e7\u00e3o Infantil promove integra\u00e7\u00e3o e viv\u00eancia esportiva para estudantes da rede municipal\" rel=\"bookmark\">Festival Ol\u00edmpico da Educa\u00e7\u00e3o Infantil promove integra\u00e7\u00e3o e viv\u00eancia esportiva para estudantes da rede municipal<\/a>\n\t<\/h3>\n\n\t<div class=\"entry-meta\"><a href=\"https:\/\/comdep.com.br\/?m=20251023\" title=\"14:04\" class=\"data-link\" rel=\"bookmark\"><time class=\"entry-date updated\" datetime=\"2025-10-23T14:04:53-03:00\">23\/10\/2025<\/time><\/a><\/div>\n\t<div class=\"entry-excerpt\"><p>O 32\u00ba Batalh\u00e3o de Infantaria Leve de Montanha se transformou em um grande espa\u00e7o de brincadeiras e movimento neste s\u00e1bado (18\/10), durante a primeira edi\u00e7\u00e3o do Festival Ol\u00edmpico da Educa\u00e7\u00e3o Infantil, promovido pela Prefeitura de Petr\u00f3polis. A atividade reuniu cerca de 200 crian\u00e7as do 4\u00ba e 5\u00ba per\u00edodo da Rede Municipal de ensino, em uma&hellip;<\/p>\n<\/div>\n\t\n<a href=\"https:\/\/comdep.com.br\/?p=17798\" class=\"post-details details-type-link\" aria-label=\"Read more about Festival Ol\u00edmpico da Educa\u00e7\u00e3o Infantil promove integra\u00e7\u00e3o e viv\u00eancia esportiva para estudantes da rede municipal\">Read more<i class=\"dt-icon-the7-arrow-03\" aria-hidden=\"true\"><\/i><\/a>\n\n<\/div><\/article><article class=\"post project-odd visible post-17785 type-post status-publish format-standard has-post-thumbnail hentry category-home category-1 description-off\" data-name=\"Moradores do Vila Rica trocam mais de 200 garrafas PET por vassouras em a\u00e7\u00e3o ambiental\" data-date=\"2025-10-21T16:50:10-03:00\">\n\n<div class=\"post-thumbnail-wrap\">\n\t<div class=\"post-thumbnail\">\n\n\t\t\n\t\t\n\t\t<a href=\"https:\/\/comdep.com.br\/?p=17785\" class=\"post-thumbnail-rollover layzr-bg layzr-bg\" ><img decoding=\"async\" class=\"blog-thumb-lazy-load preload-me lazy-load aspect\" src=\"data:image\/svg+xml,%3Csvg%20xmlns%3D&#39;http%3A%2F%2Fwww.w3.org%2F2000%2Fsvg&#39;%20viewBox%3D&#39;0%200%20768%20512&#39;%2F%3E\" data-src=\"https:\/\/comdep.com.br\/wp-content\/uploads\/2025\/10\/VILA-RICA-2-768x512.jpeg\" data-srcset=\"https:\/\/comdep.com.br\/wp-content\/uploads\/2025\/10\/VILA-RICA-2-768x512.jpeg 768w, https:\/\/comdep.com.br\/wp-content\/uploads\/2025\/10\/VILA-RICA-2-1200x799.jpeg 1200w\" loading=\"eager\" style=\"--ratio: 768 \/ 512\" sizes=\"(max-width: 768px) 100vw, 768px\" alt=\"\" title=\"VILA RICA 2\" width=\"768\" height=\"512\"  \/><\/a>\n\t<\/div>\n<\/div>\n\n\n<div class=\"post-entry-content\">\n\n\t<h3 class=\"entry-title\">\n\t\t<a href=\"https:\/\/comdep.com.br\/?p=17785\" title=\"Moradores do Vila Rica trocam mais de 200 garrafas PET por vassouras em a\u00e7\u00e3o ambiental\" rel=\"bookmark\">Moradores do Vila Rica trocam mais de 200 garrafas PET por vassouras em a\u00e7\u00e3o ambiental<\/a>\n\t<\/h3>\n\n\t<div class=\"entry-meta\"><a href=\"https:\/\/comdep.com.br\/?m=20251021\" title=\"16:50\" class=\"data-link\" rel=\"bookmark\"><time class=\"entry-date updated\" datetime=\"2025-10-21T16:50:10-03:00\">21\/10\/2025<\/time><\/a><\/div>\n\t<div class=\"entry-excerpt\"><p>Mais de 200 garrafas PET foram recolhidas no bairro Vila Rica, em Pedro do Rio, durante uma a\u00e7\u00e3o de conscientiza\u00e7\u00e3o ambiental promovida pela Prefeitura, por meio da Comdep, em parceria com lideran\u00e7as comunit\u00e1rias. A iniciativa incentivou a coleta seletiva e a reciclagem, com a troca de materiais por vassouras e atividades de educa\u00e7\u00e3o ambiental. Cada&hellip;<\/p>\n<\/div>\n\t\n<a href=\"https:\/\/comdep.com.br\/?p=17785\" class=\"post-details details-type-link\" aria-label=\"Read more about Moradores do Vila Rica trocam mais de 200 garrafas PET por vassouras em a\u00e7\u00e3o ambiental\">Read more<i class=\"dt-icon-the7-arrow-03\" aria-hidden=\"true\"><\/i><\/a>\n\n<\/div><\/article><article class=\"post project-odd visible no-img post-17716 type-post status-publish format-standard hentry category-home category-1 description-off\" data-name=\"Cras Volante promove mais de 300 atendimentos na Comunidade Santa Rosa\" data-date=\"2025-10-13T15:14:09-03:00\">\n\n<div class=\"post-entry-content\">\n\n\t<h3 class=\"entry-title\">\n\t\t<a href=\"https:\/\/comdep.com.br\/?p=17716\" title=\"Cras Volante promove mais de 300 atendimentos na Comunidade Santa Rosa\" rel=\"bookmark\">Cras Volante promove mais de 300 atendimentos na Comunidade Santa Rosa<\/a>\n\t<\/h3>\n\n\t<div class=\"entry-meta\"><a href=\"https:\/\/comdep.com.br\/?m=20251013\" title=\"15:14\" class=\"data-link\" rel=\"bookmark\"><time class=\"entry-date updated\" datetime=\"2025-10-13T15:14:09-03:00\">13\/10\/2025<\/time><\/a><\/div>\n\t<div class=\"entry-excerpt\"><p>Moradores tiveram acesso a servi\u00e7os de Assist\u00eancia Social, Sa\u00fade e atividades da Comdep O Cras Volante realizou 301 atendimentos neste s\u00e1bado (11\/10) na Comunidade Santa Rosa, que fica no km 94 da BR-040. A iniciativa da Prefeitura levou os servi\u00e7os de Assist\u00eancia Social para mais perto dos moradores, que tamb\u00e9m tiveram atividades de Sa\u00fade e&hellip;<\/p>\n<\/div>\n\t\n<a href=\"https:\/\/comdep.com.br\/?p=17716\" class=\"post-details details-type-link\" aria-label=\"Read more about Cras Volante promove mais de 300 atendimentos na Comunidade Santa Rosa\">Read more<i class=\"dt-icon-the7-arrow-03\" aria-hidden=\"true\"><\/i><\/a>\n\n<\/div><\/article><article class=\"post project-odd visible no-img post-17714 type-post status-publish format-standard hentry category-home category-1 description-off\" data-name=\"Prefeitura de Petr\u00f3polis intensifica fiscaliza\u00e7\u00e3o e atua com mais rigor contra descarte irregular de entulho\" data-date=\"2025-10-13T14:51:31-03:00\">\n\n<div class=\"post-entry-content\">\n\n\t<h3 class=\"entry-title\">\n\t\t<a href=\"https:\/\/comdep.com.br\/?p=17714\" title=\"Prefeitura de Petr\u00f3polis intensifica fiscaliza\u00e7\u00e3o e atua com mais rigor contra descarte irregular de entulho\" rel=\"bookmark\">Prefeitura de Petr\u00f3polis intensifica fiscaliza\u00e7\u00e3o e atua com mais rigor contra descarte irregular de entulho<\/a>\n\t<\/h3>\n\n\t<div class=\"entry-meta\"><a href=\"https:\/\/comdep.com.br\/?m=20251013\" title=\"14:51\" class=\"data-link\" rel=\"bookmark\"><time class=\"entry-date updated\" datetime=\"2025-10-13T14:51:31-03:00\">13\/10\/2025<\/time><\/a><\/div>\n\t<div class=\"entry-excerpt\"><p>Petr\u00f3polis, 10 de outubro de 2025 \u2013 A Prefeitura de Petr\u00f3polis est\u00e1 intensificando as a\u00e7\u00f5es de fiscaliza\u00e7\u00e3o para coibir o descarte irregular de lixo e entulho em toda a cidade. Como parte desta atua\u00e7\u00e3o mais firme, medidas administrativas ser\u00e3o adotadas em rela\u00e7\u00e3o a dois flagrantes recentes, cujas imagens foram recebidas atrav\u00e9s de den\u00fancias. A an\u00e1lise&hellip;<\/p>\n<\/div>\n\t\n<a href=\"https:\/\/comdep.com.br\/?p=17714\" class=\"post-details details-type-link\" aria-label=\"Read more about Prefeitura de Petr\u00f3polis intensifica fiscaliza\u00e7\u00e3o e atua com mais rigor contra descarte irregular de entulho\">Read more<i class=\"dt-icon-the7-arrow-03\" aria-hidden=\"true\"><\/i><\/a>\n\n<\/div><\/article><article class=\"post project-odd visible post-17706 type-post status-publish format-standard has-post-thumbnail hentry category-home category-1 description-off\" data-name=\"Estudantes participam de colheita na horta did\u00e1tica da Escola Almirante Tamandar\u00e9\" data-date=\"2025-10-13T09:04:34-03:00\">\n\n<div class=\"post-thumbnail-wrap\">\n\t<div class=\"post-thumbnail\">\n\n\t\t\n\t\t\n\t\t<a href=\"https:\/\/comdep.com.br\/?p=17706\" class=\"post-thumbnail-rollover layzr-bg layzr-bg\" ><img decoding=\"async\" class=\"blog-thumb-lazy-load preload-me lazy-load aspect\" src=\"data:image\/svg+xml,%3Csvg%20xmlns%3D&#39;http%3A%2F%2Fwww.w3.org%2F2000%2Fsvg&#39;%20viewBox%3D&#39;0%200%20768%20512&#39;%2F%3E\" data-src=\"https:\/\/comdep.com.br\/wp-content\/uploads\/2025\/10\/1-colheita-768x512.jpg\" data-srcset=\"https:\/\/comdep.com.br\/wp-content\/uploads\/2025\/10\/1-colheita-768x512.jpg 768w, https:\/\/comdep.com.br\/wp-content\/uploads\/2025\/10\/1-colheita-794x529.jpg 794w\" loading=\"eager\" style=\"--ratio: 768 \/ 512\" sizes=\"(max-width: 768px) 100vw, 768px\" alt=\"\" title=\"1 colheita\" width=\"768\" height=\"512\"  \/><\/a>\n\t<\/div>\n<\/div>\n\n\n<div class=\"post-entry-content\">\n\n\t<h3 class=\"entry-title\">\n\t\t<a href=\"https:\/\/comdep.com.br\/?p=17706\" title=\"Estudantes participam de colheita na horta did\u00e1tica da Escola Almirante Tamandar\u00e9\" rel=\"bookmark\">Estudantes participam de colheita na horta did\u00e1tica da Escola Almirante Tamandar\u00e9<\/a>\n\t<\/h3>\n\n\t<div class=\"entry-meta\"><a href=\"https:\/\/comdep.com.br\/?m=20251013\" title=\"09:04\" class=\"data-link\" rel=\"bookmark\"><time class=\"entry-date updated\" datetime=\"2025-10-13T09:04:34-03:00\">13\/10\/2025<\/time><\/a><\/div>\n\t<div class=\"entry-excerpt\"><p>Estudantes do 5\u00ba per\u00edodo do Educa\u00e7\u00e3o Infantil da Escola Almirante Tamandar\u00e9, na Rua Hermog\u00eanio Silva, viveram uma manh\u00e3 diferente nesta ter\u00e7a-feira (07\/10). Eles participaram da colheita de mostarda, salsinha, cebolinha e alface da horta did\u00e1tica da escola. Os alimentos foram plantados pelas pr\u00f3prias crian\u00e7as no fim de agosto. A atividade fez parte do projeto de&hellip;<\/p>\n<\/div>\n\t\n<a href=\"https:\/\/comdep.com.br\/?p=17706\" class=\"post-details details-type-link\" aria-label=\"Read more about Estudantes participam de colheita na horta did\u00e1tica da Escola Almirante Tamandar\u00e9\">Read more<i class=\"dt-icon-the7-arrow-03\" aria-hidden=\"true\"><\/i><\/a>\n\n<\/div><\/article><article class=\"post project-odd visible post-17701 type-post status-publish format-standard has-post-thumbnail hentry category-home category-1 description-off\" data-name=\"Prefeitura marca presen\u00e7a em Semin\u00e1rio Nacional sobre Masculinidades e Preven\u00e7\u00e3o \u00e0s Viol\u00eancias\" data-date=\"2025-10-13T08:58:47-03:00\">\n\n<div class=\"post-thumbnail-wrap\">\n\t<div class=\"post-thumbnail\">\n\n\t\t\n\t\t\n\t\t<a href=\"https:\/\/comdep.com.br\/?p=17701\" class=\"post-thumbnail-rollover layzr-bg layzr-bg\" ><img decoding=\"async\" class=\"blog-thumb-lazy-load preload-me lazy-load aspect\" src=\"data:image\/svg+xml,%3Csvg%20xmlns%3D&#39;http%3A%2F%2Fwww.w3.org%2F2000%2Fsvg&#39;%20viewBox%3D&#39;0%200%20768%20512&#39;%2F%3E\" data-src=\"https:\/\/comdep.com.br\/wp-content\/uploads\/2025\/10\/masculinidades-768x512.jpeg\" data-srcset=\"https:\/\/comdep.com.br\/wp-content\/uploads\/2025\/10\/masculinidades-768x512.jpeg 768w, https:\/\/comdep.com.br\/wp-content\/uploads\/2025\/10\/masculinidades-1080x720.jpeg 1080w\" loading=\"eager\" style=\"--ratio: 768 \/ 512\" sizes=\"(max-width: 768px) 100vw, 768px\" alt=\"\" title=\"masculinidades\" width=\"768\" height=\"512\"  \/><\/a>\n\t<\/div>\n<\/div>\n\n\n<div class=\"post-entry-content\">\n\n\t<h3 class=\"entry-title\">\n\t\t<a href=\"https:\/\/comdep.com.br\/?p=17701\" title=\"Prefeitura marca presen\u00e7a em Semin\u00e1rio Nacional sobre Masculinidades e Preven\u00e7\u00e3o \u00e0s Viol\u00eancias\" rel=\"bookmark\">Prefeitura marca presen\u00e7a em Semin\u00e1rio Nacional sobre Masculinidades e Preven\u00e7\u00e3o \u00e0s Viol\u00eancias<\/a>\n\t<\/h3>\n\n\t<div class=\"entry-meta\"><a href=\"https:\/\/comdep.com.br\/?m=20251013\" title=\"08:58\" class=\"data-link\" rel=\"bookmark\"><time class=\"entry-date updated\" datetime=\"2025-10-13T08:58:47-03:00\">13\/10\/2025<\/time><\/a><\/div>\n\t<div class=\"entry-excerpt\"><p>Funcion\u00e1rios da Comdep participaram dos dois dias de evento e agora ser\u00e3o multiplicadores das experi\u00eancias e aprendizados compartilhados durante o semin\u00e1rio A Prefeitura marcou presen\u00e7a no Semin\u00e1rio Nacional sobre Masculinidades e Preven\u00e7\u00e3o \u00e0s Viol\u00eancias, que aconteceu esta semana no Centro Cultural da Funda\u00e7\u00e3o Get\u00falio Vargas (FGV), em Botafogo, no Rio de Janeiro. A participa\u00e7\u00e3o refor\u00e7ou&hellip;<\/p>\n<\/div>\n\t\n<a href=\"https:\/\/comdep.com.br\/?p=17701\" class=\"post-details details-type-link\" aria-label=\"Read more about Prefeitura marca presen\u00e7a em Semin\u00e1rio Nacional sobre Masculinidades e Preven\u00e7\u00e3o \u00e0s Viol\u00eancias\">Read more<i class=\"dt-icon-the7-arrow-03\" aria-hidden=\"true\"><\/i><\/a>\n\n<\/div><\/article><article class=\"post project-odd visible post-17664 type-post status-publish format-standard has-post-thumbnail hentry category-home category-1 description-off\" data-name=\"Prefeitura fecha ponto usado para despejo clandestino de entulho no Alto da Serra\" data-date=\"2025-10-07T10:57:09-03:00\">\n\n<div class=\"post-thumbnail-wrap\">\n\t<div class=\"post-thumbnail\">\n\n\t\t\n\t\t\n\t\t<a href=\"https:\/\/comdep.com.br\/?p=17664\" class=\"post-thumbnail-rollover layzr-bg layzr-bg\" ><img decoding=\"async\" class=\"blog-thumb-lazy-load preload-me lazy-load aspect\" src=\"data:image\/svg+xml,%3Csvg%20xmlns%3D&#39;http%3A%2F%2Fwww.w3.org%2F2000%2Fsvg&#39;%20viewBox%3D&#39;0%200%20768%20512&#39;%2F%3E\" data-src=\"https:\/\/comdep.com.br\/wp-content\/uploads\/2025\/10\/0101010-768x512.jpg\" data-srcset=\"https:\/\/comdep.com.br\/wp-content\/uploads\/2025\/10\/0101010-768x512.jpg 768w, https:\/\/comdep.com.br\/wp-content\/uploads\/2025\/10\/0101010.jpg 900w\" loading=\"eager\" style=\"--ratio: 768 \/ 512\" sizes=\"(max-width: 768px) 100vw, 768px\" alt=\"\" title=\"0101010\" width=\"768\" height=\"512\"  \/><\/a>\n\t<\/div>\n<\/div>\n\n\n<div class=\"post-entry-content\">\n\n\t<h3 class=\"entry-title\">\n\t\t<a href=\"https:\/\/comdep.com.br\/?p=17664\" title=\"Prefeitura fecha ponto usado para despejo clandestino de entulho no Alto da Serra\" rel=\"bookmark\">Prefeitura fecha ponto usado para despejo clandestino de entulho no Alto da Serra<\/a>\n\t<\/h3>\n\n\t<div class=\"entry-meta\"><a href=\"https:\/\/comdep.com.br\/?m=20251007\" title=\"10:57\" class=\"data-link\" rel=\"bookmark\"><time class=\"entry-date updated\" datetime=\"2025-10-07T10:57:09-03:00\">07\/10\/2025<\/time><\/a><\/div>\n\t<div class=\"entry-excerpt\"><p>A Prefeitura fechou um ponto usado para despejo irregular de entulho na Rua Arnaldo de Azevedo, no Alto da Serra, no trecho ao lado da antiga F\u00e1brica Dona Isabel. A a\u00e7\u00e3o aconteceu na manh\u00e3 desta sexta-feira (03\/10) com as equipes da Comdep e da Secretaria de Obras. Na tarde de quinta-feira (02\/10), a Comdep j\u00e1&hellip;<\/p>\n<\/div>\n\t\n<a href=\"https:\/\/comdep.com.br\/?p=17664\" class=\"post-details details-type-link\" aria-label=\"Read more about Prefeitura fecha ponto usado para despejo clandestino de entulho no Alto da Serra\">Read more<i class=\"dt-icon-the7-arrow-03\" aria-hidden=\"true\"><\/i><\/a>\n\n<\/div><\/article><article class=\"post project-odd visible no-img post-17662 type-post status-publish format-standard hentry category-home category-1 description-off\" data-name=\"Petr\u00f3polis do Bem bate recorde de atendimentos no Quitandinha\" data-date=\"2025-10-07T10:55:49-03:00\">\n\n<div class=\"post-entry-content\">\n\n\t<h3 class=\"entry-title\">\n\t\t<a href=\"https:\/\/comdep.com.br\/?p=17662\" title=\"Petr\u00f3polis do Bem bate recorde de atendimentos no Quitandinha\" rel=\"bookmark\">Petr\u00f3polis do Bem bate recorde de atendimentos no Quitandinha<\/a>\n\t<\/h3>\n\n\t<div class=\"entry-meta\"><a href=\"https:\/\/comdep.com.br\/?m=20251007\" title=\"10:55\" class=\"data-link\" rel=\"bookmark\"><time class=\"entry-date updated\" datetime=\"2025-10-07T10:55:49-03:00\">07\/10\/2025<\/time><\/a><\/div>\n\t<div class=\"entry-excerpt\"><p>A 5\u00aa edi\u00e7\u00e3o do Petr\u00f3polis do Bem, realizada neste s\u00e1bado (04\/10) na Escola Municipal Stefan Zweig, no Quitandinha, realizou 997 atendimentos \u00e0 popula\u00e7\u00e3o. O programa da Prefeitura re\u00fane secretarias municipais, entidades parceiras e volunt\u00e1rias para oferecer servi\u00e7os de forma mais acess\u00edvel e f\u00e1cil. O programa j\u00e1 passou por Cascatinha, Independ\u00eancia, Mosela e Corr\u00eaas e, desde&hellip;<\/p>\n<\/div>\n\t\n<a href=\"https:\/\/comdep.com.br\/?p=17662\" class=\"post-details details-type-link\" aria-label=\"Read more about Petr\u00f3polis do Bem bate recorde de atendimentos no Quitandinha\">Read more<i class=\"dt-icon-the7-arrow-03\" aria-hidden=\"true\"><\/i><\/a>\n\n<\/div><\/article><article class=\"post project-odd visible post-17581 type-post status-publish format-standard has-post-thumbnail hentry category-home category-1 description-off\" data-name=\"Festival Paral\u00edmpico em Petr\u00f3polis promove inclus\u00e3o para 345 crian\u00e7as e jovens\" data-date=\"2025-09-29T16:41:07-03:00\">\n\n<div class=\"post-thumbnail-wrap\">\n\t<div class=\"post-thumbnail\">\n\n\t\t\n\t\t\n\t\t<a href=\"https:\/\/comdep.com.br\/?p=17581\" class=\"post-thumbnail-rollover layzr-bg layzr-bg\" ><img decoding=\"async\" class=\"blog-thumb-lazy-load preload-me lazy-load aspect\" src=\"data:image\/svg+xml,%3Csvg%20xmlns%3D&#39;http%3A%2F%2Fwww.w3.org%2F2000%2Fsvg&#39;%20viewBox%3D&#39;0%200%20768%20512&#39;%2F%3E\" data-src=\"https:\/\/comdep.com.br\/wp-content\/uploads\/2025\/09\/a-paralimpico-768x512.jpg\" data-srcset=\"https:\/\/comdep.com.br\/wp-content\/uploads\/2025\/09\/a-paralimpico-768x512.jpg 768w, https:\/\/comdep.com.br\/wp-content\/uploads\/2025\/09\/a-paralimpico-900x599.jpg 900w\" loading=\"eager\" style=\"--ratio: 768 \/ 512\" sizes=\"(max-width: 768px) 100vw, 768px\" alt=\"\" title=\"a paralimpico\" width=\"768\" height=\"512\"  \/><\/a>\n\t<\/div>\n<\/div>\n\n\n<div class=\"post-entry-content\">\n\n\t<h3 class=\"entry-title\">\n\t\t<a href=\"https:\/\/comdep.com.br\/?p=17581\" title=\"Festival Paral\u00edmpico em Petr\u00f3polis promove inclus\u00e3o para 345 crian\u00e7as e jovens\" rel=\"bookmark\">Festival Paral\u00edmpico em Petr\u00f3polis promove inclus\u00e3o para 345 crian\u00e7as e jovens<\/a>\n\t<\/h3>\n\n\t<div class=\"entry-meta\"><a href=\"https:\/\/comdep.com.br\/?m=20250929\" title=\"16:41\" class=\"data-link\" rel=\"bookmark\"><time class=\"entry-date updated\" datetime=\"2025-09-29T16:41:07-03:00\">29\/09\/2025<\/time><\/a><\/div>\n\t<div class=\"entry-excerpt\"><p>O evento, realizado no 32\u00ba Batalh\u00e3o de Infantaria Leve de Montanha, teve capoeira, atletismo, pickleball e muita atividade em fam\u00edlia A segunda edi\u00e7\u00e3o de 2025 do Festival Paral\u00edmpico em Petr\u00f3polis foi um sucesso. Promovido pelo Comit\u00ea Paral\u00edmpico Brasileiro e pela Caixa, com apoio da Prefeitura de Petr\u00f3polis, o festival foi realizado neste s\u00e1bado (20\/09) e&hellip;<\/p>\n<\/div>\n\t\n<a href=\"https:\/\/comdep.com.br\/?p=17581\" class=\"post-details details-type-link\" aria-label=\"Read more about Festival Paral\u00edmpico em Petr\u00f3polis promove inclus\u00e3o para 345 crian\u00e7as e jovens\">Read more<i class=\"dt-icon-the7-arrow-03\" aria-hidden=\"true\"><\/i><\/a>\n\n<\/div><\/article><article class=\"post project-odd visible no-img post-17579 type-post status-publish format-standard hentry category-home category-1 description-off\" data-name=\"Parque Cremerie recebe o evento Caminhos da Vida \u2013 Setembro Amarelo e Meio Ambiente\" data-date=\"2025-09-29T16:39:49-03:00\">\n\n<div class=\"post-entry-content\">\n\n\t<h3 class=\"entry-title\">\n\t\t<a href=\"https:\/\/comdep.com.br\/?p=17579\" title=\"Parque Cremerie recebe o evento Caminhos da Vida \u2013 Setembro Amarelo e Meio Ambiente\" rel=\"bookmark\">Parque Cremerie recebe o evento Caminhos da Vida \u2013 Setembro Amarelo e Meio Ambiente<\/a>\n\t<\/h3>\n\n\t<div class=\"entry-meta\"><a href=\"https:\/\/comdep.com.br\/?m=20250929\" title=\"16:39\" class=\"data-link\" rel=\"bookmark\"><time class=\"entry-date updated\" datetime=\"2025-09-29T16:39:49-03:00\">29\/09\/2025<\/time><\/a><\/div>\n\t<div class=\"entry-excerpt\"><p>O Parque Cremerie ser\u00e1 palco, neste s\u00e1bado (27\/09), das 10h \u00e0s 17h, do \u201cCaminhos da Vida \u2013 Setembro Amarelo e Meio Ambiente\u201d, que encerra a programa\u00e7\u00e3o do Setembro Amarelo em Petr\u00f3polis. Promovido pela Prefeitura, o evento gratuito vai reunir servi\u00e7os de sa\u00fade, oficinas, cultura, lazer e atividades para todas as idades. A Secretaria de Meio&hellip;<\/p>\n<\/div>\n\t\n<a href=\"https:\/\/comdep.com.br\/?p=17579\" class=\"post-details details-type-link\" aria-label=\"Read more about Parque Cremerie recebe o evento Caminhos da Vida \u2013 Setembro Amarelo e Meio Ambiente\">Read more<i class=\"dt-icon-the7-arrow-03\" aria-hidden=\"true\"><\/i><\/a>\n\n<\/div><\/article><article class=\"post project-odd visible no-img post-17577 type-post status-publish format-standard hentry category-home category-1 description-off\" data-name=\"Petr\u00f3polis se prepara para o Outubro Rosa, campanha de preven\u00e7\u00e3o ao c\u00e2ncer de mama\" data-date=\"2025-09-29T16:39:11-03:00\">\n\n<div class=\"post-entry-content\">\n\n\t<h3 class=\"entry-title\">\n\t\t<a href=\"https:\/\/comdep.com.br\/?p=17577\" title=\"Petr\u00f3polis se prepara para o Outubro Rosa, campanha de preven\u00e7\u00e3o ao c\u00e2ncer de mama\" rel=\"bookmark\">Petr\u00f3polis se prepara para o Outubro Rosa, campanha de preven\u00e7\u00e3o ao c\u00e2ncer de mama<\/a>\n\t<\/h3>\n\n\t<div class=\"entry-meta\"><a href=\"https:\/\/comdep.com.br\/?m=20250929\" title=\"16:39\" class=\"data-link\" rel=\"bookmark\"><time class=\"entry-date updated\" datetime=\"2025-09-29T16:39:11-03:00\">29\/09\/2025<\/time><\/a><\/div>\n\t<div class=\"entry-excerpt\"><p>Programa\u00e7\u00e3o inclui simp\u00f3sio, Dia D de preven\u00e7\u00e3o, caminhada, baile rosa e outras a\u00e7\u00f5es em diversos pontos da cidade Petr\u00f3polis j\u00e1 se prepara para a programa\u00e7\u00e3o do Outubro Rosa 2025, campanha de preven\u00e7\u00e3o ao c\u00e2ncer de mama, organizada pela Prefeitura e a Associa\u00e7\u00e3o Petropolitana de Pacientes Oncol\u00f3gicos (APPO). Com o tema \u201cCuidados Paliativos: cada momento conta,&hellip;<\/p>\n<\/div>\n\t\n<a href=\"https:\/\/comdep.com.br\/?p=17577\" class=\"post-details details-type-link\" aria-label=\"Read more about Petr\u00f3polis se prepara para o Outubro Rosa, campanha de preven\u00e7\u00e3o ao c\u00e2ncer de mama\">Read more<i class=\"dt-icon-the7-arrow-03\" aria-hidden=\"true\"><\/i><\/a>\n\n<\/div><\/article><article class=\"post project-odd visible post-17574 type-post status-publish format-standard has-post-thumbnail hentry category-home category-1 description-off\" data-name=\"CIPA da Comdep define titulares e suplentes para 2025\/2026\" data-date=\"2025-09-29T16:36:30-03:00\">\n\n<div class=\"post-thumbnail-wrap\">\n\t<div class=\"post-thumbnail\">\n\n\t\t\n\t\t\n\t\t<a href=\"https:\/\/comdep.com.br\/?p=17574\" class=\"post-thumbnail-rollover layzr-bg layzr-bg\" ><img decoding=\"async\" class=\"blog-thumb-lazy-load preload-me lazy-load aspect\" src=\"data:image\/svg+xml,%3Csvg%20xmlns%3D&#39;http%3A%2F%2Fwww.w3.org%2F2000%2Fsvg&#39;%20viewBox%3D&#39;0%200%20768%20512&#39;%2F%3E\" data-src=\"https:\/\/comdep.com.br\/wp-content\/uploads\/2025\/09\/cipa-768x512.jpeg\" data-srcset=\"https:\/\/comdep.com.br\/wp-content\/uploads\/2025\/09\/cipa-768x512.jpeg 768w, https:\/\/comdep.com.br\/wp-content\/uploads\/2025\/09\/cipa-1025x683.jpeg 1025w\" loading=\"eager\" style=\"--ratio: 768 \/ 512\" sizes=\"(max-width: 768px) 100vw, 768px\" alt=\"\" title=\"cipa\" width=\"768\" height=\"512\"  \/><\/a>\n\t<\/div>\n<\/div>\n\n\n<div class=\"post-entry-content\">\n\n\t<h3 class=\"entry-title\">\n\t\t<a href=\"https:\/\/comdep.com.br\/?p=17574\" title=\"CIPA da Comdep define titulares e suplentes para 2025\/2026\" rel=\"bookmark\">CIPA da Comdep define titulares e suplentes para 2025\/2026<\/a>\n\t<\/h3>\n\n\t<div class=\"entry-meta\"><a href=\"https:\/\/comdep.com.br\/?m=20250929\" title=\"16:36\" class=\"data-link\" rel=\"bookmark\"><time class=\"entry-date updated\" datetime=\"2025-09-29T16:36:30-03:00\">29\/09\/2025<\/time><\/a><\/div>\n\t<div class=\"entry-excerpt\"><p>As elei\u00e7\u00f5es para a Comiss\u00e3o Interna de Preven\u00e7\u00e3o de Acidentes (CIPA) \u2013 gest\u00e3o 2025\/2026 \u2013 foram realizadas nos dias 15, 16 e 17 de setembro, reunindo os servidores em um processo democr\u00e1tico para a escolha de seus representantes. A vota\u00e7\u00e3o definiu os membros titulares e suplentes que ir\u00e3o atuar ao longo do pr\u00f3ximo mandato, refor\u00e7ando&hellip;<\/p>\n<\/div>\n\t\n<a href=\"https:\/\/comdep.com.br\/?p=17574\" class=\"post-details details-type-link\" aria-label=\"Read more about CIPA da Comdep define titulares e suplentes para 2025\/2026\">Read more<i class=\"dt-icon-the7-arrow-03\" aria-hidden=\"true\"><\/i><\/a>\n\n<\/div><\/article><article class=\"post project-odd visible post-17553 type-post status-publish format-standard has-post-thumbnail hentry category-home category-1 description-off\" data-name=\"Reuni\u00e3o refor\u00e7a integra\u00e7\u00e3o para agilizar atendimentos em ocorr\u00eancias com \u00e1rvores\" data-date=\"2025-09-23T10:37:20-03:00\">\n\n<div class=\"post-thumbnail-wrap\">\n\t<div class=\"post-thumbnail\">\n\n\t\t\n\t\t\n\t\t<a href=\"https:\/\/comdep.com.br\/?p=17553\" class=\"post-thumbnail-rollover layzr-bg layzr-bg\" ><img decoding=\"async\" class=\"blog-thumb-lazy-load preload-me lazy-load aspect\" src=\"data:image\/svg+xml,%3Csvg%20xmlns%3D&#39;http%3A%2F%2Fwww.w3.org%2F2000%2Fsvg&#39;%20viewBox%3D&#39;0%200%20768%20512&#39;%2F%3E\" data-src=\"https:\/\/comdep.com.br\/wp-content\/uploads\/2025\/09\/arvores-01-768x512.jpg\" data-srcset=\"https:\/\/comdep.com.br\/wp-content\/uploads\/2025\/09\/arvores-01-768x512.jpg 768w, https:\/\/comdep.com.br\/wp-content\/uploads\/2025\/09\/arvores-01-1200x799.jpg 1200w\" loading=\"eager\" style=\"--ratio: 768 \/ 512\" sizes=\"(max-width: 768px) 100vw, 768px\" alt=\"\" title=\"arvores 01\" width=\"768\" height=\"512\"  \/><\/a>\n\t<\/div>\n<\/div>\n\n\n<div class=\"post-entry-content\">\n\n\t<h3 class=\"entry-title\">\n\t\t<a href=\"https:\/\/comdep.com.br\/?p=17553\" title=\"Reuni\u00e3o refor\u00e7a integra\u00e7\u00e3o para agilizar atendimentos em ocorr\u00eancias com \u00e1rvores\" rel=\"bookmark\">Reuni\u00e3o refor\u00e7a integra\u00e7\u00e3o para agilizar atendimentos em ocorr\u00eancias com \u00e1rvores<\/a>\n\t<\/h3>\n\n\t<div class=\"entry-meta\"><a href=\"https:\/\/comdep.com.br\/?m=20250923\" title=\"10:37\" class=\"data-link\" rel=\"bookmark\"><time class=\"entry-date updated\" datetime=\"2025-09-23T10:37:20-03:00\">23\/09\/2025<\/time><\/a><\/div>\n\t<div class=\"entry-excerpt\"><p>Representantes da Prefeitura se reuniram com o Corpo de Bombeiros para alinhar procedimentos e refor\u00e7ar a integra\u00e7\u00e3o entre os \u00f3rg\u00e3os em casos de quedas de \u00e1rvores e situa\u00e7\u00f5es de emerg\u00eancia. O encontro contou com a participa\u00e7\u00e3o de equipes da Comdep e das secretarias de Prote\u00e7\u00e3o e Defesa Civil e de Meio Ambiente. A integra\u00e7\u00e3o \u00e9&hellip;<\/p>\n<\/div>\n\t\n<a href=\"https:\/\/comdep.com.br\/?p=17553\" class=\"post-details details-type-link\" aria-label=\"Read more about Reuni\u00e3o refor\u00e7a integra\u00e7\u00e3o para agilizar atendimentos em ocorr\u00eancias com \u00e1rvores\">Read more<i class=\"dt-icon-the7-arrow-03\" aria-hidden=\"true\"><\/i><\/a>\n\n<\/div><\/article><article class=\"post project-odd visible post-17550 type-post status-publish format-standard has-post-thumbnail hentry category-home category-1 description-off\" data-name=\"Festival Paral\u00edmpico em Petr\u00f3polis promove inclus\u00e3o para 345 crian\u00e7as e jovens\" data-date=\"2025-09-23T10:12:52-03:00\">\n\n<div class=\"post-thumbnail-wrap\">\n\t<div class=\"post-thumbnail\">\n\n\t\t\n\t\t\n\t\t<a href=\"https:\/\/comdep.com.br\/?p=17550\" class=\"post-thumbnail-rollover layzr-bg layzr-bg\" ><img decoding=\"async\" class=\"blog-thumb-lazy-load preload-me lazy-load aspect\" src=\"data:image\/svg+xml,%3Csvg%20xmlns%3D&#39;http%3A%2F%2Fwww.w3.org%2F2000%2Fsvg&#39;%20viewBox%3D&#39;0%200%20768%20512&#39;%2F%3E\" data-src=\"https:\/\/comdep.com.br\/wp-content\/uploads\/2025\/09\/02-paralimpico-768x512.jpg\" data-srcset=\"https:\/\/comdep.com.br\/wp-content\/uploads\/2025\/09\/02-paralimpico-768x512.jpg 768w, https:\/\/comdep.com.br\/wp-content\/uploads\/2025\/09\/02-paralimpico-900x599.jpg 900w\" loading=\"eager\" style=\"--ratio: 768 \/ 512\" sizes=\"(max-width: 768px) 100vw, 768px\" alt=\"\" title=\"02 paralimpico\" width=\"768\" height=\"512\"  \/><\/a>\n\t<\/div>\n<\/div>\n\n\n<div class=\"post-entry-content\">\n\n\t<h3 class=\"entry-title\">\n\t\t<a href=\"https:\/\/comdep.com.br\/?p=17550\" title=\"Festival Paral\u00edmpico em Petr\u00f3polis promove inclus\u00e3o para 345 crian\u00e7as e jovens\" rel=\"bookmark\">Festival Paral\u00edmpico em Petr\u00f3polis promove inclus\u00e3o para 345 crian\u00e7as e jovens<\/a>\n\t<\/h3>\n\n\t<div class=\"entry-meta\"><a href=\"https:\/\/comdep.com.br\/?m=20250923\" title=\"10:12\" class=\"data-link\" rel=\"bookmark\"><time class=\"entry-date updated\" datetime=\"2025-09-23T10:12:52-03:00\">23\/09\/2025<\/time><\/a><\/div>\n\t<div class=\"entry-excerpt\"><p>O evento, realizado no 32\u00ba Batalh\u00e3o de Infantaria Leve de Montanha, teve capoeira, atletismo, pickleball e muita atividade em fam\u00edlia A segunda edi\u00e7\u00e3o de 2025 do Festival Paral\u00edmpico em Petr\u00f3polis foi um sucesso. Promovido pelo Comit\u00ea Paral\u00edmpico Brasileiro e pela Caixa, com apoio da Prefeitura de Petr\u00f3polis, o festival foi realizado neste s\u00e1bado (20\/09) e&hellip;<\/p>\n<\/div>\n\t\n<a href=\"https:\/\/comdep.com.br\/?p=17550\" class=\"post-details details-type-link\" aria-label=\"Read more about Festival Paral\u00edmpico em Petr\u00f3polis promove inclus\u00e3o para 345 crian\u00e7as e jovens\">Read more<i class=\"dt-icon-the7-arrow-03\" aria-hidden=\"true\"><\/i><\/a>\n\n<\/div><\/article><article class=\"post project-odd visible post-17526 type-post status-publish format-standard has-post-thumbnail hentry category-home category-1 description-off\" data-name=\"Dez coletoras de res\u00edduos domiciliares s\u00e3o incendiadas em Petr\u00f3polis em 2025\" data-date=\"2025-09-18T11:52:34-03:00\">\n\n<div class=\"post-thumbnail-wrap\">\n\t<div class=\"post-thumbnail\">\n\n\t\t\n\t\t\n\t\t<a href=\"https:\/\/comdep.com.br\/?p=17526\" class=\"post-thumbnail-rollover layzr-bg layzr-bg\" ><img decoding=\"async\" class=\"blog-thumb-lazy-load preload-me lazy-load aspect\" src=\"data:image\/svg+xml,%3Csvg%20xmlns%3D&#39;http%3A%2F%2Fwww.w3.org%2F2000%2Fsvg&#39;%20viewBox%3D&#39;0%200%20768%20512&#39;%2F%3E\" data-src=\"https:\/\/comdep.com.br\/wp-content\/uploads\/2025\/09\/leixeiras-juntas-768x512.png\" data-srcset=\"https:\/\/comdep.com.br\/wp-content\/uploads\/2025\/09\/leixeiras-juntas-768x512.png 768w, https:\/\/comdep.com.br\/wp-content\/uploads\/2025\/09\/leixeiras-juntas-1306x870.png 1306w\" loading=\"eager\" style=\"--ratio: 768 \/ 512\" sizes=\"(max-width: 768px) 100vw, 768px\" alt=\"\" title=\"leixeiras juntas\" width=\"768\" height=\"512\"  \/><\/a>\n\t<\/div>\n<\/div>\n\n\n<div class=\"post-entry-content\">\n\n\t<h3 class=\"entry-title\">\n\t\t<a href=\"https:\/\/comdep.com.br\/?p=17526\" title=\"Dez coletoras de res\u00edduos domiciliares s\u00e3o incendiadas em Petr\u00f3polis em 2025\" rel=\"bookmark\">Dez coletoras de res\u00edduos domiciliares s\u00e3o incendiadas em Petr\u00f3polis em 2025<\/a>\n\t<\/h3>\n\n\t<div class=\"entry-meta\"><a href=\"https:\/\/comdep.com.br\/?m=20250918\" title=\"11:52\" class=\"data-link\" rel=\"bookmark\"><time class=\"entry-date updated\" datetime=\"2025-09-18T11:52:34-03:00\">18\/09\/2025<\/time><\/a><\/div>\n\t<div class=\"entry-excerpt\"><p>Mais duas lixeiras de descarte de res\u00edduos domiciliares foram incendiadas em Petr\u00f3polis. Dessa vez, as coletoras estavam instaladas na Rua Bernardo Vasconcelos, n\u00ba 498, em frente \u00e0 entrada da Rua Paulo Rudge, no Cascatinha. Os equipamentos, novos, haviam sido instalados no dia 7 de maio. A Prefeitura, por meio da Companhia Municipal de Desenvolvimento de&hellip;<\/p>\n<\/div>\n\t\n<a href=\"https:\/\/comdep.com.br\/?p=17526\" class=\"post-details details-type-link\" aria-label=\"Read more about Dez coletoras de res\u00edduos domiciliares s\u00e3o incendiadas em Petr\u00f3polis em 2025\">Read more<i class=\"dt-icon-the7-arrow-03\" aria-hidden=\"true\"><\/i><\/a>\n\n<\/div><\/article><article class=\"post project-odd visible post-17523 type-post status-publish format-standard has-post-thumbnail hentry category-home category-1 description-off\" data-name=\"Parceria entre Prefeitura e INcluir Petr\u00f3polis recolhe 2.650 litros de \u00f3leo de cozinha usados\" data-date=\"2025-09-18T11:22:32-03:00\">\n\n<div class=\"post-thumbnail-wrap\">\n\t<div class=\"post-thumbnail\">\n\n\t\t\n\t\t\n\t\t<a href=\"https:\/\/comdep.com.br\/?p=17523\" class=\"post-thumbnail-rollover layzr-bg layzr-bg\" ><img decoding=\"async\" class=\"blog-thumb-lazy-load preload-me lazy-load aspect\" src=\"data:image\/svg+xml,%3Csvg%20xmlns%3D&#39;http%3A%2F%2Fwww.w3.org%2F2000%2Fsvg&#39;%20viewBox%3D&#39;0%200%20768%20512&#39;%2F%3E\" data-src=\"https:\/\/comdep.com.br\/wp-content\/uploads\/2025\/09\/000111-768x512.jpg\" data-srcset=\"https:\/\/comdep.com.br\/wp-content\/uploads\/2025\/09\/000111-768x512.jpg 768w, https:\/\/comdep.com.br\/wp-content\/uploads\/2025\/09\/000111-1080x720.jpg 1080w\" loading=\"eager\" style=\"--ratio: 768 \/ 512\" sizes=\"(max-width: 768px) 100vw, 768px\" alt=\"\" title=\"000111\" width=\"768\" height=\"512\"  \/><\/a>\n\t<\/div>\n<\/div>\n\n\n<div class=\"post-entry-content\">\n\n\t<h3 class=\"entry-title\">\n\t\t<a href=\"https:\/\/comdep.com.br\/?p=17523\" title=\"Parceria entre Prefeitura e INcluir Petr\u00f3polis recolhe 2.650 litros de \u00f3leo de cozinha usados\" rel=\"bookmark\">Parceria entre Prefeitura e INcluir Petr\u00f3polis recolhe 2.650 litros de \u00f3leo de cozinha usados<\/a>\n\t<\/h3>\n\n\t<div class=\"entry-meta\"><a href=\"https:\/\/comdep.com.br\/?m=20250918\" title=\"11:22\" class=\"data-link\" rel=\"bookmark\"><time class=\"entry-date updated\" datetime=\"2025-09-18T11:22:32-03:00\">18\/09\/2025<\/time><\/a><\/div>\n\t<div class=\"entry-excerpt\"><p>Medida impediu o descarte indevido na rede de esgoto e preveniu a contamina\u00e7\u00e3o de mais de 26 piscinas ol\u00edmpicas de \u00e1gua A parceria entre a Prefeitura e o projeto INcluir Petr\u00f3polis recolheu entre mar\u00e7o e setembro deste ano, 2.650 litros de \u00f3leo de cozinha usados. A medida impediu o descarte indevido do material na rede&hellip;<\/p>\n<\/div>\n\t\n<a href=\"https:\/\/comdep.com.br\/?p=17523\" class=\"post-details details-type-link\" aria-label=\"Read more about Parceria entre Prefeitura e INcluir Petr\u00f3polis recolhe 2.650 litros de \u00f3leo de cozinha usados\">Read more<i class=\"dt-icon-the7-arrow-03\" aria-hidden=\"true\"><\/i><\/a>\n\n<\/div><\/article><article class=\"post project-odd visible no-img post-17521 type-post status-publish format-standard hentry category-home category-1 description-off\" data-name=\"Petr\u00f3polis solicita inclus\u00e3o no Programa Estadual de Destina\u00e7\u00e3o de \u00d3leos Vegetais\" data-date=\"2025-09-18T11:20:22-03:00\">\n\n<div class=\"post-entry-content\">\n\n\t<h3 class=\"entry-title\">\n\t\t<a href=\"https:\/\/comdep.com.br\/?p=17521\" title=\"Petr\u00f3polis solicita inclus\u00e3o no Programa Estadual de Destina\u00e7\u00e3o de \u00d3leos Vegetais\" rel=\"bookmark\">Petr\u00f3polis solicita inclus\u00e3o no Programa Estadual de Destina\u00e7\u00e3o de \u00d3leos Vegetais<\/a>\n\t<\/h3>\n\n\t<div class=\"entry-meta\"><a href=\"https:\/\/comdep.com.br\/?m=20250918\" title=\"11:20\" class=\"data-link\" rel=\"bookmark\"><time class=\"entry-date updated\" datetime=\"2025-09-18T11:20:22-03:00\">18\/09\/2025<\/time><\/a><\/div>\n\t<div class=\"entry-excerpt\"><p>A Prefeitura encaminhou um pedido oficial \u00e0 Secretaria de Estado de Ambiente e Sustentabilidade, por meio do Instituto Estadual do Ambiente (Inea), para ser inclu\u00eddo no Programa Estadual de Destina\u00e7\u00e3o de \u00d3leos Vegetais (PROVE+D). O documento foi enviado pela Companhia Municipal de Desenvolvimento de Petr\u00f3polis (Comdep), na \u00faltima quinta-feira (11\/09). O recolhimento de \u00f3leo de&hellip;<\/p>\n<\/div>\n\t\n<a href=\"https:\/\/comdep.com.br\/?p=17521\" class=\"post-details details-type-link\" aria-label=\"Read more about Petr\u00f3polis solicita inclus\u00e3o no Programa Estadual de Destina\u00e7\u00e3o de \u00d3leos Vegetais\">Read more<i class=\"dt-icon-the7-arrow-03\" aria-hidden=\"true\"><\/i><\/a>\n\n<\/div><\/article><article class=\"post project-odd visible post-17507 type-post status-publish format-standard has-post-thumbnail hentry category-home category-1 description-off\" data-name=\"Teatro de fantoches da Comdep leva educa\u00e7\u00e3o ambiental para crian\u00e7as de Petr\u00f3polis\" data-date=\"2025-09-12T15:33:32-03:00\">\n\n<div class=\"post-thumbnail-wrap\">\n\t<div class=\"post-thumbnail\">\n\n\t\t\n\t\t\n\t\t<a href=\"https:\/\/comdep.com.br\/?p=17507\" class=\"post-thumbnail-rollover layzr-bg layzr-bg\" ><img decoding=\"async\" class=\"blog-thumb-lazy-load preload-me lazy-load aspect\" src=\"data:image\/svg+xml,%3Csvg%20xmlns%3D&#39;http%3A%2F%2Fwww.w3.org%2F2000%2Fsvg&#39;%20viewBox%3D&#39;0%200%20768%20512&#39;%2F%3E\" data-src=\"https:\/\/comdep.com.br\/wp-content\/uploads\/2025\/09\/WhatsApp-Image-2025-09-12-at-14.14.42-1-768x512.jpeg\" data-srcset=\"https:\/\/comdep.com.br\/wp-content\/uploads\/2025\/09\/WhatsApp-Image-2025-09-12-at-14.14.42-1-768x512.jpeg 768w, https:\/\/comdep.com.br\/wp-content\/uploads\/2025\/09\/WhatsApp-Image-2025-09-12-at-14.14.42-1-1145x762.jpeg 1145w\" loading=\"eager\" style=\"--ratio: 768 \/ 512\" sizes=\"(max-width: 768px) 100vw, 768px\" alt=\"\" title=\"WhatsApp Image 2025-09-12 at 14.14.42 (1)\" width=\"768\" height=\"512\"  \/><\/a>\n\t<\/div>\n<\/div>\n\n\n<div class=\"post-entry-content\">\n\n\t<h3 class=\"entry-title\">\n\t\t<a href=\"https:\/\/comdep.com.br\/?p=17507\" title=\"Teatro de fantoches da Comdep leva educa\u00e7\u00e3o ambiental para crian\u00e7as de Petr\u00f3polis\" rel=\"bookmark\">Teatro de fantoches da Comdep leva educa\u00e7\u00e3o ambiental para crian\u00e7as de Petr\u00f3polis<\/a>\n\t<\/h3>\n\n\t<div class=\"entry-meta\"><a href=\"https:\/\/comdep.com.br\/?m=20250912\" title=\"15:33\" class=\"data-link\" rel=\"bookmark\"><time class=\"entry-date updated\" datetime=\"2025-09-12T15:33:32-03:00\">12\/09\/2025<\/time><\/a><\/div>\n\t<div class=\"entry-excerpt\"><p>Com o objetivo de despertar, desde cedo, a consci\u00eancia ambiental nas novas gera\u00e7\u00f5es, a Companhia Municipal de Desenvolvimento de Petr\u00f3polis (Comdep) criou um teatro de fantoches voltado para o quarto e quinto per\u00edodo da Educa\u00e7\u00e3o Infantil e o primeiro segmento do Ensino Fundamental. A iniciativa leva \u00e0s escolas p\u00fablicas e privadas, centros de Educa\u00e7\u00e3o Infantil&hellip;<\/p>\n<\/div>\n\t\n<a href=\"https:\/\/comdep.com.br\/?p=17507\" class=\"post-details details-type-link\" aria-label=\"Read more about Teatro de fantoches da Comdep leva educa\u00e7\u00e3o ambiental para crian\u00e7as de Petr\u00f3polis\">Read more<i class=\"dt-icon-the7-arrow-03\" aria-hidden=\"true\"><\/i><\/a>\n\n<\/div><\/article><article class=\"post project-odd visible post-17499 type-post status-publish format-standard has-post-thumbnail hentry category-home category-1 description-off\" data-name=\"Oito coletoras de res\u00edduos j\u00e1 foram incendiadas em 2025 em Petr\u00f3polis\" data-date=\"2025-09-10T11:20:17-03:00\">\n\n<div class=\"post-thumbnail-wrap\">\n\t<div class=\"post-thumbnail\">\n\n\t\t\n\t\t\n\t\t<a href=\"https:\/\/comdep.com.br\/?p=17499\" class=\"post-thumbnail-rollover layzr-bg layzr-bg\" ><img decoding=\"async\" class=\"blog-thumb-lazy-load preload-me lazy-load aspect\" src=\"data:image\/svg+xml,%3Csvg%20xmlns%3D&#39;http%3A%2F%2Fwww.w3.org%2F2000%2Fsvg&#39;%20viewBox%3D&#39;0%200%20768%20512&#39;%2F%3E\" data-src=\"https:\/\/comdep.com.br\/wp-content\/uploads\/2025\/09\/camcaba-fogo-768x512.jpg\" data-srcset=\"https:\/\/comdep.com.br\/wp-content\/uploads\/2025\/09\/camcaba-fogo-768x512.jpg 768w, https:\/\/comdep.com.br\/wp-content\/uploads\/2025\/09\/camcaba-fogo-1306x870.jpg 1306w\" loading=\"eager\" style=\"--ratio: 768 \/ 512\" sizes=\"(max-width: 768px) 100vw, 768px\" alt=\"\" title=\"camcaba fogo\" width=\"768\" height=\"512\"  \/><\/a>\n\t<\/div>\n<\/div>\n\n\n<div class=\"post-entry-content\">\n\n\t<h3 class=\"entry-title\">\n\t\t<a href=\"https:\/\/comdep.com.br\/?p=17499\" title=\"Oito coletoras de res\u00edduos j\u00e1 foram incendiadas em 2025 em Petr\u00f3polis\" rel=\"bookmark\">Oito coletoras de res\u00edduos j\u00e1 foram incendiadas em 2025 em Petr\u00f3polis<\/a>\n\t<\/h3>\n\n\t<div class=\"entry-meta\"><a href=\"https:\/\/comdep.com.br\/?m=20250910\" title=\"11:20\" class=\"data-link\" rel=\"bookmark\"><time class=\"entry-date updated\" datetime=\"2025-09-10T11:20:17-03:00\">10\/09\/2025<\/time><\/a><\/div>\n\t<div class=\"entry-excerpt\"><p>Mais dois casos de vandalismo contra o patrim\u00f4nio p\u00fablico foram registrados em Petr\u00f3polis. Coletoras de res\u00edduos domiciliares foram incendiadas na quinta-feira (04), na Rua Para\u00edba, no Quitandinha, e na Rua \u00c2ngelo Jo\u00e3o Brand, no Independ\u00eancia. Todas as ocorr\u00eancias foram registradas pela Comdep na Delegacia de Pol\u00edcia.Com esses epis\u00f3dios, chega a oito o n\u00famero de lixeiras&hellip;<\/p>\n<\/div>\n\t\n<a href=\"https:\/\/comdep.com.br\/?p=17499\" class=\"post-details details-type-link\" aria-label=\"Read more about Oito coletoras de res\u00edduos j\u00e1 foram incendiadas em 2025 em Petr\u00f3polis\">Read more<i class=\"dt-icon-the7-arrow-03\" aria-hidden=\"true\"><\/i><\/a>\n\n<\/div><\/article><article class=\"post project-odd visible post-17496 type-post status-publish format-standard has-post-thumbnail hentry category-home category-1 description-off\" data-name=\"Prefeitura garante coleta de \u00f3leo de cozinha e amplia a\u00e7\u00f5es de reciclagem nos grandes eventos\" data-date=\"2025-09-10T11:11:08-03:00\">\n\n<div class=\"post-thumbnail-wrap\">\n\t<div class=\"post-thumbnail\">\n\n\t\t\n\t\t\n\t\t<a href=\"https:\/\/comdep.com.br\/?p=17496\" class=\"post-thumbnail-rollover layzr-bg layzr-bg\" ><img decoding=\"async\" class=\"blog-thumb-lazy-load preload-me lazy-load aspect\" src=\"data:image\/svg+xml,%3Csvg%20xmlns%3D&#39;http%3A%2F%2Fwww.w3.org%2F2000%2Fsvg&#39;%20viewBox%3D&#39;0%200%20768%20512&#39;%2F%3E\" data-src=\"https:\/\/comdep.com.br\/wp-content\/uploads\/2025\/09\/cheng-768x512.jpg\" data-srcset=\"https:\/\/comdep.com.br\/wp-content\/uploads\/2025\/09\/cheng-768x512.jpg 768w, https:\/\/comdep.com.br\/wp-content\/uploads\/2025\/09\/cheng-900x599.jpg 900w\" loading=\"eager\" style=\"--ratio: 768 \/ 512\" sizes=\"(max-width: 768px) 100vw, 768px\" alt=\"\" title=\"cheng\" width=\"768\" height=\"512\"  \/><\/a>\n\t<\/div>\n<\/div>\n\n\n<div class=\"post-entry-content\">\n\n\t<h3 class=\"entry-title\">\n\t\t<a href=\"https:\/\/comdep.com.br\/?p=17496\" title=\"Prefeitura garante coleta de \u00f3leo de cozinha e amplia a\u00e7\u00f5es de reciclagem nos grandes eventos\" rel=\"bookmark\">Prefeitura garante coleta de \u00f3leo de cozinha e amplia a\u00e7\u00f5es de reciclagem nos grandes eventos<\/a>\n\t<\/h3>\n\n\t<div class=\"entry-meta\"><a href=\"https:\/\/comdep.com.br\/?m=20250910\" title=\"11:11\" class=\"data-link\" rel=\"bookmark\"><time class=\"entry-date updated\" datetime=\"2025-09-10T11:11:08-03:00\">10\/09\/2025<\/time><\/a><\/div>\n\t<div class=\"entry-excerpt\"><p>A Prefeitura vai assegurar a destina\u00e7\u00e3o correta de res\u00edduos em dois grandes eventos do munic\u00edpio: a Serra Serata, no Pal\u00e1cio de Cristal, e a Oktoberfest, no Parque Municipal Prefeito Paulo Rattes, em Itaipava. Al\u00e9m da coleta seletiva de res\u00edduos realizada pela Comdep, os eventos contar\u00e3o com a coleta de \u00f3leo de cozinha usado, em parceria&hellip;<\/p>\n<\/div>\n\t\n<a href=\"https:\/\/comdep.com.br\/?p=17496\" class=\"post-details details-type-link\" aria-label=\"Read more about Prefeitura garante coleta de \u00f3leo de cozinha e amplia a\u00e7\u00f5es de reciclagem nos grandes eventos\">Read more<i class=\"dt-icon-the7-arrow-03\" aria-hidden=\"true\"><\/i><\/a>\n\n<\/div><\/article><article class=\"post project-odd visible post-17435 type-post status-publish format-standard has-post-thumbnail hentry category-home category-1 description-off\" data-name=\"Comdep realiza troca de garrafas PET por vassouras ecol\u00f3gicas no Liceu Municipal Carlos Chagas\" data-date=\"2025-09-01T16:48:17-03:00\">\n\n<div class=\"post-thumbnail-wrap\">\n\t<div class=\"post-thumbnail\">\n\n\t\t\n\t\t\n\t\t<a href=\"https:\/\/comdep.com.br\/?p=17435\" class=\"post-thumbnail-rollover layzr-bg layzr-bg\" ><img decoding=\"async\" class=\"blog-thumb-lazy-load preload-me lazy-load aspect\" src=\"data:image\/svg+xml,%3Csvg%20xmlns%3D&#39;http%3A%2F%2Fwww.w3.org%2F2000%2Fsvg&#39;%20viewBox%3D&#39;0%200%20768%20512&#39;%2F%3E\" data-src=\"https:\/\/comdep.com.br\/wp-content\/uploads\/2025\/09\/01-liceu-768x512.jpeg\" data-srcset=\"https:\/\/comdep.com.br\/wp-content\/uploads\/2025\/09\/01-liceu-768x512.jpeg 768w, https:\/\/comdep.com.br\/wp-content\/uploads\/2025\/09\/01-liceu-1080x720.jpeg 1080w\" loading=\"eager\" style=\"--ratio: 768 \/ 512\" sizes=\"(max-width: 768px) 100vw, 768px\" alt=\"\" title=\"01 liceu\" width=\"768\" height=\"512\"  \/><\/a>\n\t<\/div>\n<\/div>\n\n\n<div class=\"post-entry-content\">\n\n\t<h3 class=\"entry-title\">\n\t\t<a href=\"https:\/\/comdep.com.br\/?p=17435\" title=\"Comdep realiza troca de garrafas PET por vassouras ecol\u00f3gicas no Liceu Municipal Carlos Chagas\" rel=\"bookmark\">Comdep realiza troca de garrafas PET por vassouras ecol\u00f3gicas no Liceu Municipal Carlos Chagas<\/a>\n\t<\/h3>\n\n\t<div class=\"entry-meta\"><a href=\"https:\/\/comdep.com.br\/?m=20250901\" title=\"16:48\" class=\"data-link\" rel=\"bookmark\"><time class=\"entry-date updated\" datetime=\"2025-09-01T16:48:17-03:00\">01\/09\/2025<\/time><\/a><\/div>\n\t<div class=\"entry-excerpt\"><p>As equipes da Comdep estiveram, nesta segunda-feira (01\/09), no Liceu Municipal Carlos Chagas para mais uma a\u00e7\u00e3o de sustentabilidade e educa\u00e7\u00e3o ambiental. Desta vez, a visita teve como foco a troca de garrafas PET por vassouras ecol\u00f3gicas, produzidas no Centro de Triagem Anderson Manoel Palma, localizado no bairro Sim\u00e9ria.A iniciativa faz parte do programa de&hellip;<\/p>\n<\/div>\n\t\n<a href=\"https:\/\/comdep.com.br\/?p=17435\" class=\"post-details details-type-link\" aria-label=\"Read more about Comdep realiza troca de garrafas PET por vassouras ecol\u00f3gicas no Liceu Municipal Carlos Chagas\">Read more<i class=\"dt-icon-the7-arrow-03\" aria-hidden=\"true\"><\/i><\/a>\n\n<\/div><\/article><article class=\"post project-odd visible no-img post-17433 type-post status-publish format-standard hentry category-home category-1 description-off\" data-name=\"Comdep refor\u00e7a a\u00e7\u00f5es de sustentabilidade e inclus\u00e3o durante a Semana Nacional da Pessoa com Defici\u00eancia Intelectual e M\u00faltipla\" data-date=\"2025-09-01T15:34:30-03:00\">\n\n<div class=\"post-entry-content\">\n\n\t<h3 class=\"entry-title\">\n\t\t<a href=\"https:\/\/comdep.com.br\/?p=17433\" title=\"Comdep refor\u00e7a a\u00e7\u00f5es de sustentabilidade e inclus\u00e3o durante a Semana Nacional da Pessoa com Defici\u00eancia Intelectual e M\u00faltipla\" rel=\"bookmark\">Comdep refor\u00e7a a\u00e7\u00f5es de sustentabilidade e inclus\u00e3o durante a Semana Nacional da Pessoa com Defici\u00eancia Intelectual e M\u00faltipla<\/a>\n\t<\/h3>\n\n\t<div class=\"entry-meta\"><a href=\"https:\/\/comdep.com.br\/?m=20250901\" title=\"15:34\" class=\"data-link\" rel=\"bookmark\"><time class=\"entry-date updated\" datetime=\"2025-09-01T15:34:30-03:00\">01\/09\/2025<\/time><\/a><\/div>\n\t<div class=\"entry-excerpt\"><p>Sustentabilidade e inclus\u00e3o social foram os principais temas de uma reuni\u00e3o realizada entre a Comdep e o Projeto INcluir Petr\u00f3polis. O encontro teve como foco o programa Inclus\u00e3o e Res\u00edduos, que busca n\u00e3o apenas melhorar a destina\u00e7\u00e3o do \u00f3leo de cozinha usado na cidade, mas tamb\u00e9m promover a inclus\u00e3o de pessoas com defici\u00eancia intelectual e&hellip;<\/p>\n<\/div>\n\t\n<a href=\"https:\/\/comdep.com.br\/?p=17433\" class=\"post-details details-type-link\" aria-label=\"Read more about Comdep refor\u00e7a a\u00e7\u00f5es de sustentabilidade e inclus\u00e3o durante a Semana Nacional da Pessoa com Defici\u00eancia Intelectual e M\u00faltipla\">Read more<i class=\"dt-icon-the7-arrow-03\" aria-hidden=\"true\"><\/i><\/a>\n\n<\/div><\/article><article class=\"post project-odd visible post-17430 type-post status-publish format-standard has-post-thumbnail hentry category-home category-1 description-off\" data-name=\"Prefeitura participa do 2\u00ba Festival de Limpeza da Cachoeira da Rocinha com a\u00e7\u00f5es integradas de educa\u00e7\u00e3o ambiental e preserva\u00e7\u00e3o\" data-date=\"2025-09-01T15:33:18-03:00\">\n\n<div class=\"post-thumbnail-wrap\">\n\t<div class=\"post-thumbnail\">\n\n\t\t\n\t\t\n\t\t<a href=\"https:\/\/comdep.com.br\/?p=17430\" class=\"post-thumbnail-rollover layzr-bg layzr-bg\" ><img decoding=\"async\" class=\"blog-thumb-lazy-load preload-me lazy-load aspect\" src=\"data:image\/svg+xml,%3Csvg%20xmlns%3D&#39;http%3A%2F%2Fwww.w3.org%2F2000%2Fsvg&#39;%20viewBox%3D&#39;0%200%20768%20512&#39;%2F%3E\" data-src=\"https:\/\/comdep.com.br\/wp-content\/uploads\/2025\/09\/rocinha-limpeza-768x512.jpeg\" data-srcset=\"https:\/\/comdep.com.br\/wp-content\/uploads\/2025\/09\/rocinha-limpeza-768x512.jpeg 768w, https:\/\/comdep.com.br\/wp-content\/uploads\/2025\/09\/rocinha-limpeza-1198x798.jpeg 1198w\" loading=\"eager\" style=\"--ratio: 768 \/ 512\" sizes=\"(max-width: 768px) 100vw, 768px\" alt=\"\" title=\"rocinha limpeza\" width=\"768\" height=\"512\"  \/><\/a>\n\t<\/div>\n<\/div>\n\n\n<div class=\"post-entry-content\">\n\n\t<h3 class=\"entry-title\">\n\t\t<a href=\"https:\/\/comdep.com.br\/?p=17430\" title=\"Prefeitura participa do 2\u00ba Festival de Limpeza da Cachoeira da Rocinha com a\u00e7\u00f5es integradas de educa\u00e7\u00e3o ambiental e preserva\u00e7\u00e3o\" rel=\"bookmark\">Prefeitura participa do 2\u00ba Festival de Limpeza da Cachoeira da Rocinha com a\u00e7\u00f5es integradas de educa\u00e7\u00e3o ambiental e preserva\u00e7\u00e3o<\/a>\n\t<\/h3>\n\n\t<div class=\"entry-meta\"><a href=\"https:\/\/comdep.com.br\/?m=20250901\" title=\"15:33\" class=\"data-link\" rel=\"bookmark\"><time class=\"entry-date updated\" datetime=\"2025-09-01T15:33:18-03:00\">01\/09\/2025<\/time><\/a><\/div>\n\t<div class=\"entry-excerpt\"><p>A Prefeitura marcou presen\u00e7a no 2\u00ba Festival de Limpeza da Cachoeira da Rocinha, na manh\u00e3 desta sexta-feira (29\/08), por meio de uma a\u00e7\u00e3o integrada entre as secretarias municipais de Meio Ambiente, Educa\u00e7\u00e3o e de Prote\u00e7\u00e3o e Defesa Civil. O evento reuniu a Comdep, o ICMBio, o Instituto Estadual do Ambiente (Inea), equipes do Monumento Natural&hellip;<\/p>\n<\/div>\n\t\n<a href=\"https:\/\/comdep.com.br\/?p=17430\" class=\"post-details details-type-link\" aria-label=\"Read more about Prefeitura participa do 2\u00ba Festival de Limpeza da Cachoeira da Rocinha com a\u00e7\u00f5es integradas de educa\u00e7\u00e3o ambiental e preserva\u00e7\u00e3o\">Read more<i class=\"dt-icon-the7-arrow-03\" aria-hidden=\"true\"><\/i><\/a>\n\n<\/div><\/article><article class=\"post project-odd visible post-17427 type-post status-publish format-standard has-post-thumbnail hentry category-home category-1 description-off\" data-name=\"Idosos do Caxambu recebem a\u00e7\u00e3o da Comdep sobre coleta seletiva e meio ambiente\" data-date=\"2025-09-01T15:30:49-03:00\">\n\n<div class=\"post-thumbnail-wrap\">\n\t<div class=\"post-thumbnail\">\n\n\t\t\n\t\t\n\t\t<a href=\"https:\/\/comdep.com.br\/?p=17427\" class=\"post-thumbnail-rollover layzr-bg layzr-bg\" ><img decoding=\"async\" class=\"blog-thumb-lazy-load preload-me lazy-load aspect\" src=\"data:image\/svg+xml,%3Csvg%20xmlns%3D&#39;http%3A%2F%2Fwww.w3.org%2F2000%2Fsvg&#39;%20viewBox%3D&#39;0%200%20768%20512&#39;%2F%3E\" data-src=\"https:\/\/comdep.com.br\/wp-content\/uploads\/2025\/09\/20250828_090200-scaled-768x512.jpg\" data-srcset=\"https:\/\/comdep.com.br\/wp-content\/uploads\/2025\/09\/20250828_090200-scaled-768x512.jpg 768w, https:\/\/comdep.com.br\/wp-content\/uploads\/2025\/09\/20250828_090200-scaled-1306x870.jpg 1306w\" loading=\"eager\" style=\"--ratio: 768 \/ 512\" sizes=\"(max-width: 768px) 100vw, 768px\" alt=\"\" title=\"20250828_090200\" width=\"768\" height=\"512\"  \/><\/a>\n\t<\/div>\n<\/div>\n\n\n<div class=\"post-entry-content\">\n\n\t<h3 class=\"entry-title\">\n\t\t<a href=\"https:\/\/comdep.com.br\/?p=17427\" title=\"Idosos do Caxambu recebem a\u00e7\u00e3o da Comdep sobre coleta seletiva e meio ambiente\" rel=\"bookmark\">Idosos do Caxambu recebem a\u00e7\u00e3o da Comdep sobre coleta seletiva e meio ambiente<\/a>\n\t<\/h3>\n\n\t<div class=\"entry-meta\"><a href=\"https:\/\/comdep.com.br\/?m=20250901\" title=\"15:30\" class=\"data-link\" rel=\"bookmark\"><time class=\"entry-date updated\" datetime=\"2025-09-01T15:30:49-03:00\">01\/09\/2025<\/time><\/a><\/div>\n\t<div class=\"entry-excerpt\"><p>Idosos atendidos pela Unidade de Sa\u00fade da Fam\u00edlia (USF) do Caxambu, no Santa Isabel, receberam equipes da Comdep, que levaram orienta\u00e7\u00f5es sobre a import\u00e2ncia da coleta seletiva. A a\u00e7\u00e3o aconteceu na manh\u00e3 desta quinta-feira (28\/08). O encontro faz parte das atividades desenvolvidas com o grupo de idosos da USF, que se re\u00fane mensalmente para rodas&hellip;<\/p>\n<\/div>\n\t\n<a href=\"https:\/\/comdep.com.br\/?p=17427\" class=\"post-details details-type-link\" aria-label=\"Read more about Idosos do Caxambu recebem a\u00e7\u00e3o da Comdep sobre coleta seletiva e meio ambiente\">Read more<i class=\"dt-icon-the7-arrow-03\" aria-hidden=\"true\"><\/i><\/a>\n\n<\/div><\/article><article class=\"post project-odd visible post-17413 type-post status-publish format-standard has-post-thumbnail hentry category-home category-1 description-off\" data-name=\"Estudantes da E.M. Paulo Freire conhecem a primeira f\u00e1brica de vassouras ecol\u00f3gicas do estado\" data-date=\"2025-09-01T15:26:32-03:00\">\n\n<div class=\"post-thumbnail-wrap\">\n\t<div class=\"post-thumbnail\">\n\n\t\t\n\t\t\n\t\t<a href=\"https:\/\/comdep.com.br\/?p=17413\" class=\"post-thumbnail-rollover layzr-bg layzr-bg\" ><img decoding=\"async\" class=\"blog-thumb-lazy-load preload-me lazy-load aspect\" src=\"data:image\/svg+xml,%3Csvg%20xmlns%3D&#39;http%3A%2F%2Fwww.w3.org%2F2000%2Fsvg&#39;%20viewBox%3D&#39;0%200%20768%20512&#39;%2F%3E\" data-src=\"https:\/\/comdep.com.br\/wp-content\/uploads\/2025\/09\/20250829_100348-scaled-768x512.jpg\" data-srcset=\"https:\/\/comdep.com.br\/wp-content\/uploads\/2025\/09\/20250829_100348-scaled-768x512.jpg 768w, https:\/\/comdep.com.br\/wp-content\/uploads\/2025\/09\/20250829_100348-scaled-1306x870.jpg 1306w\" loading=\"eager\" style=\"--ratio: 768 \/ 512\" sizes=\"(max-width: 768px) 100vw, 768px\" alt=\"\" title=\"20250829_100348\" width=\"768\" height=\"512\"  \/><\/a>\n\t<\/div>\n<\/div>\n\n\n<div class=\"post-entry-content\">\n\n\t<h3 class=\"entry-title\">\n\t\t<a href=\"https:\/\/comdep.com.br\/?p=17413\" title=\"Estudantes da E.M. Paulo Freire conhecem a primeira f\u00e1brica de vassouras ecol\u00f3gicas do estado\" rel=\"bookmark\">Estudantes da E.M. Paulo Freire conhecem a primeira f\u00e1brica de vassouras ecol\u00f3gicas do estado<\/a>\n\t<\/h3>\n\n\t<div class=\"entry-meta\"><a href=\"https:\/\/comdep.com.br\/?m=20250901\" title=\"15:26\" class=\"data-link\" rel=\"bookmark\"><time class=\"entry-date updated\" datetime=\"2025-09-01T15:26:32-03:00\">01\/09\/2025<\/time><\/a><\/div>\n\t<div class=\"entry-excerpt\"><p>Estudantes da Escola Municipal Paulo Freire conheceram o Centro de Triagem de Coleta Seletiva da Comdep \u2013 a primeira f\u00e1brica de vassouras ecol\u00f3gicas produzidas com garrafas PET do estado do Rio de Janeiro.A atividade foi organizada pela Secretaria de Meio Ambiente, por meio do Departamento de Educa\u00e7\u00e3o Ambiental, em parceria com a Secretaria de Educa\u00e7\u00e3o&hellip;<\/p>\n<\/div>\n\t\n<a href=\"https:\/\/comdep.com.br\/?p=17413\" class=\"post-details details-type-link\" aria-label=\"Read more about Estudantes da E.M. Paulo Freire conhecem a primeira f\u00e1brica de vassouras ecol\u00f3gicas do estado\">Read more<i class=\"dt-icon-the7-arrow-03\" aria-hidden=\"true\"><\/i><\/a>\n\n<\/div><\/article><article class=\"post project-odd visible post-17410 type-post status-publish format-standard has-post-thumbnail hentry category-home category-1 description-off\" data-name=\"Centro de triagem de Coleta Seletiva recebe visita de estudantes\" data-date=\"2025-09-01T15:17:54-03:00\">\n\n<div class=\"post-thumbnail-wrap\">\n\t<div class=\"post-thumbnail\">\n\n\t\t\n\t\t\n\t\t<a href=\"https:\/\/comdep.com.br\/?p=17410\" class=\"post-thumbnail-rollover layzr-bg layzr-bg\" ><img decoding=\"async\" class=\"blog-thumb-lazy-load preload-me lazy-load aspect\" src=\"data:image\/svg+xml,%3Csvg%20xmlns%3D&#39;http%3A%2F%2Fwww.w3.org%2F2000%2Fsvg&#39;%20viewBox%3D&#39;0%200%20768%20512&#39;%2F%3E\" data-src=\"https:\/\/comdep.com.br\/wp-content\/uploads\/2025\/09\/0011-768x512.jpg\" data-srcset=\"https:\/\/comdep.com.br\/wp-content\/uploads\/2025\/09\/0011-768x512.jpg 768w, https:\/\/comdep.com.br\/wp-content\/uploads\/2025\/09\/0011-900x599.jpg 900w\" loading=\"eager\" style=\"--ratio: 768 \/ 512\" sizes=\"(max-width: 768px) 100vw, 768px\" alt=\"\" title=\"0011\" width=\"768\" height=\"512\"  \/><\/a>\n\t<\/div>\n<\/div>\n\n\n<div class=\"post-entry-content\">\n\n\t<h3 class=\"entry-title\">\n\t\t<a href=\"https:\/\/comdep.com.br\/?p=17410\" title=\"Centro de triagem de Coleta Seletiva recebe visita de estudantes\" rel=\"bookmark\">Centro de triagem de Coleta Seletiva recebe visita de estudantes<\/a>\n\t<\/h3>\n\n\t<div class=\"entry-meta\"><a href=\"https:\/\/comdep.com.br\/?m=20250901\" title=\"15:17\" class=\"data-link\" rel=\"bookmark\"><time class=\"entry-date updated\" datetime=\"2025-09-01T15:17:54-03:00\">01\/09\/2025<\/time><\/a><\/div>\n\t<div class=\"entry-excerpt\"><p>O Centro de Triagem de Coleta Seletiva Anderson Manoel Palma, da Comdep, no Sim\u00e9ria, recebeu a visita dos estudantes do oitavo ano do Col\u00e9gio Bom Jesus S\u00e3o Jos\u00e9. Eles aprenderam o processos de coleta seletiva e a fabrica\u00e7\u00e3o de vassouras a partir de garrafas PET recicladas. A visita das escolas no Centro de Triagem integra&hellip;<\/p>\n<\/div>\n\t\n<a href=\"https:\/\/comdep.com.br\/?p=17410\" class=\"post-details details-type-link\" aria-label=\"Read more about Centro de triagem de Coleta Seletiva recebe visita de estudantes\">Read more<i class=\"dt-icon-the7-arrow-03\" aria-hidden=\"true\"><\/i><\/a>\n\n<\/div><\/article><article class=\"post project-odd visible post-17363 type-post status-publish format-standard has-post-thumbnail hentry category-home category-1 description-off\" data-name=\"Prefeitura reinaugura Ag\u00eancia Regional de Itaipava da Comdep\" data-date=\"2025-08-22T13:15:51-03:00\">\n\n<div class=\"post-thumbnail-wrap\">\n\t<div class=\"post-thumbnail\">\n\n\t\t\n\t\t\n\t\t<a href=\"https:\/\/comdep.com.br\/?p=17363\" class=\"post-thumbnail-rollover layzr-bg layzr-bg\" ><img decoding=\"async\" class=\"blog-thumb-lazy-load preload-me lazy-load aspect\" src=\"data:image\/svg+xml,%3Csvg%20xmlns%3D&#39;http%3A%2F%2Fwww.w3.org%2F2000%2Fsvg&#39;%20viewBox%3D&#39;0%200%20768%20512&#39;%2F%3E\" data-src=\"https:\/\/comdep.com.br\/wp-content\/uploads\/2025\/08\/8004f6680faf799779a59f296d3d1d06_XL-768x512.jpg\" data-srcset=\"https:\/\/comdep.com.br\/wp-content\/uploads\/2025\/08\/8004f6680faf799779a59f296d3d1d06_XL-768x512.jpg 768w, https:\/\/comdep.com.br\/wp-content\/uploads\/2025\/08\/8004f6680faf799779a59f296d3d1d06_XL.jpg 900w\" loading=\"eager\" style=\"--ratio: 768 \/ 512\" sizes=\"(max-width: 768px) 100vw, 768px\" alt=\"\" title=\"8004f6680faf799779a59f296d3d1d06_XL\" width=\"768\" height=\"512\"  \/><\/a>\n\t<\/div>\n<\/div>\n\n\n<div class=\"post-entry-content\">\n\n\t<h3 class=\"entry-title\">\n\t\t<a href=\"https:\/\/comdep.com.br\/?p=17363\" title=\"Prefeitura reinaugura Ag\u00eancia Regional de Itaipava da Comdep\" rel=\"bookmark\">Prefeitura reinaugura Ag\u00eancia Regional de Itaipava da Comdep<\/a>\n\t<\/h3>\n\n\t<div class=\"entry-meta\"><a href=\"https:\/\/comdep.com.br\/?m=20250822\" title=\"13:15\" class=\"data-link\" rel=\"bookmark\"><time class=\"entry-date updated\" datetime=\"2025-08-22T13:15:51-03:00\">22\/08\/2025<\/time><\/a><\/div>\n\t<div class=\"entry-excerpt\"><p>A Prefeitura reinaugurou nesta quinta-feira (21\/08) a Ag\u00eancia Regional de Itaipava da Companhia Municipal de Desenvolvimento de Petr\u00f3polis (Comdep). Ap\u00f3s dois anos inativa, a unidade foi reformada e volta a funcionar com melhorias estruturais, incluindo paisagismo, pintura, instala\u00e7\u00f5es el\u00e9tricas, refeit\u00f3rio equipado e vesti\u00e1rios mais adequados para os funcion\u00e1rios. A entrega representa um avan\u00e7o na descentraliza\u00e7\u00e3o&hellip;<\/p>\n<\/div>\n\t\n<a href=\"https:\/\/comdep.com.br\/?p=17363\" class=\"post-details details-type-link\" aria-label=\"Read more about Prefeitura reinaugura Ag\u00eancia Regional de Itaipava da Comdep\">Read more<i class=\"dt-icon-the7-arrow-03\" aria-hidden=\"true\"><\/i><\/a>\n\n<\/div><\/article><article class=\"post project-odd visible post-17345 type-post status-publish format-standard has-post-thumbnail hentry category-home category-1 description-off\" data-name=\"Prefeitura intensifica combate ao Aedes aegypti com segundo Dia D em Petr\u00f3polis\" data-date=\"2025-08-19T12:39:33-03:00\">\n\n<div class=\"post-thumbnail-wrap\">\n\t<div class=\"post-thumbnail\">\n\n\t\t\n\t\t\n\t\t<a href=\"https:\/\/comdep.com.br\/?p=17345\" class=\"post-thumbnail-rollover layzr-bg layzr-bg\" ><img decoding=\"async\" class=\"blog-thumb-lazy-load preload-me lazy-load aspect\" src=\"data:image\/svg+xml,%3Csvg%20xmlns%3D&#39;http%3A%2F%2Fwww.w3.org%2F2000%2Fsvg&#39;%20viewBox%3D&#39;0%200%20768%20512&#39;%2F%3E\" data-src=\"https:\/\/comdep.com.br\/wp-content\/uploads\/2025\/08\/dengue-1-768x512.jpg\" data-srcset=\"https:\/\/comdep.com.br\/wp-content\/uploads\/2025\/08\/dengue-1-768x512.jpg 768w, https:\/\/comdep.com.br\/wp-content\/uploads\/2025\/08\/dengue-1-900x599.jpg 900w\" loading=\"eager\" style=\"--ratio: 768 \/ 512\" sizes=\"(max-width: 768px) 100vw, 768px\" alt=\"\" title=\"dengue 1\" width=\"768\" height=\"512\"  \/><\/a>\n\t<\/div>\n<\/div>\n\n\n<div class=\"post-entry-content\">\n\n\t<h3 class=\"entry-title\">\n\t\t<a href=\"https:\/\/comdep.com.br\/?p=17345\" title=\"Prefeitura intensifica combate ao Aedes aegypti com segundo Dia D em Petr\u00f3polis\" rel=\"bookmark\">Prefeitura intensifica combate ao Aedes aegypti com segundo Dia D em Petr\u00f3polis<\/a>\n\t<\/h3>\n\n\t<div class=\"entry-meta\"><a href=\"https:\/\/comdep.com.br\/?m=20250819\" title=\"12:39\" class=\"data-link\" rel=\"bookmark\"><time class=\"entry-date updated\" datetime=\"2025-08-19T12:39:33-03:00\">19\/08\/2025<\/time><\/a><\/div>\n\t<div class=\"entry-excerpt\"><p>A Prefeitura realizou neste s\u00e1bado (16\/08) uma grande for\u00e7a-tarefa de mobiliza\u00e7\u00e3o contra o mosquito Aedes aegypti \u2013 transmissor da Dengue, Zika e Chikungunya. O segundo dia D contra a Dengue reuniu diversas secretarias municipais e mobilizou a popula\u00e7\u00e3o em diferentes regi\u00f5es da cidade. Uma equipe formada por 88 agentes de combate \u00e0s endemias (ACE) atuou&hellip;<\/p>\n<\/div>\n\t\n<a href=\"https:\/\/comdep.com.br\/?p=17345\" class=\"post-details details-type-link\" aria-label=\"Read more about Prefeitura intensifica combate ao Aedes aegypti com segundo Dia D em Petr\u00f3polis\">Read more<i class=\"dt-icon-the7-arrow-03\" aria-hidden=\"true\"><\/i><\/a>\n\n<\/div><\/article><article class=\"post project-odd visible post-17342 type-post status-publish format-standard has-post-thumbnail hentry category-home category-1 description-off\" data-name=\"Mais de 700 atendimentos marcam 4\u00aa edi\u00e7\u00e3o do \u201cPetr\u00f3polis do Bem\u201d em Corr\u00eaas\" data-date=\"2025-08-19T12:38:18-03:00\">\n\n<div class=\"post-thumbnail-wrap\">\n\t<div class=\"post-thumbnail\">\n\n\t\t\n\t\t\n\t\t<a href=\"https:\/\/comdep.com.br\/?p=17342\" class=\"post-thumbnail-rollover layzr-bg layzr-bg\" ><img decoding=\"async\" class=\"blog-thumb-lazy-load preload-me lazy-load aspect\" src=\"data:image\/svg+xml,%3Csvg%20xmlns%3D&#39;http%3A%2F%2Fwww.w3.org%2F2000%2Fsvg&#39;%20viewBox%3D&#39;0%200%20768%20512&#39;%2F%3E\" data-src=\"https:\/\/comdep.com.br\/wp-content\/uploads\/2025\/08\/do-bem-1-768x512.jpg\" data-srcset=\"https:\/\/comdep.com.br\/wp-content\/uploads\/2025\/08\/do-bem-1-768x512.jpg 768w, https:\/\/comdep.com.br\/wp-content\/uploads\/2025\/08\/do-bem-1.jpg 900w\" loading=\"eager\" style=\"--ratio: 768 \/ 512\" sizes=\"(max-width: 768px) 100vw, 768px\" alt=\"\" title=\"do bem 1\" width=\"768\" height=\"512\"  \/><\/a>\n\t<\/div>\n<\/div>\n\n\n<div class=\"post-entry-content\">\n\n\t<h3 class=\"entry-title\">\n\t\t<a href=\"https:\/\/comdep.com.br\/?p=17342\" title=\"Mais de 700 atendimentos marcam 4\u00aa edi\u00e7\u00e3o do \u201cPetr\u00f3polis do Bem\u201d em Corr\u00eaas\" rel=\"bookmark\">Mais de 700 atendimentos marcam 4\u00aa edi\u00e7\u00e3o do \u201cPetr\u00f3polis do Bem\u201d em Corr\u00eaas<\/a>\n\t<\/h3>\n\n\t<div class=\"entry-meta\"><a href=\"https:\/\/comdep.com.br\/?m=20250819\" title=\"12:38\" class=\"data-link\" rel=\"bookmark\"><time class=\"entry-date updated\" datetime=\"2025-08-19T12:38:18-03:00\">19\/08\/2025<\/time><\/a><\/div>\n\t<div class=\"entry-excerpt\"><p>A regi\u00e3o de Corr\u00eaas recebeu neste s\u00e1bado (16\/08) mais uma edi\u00e7\u00e3o do programa Petr\u00f3polis do Bem, promovido pela Prefeitura de Petr\u00f3polis. Em um dia inteiro de atividades, realizado na Escola Municipalizada Herc\u00edlia Henriques Moret, a popula\u00e7\u00e3o contou com uma s\u00e9rie de servi\u00e7os gratuitos, oferecidos por secretarias municipais, entidades parceiras e volunt\u00e1rios. Ao todo, foram registrados&hellip;<\/p>\n<\/div>\n\t\n<a href=\"https:\/\/comdep.com.br\/?p=17342\" class=\"post-details details-type-link\" aria-label=\"Read more about Mais de 700 atendimentos marcam 4\u00aa edi\u00e7\u00e3o do \u201cPetr\u00f3polis do Bem\u201d em Corr\u00eaas\">Read more<i class=\"dt-icon-the7-arrow-03\" aria-hidden=\"true\"><\/i><\/a>\n\n<\/div><\/article><article class=\"post project-odd visible post-17303 type-post status-publish format-standard has-post-thumbnail hentry category-home category-1 description-off\" data-name=\"Comdep promove manh\u00e3 de palestras do \u201cAgosto Lil\u00e1s\u201d para servidoras da Companhia\" data-date=\"2025-08-14T15:19:42-03:00\">\n\n<div class=\"post-thumbnail-wrap\">\n\t<div class=\"post-thumbnail\">\n\n\t\t\n\t\t\n\t\t<a href=\"https:\/\/comdep.com.br\/?p=17303\" class=\"post-thumbnail-rollover layzr-bg layzr-bg\" ><img decoding=\"async\" class=\"blog-thumb-lazy-load preload-me lazy-load aspect\" src=\"data:image\/svg+xml,%3Csvg%20xmlns%3D&#39;http%3A%2F%2Fwww.w3.org%2F2000%2Fsvg&#39;%20viewBox%3D&#39;0%200%20768%20512&#39;%2F%3E\" data-src=\"https:\/\/comdep.com.br\/wp-content\/uploads\/2025\/08\/WhatsApp-Image-2025-08-12-at-12.17.25-768x512.jpeg\" data-srcset=\"https:\/\/comdep.com.br\/wp-content\/uploads\/2025\/08\/WhatsApp-Image-2025-08-12-at-12.17.25-768x512.jpeg 768w, https:\/\/comdep.com.br\/wp-content\/uploads\/2025\/08\/WhatsApp-Image-2025-08-12-at-12.17.25-1306x870.jpeg 1306w\" loading=\"eager\" style=\"--ratio: 768 \/ 512\" sizes=\"(max-width: 768px) 100vw, 768px\" alt=\"\" title=\"WhatsApp Image 2025-08-12 at 12.17.25\" width=\"768\" height=\"512\"  \/><\/a>\n\t<\/div>\n<\/div>\n\n\n<div class=\"post-entry-content\">\n\n\t<h3 class=\"entry-title\">\n\t\t<a href=\"https:\/\/comdep.com.br\/?p=17303\" title=\"Comdep promove manh\u00e3 de palestras do \u201cAgosto Lil\u00e1s\u201d para servidoras da Companhia\" rel=\"bookmark\">Comdep promove manh\u00e3 de palestras do \u201cAgosto Lil\u00e1s\u201d para servidoras da Companhia<\/a>\n\t<\/h3>\n\n\t<div class=\"entry-meta\"><a href=\"https:\/\/comdep.com.br\/?m=20250814\" title=\"15:19\" class=\"data-link\" rel=\"bookmark\"><time class=\"entry-date updated\" datetime=\"2025-08-14T15:19:42-03:00\">14\/08\/2025<\/time><\/a><\/div>\n\t<div class=\"entry-excerpt\"><p>A manh\u00e3 desta ter\u00e7a-feira (12) foi marcada por uma programa\u00e7\u00e3o especial dedicada \u00e0s mulheres da Companhia Municipal de Desenvolvimento de Petr\u00f3polis (Comdep), em alus\u00e3o \u00e0 campanha Agosto Lil\u00e1s, que tem como objetivo conscientizar sobre o combate \u00e0 viol\u00eancia contra a mulher e fortalecer o empoderamento feminino.O encontro, realizado na sede da Companhia, contou com uma&hellip;<\/p>\n<\/div>\n\t\n<a href=\"https:\/\/comdep.com.br\/?p=17303\" class=\"post-details details-type-link\" aria-label=\"Read more about Comdep promove manh\u00e3 de palestras do \u201cAgosto Lil\u00e1s\u201d para servidoras da Companhia\">Read more<i class=\"dt-icon-the7-arrow-03\" aria-hidden=\"true\"><\/i><\/a>\n\n<\/div><\/article><article class=\"post project-odd visible post-17262 type-post status-publish format-standard has-post-thumbnail hentry category-home category-1 description-off\" data-name=\"Prefeitura acompanha trabalho de resposta \u00e0 chuva nos distritos\" data-date=\"2025-08-11T10:16:37-03:00\">\n\n<div class=\"post-thumbnail-wrap\">\n\t<div class=\"post-thumbnail\">\n\n\t\t\n\t\t\n\t\t<a href=\"https:\/\/comdep.com.br\/?p=17262\" class=\"post-thumbnail-rollover layzr-bg layzr-bg\" ><img decoding=\"async\" class=\"blog-thumb-lazy-load preload-me lazy-load aspect\" src=\"data:image\/svg+xml,%3Csvg%20xmlns%3D&#39;http%3A%2F%2Fwww.w3.org%2F2000%2Fsvg&#39;%20viewBox%3D&#39;0%200%20768%20512&#39;%2F%3E\" data-src=\"https:\/\/comdep.com.br\/wp-content\/uploads\/2025\/08\/limpeza1-768x512.jpg\" data-srcset=\"https:\/\/comdep.com.br\/wp-content\/uploads\/2025\/08\/limpeza1-768x512.jpg 768w, https:\/\/comdep.com.br\/wp-content\/uploads\/2025\/08\/limpeza1-900x599.jpg 900w\" loading=\"eager\" style=\"--ratio: 768 \/ 512\" sizes=\"(max-width: 768px) 100vw, 768px\" alt=\"\" title=\"limpeza1\" width=\"768\" height=\"512\"  \/><\/a>\n\t<\/div>\n<\/div>\n\n\n<div class=\"post-entry-content\">\n\n\t<h3 class=\"entry-title\">\n\t\t<a href=\"https:\/\/comdep.com.br\/?p=17262\" title=\"Prefeitura acompanha trabalho de resposta \u00e0 chuva nos distritos\" rel=\"bookmark\">Prefeitura acompanha trabalho de resposta \u00e0 chuva nos distritos<\/a>\n\t<\/h3>\n\n\t<div class=\"entry-meta\"><a href=\"https:\/\/comdep.com.br\/?m=20250811\" title=\"10:16\" class=\"data-link\" rel=\"bookmark\"><time class=\"entry-date updated\" datetime=\"2025-08-11T10:16:37-03:00\">11\/08\/2025<\/time><\/a><\/div>\n\t<div class=\"entry-excerpt\"><p>Equipes da DC desobstru\u00edram vias durante \u00e0 noite de sexta-feira (08\/08);&nbsp;Comdep realiza limpeza na manh\u00e3 deste s\u00e1bado (09\/08) A Prefeitura&nbsp;acompanhou na manh\u00e3 deste s\u00e1bado (09\/08), o trabalho de limpeza das equipes da Comdep em pontos de Nogueira e Itaipava, regi\u00f5es mais atingidas pela chuva de sexta-feira (08\/09). Uma pipa d&#8217;\u00e1gua e caminh\u00f5es foram usados para&hellip;<\/p>\n<\/div>\n\t\n<a href=\"https:\/\/comdep.com.br\/?p=17262\" class=\"post-details details-type-link\" aria-label=\"Read more about Prefeitura acompanha trabalho de resposta \u00e0 chuva nos distritos\">Read more<i class=\"dt-icon-the7-arrow-03\" aria-hidden=\"true\"><\/i><\/a>\n\n<\/div><\/article><article class=\"post project-odd visible post-17259 type-post status-publish format-standard has-post-thumbnail hentry category-home category-1 description-off\" data-name=\"Agosto Lil\u00e1s: Prefeitura pede inclus\u00e3o de endere\u00e7o do Cram nas contas de \u00e1gua\" data-date=\"2025-08-11T10:15:25-03:00\">\n\n<div class=\"post-thumbnail-wrap\">\n\t<div class=\"post-thumbnail\">\n\n\t\t\n\t\t\n\t\t<a href=\"https:\/\/comdep.com.br\/?p=17259\" class=\"post-thumbnail-rollover layzr-bg layzr-bg\" ><img decoding=\"async\" class=\"blog-thumb-lazy-load preload-me lazy-load aspect\" src=\"data:image\/svg+xml,%3Csvg%20xmlns%3D&#39;http%3A%2F%2Fwww.w3.org%2F2000%2Fsvg&#39;%20viewBox%3D&#39;0%200%20759%20506&#39;%2F%3E\" data-src=\"https:\/\/comdep.com.br\/wp-content\/uploads\/2025\/08\/jana-759x506.jpg\" data-srcset=\"https:\/\/comdep.com.br\/wp-content\/uploads\/2025\/08\/jana-759x506.jpg 759w\" loading=\"eager\" style=\"--ratio: 759 \/ 506\" sizes=\"(max-width: 759px) 100vw, 759px\" alt=\"\" title=\"jana\" width=\"759\" height=\"506\"  \/><\/a>\n\t<\/div>\n<\/div>\n\n\n<div class=\"post-entry-content\">\n\n\t<h3 class=\"entry-title\">\n\t\t<a href=\"https:\/\/comdep.com.br\/?p=17259\" title=\"Agosto Lil\u00e1s: Prefeitura pede inclus\u00e3o de endere\u00e7o do Cram nas contas de \u00e1gua\" rel=\"bookmark\">Agosto Lil\u00e1s: Prefeitura pede inclus\u00e3o de endere\u00e7o do Cram nas contas de \u00e1gua<\/a>\n\t<\/h3>\n\n\t<div class=\"entry-meta\"><a href=\"https:\/\/comdep.com.br\/?m=20250811\" title=\"10:15\" class=\"data-link\" rel=\"bookmark\"><time class=\"entry-date updated\" datetime=\"2025-08-11T10:15:25-03:00\">11\/08\/2025<\/time><\/a><\/div>\n\t<div class=\"entry-excerpt\"><p>Como parte das a\u00e7\u00f5es do Agosto Lil\u00e1s &#8211; Petr\u00f3polis por Elas, a Prefeitura, por meio da Comdep, oficiou a concession\u00e1ria \u00c1guas do Imperador para que passe a incluir, nas contas de \u00e1gua e esgoto, o endere\u00e7o e telefone do Centro de Refer\u00eancia em Atendimento \u00e0 Mulher (Cram), servi\u00e7o mantido pelo munic\u00edpio para acolher e orientar&hellip;<\/p>\n<\/div>\n\t\n<a href=\"https:\/\/comdep.com.br\/?p=17259\" class=\"post-details details-type-link\" aria-label=\"Read more about Agosto Lil\u00e1s: Prefeitura pede inclus\u00e3o de endere\u00e7o do Cram nas contas de \u00e1gua\">Read more<i class=\"dt-icon-the7-arrow-03\" aria-hidden=\"true\"><\/i><\/a>\n\n<\/div><\/article><article class=\"post project-odd visible no-img post-17244 type-post status-publish format-standard hentry category-home category-1 description-off\" data-name=\"Petr\u00f3polis participa do lan\u00e7amento do Programa Paul Singer, no Rio de Janeiro\" data-date=\"2025-08-08T10:52:09-03:00\">\n\n<div class=\"post-entry-content\">\n\n\t<h3 class=\"entry-title\">\n\t\t<a href=\"https:\/\/comdep.com.br\/?p=17244\" title=\"Petr\u00f3polis participa do lan\u00e7amento do Programa Paul Singer, no Rio de Janeiro\" rel=\"bookmark\">Petr\u00f3polis participa do lan\u00e7amento do Programa Paul Singer, no Rio de Janeiro<\/a>\n\t<\/h3>\n\n\t<div class=\"entry-meta\"><a href=\"https:\/\/comdep.com.br\/?m=20250808\" title=\"10:52\" class=\"data-link\" rel=\"bookmark\"><time class=\"entry-date updated\" datetime=\"2025-08-08T10:52:09-03:00\">08\/08\/2025<\/time><\/a><\/div>\n\t<div class=\"entry-excerpt\"><p>Representantes de Petr\u00f3polis participaram nesta quinta-feira (31\/07) do lan\u00e7amento da nova edi\u00e7\u00e3o do Programa Paul Singer \u2013 Forma\u00e7\u00e3o de Agentes Territoriais da Economia Popular Solid\u00e1ria, realizado no Rio de Janeiro. A cidade foi representada pela Comdep e por Marcelo Xavier, da Economia Popular Solid\u00e1ria de Petr\u00f3polis, que foi selecionado como um dos novos agentes do&hellip;<\/p>\n<\/div>\n\t\n<a href=\"https:\/\/comdep.com.br\/?p=17244\" class=\"post-details details-type-link\" aria-label=\"Read more about Petr\u00f3polis participa do lan\u00e7amento do Programa Paul Singer, no Rio de Janeiro\">Read more<i class=\"dt-icon-the7-arrow-03\" aria-hidden=\"true\"><\/i><\/a>\n\n<\/div><\/article><article class=\"post project-odd visible no-img post-17242 type-post status-publish format-standard hentry category-home category-1 description-off\" data-name=\"Petr\u00f3polis celebra o Dia Nacional dos Estudantes e Dia Internacional da Juventude com programa\u00e7\u00e3o no Centro de Cultura\" data-date=\"2025-08-08T10:50:46-03:00\">\n\n<div class=\"post-entry-content\">\n\n\t<h3 class=\"entry-title\">\n\t\t<a href=\"https:\/\/comdep.com.br\/?p=17242\" title=\"Petr\u00f3polis celebra o Dia Nacional dos Estudantes e Dia Internacional da Juventude com programa\u00e7\u00e3o no Centro de Cultura\" rel=\"bookmark\">Petr\u00f3polis celebra o Dia Nacional dos Estudantes e Dia Internacional da Juventude com programa\u00e7\u00e3o no Centro de Cultura<\/a>\n\t<\/h3>\n\n\t<div class=\"entry-meta\"><a href=\"https:\/\/comdep.com.br\/?m=20250808\" title=\"10:50\" class=\"data-link\" rel=\"bookmark\"><time class=\"entry-date updated\" datetime=\"2025-08-08T10:50:46-03:00\">08\/08\/2025<\/time><\/a><\/div>\n\t<div class=\"entry-excerpt\"><p>A Prefeitura, por meio da Secretaria Municipal de Governo e da Coordenadoria de Pol\u00edticas P\u00fablicas para a Juventude, realiza na pr\u00f3xima ter\u00e7a-feira (12\/08) uma ampla programa\u00e7\u00e3o para marcar o Dia Nacional dos Estudantes e Dia Internacional da Juventude. Com o tema \u201cRumo ao Futuro: A Voz dos Estudantes\u201d, o evento vai das 8h \u00e0s 16h,&hellip;<\/p>\n<\/div>\n\t\n<a href=\"https:\/\/comdep.com.br\/?p=17242\" class=\"post-details details-type-link\" aria-label=\"Read more about Petr\u00f3polis celebra o Dia Nacional dos Estudantes e Dia Internacional da Juventude com programa\u00e7\u00e3o no Centro de Cultura\">Read more<i class=\"dt-icon-the7-arrow-03\" aria-hidden=\"true\"><\/i><\/a>\n\n<\/div><\/article><article class=\"post project-odd visible post-17239 type-post status-publish format-standard has-post-thumbnail hentry category-home category-1 description-off\" data-name=\"T\u00e9cnicos da Prefeitura passam por capacita\u00e7\u00e3o para projeto de instala\u00e7\u00e3o das barreiras Sabo\" data-date=\"2025-08-08T10:46:52-03:00\">\n\n<div class=\"post-thumbnail-wrap\">\n\t<div class=\"post-thumbnail\">\n\n\t\t\n\t\t\n\t\t<a href=\"https:\/\/comdep.com.br\/?p=17239\" class=\"post-thumbnail-rollover layzr-bg layzr-bg\" ><img decoding=\"async\" class=\"blog-thumb-lazy-load preload-me lazy-load aspect\" src=\"data:image\/svg+xml,%3Csvg%20xmlns%3D&#39;http%3A%2F%2Fwww.w3.org%2F2000%2Fsvg&#39;%20viewBox%3D&#39;0%200%20768%20512&#39;%2F%3E\" data-src=\"https:\/\/comdep.com.br\/wp-content\/uploads\/2025\/08\/sabo-768x512.jpg\" data-srcset=\"https:\/\/comdep.com.br\/wp-content\/uploads\/2025\/08\/sabo-768x512.jpg 768w, https:\/\/comdep.com.br\/wp-content\/uploads\/2025\/08\/sabo-900x599.jpg 900w\" loading=\"eager\" style=\"--ratio: 768 \/ 512\" sizes=\"(max-width: 768px) 100vw, 768px\" alt=\"\" title=\"sabo\" width=\"768\" height=\"512\"  \/><\/a>\n\t<\/div>\n<\/div>\n\n\n<div class=\"post-entry-content\">\n\n\t<h3 class=\"entry-title\">\n\t\t<a href=\"https:\/\/comdep.com.br\/?p=17239\" title=\"T\u00e9cnicos da Prefeitura passam por capacita\u00e7\u00e3o para projeto de instala\u00e7\u00e3o das barreiras Sabo\" rel=\"bookmark\">T\u00e9cnicos da Prefeitura passam por capacita\u00e7\u00e3o para projeto de instala\u00e7\u00e3o das barreiras Sabo<\/a>\n\t<\/h3>\n\n\t<div class=\"entry-meta\"><a href=\"https:\/\/comdep.com.br\/?m=20250808\" title=\"10:46\" class=\"data-link\" rel=\"bookmark\"><time class=\"entry-date updated\" datetime=\"2025-08-08T10:46:52-03:00\">08\/08\/2025<\/time><\/a><\/div>\n\t<div class=\"entry-excerpt\"><p>T\u00e9cnicos da Prefeitura est\u00e3o fazendo uma capacita\u00e7\u00e3o da Ag\u00eancia de Coopera\u00e7\u00e3o Internacional do Jap\u00e3o (JICA) que comp\u00f5e etapa para instala\u00e7\u00e3o de barreira Sabo \u2013 projeto piloto no Brasil de conten\u00e7\u00e3o de movimento de massa. O curso \u00e9 online e come\u00e7ou nesta quarta-feira (06\/08) envolvendo profissionais das secretarias de Prote\u00e7\u00e3o e Defesa Civil, Obras, Planejamento e&hellip;<\/p>\n<\/div>\n\t\n<a href=\"https:\/\/comdep.com.br\/?p=17239\" class=\"post-details details-type-link\" aria-label=\"Read more about T\u00e9cnicos da Prefeitura passam por capacita\u00e7\u00e3o para projeto de instala\u00e7\u00e3o das barreiras Sabo\">Read more<i class=\"dt-icon-the7-arrow-03\" aria-hidden=\"true\"><\/i><\/a>\n\n<\/div><\/article><article class=\"post project-odd visible post-17143 type-post status-publish format-standard has-post-thumbnail hentry category-home category-1 description-off\" data-name=\"Comdep refor\u00e7a parceria com escola em a\u00e7\u00e3o de educa\u00e7\u00e3o ambiental\" data-date=\"2025-07-24T16:12:59-03:00\">\n\n<div class=\"post-thumbnail-wrap\">\n\t<div class=\"post-thumbnail\">\n\n\t\t\n\t\t\n\t\t<a href=\"https:\/\/comdep.com.br\/?p=17143\" class=\"post-thumbnail-rollover layzr-bg layzr-bg\" ><img decoding=\"async\" class=\"blog-thumb-lazy-load preload-me lazy-load aspect\" src=\"data:image\/svg+xml,%3Csvg%20xmlns%3D&#39;http%3A%2F%2Fwww.w3.org%2F2000%2Fsvg&#39;%20viewBox%3D&#39;0%200%20768%20512&#39;%2F%3E\" data-src=\"https:\/\/comdep.com.br\/wp-content\/uploads\/2025\/07\/COMDEP-KOELER-768x512.png\" data-srcset=\"https:\/\/comdep.com.br\/wp-content\/uploads\/2025\/07\/COMDEP-KOELER-768x512.png 768w, https:\/\/comdep.com.br\/wp-content\/uploads\/2025\/07\/COMDEP-KOELER-1306x870.png 1306w\" loading=\"eager\" style=\"--ratio: 768 \/ 512\" sizes=\"(max-width: 768px) 100vw, 768px\" alt=\"\" title=\"COMDEP KOELER\" width=\"768\" height=\"512\"  \/><\/a>\n\t<\/div>\n<\/div>\n\n\n<div class=\"post-entry-content\">\n\n\t<h3 class=\"entry-title\">\n\t\t<a href=\"https:\/\/comdep.com.br\/?p=17143\" title=\"Comdep refor\u00e7a parceria com escola em a\u00e7\u00e3o de educa\u00e7\u00e3o ambiental\" rel=\"bookmark\">Comdep refor\u00e7a parceria com escola em a\u00e7\u00e3o de educa\u00e7\u00e3o ambiental<\/a>\n\t<\/h3>\n\n\t<div class=\"entry-meta\"><a href=\"https:\/\/comdep.com.br\/?m=20250724\" title=\"16:12\" class=\"data-link\" rel=\"bookmark\"><time class=\"entry-date updated\" datetime=\"2025-07-24T16:12:59-03:00\">24\/07\/2025<\/time><\/a><\/div>\n\t<div class=\"entry-excerpt\"><p>A Prefeitura, por meio da Comdep, recebeu 1.900 garrafas PET \u2014 o equivalente a 55 quilos de material recicl\u00e1vel \u2014 arrecadadas pelo Col\u00e9gio Koeler durante uma atividade esportiva com tem\u00e1tica sustent\u00e1vel. A escola promoveu a a\u00e7\u00e3o de forma independente e procurou a Comdep para realizar a entrega do material, que ser\u00e1 reaproveitado na produ\u00e7\u00e3o de&hellip;<\/p>\n<\/div>\n\t\n<a href=\"https:\/\/comdep.com.br\/?p=17143\" class=\"post-details details-type-link\" aria-label=\"Read more about Comdep refor\u00e7a parceria com escola em a\u00e7\u00e3o de educa\u00e7\u00e3o ambiental\">Read more<i class=\"dt-icon-the7-arrow-03\" aria-hidden=\"true\"><\/i><\/a>\n\n<\/div><\/article><article class=\"post project-odd visible post-17139 type-post status-publish format-standard has-post-thumbnail hentry category-home category-1 description-off\" data-name=\"Prefeitura intensifica limpeza preventiva de bueiros, canaletas e bocas de lobo\" data-date=\"2025-07-24T15:58:42-03:00\">\n\n<div class=\"post-thumbnail-wrap\">\n\t<div class=\"post-thumbnail\">\n\n\t\t\n\t\t\n\t\t<a href=\"https:\/\/comdep.com.br\/?p=17139\" class=\"post-thumbnail-rollover layzr-bg layzr-bg\" ><img decoding=\"async\" class=\"blog-thumb-lazy-load preload-me lazy-load aspect\" src=\"data:image\/svg+xml,%3Csvg%20xmlns%3D&#39;http%3A%2F%2Fwww.w3.org%2F2000%2Fsvg&#39;%20viewBox%3D&#39;0%200%20768%20512&#39;%2F%3E\" data-src=\"https:\/\/comdep.com.br\/wp-content\/uploads\/2025\/07\/teste-3-upscalemedia-transformed-scaled-768x512.jpeg\" data-srcset=\"https:\/\/comdep.com.br\/wp-content\/uploads\/2025\/07\/teste-3-upscalemedia-transformed-scaled-768x512.jpeg 768w, https:\/\/comdep.com.br\/wp-content\/uploads\/2025\/07\/teste-3-upscalemedia-transformed-scaled-1306x870.jpeg 1306w\" loading=\"eager\" style=\"--ratio: 768 \/ 512\" sizes=\"(max-width: 768px) 100vw, 768px\" alt=\"\" title=\"teste 3 upscalemedia-transformed\" width=\"768\" height=\"512\"  \/><\/a>\n\t<\/div>\n<\/div>\n\n\n<div class=\"post-entry-content\">\n\n\t<h3 class=\"entry-title\">\n\t\t<a href=\"https:\/\/comdep.com.br\/?p=17139\" title=\"Prefeitura intensifica limpeza preventiva de bueiros, canaletas e bocas de lobo\" rel=\"bookmark\">Prefeitura intensifica limpeza preventiva de bueiros, canaletas e bocas de lobo<\/a>\n\t<\/h3>\n\n\t<div class=\"entry-meta\"><a href=\"https:\/\/comdep.com.br\/?m=20250724\" title=\"15:58\" class=\"data-link\" rel=\"bookmark\"><time class=\"entry-date updated\" datetime=\"2025-07-24T15:58:42-03:00\">24\/07\/2025<\/time><\/a><\/div>\n\t<div class=\"entry-excerpt\"><p>A Prefeitura vem refor\u00e7ando a manuten\u00e7\u00e3o preventiva do sistema de drenagem urbana para reduzir os impactos das chuvas. Entre 1\u00ba de janeiro e 18 de julho, a Comdep realizou servi\u00e7os de limpeza em 5.927 bueiros, 271 canaletas e 336 bocas de lobo em diversos bairros da cidade.A limpeza desses dispositivos \u00e9 essencial para garantir o&hellip;<\/p>\n<\/div>\n\t\n<a href=\"https:\/\/comdep.com.br\/?p=17139\" class=\"post-details details-type-link\" aria-label=\"Read more about Prefeitura intensifica limpeza preventiva de bueiros, canaletas e bocas de lobo\">Read more<i class=\"dt-icon-the7-arrow-03\" aria-hidden=\"true\"><\/i><\/a>\n\n<\/div><\/article><article class=\"post project-odd visible post-17136 type-post status-publish format-standard has-post-thumbnail hentry category-home category-1 description-off\" data-name=\"Prefeitura amplia atendimento da coleta seletiva no Dr. Thouzet\" data-date=\"2025-07-24T15:55:29-03:00\">\n\n<div class=\"post-thumbnail-wrap\">\n\t<div class=\"post-thumbnail\">\n\n\t\t\n\t\t\n\t\t<a href=\"https:\/\/comdep.com.br\/?p=17136\" class=\"post-thumbnail-rollover layzr-bg layzr-bg\" ><img decoding=\"async\" class=\"blog-thumb-lazy-load preload-me lazy-load aspect\" src=\"data:image\/svg+xml,%3Csvg%20xmlns%3D&#39;http%3A%2F%2Fwww.w3.org%2F2000%2Fsvg&#39;%20viewBox%3D&#39;0%200%20768%20512&#39;%2F%3E\" data-src=\"https:\/\/comdep.com.br\/wp-content\/uploads\/2025\/07\/3-24-jul-768x512.jpg\" data-srcset=\"https:\/\/comdep.com.br\/wp-content\/uploads\/2025\/07\/3-24-jul-768x512.jpg 768w, https:\/\/comdep.com.br\/wp-content\/uploads\/2025\/07\/3-24-jul-900x599.jpg 900w\" loading=\"eager\" style=\"--ratio: 768 \/ 512\" sizes=\"(max-width: 768px) 100vw, 768px\" alt=\"\" title=\"3 24 jul\" width=\"768\" height=\"512\"  \/><\/a>\n\t<\/div>\n<\/div>\n\n\n<div class=\"post-entry-content\">\n\n\t<h3 class=\"entry-title\">\n\t\t<a href=\"https:\/\/comdep.com.br\/?p=17136\" title=\"Prefeitura amplia atendimento da coleta seletiva no Dr. Thouzet\" rel=\"bookmark\">Prefeitura amplia atendimento da coleta seletiva no Dr. Thouzet<\/a>\n\t<\/h3>\n\n\t<div class=\"entry-meta\"><a href=\"https:\/\/comdep.com.br\/?m=20250724\" title=\"15:55\" class=\"data-link\" rel=\"bookmark\"><time class=\"entry-date updated\" datetime=\"2025-07-24T15:55:29-03:00\">24\/07\/2025<\/time><\/a><\/div>\n\t<div class=\"entry-excerpt\"><p>A Prefeitura ampliou o atendimento da coleta seletiva na regi\u00e3o do Dr. Thouzet. Na localidade algumas ruas que ainda n\u00e3o contavam com a coleta, passaram a receber o servi\u00e7o nesta sexta-feira (18\/07). Equipes da Comdep orientaram os moradores e convidaram a comunidade a aderir \u00e0 separa\u00e7\u00e3o correta dos recicl\u00e1veis. As equipes da Comdep percorreram a&hellip;<\/p>\n<\/div>\n\t\n<a href=\"https:\/\/comdep.com.br\/?p=17136\" class=\"post-details details-type-link\" aria-label=\"Read more about Prefeitura amplia atendimento da coleta seletiva no Dr. Thouzet\">Read more<i class=\"dt-icon-the7-arrow-03\" aria-hidden=\"true\"><\/i><\/a>\n\n<\/div><\/article><article class=\"post project-odd visible post-17133 type-post status-publish format-standard has-post-thumbnail hentry category-home category-1 description-off\" data-name=\"Prefeitura promove debate sobre gest\u00e3o de lixo e redu\u00e7\u00e3o de riscos\" data-date=\"2025-07-24T15:54:25-03:00\">\n\n<div class=\"post-thumbnail-wrap\">\n\t<div class=\"post-thumbnail\">\n\n\t\t\n\t\t\n\t\t<a href=\"https:\/\/comdep.com.br\/?p=17133\" class=\"post-thumbnail-rollover layzr-bg layzr-bg\" ><img decoding=\"async\" class=\"blog-thumb-lazy-load preload-me lazy-load aspect\" src=\"data:image\/svg+xml,%3Csvg%20xmlns%3D&#39;http%3A%2F%2Fwww.w3.org%2F2000%2Fsvg&#39;%20viewBox%3D&#39;0%200%20768%20512&#39;%2F%3E\" data-src=\"https:\/\/comdep.com.br\/wp-content\/uploads\/2025\/07\/2-24-jul-768x512.jpg\" data-srcset=\"https:\/\/comdep.com.br\/wp-content\/uploads\/2025\/07\/2-24-jul-768x512.jpg 768w, https:\/\/comdep.com.br\/wp-content\/uploads\/2025\/07\/2-24-jul-900x599.jpg 900w\" loading=\"eager\" style=\"--ratio: 768 \/ 512\" sizes=\"(max-width: 768px) 100vw, 768px\" alt=\"\" title=\"2 24 jul\" width=\"768\" height=\"512\"  \/><\/a>\n\t<\/div>\n<\/div>\n\n\n<div class=\"post-entry-content\">\n\n\t<h3 class=\"entry-title\">\n\t\t<a href=\"https:\/\/comdep.com.br\/?p=17133\" title=\"Prefeitura promove debate sobre gest\u00e3o de lixo e redu\u00e7\u00e3o de riscos\" rel=\"bookmark\">Prefeitura promove debate sobre gest\u00e3o de lixo e redu\u00e7\u00e3o de riscos<\/a>\n\t<\/h3>\n\n\t<div class=\"entry-meta\"><a href=\"https:\/\/comdep.com.br\/?m=20250724\" title=\"15:54\" class=\"data-link\" rel=\"bookmark\"><time class=\"entry-date updated\" datetime=\"2025-07-24T15:54:25-03:00\">24\/07\/2025<\/time><\/a><\/div>\n\t<div class=\"entry-excerpt\"><p>Cerca de 130 pessoas de 29 Nudecs se inscreveram para participar do encontro, que trouxe vis\u00f5es da Defesa Civil, Meio Ambiente e ComdepEvento tamb\u00e9m marcou o lan\u00e7amento do Nudec Mirim, que vai abordar junto \u00e0s crian\u00e7as nas comunidades A Prefeitura promoveu neste s\u00e1bado (19\/07) o F\u00f3rum de Gest\u00e3o do Lixo e Redu\u00e7\u00e3o de Riscos 2025.&hellip;<\/p>\n<\/div>\n\t\n<a href=\"https:\/\/comdep.com.br\/?p=17133\" class=\"post-details details-type-link\" aria-label=\"Read more about Prefeitura promove debate sobre gest\u00e3o de lixo e redu\u00e7\u00e3o de riscos\">Read more<i class=\"dt-icon-the7-arrow-03\" aria-hidden=\"true\"><\/i><\/a>\n\n<\/div><\/article><article class=\"post project-odd visible post-17130 type-post status-publish format-standard has-post-thumbnail hentry category-home category-1 description-off\" data-name=\"Petr\u00f3polis recebe equipe da prefeitura do Rio para apresentar trabalho desenvolvido no ETIC do Bingen\" data-date=\"2025-07-24T15:52:04-03:00\">\n\n<div class=\"post-thumbnail-wrap\">\n\t<div class=\"post-thumbnail\">\n\n\t\t\n\t\t\n\t\t<a href=\"https:\/\/comdep.com.br\/?p=17130\" class=\"post-thumbnail-rollover layzr-bg layzr-bg\" ><img decoding=\"async\" class=\"blog-thumb-lazy-load preload-me lazy-load aspect\" src=\"data:image\/svg+xml,%3Csvg%20xmlns%3D&#39;http%3A%2F%2Fwww.w3.org%2F2000%2Fsvg&#39;%20viewBox%3D&#39;0%200%20768%20512&#39;%2F%3E\" data-src=\"https:\/\/comdep.com.br\/wp-content\/uploads\/2025\/07\/1-24-jul-768x512.jpg\" data-srcset=\"https:\/\/comdep.com.br\/wp-content\/uploads\/2025\/07\/1-24-jul-768x512.jpg 768w, https:\/\/comdep.com.br\/wp-content\/uploads\/2025\/07\/1-24-jul-900x599.jpg 900w\" loading=\"eager\" style=\"--ratio: 768 \/ 512\" sizes=\"(max-width: 768px) 100vw, 768px\" alt=\"\" title=\"1 24 jul\" width=\"768\" height=\"512\"  \/><\/a>\n\t<\/div>\n<\/div>\n\n\n<div class=\"post-entry-content\">\n\n\t<h3 class=\"entry-title\">\n\t\t<a href=\"https:\/\/comdep.com.br\/?p=17130\" title=\"Petr\u00f3polis recebe equipe da prefeitura do Rio para apresentar trabalho desenvolvido no ETIC do Bingen\" rel=\"bookmark\">Petr\u00f3polis recebe equipe da prefeitura do Rio para apresentar trabalho desenvolvido no ETIC do Bingen<\/a>\n\t<\/h3>\n\n\t<div class=\"entry-meta\"><a href=\"https:\/\/comdep.com.br\/?m=20250724\" title=\"15:52\" class=\"data-link\" rel=\"bookmark\"><time class=\"entry-date updated\" datetime=\"2025-07-24T15:52:04-03:00\">24\/07\/2025<\/time><\/a><\/div>\n\t<div class=\"entry-excerpt\"><p>Procura acontece depois de pr\u00eamio em semin\u00e1rio no Rio com projeto de inclus\u00e3o digital e apresenta boas pr\u00e1ticas para a juventude. Depois do reconhecimento na premia\u00e7\u00e3o do Programa ETIC, projeto de inclus\u00e3o digital e apresenta boas pr\u00e1ticas para a juventude, no Semin\u00e1rio de Integra\u00e7\u00e3o Metropolitana \u201cJuventude 4.0: Entre Telas e Trilhas \u2013 Desconectar para Reconectar\u201d,&hellip;<\/p>\n<\/div>\n\t\n<a href=\"https:\/\/comdep.com.br\/?p=17130\" class=\"post-details details-type-link\" aria-label=\"Read more about Petr\u00f3polis recebe equipe da prefeitura do Rio para apresentar trabalho desenvolvido no ETIC do Bingen\">Read more<i class=\"dt-icon-the7-arrow-03\" aria-hidden=\"true\"><\/i><\/a>\n\n<\/div><\/article><article class=\"post project-odd visible post-17122 type-post status-publish format-standard has-post-thumbnail hentry category-home category-1 description-off\" data-name=\"Prefeitura leva servi\u00e7os de sa\u00fade do homem aos trabalhadores da Comdep\" data-date=\"2025-07-24T15:44:54-03:00\">\n\n<div class=\"post-thumbnail-wrap\">\n\t<div class=\"post-thumbnail\">\n\n\t\t\n\t\t\n\t\t<a href=\"https:\/\/comdep.com.br\/?p=17122\" class=\"post-thumbnail-rollover layzr-bg layzr-bg\" ><img decoding=\"async\" class=\"blog-thumb-lazy-load preload-me lazy-load aspect\" src=\"data:image\/svg+xml,%3Csvg%20xmlns%3D&#39;http%3A%2F%2Fwww.w3.org%2F2000%2Fsvg&#39;%20viewBox%3D&#39;0%200%20768%20512&#39;%2F%3E\" data-src=\"https:\/\/comdep.com.br\/wp-content\/uploads\/2025\/07\/WhatsApp-Image-2025-07-24-at-15.42.06-768x512.jpeg\" data-srcset=\"https:\/\/comdep.com.br\/wp-content\/uploads\/2025\/07\/WhatsApp-Image-2025-07-24-at-15.42.06-768x512.jpeg 768w, https:\/\/comdep.com.br\/wp-content\/uploads\/2025\/07\/WhatsApp-Image-2025-07-24-at-15.42.06-1306x870.jpeg 1306w\" loading=\"eager\" style=\"--ratio: 768 \/ 512\" sizes=\"(max-width: 768px) 100vw, 768px\" alt=\"\" title=\"WhatsApp Image 2025-07-24 at 15.42.06\" width=\"768\" height=\"512\"  \/><\/a>\n\t<\/div>\n<\/div>\n\n\n<div class=\"post-entry-content\">\n\n\t<h3 class=\"entry-title\">\n\t\t<a href=\"https:\/\/comdep.com.br\/?p=17122\" title=\"Prefeitura leva servi\u00e7os de sa\u00fade do homem aos trabalhadores da Comdep\" rel=\"bookmark\">Prefeitura leva servi\u00e7os de sa\u00fade do homem aos trabalhadores da Comdep<\/a>\n\t<\/h3>\n\n\t<div class=\"entry-meta\"><a href=\"https:\/\/comdep.com.br\/?m=20250724\" title=\"15:44\" class=\"data-link\" rel=\"bookmark\"><time class=\"entry-date updated\" datetime=\"2025-07-24T15:44:54-03:00\">24\/07\/2025<\/time><\/a><\/div>\n\t<div class=\"entry-excerpt\"><p>A Prefeitura, por meio de uma parceria entre a Secretaria de Sa\u00fade e a Comdep, realizou nesta quarta-feira (24) uma a\u00e7\u00e3o voltada para a sa\u00fade do homem, na sede da companhia. A iniciativa contou com a atua\u00e7\u00e3o de profissionais da Unidade B\u00e1sica de Sa\u00fade (UBS) do Quitandinha e ofereceu aos trabalhadores servi\u00e7os como aferi\u00e7\u00e3o de&hellip;<\/p>\n<\/div>\n\t\n<a href=\"https:\/\/comdep.com.br\/?p=17122\" class=\"post-details details-type-link\" aria-label=\"Read more about Prefeitura leva servi\u00e7os de sa\u00fade do homem aos trabalhadores da Comdep\">Read more<i class=\"dt-icon-the7-arrow-03\" aria-hidden=\"true\"><\/i><\/a>\n\n<\/div><\/article><article class=\"post project-odd visible post-17081 type-post status-publish format-standard has-post-thumbnail hentry category-home category-1 description-off\" data-name=\"Petr\u00f3polis \u00e9 premiada em semin\u00e1rio no Rio com projeto de inclus\u00e3o digital e destaca atua\u00e7\u00e3o da Comdep em pol\u00edticas para a juventude\" data-date=\"2025-07-17T14:12:15-03:00\">\n\n<div class=\"post-thumbnail-wrap\">\n\t<div class=\"post-thumbnail\">\n\n\t\t\n\t\t\n\t\t<a href=\"https:\/\/comdep.com.br\/?p=17081\" class=\"post-thumbnail-rollover layzr-bg layzr-bg\" ><img decoding=\"async\" class=\"blog-thumb-lazy-load preload-me lazy-load aspect\" src=\"data:image\/svg+xml,%3Csvg%20xmlns%3D&#39;http%3A%2F%2Fwww.w3.org%2F2000%2Fsvg&#39;%20viewBox%3D&#39;0%200%20768%20512&#39;%2F%3E\" data-src=\"https:\/\/comdep.com.br\/wp-content\/uploads\/2025\/07\/remio-comdep-768x512.jpeg\" data-srcset=\"https:\/\/comdep.com.br\/wp-content\/uploads\/2025\/07\/remio-comdep-768x512.jpeg 768w, https:\/\/comdep.com.br\/wp-content\/uploads\/2025\/07\/remio-comdep-900x599.jpeg 900w\" loading=\"eager\" style=\"--ratio: 768 \/ 512\" sizes=\"(max-width: 768px) 100vw, 768px\" alt=\"\" title=\"remio comdep\" width=\"768\" height=\"512\"  \/><\/a>\n\t<\/div>\n<\/div>\n\n\n<div class=\"post-entry-content\">\n\n\t<h3 class=\"entry-title\">\n\t\t<a href=\"https:\/\/comdep.com.br\/?p=17081\" title=\"Petr\u00f3polis \u00e9 premiada em semin\u00e1rio no Rio com projeto de inclus\u00e3o digital e destaca atua\u00e7\u00e3o da Comdep em pol\u00edticas para a juventude\" rel=\"bookmark\">Petr\u00f3polis \u00e9 premiada em semin\u00e1rio no Rio com projeto de inclus\u00e3o digital e destaca atua\u00e7\u00e3o da Comdep em pol\u00edticas para a juventude<\/a>\n\t<\/h3>\n\n\t<div class=\"entry-meta\"><a href=\"https:\/\/comdep.com.br\/?m=20250717\" title=\"14:12\" class=\"data-link\" rel=\"bookmark\"><time class=\"entry-date updated\" datetime=\"2025-07-17T14:12:15-03:00\">17\/07\/2025<\/time><\/a><\/div>\n\t<div class=\"entry-excerpt\"><p>Petr\u00f3polis foi destaque no Semin\u00e1rio de Integra\u00e7\u00e3o Metropolitana \u201cJuventude 4.0: Entre Telas e Trilhas \u2013 Desconectar para Reconectar\u201d, realizado no Museu do Amanh\u00e3, no Rio de Janeiro. O munic\u00edpio foi premiado com o Programa Etic \u2013 Espa\u00e7os de Tecnologia e Inclus\u00e3o Comunit\u00e1ria, e tamb\u00e9m apresentou as a\u00e7\u00f5es bem-sucedidas da Comdep no fortalecimento de pol\u00edticas p\u00fablicas&hellip;<\/p>\n<\/div>\n\t\n<a href=\"https:\/\/comdep.com.br\/?p=17081\" class=\"post-details details-type-link\" aria-label=\"Read more about Petr\u00f3polis \u00e9 premiada em semin\u00e1rio no Rio com projeto de inclus\u00e3o digital e destaca atua\u00e7\u00e3o da Comdep em pol\u00edticas para a juventude\">Read more<i class=\"dt-icon-the7-arrow-03\" aria-hidden=\"true\"><\/i><\/a>\n\n<\/div><\/article><article class=\"post project-odd visible post-17061 type-post status-publish format-standard has-post-thumbnail hentry category-home category-1 description-off\" data-name=\"A\u00e7\u00e3o sustent\u00e1vel recolhe 750 litros de \u00f3leo de cozinha usado durante a Bauernfest 2025\" data-date=\"2025-07-16T15:58:52-03:00\">\n\n<div class=\"post-thumbnail-wrap\">\n\t<div class=\"post-thumbnail\">\n\n\t\t\n\t\t\n\t\t<a href=\"https:\/\/comdep.com.br\/?p=17061\" class=\"post-thumbnail-rollover layzr-bg layzr-bg\" ><img decoding=\"async\" class=\"blog-thumb-lazy-load preload-me lazy-load aspect\" src=\"data:image\/svg+xml,%3Csvg%20xmlns%3D&#39;http%3A%2F%2Fwww.w3.org%2F2000%2Fsvg&#39;%20viewBox%3D&#39;0%200%20768%20512&#39;%2F%3E\" data-src=\"https:\/\/comdep.com.br\/wp-content\/uploads\/2025\/07\/oleo-comdep-768x512.jpeg\" data-srcset=\"https:\/\/comdep.com.br\/wp-content\/uploads\/2025\/07\/oleo-comdep-768x512.jpeg 768w, https:\/\/comdep.com.br\/wp-content\/uploads\/2025\/07\/oleo-comdep-1280x852.jpeg 1280w\" loading=\"eager\" style=\"--ratio: 768 \/ 512\" sizes=\"(max-width: 768px) 100vw, 768px\" alt=\"\" title=\"oleo comdep\" width=\"768\" height=\"512\"  \/><\/a>\n\t<\/div>\n<\/div>\n\n\n<div class=\"post-entry-content\">\n\n\t<h3 class=\"entry-title\">\n\t\t<a href=\"https:\/\/comdep.com.br\/?p=17061\" title=\"A\u00e7\u00e3o sustent\u00e1vel recolhe 750 litros de \u00f3leo de cozinha usado durante a Bauernfest 2025\" rel=\"bookmark\">A\u00e7\u00e3o sustent\u00e1vel recolhe 750 litros de \u00f3leo de cozinha usado durante a Bauernfest 2025<\/a>\n\t<\/h3>\n\n\t<div class=\"entry-meta\"><a href=\"https:\/\/comdep.com.br\/?m=20250716\" title=\"15:58\" class=\"data-link\" rel=\"bookmark\"><time class=\"entry-date updated\" datetime=\"2025-07-16T15:58:52-03:00\">16\/07\/2025<\/time><\/a><\/div>\n\t<div class=\"entry-excerpt\"><p>Mais de 750 litros de \u00f3leo de cozinha usado foram recolhidos e destinados corretamente durante a 36\u00aa edi\u00e7\u00e3o da Bauernfest, realizada entre os dias 27 de junho e 13 de julho de 2025. A a\u00e7\u00e3o foi promovida pela Prefeitura de Petr\u00f3polis, por meio de uma parceria entre a Comdep e o Projeto INcluir Petr\u00f3polis, com&hellip;<\/p>\n<\/div>\n\t\n<a href=\"https:\/\/comdep.com.br\/?p=17061\" class=\"post-details details-type-link\" aria-label=\"Read more about A\u00e7\u00e3o sustent\u00e1vel recolhe 750 litros de \u00f3leo de cozinha usado durante a Bauernfest 2025\">Read more<i class=\"dt-icon-the7-arrow-03\" aria-hidden=\"true\"><\/i><\/a>\n\n<\/div><\/article><article class=\"post project-odd visible post-17054 type-post status-publish format-standard has-post-thumbnail hentry category-home category-1 description-off\" data-name=\"SIPAT 2025: Informa\u00e7\u00e3o, Cuidado e Conscientiza\u00e7\u00e3o para Todos os Colaboradores\" data-date=\"2025-07-16T13:48:36-03:00\">\n\n<div class=\"post-thumbnail-wrap\">\n\t<div class=\"post-thumbnail\">\n\n\t\t\n\t\t\n\t\t<a href=\"https:\/\/comdep.com.br\/?p=17054\" class=\"post-thumbnail-rollover layzr-bg layzr-bg\" ><img decoding=\"async\" class=\"blog-thumb-lazy-load preload-me lazy-load aspect\" src=\"data:image\/svg+xml,%3Csvg%20xmlns%3D&#39;http%3A%2F%2Fwww.w3.org%2F2000%2Fsvg&#39;%20viewBox%3D&#39;0%200%20768%20512&#39;%2F%3E\" data-src=\"https:\/\/comdep.com.br\/wp-content\/uploads\/2025\/07\/SITE-SIPA-2025-768x512.png\" data-srcset=\"https:\/\/comdep.com.br\/wp-content\/uploads\/2025\/07\/SITE-SIPA-2025-768x512.png 768w, https:\/\/comdep.com.br\/wp-content\/uploads\/2025\/07\/SITE-SIPA-2025-1306x870.png 1306w\" loading=\"eager\" style=\"--ratio: 768 \/ 512\" sizes=\"(max-width: 768px) 100vw, 768px\" alt=\"\" title=\"SITE SIPA 2025\" width=\"768\" height=\"512\"  \/><\/a>\n\t<\/div>\n<\/div>\n\n\n<div class=\"post-entry-content\">\n\n\t<h3 class=\"entry-title\">\n\t\t<a href=\"https:\/\/comdep.com.br\/?p=17054\" title=\"SIPAT 2025: Informa\u00e7\u00e3o, Cuidado e Conscientiza\u00e7\u00e3o para Todos os Colaboradores\" rel=\"bookmark\">SIPAT 2025: Informa\u00e7\u00e3o, Cuidado e Conscientiza\u00e7\u00e3o para Todos os Colaboradores<\/a>\n\t<\/h3>\n\n\t<div class=\"entry-meta\"><a href=\"https:\/\/comdep.com.br\/?m=20250716\" title=\"13:48\" class=\"data-link\" rel=\"bookmark\"><time class=\"entry-date updated\" datetime=\"2025-07-16T13:48:36-03:00\">16\/07\/2025<\/time><\/a><\/div>\n\t<div class=\"entry-excerpt\"><p>A Semana Interna de Preven\u00e7\u00e3o de Acidentes do Trabalho (SIPAT) da COMDEP acontece entre os dias 21 e 25 de julho e contar\u00e1 com uma programa\u00e7\u00e3o especial voltada ao bem-estar, sa\u00fade e seguran\u00e7a dos colaboradores. Ser\u00e3o palestras com profissionais qualificados abordando temas como sa\u00fade mental, intelig\u00eancia emocional, preven\u00e7\u00e3o de inc\u00eandios, ass\u00e9dio no ambiente de trabalho&hellip;<\/p>\n<\/div>\n\t\n<a href=\"https:\/\/comdep.com.br\/?p=17054\" class=\"post-details details-type-link\" aria-label=\"Read more about SIPAT 2025: Informa\u00e7\u00e3o, Cuidado e Conscientiza\u00e7\u00e3o para Todos os Colaboradores\">Read more<i class=\"dt-icon-the7-arrow-03\" aria-hidden=\"true\"><\/i><\/a>\n\n<\/div><\/article><article class=\"post project-odd visible post-17011 type-post status-publish format-standard has-post-thumbnail hentry category-home category-1 description-off\" data-name=\"Coleta seletiva recolhe 1,6 tonelada de recicl\u00e1veis na 36\u00aa Bauernfest\" data-date=\"2025-07-15T10:32:50-03:00\">\n\n<div class=\"post-thumbnail-wrap\">\n\t<div class=\"post-thumbnail\">\n\n\t\t\n\t\t\n\t\t<a href=\"https:\/\/comdep.com.br\/?p=17011\" class=\"post-thumbnail-rollover layzr-bg layzr-bg\" ><img decoding=\"async\" class=\"blog-thumb-lazy-load preload-me lazy-load aspect\" src=\"data:image\/svg+xml,%3Csvg%20xmlns%3D&#39;http%3A%2F%2Fwww.w3.org%2F2000%2Fsvg&#39;%20viewBox%3D&#39;0%200%20768%20512&#39;%2F%3E\" data-src=\"https:\/\/comdep.com.br\/wp-content\/uploads\/2025\/07\/WhatsApp-Image-2025-07-15-at-10.24.21-768x512.jpeg\" data-srcset=\"https:\/\/comdep.com.br\/wp-content\/uploads\/2025\/07\/WhatsApp-Image-2025-07-15-at-10.24.21-768x512.jpeg 768w, https:\/\/comdep.com.br\/wp-content\/uploads\/2025\/07\/WhatsApp-Image-2025-07-15-at-10.24.21-1306x870.jpeg 1306w\" loading=\"eager\" style=\"--ratio: 768 \/ 512\" sizes=\"(max-width: 768px) 100vw, 768px\" alt=\"\" title=\"WhatsApp Image 2025-07-15 at 10.24.21\" width=\"768\" height=\"512\"  \/><\/a>\n\t<\/div>\n<\/div>\n\n\n<div class=\"post-entry-content\">\n\n\t<h3 class=\"entry-title\">\n\t\t<a href=\"https:\/\/comdep.com.br\/?p=17011\" title=\"Coleta seletiva recolhe 1,6 tonelada de recicl\u00e1veis na 36\u00aa Bauernfest\" rel=\"bookmark\">Coleta seletiva recolhe 1,6 tonelada de recicl\u00e1veis na 36\u00aa Bauernfest<\/a>\n\t<\/h3>\n\n\t<div class=\"entry-meta\"><a href=\"https:\/\/comdep.com.br\/?m=20250715\" title=\"10:32\" class=\"data-link\" rel=\"bookmark\"><time class=\"entry-date updated\" datetime=\"2025-07-15T10:32:50-03:00\">15\/07\/2025<\/time><\/a><\/div>\n\t<div class=\"entry-excerpt\"><p>A 36\u00aa edi\u00e7\u00e3o da Bauernfest, realizada entre os dias 27 de junho e 13 de julho no Pal\u00e1cio de Cristal, tamb\u00e9m foi marcada pelo refor\u00e7o nas a\u00e7\u00f5es de sustentabilidade. Durante os 17 dias de evento, a Prefeitura, por meio da Comdep, recolheu aproximadamente 1,6 tonelada de res\u00edduos recicl\u00e1veis, resultado da correta destina\u00e7\u00e3o feita pelos visitantes&hellip;<\/p>\n<\/div>\n\t\n<a href=\"https:\/\/comdep.com.br\/?p=17011\" class=\"post-details details-type-link\" aria-label=\"Read more about Coleta seletiva recolhe 1,6 tonelada de recicl\u00e1veis na 36\u00aa Bauernfest\">Read more<i class=\"dt-icon-the7-arrow-03\" aria-hidden=\"true\"><\/i><\/a>\n\n<\/div><\/article><article class=\"post project-odd visible post-17008 type-post status-publish format-standard has-post-thumbnail hentry category-home category-1 description-off\" data-name=\"Mosela recebe Petr\u00f3polis do Bem neste s\u00e1bado (12\/07)\" data-date=\"2025-07-14T09:45:47-03:00\">\n\n<div class=\"post-thumbnail-wrap\">\n\t<div class=\"post-thumbnail\">\n\n\t\t\n\t\t\n\t\t<a href=\"https:\/\/comdep.com.br\/?p=17008\" class=\"post-thumbnail-rollover layzr-bg layzr-bg\" ><img decoding=\"async\" class=\"blog-thumb-lazy-load preload-me lazy-load aspect\" src=\"data:image\/svg+xml,%3Csvg%20xmlns%3D&#39;http%3A%2F%2Fwww.w3.org%2F2000%2Fsvg&#39;%20viewBox%3D&#39;0%200%20768%20512&#39;%2F%3E\" data-src=\"https:\/\/comdep.com.br\/wp-content\/uploads\/2025\/07\/03-1-768x512.jpg\" data-srcset=\"https:\/\/comdep.com.br\/wp-content\/uploads\/2025\/07\/03-1-768x512.jpg 768w, https:\/\/comdep.com.br\/wp-content\/uploads\/2025\/07\/03-1.jpg 900w\" loading=\"eager\" style=\"--ratio: 768 \/ 512\" sizes=\"(max-width: 768px) 100vw, 768px\" alt=\"\" title=\"03\" width=\"768\" height=\"512\"  \/><\/a>\n\t<\/div>\n<\/div>\n\n\n<div class=\"post-entry-content\">\n\n\t<h3 class=\"entry-title\">\n\t\t<a href=\"https:\/\/comdep.com.br\/?p=17008\" title=\"Mosela recebe Petr\u00f3polis do Bem neste s\u00e1bado (12\/07)\" rel=\"bookmark\">Mosela recebe Petr\u00f3polis do Bem neste s\u00e1bado (12\/07)<\/a>\n\t<\/h3>\n\n\t<div class=\"entry-meta\"><a href=\"https:\/\/comdep.com.br\/?m=20250714\" title=\"09:45\" class=\"data-link\" rel=\"bookmark\"><time class=\"entry-date updated\" datetime=\"2025-07-14T09:45:47-03:00\">14\/07\/2025<\/time><\/a><\/div>\n\t<div class=\"entry-excerpt\"><p>A\u00e7\u00f5es v\u00e3o acontecer na Escola S\u00e3o Judas Tadeu, entre 09h e 17h O programa Petr\u00f3polis do Bem chega a Mosela neste s\u00e1bado (12\/07). A Prefeitura vai reunir diversas secretarias municipais, entidades parceiras e volunt\u00e1rios na Escola S\u00e3o Judas Tadeu, entre 09h e 17h, para levar servi\u00e7os para mais perto dos moradores. Nesta edi\u00e7\u00e3o, o evento&hellip;<\/p>\n<\/div>\n\t\n<a href=\"https:\/\/comdep.com.br\/?p=17008\" class=\"post-details details-type-link\" aria-label=\"Read more about Mosela recebe Petr\u00f3polis do Bem neste s\u00e1bado (12\/07)\">Read more<i class=\"dt-icon-the7-arrow-03\" aria-hidden=\"true\"><\/i><\/a>\n\n<\/div><\/article><article class=\"post project-odd visible post-17005 type-post status-publish format-standard has-post-thumbnail hentry category-home category-1 description-off\" data-name=\"Bauernfest conta com coleta de \u00f3leo de cozinha usado nas barracas\" data-date=\"2025-07-14T09:42:58-03:00\">\n\n<div class=\"post-thumbnail-wrap\">\n\t<div class=\"post-thumbnail\">\n\n\t\t\n\t\t\n\t\t<a href=\"https:\/\/comdep.com.br\/?p=17005\" class=\"post-thumbnail-rollover layzr-bg layzr-bg\" ><img decoding=\"async\" class=\"blog-thumb-lazy-load preload-me lazy-load aspect\" src=\"data:image\/svg+xml,%3Csvg%20xmlns%3D&#39;http%3A%2F%2Fwww.w3.org%2F2000%2Fsvg&#39;%20viewBox%3D&#39;0%200%20768%20512&#39;%2F%3E\" data-src=\"https:\/\/comdep.com.br\/wp-content\/uploads\/2025\/07\/02-1-768x512.jpg\" data-srcset=\"https:\/\/comdep.com.br\/wp-content\/uploads\/2025\/07\/02-1-768x512.jpg 768w, https:\/\/comdep.com.br\/wp-content\/uploads\/2025\/07\/02-1-900x599.jpg 900w\" loading=\"eager\" style=\"--ratio: 768 \/ 512\" sizes=\"(max-width: 768px) 100vw, 768px\" alt=\"\" title=\"02\" width=\"768\" height=\"512\"  \/><\/a>\n\t<\/div>\n<\/div>\n\n\n<div class=\"post-entry-content\">\n\n\t<h3 class=\"entry-title\">\n\t\t<a href=\"https:\/\/comdep.com.br\/?p=17005\" title=\"Bauernfest conta com coleta de \u00f3leo de cozinha usado nas barracas\" rel=\"bookmark\">Bauernfest conta com coleta de \u00f3leo de cozinha usado nas barracas<\/a>\n\t<\/h3>\n\n\t<div class=\"entry-meta\"><a href=\"https:\/\/comdep.com.br\/?m=20250714\" title=\"09:42\" class=\"data-link\" rel=\"bookmark\"><time class=\"entry-date updated\" datetime=\"2025-07-14T09:42:58-03:00\">14\/07\/2025<\/time><\/a><\/div>\n\t<div class=\"entry-excerpt\"><p>Como parte das a\u00e7\u00f5es de sustentabilidade da 36\u00aa Bauernfest, bombonas para o descarte de \u00f3leo de cozinha usado foram disponibilizadas em pontos estrat\u00e9gicos da festa, por meio de uma parceria entre a Prefeitura e o projeto INcluir Petr\u00f3polis. A iniciativa visa garantir a destina\u00e7\u00e3o ambientalmente adequada do res\u00edduo, com benef\u00edcios diretos para o munic\u00edpio. As&hellip;<\/p>\n<\/div>\n\t\n<a href=\"https:\/\/comdep.com.br\/?p=17005\" class=\"post-details details-type-link\" aria-label=\"Read more about Bauernfest conta com coleta de \u00f3leo de cozinha usado nas barracas\">Read more<i class=\"dt-icon-the7-arrow-03\" aria-hidden=\"true\"><\/i><\/a>\n\n<\/div><\/article><article class=\"post project-odd visible post-17002 type-post status-publish format-standard has-post-thumbnail hentry category-home category-1 description-off\" data-name=\"Confer\u00eancia Municipal da Sa\u00fade re\u00fane mais de 300 pessoas\" data-date=\"2025-07-14T09:41:38-03:00\">\n\n<div class=\"post-thumbnail-wrap\">\n\t<div class=\"post-thumbnail\">\n\n\t\t\n\t\t\n\t\t<a href=\"https:\/\/comdep.com.br\/?p=17002\" class=\"post-thumbnail-rollover layzr-bg layzr-bg\" ><img decoding=\"async\" class=\"blog-thumb-lazy-load preload-me lazy-load aspect\" src=\"data:image\/svg+xml,%3Csvg%20xmlns%3D&#39;http%3A%2F%2Fwww.w3.org%2F2000%2Fsvg&#39;%20viewBox%3D&#39;0%200%20768%20512&#39;%2F%3E\" data-src=\"https:\/\/comdep.com.br\/wp-content\/uploads\/2025\/07\/01-1-768x512.jpg\" data-srcset=\"https:\/\/comdep.com.br\/wp-content\/uploads\/2025\/07\/01-1-768x512.jpg 768w, https:\/\/comdep.com.br\/wp-content\/uploads\/2025\/07\/01-1.jpg 900w\" loading=\"eager\" style=\"--ratio: 768 \/ 512\" sizes=\"(max-width: 768px) 100vw, 768px\" alt=\"\" title=\"01\" width=\"768\" height=\"512\"  \/><\/a>\n\t<\/div>\n<\/div>\n\n\n<div class=\"post-entry-content\">\n\n\t<h3 class=\"entry-title\">\n\t\t<a href=\"https:\/\/comdep.com.br\/?p=17002\" title=\"Confer\u00eancia Municipal da Sa\u00fade re\u00fane mais de 300 pessoas\" rel=\"bookmark\">Confer\u00eancia Municipal da Sa\u00fade re\u00fane mais de 300 pessoas<\/a>\n\t<\/h3>\n\n\t<div class=\"entry-meta\"><a href=\"https:\/\/comdep.com.br\/?m=20250714\" title=\"09:41\" class=\"data-link\" rel=\"bookmark\"><time class=\"entry-date updated\" datetime=\"2025-07-14T09:41:38-03:00\">14\/07\/2025<\/time><\/a><\/div>\n\t<div class=\"entry-excerpt\"><p>Mais de 300 pessoas participaram neste s\u00e1bado (05\/07) da XVII Confer\u00eancia Municipal de Sa\u00fade, promovida pela Prefeitura e o Conselho Municipal de Sa\u00fade (Comsa\u00fade). O evento aconteceu no audit\u00f3rio da Unifase com objetivo de discutir propostas para a constru\u00e7\u00e3o do plano municipal de sa\u00fade para os pr\u00f3ximos quatro anos. Com o tema \u201cA sa\u00fade que&hellip;<\/p>\n<\/div>\n\t\n<a href=\"https:\/\/comdep.com.br\/?p=17002\" class=\"post-details details-type-link\" aria-label=\"Read more about Confer\u00eancia Municipal da Sa\u00fade re\u00fane mais de 300 pessoas\">Read more<i class=\"dt-icon-the7-arrow-03\" aria-hidden=\"true\"><\/i><\/a>\n\n<\/div><\/article><article class=\"post project-odd visible no-img post-17000 type-post status-publish format-standard hentry category-home category-1 description-off\" data-name=\"Comdep participa do projeto Nossa Cidade, Nossa Hist\u00f3ria: sustentabilidade e pertencimento\" data-date=\"2025-07-14T09:39:22-03:00\">\n\n<div class=\"post-entry-content\">\n\n\t<h3 class=\"entry-title\">\n\t\t<a href=\"https:\/\/comdep.com.br\/?p=17000\" title=\"Comdep participa do projeto Nossa Cidade, Nossa Hist\u00f3ria: sustentabilidade e pertencimento\" rel=\"bookmark\">Comdep participa do projeto Nossa Cidade, Nossa Hist\u00f3ria: sustentabilidade e pertencimento<\/a>\n\t<\/h3>\n\n\t<div class=\"entry-meta\"><a href=\"https:\/\/comdep.com.br\/?m=20250714\" title=\"09:39\" class=\"data-link\" rel=\"bookmark\"><time class=\"entry-date updated\" datetime=\"2025-07-14T09:39:22-03:00\">14\/07\/2025<\/time><\/a><\/div>\n\t<div class=\"entry-excerpt\"><p>Funcion\u00e1rios da Comdep est\u00e3o participando do projeto Nossa Cidade, Nossa Hist\u00f3ria: Sustentabilidade e Pertencimento, uma parceria da Prefeitura com a historiadora V\u00e2nia Nicolau de Oliveira. A iniciativa tem como objetivo promover o acesso \u00e0 cultura e ao conhecimento hist\u00f3rico da cidade. A proposta busca valorizar a contribui\u00e7\u00e3o dos profissionais para o cotidiano e os grandes&hellip;<\/p>\n<\/div>\n\t\n<a href=\"https:\/\/comdep.com.br\/?p=17000\" class=\"post-details details-type-link\" aria-label=\"Read more about Comdep participa do projeto Nossa Cidade, Nossa Hist\u00f3ria: sustentabilidade e pertencimento\">Read more<i class=\"dt-icon-the7-arrow-03\" aria-hidden=\"true\"><\/i><\/a>\n\n<\/div><\/article><article class=\"post project-odd visible post-16700 type-post status-publish format-standard has-post-thumbnail hentry category-home category-1 description-off\" data-name=\"Prefeitura realiza a\u00e7\u00e3o de conscientiza\u00e7\u00e3o sobre descarte correto de res\u00edduos no Centro Hist\u00f3rico\" data-date=\"2025-07-04T09:13:32-03:00\">\n\n<div class=\"post-thumbnail-wrap\">\n\t<div class=\"post-thumbnail\">\n\n\t\t\n\t\t\n\t\t<a href=\"https:\/\/comdep.com.br\/?p=16700\" class=\"post-thumbnail-rollover layzr-bg layzr-bg\" ><img decoding=\"async\" class=\"blog-thumb-lazy-load preload-me lazy-load aspect\" src=\"data:image\/svg+xml,%3Csvg%20xmlns%3D&#39;http%3A%2F%2Fwww.w3.org%2F2000%2Fsvg&#39;%20viewBox%3D&#39;0%200%20768%20512&#39;%2F%3E\" data-src=\"https:\/\/comdep.com.br\/wp-content\/uploads\/2025\/07\/05-768x512.jpg\" data-srcset=\"https:\/\/comdep.com.br\/wp-content\/uploads\/2025\/07\/05-768x512.jpg 768w, https:\/\/comdep.com.br\/wp-content\/uploads\/2025\/07\/05-900x599.jpg 900w\" loading=\"eager\" style=\"--ratio: 768 \/ 512\" sizes=\"(max-width: 768px) 100vw, 768px\" alt=\"\" title=\"05\" width=\"768\" height=\"512\"  \/><\/a>\n\t<\/div>\n<\/div>\n\n\n<div class=\"post-entry-content\">\n\n\t<h3 class=\"entry-title\">\n\t\t<a href=\"https:\/\/comdep.com.br\/?p=16700\" title=\"Prefeitura realiza a\u00e7\u00e3o de conscientiza\u00e7\u00e3o sobre descarte correto de res\u00edduos no Centro Hist\u00f3rico\" rel=\"bookmark\">Prefeitura realiza a\u00e7\u00e3o de conscientiza\u00e7\u00e3o sobre descarte correto de res\u00edduos no Centro Hist\u00f3rico<\/a>\n\t<\/h3>\n\n\t<div class=\"entry-meta\"><a href=\"https:\/\/comdep.com.br\/?m=20250704\" title=\"09:13\" class=\"data-link\" rel=\"bookmark\"><time class=\"entry-date updated\" datetime=\"2025-07-04T09:13:32-03:00\">04\/07\/2025<\/time><\/a><\/div>\n\t<div class=\"entry-excerpt\"><p>Equipes da Companhia Municipal de Desenvolvimento de Petr\u00f3polis (Comdep) realizaram uma a\u00e7\u00e3o de conscientiza\u00e7\u00e3o voltada aos comerciantes do Centro. O objetivo foi refor\u00e7ar a import\u00e2ncia do descarte correto de res\u00edduos, que devem ser colocados nas cal\u00e7adas apenas ap\u00f3s \u00e0s 19h, hor\u00e1rio que coincide com o encerramento do expediente do com\u00e9rcio. A a\u00e7\u00e3o aconteceu nesta sexta-feira&hellip;<\/p>\n<\/div>\n\t\n<a href=\"https:\/\/comdep.com.br\/?p=16700\" class=\"post-details details-type-link\" aria-label=\"Read more about Prefeitura realiza a\u00e7\u00e3o de conscientiza\u00e7\u00e3o sobre descarte correto de res\u00edduos no Centro Hist\u00f3rico\">Read more<i class=\"dt-icon-the7-arrow-03\" aria-hidden=\"true\"><\/i><\/a>\n\n<\/div><\/article><article class=\"post project-odd visible post-16697 type-post status-publish format-standard has-post-thumbnail hentry category-home category-1 description-off\" data-name=\"Prefeitura prorroga Campanha do Agasalho at\u00e9 fim de julho\" data-date=\"2025-07-04T09:11:01-03:00\">\n\n<div class=\"post-thumbnail-wrap\">\n\t<div class=\"post-thumbnail\">\n\n\t\t\n\t\t\n\t\t<a href=\"https:\/\/comdep.com.br\/?p=16697\" class=\"post-thumbnail-rollover layzr-bg layzr-bg\" ><img decoding=\"async\" class=\"blog-thumb-lazy-load preload-me lazy-load aspect\" src=\"data:image\/svg+xml,%3Csvg%20xmlns%3D&#39;http%3A%2F%2Fwww.w3.org%2F2000%2Fsvg&#39;%20viewBox%3D&#39;0%200%20768%20512&#39;%2F%3E\" data-src=\"https:\/\/comdep.com.br\/wp-content\/uploads\/2025\/07\/04-768x512.jpg\" data-srcset=\"https:\/\/comdep.com.br\/wp-content\/uploads\/2025\/07\/04-768x512.jpg 768w, https:\/\/comdep.com.br\/wp-content\/uploads\/2025\/07\/04-900x599.jpg 900w\" loading=\"eager\" style=\"--ratio: 768 \/ 512\" sizes=\"(max-width: 768px) 100vw, 768px\" alt=\"\" title=\"04\" width=\"768\" height=\"512\"  \/><\/a>\n\t<\/div>\n<\/div>\n\n\n<div class=\"post-entry-content\">\n\n\t<h3 class=\"entry-title\">\n\t\t<a href=\"https:\/\/comdep.com.br\/?p=16697\" title=\"Prefeitura prorroga Campanha do Agasalho at\u00e9 fim de julho\" rel=\"bookmark\">Prefeitura prorroga Campanha do Agasalho at\u00e9 fim de julho<\/a>\n\t<\/h3>\n\n\t<div class=\"entry-meta\"><a href=\"https:\/\/comdep.com.br\/?m=20250704\" title=\"09:11\" class=\"data-link\" rel=\"bookmark\"><time class=\"entry-date updated\" datetime=\"2025-07-04T09:11:01-03:00\">04\/07\/2025<\/time><\/a><\/div>\n\t<div class=\"entry-excerpt\"><p>Mais de 800 itens j\u00e1 foram arrecadados; doa\u00e7\u00f5es podem ser feitas em nove locais A Prefeitura prorrogou a Campanha do Agasalho 2025 at\u00e9 o fim de julho. As doa\u00e7\u00f5es de agasalhos, roupas, cobertores e mantas continuam em nove locais e tem como objetivo minimizar o impacto do inverno para a popula\u00e7\u00e3o mais vulner\u00e1vel. At\u00e9 aqui,&hellip;<\/p>\n<\/div>\n\t\n<a href=\"https:\/\/comdep.com.br\/?p=16697\" class=\"post-details details-type-link\" aria-label=\"Read more about Prefeitura prorroga Campanha do Agasalho at\u00e9 fim de julho\">Read more<i class=\"dt-icon-the7-arrow-03\" aria-hidden=\"true\"><\/i><\/a>\n\n<\/div><\/article><article class=\"post project-odd visible post-16694 type-post status-publish format-standard has-post-thumbnail hentry category-home category-1 description-off\" data-name=\"Prefeitura inicia busca ativa por im\u00f3veis que ainda n\u00e3o aderiram a coleta seletiva\" data-date=\"2025-07-04T09:09:40-03:00\">\n\n<div class=\"post-thumbnail-wrap\">\n\t<div class=\"post-thumbnail\">\n\n\t\t\n\t\t\n\t\t<a href=\"https:\/\/comdep.com.br\/?p=16694\" class=\"post-thumbnail-rollover layzr-bg layzr-bg\" ><img decoding=\"async\" class=\"blog-thumb-lazy-load preload-me lazy-load aspect\" src=\"data:image\/svg+xml,%3Csvg%20xmlns%3D&#39;http%3A%2F%2Fwww.w3.org%2F2000%2Fsvg&#39;%20viewBox%3D&#39;0%200%20768%20512&#39;%2F%3E\" data-src=\"https:\/\/comdep.com.br\/wp-content\/uploads\/2025\/07\/03-768x512.jpg\" data-srcset=\"https:\/\/comdep.com.br\/wp-content\/uploads\/2025\/07\/03-768x512.jpg 768w, https:\/\/comdep.com.br\/wp-content\/uploads\/2025\/07\/03-900x599.jpg 900w\" loading=\"eager\" style=\"--ratio: 768 \/ 512\" sizes=\"(max-width: 768px) 100vw, 768px\" alt=\"\" title=\"03\" width=\"768\" height=\"512\"  \/><\/a>\n\t<\/div>\n<\/div>\n\n\n<div class=\"post-entry-content\">\n\n\t<h3 class=\"entry-title\">\n\t\t<a href=\"https:\/\/comdep.com.br\/?p=16694\" title=\"Prefeitura inicia busca ativa por im\u00f3veis que ainda n\u00e3o aderiram a coleta seletiva\" rel=\"bookmark\">Prefeitura inicia busca ativa por im\u00f3veis que ainda n\u00e3o aderiram a coleta seletiva<\/a>\n\t<\/h3>\n\n\t<div class=\"entry-meta\"><a href=\"https:\/\/comdep.com.br\/?m=20250704\" title=\"09:09\" class=\"data-link\" rel=\"bookmark\"><time class=\"entry-date updated\" datetime=\"2025-07-04T09:09:40-03:00\">04\/07\/2025<\/time><\/a><\/div>\n\t<div class=\"entry-excerpt\"><p>A Prefeitura iniciou uma busca ativa de im\u00f3veis localizados dentro das rotas j\u00e1 atendidas pela Coleta Seletiva, mas que ainda n\u00e3o participam do programa. O objetivo da a\u00e7\u00e3o \u00e9 ampliar a ades\u00e3o dos moradores e refor\u00e7ar a import\u00e2ncia da separa\u00e7\u00e3o correta dos res\u00edduos recicl\u00e1veis. Neste primeiro momento, o trabalho est\u00e1 sendo realizado nas ruas Coronel&hellip;<\/p>\n<\/div>\n\t\n<a href=\"https:\/\/comdep.com.br\/?p=16694\" class=\"post-details details-type-link\" aria-label=\"Read more about Prefeitura inicia busca ativa por im\u00f3veis que ainda n\u00e3o aderiram a coleta seletiva\">Read more<i class=\"dt-icon-the7-arrow-03\" aria-hidden=\"true\"><\/i><\/a>\n\n<\/div><\/article><article class=\"post project-odd visible post-16691 type-post status-publish format-standard has-post-thumbnail hentry category-home category-1 description-off\" data-name=\"Prefeitura leva idosos para visitar pontos tur\u00edsticos\" data-date=\"2025-07-04T09:08:11-03:00\">\n\n<div class=\"post-thumbnail-wrap\">\n\t<div class=\"post-thumbnail\">\n\n\t\t\n\t\t\n\t\t<a href=\"https:\/\/comdep.com.br\/?p=16691\" class=\"post-thumbnail-rollover layzr-bg layzr-bg\" ><img decoding=\"async\" class=\"blog-thumb-lazy-load preload-me lazy-load aspect\" src=\"data:image\/svg+xml,%3Csvg%20xmlns%3D&#39;http%3A%2F%2Fwww.w3.org%2F2000%2Fsvg&#39;%20viewBox%3D&#39;0%200%20768%20512&#39;%2F%3E\" data-src=\"https:\/\/comdep.com.br\/wp-content\/uploads\/2025\/07\/02-768x512.jpg\" data-srcset=\"https:\/\/comdep.com.br\/wp-content\/uploads\/2025\/07\/02-768x512.jpg 768w, https:\/\/comdep.com.br\/wp-content\/uploads\/2025\/07\/02-900x599.jpg 900w\" loading=\"eager\" style=\"--ratio: 768 \/ 512\" sizes=\"(max-width: 768px) 100vw, 768px\" alt=\"\" title=\"02\" width=\"768\" height=\"512\"  \/><\/a>\n\t<\/div>\n<\/div>\n\n\n<div class=\"post-entry-content\">\n\n\t<h3 class=\"entry-title\">\n\t\t<a href=\"https:\/\/comdep.com.br\/?p=16691\" title=\"Prefeitura leva idosos para visitar pontos tur\u00edsticos\" rel=\"bookmark\">Prefeitura leva idosos para visitar pontos tur\u00edsticos<\/a>\n\t<\/h3>\n\n\t<div class=\"entry-meta\"><a href=\"https:\/\/comdep.com.br\/?m=20250704\" title=\"09:08\" class=\"data-link\" rel=\"bookmark\"><time class=\"entry-date updated\" datetime=\"2025-07-04T09:08:11-03:00\">04\/07\/2025<\/time><\/a><\/div>\n\t<div class=\"entry-excerpt\"><p>A\u00e7\u00e3o \u00e9 em parceria com o Comtur e a Associa\u00e7\u00e3o de Guias Tur\u00edsticos Um grupo de 25 idosos funcion\u00e1rios da Companhia Municipal de Desenvolvimento de Petr\u00f3polis (Comdep), participou de um passeio cultural pela cidade. A atividade, promovida pela Prefeitura, em parceria com o Conselho Municipal de Turismo (Comtur) e a Associa\u00e7\u00e3o dos Guias Tur\u00edsticos de&hellip;<\/p>\n<\/div>\n\t\n<a href=\"https:\/\/comdep.com.br\/?p=16691\" class=\"post-details details-type-link\" aria-label=\"Read more about Prefeitura leva idosos para visitar pontos tur\u00edsticos\">Read more<i class=\"dt-icon-the7-arrow-03\" aria-hidden=\"true\"><\/i><\/a>\n\n<\/div><\/article><article class=\"post project-odd visible post-16688 type-post status-publish format-standard has-post-thumbnail hentry category-home category-1 description-off\" data-name=\"Prefeitura promove teatro e a\u00e7\u00f5es educativas sobre meio ambiente e valoriza\u00e7\u00e3o das profiss\u00f5es nas escolas\" data-date=\"2025-07-04T09:06:30-03:00\">\n\n<div class=\"post-thumbnail-wrap\">\n\t<div class=\"post-thumbnail\">\n\n\t\t\n\t\t\n\t\t<a href=\"https:\/\/comdep.com.br\/?p=16688\" class=\"post-thumbnail-rollover layzr-bg layzr-bg\" ><img decoding=\"async\" class=\"blog-thumb-lazy-load preload-me lazy-load aspect\" src=\"data:image\/svg+xml,%3Csvg%20xmlns%3D&#39;http%3A%2F%2Fwww.w3.org%2F2000%2Fsvg&#39;%20viewBox%3D&#39;0%200%20768%20512&#39;%2F%3E\" data-src=\"https:\/\/comdep.com.br\/wp-content\/uploads\/2025\/07\/01-768x512.jpg\" data-srcset=\"https:\/\/comdep.com.br\/wp-content\/uploads\/2025\/07\/01-768x512.jpg 768w, https:\/\/comdep.com.br\/wp-content\/uploads\/2025\/07\/01-833x555.jpg 833w\" loading=\"eager\" style=\"--ratio: 768 \/ 512\" sizes=\"(max-width: 768px) 100vw, 768px\" alt=\"\" title=\"01\" width=\"768\" height=\"512\"  \/><\/a>\n\t<\/div>\n<\/div>\n\n\n<div class=\"post-entry-content\">\n\n\t<h3 class=\"entry-title\">\n\t\t<a href=\"https:\/\/comdep.com.br\/?p=16688\" title=\"Prefeitura promove teatro e a\u00e7\u00f5es educativas sobre meio ambiente e valoriza\u00e7\u00e3o das profiss\u00f5es nas escolas\" rel=\"bookmark\">Prefeitura promove teatro e a\u00e7\u00f5es educativas sobre meio ambiente e valoriza\u00e7\u00e3o das profiss\u00f5es nas escolas<\/a>\n\t<\/h3>\n\n\t<div class=\"entry-meta\"><a href=\"https:\/\/comdep.com.br\/?m=20250704\" title=\"09:06\" class=\"data-link\" rel=\"bookmark\"><time class=\"entry-date updated\" datetime=\"2025-07-04T09:06:30-03:00\">04\/07\/2025<\/time><\/a><\/div>\n\t<div class=\"entry-excerpt\"><p>A Prefeitura est\u00e1 levando \u00e0s escolas da cidade uma importante iniciativa de educa\u00e7\u00e3o ambiental e cidadania. Com apresenta\u00e7\u00f5es teatrais realizadas pela Cia. Os Impar\u00e1veis \u2014 formada por funcion\u00e1rios da Comdep, s\u00f3 este ano mais de 600 estudantes da rede p\u00fablica e privada assistiram as esquetes e pe\u00e7as sobre a preserva\u00e7\u00e3o do meio ambiente, a coleta&hellip;<\/p>\n<\/div>\n\t\n<a href=\"https:\/\/comdep.com.br\/?p=16688\" class=\"post-details details-type-link\" aria-label=\"Read more about Prefeitura promove teatro e a\u00e7\u00f5es educativas sobre meio ambiente e valoriza\u00e7\u00e3o das profiss\u00f5es nas escolas\">Read more<i class=\"dt-icon-the7-arrow-03\" aria-hidden=\"true\"><\/i><\/a>\n\n<\/div><\/article><article class=\"post project-odd visible post-16269 type-post status-publish format-standard has-post-thumbnail hentry category-home category-1 description-off\" data-name=\"Bosque do Imperador recebe limpeza e melhorias\" data-date=\"2025-02-27T14:52:15-03:00\">\n\n<div class=\"post-thumbnail-wrap\">\n\t<div class=\"post-thumbnail\">\n\n\t\t\n\t\t\n\t\t<a href=\"https:\/\/comdep.com.br\/?p=16269\" class=\"post-thumbnail-rollover layzr-bg layzr-bg\" ><img decoding=\"async\" class=\"blog-thumb-lazy-load preload-me lazy-load aspect\" src=\"data:image\/svg+xml,%3Csvg%20xmlns%3D&#39;http%3A%2F%2Fwww.w3.org%2F2000%2Fsvg&#39;%20viewBox%3D&#39;0%200%20768%20512&#39;%2F%3E\" data-src=\"https:\/\/comdep.com.br\/wp-content\/uploads\/2025\/02\/5c47c0a47f730ad1f23573fdb1864f08_XL-768x512.jpg\" data-srcset=\"https:\/\/comdep.com.br\/wp-content\/uploads\/2025\/02\/5c47c0a47f730ad1f23573fdb1864f08_XL-768x512.jpg 768w, https:\/\/comdep.com.br\/wp-content\/uploads\/2025\/02\/5c47c0a47f730ad1f23573fdb1864f08_XL-900x599.jpg 900w\" loading=\"eager\" style=\"--ratio: 768 \/ 512\" sizes=\"(max-width: 768px) 100vw, 768px\" alt=\"\" title=\"5c47c0a47f730ad1f23573fdb1864f08_XL\" width=\"768\" height=\"512\"  \/><\/a>\n\t<\/div>\n<\/div>\n\n\n<div class=\"post-entry-content\">\n\n\t<h3 class=\"entry-title\">\n\t\t<a href=\"https:\/\/comdep.com.br\/?p=16269\" title=\"Bosque do Imperador recebe limpeza e melhorias\" rel=\"bookmark\">Bosque do Imperador recebe limpeza e melhorias<\/a>\n\t<\/h3>\n\n\t<div class=\"entry-meta\"><a href=\"https:\/\/comdep.com.br\/?m=20250227\" title=\"14:52\" class=\"data-link\" rel=\"bookmark\"><time class=\"entry-date updated\" datetime=\"2025-02-27T14:52:15-03:00\">27\/02\/2025<\/time><\/a><\/div>\n\t<div class=\"entry-excerpt\"><p>O Bosque do Imperador, tamb\u00e9m conhecido como &#8220;Pra\u00e7a do Cenip&#8221; est\u00e1 recebendo uma s\u00e9rie de a\u00e7\u00f5es de manuten\u00e7\u00e3o e limpeza para melhorar a infraestrutura e garantir a seguran\u00e7a dos visitantes. A Prefeitura, por meio da Companhia Municipal de Desenvolvimento (Comdep), est\u00e1 executando um trabalho de revitaliza\u00e7\u00e3o, que inclui a limpeza do chafariz, corte de grama,&hellip;<\/p>\n<\/div>\n\t\n<a href=\"https:\/\/comdep.com.br\/?p=16269\" class=\"post-details details-type-link\" aria-label=\"Read more about Bosque do Imperador recebe limpeza e melhorias\">Read more<i class=\"dt-icon-the7-arrow-03\" aria-hidden=\"true\"><\/i><\/a>\n\n<\/div><\/article><article class=\"post project-odd visible post-16121 type-post status-publish format-standard has-post-thumbnail hentry category-home category-1 description-off\" data-name=\"Prefeitura inicia lavagem e higieniza\u00e7\u00e3o dos terminais de \u00f4nibus do munic\u00edpio\" data-date=\"2025-01-28T09:41:44-03:00\">\n\n<div class=\"post-thumbnail-wrap\">\n\t<div class=\"post-thumbnail\">\n\n\t\t\n\t\t\n\t\t<a href=\"https:\/\/comdep.com.br\/?p=16121\" class=\"post-thumbnail-rollover layzr-bg layzr-bg\" ><img decoding=\"async\" class=\"blog-thumb-lazy-load preload-me lazy-load aspect\" src=\"data:image\/svg+xml,%3Csvg%20xmlns%3D&#39;http%3A%2F%2Fwww.w3.org%2F2000%2Fsvg&#39;%20viewBox%3D&#39;0%200%20768%20512&#39;%2F%3E\" data-src=\"https:\/\/comdep.com.br\/wp-content\/uploads\/2025\/01\/08-768x512.jpg\" data-srcset=\"https:\/\/comdep.com.br\/wp-content\/uploads\/2025\/01\/08-768x512.jpg 768w, https:\/\/comdep.com.br\/wp-content\/uploads\/2025\/01\/08.jpg 900w\" loading=\"eager\" style=\"--ratio: 768 \/ 512\" sizes=\"(max-width: 768px) 100vw, 768px\" alt=\"\" title=\"08\" width=\"768\" height=\"512\"  \/><\/a>\n\t<\/div>\n<\/div>\n\n\n<div class=\"post-entry-content\">\n\n\t<h3 class=\"entry-title\">\n\t\t<a href=\"https:\/\/comdep.com.br\/?p=16121\" title=\"Prefeitura inicia lavagem e higieniza\u00e7\u00e3o dos terminais de \u00f4nibus do munic\u00edpio\" rel=\"bookmark\">Prefeitura inicia lavagem e higieniza\u00e7\u00e3o dos terminais de \u00f4nibus do munic\u00edpio<\/a>\n\t<\/h3>\n\n\t<div class=\"entry-meta\"><a href=\"https:\/\/comdep.com.br\/?m=20250128\" title=\"09:41\" class=\"data-link\" rel=\"bookmark\"><time class=\"entry-date updated\" datetime=\"2025-01-28T09:41:44-03:00\">28\/01\/2025<\/time><\/a><\/div>\n\t<div class=\"entry-excerpt\"><p>A Prefeitura, por meio da Companhia Municipal de Desenvolvimento de Petr\u00f3polis (Comdep) iniciou, na noite de quarta-feira (15), um mutir\u00e3o de lavagem e higieniza\u00e7\u00e3o dos tr\u00eas principais terminais de \u00f4nibus urbano do munic\u00edpio. A a\u00e7\u00e3o come\u00e7ou pelo Terminal Centro e, nesta quinta-feira (16), ser\u00e1 a vez do Terminal de Corr\u00eaas, com os trabalhos come\u00e7ando \u00e0s&hellip;<\/p>\n<\/div>\n\t\n<a href=\"https:\/\/comdep.com.br\/?p=16121\" class=\"post-details details-type-link\" aria-label=\"Read more about Prefeitura inicia lavagem e higieniza\u00e7\u00e3o dos terminais de \u00f4nibus do munic\u00edpio\">Read more<i class=\"dt-icon-the7-arrow-03\" aria-hidden=\"true\"><\/i><\/a>\n\n<\/div><\/article><article class=\"post project-odd visible post-16118 type-post status-publish format-standard has-post-thumbnail hentry category-home category-1 description-off\" data-name=\"Rua tem pavimenta\u00e7\u00e3o recuperada ap\u00f3s temporal na Posse\" data-date=\"2025-01-28T09:39:07-03:00\">\n\n<div class=\"post-thumbnail-wrap\">\n\t<div class=\"post-thumbnail\">\n\n\t\t\n\t\t\n\t\t<a href=\"https:\/\/comdep.com.br\/?p=16118\" class=\"post-thumbnail-rollover layzr-bg layzr-bg\" ><img decoding=\"async\" class=\"blog-thumb-lazy-load preload-me lazy-load aspect\" src=\"data:image\/svg+xml,%3Csvg%20xmlns%3D&#39;http%3A%2F%2Fwww.w3.org%2F2000%2Fsvg&#39;%20viewBox%3D&#39;0%200%20768%20512&#39;%2F%3E\" data-src=\"https:\/\/comdep.com.br\/wp-content\/uploads\/2025\/01\/07-768x512.jpg\" data-srcset=\"https:\/\/comdep.com.br\/wp-content\/uploads\/2025\/01\/07-768x512.jpg 768w, https:\/\/comdep.com.br\/wp-content\/uploads\/2025\/01\/07.jpg 900w\" loading=\"eager\" style=\"--ratio: 768 \/ 512\" sizes=\"(max-width: 768px) 100vw, 768px\" alt=\"\" title=\"07\" width=\"768\" height=\"512\"  \/><\/a>\n\t<\/div>\n<\/div>\n\n\n<div class=\"post-entry-content\">\n\n\t<h3 class=\"entry-title\">\n\t\t<a href=\"https:\/\/comdep.com.br\/?p=16118\" title=\"Rua tem pavimenta\u00e7\u00e3o recuperada ap\u00f3s temporal na Posse\" rel=\"bookmark\">Rua tem pavimenta\u00e7\u00e3o recuperada ap\u00f3s temporal na Posse<\/a>\n\t<\/h3>\n\n\t<div class=\"entry-meta\"><a href=\"https:\/\/comdep.com.br\/?m=20250128\" title=\"09:39\" class=\"data-link\" rel=\"bookmark\"><time class=\"entry-date updated\" datetime=\"2025-01-28T09:39:07-03:00\">28\/01\/2025<\/time><\/a><\/div>\n\t<div class=\"entry-excerpt\"><p>Desde o dia 2, equipes das secretarias de Obras, Defesa Civil, Comdep e Assist\u00eancia Social atuaram no apoio aos moradores da regi\u00e3o. A equipe da secretaria de Obras da Prefeitura de Petr\u00f3polis finaliza nesta quinta-feira (16), a recupera\u00e7\u00e3o da pavimenta\u00e7\u00e3o que foi completamente destru\u00edda em algumas ruas do bairro Nossa Senhora de F\u00e1tima, no distrito&hellip;<\/p>\n<\/div>\n\t\n<a href=\"https:\/\/comdep.com.br\/?p=16118\" class=\"post-details details-type-link\" aria-label=\"Read more about Rua tem pavimenta\u00e7\u00e3o recuperada ap\u00f3s temporal na Posse\">Read more<i class=\"dt-icon-the7-arrow-03\" aria-hidden=\"true\"><\/i><\/a>\n\n<\/div><\/article><article class=\"post project-odd visible post-16115 type-post status-publish format-standard has-post-thumbnail hentry category-home category-1 description-off\" data-name=\"Prefeitura realiza manuten\u00e7\u00e3o do Monumento da \u00c1guia\" data-date=\"2025-01-28T09:34:40-03:00\">\n\n<div class=\"post-thumbnail-wrap\">\n\t<div class=\"post-thumbnail\">\n\n\t\t\n\t\t\n\t\t<a href=\"https:\/\/comdep.com.br\/?p=16115\" class=\"post-thumbnail-rollover layzr-bg layzr-bg\" ><img decoding=\"async\" class=\"blog-thumb-lazy-load preload-me lazy-load aspect\" src=\"data:image\/svg+xml,%3Csvg%20xmlns%3D&#39;http%3A%2F%2Fwww.w3.org%2F2000%2Fsvg&#39;%20viewBox%3D&#39;0%200%20759%20506&#39;%2F%3E\" data-src=\"https:\/\/comdep.com.br\/wp-content\/uploads\/2025\/01\/06-759x506.jpg\" data-srcset=\"https:\/\/comdep.com.br\/wp-content\/uploads\/2025\/01\/06-759x506.jpg 759w\" loading=\"eager\" style=\"--ratio: 759 \/ 506\" sizes=\"(max-width: 759px) 100vw, 759px\" alt=\"Prefeitura realiza manuten\u00e7\u00e3o do Monumento da \u00c1guia\" title=\"06\" width=\"759\" height=\"506\"  \/><\/a>\n\t<\/div>\n<\/div>\n\n\n<div class=\"post-entry-content\">\n\n\t<h3 class=\"entry-title\">\n\t\t<a href=\"https:\/\/comdep.com.br\/?p=16115\" title=\"Prefeitura realiza manuten\u00e7\u00e3o do Monumento da \u00c1guia\" rel=\"bookmark\">Prefeitura realiza manuten\u00e7\u00e3o do Monumento da \u00c1guia<\/a>\n\t<\/h3>\n\n\t<div class=\"entry-meta\"><a href=\"https:\/\/comdep.com.br\/?m=20250128\" title=\"09:34\" class=\"data-link\" rel=\"bookmark\"><time class=\"entry-date updated\" datetime=\"2025-01-28T09:34:40-03:00\">28\/01\/2025<\/time><\/a><\/div>\n\t<div class=\"entry-excerpt\"><p>Equipes do Instituto Municipal de Cultura &#8211; IMC e da Companhia Petropolitana de Desenvolvimento &#8211; Comdep, deram in\u00edcio nesta semana ao trabalho de manuten\u00e7\u00e3o do monumento da \u00e1guia, cart\u00e3o postal da cidade, que fica na pra\u00e7a Visconde de Mau\u00e1, no Centro Hist\u00f3rico. Al\u00e9m da limpeza, tamb\u00e9m foi realizada pintura do chafariz. Ap\u00f3s a pintura da&hellip;<\/p>\n<\/div>\n\t\n<a href=\"https:\/\/comdep.com.br\/?p=16115\" class=\"post-details details-type-link\" aria-label=\"Read more about Prefeitura realiza manuten\u00e7\u00e3o do Monumento da \u00c1guia\">Read more<i class=\"dt-icon-the7-arrow-03\" aria-hidden=\"true\"><\/i><\/a>\n\n<\/div><\/article><article class=\"post project-odd visible post-16112 type-post status-publish format-standard has-post-thumbnail hentry category-home category-1 description-off\" data-name=\"Comdep refor\u00e7a coleta de entulho e melhora servi\u00e7os para combater descarte irregular na cidade\" data-date=\"2025-01-28T09:26:57-03:00\">\n\n<div class=\"post-thumbnail-wrap\">\n\t<div class=\"post-thumbnail\">\n\n\t\t\n\t\t\n\t\t<a href=\"https:\/\/comdep.com.br\/?p=16112\" class=\"post-thumbnail-rollover layzr-bg layzr-bg\" ><img decoding=\"async\" class=\"blog-thumb-lazy-load preload-me lazy-load aspect\" src=\"data:image\/svg+xml,%3Csvg%20xmlns%3D&#39;http%3A%2F%2Fwww.w3.org%2F2000%2Fsvg&#39;%20viewBox%3D&#39;0%200%20759%20506&#39;%2F%3E\" data-src=\"https:\/\/comdep.com.br\/wp-content\/uploads\/2025\/01\/05-759x506.jpg\" data-srcset=\"https:\/\/comdep.com.br\/wp-content\/uploads\/2025\/01\/05-759x506.jpg 759w\" loading=\"eager\" style=\"--ratio: 759 \/ 506\" sizes=\"(max-width: 759px) 100vw, 759px\" alt=\"A Comdep tamb\u00e9m est\u00e1 implementando um sistema de numera\u00e7\u00e3o para as ca\u00e7ambas\" title=\"05\" width=\"759\" height=\"506\"  \/><\/a>\n\t<\/div>\n<\/div>\n\n\n<div class=\"post-entry-content\">\n\n\t<h3 class=\"entry-title\">\n\t\t<a href=\"https:\/\/comdep.com.br\/?p=16112\" title=\"Comdep refor\u00e7a coleta de entulho e melhora servi\u00e7os para combater descarte irregular na cidade\" rel=\"bookmark\">Comdep refor\u00e7a coleta de entulho e melhora servi\u00e7os para combater descarte irregular na cidade<\/a>\n\t<\/h3>\n\n\t<div class=\"entry-meta\"><a href=\"https:\/\/comdep.com.br\/?m=20250128\" title=\"09:26\" class=\"data-link\" rel=\"bookmark\"><time class=\"entry-date updated\" datetime=\"2025-01-28T09:26:57-03:00\">28\/01\/2025<\/time><\/a><\/div>\n\t<div class=\"entry-excerpt\"><p>Novo n\u00famero para o disque-entulho \u00e9 divulgado para melhora no servi\u00e7o A Prefeitura, por meio da Comdep, iniciou a reforma das ca\u00e7ambas poly espalhadas pela cidade, com o objetivo de melhorar a limpeza urbana e combater o descarte irregular de entulho. A medida busca tornar mais eficiente o processo de coleta e evitar que restos&hellip;<\/p>\n<\/div>\n\t\n<a href=\"https:\/\/comdep.com.br\/?p=16112\" class=\"post-details details-type-link\" aria-label=\"Read more about Comdep refor\u00e7a coleta de entulho e melhora servi\u00e7os para combater descarte irregular na cidade\">Read more<i class=\"dt-icon-the7-arrow-03\" aria-hidden=\"true\"><\/i><\/a>\n\n<\/div><\/article><article class=\"post project-odd visible post-16063 type-post status-publish format-standard has-post-thumbnail hentry category-home category-1 description-off\" data-name=\"Prefeitura inicia plantio de 2.550 mudas para cria\u00e7\u00e3o do cintur\u00e3o verde no Aterro Sanit\u00e1rio de Pedro do Rio\" data-date=\"2025-01-16T12:22:46-03:00\">\n\n<div class=\"post-thumbnail-wrap\">\n\t<div class=\"post-thumbnail\">\n\n\t\t\n\t\t\n\t\t<a href=\"https:\/\/comdep.com.br\/?p=16063\" class=\"post-thumbnail-rollover layzr-bg layzr-bg\" ><img decoding=\"async\" class=\"blog-thumb-lazy-load preload-me lazy-load aspect\" src=\"data:image\/svg+xml,%3Csvg%20xmlns%3D&#39;http%3A%2F%2Fwww.w3.org%2F2000%2Fsvg&#39;%20viewBox%3D&#39;0%200%20768%20512&#39;%2F%3E\" data-src=\"https:\/\/comdep.com.br\/wp-content\/uploads\/2025\/01\/caa64be9608f46dbd92080fd97d4424f_XL-768x512.jpg\" data-srcset=\"https:\/\/comdep.com.br\/wp-content\/uploads\/2025\/01\/caa64be9608f46dbd92080fd97d4424f_XL-768x512.jpg 768w, https:\/\/comdep.com.br\/wp-content\/uploads\/2025\/01\/caa64be9608f46dbd92080fd97d4424f_XL-848x565.jpg 848w\" loading=\"eager\" style=\"--ratio: 768 \/ 512\" sizes=\"(max-width: 768px) 100vw, 768px\" alt=\"\" title=\"caa64be9608f46dbd92080fd97d4424f_XL\" width=\"768\" height=\"512\"  \/><\/a>\n\t<\/div>\n<\/div>\n\n\n<div class=\"post-entry-content\">\n\n\t<h3 class=\"entry-title\">\n\t\t<a href=\"https:\/\/comdep.com.br\/?p=16063\" title=\"Prefeitura inicia plantio de 2.550 mudas para cria\u00e7\u00e3o do cintur\u00e3o verde no Aterro Sanit\u00e1rio de Pedro do Rio\" rel=\"bookmark\">Prefeitura inicia plantio de 2.550 mudas para cria\u00e7\u00e3o do cintur\u00e3o verde no Aterro Sanit\u00e1rio de Pedro do Rio<\/a>\n\t<\/h3>\n\n\t<div class=\"entry-meta\"><a href=\"https:\/\/comdep.com.br\/?m=20250116\" title=\"12:22\" class=\"data-link\" rel=\"bookmark\"><time class=\"entry-date updated\" datetime=\"2025-01-16T12:22:46-03:00\">16\/01\/2025<\/time><\/a><\/div>\n\t<div class=\"entry-excerpt\"><p>A Prefeitura, por meio da Companhia Municipal de Desenvolvimento de Petr\u00f3polis (Comdep), deu in\u00edcio ao plantio de 2.550 mudas no Aterro Sanit\u00e1rio de Pedro do Rio. A iniciativa faz parte da cria\u00e7\u00e3o do cintur\u00e3o verde, uma barreira natural formada por vegeta\u00e7\u00e3o que tem como objetivo principal minimizar os impactos ambientais, como a emiss\u00e3o de odores,&hellip;<\/p>\n<\/div>\n\t\n<a href=\"https:\/\/comdep.com.br\/?p=16063\" class=\"post-details details-type-link\" aria-label=\"Read more about Prefeitura inicia plantio de 2.550 mudas para cria\u00e7\u00e3o do cintur\u00e3o verde no Aterro Sanit\u00e1rio de Pedro do Rio\">Read more<i class=\"dt-icon-the7-arrow-03\" aria-hidden=\"true\"><\/i><\/a>\n\n<\/div><\/article><article class=\"post project-odd visible post-16060 type-post status-publish format-standard has-post-thumbnail hentry category-home category-1 description-off\" data-name=\"Mutir\u00e3o emergencial de servi\u00e7os come\u00e7a em Araras com a\u00e7\u00f5es de limpeza e manuten\u00e7\u00e3o vi\u00e1ria\" data-date=\"2025-01-16T12:02:07-03:00\">\n\n<div class=\"post-thumbnail-wrap\">\n\t<div class=\"post-thumbnail\">\n\n\t\t\n\t\t\n\t\t<a href=\"https:\/\/comdep.com.br\/?p=16060\" class=\"post-thumbnail-rollover layzr-bg layzr-bg\" ><img decoding=\"async\" class=\"blog-thumb-lazy-load preload-me lazy-load aspect\" src=\"data:image\/svg+xml,%3Csvg%20xmlns%3D&#39;http%3A%2F%2Fwww.w3.org%2F2000%2Fsvg&#39;%20viewBox%3D&#39;0%200%20759%20506&#39;%2F%3E\" data-src=\"https:\/\/comdep.com.br\/wp-content\/uploads\/2025\/01\/fb8ea42fdf4e72efb5f870f431ea02ba_XL-759x506.jpg\" data-srcset=\"https:\/\/comdep.com.br\/wp-content\/uploads\/2025\/01\/fb8ea42fdf4e72efb5f870f431ea02ba_XL-759x506.jpg 759w\" loading=\"eager\" style=\"--ratio: 759 \/ 506\" sizes=\"(max-width: 759px) 100vw, 759px\" alt=\"\" title=\"fb8ea42fdf4e72efb5f870f431ea02ba_XL\" width=\"759\" height=\"506\"  \/><\/a>\n\t<\/div>\n<\/div>\n\n\n<div class=\"post-entry-content\">\n\n\t<h3 class=\"entry-title\">\n\t\t<a href=\"https:\/\/comdep.com.br\/?p=16060\" title=\"Mutir\u00e3o emergencial de servi\u00e7os come\u00e7a em Araras com a\u00e7\u00f5es de limpeza e manuten\u00e7\u00e3o vi\u00e1ria\" rel=\"bookmark\">Mutir\u00e3o emergencial de servi\u00e7os come\u00e7a em Araras com a\u00e7\u00f5es de limpeza e manuten\u00e7\u00e3o vi\u00e1ria<\/a>\n\t<\/h3>\n\n\t<div class=\"entry-meta\"><a href=\"https:\/\/comdep.com.br\/?m=20250116\" title=\"12:02\" class=\"data-link\" rel=\"bookmark\"><time class=\"entry-date updated\" datetime=\"2025-01-16T12:02:07-03:00\">16\/01\/2025<\/time><\/a><\/div>\n\t<div class=\"entry-excerpt\"><p>Araras iniciou a ter\u00e7a-feira (15) com um mutir\u00e3o emergencial de servi\u00e7os promovido pela Prefeitura, por meio da Companhia Municipal de Desenvolvimento de Petr\u00f3polis (Comdep), para melhorar a infraestrutura e a limpeza do bairro. A a\u00e7\u00e3o incluiu coleta de lixo, manuten\u00e7\u00e3o das vias, capina, ro\u00e7ada e remo\u00e7\u00e3o de entulho, com algumas a\u00e7\u00f5es sendo finalizadas e outras&hellip;<\/p>\n<\/div>\n\t\n<a href=\"https:\/\/comdep.com.br\/?p=16060\" class=\"post-details details-type-link\" aria-label=\"Read more about Mutir\u00e3o emergencial de servi\u00e7os come\u00e7a em Araras com a\u00e7\u00f5es de limpeza e manuten\u00e7\u00e3o vi\u00e1ria\">Read more<i class=\"dt-icon-the7-arrow-03\" aria-hidden=\"true\"><\/i><\/a>\n\n<\/div><\/article><article class=\"post project-odd visible no-img post-18155 type-post status-publish format-standard hentry category-home category-1 description-off\" data-name=\"Prefeitura realiza simulado de mesa para treinamento de chuva forte na cidade\" data-date=\"2025-12-05T13:47:15-03:00\">\n\n<div class=\"post-entry-content\">\n\n\t<h3 class=\"entry-title\">\n\t\t<a href=\"https:\/\/comdep.com.br\/?p=18155\" title=\"Prefeitura realiza simulado de mesa para treinamento de chuva forte na cidade\" rel=\"bookmark\">Prefeitura realiza simulado de mesa para treinamento de chuva forte na cidade<\/a>\n\t<\/h3>\n\n\t<div class=\"entry-meta\"><a href=\"https:\/\/comdep.com.br\/?m=20251205\" title=\"13:47\" class=\"data-link\" rel=\"bookmark\"><time class=\"entry-date updated\" datetime=\"2025-12-05T13:47:15-03:00\">05\/12\/2025<\/time><\/a><\/div>\n\t<div class=\"entry-excerpt\"><p>Simulado tem como objetivo testar e aprimorar as estrat\u00e9gias de resposta a emerg\u00eancias A Prefeitura realizou nesta sexta-feira (28\/11) um simulado de mesa para situa\u00e7\u00e3o de chuva forte na cidade. O treinamento tem como objetivo testar e aprimorar as estrat\u00e9gias de resposta a emerg\u00eancias e re\u00fane diversos \u00f3rg\u00e3os municipais, estaduais e federais, al\u00e9m de concession\u00e1rias&hellip;<\/p>\n<\/div>\n\t\n<a href=\"https:\/\/comdep.com.br\/?p=18155\" class=\"post-details details-type-link\" aria-label=\"Read more about Prefeitura realiza simulado de mesa para treinamento de chuva forte na cidade\">Read more<i class=\"dt-icon-the7-arrow-03\" aria-hidden=\"true\"><\/i><\/a>\n\n<\/div><\/article><article class=\"post project-odd visible no-img post-17804 type-post status-publish format-standard hentry category-home category-1 description-off\" data-name=\"Prefeitura realiza primeiro Festival Ol\u00edmpico da Educa\u00e7\u00e3o Infantil\" data-date=\"2025-10-23T14:07:30-03:00\">\n\n<div class=\"post-entry-content\">\n\n\t<h3 class=\"entry-title\">\n\t\t<a href=\"https:\/\/comdep.com.br\/?p=17804\" title=\"Prefeitura realiza primeiro Festival Ol\u00edmpico da Educa\u00e7\u00e3o Infantil\" rel=\"bookmark\">Prefeitura realiza primeiro Festival Ol\u00edmpico da Educa\u00e7\u00e3o Infantil<\/a>\n\t<\/h3>\n\n\t<div class=\"entry-meta\"><a href=\"https:\/\/comdep.com.br\/?m=20251023\" title=\"14:07\" class=\"data-link\" rel=\"bookmark\"><time class=\"entry-date updated\" datetime=\"2025-10-23T14:07:30-03:00\">23\/10\/2025<\/time><\/a><\/div>\n\t<div class=\"entry-excerpt\"><p>Evento acontece no s\u00e1bado (18\/10) e contar\u00e1 com oficinas esportivas, entrega de medalhas e participa\u00e7\u00e3o de 200 crian\u00e7as da rede municipal A Prefeitura realiza no s\u00e1bado (18\/10), a primeira edi\u00e7\u00e3o do Festival Ol\u00edmpico da Educa\u00e7\u00e3o Infantil. A atividade acontece no 32\u00ba Batalh\u00e3o de Infantaria Leve, das 8h30 \u00e0s 12h, e reunir\u00e1 cerca de 200 alunos&hellip;<\/p>\n<\/div>\n\t\n<a href=\"https:\/\/comdep.com.br\/?p=17804\" class=\"post-details details-type-link\" aria-label=\"Read more about Prefeitura realiza primeiro Festival Ol\u00edmpico da Educa\u00e7\u00e3o Infantil\">Read more<i class=\"dt-icon-the7-arrow-03\" aria-hidden=\"true\"><\/i><\/a>\n\n<\/div><\/article><article class=\"post project-odd visible no-img post-17425 type-post status-publish format-standard hentry category-home category-1 description-off\" data-name=\"Prefeitura refor\u00e7a a\u00e7\u00f5es de sustentabilidade e inclus\u00e3o durante a Semana Nacional da Pessoa com Defici\u00eancia Intelectual e M\u00faltipla\" data-date=\"2025-09-01T15:28:01-03:00\">\n\n<div class=\"post-entry-content\">\n\n\t<h3 class=\"entry-title\">\n\t\t<a href=\"https:\/\/comdep.com.br\/?p=17425\" title=\"Prefeitura refor\u00e7a a\u00e7\u00f5es de sustentabilidade e inclus\u00e3o durante a Semana Nacional da Pessoa com Defici\u00eancia Intelectual e M\u00faltipla\" rel=\"bookmark\">Prefeitura refor\u00e7a a\u00e7\u00f5es de sustentabilidade e inclus\u00e3o durante a Semana Nacional da Pessoa com Defici\u00eancia Intelectual e M\u00faltipla<\/a>\n\t<\/h3>\n\n\t<div class=\"entry-meta\"><a href=\"https:\/\/comdep.com.br\/?m=20250901\" title=\"15:28\" class=\"data-link\" rel=\"bookmark\"><time class=\"entry-date updated\" datetime=\"2025-09-01T15:28:01-03:00\">01\/09\/2025<\/time><\/a><\/div>\n\t<div class=\"entry-excerpt\"><p>Sustentabilidade e a inclus\u00e3o social foram os principais temas de uma reuni\u00e3o realizada entre a Comdep e o Projeto INcluir Petr\u00f3polis. O encontro teve como foco o programa Inclus\u00e3o e Res\u00edduos, que busca n\u00e3o apenas melhorar a destina\u00e7\u00e3o do \u00f3leo de cozinha usado na cidade, mas tamb\u00e9m promover a inclus\u00e3o de pessoas com defici\u00eancia intelectual&hellip;<\/p>\n<\/div>\n\t\n<a href=\"https:\/\/comdep.com.br\/?p=17425\" class=\"post-details details-type-link\" aria-label=\"Read more about Prefeitura refor\u00e7a a\u00e7\u00f5es de sustentabilidade e inclus\u00e3o durante a Semana Nacional da Pessoa com Defici\u00eancia Intelectual e M\u00faltipla\">Read more<i class=\"dt-icon-the7-arrow-03\" aria-hidden=\"true\"><\/i><\/a>\n\n<\/div><\/article><article class=\"post project-odd visible no-img post-16275 type-post status-publish format-standard hentry category-home category-1 description-off\" data-name=\"Grupo de teatro da Comdep incentiva consci\u00eancia ambiental em alunos da Escola Clemente Fernandes\" data-date=\"2025-02-27T14:55:12-03:00\">\n\n<div class=\"post-entry-content\">\n\n\t<h3 class=\"entry-title\">\n\t\t<a href=\"https:\/\/comdep.com.br\/?p=16275\" title=\"Grupo de teatro da Comdep incentiva consci\u00eancia ambiental em alunos da Escola Clemente Fernandes\" rel=\"bookmark\">Grupo de teatro da Comdep incentiva consci\u00eancia ambiental em alunos da Escola Clemente Fernandes<\/a>\n\t<\/h3>\n\n\t<div class=\"entry-meta\"><a href=\"https:\/\/comdep.com.br\/?m=20250227\" title=\"14:55\" class=\"data-link\" rel=\"bookmark\"><time class=\"entry-date updated\" datetime=\"2025-02-27T14:55:12-03:00\">27\/02\/2025<\/time><\/a><\/div>\n\t<div class=\"entry-excerpt\"><p>O grupo de teatro Impar\u00e1veis, formado por funcion\u00e1rios da Companhia Municipal de Desenvolvimento de Petr\u00f3polis (Comdep), levou aos alunos da Escola Municipal Clemente Fernandes a pe\u00e7a &#8220;Respeitando as Profiss\u00f5es, Gari X M\u00e9dico&#8221;. A apresenta\u00e7\u00e3o, realizada nesta sexta-feira (14), na unidade de ensino, na Rua 24 de Maio, destacou a import\u00e2ncia da valoriza\u00e7\u00e3o de todas as&hellip;<\/p>\n<\/div>\n\t\n<a href=\"https:\/\/comdep.com.br\/?p=16275\" class=\"post-details details-type-link\" aria-label=\"Read more about Grupo de teatro da Comdep incentiva consci\u00eancia ambiental em alunos da Escola Clemente Fernandes\">Read more<i class=\"dt-icon-the7-arrow-03\" aria-hidden=\"true\"><\/i><\/a>\n\n<\/div><\/article><article class=\"post project-odd visible no-img post-16272 type-post status-publish format-standard hentry category-home category-1 description-off\" data-name=\"Prefeitura recebe comiss\u00e3o de moradores da Fazenda Inglesa e do Rocio para discutir demandas da comunidade\" data-date=\"2025-02-27T14:54:19-03:00\">\n\n<div class=\"post-entry-content\">\n\n\t<h3 class=\"entry-title\">\n\t\t<a href=\"https:\/\/comdep.com.br\/?p=16272\" title=\"Prefeitura recebe comiss\u00e3o de moradores da Fazenda Inglesa e do Rocio para discutir demandas da comunidade\" rel=\"bookmark\">Prefeitura recebe comiss\u00e3o de moradores da Fazenda Inglesa e do Rocio para discutir demandas da comunidade<\/a>\n\t<\/h3>\n\n\t<div class=\"entry-meta\"><a href=\"https:\/\/comdep.com.br\/?m=20250227\" title=\"14:54\" class=\"data-link\" rel=\"bookmark\"><time class=\"entry-date updated\" datetime=\"2025-02-27T14:54:19-03:00\">27\/02\/2025<\/time><\/a><\/div>\n\t<div class=\"entry-excerpt\"><p>A Prefeitura recebeu, na manh\u00e3 desta quarta-feira (12), uma comiss\u00e3o de moradores da Fazenda Inglesa e do Rocio para discutir as principais demandas da comunidade. O encontro aconteceu na sede da Companhia Municipal de Desenvolvimento de Petr\u00f3polis (Comdep) e contou com representantes da Secretaria de Meio Ambiente e da Enel. Entre os assuntos abordados, as&hellip;<\/p>\n<\/div>\n\t\n<a href=\"https:\/\/comdep.com.br\/?p=16272\" class=\"post-details details-type-link\" aria-label=\"Read more about Prefeitura recebe comiss\u00e3o de moradores da Fazenda Inglesa e do Rocio para discutir demandas da comunidade\">Read more<i class=\"dt-icon-the7-arrow-03\" aria-hidden=\"true\"><\/i><\/a>\n\n<\/div><\/article><article class=\"post project-odd visible post-3363 type-post status-publish format-standard has-post-thumbnail hentry category-home category-1 description-off\" data-name=\"COMDEP trabalhando hoje 13\/05\/2020 nos seguintes locais:\" data-date=\"2020-05-13T16:39:46-03:00\">\n\n<div class=\"post-thumbnail-wrap\">\n\t<div class=\"post-thumbnail\">\n\n\t\t\n\t\t\n\t\t<a href=\"https:\/\/comdep.com.br\/?p=3363\" class=\"post-thumbnail-rollover layzr-bg layzr-bg\" ><img decoding=\"async\" class=\"blog-thumb-lazy-load preload-me lazy-load aspect\" src=\"data:image\/svg+xml,%3Csvg%20xmlns%3D&#39;http%3A%2F%2Fwww.w3.org%2F2000%2Fsvg&#39;%20viewBox%3D&#39;0%200%20768%20512&#39;%2F%3E\" data-src=\"https:\/\/comdep.com.br\/wp-content\/uploads\/2020\/05\/servico-12-e1589398837163-768x512.jpg\" data-srcset=\"https:\/\/comdep.com.br\/wp-content\/uploads\/2020\/05\/servico-12-e1589398837163-768x512.jpg 768w, https:\/\/comdep.com.br\/wp-content\/uploads\/2020\/05\/servico-12-e1589398837163-800x532.jpg 800w\" loading=\"eager\" style=\"--ratio: 768 \/ 512\" sizes=\"(max-width: 768px) 100vw, 768px\" alt=\"\" title=\"servico\" width=\"768\" height=\"512\"  \/><\/a>\n\t<\/div>\n<\/div>\n\n\n<div class=\"post-entry-content\">\n\n\t<h3 class=\"entry-title\">\n\t\t<a href=\"https:\/\/comdep.com.br\/?p=3363\" title=\"COMDEP trabalhando hoje 13\/05\/2020 nos seguintes locais:\" rel=\"bookmark\">COMDEP trabalhando hoje 13\/05\/2020 nos seguintes locais:<\/a>\n\t<\/h3>\n\n\t<div class=\"entry-meta\"><a href=\"https:\/\/comdep.com.br\/?m=20200513\" title=\"16:39\" class=\"data-link\" rel=\"bookmark\"><time class=\"entry-date updated\" datetime=\"2020-05-13T16:39:46-03:00\">13\/05\/2020<\/time><\/a><\/div>\n\t<div class=\"entry-excerpt\"><p>Diretoria de Obras \u00a0 Constru\u00e7\u00e3o de baia e canteiros na rua Antonio da Silva Ligeiro (Taquara). Continua\u00e7\u00e3o de instala\u00e7\u00e3o de balaustres na rua Washington Luiz * Pintura: continua\u00e7\u00e3o de pintura Ponte dos Arcos (Itaipava). Continua\u00e7\u00e3o de pintura em balaustres rua Washington Luiz * Serralheria: confec\u00e7\u00e3o de placas proibitiva e coletoras na cia * Carpintaria: confec\u00e7\u00e3o&hellip;<\/p>\n<\/div>\n\t\n<a href=\"https:\/\/comdep.com.br\/?p=3363\" class=\"post-details details-type-link\" aria-label=\"Read more about COMDEP trabalhando hoje 13\/05\/2020 nos seguintes locais:\">Read more<i class=\"dt-icon-the7-arrow-03\" aria-hidden=\"true\"><\/i><\/a>\n\n<\/div><\/article><article class=\"post project-odd visible post-3359 type-post status-publish format-standard has-post-thumbnail hentry category-home category-1 description-off\" data-name=\"COMDEP trabalhando hoje 12\/05\/2020 nos seguintes locais:\" data-date=\"2020-05-12T10:23:58-03:00\">\n\n<div class=\"post-thumbnail-wrap\">\n\t<div class=\"post-thumbnail\">\n\n\t\t\n\t\t\n\t\t<a href=\"https:\/\/comdep.com.br\/?p=3359\" class=\"post-thumbnail-rollover layzr-bg layzr-bg\" ><img decoding=\"async\" class=\"blog-thumb-lazy-load preload-me lazy-load aspect\" src=\"data:image\/svg+xml,%3Csvg%20xmlns%3D&#39;http%3A%2F%2Fwww.w3.org%2F2000%2Fsvg&#39;%20viewBox%3D&#39;0%200%20600%20400&#39;%2F%3E\" data-src=\"https:\/\/comdep.com.br\/wp-content\/uploads\/2020\/05\/servico-11-e1589290851722-600x400.jpg\" data-srcset=\"https:\/\/comdep.com.br\/wp-content\/uploads\/2020\/05\/servico-11-e1589290851722-600x400.jpg 600w, https:\/\/comdep.com.br\/wp-content\/uploads\/2020\/05\/servico-11-e1589290851722-600x399.jpg 600w\" loading=\"eager\" style=\"--ratio: 600 \/ 400\" sizes=\"(max-width: 600px) 100vw, 600px\" alt=\"\" title=\"servico\" width=\"600\" height=\"400\"  \/><\/a>\n\t<\/div>\n<\/div>\n\n\n<div class=\"post-entry-content\">\n\n\t<h3 class=\"entry-title\">\n\t\t<a href=\"https:\/\/comdep.com.br\/?p=3359\" title=\"COMDEP trabalhando hoje 12\/05\/2020 nos seguintes locais:\" rel=\"bookmark\">COMDEP trabalhando hoje 12\/05\/2020 nos seguintes locais:<\/a>\n\t<\/h3>\n\n\t<div class=\"entry-meta\"><a href=\"https:\/\/comdep.com.br\/?m=20200512\" title=\"10:23\" class=\"data-link\" rel=\"bookmark\"><time class=\"entry-date updated\" datetime=\"2020-05-12T10:23:58-03:00\">12\/05\/2020<\/time><\/a><\/div>\n\t<div class=\"entry-excerpt\"><p>Diretoria de Obras Serralheria: futura \u00e1rea de lazer no bela vista e confec\u00e7\u00e3o de cestas coletoras na cia * Obras: sequ\u00eancia de manuten\u00e7\u00e3o dos balaustres na Washington Luiz, prepara\u00e7\u00e3o para posterior pintura nos banheiros e vesti\u00e1rios na cia. e vistoria para instala\u00e7\u00e3o de coletora na Rua Ant\u00f4nio da Silva Ligeiro no Taquara * Pintura: limpeza&hellip;<\/p>\n<\/div>\n\t\n<a href=\"https:\/\/comdep.com.br\/?p=3359\" class=\"post-details details-type-link\" aria-label=\"Read more about COMDEP trabalhando hoje 12\/05\/2020 nos seguintes locais:\">Read more<i class=\"dt-icon-the7-arrow-03\" aria-hidden=\"true\"><\/i><\/a>\n\n<\/div><\/article><article class=\"post project-odd visible post-3326 type-post status-publish format-standard has-post-thumbnail hentry category-home category-1 description-off\" data-name=\"COMDEP trabalhando hoje 11\/05\/2020 nos seguintes locais:\" data-date=\"2020-05-11T14:38:50-03:00\">\n\n<div class=\"post-thumbnail-wrap\">\n\t<div class=\"post-thumbnail\">\n\n\t\t\n\t\t\n\t\t<a href=\"https:\/\/comdep.com.br\/?p=3326\" class=\"post-thumbnail-rollover layzr-bg layzr-bg\" ><img decoding=\"async\" class=\"blog-thumb-lazy-load preload-me lazy-load aspect\" src=\"data:image\/svg+xml,%3Csvg%20xmlns%3D&#39;http%3A%2F%2Fwww.w3.org%2F2000%2Fsvg&#39;%20viewBox%3D&#39;0%200%20768%20512&#39;%2F%3E\" data-src=\"https:\/\/comdep.com.br\/wp-content\/uploads\/2020\/05\/servico-10-e1589218609690-768x512.jpg\" data-srcset=\"https:\/\/comdep.com.br\/wp-content\/uploads\/2020\/05\/servico-10-e1589218609690-768x512.jpg 768w, https:\/\/comdep.com.br\/wp-content\/uploads\/2020\/05\/servico-10-e1589218609690-800x532.jpg 800w\" loading=\"eager\" style=\"--ratio: 768 \/ 512\" sizes=\"(max-width: 768px) 100vw, 768px\" alt=\"\" title=\"servico\" width=\"768\" height=\"512\"  \/><\/a>\n\t<\/div>\n<\/div>\n\n\n<div class=\"post-entry-content\">\n\n\t<h3 class=\"entry-title\">\n\t\t<a href=\"https:\/\/comdep.com.br\/?p=3326\" title=\"COMDEP trabalhando hoje 11\/05\/2020 nos seguintes locais:\" rel=\"bookmark\">COMDEP trabalhando hoje 11\/05\/2020 nos seguintes locais:<\/a>\n\t<\/h3>\n\n\t<div class=\"entry-meta\"><a href=\"https:\/\/comdep.com.br\/?m=20200511\" title=\"14:38\" class=\"data-link\" rel=\"bookmark\"><time class=\"entry-date updated\" datetime=\"2020-05-11T14:38:50-03:00\">11\/05\/2020<\/time><\/a><\/div>\n\t<div class=\"entry-excerpt\"><p>Distrito Ro\u00e7ada e capina: Jardim Americano \u00a0* M\u00e1quina e caminh\u00e3o: Estrada do Gentio * Varri\u00e7\u00e3o di\u00e1ria: Corr\u00eaas, Nogueiras, Araras, Itaipava, Vila Rica, Pedro do Rio, Secret\u00e1rio * Diretoria Operacional Limpeza de rio: General Rondon \u00a0* Capina: Coronel Veiga, Av. Ipiranga, Ch\u00e1cara das Rosas, Rua Par\u00e1, Rua Romeu Sutter, Rua Bahia, Dr. Thouzet, Rua Sim\u00e3o Bol\u00edvar,&hellip;<\/p>\n<\/div>\n\t\n<a href=\"https:\/\/comdep.com.br\/?p=3326\" class=\"post-details details-type-link\" aria-label=\"Read more about COMDEP trabalhando hoje 11\/05\/2020 nos seguintes locais:\">Read more<i class=\"dt-icon-the7-arrow-03\" aria-hidden=\"true\"><\/i><\/a>\n\n<\/div><\/article><article class=\"post project-odd visible post-3314 type-post status-publish format-standard has-post-thumbnail hentry category-home category-1 description-off\" data-name=\"COMDEP trabalhando hoje 10\/05\/2020 nos seguintes locais:\" data-date=\"2020-05-11T11:49:33-03:00\">\n\n<div class=\"post-thumbnail-wrap\">\n\t<div class=\"post-thumbnail\">\n\n\t\t\n\t\t\n\t\t<a href=\"https:\/\/comdep.com.br\/?p=3314\" class=\"post-thumbnail-rollover layzr-bg layzr-bg\" ><img decoding=\"async\" class=\"blog-thumb-lazy-load preload-me lazy-load aspect\" src=\"data:image\/svg+xml,%3Csvg%20xmlns%3D&#39;http%3A%2F%2Fwww.w3.org%2F2000%2Fsvg&#39;%20viewBox%3D&#39;0%200%20768%20512&#39;%2F%3E\" data-src=\"https:\/\/comdep.com.br\/wp-content\/uploads\/2020\/05\/servico-8-e1589208600664-768x512.jpg\" data-srcset=\"https:\/\/comdep.com.br\/wp-content\/uploads\/2020\/05\/servico-8-e1589208600664-768x512.jpg 768w, https:\/\/comdep.com.br\/wp-content\/uploads\/2020\/05\/servico-8-e1589208600664-800x532.jpg 800w\" loading=\"eager\" style=\"--ratio: 768 \/ 512\" sizes=\"(max-width: 768px) 100vw, 768px\" alt=\"\" title=\"servico\" width=\"768\" height=\"512\"  \/><\/a>\n\t<\/div>\n<\/div>\n\n\n<div class=\"post-entry-content\">\n\n\t<h3 class=\"entry-title\">\n\t\t<a href=\"https:\/\/comdep.com.br\/?p=3314\" title=\"COMDEP trabalhando hoje 10\/05\/2020 nos seguintes locais:\" rel=\"bookmark\">COMDEP trabalhando hoje 10\/05\/2020 nos seguintes locais:<\/a>\n\t<\/h3>\n\n\t<div class=\"entry-meta\"><a href=\"https:\/\/comdep.com.br\/?m=20200511\" title=\"11:49\" class=\"data-link\" rel=\"bookmark\"><time class=\"entry-date updated\" datetime=\"2020-05-11T11:49:33-03:00\">11\/05\/2020<\/time><\/a><\/div>\n\t<div class=\"entry-excerpt\"><p>Diretoria de Limpeza Urbana Varri\u00e7\u00e3o: das 07:00 at\u00e9 11:00 (turma da manh\u00e3) &#8211; Centro, centro hist\u00f3rico, pra\u00e7a da liberdade, Bingen, Bar\u00e3o do Rio Branco, Cascatinha, Itamarati, Quissam\u00e3, Alto da Serra, pra\u00e7a Pasteur, Castel\u00e2nea e Quitandinha * Varri\u00e7\u00e3o: feira livre do Alto da Serra * (03) funcion\u00e1rios trabalhando na feira livre do Alto da Serra na&hellip;<\/p>\n<\/div>\n\t\n<a href=\"https:\/\/comdep.com.br\/?p=3314\" class=\"post-details details-type-link\" aria-label=\"Read more about COMDEP trabalhando hoje 10\/05\/2020 nos seguintes locais:\">Read more<i class=\"dt-icon-the7-arrow-03\" aria-hidden=\"true\"><\/i><\/a>\n\n<\/div><\/article><article class=\"post project-odd visible post-3308 type-post status-publish format-standard has-post-thumbnail hentry category-home category-1 description-off\" data-name=\"COMDEP trabalhando hoje 09\/05\/2020 nos seguintes locais:\" data-date=\"2020-05-11T11:38:35-03:00\">\n\n<div class=\"post-thumbnail-wrap\">\n\t<div class=\"post-thumbnail\">\n\n\t\t\n\t\t\n\t\t<a href=\"https:\/\/comdep.com.br\/?p=3308\" class=\"post-thumbnail-rollover layzr-bg layzr-bg\" ><img decoding=\"async\" class=\"blog-thumb-lazy-load preload-me lazy-load aspect\" src=\"data:image\/svg+xml,%3Csvg%20xmlns%3D&#39;http%3A%2F%2Fwww.w3.org%2F2000%2Fsvg&#39;%20viewBox%3D&#39;0%200%20768%20512&#39;%2F%3E\" data-src=\"https:\/\/comdep.com.br\/wp-content\/uploads\/2020\/05\/servico-9-e1589208110489-768x512.jpg\" data-srcset=\"https:\/\/comdep.com.br\/wp-content\/uploads\/2020\/05\/servico-9-e1589208110489-768x512.jpg 768w, https:\/\/comdep.com.br\/wp-content\/uploads\/2020\/05\/servico-9-e1589208110489-800x532.jpg 800w\" loading=\"eager\" style=\"--ratio: 768 \/ 512\" sizes=\"(max-width: 768px) 100vw, 768px\" alt=\"\" title=\"servico\" width=\"768\" height=\"512\"  \/><\/a>\n\t<\/div>\n<\/div>\n\n\n<div class=\"post-entry-content\">\n\n\t<h3 class=\"entry-title\">\n\t\t<a href=\"https:\/\/comdep.com.br\/?p=3308\" title=\"COMDEP trabalhando hoje 09\/05\/2020 nos seguintes locais:\" rel=\"bookmark\">COMDEP trabalhando hoje 09\/05\/2020 nos seguintes locais:<\/a>\n\t<\/h3>\n\n\t<div class=\"entry-meta\"><a href=\"https:\/\/comdep.com.br\/?m=20200511\" title=\"11:38\" class=\"data-link\" rel=\"bookmark\"><time class=\"entry-date updated\" datetime=\"2020-05-11T11:38:35-03:00\">11\/05\/2020<\/time><\/a><\/div>\n\t<div class=\"entry-excerpt\"><p>Diretoria Operacional M\u00e1quina e Caminh\u00f5es: Olavo Bilac, Crist\u00f3v\u00e3o Colombo, Cardoso Fontes, Albino Siqueira, Dr. S\u00e1 Earp, Rua Teresa, Morim, Lopes Trov\u00e3o, (Patronato) * Caminh\u00e3o D 08: General Rondon, Quitandinha, Airton Senna, Coronel Veiga, Washington Luiz, Centro Hist\u00f3rico, Bar\u00e3o do Rio Branco, Piabanha, Bingen, Henrique Rafard, Bar\u00e3o de \u00c1guas Claras, Rua Cuba, Rua Bahia, Rua Acre,&hellip;<\/p>\n<\/div>\n\t\n<a href=\"https:\/\/comdep.com.br\/?p=3308\" class=\"post-details details-type-link\" aria-label=\"Read more about COMDEP trabalhando hoje 09\/05\/2020 nos seguintes locais:\">Read more<i class=\"dt-icon-the7-arrow-03\" aria-hidden=\"true\"><\/i><\/a>\n\n<\/div><\/article><article class=\"post project-odd visible post-3299 type-post status-publish format-standard has-post-thumbnail hentry category-home category-1 description-off\" data-name=\"COMDEP trabalhando hoje 08\/05\/2020 nos seguintes locais:\" data-date=\"2020-05-08T09:41:26-03:00\">\n\n<div class=\"post-thumbnail-wrap\">\n\t<div class=\"post-thumbnail\">\n\n\t\t\n\t\t\n\t\t<a href=\"https:\/\/comdep.com.br\/?p=3299\" class=\"post-thumbnail-rollover layzr-bg layzr-bg\" ><img decoding=\"async\" class=\"blog-thumb-lazy-load preload-me lazy-load aspect\" src=\"data:image\/svg+xml,%3Csvg%20xmlns%3D&#39;http%3A%2F%2Fwww.w3.org%2F2000%2Fsvg&#39;%20viewBox%3D&#39;0%200%20768%20512&#39;%2F%3E\" data-src=\"https:\/\/comdep.com.br\/wp-content\/uploads\/2020\/05\/servico-7-e1588962881865-768x512.jpg\" data-srcset=\"https:\/\/comdep.com.br\/wp-content\/uploads\/2020\/05\/servico-7-e1588962881865-768x512.jpg 768w, https:\/\/comdep.com.br\/wp-content\/uploads\/2020\/05\/servico-7-e1588962881865-801x533.jpg 801w\" loading=\"eager\" style=\"--ratio: 768 \/ 512\" sizes=\"(max-width: 768px) 100vw, 768px\" alt=\"\" title=\"servico\" width=\"768\" height=\"512\"  \/><\/a>\n\t<\/div>\n<\/div>\n\n\n<div class=\"post-entry-content\">\n\n\t<h3 class=\"entry-title\">\n\t\t<a href=\"https:\/\/comdep.com.br\/?p=3299\" title=\"COMDEP trabalhando hoje 08\/05\/2020 nos seguintes locais:\" rel=\"bookmark\">COMDEP trabalhando hoje 08\/05\/2020 nos seguintes locais:<\/a>\n\t<\/h3>\n\n\t<div class=\"entry-meta\"><a href=\"https:\/\/comdep.com.br\/?m=20200508\" title=\"09:41\" class=\"data-link\" rel=\"bookmark\"><time class=\"entry-date updated\" datetime=\"2020-05-08T09:41:26-03:00\">08\/05\/2020<\/time><\/a><\/div>\n\t<div class=\"entry-excerpt\"><p>Diretoria de Obras Obras: vistoria Centro de Cultura Raul de Leoni. Reparo em balaustres Rua Washington Luiz * Instala\u00e7\u00e3o de tela e placa proibitiva de descarte de entulho no bairro Estrada da Saudade (pr\u00f3ximo ao n\u00famero 1.497 * Instala\u00e7\u00e3o de tela e placa proibitiva de descarte de entulho no bairro Estrada da Saudade (exatamente embaixo&hellip;<\/p>\n<\/div>\n\t\n<a href=\"https:\/\/comdep.com.br\/?p=3299\" class=\"post-details details-type-link\" aria-label=\"Read more about COMDEP trabalhando hoje 08\/05\/2020 nos seguintes locais:\">Read more<i class=\"dt-icon-the7-arrow-03\" aria-hidden=\"true\"><\/i><\/a>\n\n<\/div><\/article><article class=\"post project-odd visible post-3282 type-post status-publish format-standard has-post-thumbnail hentry category-home category-1 description-off\" data-name=\"COMDEP trabalhando hoje 07\/05\/2020 nos seguintes locais:\" data-date=\"2020-05-07T10:47:41-03:00\">\n\n<div class=\"post-thumbnail-wrap\">\n\t<div class=\"post-thumbnail\">\n\n\t\t\n\t\t\n\t\t<a href=\"https:\/\/comdep.com.br\/?p=3282\" class=\"post-thumbnail-rollover layzr-bg layzr-bg\" ><img decoding=\"async\" class=\"blog-thumb-lazy-load preload-me lazy-load aspect\" src=\"data:image\/svg+xml,%3Csvg%20xmlns%3D&#39;http%3A%2F%2Fwww.w3.org%2F2000%2Fsvg&#39;%20viewBox%3D&#39;0%200%20600%20400&#39;%2F%3E\" data-src=\"https:\/\/comdep.com.br\/wp-content\/uploads\/2020\/05\/servico-6-e1588863409763-600x400.jpg\" data-srcset=\"https:\/\/comdep.com.br\/wp-content\/uploads\/2020\/05\/servico-6-e1588863409763-600x400.jpg 600w, https:\/\/comdep.com.br\/wp-content\/uploads\/2020\/05\/servico-6-e1588863409763-600x399.jpg 600w\" loading=\"eager\" style=\"--ratio: 600 \/ 400\" sizes=\"(max-width: 600px) 100vw, 600px\" alt=\"\" title=\"servico\" width=\"600\" height=\"400\"  \/><\/a>\n\t<\/div>\n<\/div>\n\n\n<div class=\"post-entry-content\">\n\n\t<h3 class=\"entry-title\">\n\t\t<a href=\"https:\/\/comdep.com.br\/?p=3282\" title=\"COMDEP trabalhando hoje 07\/05\/2020 nos seguintes locais:\" rel=\"bookmark\">COMDEP trabalhando hoje 07\/05\/2020 nos seguintes locais:<\/a>\n\t<\/h3>\n\n\t<div class=\"entry-meta\"><a href=\"https:\/\/comdep.com.br\/?m=20200507\" title=\"10:47\" class=\"data-link\" rel=\"bookmark\"><time class=\"entry-date updated\" datetime=\"2020-05-07T10:47:41-03:00\">07\/05\/2020<\/time><\/a><\/div>\n\t<div class=\"entry-excerpt\"><p>Parques e Jardins Corte de grama: Ch\u00e1cara das Rosas Souza Franco * Jardim: Secret\u00e1rio &nbsp;* Caminh\u00e3o do jardim: recolher lixo verde rua doutor Nelson de S\u00e1 Earp e rua Dom Pedro &nbsp;* Kombi do jardim: manuten\u00e7\u00e3o * Distritos Ro\u00e7ada e capina: continua\u00e7\u00e3o Estrada do Catubira, Pra\u00e7a de Santo Ant\u00f4nio e servid\u00e3o Sim\u00e3o Calede &nbsp;* M\u00e1quina&hellip;<\/p>\n<\/div>\n\t\n<a href=\"https:\/\/comdep.com.br\/?p=3282\" class=\"post-details details-type-link\" aria-label=\"Read more about COMDEP trabalhando hoje 07\/05\/2020 nos seguintes locais:\">Read more<i class=\"dt-icon-the7-arrow-03\" aria-hidden=\"true\"><\/i><\/a>\n\n<\/div><\/article><article class=\"post project-odd visible post-3278 type-post status-publish format-standard has-post-thumbnail hentry category-home category-1 description-off\" data-name=\"COMDEP trabalhando hoje 06\/05\/2020 nos seguintes locais:\" data-date=\"2020-05-06T11:10:14-03:00\">\n\n<div class=\"post-thumbnail-wrap\">\n\t<div class=\"post-thumbnail\">\n\n\t\t\n\t\t\n\t\t<a href=\"https:\/\/comdep.com.br\/?p=3278\" class=\"post-thumbnail-rollover layzr-bg layzr-bg\" ><img decoding=\"async\" class=\"blog-thumb-lazy-load preload-me lazy-load aspect\" src=\"data:image\/svg+xml,%3Csvg%20xmlns%3D&#39;http%3A%2F%2Fwww.w3.org%2F2000%2Fsvg&#39;%20viewBox%3D&#39;0%200%20768%20512&#39;%2F%3E\" data-src=\"https:\/\/comdep.com.br\/wp-content\/uploads\/2020\/05\/servico-5-e1588774228683-768x512.jpg\" data-srcset=\"https:\/\/comdep.com.br\/wp-content\/uploads\/2020\/05\/servico-5-e1588774228683-768x512.jpg 768w, https:\/\/comdep.com.br\/wp-content\/uploads\/2020\/05\/servico-5-e1588774228683-800x532.jpg 800w\" loading=\"eager\" style=\"--ratio: 768 \/ 512\" sizes=\"(max-width: 768px) 100vw, 768px\" alt=\"\" title=\"servico\" width=\"768\" height=\"512\"  \/><\/a>\n\t<\/div>\n<\/div>\n\n\n<div class=\"post-entry-content\">\n\n\t<h3 class=\"entry-title\">\n\t\t<a href=\"https:\/\/comdep.com.br\/?p=3278\" title=\"COMDEP trabalhando hoje 06\/05\/2020 nos seguintes locais:\" rel=\"bookmark\">COMDEP trabalhando hoje 06\/05\/2020 nos seguintes locais:<\/a>\n\t<\/h3>\n\n\t<div class=\"entry-meta\"><a href=\"https:\/\/comdep.com.br\/?m=20200506\" title=\"11:10\" class=\"data-link\" rel=\"bookmark\"><time class=\"entry-date updated\" datetime=\"2020-05-06T11:10:14-03:00\">06\/05\/2020<\/time><\/a><\/div>\n\t<div class=\"entry-excerpt\"><p>Distrito Ro\u00e7ada e capina: continua\u00e7\u00e3o Estrada do Catubira, pra\u00e7a de Santo Ant\u00f4nio * M\u00e1quina e caminh\u00e3o: Estrada do Caetitu, retirada de corte de \u00e1rvore no Bonfim * Varri\u00e7\u00e3o di\u00e1ria: Corr\u00eaas, Nogueiras, Araras, Itaipava, Vila Rica, Pedro do Rio, Secret\u00e1rio * Diretoria Operacional Limpeza de rio: Rua Raul Veiga, Coronel Veiga &nbsp;* Capina: General Rondon, Av.&hellip;<\/p>\n<\/div>\n\t\n<a href=\"https:\/\/comdep.com.br\/?p=3278\" class=\"post-details details-type-link\" aria-label=\"Read more about COMDEP trabalhando hoje 06\/05\/2020 nos seguintes locais:\">Read more<i class=\"dt-icon-the7-arrow-03\" aria-hidden=\"true\"><\/i><\/a>\n\n<\/div><\/article><article class=\"post project-odd visible post-3272 type-post status-publish format-standard has-post-thumbnail hentry category-home category-1 description-off\" data-name=\"COMDEP trabalhando hoje 05\/05\/2020 nos seguintes locais:\" data-date=\"2020-05-05T12:20:48-03:00\">\n\n<div class=\"post-thumbnail-wrap\">\n\t<div class=\"post-thumbnail\">\n\n\t\t\n\t\t\n\t\t<a href=\"https:\/\/comdep.com.br\/?p=3272\" class=\"post-thumbnail-rollover layzr-bg layzr-bg\" ><img decoding=\"async\" class=\"blog-thumb-lazy-load preload-me lazy-load aspect\" src=\"data:image\/svg+xml,%3Csvg%20xmlns%3D&#39;http%3A%2F%2Fwww.w3.org%2F2000%2Fsvg&#39;%20viewBox%3D&#39;0%200%20768%20512&#39;%2F%3E\" data-src=\"https:\/\/comdep.com.br\/wp-content\/uploads\/2020\/05\/servico-4-e1588692309808-768x512.jpg\" data-srcset=\"https:\/\/comdep.com.br\/wp-content\/uploads\/2020\/05\/servico-4-e1588692309808-768x512.jpg 768w, https:\/\/comdep.com.br\/wp-content\/uploads\/2020\/05\/servico-4-e1588692309808-800x532.jpg 800w\" loading=\"eager\" style=\"--ratio: 768 \/ 512\" sizes=\"(max-width: 768px) 100vw, 768px\" alt=\"\" title=\"servico\" width=\"768\" height=\"512\"  \/><\/a>\n\t<\/div>\n<\/div>\n\n\n<div class=\"post-entry-content\">\n\n\t<h3 class=\"entry-title\">\n\t\t<a href=\"https:\/\/comdep.com.br\/?p=3272\" title=\"COMDEP trabalhando hoje 05\/05\/2020 nos seguintes locais:\" rel=\"bookmark\">COMDEP trabalhando hoje 05\/05\/2020 nos seguintes locais:<\/a>\n\t<\/h3>\n\n\t<div class=\"entry-meta\"><a href=\"https:\/\/comdep.com.br\/?m=20200505\" title=\"12:20\" class=\"data-link\" rel=\"bookmark\"><time class=\"entry-date updated\" datetime=\"2020-05-05T12:20:48-03:00\">05\/05\/2020<\/time><\/a><\/div>\n\t<div class=\"entry-excerpt\"><p>Distrito Ro\u00e7ada e capina: continua\u00e7\u00e3o Estrada do Catubira * M\u00e1quina e caminh\u00e3o: Estrada do Caetitu * Varri\u00e7\u00e3o di\u00e1ria: Corr\u00eaas, Nogueiras, Araras, Itaipava, Vila Rica, Pedro do Rio, Secret\u00e1rio * Diretoria Operacional Limpeza de rio: Rua Raul Veiga &nbsp;* Capina: Rua General Rondon, Av. Ipiranga, Lopes Trov\u00e3o (Patronato), Rua Par\u00e1, Rua Frei Cir\u00edaco, Rua Saldanha Marinho,&hellip;<\/p>\n<\/div>\n\t\n<a href=\"https:\/\/comdep.com.br\/?p=3272\" class=\"post-details details-type-link\" aria-label=\"Read more about COMDEP trabalhando hoje 05\/05\/2020 nos seguintes locais:\">Read more<i class=\"dt-icon-the7-arrow-03\" aria-hidden=\"true\"><\/i><\/a>\n\n<\/div><\/article><article class=\"post project-odd visible post-3253 type-post status-publish format-standard has-post-thumbnail hentry category-home category-1 description-off\" data-name=\"COMDEP trabalhando hoje 04\/05\/2020 nos seguintes locais:\" data-date=\"2020-05-04T14:36:18-03:00\">\n\n<div class=\"post-thumbnail-wrap\">\n\t<div class=\"post-thumbnail\">\n\n\t\t\n\t\t\n\t\t<a href=\"https:\/\/comdep.com.br\/?p=3253\" class=\"post-thumbnail-rollover layzr-bg layzr-bg\" ><img decoding=\"async\" class=\"blog-thumb-lazy-load preload-me lazy-load aspect\" src=\"data:image\/svg+xml,%3Csvg%20xmlns%3D&#39;http%3A%2F%2Fwww.w3.org%2F2000%2Fsvg&#39;%20viewBox%3D&#39;0%200%20768%20512&#39;%2F%3E\" data-src=\"https:\/\/comdep.com.br\/wp-content\/uploads\/2020\/05\/servico-3-e1588613868202-768x512.jpg\" data-srcset=\"https:\/\/comdep.com.br\/wp-content\/uploads\/2020\/05\/servico-3-e1588613868202-768x512.jpg 768w, https:\/\/comdep.com.br\/wp-content\/uploads\/2020\/05\/servico-3-e1588613868202-900x600.jpg 900w\" loading=\"eager\" style=\"--ratio: 768 \/ 512\" sizes=\"(max-width: 768px) 100vw, 768px\" alt=\"\" title=\"servico\" width=\"768\" height=\"512\"  \/><\/a>\n\t<\/div>\n<\/div>\n\n\n<div class=\"post-entry-content\">\n\n\t<h3 class=\"entry-title\">\n\t\t<a href=\"https:\/\/comdep.com.br\/?p=3253\" title=\"COMDEP trabalhando hoje 04\/05\/2020 nos seguintes locais:\" rel=\"bookmark\">COMDEP trabalhando hoje 04\/05\/2020 nos seguintes locais:<\/a>\n\t<\/h3>\n\n\t<div class=\"entry-meta\"><a href=\"https:\/\/comdep.com.br\/?m=20200504\" title=\"14:36\" class=\"data-link\" rel=\"bookmark\"><time class=\"entry-date updated\" datetime=\"2020-05-04T14:36:18-03:00\">04\/05\/2020<\/time><\/a><\/div>\n\t<div class=\"entry-excerpt\"><p>Distrito Ro\u00e7ada e capina: Estrada do Catubira \u00a0* M\u00e1quina e caminh\u00f5es: Madame Machado \u00a0* Varri\u00e7\u00e3o di\u00e1ria: Corr\u00eaas, Nogueiras, Itaipava, Vila Rica, Pedro do Rio, Secret\u00e1rio. * Diretoria Operacional Limpeza de rio: Rua Raul Veiga \u00a0* Capina: General Rondon, , Av. Ipiranga, Rua do Encanto, Rua Par\u00e1, Rua Frei Cir\u00edaco, Rua Vassouras, Rua Carolina Justen, Rua&hellip;<\/p>\n<\/div>\n\t\n<a href=\"https:\/\/comdep.com.br\/?p=3253\" class=\"post-details details-type-link\" aria-label=\"Read more about COMDEP trabalhando hoje 04\/05\/2020 nos seguintes locais:\">Read more<i class=\"dt-icon-the7-arrow-03\" aria-hidden=\"true\"><\/i><\/a>\n\n<\/div><\/article><article class=\"post project-odd visible post-3248 type-post status-publish format-standard has-post-thumbnail hentry category-home category-1 description-off\" data-name=\"COMDEP trabalhando hoje 03\/05\/2020 nos seguintes locais:\" data-date=\"2020-05-03T14:13:09-03:00\">\n\n<div class=\"post-thumbnail-wrap\">\n\t<div class=\"post-thumbnail\">\n\n\t\t\n\t\t\n\t\t<a href=\"https:\/\/comdep.com.br\/?p=3248\" class=\"post-thumbnail-rollover layzr-bg layzr-bg\" ><img decoding=\"async\" class=\"blog-thumb-lazy-load preload-me lazy-load aspect\" src=\"data:image\/svg+xml,%3Csvg%20xmlns%3D&#39;http%3A%2F%2Fwww.w3.org%2F2000%2Fsvg&#39;%20viewBox%3D&#39;0%200%20768%20512&#39;%2F%3E\" data-src=\"https:\/\/comdep.com.br\/wp-content\/uploads\/2020\/05\/servico-2-e1588525789348-768x512.jpg\" data-srcset=\"https:\/\/comdep.com.br\/wp-content\/uploads\/2020\/05\/servico-2-e1588525789348-768x512.jpg 768w, https:\/\/comdep.com.br\/wp-content\/uploads\/2020\/05\/servico-2-e1588525789348-800x532.jpg 800w\" loading=\"eager\" style=\"--ratio: 768 \/ 512\" sizes=\"(max-width: 768px) 100vw, 768px\" alt=\"\" title=\"servico\" width=\"768\" height=\"512\"  \/><\/a>\n\t<\/div>\n<\/div>\n\n\n<div class=\"post-entry-content\">\n\n\t<h3 class=\"entry-title\">\n\t\t<a href=\"https:\/\/comdep.com.br\/?p=3248\" title=\"COMDEP trabalhando hoje 03\/05\/2020 nos seguintes locais:\" rel=\"bookmark\">COMDEP trabalhando hoje 03\/05\/2020 nos seguintes locais:<\/a>\n\t<\/h3>\n\n\t<div class=\"entry-meta\"><a href=\"https:\/\/comdep.com.br\/?m=20200503\" title=\"14:13\" class=\"data-link\" rel=\"bookmark\"><time class=\"entry-date updated\" datetime=\"2020-05-03T14:13:09-03:00\">03\/05\/2020<\/time><\/a><\/div>\n\t<div class=\"entry-excerpt\"><p>Diretoria de Limpeza Urbana Varri\u00e7\u00e3o (das 07:00 at\u00e9 11:00) turma da manh\u00e3: Centro, centro hist\u00f3rico, Pra\u00e7a Pasteur, Pra\u00e7a da Liberdade, Bar\u00e3o do Rio Branco, Cascatinha, Itamarati, Quissam\u00e3, Alto da Serra, Castel\u00e2nea, Quitandinha e Valpara\u00edso * Varri\u00e7\u00e3o: feira livre do Alto da Serra * (03) funcion\u00e1rios trabalhando na feira livre do Alto da Serra na retirada&hellip;<\/p>\n<\/div>\n\t\n<a href=\"https:\/\/comdep.com.br\/?p=3248\" class=\"post-details details-type-link\" aria-label=\"Read more about COMDEP trabalhando hoje 03\/05\/2020 nos seguintes locais:\">Read more<i class=\"dt-icon-the7-arrow-03\" aria-hidden=\"true\"><\/i><\/a>\n\n<\/div><\/article><article class=\"post project-odd visible post-3245 type-post status-publish format-standard has-post-thumbnail hentry category-home category-1 description-off\" data-name=\"COMDEP trabalhando hoje 02\/05\/2020 nos seguintes locais:\" data-date=\"2020-05-02T14:40:01-03:00\">\n\n<div class=\"post-thumbnail-wrap\">\n\t<div class=\"post-thumbnail\">\n\n\t\t\n\t\t\n\t\t<a href=\"https:\/\/comdep.com.br\/?p=3245\" class=\"post-thumbnail-rollover layzr-bg layzr-bg\" ><img decoding=\"async\" class=\"blog-thumb-lazy-load preload-me lazy-load aspect\" src=\"data:image\/svg+xml,%3Csvg%20xmlns%3D&#39;http%3A%2F%2Fwww.w3.org%2F2000%2Fsvg&#39;%20viewBox%3D&#39;0%200%20768%20512&#39;%2F%3E\" data-src=\"https:\/\/comdep.com.br\/wp-content\/uploads\/2020\/05\/servico-1-e1588441071372-768x512.jpg\" data-srcset=\"https:\/\/comdep.com.br\/wp-content\/uploads\/2020\/05\/servico-1-e1588441071372-768x512.jpg 768w, https:\/\/comdep.com.br\/wp-content\/uploads\/2020\/05\/servico-1-e1588441071372-800x532.jpg 800w\" loading=\"eager\" style=\"--ratio: 768 \/ 512\" sizes=\"(max-width: 768px) 100vw, 768px\" alt=\"\" title=\"servico\" width=\"768\" height=\"512\"  \/><\/a>\n\t<\/div>\n<\/div>\n\n\n<div class=\"post-entry-content\">\n\n\t<h3 class=\"entry-title\">\n\t\t<a href=\"https:\/\/comdep.com.br\/?p=3245\" title=\"COMDEP trabalhando hoje 02\/05\/2020 nos seguintes locais:\" rel=\"bookmark\">COMDEP trabalhando hoje 02\/05\/2020 nos seguintes locais:<\/a>\n\t<\/h3>\n\n\t<div class=\"entry-meta\"><a href=\"https:\/\/comdep.com.br\/?m=20200502\" title=\"14:40\" class=\"data-link\" rel=\"bookmark\"><time class=\"entry-date updated\" datetime=\"2020-05-02T14:40:01-03:00\">02\/05\/2020<\/time><\/a><\/div>\n\t<div class=\"entry-excerpt\"><p>Diretoria de Limpeza Urbana Varri\u00e7\u00e3o: Get\u00falio Vargas, General Rondon, Coronel Veiga, pra\u00e7a Pasteur, Alto da Serra, Morin e Bingen * Varri\u00e7\u00e3o: feira livre do Centro * (03) funcion\u00e1rios trabalhando na feira livre do centro na retirada de res\u00edduos debaixo das bancas * Caminh\u00e3o (C20) recolhimento de sacos da varri\u00e7\u00e3o: Quitandinha, Coronel Veiga, Alto da Serra,&hellip;<\/p>\n<\/div>\n\t\n<a href=\"https:\/\/comdep.com.br\/?p=3245\" class=\"post-details details-type-link\" aria-label=\"Read more about COMDEP trabalhando hoje 02\/05\/2020 nos seguintes locais:\">Read more<i class=\"dt-icon-the7-arrow-03\" aria-hidden=\"true\"><\/i><\/a>\n\n<\/div><\/article><article class=\"post project-odd visible post-3242 type-post status-publish format-standard has-post-thumbnail hentry category-home category-1 description-off\" data-name=\"COMDEP trabalhando hoje 01\/05\/2020 nos seguintes locais:\" data-date=\"2020-05-01T17:50:52-03:00\">\n\n<div class=\"post-thumbnail-wrap\">\n\t<div class=\"post-thumbnail\">\n\n\t\t\n\t\t\n\t\t<a href=\"https:\/\/comdep.com.br\/?p=3242\" class=\"post-thumbnail-rollover layzr-bg layzr-bg\" ><img decoding=\"async\" class=\"blog-thumb-lazy-load preload-me lazy-load aspect\" src=\"data:image\/svg+xml,%3Csvg%20xmlns%3D&#39;http%3A%2F%2Fwww.w3.org%2F2000%2Fsvg&#39;%20viewBox%3D&#39;0%200%20450%20300&#39;%2F%3E\" data-src=\"https:\/\/comdep.com.br\/wp-content\/uploads\/2020\/05\/servico-e1588366385203-450x300.jpg\" data-srcset=\"https:\/\/comdep.com.br\/wp-content\/uploads\/2020\/05\/servico-e1588366385203-450x300.jpg 450w, https:\/\/comdep.com.br\/wp-content\/uploads\/2020\/05\/servico-e1588366385203-450x299.jpg 450w\" loading=\"eager\" style=\"--ratio: 450 \/ 300\" sizes=\"(max-width: 450px) 100vw, 450px\" alt=\"\" title=\"servico\" width=\"450\" height=\"300\"  \/><\/a>\n\t<\/div>\n<\/div>\n\n\n<div class=\"post-entry-content\">\n\n\t<h3 class=\"entry-title\">\n\t\t<a href=\"https:\/\/comdep.com.br\/?p=3242\" title=\"COMDEP trabalhando hoje 01\/05\/2020 nos seguintes locais:\" rel=\"bookmark\">COMDEP trabalhando hoje 01\/05\/2020 nos seguintes locais:<\/a>\n\t<\/h3>\n\n\t<div class=\"entry-meta\"><a href=\"https:\/\/comdep.com.br\/?m=20200501\" title=\"17:50\" class=\"data-link\" rel=\"bookmark\"><time class=\"entry-date updated\" datetime=\"2020-05-01T17:50:52-03:00\">01\/05\/2020<\/time><\/a><\/div>\n\t<div class=\"entry-excerpt\"><p>Diretoria de Limpeza Urbana Varri\u00e7\u00e3o (das 07:00 at\u00e9 11:00) turma da manh\u00e3: Centro, Centro Hist\u00f3rico, Pra\u00e7a da Liberdade, Bar\u00e3o do Rio Branco, Cascatinha, Itamarati, Quissam\u00e3, Alto da Serra, pra\u00e7a Pasteur, Castel\u00e2nea, Quitandinha e General Rondon * Varri\u00e7\u00e3o: feira livre da Rua General Rondon * Caminh\u00e3o (C20) recolhimento de sacos da varri\u00e7\u00e3o: Quitandinha, Coronel Veiga, Centro,&hellip;<\/p>\n<\/div>\n\t\n<a href=\"https:\/\/comdep.com.br\/?p=3242\" class=\"post-details details-type-link\" aria-label=\"Read more about COMDEP trabalhando hoje 01\/05\/2020 nos seguintes locais:\">Read more<i class=\"dt-icon-the7-arrow-03\" aria-hidden=\"true\"><\/i><\/a>\n\n<\/div><\/article><article class=\"post project-odd visible post-3232 type-post status-publish format-standard has-post-thumbnail hentry category-home category-1 description-off\" data-name=\"COMDEP trabalhando hoje 30\/04\/2020 nos seguintes locais:\" data-date=\"2020-04-30T14:03:57-03:00\">\n\n<div class=\"post-thumbnail-wrap\">\n\t<div class=\"post-thumbnail\">\n\n\t\t\n\t\t\n\t\t<a href=\"https:\/\/comdep.com.br\/?p=3232\" class=\"post-thumbnail-rollover layzr-bg layzr-bg\" ><img decoding=\"async\" class=\"blog-thumb-lazy-load preload-me lazy-load aspect\" src=\"data:image\/svg+xml,%3Csvg%20xmlns%3D&#39;http%3A%2F%2Fwww.w3.org%2F2000%2Fsvg&#39;%20viewBox%3D&#39;0%200%20438%20292&#39;%2F%3E\" data-src=\"https:\/\/comdep.com.br\/wp-content\/uploads\/2020\/04\/servico-25-e1588266287277-438x292.jpg\" data-srcset=\"https:\/\/comdep.com.br\/wp-content\/uploads\/2020\/04\/servico-25-e1588266287277-438x292.jpg 438w\" loading=\"eager\" style=\"--ratio: 438 \/ 292\" sizes=\"(max-width: 438px) 100vw, 438px\" alt=\"\" title=\"servico\" width=\"438\" height=\"292\"  \/><\/a>\n\t<\/div>\n<\/div>\n\n\n<div class=\"post-entry-content\">\n\n\t<h3 class=\"entry-title\">\n\t\t<a href=\"https:\/\/comdep.com.br\/?p=3232\" title=\"COMDEP trabalhando hoje 30\/04\/2020 nos seguintes locais:\" rel=\"bookmark\">COMDEP trabalhando hoje 30\/04\/2020 nos seguintes locais:<\/a>\n\t<\/h3>\n\n\t<div class=\"entry-meta\"><a href=\"https:\/\/comdep.com.br\/?m=20200430\" title=\"14:03\" class=\"data-link\" rel=\"bookmark\"><time class=\"entry-date updated\" datetime=\"2020-04-30T14:03:57-03:00\">30\/04\/2020<\/time><\/a><\/div>\n\t<div class=\"entry-excerpt\"><p>Distrito Ro\u00e7ada e capina: Rotat\u00f3ria de Bonsucesso * M\u00e1quina e caminh\u00f5es: Coletora Estrada do Gentio e Santa M\u00f4nica * Varri\u00e7\u00e3o di\u00e1ria: Corr\u00eaas, Nogueiras, Araras, Itaipava, Vila Rica, Pedro do Rio, Secret\u00e1rio * Diretoria Operacional Limpeza de rio: Coronel Veiga &nbsp;* Capina: Av. General Rondon, Travessa Jo\u00e3o Kneipp, Travessa Jo\u00e3o Famadas, Rua Jos\u00e9 Hammes, Rua Crist\u00f3v\u00e3o&hellip;<\/p>\n<\/div>\n\t\n<a href=\"https:\/\/comdep.com.br\/?p=3232\" class=\"post-details details-type-link\" aria-label=\"Read more about COMDEP trabalhando hoje 30\/04\/2020 nos seguintes locais:\">Read more<i class=\"dt-icon-the7-arrow-03\" aria-hidden=\"true\"><\/i><\/a>\n\n<\/div><\/article><article class=\"post project-odd visible post-3229 type-post status-publish format-standard has-post-thumbnail hentry category-home category-1 description-off\" data-name=\"COMDEP trabalhando hoje 29\/04\/2020 nos seguintes locais:\" data-date=\"2020-04-29T15:27:13-03:00\">\n\n<div class=\"post-thumbnail-wrap\">\n\t<div class=\"post-thumbnail\">\n\n\t\t\n\t\t\n\t\t<a href=\"https:\/\/comdep.com.br\/?p=3229\" class=\"post-thumbnail-rollover layzr-bg layzr-bg\" ><img decoding=\"async\" class=\"blog-thumb-lazy-load preload-me lazy-load aspect\" src=\"data:image\/svg+xml,%3Csvg%20xmlns%3D&#39;http%3A%2F%2Fwww.w3.org%2F2000%2Fsvg&#39;%20viewBox%3D&#39;0%200%20507%20338&#39;%2F%3E\" data-src=\"https:\/\/comdep.com.br\/wp-content\/uploads\/2020\/04\/servico-24-e1588185105565-507x338.jpg\" data-srcset=\"https:\/\/comdep.com.br\/wp-content\/uploads\/2020\/04\/servico-24-e1588185105565-507x338.jpg 507w\" loading=\"eager\" style=\"--ratio: 507 \/ 338\" sizes=\"(max-width: 507px) 100vw, 507px\" alt=\"\" title=\"servico\" width=\"507\" height=\"338\"  \/><\/a>\n\t<\/div>\n<\/div>\n\n\n<div class=\"post-entry-content\">\n\n\t<h3 class=\"entry-title\">\n\t\t<a href=\"https:\/\/comdep.com.br\/?p=3229\" title=\"COMDEP trabalhando hoje 29\/04\/2020 nos seguintes locais:\" rel=\"bookmark\">COMDEP trabalhando hoje 29\/04\/2020 nos seguintes locais:<\/a>\n\t<\/h3>\n\n\t<div class=\"entry-meta\"><a href=\"https:\/\/comdep.com.br\/?m=20200429\" title=\"15:27\" class=\"data-link\" rel=\"bookmark\"><time class=\"entry-date updated\" datetime=\"2020-04-29T15:27:13-03:00\">29\/04\/2020<\/time><\/a><\/div>\n\t<div class=\"entry-excerpt\"><p>Distrito Ro\u00e7ada e capina: continua\u00e7\u00e3o Estrada Neuza Goulart Brizola \u00a0* M\u00e1quina e caminh\u00f5es: Vila Rica \u00a0* Varri\u00e7\u00e3o di\u00e1ria: Corr\u00eaas, Nogueiras, Araras, Itaipava, Vila Rica, Pedro do Rio, Secret\u00e1rio * Diretoria Operacional Limpeza de rio: Coronel Veiga \u00a0* Capina: Av. Airton Senna, Av. Ipiranga, Rua do Encanto, Rua Campos, Rua Paim de Carvalho, Rua Olavo Bilac,&hellip;<\/p>\n<\/div>\n\t\n<a href=\"https:\/\/comdep.com.br\/?p=3229\" class=\"post-details details-type-link\" aria-label=\"Read more about COMDEP trabalhando hoje 29\/04\/2020 nos seguintes locais:\">Read more<i class=\"dt-icon-the7-arrow-03\" aria-hidden=\"true\"><\/i><\/a>\n\n<\/div><\/article><article class=\"post project-odd visible post-3215 type-post status-publish format-standard has-post-thumbnail hentry category-home category-1 description-off\" data-name=\"COMDEP trabalhando hoje 28\/04\/2020 nos seguintes locais:\" data-date=\"2020-04-28T14:35:30-03:00\">\n\n<div class=\"post-thumbnail-wrap\">\n\t<div class=\"post-thumbnail\">\n\n\t\t\n\t\t\n\t\t<a href=\"https:\/\/comdep.com.br\/?p=3215\" class=\"post-thumbnail-rollover layzr-bg layzr-bg\" ><img decoding=\"async\" class=\"blog-thumb-lazy-load preload-me lazy-load aspect\" src=\"data:image\/svg+xml,%3Csvg%20xmlns%3D&#39;http%3A%2F%2Fwww.w3.org%2F2000%2Fsvg&#39;%20viewBox%3D&#39;0%200%20450%20300&#39;%2F%3E\" data-src=\"https:\/\/comdep.com.br\/wp-content\/uploads\/2020\/04\/servico-23-e1588096161583-450x300.jpg\" data-srcset=\"https:\/\/comdep.com.br\/wp-content\/uploads\/2020\/04\/servico-23-e1588096161583-450x300.jpg 450w, https:\/\/comdep.com.br\/wp-content\/uploads\/2020\/04\/servico-23-e1588096161583-450x299.jpg 450w\" loading=\"eager\" style=\"--ratio: 450 \/ 300\" sizes=\"(max-width: 450px) 100vw, 450px\" alt=\"\" title=\"servico\" width=\"450\" height=\"300\"  \/><\/a>\n\t<\/div>\n<\/div>\n\n\n<div class=\"post-entry-content\">\n\n\t<h3 class=\"entry-title\">\n\t\t<a href=\"https:\/\/comdep.com.br\/?p=3215\" title=\"COMDEP trabalhando hoje 28\/04\/2020 nos seguintes locais:\" rel=\"bookmark\">COMDEP trabalhando hoje 28\/04\/2020 nos seguintes locais:<\/a>\n\t<\/h3>\n\n\t<div class=\"entry-meta\"><a href=\"https:\/\/comdep.com.br\/?m=20200428\" title=\"14:35\" class=\"data-link\" rel=\"bookmark\"><time class=\"entry-date updated\" datetime=\"2020-04-28T14:35:30-03:00\">28\/04\/2020<\/time><\/a><\/div>\n\t<div class=\"entry-excerpt\"><p>Diretoria Operacional Limpeza de Rio: Coronel Veiga * Capina: Av. Airton Senna, Av. Ipiranga, Rua Ang\u00e9lica Lopes de Castro, Get\u00falio Vargas, Rua Jornalista Paim de Carvalho, Rua Olavo Bilac, Rua Para\u00edba, Rua Carolina Justen, Av. Portugal, Rua M\u00e1rio Tapaj\u00f3s, Rua Valdemar Ferreira da Silva, Av. Estados Unidos, Duarte da Silveira, Rua Jornalista Carneiro Malta (Retiro),&hellip;<\/p>\n<\/div>\n\t\n<a href=\"https:\/\/comdep.com.br\/?p=3215\" class=\"post-details details-type-link\" aria-label=\"Read more about COMDEP trabalhando hoje 28\/04\/2020 nos seguintes locais:\">Read more<i class=\"dt-icon-the7-arrow-03\" aria-hidden=\"true\"><\/i><\/a>\n\n<\/div><\/article><article class=\"post project-odd visible post-3203 type-post status-publish format-standard has-post-thumbnail hentry category-home category-1 description-off\" data-name=\"COMDEP trabalhando hoje 27\/04\/2020 nos seguintes locais:\" data-date=\"2020-04-27T11:36:49-03:00\">\n\n<div class=\"post-thumbnail-wrap\">\n\t<div class=\"post-thumbnail\">\n\n\t\t\n\t\t\n\t\t<a href=\"https:\/\/comdep.com.br\/?p=3203\" class=\"post-thumbnail-rollover layzr-bg layzr-bg\" ><img decoding=\"async\" class=\"blog-thumb-lazy-load preload-me lazy-load aspect\" src=\"data:image\/svg+xml,%3Csvg%20xmlns%3D&#39;http%3A%2F%2Fwww.w3.org%2F2000%2Fsvg&#39;%20viewBox%3D&#39;0%200%20450%20300&#39;%2F%3E\" data-src=\"https:\/\/comdep.com.br\/wp-content\/uploads\/2020\/04\/servico-22-e1587998321147-450x300.jpg\" data-srcset=\"https:\/\/comdep.com.br\/wp-content\/uploads\/2020\/04\/servico-22-e1587998321147-450x300.jpg 450w, https:\/\/comdep.com.br\/wp-content\/uploads\/2020\/04\/servico-22-e1587998321147-450x299.jpg 450w\" loading=\"eager\" style=\"--ratio: 450 \/ 300\" sizes=\"(max-width: 450px) 100vw, 450px\" alt=\"\" title=\"servico\" width=\"450\" height=\"300\"  \/><\/a>\n\t<\/div>\n<\/div>\n\n\n<div class=\"post-entry-content\">\n\n\t<h3 class=\"entry-title\">\n\t\t<a href=\"https:\/\/comdep.com.br\/?p=3203\" title=\"COMDEP trabalhando hoje 27\/04\/2020 nos seguintes locais:\" rel=\"bookmark\">COMDEP trabalhando hoje 27\/04\/2020 nos seguintes locais:<\/a>\n\t<\/h3>\n\n\t<div class=\"entry-meta\"><a href=\"https:\/\/comdep.com.br\/?m=20200427\" title=\"11:36\" class=\"data-link\" rel=\"bookmark\"><time class=\"entry-date updated\" datetime=\"2020-04-27T11:36:49-03:00\">27\/04\/2020<\/time><\/a><\/div>\n\t<div class=\"entry-excerpt\"><p>Diretoria de Limpeza Urbana Varri\u00e7\u00e3o (das 07:00 at\u00e9 11:00) turma da manh\u00e3: Centro, centro hist\u00f3rico, Rua Teresa, Alto da Serra, pra\u00e7a Pasteur, Castel\u00e2nea, Quitandinha, Mosela, Bar\u00e3o do Rio Branco, Cascatinha, Itamarati e Quissam\u00e3 * Varri\u00e7\u00e3o: feira livre do Alto da Serra &nbsp;* (03) funcion\u00e1rios trabalhando na feira livre do Alto da Serra na retirada de&hellip;<\/p>\n<\/div>\n\t\n<a href=\"https:\/\/comdep.com.br\/?p=3203\" class=\"post-details details-type-link\" aria-label=\"Read more about COMDEP trabalhando hoje 27\/04\/2020 nos seguintes locais:\">Read more<i class=\"dt-icon-the7-arrow-03\" aria-hidden=\"true\"><\/i><\/a>\n\n<\/div><\/article><article class=\"post project-odd visible post-3199 type-post status-publish format-standard has-post-thumbnail hentry category-home category-1 description-off\" data-name=\"COMDEP trabalhando hoje 25\/04\/2020 nos seguintes locais:\" data-date=\"2020-04-27T11:11:25-03:00\">\n\n<div class=\"post-thumbnail-wrap\">\n\t<div class=\"post-thumbnail\">\n\n\t\t\n\t\t\n\t\t<a href=\"https:\/\/comdep.com.br\/?p=3199\" class=\"post-thumbnail-rollover layzr-bg layzr-bg\" ><img decoding=\"async\" class=\"blog-thumb-lazy-load preload-me lazy-load aspect\" src=\"data:image\/svg+xml,%3Csvg%20xmlns%3D&#39;http%3A%2F%2Fwww.w3.org%2F2000%2Fsvg&#39;%20viewBox%3D&#39;0%200%20768%20512&#39;%2F%3E\" data-src=\"https:\/\/comdep.com.br\/wp-content\/uploads\/2020\/04\/servico-21-e1587996766890-768x512.jpg\" data-srcset=\"https:\/\/comdep.com.br\/wp-content\/uploads\/2020\/04\/servico-21-e1587996766890-768x512.jpg 768w, https:\/\/comdep.com.br\/wp-content\/uploads\/2020\/04\/servico-21-e1587996766890-800x532.jpg 800w\" loading=\"eager\" style=\"--ratio: 768 \/ 512\" sizes=\"(max-width: 768px) 100vw, 768px\" alt=\"\" title=\"servico\" width=\"768\" height=\"512\"  \/><\/a>\n\t<\/div>\n<\/div>\n\n\n<div class=\"post-entry-content\">\n\n\t<h3 class=\"entry-title\">\n\t\t<a href=\"https:\/\/comdep.com.br\/?p=3199\" title=\"COMDEP trabalhando hoje 25\/04\/2020 nos seguintes locais:\" rel=\"bookmark\">COMDEP trabalhando hoje 25\/04\/2020 nos seguintes locais:<\/a>\n\t<\/h3>\n\n\t<div class=\"entry-meta\"><a href=\"https:\/\/comdep.com.br\/?m=20200427\" title=\"11:11\" class=\"data-link\" rel=\"bookmark\"><time class=\"entry-date updated\" datetime=\"2020-04-27T11:11:25-03:00\">27\/04\/2020<\/time><\/a><\/div>\n\t<div class=\"entry-excerpt\"><p>Diretoria Operacional Pipa lavagem (Noite): Terminais rodovi\u00e1rios (Corr\u00eaas e Itaipava), mercados Extra, Bramil e tamb\u00e9m a UPA de Itaipava * M\u00e1quina e Caminh\u00f5es: Av. Estados Unidos, Get\u00falio Vargas, Rua Em\u00edlio Zaluar, Bairro Mau\u00e1, Independ\u00eancia &nbsp;* Caminh\u00e3o D 08: General Rondon, Quitandinha, Airton Senna, Coronel Veiga, Washington Luiz, Centro Hist\u00f3rico, Floriano Peixoto, Rua Dom Pedro, &nbsp;Bar\u00e3o&hellip;<\/p>\n<\/div>\n\t\n<a href=\"https:\/\/comdep.com.br\/?p=3199\" class=\"post-details details-type-link\" aria-label=\"Read more about COMDEP trabalhando hoje 25\/04\/2020 nos seguintes locais:\">Read more<i class=\"dt-icon-the7-arrow-03\" aria-hidden=\"true\"><\/i><\/a>\n\n<\/div><\/article><article class=\"post project-odd visible post-3179 type-post status-publish format-standard has-post-thumbnail hentry category-home category-1 description-off\" data-name=\"COMDEP trabalhando hoje 24\/04\/2020 nos seguintes locais:\" data-date=\"2020-04-24T10:54:02-03:00\">\n\n<div class=\"post-thumbnail-wrap\">\n\t<div class=\"post-thumbnail\">\n\n\t\t\n\t\t\n\t\t<a href=\"https:\/\/comdep.com.br\/?p=3179\" class=\"post-thumbnail-rollover layzr-bg layzr-bg\" ><img decoding=\"async\" class=\"blog-thumb-lazy-load preload-me lazy-load aspect\" src=\"data:image\/svg+xml,%3Csvg%20xmlns%3D&#39;http%3A%2F%2Fwww.w3.org%2F2000%2Fsvg&#39;%20viewBox%3D&#39;0%200%20450%20300&#39;%2F%3E\" data-src=\"https:\/\/comdep.com.br\/wp-content\/uploads\/2020\/04\/servico-20-e1587737236126-450x300.jpg\" data-srcset=\"https:\/\/comdep.com.br\/wp-content\/uploads\/2020\/04\/servico-20-e1587737236126-450x300.jpg 450w, https:\/\/comdep.com.br\/wp-content\/uploads\/2020\/04\/servico-20-e1587737236126-450x299.jpg 450w\" loading=\"eager\" style=\"--ratio: 450 \/ 300\" sizes=\"(max-width: 450px) 100vw, 450px\" alt=\"\" title=\"servico\" width=\"450\" height=\"300\"  \/><\/a>\n\t<\/div>\n<\/div>\n\n\n<div class=\"post-entry-content\">\n\n\t<h3 class=\"entry-title\">\n\t\t<a href=\"https:\/\/comdep.com.br\/?p=3179\" title=\"COMDEP trabalhando hoje 24\/04\/2020 nos seguintes locais:\" rel=\"bookmark\">COMDEP trabalhando hoje 24\/04\/2020 nos seguintes locais:<\/a>\n\t<\/h3>\n\n\t<div class=\"entry-meta\"><a href=\"https:\/\/comdep.com.br\/?m=20200424\" title=\"10:54\" class=\"data-link\" rel=\"bookmark\"><time class=\"entry-date updated\" datetime=\"2020-04-24T10:54:02-03:00\">24\/04\/2020<\/time><\/a><\/div>\n\t<div class=\"entry-excerpt\"><p>Distrito &nbsp; Ro\u00e7ada e capina: Parque Bom Clima &nbsp;* M\u00e1quina e caminh\u00f5es: continua\u00e7\u00e3o Condessa Barbosa, Rodolfo Bruno, Jos\u00e9 Muniz Pav\u00e3o, Casuarinas &nbsp;* Varri\u00e7\u00e3o di\u00e1ria: Corr\u00eaas, Nogueiras, Araras, Itaipava, Vila Rica, Pedro do Rio, Secret\u00e1rio * Diretoria Operacional Limpeza de rio: Coronel Veiga, General Rondon * Capina: Rua Dom Pedro, Rua Ipiranga, Rua Ang\u00e9lica Lopes de&hellip;<\/p>\n<\/div>\n\t\n<a href=\"https:\/\/comdep.com.br\/?p=3179\" class=\"post-details details-type-link\" aria-label=\"Read more about COMDEP trabalhando hoje 24\/04\/2020 nos seguintes locais:\">Read more<i class=\"dt-icon-the7-arrow-03\" aria-hidden=\"true\"><\/i><\/a>\n\n<\/div><\/article><article class=\"post project-odd visible post-3175 type-post status-publish format-standard has-post-thumbnail hentry category-home category-1 description-off\" data-name=\"COMDEP trabalhando hoje 23\/04\/2020 nos seguintes locais:\" data-date=\"2020-04-23T15:13:49-03:00\">\n\n<div class=\"post-thumbnail-wrap\">\n\t<div class=\"post-thumbnail\">\n\n\t\t\n\t\t\n\t\t<a href=\"https:\/\/comdep.com.br\/?p=3175\" class=\"post-thumbnail-rollover layzr-bg layzr-bg\" ><img decoding=\"async\" class=\"blog-thumb-lazy-load preload-me lazy-load aspect\" src=\"data:image\/svg+xml,%3Csvg%20xmlns%3D&#39;http%3A%2F%2Fwww.w3.org%2F2000%2Fsvg&#39;%20viewBox%3D&#39;0%200%20292%20194&#39;%2F%3E\" data-src=\"https:\/\/comdep.com.br\/wp-content\/uploads\/2020\/04\/servico-19-e1587665747742-292x194.jpg\" data-srcset=\"https:\/\/comdep.com.br\/wp-content\/uploads\/2020\/04\/servico-19-e1587665747742-292x194.jpg 292w\" loading=\"eager\" style=\"--ratio: 292 \/ 194\" sizes=\"(max-width: 292px) 100vw, 292px\" alt=\"\" title=\"servico\" width=\"292\" height=\"194\"  \/><\/a>\n\t<\/div>\n<\/div>\n\n\n<div class=\"post-entry-content\">\n\n\t<h3 class=\"entry-title\">\n\t\t<a href=\"https:\/\/comdep.com.br\/?p=3175\" title=\"COMDEP trabalhando hoje 23\/04\/2020 nos seguintes locais:\" rel=\"bookmark\">COMDEP trabalhando hoje 23\/04\/2020 nos seguintes locais:<\/a>\n\t<\/h3>\n\n\t<div class=\"entry-meta\"><a href=\"https:\/\/comdep.com.br\/?m=20200423\" title=\"15:13\" class=\"data-link\" rel=\"bookmark\"><time class=\"entry-date updated\" datetime=\"2020-04-23T15:13:49-03:00\">23\/04\/2020<\/time><\/a><\/div>\n\t<div class=\"entry-excerpt\"><p>Diretoria de Limpeza Urbana Varri\u00e7\u00e3o (das 07:00 at\u00e9 11:00) turma da manh\u00e3: Centro, Centro Hist\u00f3rico, Pra\u00e7a da Liberdade, Mosela, Duarte da Silveira, Bar\u00e3o do Rio Branco, Cascatinha, Itamarati, Quissam\u00e3, Alto da Serra, Pra\u00e7a Pasteur, Castel\u00e2nea&nbsp; e Quitandinha * Caminh\u00e3o (C20) recolhimento de sacos da varri\u00e7\u00e3o: Quitandinha, Coronel Veiga, Centro, Centro Hist\u00f3rico e Bingen * Varri\u00e7\u00e3o&hellip;<\/p>\n<\/div>\n\t\n<a href=\"https:\/\/comdep.com.br\/?p=3175\" class=\"post-details details-type-link\" aria-label=\"Read more about COMDEP trabalhando hoje 23\/04\/2020 nos seguintes locais:\">Read more<i class=\"dt-icon-the7-arrow-03\" aria-hidden=\"true\"><\/i><\/a>\n\n<\/div><\/article><article class=\"post project-odd visible post-3169 type-post status-publish format-standard has-post-thumbnail hentry category-home category-1 description-off\" data-name=\"COMDEP trabalhando hoje 22\/04\/2020 nos seguintes locais:\" data-date=\"2020-04-22T12:59:17-03:00\">\n\n<div class=\"post-thumbnail-wrap\">\n\t<div class=\"post-thumbnail\">\n\n\t\t\n\t\t\n\t\t<a href=\"https:\/\/comdep.com.br\/?p=3169\" class=\"post-thumbnail-rollover layzr-bg layzr-bg\" ><img decoding=\"async\" class=\"blog-thumb-lazy-load preload-me lazy-load aspect\" src=\"data:image\/svg+xml,%3Csvg%20xmlns%3D&#39;http%3A%2F%2Fwww.w3.org%2F2000%2Fsvg&#39;%20viewBox%3D&#39;0%200%20600%20400&#39;%2F%3E\" data-src=\"https:\/\/comdep.com.br\/wp-content\/uploads\/2020\/04\/servico-18-e1587570841147-600x400.jpg\" data-srcset=\"https:\/\/comdep.com.br\/wp-content\/uploads\/2020\/04\/servico-18-e1587570841147-600x400.jpg 600w, https:\/\/comdep.com.br\/wp-content\/uploads\/2020\/04\/servico-18-e1587570841147-600x399.jpg 600w\" loading=\"eager\" style=\"--ratio: 600 \/ 400\" sizes=\"(max-width: 600px) 100vw, 600px\" alt=\"\" title=\"servico\" width=\"600\" height=\"400\"  \/><\/a>\n\t<\/div>\n<\/div>\n\n\n<div class=\"post-entry-content\">\n\n\t<h3 class=\"entry-title\">\n\t\t<a href=\"https:\/\/comdep.com.br\/?p=3169\" title=\"COMDEP trabalhando hoje 22\/04\/2020 nos seguintes locais:\" rel=\"bookmark\">COMDEP trabalhando hoje 22\/04\/2020 nos seguintes locais:<\/a>\n\t<\/h3>\n\n\t<div class=\"entry-meta\"><a href=\"https:\/\/comdep.com.br\/?m=20200422\" title=\"12:59\" class=\"data-link\" rel=\"bookmark\"><time class=\"entry-date updated\" datetime=\"2020-04-22T12:59:17-03:00\">22\/04\/2020<\/time><\/a><\/div>\n\t<div class=\"entry-excerpt\"><p>Distrito Ro\u00e7ada e capina: continua\u00e7\u00e3o Estrada do Caetitu. \u00a0* M\u00e1quina e caminh\u00f5es: continua\u00e7\u00e3o Vig\u00e1rio Corr\u00eaa, Alvarez de Azevedo, Princesa D Paula, Rodolfo Bruno, Jos\u00e9 Muniz Pav\u00e3o . \u00a0* Varri\u00e7\u00e3o di\u00e1ria: Corr\u00eaas, Nogueiras, Araras, Itaipava, Vila Rica, Pedro do Rio, Secret\u00e1rio. * Diretoria Operacional Limpeza de Rio: Coronel Veiga \u00a0* Capina: Rua Dom Pedro, Catedral, Duchas,&hellip;<\/p>\n<\/div>\n\t\n<a href=\"https:\/\/comdep.com.br\/?p=3169\" class=\"post-details details-type-link\" aria-label=\"Read more about COMDEP trabalhando hoje 22\/04\/2020 nos seguintes locais:\">Read more<i class=\"dt-icon-the7-arrow-03\" aria-hidden=\"true\"><\/i><\/a>\n\n<\/div><\/article><article class=\"post project-odd visible post-3156 type-post status-publish format-standard has-post-thumbnail hentry category-home category-1 description-off\" data-name=\"COMDEP trabalhando hoje 21\/04\/2020 nos seguintes locais:\" data-date=\"2020-04-21T13:49:53-03:00\">\n\n<div class=\"post-thumbnail-wrap\">\n\t<div class=\"post-thumbnail\">\n\n\t\t\n\t\t\n\t\t<a href=\"https:\/\/comdep.com.br\/?p=3156\" class=\"post-thumbnail-rollover layzr-bg layzr-bg\" ><img decoding=\"async\" class=\"blog-thumb-lazy-load preload-me lazy-load aspect\" src=\"data:image\/svg+xml,%3Csvg%20xmlns%3D&#39;http%3A%2F%2Fwww.w3.org%2F2000%2Fsvg&#39;%20viewBox%3D&#39;0%200%20600%20400&#39;%2F%3E\" data-src=\"https:\/\/comdep.com.br\/wp-content\/uploads\/2020\/04\/servico-17-e1587488299110-600x400.jpg\" data-srcset=\"https:\/\/comdep.com.br\/wp-content\/uploads\/2020\/04\/servico-17-e1587488299110-600x400.jpg 600w, https:\/\/comdep.com.br\/wp-content\/uploads\/2020\/04\/servico-17-e1587488299110-600x399.jpg 600w\" loading=\"eager\" style=\"--ratio: 600 \/ 400\" sizes=\"(max-width: 600px) 100vw, 600px\" alt=\"\" title=\"servico\" width=\"600\" height=\"400\"  \/><\/a>\n\t<\/div>\n<\/div>\n\n\n<div class=\"post-entry-content\">\n\n\t<h3 class=\"entry-title\">\n\t\t<a href=\"https:\/\/comdep.com.br\/?p=3156\" title=\"COMDEP trabalhando hoje 21\/04\/2020 nos seguintes locais:\" rel=\"bookmark\">COMDEP trabalhando hoje 21\/04\/2020 nos seguintes locais:<\/a>\n\t<\/h3>\n\n\t<div class=\"entry-meta\"><a href=\"https:\/\/comdep.com.br\/?m=20200421\" title=\"13:49\" class=\"data-link\" rel=\"bookmark\"><time class=\"entry-date updated\" datetime=\"2020-04-21T13:49:53-03:00\">21\/04\/2020<\/time><\/a><\/div>\n\t<div class=\"entry-excerpt\"><p>Diretoria de Limpeza Urbana Varri\u00e7\u00e3o (das 07:00 at\u00e9 11:00) turma da manh\u00e3: Centro, Centro Hist\u00f3rico, Rua Teresa, Mosela, Bingen, Bar\u00e3o do Rio Branco, Cascatinha, Itamarati, Quissam\u00e3, Alto da Serra, Pra\u00e7a Pasteur e Quitandinha * Caminh\u00e3o (20) recolhimento de sacos da varri\u00e7\u00e3o: Quitandinha, Coronel Veiga, Centro, Centro Hist\u00f3rico e Bingen * Varri\u00e7\u00e3o: na feira livre do&hellip;<\/p>\n<\/div>\n\t\n<a href=\"https:\/\/comdep.com.br\/?p=3156\" class=\"post-details details-type-link\" aria-label=\"Read more about COMDEP trabalhando hoje 21\/04\/2020 nos seguintes locais:\">Read more<i class=\"dt-icon-the7-arrow-03\" aria-hidden=\"true\"><\/i><\/a>\n\n<\/div><\/article><article class=\"post project-odd visible post-3151 type-post status-publish format-standard has-post-thumbnail hentry category-home category-1 description-off\" data-name=\"COMDEP trabalhando hoje 20\/04\/2020 nos seguintes locais:\" data-date=\"2020-04-20T11:46:58-03:00\">\n\n<div class=\"post-thumbnail-wrap\">\n\t<div class=\"post-thumbnail\">\n\n\t\t\n\t\t\n\t\t<a href=\"https:\/\/comdep.com.br\/?p=3151\" class=\"post-thumbnail-rollover layzr-bg layzr-bg\" ><img decoding=\"async\" class=\"blog-thumb-lazy-load preload-me lazy-load aspect\" src=\"data:image\/svg+xml,%3Csvg%20xmlns%3D&#39;http%3A%2F%2Fwww.w3.org%2F2000%2Fsvg&#39;%20viewBox%3D&#39;0%200%20507%20338&#39;%2F%3E\" data-src=\"https:\/\/comdep.com.br\/wp-content\/uploads\/2020\/04\/servico-16-e1587394452990-507x338.jpg\" data-srcset=\"https:\/\/comdep.com.br\/wp-content\/uploads\/2020\/04\/servico-16-e1587394452990-507x338.jpg 507w\" loading=\"eager\" style=\"--ratio: 507 \/ 338\" sizes=\"(max-width: 507px) 100vw, 507px\" alt=\"\" title=\"servico\" width=\"507\" height=\"338\"  \/><\/a>\n\t<\/div>\n<\/div>\n\n\n<div class=\"post-entry-content\">\n\n\t<h3 class=\"entry-title\">\n\t\t<a href=\"https:\/\/comdep.com.br\/?p=3151\" title=\"COMDEP trabalhando hoje 20\/04\/2020 nos seguintes locais:\" rel=\"bookmark\">COMDEP trabalhando hoje 20\/04\/2020 nos seguintes locais:<\/a>\n\t<\/h3>\n\n\t<div class=\"entry-meta\"><a href=\"https:\/\/comdep.com.br\/?m=20200420\" title=\"11:46\" class=\"data-link\" rel=\"bookmark\"><time class=\"entry-date updated\" datetime=\"2020-04-20T11:46:58-03:00\">20\/04\/2020<\/time><\/a><\/div>\n\t<div class=\"entry-excerpt\"><p>Distrito Ro\u00e7ada e capina: Estrada do Caetitu * Servi\u00e7os com M\u00e1quina paralisados * Caminh\u00e3o recolhendo sacos Uni\u00e3o Ind\u00fastria, Estrada Mineira Nogueiras * Varri\u00e7\u00e3o di\u00e1ria: Corr\u00eaas, Nogueiras, Araras, Itaipava, Vila Rica, Pedro do Rio, Secret\u00e1rio * Diretoria Operacional Limpeza de rio: Coronel Veiga &nbsp;* Capina: Rua Dom Pedro, Catedral, Duchas, Get\u00falio Vargas, Rua Professor Stroeller, Rua&hellip;<\/p>\n<\/div>\n\t\n<a href=\"https:\/\/comdep.com.br\/?p=3151\" class=\"post-details details-type-link\" aria-label=\"Read more about COMDEP trabalhando hoje 20\/04\/2020 nos seguintes locais:\">Read more<i class=\"dt-icon-the7-arrow-03\" aria-hidden=\"true\"><\/i><\/a>\n\n<\/div><\/article><article class=\"post project-odd visible post-3148 type-post status-publish format-standard has-post-thumbnail hentry category-home category-1 description-off\" data-name=\"COMDEP trabalhando hoje 19\/04\/2020 nos seguintes locais:\" data-date=\"2020-04-20T11:22:50-03:00\">\n\n<div class=\"post-thumbnail-wrap\">\n\t<div class=\"post-thumbnail\">\n\n\t\t\n\t\t\n\t\t<a href=\"https:\/\/comdep.com.br\/?p=3148\" class=\"post-thumbnail-rollover layzr-bg layzr-bg\" ><img decoding=\"async\" class=\"blog-thumb-lazy-load preload-me lazy-load aspect\" src=\"data:image\/svg+xml,%3Csvg%20xmlns%3D&#39;http%3A%2F%2Fwww.w3.org%2F2000%2Fsvg&#39;%20viewBox%3D&#39;0%200%20450%20300&#39;%2F%3E\" data-src=\"https:\/\/comdep.com.br\/wp-content\/uploads\/2020\/04\/servico-15-e1587392605819-450x300.jpg\" data-srcset=\"https:\/\/comdep.com.br\/wp-content\/uploads\/2020\/04\/servico-15-e1587392605819-450x300.jpg 450w, https:\/\/comdep.com.br\/wp-content\/uploads\/2020\/04\/servico-15-e1587392605819-450x299.jpg 450w\" loading=\"eager\" style=\"--ratio: 450 \/ 300\" sizes=\"(max-width: 450px) 100vw, 450px\" alt=\"\" title=\"servico\" width=\"450\" height=\"300\"  \/><\/a>\n\t<\/div>\n<\/div>\n\n\n<div class=\"post-entry-content\">\n\n\t<h3 class=\"entry-title\">\n\t\t<a href=\"https:\/\/comdep.com.br\/?p=3148\" title=\"COMDEP trabalhando hoje 19\/04\/2020 nos seguintes locais:\" rel=\"bookmark\">COMDEP trabalhando hoje 19\/04\/2020 nos seguintes locais:<\/a>\n\t<\/h3>\n\n\t<div class=\"entry-meta\"><a href=\"https:\/\/comdep.com.br\/?m=20200420\" title=\"11:22\" class=\"data-link\" rel=\"bookmark\"><time class=\"entry-date updated\" datetime=\"2020-04-20T11:22:50-03:00\">20\/04\/2020<\/time><\/a><\/div>\n\t<div class=\"entry-excerpt\"><p>Diretoria de Limpeza Urbana Varri\u00e7\u00e3o (das 07:00 at\u00e9 11:00) turma da manh\u00e3: Centro , centro hist\u00f3rico , Rua Teresa , Alto da Serra , pra\u00e7a Pasteur , Castel\u00e2nea , Quitandinha , Mosela , Bar\u00e3o do Rio Branco, Cascatinha, Itamarati e Quissam\u00e3. * Varri\u00e7\u00e3o: feira livre da rua Duarte da Silveira. * Varri\u00e7\u00e3o: feira livre do&hellip;<\/p>\n<\/div>\n\t\n<a href=\"https:\/\/comdep.com.br\/?p=3148\" class=\"post-details details-type-link\" aria-label=\"Read more about COMDEP trabalhando hoje 19\/04\/2020 nos seguintes locais:\">Read more<i class=\"dt-icon-the7-arrow-03\" aria-hidden=\"true\"><\/i><\/a>\n\n<\/div><\/article><article class=\"post project-odd visible post-3128 type-post status-publish format-standard has-post-thumbnail hentry category-home category-1 description-off\" data-name=\"COMDEP trabalhando hoje 18\/04\/2020 nos seguintes locais:\" data-date=\"2020-04-17T17:17:08-03:00\">\n\n<div class=\"post-thumbnail-wrap\">\n\t<div class=\"post-thumbnail\">\n\n\t\t\n\t\t\n\t\t<a href=\"https:\/\/comdep.com.br\/?p=3128\" class=\"post-thumbnail-rollover layzr-bg layzr-bg\" ><img decoding=\"async\" class=\"blog-thumb-lazy-load preload-me lazy-load aspect\" src=\"data:image\/svg+xml,%3Csvg%20xmlns%3D&#39;http%3A%2F%2Fwww.w3.org%2F2000%2Fsvg&#39;%20viewBox%3D&#39;0%200%20768%20512&#39;%2F%3E\" data-src=\"https:\/\/comdep.com.br\/wp-content\/uploads\/2020\/04\/servico-14-e1587154609815-768x512.jpg\" data-srcset=\"https:\/\/comdep.com.br\/wp-content\/uploads\/2020\/04\/servico-14-e1587154609815-768x512.jpg 768w, https:\/\/comdep.com.br\/wp-content\/uploads\/2020\/04\/servico-14-e1587154609815-800x532.jpg 800w\" loading=\"eager\" style=\"--ratio: 768 \/ 512\" sizes=\"(max-width: 768px) 100vw, 768px\" alt=\"\" title=\"servico\" width=\"768\" height=\"512\"  \/><\/a>\n\t<\/div>\n<\/div>\n\n\n<div class=\"post-entry-content\">\n\n\t<h3 class=\"entry-title\">\n\t\t<a href=\"https:\/\/comdep.com.br\/?p=3128\" title=\"COMDEP trabalhando hoje 18\/04\/2020 nos seguintes locais:\" rel=\"bookmark\">COMDEP trabalhando hoje 18\/04\/2020 nos seguintes locais:<\/a>\n\t<\/h3>\n\n\t<div class=\"entry-meta\"><a href=\"https:\/\/comdep.com.br\/?m=20200417\" title=\"17:17\" class=\"data-link\" rel=\"bookmark\"><time class=\"entry-date updated\" datetime=\"2020-04-17T17:17:08-03:00\">17\/04\/2020<\/time><\/a><\/div>\n\t<div class=\"entry-excerpt\"><p>Diretoria Operacional M\u00e1quina e caminh\u00f5es: Sim\u00e9ria, Thouzet &nbsp;* Caminh\u00e3o D 08: Centro hist\u00f3rico e turmas * Distrito Ro\u00e7ada e capina: Rua Gabriel Ca\u00e7ador, Vargem dos Marmelos * M\u00e1quina e caminh\u00f5es: Uni\u00e3o Ind\u00fastria, Estrada Mineira, Vig\u00e1rio Corr\u00eaa, Alvarez de Azevedo, Princesa D Paula, Rodolfo Bruno, Pra\u00e7a de Nogueiras, Lago de Nogueiras &nbsp;* Varri\u00e7\u00e3o di\u00e1ria: Corr\u00eaas, Nogueiras,&hellip;<\/p>\n<\/div>\n\t\n<a href=\"https:\/\/comdep.com.br\/?p=3128\" class=\"post-details details-type-link\" aria-label=\"Read more about COMDEP trabalhando hoje 18\/04\/2020 nos seguintes locais:\">Read more<i class=\"dt-icon-the7-arrow-03\" aria-hidden=\"true\"><\/i><\/a>\n\n<\/div><\/article><article class=\"post project-odd visible post-3120 type-post status-publish format-standard has-post-thumbnail hentry category-home category-1 description-off\" data-name=\"COMDEP trabalhando hoje 17\/04\/2020 nos seguintes locais:\" data-date=\"2020-04-17T11:53:19-03:00\">\n\n<div class=\"post-thumbnail-wrap\">\n\t<div class=\"post-thumbnail\">\n\n\t\t\n\t\t\n\t\t<a href=\"https:\/\/comdep.com.br\/?p=3120\" class=\"post-thumbnail-rollover layzr-bg layzr-bg\" ><img decoding=\"async\" class=\"blog-thumb-lazy-load preload-me lazy-load aspect\" src=\"data:image\/svg+xml,%3Csvg%20xmlns%3D&#39;http%3A%2F%2Fwww.w3.org%2F2000%2Fsvg&#39;%20viewBox%3D&#39;0%200%20338%20225&#39;%2F%3E\" data-src=\"https:\/\/comdep.com.br\/wp-content\/uploads\/2020\/04\/servico-13-e1587135536344-338x225.jpg\" data-srcset=\"https:\/\/comdep.com.br\/wp-content\/uploads\/2020\/04\/servico-13-e1587135536344-338x225.jpg 338w\" loading=\"eager\" style=\"--ratio: 338 \/ 225\" sizes=\"(max-width: 338px) 100vw, 338px\" alt=\"\" title=\"servico\" width=\"338\" height=\"225\"  \/><\/a>\n\t<\/div>\n<\/div>\n\n\n<div class=\"post-entry-content\">\n\n\t<h3 class=\"entry-title\">\n\t\t<a href=\"https:\/\/comdep.com.br\/?p=3120\" title=\"COMDEP trabalhando hoje 17\/04\/2020 nos seguintes locais:\" rel=\"bookmark\">COMDEP trabalhando hoje 17\/04\/2020 nos seguintes locais:<\/a>\n\t<\/h3>\n\n\t<div class=\"entry-meta\"><a href=\"https:\/\/comdep.com.br\/?m=20200417\" title=\"11:53\" class=\"data-link\" rel=\"bookmark\"><time class=\"entry-date updated\" datetime=\"2020-04-17T11:53:19-03:00\">17\/04\/2020<\/time><\/a><\/div>\n\t<div class=\"entry-excerpt\"><p>Distrito Ro\u00e7ada e capina: continua\u00e7\u00e3o Estrada Ministro Salgado Filho, rua 300 * M\u00e1quina e caminh\u00f5es: Candimbas, Vale do Sossego, rua Domingos Jos\u00e9 Martins, Vig\u00e1rio Corr\u00eaas * Varri\u00e7\u00e3o di\u00e1ria: Corr\u00eaas, Nogueiras, Araras, Itaipava, Vila Rica, Pedro do Rio, Secret\u00e1rio * Diretoria Operacional Devido \u00e0 chuva servi\u00e7os para hoje houve altera\u00e7\u00e3o * Capina: Pra\u00e7a de Corr\u00eaas, Rua&hellip;<\/p>\n<\/div>\n\t\n<a href=\"https:\/\/comdep.com.br\/?p=3120\" class=\"post-details details-type-link\" aria-label=\"Read more about COMDEP trabalhando hoje 17\/04\/2020 nos seguintes locais:\">Read more<i class=\"dt-icon-the7-arrow-03\" aria-hidden=\"true\"><\/i><\/a>\n\n<\/div><\/article><article class=\"post project-odd visible post-3097 type-post status-publish format-standard has-post-thumbnail hentry category-home category-1 description-off\" data-name=\"COMDEP trabalhando hoje 16\/04\/2020 nos seguintes locais:\" data-date=\"2020-04-16T11:16:19-03:00\">\n\n<div class=\"post-thumbnail-wrap\">\n\t<div class=\"post-thumbnail\">\n\n\t\t\n\t\t\n\t\t<a href=\"https:\/\/comdep.com.br\/?p=3097\" class=\"post-thumbnail-rollover layzr-bg layzr-bg\" ><img decoding=\"async\" class=\"blog-thumb-lazy-load preload-me lazy-load aspect\" src=\"data:image\/svg+xml,%3Csvg%20xmlns%3D&#39;http%3A%2F%2Fwww.w3.org%2F2000%2Fsvg&#39;%20viewBox%3D&#39;0%200%20450%20300&#39;%2F%3E\" data-src=\"https:\/\/comdep.com.br\/wp-content\/uploads\/2020\/04\/servico-12-e1587048046526-450x300.jpg\" data-srcset=\"https:\/\/comdep.com.br\/wp-content\/uploads\/2020\/04\/servico-12-e1587048046526-450x300.jpg 450w, https:\/\/comdep.com.br\/wp-content\/uploads\/2020\/04\/servico-12-e1587048046526-450x299.jpg 450w\" loading=\"eager\" style=\"--ratio: 450 \/ 300\" sizes=\"(max-width: 450px) 100vw, 450px\" alt=\"\" title=\"servico\" width=\"450\" height=\"300\"  \/><\/a>\n\t<\/div>\n<\/div>\n\n\n<div class=\"post-entry-content\">\n\n\t<h3 class=\"entry-title\">\n\t\t<a href=\"https:\/\/comdep.com.br\/?p=3097\" title=\"COMDEP trabalhando hoje 16\/04\/2020 nos seguintes locais:\" rel=\"bookmark\">COMDEP trabalhando hoje 16\/04\/2020 nos seguintes locais:<\/a>\n\t<\/h3>\n\n\t<div class=\"entry-meta\"><a href=\"https:\/\/comdep.com.br\/?m=20200416\" title=\"11:16\" class=\"data-link\" rel=\"bookmark\"><time class=\"entry-date updated\" datetime=\"2020-04-16T11:16:19-03:00\">16\/04\/2020<\/time><\/a><\/div>\n\t<div class=\"entry-excerpt\"><p>Distrito Ro\u00e7ada e capina: continua\u00e7\u00e3o Estrada Ministro Salgado Filho Cuiab\u00e1 &nbsp;* M\u00e1quina e caminh\u00f5es: Candimbas, Vale do Sossego &nbsp;* Varri\u00e7\u00e3o di\u00e1ria: Corr\u00eaas, Nogueiras, Araras, Itaipava, Vila Rica, Pedro do Rio, Secret\u00e1rio * Servi\u00e7os de M\u00e1quina: paralisados &nbsp;* Caminh\u00e3o: recolhendo sacos e apoio limpeza em Pedro do Rio * Diretoria Operacional Varri\u00e7\u00e3o: Get\u00falio Vargas, General Rondon,&hellip;<\/p>\n<\/div>\n\t\n<a href=\"https:\/\/comdep.com.br\/?p=3097\" class=\"post-details details-type-link\" aria-label=\"Read more about COMDEP trabalhando hoje 16\/04\/2020 nos seguintes locais:\">Read more<i class=\"dt-icon-the7-arrow-03\" aria-hidden=\"true\"><\/i><\/a>\n\n<\/div><\/article><article class=\"post project-odd visible post-3086 type-post status-publish format-standard has-post-thumbnail hentry category-home category-1 description-off\" data-name=\"COMDEP trabalhando hoje 15\/04\/2020 nos seguintes locais:\" data-date=\"2020-04-15T10:48:20-03:00\">\n\n<div class=\"post-thumbnail-wrap\">\n\t<div class=\"post-thumbnail\">\n\n\t\t\n\t\t\n\t\t<a href=\"https:\/\/comdep.com.br\/?p=3086\" class=\"post-thumbnail-rollover layzr-bg layzr-bg\" ><img decoding=\"async\" class=\"blog-thumb-lazy-load preload-me lazy-load aspect\" src=\"data:image\/svg+xml,%3Csvg%20xmlns%3D&#39;http%3A%2F%2Fwww.w3.org%2F2000%2Fsvg&#39;%20viewBox%3D&#39;0%200%20438%20292&#39;%2F%3E\" data-src=\"https:\/\/comdep.com.br\/wp-content\/uploads\/2020\/04\/servico-11-e1586962646779-438x292.jpg\" data-srcset=\"https:\/\/comdep.com.br\/wp-content\/uploads\/2020\/04\/servico-11-e1586962646779-438x292.jpg 438w\" loading=\"eager\" style=\"--ratio: 438 \/ 292\" sizes=\"(max-width: 438px) 100vw, 438px\" alt=\"\" title=\"servico\" width=\"438\" height=\"292\"  \/><\/a>\n\t<\/div>\n<\/div>\n\n\n<div class=\"post-entry-content\">\n\n\t<h3 class=\"entry-title\">\n\t\t<a href=\"https:\/\/comdep.com.br\/?p=3086\" title=\"COMDEP trabalhando hoje 15\/04\/2020 nos seguintes locais:\" rel=\"bookmark\">COMDEP trabalhando hoje 15\/04\/2020 nos seguintes locais:<\/a>\n\t<\/h3>\n\n\t<div class=\"entry-meta\"><a href=\"https:\/\/comdep.com.br\/?m=20200415\" title=\"10:48\" class=\"data-link\" rel=\"bookmark\"><time class=\"entry-date updated\" datetime=\"2020-04-15T10:48:20-03:00\">15\/04\/2020<\/time><\/a><\/div>\n\t<div class=\"entry-excerpt\"><p>Distrito \u00a0 Ro\u00e7ada e capina: continua\u00e7\u00e3o Estrada Ministro Salgado Filho Cuiab\u00e1 \u00a0* M\u00e1quina e caminh\u00f5es: continua\u00e7\u00e3o Uni\u00e3o Ind\u00fastria, Rua Jer\u00f4nimo Ferreira Alves, Candimbas \u00a0* Varri\u00e7\u00e3o di\u00e1ria: Corr\u00eaas, Nogueiras, Araras, Itaipava, Vila Rica, Pedro do Rio, Secret\u00e1rio * Diretoria Operacional Limpeza de rio: Coronel Veiga \u00a0* Capina: Rua Dom Pedro, Catedral, rua Ipiranga, Av. Piabanha, Duchas,&hellip;<\/p>\n<\/div>\n\t\n<a href=\"https:\/\/comdep.com.br\/?p=3086\" class=\"post-details details-type-link\" aria-label=\"Read more about COMDEP trabalhando hoje 15\/04\/2020 nos seguintes locais:\">Read more<i class=\"dt-icon-the7-arrow-03\" aria-hidden=\"true\"><\/i><\/a>\n\n<\/div><\/article><article class=\"post project-odd visible post-3077 type-post status-publish format-standard has-post-thumbnail hentry category-home category-1 description-off\" data-name=\"COMDEP trabalhando hoje 14\/04\/2020 nos seguintes locais:\" data-date=\"2020-04-14T11:13:53-03:00\">\n\n<div class=\"post-thumbnail-wrap\">\n\t<div class=\"post-thumbnail\">\n\n\t\t\n\t\t\n\t\t<a href=\"https:\/\/comdep.com.br\/?p=3077\" class=\"post-thumbnail-rollover layzr-bg layzr-bg\" ><img decoding=\"async\" class=\"blog-thumb-lazy-load preload-me lazy-load aspect\" src=\"data:image\/svg+xml,%3Csvg%20xmlns%3D&#39;http%3A%2F%2Fwww.w3.org%2F2000%2Fsvg&#39;%20viewBox%3D&#39;0%200%20450%20300&#39;%2F%3E\" data-src=\"https:\/\/comdep.com.br\/wp-content\/uploads\/2020\/04\/servico-10-e1586873955866-450x300.jpg\" data-srcset=\"https:\/\/comdep.com.br\/wp-content\/uploads\/2020\/04\/servico-10-e1586873955866-450x300.jpg 450w, https:\/\/comdep.com.br\/wp-content\/uploads\/2020\/04\/servico-10-e1586873955866-450x299.jpg 450w\" loading=\"eager\" style=\"--ratio: 450 \/ 300\" sizes=\"(max-width: 450px) 100vw, 450px\" alt=\"\" title=\"servico\" width=\"450\" height=\"300\"  \/><\/a>\n\t<\/div>\n<\/div>\n\n\n<div class=\"post-entry-content\">\n\n\t<h3 class=\"entry-title\">\n\t\t<a href=\"https:\/\/comdep.com.br\/?p=3077\" title=\"COMDEP trabalhando hoje 14\/04\/2020 nos seguintes locais:\" rel=\"bookmark\">COMDEP trabalhando hoje 14\/04\/2020 nos seguintes locais:<\/a>\n\t<\/h3>\n\n\t<div class=\"entry-meta\"><a href=\"https:\/\/comdep.com.br\/?m=20200414\" title=\"11:13\" class=\"data-link\" rel=\"bookmark\"><time class=\"entry-date updated\" datetime=\"2020-04-14T11:13:53-03:00\">14\/04\/2020<\/time><\/a><\/div>\n\t<div class=\"entry-excerpt\"><p>Distrito Ro\u00e7ada e capina: continua\u00e7\u00e3o Estrada Ministro Salgado Filho Cuiab\u00e1 * M\u00e1quina e caminh\u00f5es: Estrada dos Tabu\u00f5es, Uni\u00e3o e Ind\u00fastria * Varri\u00e7\u00e3o di\u00e1ria: Corr\u00eaas, Nogueiras, Araras, Itaipava, Vila Rica, Pedro do Rio, Secret\u00e1rio. * Diretoria Operacional Capina: Rua Lucarno (Morim), Piabanha, Av. Koeller, Dr. Thouzet, rua Professor Stroeller, Comunidade dos Frias (Corr\u00eaas), Montese, Pra\u00e7a Catulo,&hellip;<\/p>\n<\/div>\n\t\n<a href=\"https:\/\/comdep.com.br\/?p=3077\" class=\"post-details details-type-link\" aria-label=\"Read more about COMDEP trabalhando hoje 14\/04\/2020 nos seguintes locais:\">Read more<i class=\"dt-icon-the7-arrow-03\" aria-hidden=\"true\"><\/i><\/a>\n\n<\/div><\/article><article class=\"post project-odd visible post-3071 type-post status-publish format-standard has-post-thumbnail hentry category-home category-1 description-off\" data-name=\"COMDEP trabalhando hoje 13\/04\/2020 nos seguintes locais:\" data-date=\"2020-04-13T12:50:43-03:00\">\n\n<div class=\"post-thumbnail-wrap\">\n\t<div class=\"post-thumbnail\">\n\n\t\t\n\t\t\n\t\t<a href=\"https:\/\/comdep.com.br\/?p=3071\" class=\"post-thumbnail-rollover layzr-bg layzr-bg\" ><img decoding=\"async\" class=\"blog-thumb-lazy-load preload-me lazy-load aspect\" src=\"data:image\/svg+xml,%3Csvg%20xmlns%3D&#39;http%3A%2F%2Fwww.w3.org%2F2000%2Fsvg&#39;%20viewBox%3D&#39;0%200%20450%20300&#39;%2F%3E\" data-src=\"https:\/\/comdep.com.br\/wp-content\/uploads\/2020\/04\/servico-9-e1586793122190-450x300.jpg\" data-srcset=\"https:\/\/comdep.com.br\/wp-content\/uploads\/2020\/04\/servico-9-e1586793122190-450x300.jpg 450w, https:\/\/comdep.com.br\/wp-content\/uploads\/2020\/04\/servico-9-e1586793122190-450x299.jpg 450w\" loading=\"eager\" style=\"--ratio: 450 \/ 300\" sizes=\"(max-width: 450px) 100vw, 450px\" alt=\"\" title=\"servico\" width=\"450\" height=\"300\"  \/><\/a>\n\t<\/div>\n<\/div>\n\n\n<div class=\"post-entry-content\">\n\n\t<h3 class=\"entry-title\">\n\t\t<a href=\"https:\/\/comdep.com.br\/?p=3071\" title=\"COMDEP trabalhando hoje 13\/04\/2020 nos seguintes locais:\" rel=\"bookmark\">COMDEP trabalhando hoje 13\/04\/2020 nos seguintes locais:<\/a>\n\t<\/h3>\n\n\t<div class=\"entry-meta\"><a href=\"https:\/\/comdep.com.br\/?m=20200413\" title=\"12:50\" class=\"data-link\" rel=\"bookmark\"><time class=\"entry-date updated\" datetime=\"2020-04-13T12:50:43-03:00\">13\/04\/2020<\/time><\/a><\/div>\n\t<div class=\"entry-excerpt\"><p>Distrito Ro\u00e7ada e capina: continua\u00e7\u00e3o Estrada Ministro Salgado Filho Cuiab\u00e1. \u00a0* M\u00e1quina e caminh\u00f5es: continua\u00e7\u00e3o Estrada Corr\u00eaa da Veiga, Estrada Uni\u00e3o e Ind\u00fastria. \u00a0* Varri\u00e7\u00e3o di\u00e1ria: Corr\u00eaas, Nogueiras, Araras, Itaipava, Vila Rica, Pedro do Rio, Secret\u00e1rio. * Diretoria Operacional Limpeza de rio: Coronel Veiga * Capina: Rua Sete de Abril, Av. Koelle, Av. Piabanha, Dr.&hellip;<\/p>\n<\/div>\n\t\n<a href=\"https:\/\/comdep.com.br\/?p=3071\" class=\"post-details details-type-link\" aria-label=\"Read more about COMDEP trabalhando hoje 13\/04\/2020 nos seguintes locais:\">Read more<i class=\"dt-icon-the7-arrow-03\" aria-hidden=\"true\"><\/i><\/a>\n\n<\/div><\/article><article class=\"post project-odd visible post-3067 type-post status-publish format-standard has-post-thumbnail hentry category-home category-1 description-off\" data-name=\"COMDEP trabalhando hoje 11\/04\/2020 nos seguintes locais:\" data-date=\"2020-04-13T12:29:25-03:00\">\n\n<div class=\"post-thumbnail-wrap\">\n\t<div class=\"post-thumbnail\">\n\n\t\t\n\t\t\n\t\t<a href=\"https:\/\/comdep.com.br\/?p=3067\" class=\"post-thumbnail-rollover layzr-bg layzr-bg\" ><img decoding=\"async\" class=\"blog-thumb-lazy-load preload-me lazy-load aspect\" src=\"data:image\/svg+xml,%3Csvg%20xmlns%3D&#39;http%3A%2F%2Fwww.w3.org%2F2000%2Fsvg&#39;%20viewBox%3D&#39;0%200%20438%20292&#39;%2F%3E\" data-src=\"https:\/\/comdep.com.br\/wp-content\/uploads\/2020\/04\/servico-8-e1586791887187-438x292.jpg\" data-srcset=\"https:\/\/comdep.com.br\/wp-content\/uploads\/2020\/04\/servico-8-e1586791887187-438x292.jpg 438w\" loading=\"eager\" style=\"--ratio: 438 \/ 292\" sizes=\"(max-width: 438px) 100vw, 438px\" alt=\"\" title=\"servico\" width=\"438\" height=\"292\"  \/><\/a>\n\t<\/div>\n<\/div>\n\n\n<div class=\"post-entry-content\">\n\n\t<h3 class=\"entry-title\">\n\t\t<a href=\"https:\/\/comdep.com.br\/?p=3067\" title=\"COMDEP trabalhando hoje 11\/04\/2020 nos seguintes locais:\" rel=\"bookmark\">COMDEP trabalhando hoje 11\/04\/2020 nos seguintes locais:<\/a>\n\t<\/h3>\n\n\t<div class=\"entry-meta\"><a href=\"https:\/\/comdep.com.br\/?m=20200413\" title=\"12:29\" class=\"data-link\" rel=\"bookmark\"><time class=\"entry-date updated\" datetime=\"2020-04-13T12:29:25-03:00\">13\/04\/2020<\/time><\/a><\/div>\n\t<div class=\"entry-excerpt\"><p>Diretoria de Limpeza Urbana M\u00e1quina e Caminh\u00f5es: Valpara\u00edso, Fabr\u00edcio de Matos, Pra\u00e7a Osvaldo Cruz, Bingen, Duarte da Silveira, Terra Santa, Rua Teresa * Caminh\u00e3o D 08: Ayrton Senna, Quitandinha, Coronel Veiga, Washington Luiz, Centro Hist\u00f3rico, Humberto Rovigatti, Loteamento Samambaia, Bar\u00e3o do Rio Branco, Piabanha * Caminh\u00e3o Pipa: Lavagem no Centro Hist\u00f3rico * Amarok: Coloca\u00e7\u00e3o de&hellip;<\/p>\n<\/div>\n\t\n<a href=\"https:\/\/comdep.com.br\/?p=3067\" class=\"post-details details-type-link\" aria-label=\"Read more about COMDEP trabalhando hoje 11\/04\/2020 nos seguintes locais:\">Read more<i class=\"dt-icon-the7-arrow-03\" aria-hidden=\"true\"><\/i><\/a>\n\n<\/div><\/article><article class=\"post project-odd visible post-3051 type-post status-publish format-standard has-post-thumbnail hentry category-home category-1 description-off\" data-name=\"COMDEP trabalhando hoje 09\/04\/2020 nos seguintes locais:\" data-date=\"2020-04-09T11:42:11-03:00\">\n\n<div class=\"post-thumbnail-wrap\">\n\t<div class=\"post-thumbnail\">\n\n\t\t\n\t\t\n\t\t<a href=\"https:\/\/comdep.com.br\/?p=3051\" class=\"post-thumbnail-rollover layzr-bg layzr-bg\" ><img decoding=\"async\" class=\"blog-thumb-lazy-load preload-me lazy-load aspect\" src=\"data:image\/svg+xml,%3Csvg%20xmlns%3D&#39;http%3A%2F%2Fwww.w3.org%2F2000%2Fsvg&#39;%20viewBox%3D&#39;0%200%20507%20338&#39;%2F%3E\" data-src=\"https:\/\/comdep.com.br\/wp-content\/uploads\/2020\/04\/servico-7-e1586443509791-507x338.jpg\" data-srcset=\"https:\/\/comdep.com.br\/wp-content\/uploads\/2020\/04\/servico-7-e1586443509791-507x338.jpg 507w\" loading=\"eager\" style=\"--ratio: 507 \/ 338\" sizes=\"(max-width: 507px) 100vw, 507px\" alt=\"\" title=\"servico\" width=\"507\" height=\"338\"  \/><\/a>\n\t<\/div>\n<\/div>\n\n\n<div class=\"post-entry-content\">\n\n\t<h3 class=\"entry-title\">\n\t\t<a href=\"https:\/\/comdep.com.br\/?p=3051\" title=\"COMDEP trabalhando hoje 09\/04\/2020 nos seguintes locais:\" rel=\"bookmark\">COMDEP trabalhando hoje 09\/04\/2020 nos seguintes locais:<\/a>\n\t<\/h3>\n\n\t<div class=\"entry-meta\"><a href=\"https:\/\/comdep.com.br\/?m=20200409\" title=\"11:42\" class=\"data-link\" rel=\"bookmark\"><time class=\"entry-date updated\" datetime=\"2020-04-09T11:42:11-03:00\">09\/04\/2020<\/time><\/a><\/div>\n\t<div class=\"entry-excerpt\"><p>Distrito Ro\u00e7ada e Capina: continua\u00e7\u00e3o Estrada Nova Esperan\u00e7a, Estrada Ministro Salgado Filho &nbsp;* M\u00e1quina e caminh\u00f5es: continua\u00e7\u00e3o Estrada Corr\u00eaa da Veiga, Coletora Gentio, rua Jer\u00f4nimo Ferreira Alves &nbsp;* Varri\u00e7\u00e3o di\u00e1ria: Corr\u00eaas, Nogueiras, Araras, Itaipava, Vila Rica, Pedro do Rio, Secret\u00e1rio * Diretoria Operacional Devido \u00e0 chuva servi\u00e7os de hoje foram modificados &nbsp;* Capina: Rua Br\u00e1ulio&hellip;<\/p>\n<\/div>\n\t\n<a href=\"https:\/\/comdep.com.br\/?p=3051\" class=\"post-details details-type-link\" aria-label=\"Read more about COMDEP trabalhando hoje 09\/04\/2020 nos seguintes locais:\">Read more<i class=\"dt-icon-the7-arrow-03\" aria-hidden=\"true\"><\/i><\/a>\n\n<\/div><\/article><article class=\"post project-odd visible post-3032 type-post status-publish format-standard has-post-thumbnail hentry category-home category-1 description-off\" data-name=\"COMDEP trabalhando hoje 08\/04\/2020 nos seguintes locais:\" data-date=\"2020-04-08T11:08:31-03:00\">\n\n<div class=\"post-thumbnail-wrap\">\n\t<div class=\"post-thumbnail\">\n\n\t\t\n\t\t\n\t\t<a href=\"https:\/\/comdep.com.br\/?p=3032\" class=\"post-thumbnail-rollover layzr-bg layzr-bg\" ><img decoding=\"async\" class=\"blog-thumb-lazy-load preload-me lazy-load aspect\" src=\"data:image\/svg+xml,%3Csvg%20xmlns%3D&#39;http%3A%2F%2Fwww.w3.org%2F2000%2Fsvg&#39;%20viewBox%3D&#39;0%200%20600%20400&#39;%2F%3E\" data-src=\"https:\/\/comdep.com.br\/wp-content\/uploads\/2020\/04\/servico-6-e1586356777551-600x400.jpg\" data-srcset=\"https:\/\/comdep.com.br\/wp-content\/uploads\/2020\/04\/servico-6-e1586356777551-600x400.jpg 600w, https:\/\/comdep.com.br\/wp-content\/uploads\/2020\/04\/servico-6-e1586356777551-600x399.jpg 600w\" loading=\"eager\" style=\"--ratio: 600 \/ 400\" sizes=\"(max-width: 600px) 100vw, 600px\" alt=\"\" title=\"servico\" width=\"600\" height=\"400\"  \/><\/a>\n\t<\/div>\n<\/div>\n\n\n<div class=\"post-entry-content\">\n\n\t<h3 class=\"entry-title\">\n\t\t<a href=\"https:\/\/comdep.com.br\/?p=3032\" title=\"COMDEP trabalhando hoje 08\/04\/2020 nos seguintes locais:\" rel=\"bookmark\">COMDEP trabalhando hoje 08\/04\/2020 nos seguintes locais:<\/a>\n\t<\/h3>\n\n\t<div class=\"entry-meta\"><a href=\"https:\/\/comdep.com.br\/?m=20200408\" title=\"11:08\" class=\"data-link\" rel=\"bookmark\"><time class=\"entry-date updated\" datetime=\"2020-04-08T11:08:31-03:00\">08\/04\/2020<\/time><\/a><\/div>\n\t<div class=\"entry-excerpt\"><p>Distrito Ro\u00e7ada e capina: Rua Nova Esperan\u00e7a, Condom\u00ednio Mar\u00edlia Capua, Cuiab\u00e1 \u00a0* M\u00e1quina e caminh\u00f5es: continua\u00e7\u00e3o Estrada das Arcas, Coletora Gentio, reta de Itaipava Uni\u00e3o e Ind\u00fastria \u00a0* Varri\u00e7\u00e3o di\u00e1ria: Corr\u00eaas, Nogueiras, Araras, Itaipava, Vila Rica, Pedro do Rio, Secret\u00e1rio * Diretoria Operacional Limpeza de rio: Coronel Veiga \u00a0\u00a0* Capina: Rua Sete de Abril, Av.&hellip;<\/p>\n<\/div>\n\t\n<a href=\"https:\/\/comdep.com.br\/?p=3032\" class=\"post-details details-type-link\" aria-label=\"Read more about COMDEP trabalhando hoje 08\/04\/2020 nos seguintes locais:\">Read more<i class=\"dt-icon-the7-arrow-03\" aria-hidden=\"true\"><\/i><\/a>\n\n<\/div><\/article><article class=\"post project-odd visible post-3022 type-post status-publish format-standard has-post-thumbnail hentry category-home category-1 description-off\" data-name=\"COMDEP trabalhando hoje 07\/04\/2020 nos seguintes locais:\" data-date=\"2020-04-07T11:22:51-03:00\">\n\n<div class=\"post-thumbnail-wrap\">\n\t<div class=\"post-thumbnail\">\n\n\t\t\n\t\t\n\t\t<a href=\"https:\/\/comdep.com.br\/?p=3022\" class=\"post-thumbnail-rollover layzr-bg layzr-bg\" ><img decoding=\"async\" class=\"blog-thumb-lazy-load preload-me lazy-load aspect\" src=\"data:image\/svg+xml,%3Csvg%20xmlns%3D&#39;http%3A%2F%2Fwww.w3.org%2F2000%2Fsvg&#39;%20viewBox%3D&#39;0%200%20600%20400&#39;%2F%3E\" data-src=\"https:\/\/comdep.com.br\/wp-content\/uploads\/2020\/04\/servico-5-e1586270708772-600x400.jpg\" data-srcset=\"https:\/\/comdep.com.br\/wp-content\/uploads\/2020\/04\/servico-5-e1586270708772-600x400.jpg 600w, https:\/\/comdep.com.br\/wp-content\/uploads\/2020\/04\/servico-5-e1586270708772-600x399.jpg 600w\" loading=\"eager\" style=\"--ratio: 600 \/ 400\" sizes=\"(max-width: 600px) 100vw, 600px\" alt=\"\" title=\"servico\" width=\"600\" height=\"400\"  \/><\/a>\n\t<\/div>\n<\/div>\n\n\n<div class=\"post-entry-content\">\n\n\t<h3 class=\"entry-title\">\n\t\t<a href=\"https:\/\/comdep.com.br\/?p=3022\" title=\"COMDEP trabalhando hoje 07\/04\/2020 nos seguintes locais:\" rel=\"bookmark\">COMDEP trabalhando hoje 07\/04\/2020 nos seguintes locais:<\/a>\n\t<\/h3>\n\n\t<div class=\"entry-meta\"><a href=\"https:\/\/comdep.com.br\/?m=20200407\" title=\"11:22\" class=\"data-link\" rel=\"bookmark\"><time class=\"entry-date updated\" datetime=\"2020-04-07T11:22:51-03:00\">07\/04\/2020<\/time><\/a><\/div>\n\t<div class=\"entry-excerpt\"><p>Distrito Ro\u00e7ada e capina: continua\u00e7\u00e3o Estrada Corr\u00eaa da Veiga, Neusa Goulart Brizola * M\u00e1quina e caminh\u00f5es: continua\u00e7\u00e3o Estrada das Arcas, devolu\u00e7\u00e3o de Arm\u00e1rios na Coronel Veiga * Varri\u00e7\u00e3o di\u00e1ria: Corr\u00eaas, Nogueiras, Araras, Itaipava, Vila Rica, Pedro do Rio, Secret\u00e1rio * Diretoria Operacional Limpeza de rio: Coronel Veiga &nbsp;* Capina: Rua Frei Rog\u00e9rio, Pra\u00e7a Princesa Isabel,&hellip;<\/p>\n<\/div>\n\t\n<a href=\"https:\/\/comdep.com.br\/?p=3022\" class=\"post-details details-type-link\" aria-label=\"Read more about COMDEP trabalhando hoje 07\/04\/2020 nos seguintes locais:\">Read more<i class=\"dt-icon-the7-arrow-03\" aria-hidden=\"true\"><\/i><\/a>\n\n<\/div><\/article><article class=\"post project-odd visible post-3015 type-post status-publish format-standard has-post-thumbnail hentry category-home category-1 description-off\" data-name=\"COMDEP trabalhando hoje 06\/04\/2020 nos seguintes locais:\" data-date=\"2020-04-06T15:36:29-03:00\">\n\n<div class=\"post-thumbnail-wrap\">\n\t<div class=\"post-thumbnail\">\n\n\t\t\n\t\t\n\t\t<a href=\"https:\/\/comdep.com.br\/?p=3015\" class=\"post-thumbnail-rollover layzr-bg layzr-bg\" ><img decoding=\"async\" class=\"blog-thumb-lazy-load preload-me lazy-load aspect\" src=\"data:image\/svg+xml,%3Csvg%20xmlns%3D&#39;http%3A%2F%2Fwww.w3.org%2F2000%2Fsvg&#39;%20viewBox%3D&#39;0%200%20600%20400&#39;%2F%3E\" data-src=\"https:\/\/comdep.com.br\/wp-content\/uploads\/2020\/04\/servico-4-e1586198913401-600x400.jpg\" data-srcset=\"https:\/\/comdep.com.br\/wp-content\/uploads\/2020\/04\/servico-4-e1586198913401-600x400.jpg 600w, https:\/\/comdep.com.br\/wp-content\/uploads\/2020\/04\/servico-4-e1586198913401-600x399.jpg 600w\" loading=\"eager\" style=\"--ratio: 600 \/ 400\" sizes=\"(max-width: 600px) 100vw, 600px\" alt=\"\" title=\"servico\" width=\"600\" height=\"400\"  \/><\/a>\n\t<\/div>\n<\/div>\n\n\n<div class=\"post-entry-content\">\n\n\t<h3 class=\"entry-title\">\n\t\t<a href=\"https:\/\/comdep.com.br\/?p=3015\" title=\"COMDEP trabalhando hoje 06\/04\/2020 nos seguintes locais:\" rel=\"bookmark\">COMDEP trabalhando hoje 06\/04\/2020 nos seguintes locais:<\/a>\n\t<\/h3>\n\n\t<div class=\"entry-meta\"><a href=\"https:\/\/comdep.com.br\/?m=20200406\" title=\"15:36\" class=\"data-link\" rel=\"bookmark\"><time class=\"entry-date updated\" datetime=\"2020-04-06T15:36:29-03:00\">06\/04\/2020<\/time><\/a><\/div>\n\t<div class=\"entry-excerpt\"><p>Distrito Ro\u00e7ada e capina: Servid\u00e3o Eduardo Zeferino de Souza, Estrada Corr\u00eaa da Veiga * M\u00e1quina e caminh\u00f5es: continua\u00e7\u00e3o Estrada das Arcas * Varri\u00e7\u00e3o di\u00e1ria: Corr\u00eaas, Nogueiras, Araras, Itaipava, Vila Rica, Pedro do Rio, Secret\u00e1rio * Diretoria Operacional Limpeza de rio: Coronel Veiga * Capina: Rua Frei Rog\u00e9rio, Av. Koeller, Av. Piabanha, Rua Professor Pl\u00ednio Leite,&hellip;<\/p>\n<\/div>\n\t\n<a href=\"https:\/\/comdep.com.br\/?p=3015\" class=\"post-details details-type-link\" aria-label=\"Read more about COMDEP trabalhando hoje 06\/04\/2020 nos seguintes locais:\">Read more<i class=\"dt-icon-the7-arrow-03\" aria-hidden=\"true\"><\/i><\/a>\n\n<\/div><\/article><article class=\"post project-odd visible post-3011 type-post status-publish format-standard has-post-thumbnail hentry category-home category-1 description-off\" data-name=\"COMDEP trabalhando hoje 04\/04\/2020 nos seguintes locais:\" data-date=\"2020-04-06T14:14:33-03:00\">\n\n<div class=\"post-thumbnail-wrap\">\n\t<div class=\"post-thumbnail\">\n\n\t\t\n\t\t\n\t\t<a href=\"https:\/\/comdep.com.br\/?p=3011\" class=\"post-thumbnail-rollover layzr-bg layzr-bg\" ><img decoding=\"async\" class=\"blog-thumb-lazy-load preload-me lazy-load aspect\" src=\"data:image\/svg+xml,%3Csvg%20xmlns%3D&#39;http%3A%2F%2Fwww.w3.org%2F2000%2Fsvg&#39;%20viewBox%3D&#39;0%200%20507%20338&#39;%2F%3E\" data-src=\"https:\/\/comdep.com.br\/wp-content\/uploads\/2020\/04\/servico-3-e1586193393986-507x338.jpg\" data-srcset=\"https:\/\/comdep.com.br\/wp-content\/uploads\/2020\/04\/servico-3-e1586193393986-507x338.jpg 507w\" loading=\"eager\" style=\"--ratio: 507 \/ 338\" sizes=\"(max-width: 507px) 100vw, 507px\" alt=\"\" title=\"servico\" width=\"507\" height=\"338\"  \/><\/a>\n\t<\/div>\n<\/div>\n\n\n<div class=\"post-entry-content\">\n\n\t<h3 class=\"entry-title\">\n\t\t<a href=\"https:\/\/comdep.com.br\/?p=3011\" title=\"COMDEP trabalhando hoje 04\/04\/2020 nos seguintes locais:\" rel=\"bookmark\">COMDEP trabalhando hoje 04\/04\/2020 nos seguintes locais:<\/a>\n\t<\/h3>\n\n\t<div class=\"entry-meta\"><a href=\"https:\/\/comdep.com.br\/?m=20200406\" title=\"14:14\" class=\"data-link\" rel=\"bookmark\"><time class=\"entry-date updated\" datetime=\"2020-04-06T14:14:33-03:00\">06\/04\/2020<\/time><\/a><\/div>\n\t<div class=\"entry-excerpt\"><p>Distritos Ro\u00e7ada e capina: Rua Jo\u00e3o de Oliveira Botelho * M\u00e1quina e caminh\u00f5es: Coletora Estrada da Divisa Santa M\u00f4nica * Varri\u00e7\u00e3o di\u00e1ria: Corr\u00eaas, Nogueiras, Araras, Itaipava, Vila Rica, Pedro do Rio, Secret\u00e1rio * Diretoria Operacional Servi\u00e7os Pipa noite: Sete de abril, Monte Caseiros, Joaquim Moreira, Epit\u00e1cio Pessoa, Bar\u00e3o de Tef\u00e9 * M\u00e1quina e Caminh\u00f5es: Rua&hellip;<\/p>\n<\/div>\n\t\n<a href=\"https:\/\/comdep.com.br\/?p=3011\" class=\"post-details details-type-link\" aria-label=\"Read more about COMDEP trabalhando hoje 04\/04\/2020 nos seguintes locais:\">Read more<i class=\"dt-icon-the7-arrow-03\" aria-hidden=\"true\"><\/i><\/a>\n\n<\/div><\/article><article class=\"post project-odd visible post-2994 type-post status-publish format-standard has-post-thumbnail hentry category-home category-1 description-off\" data-name=\"COMDEP trabalhando hoje 03\/04\/2020 nos seguintes locais:\" data-date=\"2020-04-03T12:53:36-03:00\">\n\n<div class=\"post-thumbnail-wrap\">\n\t<div class=\"post-thumbnail\">\n\n\t\t\n\t\t\n\t\t<a href=\"https:\/\/comdep.com.br\/?p=2994\" class=\"post-thumbnail-rollover layzr-bg layzr-bg\" ><img decoding=\"async\" class=\"blog-thumb-lazy-load preload-me lazy-load aspect\" src=\"data:image\/svg+xml,%3Csvg%20xmlns%3D&#39;http%3A%2F%2Fwww.w3.org%2F2000%2Fsvg&#39;%20viewBox%3D&#39;0%200%20292%20194&#39;%2F%3E\" data-src=\"https:\/\/comdep.com.br\/wp-content\/uploads\/2020\/04\/servico-2-e1585940395221-292x194.jpg\" data-srcset=\"https:\/\/comdep.com.br\/wp-content\/uploads\/2020\/04\/servico-2-e1585940395221-292x194.jpg 292w\" loading=\"eager\" style=\"--ratio: 292 \/ 194\" sizes=\"(max-width: 292px) 100vw, 292px\" alt=\"\" title=\"servico\" width=\"292\" height=\"194\"  \/><\/a>\n\t<\/div>\n<\/div>\n\n\n<div class=\"post-entry-content\">\n\n\t<h3 class=\"entry-title\">\n\t\t<a href=\"https:\/\/comdep.com.br\/?p=2994\" title=\"COMDEP trabalhando hoje 03\/04\/2020 nos seguintes locais:\" rel=\"bookmark\">COMDEP trabalhando hoje 03\/04\/2020 nos seguintes locais:<\/a>\n\t<\/h3>\n\n\t<div class=\"entry-meta\"><a href=\"https:\/\/comdep.com.br\/?m=20200403\" title=\"12:53\" class=\"data-link\" rel=\"bookmark\"><time class=\"entry-date updated\" datetime=\"2020-04-03T12:53:36-03:00\">03\/04\/2020<\/time><\/a><\/div>\n\t<div class=\"entry-excerpt\"><p>Distrito Ro\u00e7ada e capina: Posto de Sa\u00fade de Araras e quadra de Araras, Posto de Sa\u00fade de Secret\u00e1rio * Varri\u00e7\u00e3o di\u00e1ria: Corr\u00eaas, Nogueiras, Araras, Itaipava, Vila Rica, Pedro do Rio, Secret\u00e1rio * Diretoria Operacional Limpeza de rio: Coronel Veiga &nbsp;* Capina: Av. Imperatriz, Piabanha, Rua Carlos Gomes, Dr. Thouzet, Rua Professor Silvio Leite, Bar\u00e3o do&hellip;<\/p>\n<\/div>\n\t\n<a href=\"https:\/\/comdep.com.br\/?p=2994\" class=\"post-details details-type-link\" aria-label=\"Read more about COMDEP trabalhando hoje 03\/04\/2020 nos seguintes locais:\">Read more<i class=\"dt-icon-the7-arrow-03\" aria-hidden=\"true\"><\/i><\/a>\n\n<\/div><\/article><article class=\"post project-odd visible post-2978 type-post status-publish format-standard has-post-thumbnail hentry category-home category-1 description-off\" data-name=\"COMDEP trabalhando hoje 02\/04\/2020 nos seguintes locais:\" data-date=\"2020-04-02T11:25:10-03:00\">\n\n<div class=\"post-thumbnail-wrap\">\n\t<div class=\"post-thumbnail\">\n\n\t\t\n\t\t\n\t\t<a href=\"https:\/\/comdep.com.br\/?p=2978\" class=\"post-thumbnail-rollover layzr-bg layzr-bg\" ><img decoding=\"async\" class=\"blog-thumb-lazy-load preload-me lazy-load aspect\" src=\"data:image\/svg+xml,%3Csvg%20xmlns%3D&#39;http%3A%2F%2Fwww.w3.org%2F2000%2Fsvg&#39;%20viewBox%3D&#39;0%200%20450%20300&#39;%2F%3E\" data-src=\"https:\/\/comdep.com.br\/wp-content\/uploads\/2020\/04\/servico-1-e1585841829319-450x300.jpg\" data-srcset=\"https:\/\/comdep.com.br\/wp-content\/uploads\/2020\/04\/servico-1-e1585841829319-450x300.jpg 450w, https:\/\/comdep.com.br\/wp-content\/uploads\/2020\/04\/servico-1-e1585841829319-450x299.jpg 450w\" loading=\"eager\" style=\"--ratio: 450 \/ 300\" sizes=\"(max-width: 450px) 100vw, 450px\" alt=\"\" title=\"servico\" width=\"450\" height=\"300\"  \/><\/a>\n\t<\/div>\n<\/div>\n\n\n<div class=\"post-entry-content\">\n\n\t<h3 class=\"entry-title\">\n\t\t<a href=\"https:\/\/comdep.com.br\/?p=2978\" title=\"COMDEP trabalhando hoje 02\/04\/2020 nos seguintes locais:\" rel=\"bookmark\">COMDEP trabalhando hoje 02\/04\/2020 nos seguintes locais:<\/a>\n\t<\/h3>\n\n\t<div class=\"entry-meta\"><a href=\"https:\/\/comdep.com.br\/?m=20200402\" title=\"11:25\" class=\"data-link\" rel=\"bookmark\"><time class=\"entry-date updated\" datetime=\"2020-04-02T11:25:10-03:00\">02\/04\/2020<\/time><\/a><\/div>\n\t<div class=\"entry-excerpt\"><p>Distrito &nbsp; Ro\u00e7ada e capina: Estrada da Divisa &nbsp;* M\u00e1quina e caminh\u00f5es: Estrada das Arcas &nbsp;* Varri\u00e7\u00e3o di\u00e1ria: Corr\u00eaas, Nogueiras, Araras, Itaipava, Vila Rica, Pedro do Rio, Secret\u00e1rio * Diretoria Operacional Varri\u00e7\u00e3o: Get\u00falio Vargas, General Rondon, Ponte Fones, Sim\u00e9ria, S\u00e3o Sebasti\u00e3o, Olavo Bilac, Castelanea * Caminh\u00e3o C 20: Recolhimento dos sacos da varri\u00e7\u00e3o Quitandinha, Cel.&hellip;<\/p>\n<\/div>\n\t\n<a href=\"https:\/\/comdep.com.br\/?p=2978\" class=\"post-details details-type-link\" aria-label=\"Read more about COMDEP trabalhando hoje 02\/04\/2020 nos seguintes locais:\">Read more<i class=\"dt-icon-the7-arrow-03\" aria-hidden=\"true\"><\/i><\/a>\n\n<\/div><\/article><article class=\"post project-odd visible post-2970 type-post status-publish format-standard has-post-thumbnail hentry category-home category-1 description-off\" data-name=\"COMDEP trabalhando hoje 01\/04\/2020 nos seguintes locais:\" data-date=\"2020-04-01T12:57:29-03:00\">\n\n<div class=\"post-thumbnail-wrap\">\n\t<div class=\"post-thumbnail\">\n\n\t\t\n\t\t\n\t\t<a href=\"https:\/\/comdep.com.br\/?p=2970\" class=\"post-thumbnail-rollover layzr-bg layzr-bg\" ><img decoding=\"async\" class=\"blog-thumb-lazy-load preload-me lazy-load aspect\" src=\"data:image\/svg+xml,%3Csvg%20xmlns%3D&#39;http%3A%2F%2Fwww.w3.org%2F2000%2Fsvg&#39;%20viewBox%3D&#39;0%200%20438%20292&#39;%2F%3E\" data-src=\"https:\/\/comdep.com.br\/wp-content\/uploads\/2020\/04\/servico-e1585764884264-438x292.jpg\" data-srcset=\"https:\/\/comdep.com.br\/wp-content\/uploads\/2020\/04\/servico-e1585764884264-438x292.jpg 438w\" loading=\"eager\" style=\"--ratio: 438 \/ 292\" sizes=\"(max-width: 438px) 100vw, 438px\" alt=\"\" title=\"servico\" width=\"438\" height=\"292\"  \/><\/a>\n\t<\/div>\n<\/div>\n\n\n<div class=\"post-entry-content\">\n\n\t<h3 class=\"entry-title\">\n\t\t<a href=\"https:\/\/comdep.com.br\/?p=2970\" title=\"COMDEP trabalhando hoje 01\/04\/2020 nos seguintes locais:\" rel=\"bookmark\">COMDEP trabalhando hoje 01\/04\/2020 nos seguintes locais:<\/a>\n\t<\/h3>\n\n\t<div class=\"entry-meta\"><a href=\"https:\/\/comdep.com.br\/?m=20200401\" title=\"12:57\" class=\"data-link\" rel=\"bookmark\"><time class=\"entry-date updated\" datetime=\"2020-04-01T12:57:29-03:00\">01\/04\/2020<\/time><\/a><\/div>\n\t<div class=\"entry-excerpt\"><p>Distrito &nbsp; Ro\u00e7ada e capina: continua\u00e7\u00e3o Estrada das Arcas &nbsp;* M\u00e1quina e caminh\u00f5es: continua\u00e7\u00e3o Castelo S\u00e3o Manoel &nbsp;* Varri\u00e7\u00e3o di\u00e1ria: Corr\u00eaas, Nogueiras, Araras, Itaipava, Vila Rica, Pedro do Rio * Diretoria Operacional Pipa (Dia): Quitandinha, Pontes do Fones, Alto da Serra, Quissam\u00e3, Itamarati, Cascatinha, Corr\u00eaas, Nogueira e Araras * Pipa (noite): Centro da cidade, Rua&hellip;<\/p>\n<\/div>\n\t\n<a href=\"https:\/\/comdep.com.br\/?p=2970\" class=\"post-details details-type-link\" aria-label=\"Read more about COMDEP trabalhando hoje 01\/04\/2020 nos seguintes locais:\">Read more<i class=\"dt-icon-the7-arrow-03\" aria-hidden=\"true\"><\/i><\/a>\n\n<\/div><\/article><article class=\"post project-odd visible post-2959 type-post status-publish format-standard has-post-thumbnail hentry category-home category-1 description-off\" data-name=\"COMDEP trabalhando hoje 31\/03\/2020 nos seguintes locais:\" data-date=\"2020-03-31T11:31:18-03:00\">\n\n<div class=\"post-thumbnail-wrap\">\n\t<div class=\"post-thumbnail\">\n\n\t\t\n\t\t\n\t\t<a href=\"https:\/\/comdep.com.br\/?p=2959\" class=\"post-thumbnail-rollover layzr-bg layzr-bg\" ><img decoding=\"async\" class=\"blog-thumb-lazy-load preload-me lazy-load aspect\" src=\"data:image\/svg+xml,%3Csvg%20xmlns%3D&#39;http%3A%2F%2Fwww.w3.org%2F2000%2Fsvg&#39;%20viewBox%3D&#39;0%200%20438%20292&#39;%2F%3E\" data-src=\"https:\/\/comdep.com.br\/wp-content\/uploads\/2020\/03\/servico-29-e1585666201516-438x292.jpg\" data-srcset=\"https:\/\/comdep.com.br\/wp-content\/uploads\/2020\/03\/servico-29-e1585666201516-438x292.jpg 438w\" loading=\"eager\" style=\"--ratio: 438 \/ 292\" sizes=\"(max-width: 438px) 100vw, 438px\" alt=\"\" title=\"servico\" width=\"438\" height=\"292\"  \/><\/a>\n\t<\/div>\n<\/div>\n\n\n<div class=\"post-entry-content\">\n\n\t<h3 class=\"entry-title\">\n\t\t<a href=\"https:\/\/comdep.com.br\/?p=2959\" title=\"COMDEP trabalhando hoje 31\/03\/2020 nos seguintes locais:\" rel=\"bookmark\">COMDEP trabalhando hoje 31\/03\/2020 nos seguintes locais:<\/a>\n\t<\/h3>\n\n\t<div class=\"entry-meta\"><a href=\"https:\/\/comdep.com.br\/?m=20200331\" title=\"11:31\" class=\"data-link\" rel=\"bookmark\"><time class=\"entry-date updated\" datetime=\"2020-03-31T11:31:18-03:00\">31\/03\/2020<\/time><\/a><\/div>\n\t<div class=\"entry-excerpt\"><p>Distrito Ro\u00e7ada e capina: continua\u00e7\u00e3o Estrada das Arcas \u00a0* M\u00e1quina e caminh\u00f5es: continua\u00e7\u00e3o Castelo S\u00e3o Manoel \u00a0* Varri\u00e7\u00e3o di\u00e1ria: Corr\u00eaas, Nogueiras, Araras, Itaipava, Vila Rica, Pedro do Rio * Diretoria Operacional M\u00e1quinas e caminh\u00f5es: Raul Veiga, Taquara, Dr. S\u00e1 Earp, Jo\u00e3o \u00c9sio Caldara, Rua Tereza, Vila Felipe * Caminh\u00e3o D 08: Centro Hist\u00f3rico e turmas&hellip;<\/p>\n<\/div>\n\t\n<a href=\"https:\/\/comdep.com.br\/?p=2959\" class=\"post-details details-type-link\" aria-label=\"Read more about COMDEP trabalhando hoje 31\/03\/2020 nos seguintes locais:\">Read more<i class=\"dt-icon-the7-arrow-03\" aria-hidden=\"true\"><\/i><\/a>\n\n<\/div><\/article><article class=\"post project-odd visible post-2947 type-post status-publish format-standard has-post-thumbnail hentry category-home category-1 description-off\" data-name=\"COMDEP trabalhando hoje 30\/03\/2020 nos seguintes locais:\" data-date=\"2020-03-30T12:43:22-03:00\">\n\n<div class=\"post-thumbnail-wrap\">\n\t<div class=\"post-thumbnail\">\n\n\t\t\n\t\t\n\t\t<a href=\"https:\/\/comdep.com.br\/?p=2947\" class=\"post-thumbnail-rollover layzr-bg layzr-bg\" ><img decoding=\"async\" class=\"blog-thumb-lazy-load preload-me lazy-load aspect\" src=\"data:image\/svg+xml,%3Csvg%20xmlns%3D&#39;http%3A%2F%2Fwww.w3.org%2F2000%2Fsvg&#39;%20viewBox%3D&#39;0%200%20450%20300&#39;%2F%3E\" data-src=\"https:\/\/comdep.com.br\/wp-content\/uploads\/2020\/03\/servico-28-e1585588703307-450x300.jpg\" data-srcset=\"https:\/\/comdep.com.br\/wp-content\/uploads\/2020\/03\/servico-28-e1585588703307-450x300.jpg 450w, https:\/\/comdep.com.br\/wp-content\/uploads\/2020\/03\/servico-28-e1585588703307-450x299.jpg 450w\" loading=\"eager\" style=\"--ratio: 450 \/ 300\" sizes=\"(max-width: 450px) 100vw, 450px\" alt=\"\" title=\"servico\" width=\"450\" height=\"300\"  \/><\/a>\n\t<\/div>\n<\/div>\n\n\n<div class=\"post-entry-content\">\n\n\t<h3 class=\"entry-title\">\n\t\t<a href=\"https:\/\/comdep.com.br\/?p=2947\" title=\"COMDEP trabalhando hoje 30\/03\/2020 nos seguintes locais:\" rel=\"bookmark\">COMDEP trabalhando hoje 30\/03\/2020 nos seguintes locais:<\/a>\n\t<\/h3>\n\n\t<div class=\"entry-meta\"><a href=\"https:\/\/comdep.com.br\/?m=20200330\" title=\"12:43\" class=\"data-link\" rel=\"bookmark\"><time class=\"entry-date updated\" datetime=\"2020-03-30T12:43:22-03:00\">30\/03\/2020<\/time><\/a><\/div>\n\t<div class=\"entry-excerpt\"><p>Distrito Ro\u00e7ada e capina: continua\u00e7\u00e3o Estrada das Arcas &nbsp;* M\u00e1quina e caminh\u00f5es: Castelo S\u00e3o Manoel &nbsp;* Varri\u00e7\u00e3o di\u00e1ria: Corr\u00eaas, Nogueiras, Araras, Itaipava, Vila Rica, Pedro do Rio * Diretoria Operacional M\u00e1quinas e caminh\u00f5es: Duques, Parque S\u00e3o Vicente, Manoel Torres, Vila S\u00e3o Jos\u00e9, Alto da Serra * Caminh\u00e3o D-08: Centro Hist\u00f3rico e turmas * Capina e&hellip;<\/p>\n<\/div>\n\t\n<a href=\"https:\/\/comdep.com.br\/?p=2947\" class=\"post-details details-type-link\" aria-label=\"Read more about COMDEP trabalhando hoje 30\/03\/2020 nos seguintes locais:\">Read more<i class=\"dt-icon-the7-arrow-03\" aria-hidden=\"true\"><\/i><\/a>\n\n<\/div><\/article><article class=\"post project-odd visible post-2944 type-post status-publish format-standard has-post-thumbnail hentry category-home category-1 description-off\" data-name=\"COMDEP trabalhando hoje 29\/03\/2020 nos seguintes locais:\" data-date=\"2020-03-30T12:32:34-03:00\">\n\n<div class=\"post-thumbnail-wrap\">\n\t<div class=\"post-thumbnail\">\n\n\t\t\n\t\t\n\t\t<a href=\"https:\/\/comdep.com.br\/?p=2944\" class=\"post-thumbnail-rollover layzr-bg layzr-bg\" ><img decoding=\"async\" class=\"blog-thumb-lazy-load preload-me lazy-load aspect\" src=\"data:image\/svg+xml,%3Csvg%20xmlns%3D&#39;http%3A%2F%2Fwww.w3.org%2F2000%2Fsvg&#39;%20viewBox%3D&#39;0%200%20507%20338&#39;%2F%3E\" data-src=\"https:\/\/comdep.com.br\/wp-content\/uploads\/2020\/03\/servico-27-e1585582403930-507x338.jpg\" data-srcset=\"https:\/\/comdep.com.br\/wp-content\/uploads\/2020\/03\/servico-27-e1585582403930-507x338.jpg 507w\" loading=\"eager\" style=\"--ratio: 507 \/ 338\" sizes=\"(max-width: 507px) 100vw, 507px\" alt=\"\" title=\"servico\" width=\"507\" height=\"338\"  \/><\/a>\n\t<\/div>\n<\/div>\n\n\n<div class=\"post-entry-content\">\n\n\t<h3 class=\"entry-title\">\n\t\t<a href=\"https:\/\/comdep.com.br\/?p=2944\" title=\"COMDEP trabalhando hoje 29\/03\/2020 nos seguintes locais:\" rel=\"bookmark\">COMDEP trabalhando hoje 29\/03\/2020 nos seguintes locais:<\/a>\n\t<\/h3>\n\n\t<div class=\"entry-meta\"><a href=\"https:\/\/comdep.com.br\/?m=20200330\" title=\"12:32\" class=\"data-link\" rel=\"bookmark\"><time class=\"entry-date updated\" datetime=\"2020-03-30T12:32:34-03:00\">30\/03\/2020<\/time><\/a><\/div>\n\t<div class=\"entry-excerpt\"><p>Diretoria de Limpeza Urbana Varri\u00e7\u00e3o (das 07:00 at\u00e9 11:00) turma da manh\u00e3: Centro, Centro Hist\u00f3rico, Bar\u00e3o do Rio Branco, Cascatinha, Itamarati, Quissam\u00e3, Alto da Serra, pra\u00e7a Pasteur, Castel\u00e2nea, Bingen e Mosela * Varri\u00e7\u00e3o na feira livre do Alto da Serra * (03) funcion\u00e1rios trabalhando na feira livre do Alto da Serra na retirada de res\u00edduos&hellip;<\/p>\n<\/div>\n\t\n<a href=\"https:\/\/comdep.com.br\/?p=2944\" class=\"post-details details-type-link\" aria-label=\"Read more about COMDEP trabalhando hoje 29\/03\/2020 nos seguintes locais:\">Read more<i class=\"dt-icon-the7-arrow-03\" aria-hidden=\"true\"><\/i><\/a>\n\n<\/div><\/article><article class=\"post project-odd visible post-2939 type-post status-publish format-standard has-post-thumbnail hentry category-home category-1 description-off\" data-name=\"COMDEP trabalhando hoje 28\/03\/2020 nos seguintes locais:\" data-date=\"2020-03-30T12:22:00-03:00\">\n\n<div class=\"post-thumbnail-wrap\">\n\t<div class=\"post-thumbnail\">\n\n\t\t\n\t\t\n\t\t<a href=\"https:\/\/comdep.com.br\/?p=2939\" class=\"post-thumbnail-rollover layzr-bg layzr-bg\" ><img decoding=\"async\" class=\"blog-thumb-lazy-load preload-me lazy-load aspect\" src=\"data:image\/svg+xml,%3Csvg%20xmlns%3D&#39;http%3A%2F%2Fwww.w3.org%2F2000%2Fsvg&#39;%20viewBox%3D&#39;0%200%20507%20338&#39;%2F%3E\" data-src=\"https:\/\/comdep.com.br\/wp-content\/uploads\/2020\/03\/servico-26-e1585581631349-507x338.jpg\" data-srcset=\"https:\/\/comdep.com.br\/wp-content\/uploads\/2020\/03\/servico-26-e1585581631349-507x338.jpg 507w\" loading=\"eager\" style=\"--ratio: 507 \/ 338\" sizes=\"(max-width: 507px) 100vw, 507px\" alt=\"\" title=\"servico\" width=\"507\" height=\"338\"  \/><\/a>\n\t<\/div>\n<\/div>\n\n\n<div class=\"post-entry-content\">\n\n\t<h3 class=\"entry-title\">\n\t\t<a href=\"https:\/\/comdep.com.br\/?p=2939\" title=\"COMDEP trabalhando hoje 28\/03\/2020 nos seguintes locais:\" rel=\"bookmark\">COMDEP trabalhando hoje 28\/03\/2020 nos seguintes locais:<\/a>\n\t<\/h3>\n\n\t<div class=\"entry-meta\"><a href=\"https:\/\/comdep.com.br\/?m=20200330\" title=\"12:22\" class=\"data-link\" rel=\"bookmark\"><time class=\"entry-date updated\" datetime=\"2020-03-30T12:22:00-03:00\">30\/03\/2020<\/time><\/a><\/div>\n\t<div class=\"entry-excerpt\"><p>Parques e Jardins \u00a0 Corte de grama e capina: Av. Koeler (Gabinete) * Diretoria Operacional M\u00e1quina e caminh\u00f5es: Olavo Bilac, S\u00e3o Sebasti\u00e3o, Thouzet, Chapa Quatro, Taquara, Condom\u00ednio Bela Vista.. * Caminh\u00e3o D 08: Centro Hist\u00f3rico e turmas * Caminh\u00e3o C 21: Parque S\u00e3o Vicente e turmas * Diretoria de Limpeza Urbana Varri\u00e7\u00e3o: Alto da Serra,&hellip;<\/p>\n<\/div>\n\t\n<a href=\"https:\/\/comdep.com.br\/?p=2939\" class=\"post-details details-type-link\" aria-label=\"Read more about COMDEP trabalhando hoje 28\/03\/2020 nos seguintes locais:\">Read more<i class=\"dt-icon-the7-arrow-03\" aria-hidden=\"true\"><\/i><\/a>\n\n<\/div><\/article><article class=\"post project-odd visible post-2925 type-post status-publish format-standard has-post-thumbnail hentry category-home category-1 description-off\" data-name=\"COMDEP trabalhando hoje 27\/03\/2020 nos seguintes locais:\" data-date=\"2020-03-27T09:57:15-03:00\">\n\n<div class=\"post-thumbnail-wrap\">\n\t<div class=\"post-thumbnail\">\n\n\t\t\n\t\t\n\t\t<a href=\"https:\/\/comdep.com.br\/?p=2925\" class=\"post-thumbnail-rollover layzr-bg layzr-bg\" ><img decoding=\"async\" class=\"blog-thumb-lazy-load preload-me lazy-load aspect\" src=\"data:image\/svg+xml,%3Csvg%20xmlns%3D&#39;http%3A%2F%2Fwww.w3.org%2F2000%2Fsvg&#39;%20viewBox%3D&#39;0%200%20507%20338&#39;%2F%3E\" data-src=\"https:\/\/comdep.com.br\/wp-content\/uploads\/2020\/03\/servico-25-e1585316906783-507x338.jpg\" data-srcset=\"https:\/\/comdep.com.br\/wp-content\/uploads\/2020\/03\/servico-25-e1585316906783-507x338.jpg 507w\" loading=\"eager\" style=\"--ratio: 507 \/ 338\" sizes=\"(max-width: 507px) 100vw, 507px\" alt=\"\" title=\"servico\" width=\"507\" height=\"338\"  \/><\/a>\n\t<\/div>\n<\/div>\n\n\n<div class=\"post-entry-content\">\n\n\t<h3 class=\"entry-title\">\n\t\t<a href=\"https:\/\/comdep.com.br\/?p=2925\" title=\"COMDEP trabalhando hoje 27\/03\/2020 nos seguintes locais:\" rel=\"bookmark\">COMDEP trabalhando hoje 27\/03\/2020 nos seguintes locais:<\/a>\n\t<\/h3>\n\n\t<div class=\"entry-meta\"><a href=\"https:\/\/comdep.com.br\/?m=20200327\" title=\"09:57\" class=\"data-link\" rel=\"bookmark\"><time class=\"entry-date updated\" datetime=\"2020-03-27T09:57:15-03:00\">27\/03\/2020<\/time><\/a><\/div>\n\t<div class=\"entry-excerpt\"><p>Distrito \u00a0 Ro\u00e7ada e capina: continua\u00e7\u00e3o Estrada das Arcas \u00a0* M\u00e1quina e caminh\u00f5es: continua\u00e7\u00e3o Madame Machado, rua Gabriel Ca\u00e7ador \u00a0* Varri\u00e7\u00e3o di\u00e1ria: Corr\u00eaas, Nogueiras, Arar\u00e1s, Itaipava, Vila Rica, Pedro do Rio * Diretoria Operacional M\u00e1quinas e caminh\u00f5es: Duchas, \u00c1lvaro Lopes de Castro, Batalhard, Alto da Derrubada, Jo\u00e3o Xavier, Euclides da Cunha, Vila Felipe, Rua Tereza,&hellip;<\/p>\n<\/div>\n\t\n<a href=\"https:\/\/comdep.com.br\/?p=2925\" class=\"post-details details-type-link\" aria-label=\"Read more about COMDEP trabalhando hoje 27\/03\/2020 nos seguintes locais:\">Read more<i class=\"dt-icon-the7-arrow-03\" aria-hidden=\"true\"><\/i><\/a>\n\n<\/div><\/article><article class=\"post project-odd visible post-2916 type-post status-publish format-standard has-post-thumbnail hentry category-home category-1 description-off\" data-name=\"COMDEP trabalhando hoje 26\/03\/2020 nos seguintes locais:\" data-date=\"2020-03-26T10:16:31-03:00\">\n\n<div class=\"post-thumbnail-wrap\">\n\t<div class=\"post-thumbnail\">\n\n\t\t\n\t\t\n\t\t<a href=\"https:\/\/comdep.com.br\/?p=2916\" class=\"post-thumbnail-rollover layzr-bg layzr-bg\" ><img decoding=\"async\" class=\"blog-thumb-lazy-load preload-me lazy-load aspect\" src=\"data:image\/svg+xml,%3Csvg%20xmlns%3D&#39;http%3A%2F%2Fwww.w3.org%2F2000%2Fsvg&#39;%20viewBox%3D&#39;0%200%20422%20281&#39;%2F%3E\" data-src=\"https:\/\/comdep.com.br\/wp-content\/uploads\/2020\/03\/servico-24-422x281.jpg\" data-srcset=\"https:\/\/comdep.com.br\/wp-content\/uploads\/2020\/03\/servico-24-422x281.jpg 422w\" loading=\"eager\" style=\"--ratio: 422 \/ 281\" sizes=\"(max-width: 422px) 100vw, 422px\" alt=\"\" title=\"servico\" width=\"422\" height=\"281\"  \/><\/a>\n\t<\/div>\n<\/div>\n\n\n<div class=\"post-entry-content\">\n\n\t<h3 class=\"entry-title\">\n\t\t<a href=\"https:\/\/comdep.com.br\/?p=2916\" title=\"COMDEP trabalhando hoje 26\/03\/2020 nos seguintes locais:\" rel=\"bookmark\">COMDEP trabalhando hoje 26\/03\/2020 nos seguintes locais:<\/a>\n\t<\/h3>\n\n\t<div class=\"entry-meta\"><a href=\"https:\/\/comdep.com.br\/?m=20200326\" title=\"10:16\" class=\"data-link\" rel=\"bookmark\"><time class=\"entry-date updated\" datetime=\"2020-03-26T10:16:31-03:00\">26\/03\/2020<\/time><\/a><\/div>\n\t<div class=\"entry-excerpt\"><p>Diretoria de Parques e Jardins Corte de grama: Parque S\u00e3o Vicente e Pra\u00e7a Conde D\u2019Eu * Jardim: BNH da Petro Ita, Pra\u00e7a dos Cavalos &nbsp;* Caminh\u00e3o do jardim: recolher lixo verde Meio da Serra &nbsp;* Kombi do jardim: manuten\u00e7\u00e3o * Diretoria Operacional M\u00e1quinas e caminh\u00f5es: Olavo Bilac, Crist\u00f3v\u00e3o Colombo, Jo\u00e3o J\u00falio Braun, Ana Elizabete Weber,&hellip;<\/p>\n<\/div>\n\t\n<a href=\"https:\/\/comdep.com.br\/?p=2916\" class=\"post-details details-type-link\" aria-label=\"Read more about COMDEP trabalhando hoje 26\/03\/2020 nos seguintes locais:\">Read more<i class=\"dt-icon-the7-arrow-03\" aria-hidden=\"true\"><\/i><\/a>\n\n<\/div><\/article><article class=\"post project-odd visible post-2911 type-post status-publish format-standard has-post-thumbnail hentry category-home category-1 description-off\" data-name=\"COMDEP trabalhando hoje 25\/03\/2020 nos seguintes locais:\" data-date=\"2020-03-25T12:44:54-03:00\">\n\n<div class=\"post-thumbnail-wrap\">\n\t<div class=\"post-thumbnail\">\n\n\t\t\n\t\t\n\t\t<a href=\"https:\/\/comdep.com.br\/?p=2911\" class=\"post-thumbnail-rollover layzr-bg layzr-bg\" ><img decoding=\"async\" class=\"blog-thumb-lazy-load preload-me lazy-load aspect\" src=\"data:image\/svg+xml,%3Csvg%20xmlns%3D&#39;http%3A%2F%2Fwww.w3.org%2F2000%2Fsvg&#39;%20viewBox%3D&#39;0%200%20450%20300&#39;%2F%3E\" data-src=\"https:\/\/comdep.com.br\/wp-content\/uploads\/2020\/03\/servico-23-e1585151285586-450x300.jpg\" data-srcset=\"https:\/\/comdep.com.br\/wp-content\/uploads\/2020\/03\/servico-23-e1585151285586-450x300.jpg 450w, https:\/\/comdep.com.br\/wp-content\/uploads\/2020\/03\/servico-23-e1585151285586-450x299.jpg 450w\" loading=\"eager\" style=\"--ratio: 450 \/ 300\" sizes=\"(max-width: 450px) 100vw, 450px\" alt=\"\" title=\"servico\" width=\"450\" height=\"300\"  \/><\/a>\n\t<\/div>\n<\/div>\n\n\n<div class=\"post-entry-content\">\n\n\t<h3 class=\"entry-title\">\n\t\t<a href=\"https:\/\/comdep.com.br\/?p=2911\" title=\"COMDEP trabalhando hoje 25\/03\/2020 nos seguintes locais:\" rel=\"bookmark\">COMDEP trabalhando hoje 25\/03\/2020 nos seguintes locais:<\/a>\n\t<\/h3>\n\n\t<div class=\"entry-meta\"><a href=\"https:\/\/comdep.com.br\/?m=20200325\" title=\"12:44\" class=\"data-link\" rel=\"bookmark\"><time class=\"entry-date updated\" datetime=\"2020-03-25T12:44:54-03:00\">25\/03\/2020<\/time><\/a><\/div>\n\t<div class=\"entry-excerpt\"><p>Diretoria de Parques e Jardins Corte de grama: Bar\u00e3o do rio Branco e Vila Filipe * Jardim: Catedral &nbsp;* Caminh\u00e3o do jardim: recolher lixo verde Bar\u00e3o do rio Branco e transporte de ferramentas &nbsp;* Kombi do jardim: manuten\u00e7\u00e3o * Diretoria Operacional M\u00e1quinas e caminh\u00f5es: Independ\u00eancia, Duarte da Silveira, Castrioto, Veludo, Dias de Oliveira, Jo\u00e3o Xavier&hellip;<\/p>\n<\/div>\n\t\n<a href=\"https:\/\/comdep.com.br\/?p=2911\" class=\"post-details details-type-link\" aria-label=\"Read more about COMDEP trabalhando hoje 25\/03\/2020 nos seguintes locais:\">Read more<i class=\"dt-icon-the7-arrow-03\" aria-hidden=\"true\"><\/i><\/a>\n\n<\/div><\/article><article class=\"post project-odd visible post-2902 type-post status-publish format-standard has-post-thumbnail hentry category-home category-1 description-off\" data-name=\"COMDEP trabalhando hoje dia 24\/03\/2020 nos seguintes locais:\" data-date=\"2020-03-24T14:57:48-03:00\">\n\n<div class=\"post-thumbnail-wrap\">\n\t<div class=\"post-thumbnail\">\n\n\t\t\n\t\t\n\t\t<a href=\"https:\/\/comdep.com.br\/?p=2902\" class=\"post-thumbnail-rollover layzr-bg layzr-bg\" ><img decoding=\"async\" class=\"blog-thumb-lazy-load preload-me lazy-load aspect\" src=\"data:image\/svg+xml,%3Csvg%20xmlns%3D&#39;http%3A%2F%2Fwww.w3.org%2F2000%2Fsvg&#39;%20viewBox%3D&#39;0%200%20600%20400&#39;%2F%3E\" data-src=\"https:\/\/comdep.com.br\/wp-content\/uploads\/2020\/03\/servico-22-e1585073990248-600x400.jpg\" data-srcset=\"https:\/\/comdep.com.br\/wp-content\/uploads\/2020\/03\/servico-22-e1585073990248-600x400.jpg 600w, https:\/\/comdep.com.br\/wp-content\/uploads\/2020\/03\/servico-22-e1585073990248-600x399.jpg 600w\" loading=\"eager\" style=\"--ratio: 600 \/ 400\" sizes=\"(max-width: 600px) 100vw, 600px\" alt=\"\" title=\"servico\" width=\"600\" height=\"400\"  \/><\/a>\n\t<\/div>\n<\/div>\n\n\n<div class=\"post-entry-content\">\n\n\t<h3 class=\"entry-title\">\n\t\t<a href=\"https:\/\/comdep.com.br\/?p=2902\" title=\"COMDEP trabalhando hoje dia 24\/03\/2020 nos seguintes locais:\" rel=\"bookmark\">COMDEP trabalhando hoje dia 24\/03\/2020 nos seguintes locais:<\/a>\n\t<\/h3>\n\n\t<div class=\"entry-meta\"><a href=\"https:\/\/comdep.com.br\/?m=20200324\" title=\"14:57\" class=\"data-link\" rel=\"bookmark\"><time class=\"entry-date updated\" datetime=\"2020-03-24T14:57:48-03:00\">24\/03\/2020<\/time><\/a><\/div>\n\t<div class=\"entry-excerpt\"><p>Distrito Ro\u00e7ada e capina: terreno para apoio a pacientes com suspeita de Covid &#8211; 19 &nbsp;* M\u00e1quina e caminh\u00f5es: continua\u00e7\u00e3o Madame Machado &nbsp;* Varri\u00e7\u00e3o di\u00e1ria: Corr\u00eaas, Nogueiras, Araras, Itaipava, Vila Rica, Pedro do Rio * Diretoria Operacional M\u00e1quinas e caminh\u00f5es: Sim\u00e9ria, S\u00e3o Sebasti\u00e3o, Caxambu, Floresta * Caminh\u00e3o Poli Guindaste: Independ\u00eancia e turmas * Caminh\u00e3o D&hellip;<\/p>\n<\/div>\n\t\n<a href=\"https:\/\/comdep.com.br\/?p=2902\" class=\"post-details details-type-link\" aria-label=\"Read more about COMDEP trabalhando hoje dia 24\/03\/2020 nos seguintes locais:\">Read more<i class=\"dt-icon-the7-arrow-03\" aria-hidden=\"true\"><\/i><\/a>\n\n<\/div><\/article><article class=\"post project-odd visible post-2893 type-post status-publish format-standard has-post-thumbnail hentry category-home category-1 description-off\" data-name=\"COMDEP trabalhando hoje 23\/03\/2020 nos seguintes locais:\" data-date=\"2020-03-23T10:39:40-03:00\">\n\n<div class=\"post-thumbnail-wrap\">\n\t<div class=\"post-thumbnail\">\n\n\t\t\n\t\t\n\t\t<a href=\"https:\/\/comdep.com.br\/?p=2893\" class=\"post-thumbnail-rollover layzr-bg layzr-bg\" ><img decoding=\"async\" class=\"blog-thumb-lazy-load preload-me lazy-load aspect\" src=\"data:image\/svg+xml,%3Csvg%20xmlns%3D&#39;http%3A%2F%2Fwww.w3.org%2F2000%2Fsvg&#39;%20viewBox%3D&#39;0%200%20450%20300&#39;%2F%3E\" data-src=\"https:\/\/comdep.com.br\/wp-content\/uploads\/2020\/03\/servico-21-e1584970682639-450x300.jpg\" data-srcset=\"https:\/\/comdep.com.br\/wp-content\/uploads\/2020\/03\/servico-21-e1584970682639-450x300.jpg 450w, https:\/\/comdep.com.br\/wp-content\/uploads\/2020\/03\/servico-21-e1584970682639-450x299.jpg 450w\" loading=\"eager\" style=\"--ratio: 450 \/ 300\" sizes=\"(max-width: 450px) 100vw, 450px\" alt=\"\" title=\"servico\" width=\"450\" height=\"300\"  \/><\/a>\n\t<\/div>\n<\/div>\n\n\n<div class=\"post-entry-content\">\n\n\t<h3 class=\"entry-title\">\n\t\t<a href=\"https:\/\/comdep.com.br\/?p=2893\" title=\"COMDEP trabalhando hoje 23\/03\/2020 nos seguintes locais:\" rel=\"bookmark\">COMDEP trabalhando hoje 23\/03\/2020 nos seguintes locais:<\/a>\n\t<\/h3>\n\n\t<div class=\"entry-meta\"><a href=\"https:\/\/comdep.com.br\/?m=20200323\" title=\"10:39\" class=\"data-link\" rel=\"bookmark\"><time class=\"entry-date updated\" datetime=\"2020-03-23T10:39:40-03:00\">23\/03\/2020<\/time><\/a><\/div>\n\t<div class=\"entry-excerpt\"><p>Distritos Ro\u00e7ada e capina: Fazenda Inglesa Rua D of\u00edcio Tim &nbsp;* M\u00e1quina e caminh\u00f5es: limpeza coletora rua Jer\u00f4nimo Ferreira Alves, Madame Machado &nbsp;* Varri\u00e7\u00e3o di\u00e1ria: Corr\u00eaas, Nogueiras, Araras, Itaipava, Vila Rica, Pedro do Rio * Diretoria de Obras Obras: continua\u00e7\u00e3o constru\u00e7\u00e3o de canteiros e nivelamento de cal\u00e7ada&nbsp; rua S\u00e3o Norberto Valpara\u00edso * Capina, ro\u00e7ada e&hellip;<\/p>\n<\/div>\n\t\n<a href=\"https:\/\/comdep.com.br\/?p=2893\" class=\"post-details details-type-link\" aria-label=\"Read more about COMDEP trabalhando hoje 23\/03\/2020 nos seguintes locais:\">Read more<i class=\"dt-icon-the7-arrow-03\" aria-hidden=\"true\"><\/i><\/a>\n\n<\/div><\/article><article class=\"post project-odd visible post-2890 type-post status-publish format-standard has-post-thumbnail hentry category-home category-1 description-off\" data-name=\"COMDEP trabalhando hoje 22\/03\/2020 nos seguintes locais:\" data-date=\"2020-03-23T10:27:53-03:00\">\n\n<div class=\"post-thumbnail-wrap\">\n\t<div class=\"post-thumbnail\">\n\n\t\t\n\t\t\n\t\t<a href=\"https:\/\/comdep.com.br\/?p=2890\" class=\"post-thumbnail-rollover layzr-bg layzr-bg\" ><img decoding=\"async\" class=\"blog-thumb-lazy-load preload-me lazy-load aspect\" src=\"data:image\/svg+xml,%3Csvg%20xmlns%3D&#39;http%3A%2F%2Fwww.w3.org%2F2000%2Fsvg&#39;%20viewBox%3D&#39;0%200%20600%20400&#39;%2F%3E\" data-src=\"https:\/\/comdep.com.br\/wp-content\/uploads\/2020\/03\/servico-20-e1584970173882-600x400.jpg\" data-srcset=\"https:\/\/comdep.com.br\/wp-content\/uploads\/2020\/03\/servico-20-e1584970173882-600x400.jpg 600w, https:\/\/comdep.com.br\/wp-content\/uploads\/2020\/03\/servico-20-e1584970173882-600x399.jpg 600w\" loading=\"eager\" style=\"--ratio: 600 \/ 400\" sizes=\"(max-width: 600px) 100vw, 600px\" alt=\"\" title=\"servico\" width=\"600\" height=\"400\"  \/><\/a>\n\t<\/div>\n<\/div>\n\n\n<div class=\"post-entry-content\">\n\n\t<h3 class=\"entry-title\">\n\t\t<a href=\"https:\/\/comdep.com.br\/?p=2890\" title=\"COMDEP trabalhando hoje 22\/03\/2020 nos seguintes locais:\" rel=\"bookmark\">COMDEP trabalhando hoje 22\/03\/2020 nos seguintes locais:<\/a>\n\t<\/h3>\n\n\t<div class=\"entry-meta\"><a href=\"https:\/\/comdep.com.br\/?m=20200323\" title=\"10:27\" class=\"data-link\" rel=\"bookmark\"><time class=\"entry-date updated\" datetime=\"2020-03-23T10:27:53-03:00\">23\/03\/2020<\/time><\/a><\/div>\n\t<div class=\"entry-excerpt\"><p>Diretoria de Parques e Jardins Corte de \u00e1rvore: rua 13 de Maio em conjunto com a ENEL * Diretoria de Limpeza Urbana Varri\u00e7\u00e3o (das 07:00 at\u00e9 11:00) turma da manh\u00e3: Centro, Centro Hist\u00f3rico, Mosela, Bar\u00e3o do Rio Branco, Cascatinha, Itamarati, Quissam\u00e3, Alto da Serra e Quitandinha * Varri\u00e7\u00e3o: feira livre do Alto da Serra *&hellip;<\/p>\n<\/div>\n\t\n<a href=\"https:\/\/comdep.com.br\/?p=2890\" class=\"post-details details-type-link\" aria-label=\"Read more about COMDEP trabalhando hoje 22\/03\/2020 nos seguintes locais:\">Read more<i class=\"dt-icon-the7-arrow-03\" aria-hidden=\"true\"><\/i><\/a>\n\n<\/div><\/article><article class=\"post project-odd visible post-2881 type-post status-publish format-standard has-post-thumbnail hentry category-home category-1 description-off\" data-name=\"COMDEP trabalhando hoje 21\/03\/2020 nos seguintes locais:\" data-date=\"2020-03-21T14:24:16-03:00\">\n\n<div class=\"post-thumbnail-wrap\">\n\t<div class=\"post-thumbnail\">\n\n\t\t\n\t\t\n\t\t<a href=\"https:\/\/comdep.com.br\/?p=2881\" class=\"post-thumbnail-rollover layzr-bg layzr-bg\" ><img decoding=\"async\" class=\"blog-thumb-lazy-load preload-me lazy-load aspect\" src=\"data:image\/svg+xml,%3Csvg%20xmlns%3D&#39;http%3A%2F%2Fwww.w3.org%2F2000%2Fsvg&#39;%20viewBox%3D&#39;0%200%20600%20400&#39;%2F%3E\" data-src=\"https:\/\/comdep.com.br\/wp-content\/uploads\/2020\/03\/servico-19-e1584811978843-600x400.jpg\" data-srcset=\"https:\/\/comdep.com.br\/wp-content\/uploads\/2020\/03\/servico-19-e1584811978843-600x400.jpg 600w, https:\/\/comdep.com.br\/wp-content\/uploads\/2020\/03\/servico-19-e1584811978843-600x399.jpg 600w\" loading=\"eager\" style=\"--ratio: 600 \/ 400\" sizes=\"(max-width: 600px) 100vw, 600px\" alt=\"\" title=\"servico\" width=\"600\" height=\"400\"  \/><\/a>\n\t<\/div>\n<\/div>\n\n\n<div class=\"post-entry-content\">\n\n\t<h3 class=\"entry-title\">\n\t\t<a href=\"https:\/\/comdep.com.br\/?p=2881\" title=\"COMDEP trabalhando hoje 21\/03\/2020 nos seguintes locais:\" rel=\"bookmark\">COMDEP trabalhando hoje 21\/03\/2020 nos seguintes locais:<\/a>\n\t<\/h3>\n\n\t<div class=\"entry-meta\"><a href=\"https:\/\/comdep.com.br\/?m=20200321\" title=\"14:24\" class=\"data-link\" rel=\"bookmark\"><time class=\"entry-date updated\" datetime=\"2020-03-21T14:24:16-03:00\">21\/03\/2020<\/time><\/a><\/div>\n\t<div class=\"entry-excerpt\"><p>Diretoria de Limpeza Urbana Varri\u00e7\u00e3o: Cascatinha, Bela vista, Boa Vista, Estrada da Saudade, Fonseca Ramos, Silva Jardim e Caxambu * Varri\u00e7\u00e3o: feira livre do Centro * (03) funcion\u00e1rios trabalhando na feira livre do Centro na retirada de res\u00edduos debaixo das bancas * Caminh\u00e3o (C20) recolhimento de sacos da varri\u00e7\u00e3o: Quitandinha, Coronel Veiga, alto da Serra,&hellip;<\/p>\n<\/div>\n\t\n<a href=\"https:\/\/comdep.com.br\/?p=2881\" class=\"post-details details-type-link\" aria-label=\"Read more about COMDEP trabalhando hoje 21\/03\/2020 nos seguintes locais:\">Read more<i class=\"dt-icon-the7-arrow-03\" aria-hidden=\"true\"><\/i><\/a>\n\n<\/div><\/article><article class=\"post project-odd visible post-2873 type-post status-publish format-standard has-post-thumbnail hentry category-home category-1 description-off\" data-name=\"COMDEP trabalhando hoje 20\/03\/2020 nos seguintes locais:\" data-date=\"2020-03-20T11:34:46-03:00\">\n\n<div class=\"post-thumbnail-wrap\">\n\t<div class=\"post-thumbnail\">\n\n\t\t\n\t\t\n\t\t<a href=\"https:\/\/comdep.com.br\/?p=2873\" class=\"post-thumbnail-rollover layzr-bg layzr-bg\" ><img decoding=\"async\" class=\"blog-thumb-lazy-load preload-me lazy-load aspect\" src=\"data:image\/svg+xml,%3Csvg%20xmlns%3D&#39;http%3A%2F%2Fwww.w3.org%2F2000%2Fsvg&#39;%20viewBox%3D&#39;0%200%20507%20338&#39;%2F%3E\" data-src=\"https:\/\/comdep.com.br\/wp-content\/uploads\/2020\/03\/servico-18-e1584715732220-507x338.jpg\" data-srcset=\"https:\/\/comdep.com.br\/wp-content\/uploads\/2020\/03\/servico-18-e1584715732220-507x338.jpg 507w\" loading=\"eager\" style=\"--ratio: 507 \/ 338\" sizes=\"(max-width: 507px) 100vw, 507px\" alt=\"\" title=\"servico\" width=\"507\" height=\"338\"  \/><\/a>\n\t<\/div>\n<\/div>\n\n\n<div class=\"post-entry-content\">\n\n\t<h3 class=\"entry-title\">\n\t\t<a href=\"https:\/\/comdep.com.br\/?p=2873\" title=\"COMDEP trabalhando hoje 20\/03\/2020 nos seguintes locais:\" rel=\"bookmark\">COMDEP trabalhando hoje 20\/03\/2020 nos seguintes locais:<\/a>\n\t<\/h3>\n\n\t<div class=\"entry-meta\"><a href=\"https:\/\/comdep.com.br\/?m=20200320\" title=\"11:34\" class=\"data-link\" rel=\"bookmark\"><time class=\"entry-date updated\" datetime=\"2020-03-20T11:34:46-03:00\">20\/03\/2020<\/time><\/a><\/div>\n\t<div class=\"entry-excerpt\"><p>Distrito Ro\u00e7ada e capina: Rua E e Domingos Jos\u00e9 Martins \u00a0* M\u00e1quina e caminh\u00f5es: Raspagem na Primeira Avenida Vila do Sossego, Uni\u00e3o Ind\u00fastria Itaipava. \u00a0* Varri\u00e7\u00e3o di\u00e1ria: Corr\u00eaas, Nogueiras, Itaipava, Madame Machado, Vila Rica, Pedro do Rio, Secret\u00e1rio * Diretoria Operacional M\u00e1quinas e caminh\u00f5es: Fabr\u00edcio de Matos, Bingen, Frederico Pinheiro, Galdino Pimentel, 24 de Maio,&hellip;<\/p>\n<\/div>\n\t\n<a href=\"https:\/\/comdep.com.br\/?p=2873\" class=\"post-details details-type-link\" aria-label=\"Read more about COMDEP trabalhando hoje 20\/03\/2020 nos seguintes locais:\">Read more<i class=\"dt-icon-the7-arrow-03\" aria-hidden=\"true\"><\/i><\/a>\n\n<\/div><\/article><article class=\"post project-odd visible post-2865 type-post status-publish format-standard has-post-thumbnail hentry category-home category-1 description-off\" data-name=\"COMDEP trabalhando hoje 19\/03\/2020 nos seguintes locais:\" data-date=\"2020-03-19T10:36:46-03:00\">\n\n<div class=\"post-thumbnail-wrap\">\n\t<div class=\"post-thumbnail\">\n\n\t\t\n\t\t\n\t\t<a href=\"https:\/\/comdep.com.br\/?p=2865\" class=\"post-thumbnail-rollover layzr-bg layzr-bg\" ><img decoding=\"async\" class=\"blog-thumb-lazy-load preload-me lazy-load aspect\" src=\"data:image\/svg+xml,%3Csvg%20xmlns%3D&#39;http%3A%2F%2Fwww.w3.org%2F2000%2Fsvg&#39;%20viewBox%3D&#39;0%200%20557%20371&#39;%2F%3E\" data-src=\"https:\/\/comdep.com.br\/wp-content\/uploads\/2020\/03\/servico-17-e1584627615608-557x371.jpg\" data-srcset=\"https:\/\/comdep.com.br\/wp-content\/uploads\/2020\/03\/servico-17-e1584627615608-557x371.jpg 557w\" loading=\"eager\" style=\"--ratio: 557 \/ 371\" sizes=\"(max-width: 557px) 100vw, 557px\" alt=\"\" title=\"servico\" width=\"557\" height=\"371\"  \/><\/a>\n\t<\/div>\n<\/div>\n\n\n<div class=\"post-entry-content\">\n\n\t<h3 class=\"entry-title\">\n\t\t<a href=\"https:\/\/comdep.com.br\/?p=2865\" title=\"COMDEP trabalhando hoje 19\/03\/2020 nos seguintes locais:\" rel=\"bookmark\">COMDEP trabalhando hoje 19\/03\/2020 nos seguintes locais:<\/a>\n\t<\/h3>\n\n\t<div class=\"entry-meta\"><a href=\"https:\/\/comdep.com.br\/?m=20200319\" title=\"10:36\" class=\"data-link\" rel=\"bookmark\"><time class=\"entry-date updated\" datetime=\"2020-03-19T10:36:46-03:00\">19\/03\/2020<\/time><\/a><\/div>\n\t<div class=\"entry-excerpt\"><p>Distrito Ro\u00e7ada e capina: Estrada da Fazenda Inglesa \u00a0* M\u00e1quina e caminh\u00f5es: Estrada Uni\u00e3o Ind\u00fastria \u00a0* Varri\u00e7\u00e3o di\u00e1ria: Corr\u00eaas, Nogueiras, Araras, Itaipava, Madame Machado, Via Ric\u00e1, Pedro do Rio, Secret\u00e1rio * Diretoria Operacional M\u00e1quinas e caminh\u00f5es: Jo\u00e3o de Deus, Max Manoel Molter, Bingen, Galdino Pimentel, Ferrovi\u00e1rios, 24 de Maio,Bartolomeu de Gusm\u00e3o, Caxambu * Caminh\u00e3o D&hellip;<\/p>\n<\/div>\n\t\n<a href=\"https:\/\/comdep.com.br\/?p=2865\" class=\"post-details details-type-link\" aria-label=\"Read more about COMDEP trabalhando hoje 19\/03\/2020 nos seguintes locais:\">Read more<i class=\"dt-icon-the7-arrow-03\" aria-hidden=\"true\"><\/i><\/a>\n\n<\/div><\/article><article class=\"post project-odd visible post-2851 type-post status-publish format-standard has-post-thumbnail hentry category-home category-1 description-off\" data-name=\"COMDEP trabalhando hoje 18\/03\/2020 nos seguintes locais:\" data-date=\"2020-03-18T11:50:44-03:00\">\n\n<div class=\"post-thumbnail-wrap\">\n\t<div class=\"post-thumbnail\">\n\n\t\t\n\t\t\n\t\t<a href=\"https:\/\/comdep.com.br\/?p=2851\" class=\"post-thumbnail-rollover layzr-bg layzr-bg\" ><img decoding=\"async\" class=\"blog-thumb-lazy-load preload-me lazy-load aspect\" src=\"data:image\/svg+xml,%3Csvg%20xmlns%3D&#39;http%3A%2F%2Fwww.w3.org%2F2000%2Fsvg&#39;%20viewBox%3D&#39;0%200%20450%20300&#39;%2F%3E\" data-src=\"https:\/\/comdep.com.br\/wp-content\/uploads\/2020\/03\/servico-16-e1584543225871-450x300.jpg\" data-srcset=\"https:\/\/comdep.com.br\/wp-content\/uploads\/2020\/03\/servico-16-e1584543225871-450x300.jpg 450w, https:\/\/comdep.com.br\/wp-content\/uploads\/2020\/03\/servico-16-e1584543225871-450x299.jpg 450w\" loading=\"eager\" style=\"--ratio: 450 \/ 300\" sizes=\"(max-width: 450px) 100vw, 450px\" alt=\"\" title=\"servico\" width=\"450\" height=\"300\"  \/><\/a>\n\t<\/div>\n<\/div>\n\n\n<div class=\"post-entry-content\">\n\n\t<h3 class=\"entry-title\">\n\t\t<a href=\"https:\/\/comdep.com.br\/?p=2851\" title=\"COMDEP trabalhando hoje 18\/03\/2020 nos seguintes locais:\" rel=\"bookmark\">COMDEP trabalhando hoje 18\/03\/2020 nos seguintes locais:<\/a>\n\t<\/h3>\n\n\t<div class=\"entry-meta\"><a href=\"https:\/\/comdep.com.br\/?m=20200318\" title=\"11:50\" class=\"data-link\" rel=\"bookmark\"><time class=\"entry-date updated\" datetime=\"2020-03-18T11:50:44-03:00\">18\/03\/2020<\/time><\/a><\/div>\n\t<div class=\"entry-excerpt\"><p>Distrito Ro\u00e7ada e capina: continua\u00e7\u00e3o Bairro da Gloria \u00a0* M\u00e1quina e caminh\u00f5es: continua\u00e7\u00e3o Araras, e Candimbas \u00a0* Varri\u00e7\u00e3o di\u00e1ria: Corr\u00eaas, Nogueiras, Araras, Itaipava, Madame Machado, Vila Rica, Pedro do Rio, Secret\u00e1rio * Diretoria Operacional M\u00e1quinas e caminh\u00f5es: Ferrovi\u00e1rios, At\u00edlio Maroti, Ang\u00e9lica Lopes de Castro, Joaquim Gomensoro, Casemiro de Abreu, 14 Bis, Bartolomeu de Gusm\u00e3o *&hellip;<\/p>\n<\/div>\n\t\n<a href=\"https:\/\/comdep.com.br\/?p=2851\" class=\"post-details details-type-link\" aria-label=\"Read more about COMDEP trabalhando hoje 18\/03\/2020 nos seguintes locais:\">Read more<i class=\"dt-icon-the7-arrow-03\" aria-hidden=\"true\"><\/i><\/a>\n\n<\/div><\/article><article class=\"post project-odd visible post-2842 type-post status-publish format-standard has-post-thumbnail hentry category-home category-1 description-off\" data-name=\"COMDEP trabalhando hoje 17\/03\/2020 nos seguintes locais:\" data-date=\"2020-03-17T11:19:10-03:00\">\n\n<div class=\"post-thumbnail-wrap\">\n\t<div class=\"post-thumbnail\">\n\n\t\t\n\t\t\n\t\t<a href=\"https:\/\/comdep.com.br\/?p=2842\" class=\"post-thumbnail-rollover layzr-bg layzr-bg\" ><img decoding=\"async\" class=\"blog-thumb-lazy-load preload-me lazy-load aspect\" src=\"data:image\/svg+xml,%3Csvg%20xmlns%3D&#39;http%3A%2F%2Fwww.w3.org%2F2000%2Fsvg&#39;%20viewBox%3D&#39;0%200%20507%20338&#39;%2F%3E\" data-src=\"https:\/\/comdep.com.br\/wp-content\/uploads\/2020\/03\/servicos-e1584458563728-507x338.jpg\" data-srcset=\"https:\/\/comdep.com.br\/wp-content\/uploads\/2020\/03\/servicos-e1584458563728-507x338.jpg 507w\" loading=\"eager\" style=\"--ratio: 507 \/ 338\" sizes=\"(max-width: 507px) 100vw, 507px\" alt=\"\" title=\"servicos\" width=\"507\" height=\"338\"  \/><\/a>\n\t<\/div>\n<\/div>\n\n\n<div class=\"post-entry-content\">\n\n\t<h3 class=\"entry-title\">\n\t\t<a href=\"https:\/\/comdep.com.br\/?p=2842\" title=\"COMDEP trabalhando hoje 17\/03\/2020 nos seguintes locais:\" rel=\"bookmark\">COMDEP trabalhando hoje 17\/03\/2020 nos seguintes locais:<\/a>\n\t<\/h3>\n\n\t<div class=\"entry-meta\"><a href=\"https:\/\/comdep.com.br\/?m=20200317\" title=\"11:19\" class=\"data-link\" rel=\"bookmark\"><time class=\"entry-date updated\" datetime=\"2020-03-17T11:19:10-03:00\">17\/03\/2020<\/time><\/a><\/div>\n\t<div class=\"entry-excerpt\"><p>Distrito \u00a0 Ro\u00e7ada e capina: continua\u00e7\u00e3o Bairro da Gloria \u00a0* M\u00e1quina e caminh\u00f5es: continua\u00e7\u00e3o Vila Rica \u00a0\u00a0* Varri\u00e7\u00e3o di\u00e1ria: Corr\u00eaas, Nogueiras, Araras, Itaipava, Madame Machado, Vila Rica, Pedro do Rio, Secret\u00e1rio * Diretoria Operacional M\u00e1quinas e caminh\u00f5es: Cel. Veiga, At\u00edlio Maroti, Quarteir\u00e3o Brasileiro, S\u00e3o Sebasti\u00e3o, Sargento Boening, DPO Alto da Serra * Caminh\u00e3o Poli Guindaste:&hellip;<\/p>\n<\/div>\n\t\n<a href=\"https:\/\/comdep.com.br\/?p=2842\" class=\"post-details details-type-link\" aria-label=\"Read more about COMDEP trabalhando hoje 17\/03\/2020 nos seguintes locais:\">Read more<i class=\"dt-icon-the7-arrow-03\" aria-hidden=\"true\"><\/i><\/a>\n\n<\/div><\/article><article class=\"post project-odd visible post-2838 type-post status-publish format-standard has-post-thumbnail hentry category-home category-1 description-off\" data-name=\"COMDEP trabalhando hoje 16\/03\/2020 nos seguintes locais:\" data-date=\"2020-03-16T13:33:52-03:00\">\n\n<div class=\"post-thumbnail-wrap\">\n\t<div class=\"post-thumbnail\">\n\n\t\t\n\t\t\n\t\t<a href=\"https:\/\/comdep.com.br\/?p=2838\" class=\"post-thumbnail-rollover layzr-bg layzr-bg\" ><img decoding=\"async\" class=\"blog-thumb-lazy-load preload-me lazy-load aspect\" src=\"data:image\/svg+xml,%3Csvg%20xmlns%3D&#39;http%3A%2F%2Fwww.w3.org%2F2000%2Fsvg&#39;%20viewBox%3D&#39;0%200%20600%20400&#39;%2F%3E\" data-src=\"https:\/\/comdep.com.br\/wp-content\/uploads\/2020\/03\/servico-15-e1584376540744-600x400.jpg\" data-srcset=\"https:\/\/comdep.com.br\/wp-content\/uploads\/2020\/03\/servico-15-e1584376540744-600x400.jpg 600w, https:\/\/comdep.com.br\/wp-content\/uploads\/2020\/03\/servico-15-e1584376540744-600x399.jpg 600w\" loading=\"eager\" style=\"--ratio: 600 \/ 400\" sizes=\"(max-width: 600px) 100vw, 600px\" alt=\"\" title=\"servico\" width=\"600\" height=\"400\"  \/><\/a>\n\t<\/div>\n<\/div>\n\n\n<div class=\"post-entry-content\">\n\n\t<h3 class=\"entry-title\">\n\t\t<a href=\"https:\/\/comdep.com.br\/?p=2838\" title=\"COMDEP trabalhando hoje 16\/03\/2020 nos seguintes locais:\" rel=\"bookmark\">COMDEP trabalhando hoje 16\/03\/2020 nos seguintes locais:<\/a>\n\t<\/h3>\n\n\t<div class=\"entry-meta\"><a href=\"https:\/\/comdep.com.br\/?m=20200316\" title=\"13:33\" class=\"data-link\" rel=\"bookmark\"><time class=\"entry-date updated\" datetime=\"2020-03-16T13:33:52-03:00\">16\/03\/2020<\/time><\/a><\/div>\n\t<div class=\"entry-excerpt\"><p>Parques e Jardins Limpeza de jardins e corte de grama: Educand\u00e1rio Santa Isabel na Lopes trov\u00e3o&#8230; * Capina: na Rua Lopes Trov\u00e3o * Caminh\u00e3o D 08: Centro Hist\u00f3rico e turmas * Diretoria de Limpeza Urbana Varri\u00e7\u00e3o (das 06:00 at\u00e9 10:00) turma da manh\u00e3: 13 de Maio, pra\u00e7a Princesa Isabel, Av. Imperatriz, pra\u00e7a D. Pedro e&hellip;<\/p>\n<\/div>\n\t\n<a href=\"https:\/\/comdep.com.br\/?p=2838\" class=\"post-details details-type-link\" aria-label=\"Read more about COMDEP trabalhando hoje 16\/03\/2020 nos seguintes locais:\">Read more<i class=\"dt-icon-the7-arrow-03\" aria-hidden=\"true\"><\/i><\/a>\n\n<\/div><\/article><article class=\"post project-odd visible post-2834 type-post status-publish format-standard has-post-thumbnail hentry category-home category-1 description-off\" data-name=\"COMDEP trabalhando hoje 15\/03\/2020 nos seguintes locais:\" data-date=\"2020-03-15T15:35:31-03:00\">\n\n<div class=\"post-thumbnail-wrap\">\n\t<div class=\"post-thumbnail\">\n\n\t\t\n\t\t\n\t\t<a href=\"https:\/\/comdep.com.br\/?p=2834\" class=\"post-thumbnail-rollover layzr-bg layzr-bg\" ><img decoding=\"async\" class=\"blog-thumb-lazy-load preload-me lazy-load aspect\" src=\"data:image\/svg+xml,%3Csvg%20xmlns%3D&#39;http%3A%2F%2Fwww.w3.org%2F2000%2Fsvg&#39;%20viewBox%3D&#39;0%200%20600%20400&#39;%2F%3E\" data-src=\"https:\/\/comdep.com.br\/wp-content\/uploads\/2020\/03\/servico-14-e1584297642180-600x400.jpg\" data-srcset=\"https:\/\/comdep.com.br\/wp-content\/uploads\/2020\/03\/servico-14-e1584297642180-600x400.jpg 600w, https:\/\/comdep.com.br\/wp-content\/uploads\/2020\/03\/servico-14-e1584297642180-600x399.jpg 600w\" loading=\"eager\" style=\"--ratio: 600 \/ 400\" sizes=\"(max-width: 600px) 100vw, 600px\" alt=\"\" title=\"servico\" width=\"600\" height=\"400\"  \/><\/a>\n\t<\/div>\n<\/div>\n\n\n<div class=\"post-entry-content\">\n\n\t<h3 class=\"entry-title\">\n\t\t<a href=\"https:\/\/comdep.com.br\/?p=2834\" title=\"COMDEP trabalhando hoje 15\/03\/2020 nos seguintes locais:\" rel=\"bookmark\">COMDEP trabalhando hoje 15\/03\/2020 nos seguintes locais:<\/a>\n\t<\/h3>\n\n\t<div class=\"entry-meta\"><a href=\"https:\/\/comdep.com.br\/?m=20200315\" title=\"15:35\" class=\"data-link\" rel=\"bookmark\"><time class=\"entry-date updated\" datetime=\"2020-03-15T15:35:31-03:00\">15\/03\/2020<\/time><\/a><\/div>\n\t<div class=\"entry-excerpt\"><p>Eventos Retirar as barracas Pra\u00e7a Alcindo Sodr\u00e9, retirar barraca na Comunidade do Alem\u00e3o, montar 4 barracas no Carangola no Vicente Rivetti * Diretoria de Limpeza Urbana Varri\u00e7\u00e3o (das 07:00 at\u00e9 11:00) turma da manh\u00e3: Centro, Centro Hist\u00f3rico, Pra\u00e7a da Liberdade, 13 de maio, Mosela, Bingen, Bar\u00e3o do Rio Branco, Cascatinha, Itamarati, Quissam\u00e3, Alto da Serra,&hellip;<\/p>\n<\/div>\n\t\n<a href=\"https:\/\/comdep.com.br\/?p=2834\" class=\"post-details details-type-link\" aria-label=\"Read more about COMDEP trabalhando hoje 15\/03\/2020 nos seguintes locais:\">Read more<i class=\"dt-icon-the7-arrow-03\" aria-hidden=\"true\"><\/i><\/a>\n\n<\/div><\/article><article class=\"post project-odd visible post-2831 type-post status-publish format-standard has-post-thumbnail hentry category-home category-1 description-off\" data-name=\"COMDEP trabalhando hoje 14\/03\/2020 nos seguintes locais:\" data-date=\"2020-03-15T14:37:18-03:00\">\n\n<div class=\"post-thumbnail-wrap\">\n\t<div class=\"post-thumbnail\">\n\n\t\t\n\t\t\n\t\t<a href=\"https:\/\/comdep.com.br\/?p=2831\" class=\"post-thumbnail-rollover layzr-bg layzr-bg\" ><img decoding=\"async\" class=\"blog-thumb-lazy-load preload-me lazy-load aspect\" src=\"data:image\/svg+xml,%3Csvg%20xmlns%3D&#39;http%3A%2F%2Fwww.w3.org%2F2000%2Fsvg&#39;%20viewBox%3D&#39;0%200%20507%20338&#39;%2F%3E\" data-src=\"https:\/\/comdep.com.br\/wp-content\/uploads\/2020\/03\/servico-13-e1584293991727-507x338.jpg\" data-srcset=\"https:\/\/comdep.com.br\/wp-content\/uploads\/2020\/03\/servico-13-e1584293991727-507x338.jpg 507w\" loading=\"eager\" style=\"--ratio: 507 \/ 338\" sizes=\"(max-width: 507px) 100vw, 507px\" alt=\"\" title=\"servico\" width=\"507\" height=\"338\"  \/><\/a>\n\t<\/div>\n<\/div>\n\n\n<div class=\"post-entry-content\">\n\n\t<h3 class=\"entry-title\">\n\t\t<a href=\"https:\/\/comdep.com.br\/?p=2831\" title=\"COMDEP trabalhando hoje 14\/03\/2020 nos seguintes locais:\" rel=\"bookmark\">COMDEP trabalhando hoje 14\/03\/2020 nos seguintes locais:<\/a>\n\t<\/h3>\n\n\t<div class=\"entry-meta\"><a href=\"https:\/\/comdep.com.br\/?m=20200315\" title=\"14:37\" class=\"data-link\" rel=\"bookmark\"><time class=\"entry-date updated\" datetime=\"2020-03-15T14:37:18-03:00\">15\/03\/2020<\/time><\/a><\/div>\n\t<div class=\"entry-excerpt\"><p>Diretoria Operacional M\u00e1quina e caminh\u00f5es: Arnaldo de Azevedo, Dr S\u00e1 Earp, Duarte da Silveira, Ferrovi\u00e1rios * Caminh\u00e3o Poli Guindaste: Estrada do Independ\u00eancia * Caminh\u00e3o D 08: Vicenzo Riveti, Centro Hist\u00f3rico e turmas * Capina: Ruas Carlos Cavaco e Jos\u00e9 Bonif\u00e1cio * Distritos Varri\u00e7\u00e3o di\u00e1ria: Corr\u00eaas, Nogueiras, Araras, Itaipava, Vila Rica, Pedro do Rio * Eventos&hellip;<\/p>\n<\/div>\n\t\n<a href=\"https:\/\/comdep.com.br\/?p=2831\" class=\"post-details details-type-link\" aria-label=\"Read more about COMDEP trabalhando hoje 14\/03\/2020 nos seguintes locais:\">Read more<i class=\"dt-icon-the7-arrow-03\" aria-hidden=\"true\"><\/i><\/a>\n\n<\/div><\/article><article class=\"post project-odd visible post-2820 type-post status-publish format-standard has-post-thumbnail hentry category-home category-1 description-off\" data-name=\"COMDEP trabalhando hoje 13\/03\/2020 nos seguintes locais:\" data-date=\"2020-03-13T14:09:51-03:00\">\n\n<div class=\"post-thumbnail-wrap\">\n\t<div class=\"post-thumbnail\">\n\n\t\t\n\t\t\n\t\t<a href=\"https:\/\/comdep.com.br\/?p=2820\" class=\"post-thumbnail-rollover layzr-bg layzr-bg\" ><img decoding=\"async\" class=\"blog-thumb-lazy-load preload-me lazy-load aspect\" src=\"data:image\/svg+xml,%3Csvg%20xmlns%3D&#39;http%3A%2F%2Fwww.w3.org%2F2000%2Fsvg&#39;%20viewBox%3D&#39;0%200%20507%20338&#39;%2F%3E\" data-src=\"https:\/\/comdep.com.br\/wp-content\/uploads\/2020\/03\/servico-e1584119985866-507x338.jpeg\" data-srcset=\"https:\/\/comdep.com.br\/wp-content\/uploads\/2020\/03\/servico-e1584119985866-507x338.jpeg 507w\" loading=\"eager\" style=\"--ratio: 507 \/ 338\" sizes=\"(max-width: 507px) 100vw, 507px\" alt=\"\" title=\"servico\" width=\"507\" height=\"338\"  \/><\/a>\n\t<\/div>\n<\/div>\n\n\n<div class=\"post-entry-content\">\n\n\t<h3 class=\"entry-title\">\n\t\t<a href=\"https:\/\/comdep.com.br\/?p=2820\" title=\"COMDEP trabalhando hoje 13\/03\/2020 nos seguintes locais:\" rel=\"bookmark\">COMDEP trabalhando hoje 13\/03\/2020 nos seguintes locais:<\/a>\n\t<\/h3>\n\n\t<div class=\"entry-meta\"><a href=\"https:\/\/comdep.com.br\/?m=20200313\" title=\"14:09\" class=\"data-link\" rel=\"bookmark\"><time class=\"entry-date updated\" datetime=\"2020-03-13T14:09:51-03:00\">13\/03\/2020<\/time><\/a><\/div>\n\t<div class=\"entry-excerpt\"><p>Distrito Ro\u00e7ada e capina: continua\u00e7\u00e3o Parque de Exposi\u00e7\u00e3o * M\u00e1quina e caminh\u00f5es: Estrada do Gentio e Parque de Exposi\u00e7\u00e3o * Varri\u00e7\u00e3o di\u00e1ria: Corr\u00eaas, Nogueiras, Araras, Itaipava, Madame Machado, Vila Rica , Pedro do Rio, Secret\u00e1rio * Diretoria Operacional M\u00e1quinas e caminh\u00f5es: Boa Vista, Independ\u00eancia, Cremerie, Quarteir\u00e3o Brasileiro, Carangola * Caminh\u00e3o D 08: Centro Hist\u00f3rico e&hellip;<\/p>\n<\/div>\n\t\n<a href=\"https:\/\/comdep.com.br\/?p=2820\" class=\"post-details details-type-link\" aria-label=\"Read more about COMDEP trabalhando hoje 13\/03\/2020 nos seguintes locais:\">Read more<i class=\"dt-icon-the7-arrow-03\" aria-hidden=\"true\"><\/i><\/a>\n\n<\/div><\/article><article class=\"post project-odd visible post-2816 type-post status-publish format-standard has-post-thumbnail hentry category-home category-1 description-off\" data-name=\"COMDEP trabalhando hoje 12\/03\/2020 nos seguintes locais:\" data-date=\"2020-03-12T12:36:18-03:00\">\n\n<div class=\"post-thumbnail-wrap\">\n\t<div class=\"post-thumbnail\">\n\n\t\t\n\t\t\n\t\t<a href=\"https:\/\/comdep.com.br\/?p=2816\" class=\"post-thumbnail-rollover layzr-bg layzr-bg\" ><img decoding=\"async\" class=\"blog-thumb-lazy-load preload-me lazy-load aspect\" src=\"data:image\/svg+xml,%3Csvg%20xmlns%3D&#39;http%3A%2F%2Fwww.w3.org%2F2000%2Fsvg&#39;%20viewBox%3D&#39;0%200%20338%20225&#39;%2F%3E\" data-src=\"https:\/\/comdep.com.br\/wp-content\/uploads\/2020\/03\/servico-12-e1584027658129-338x225.jpg\" data-srcset=\"https:\/\/comdep.com.br\/wp-content\/uploads\/2020\/03\/servico-12-e1584027658129-338x225.jpg 338w\" loading=\"eager\" style=\"--ratio: 338 \/ 225\" sizes=\"(max-width: 338px) 100vw, 338px\" alt=\"\" title=\"servico\" width=\"338\" height=\"225\"  \/><\/a>\n\t<\/div>\n<\/div>\n\n\n<div class=\"post-entry-content\">\n\n\t<h3 class=\"entry-title\">\n\t\t<a href=\"https:\/\/comdep.com.br\/?p=2816\" title=\"COMDEP trabalhando hoje 12\/03\/2020 nos seguintes locais:\" rel=\"bookmark\">COMDEP trabalhando hoje 12\/03\/2020 nos seguintes locais:<\/a>\n\t<\/h3>\n\n\t<div class=\"entry-meta\"><a href=\"https:\/\/comdep.com.br\/?m=20200312\" title=\"12:36\" class=\"data-link\" rel=\"bookmark\"><time class=\"entry-date updated\" datetime=\"2020-03-12T12:36:18-03:00\">12\/03\/2020<\/time><\/a><\/div>\n\t<div class=\"entry-excerpt\"><p>Distrito Ro\u00e7ada e capina: Parque de Exposi\u00e7\u00e3o &nbsp;* M\u00e1quina e caminh\u00f5es: Araras &nbsp;* Varri\u00e7\u00e3o di\u00e1ria: Corr\u00eaas, Nogueiras, Araras, Itaipava, Madame Machado, Vila Rica Pedro do Rio, Secret\u00e1rio * Diretoria Operacional M\u00e1quinas e caminh\u00f5es: Neylor, Boa Vista, Quarteir\u00e3o Brasileiro, Independ\u00eancia * Caminh\u00e3o Poli Guindaste: Independ\u00eancia * Caminh\u00e3o D 08: Centro Hist\u00f3rico e turmas * Capina e&hellip;<\/p>\n<\/div>\n\t\n<a href=\"https:\/\/comdep.com.br\/?p=2816\" class=\"post-details details-type-link\" aria-label=\"Read more about COMDEP trabalhando hoje 12\/03\/2020 nos seguintes locais:\">Read more<i class=\"dt-icon-the7-arrow-03\" aria-hidden=\"true\"><\/i><\/a>\n\n<\/div><\/article><article class=\"post project-odd visible post-2807 type-post status-publish format-standard has-post-thumbnail hentry category-home category-1 description-off\" data-name=\"COMDEP trabalhando hoje 11\/03\/2020 nos seguintes locais:\" data-date=\"2020-03-11T10:03:30-03:00\">\n\n<div class=\"post-thumbnail-wrap\">\n\t<div class=\"post-thumbnail\">\n\n\t\t\n\t\t\n\t\t<a href=\"https:\/\/comdep.com.br\/?p=2807\" class=\"post-thumbnail-rollover layzr-bg layzr-bg\" ><img decoding=\"async\" class=\"blog-thumb-lazy-load preload-me lazy-load aspect\" src=\"data:image\/svg+xml,%3Csvg%20xmlns%3D&#39;http%3A%2F%2Fwww.w3.org%2F2000%2Fsvg&#39;%20viewBox%3D&#39;0%200%20507%20338&#39;%2F%3E\" data-src=\"https:\/\/comdep.com.br\/wp-content\/uploads\/2020\/03\/servico-11-e1583932111142-507x338.jpg\" data-srcset=\"https:\/\/comdep.com.br\/wp-content\/uploads\/2020\/03\/servico-11-e1583932111142-507x338.jpg 507w\" loading=\"eager\" style=\"--ratio: 507 \/ 338\" sizes=\"(max-width: 507px) 100vw, 507px\" alt=\"\" title=\"servico\" width=\"507\" height=\"338\"  \/><\/a>\n\t<\/div>\n<\/div>\n\n\n<div class=\"post-entry-content\">\n\n\t<h3 class=\"entry-title\">\n\t\t<a href=\"https:\/\/comdep.com.br\/?p=2807\" title=\"COMDEP trabalhando hoje 11\/03\/2020 nos seguintes locais:\" rel=\"bookmark\">COMDEP trabalhando hoje 11\/03\/2020 nos seguintes locais:<\/a>\n\t<\/h3>\n\n\t<div class=\"entry-meta\"><a href=\"https:\/\/comdep.com.br\/?m=20200311\" title=\"10:03\" class=\"data-link\" rel=\"bookmark\"><time class=\"entry-date updated\" datetime=\"2020-03-11T10:03:30-03:00\">11\/03\/2020<\/time><\/a><\/div>\n\t<div class=\"entry-excerpt\"><p>Parques e Jardins Corte de grama: Washington Luiz (da Duas Ponte para baixo) e rua Ipiranga &nbsp;* Jardim: pra\u00e7a da liberdade &nbsp;* Caminh\u00e3o do jardim: recolher lixo verde Coronel Veiga Rua Ipiranga * Distrito Ro\u00e7ada e capina: continua\u00e7\u00e3o Bairro da Gloria &nbsp;* M\u00e1quina e caminh\u00f5es: Rua Rodolfo Bruno, Rua Bol\u00edvia, Rua Chile, Rua Argentina, Rua&hellip;<\/p>\n<\/div>\n\t\n<a href=\"https:\/\/comdep.com.br\/?p=2807\" class=\"post-details details-type-link\" aria-label=\"Read more about COMDEP trabalhando hoje 11\/03\/2020 nos seguintes locais:\">Read more<i class=\"dt-icon-the7-arrow-03\" aria-hidden=\"true\"><\/i><\/a>\n\n<\/div><\/article><article class=\"post project-odd visible post-2798 type-post status-publish format-standard has-post-thumbnail hentry category-home category-1 description-off\" data-name=\"COMDEP trabalhando hoje 10\/03\/2020 nos seguintes locais:\" data-date=\"2020-03-10T10:17:18-03:00\">\n\n<div class=\"post-thumbnail-wrap\">\n\t<div class=\"post-thumbnail\">\n\n\t\t\n\t\t\n\t\t<a href=\"https:\/\/comdep.com.br\/?p=2798\" class=\"post-thumbnail-rollover layzr-bg layzr-bg\" ><img decoding=\"async\" class=\"blog-thumb-lazy-load preload-me lazy-load aspect\" src=\"data:image\/svg+xml,%3Csvg%20xmlns%3D&#39;http%3A%2F%2Fwww.w3.org%2F2000%2Fsvg&#39;%20viewBox%3D&#39;0%200%20338%20225&#39;%2F%3E\" data-src=\"https:\/\/comdep.com.br\/wp-content\/uploads\/2020\/03\/servico-10-e1583846357938-338x225.jpg\" data-srcset=\"https:\/\/comdep.com.br\/wp-content\/uploads\/2020\/03\/servico-10-e1583846357938-338x225.jpg 338w\" loading=\"eager\" style=\"--ratio: 338 \/ 225\" sizes=\"(max-width: 338px) 100vw, 338px\" alt=\"\" title=\"servico\" width=\"338\" height=\"225\"  \/><\/a>\n\t<\/div>\n<\/div>\n\n\n<div class=\"post-entry-content\">\n\n\t<h3 class=\"entry-title\">\n\t\t<a href=\"https:\/\/comdep.com.br\/?p=2798\" title=\"COMDEP trabalhando hoje 10\/03\/2020 nos seguintes locais:\" rel=\"bookmark\">COMDEP trabalhando hoje 10\/03\/2020 nos seguintes locais:<\/a>\n\t<\/h3>\n\n\t<div class=\"entry-meta\"><a href=\"https:\/\/comdep.com.br\/?m=20200310\" title=\"10:17\" class=\"data-link\" rel=\"bookmark\"><time class=\"entry-date updated\" datetime=\"2020-03-10T10:17:18-03:00\">10\/03\/2020<\/time><\/a><\/div>\n\t<div class=\"entry-excerpt\"><p>Diretoria de Obras Serralheria: Chumbar tubo para instala\u00e7\u00e3o de tela, no entorno de uma b\u00e1ia na Comunidade do F\u00e9lix a fim de evitar que c\u00e1ia lixo no riacho * Chumbar\u00a0 pontalete na quadra do bairro Bela Vista, Rua Marcolino Sim\u00f5es Ferreira (continua\u00e7\u00e3o) * Obras: Troca de uma cesta de 3 metros na, est Arnaldo Dyckerhoff,&hellip;<\/p>\n<\/div>\n\t\n<a href=\"https:\/\/comdep.com.br\/?p=2798\" class=\"post-details details-type-link\" aria-label=\"Read more about COMDEP trabalhando hoje 10\/03\/2020 nos seguintes locais:\">Read more<i class=\"dt-icon-the7-arrow-03\" aria-hidden=\"true\"><\/i><\/a>\n\n<\/div><\/article><article class=\"post project-odd visible post-2794 type-post status-publish format-standard has-post-thumbnail hentry category-home category-1 description-off\" data-name=\"COMDEP trabalhando hoje 09\/03\/2020 nos seguintes locais:\" data-date=\"2020-03-09T22:02:52-03:00\">\n\n<div class=\"post-thumbnail-wrap\">\n\t<div class=\"post-thumbnail\">\n\n\t\t\n\t\t\n\t\t<a href=\"https:\/\/comdep.com.br\/?p=2794\" class=\"post-thumbnail-rollover layzr-bg layzr-bg\" ><img decoding=\"async\" class=\"blog-thumb-lazy-load preload-me lazy-load aspect\" src=\"data:image\/svg+xml,%3Csvg%20xmlns%3D&#39;http%3A%2F%2Fwww.w3.org%2F2000%2Fsvg&#39;%20viewBox%3D&#39;0%200%20507%20338&#39;%2F%3E\" data-src=\"https:\/\/comdep.com.br\/wp-content\/uploads\/2020\/03\/servico-9-e1583802043586-507x338.jpg\" data-srcset=\"https:\/\/comdep.com.br\/wp-content\/uploads\/2020\/03\/servico-9-e1583802043586-507x338.jpg 507w\" loading=\"eager\" style=\"--ratio: 507 \/ 338\" sizes=\"(max-width: 507px) 100vw, 507px\" alt=\"\" title=\"servico\" width=\"507\" height=\"338\"  \/><\/a>\n\t<\/div>\n<\/div>\n\n\n<div class=\"post-entry-content\">\n\n\t<h3 class=\"entry-title\">\n\t\t<a href=\"https:\/\/comdep.com.br\/?p=2794\" title=\"COMDEP trabalhando hoje 09\/03\/2020 nos seguintes locais:\" rel=\"bookmark\">COMDEP trabalhando hoje 09\/03\/2020 nos seguintes locais:<\/a>\n\t<\/h3>\n\n\t<div class=\"entry-meta\"><a href=\"https:\/\/comdep.com.br\/?m=20200309\" title=\"22:02\" class=\"data-link\" rel=\"bookmark\"><time class=\"entry-date updated\" datetime=\"2020-03-09T22:02:52-03:00\">09\/03\/2020<\/time><\/a><\/div>\n\t<div class=\"entry-excerpt\"><p>Distrito Ro\u00e7ada e capina: Rua Projeto \u00c1gua An\u00e1polis Secret\u00e1rio \u00a0* M\u00e1quina e caminh\u00f5es: Estrada Mineira \u00a0* Varri\u00e7\u00e3o di\u00e1ria: Corr\u00eaas, Nogueiras, Araras, Itaipava, Madame Machado, Vila Rica, Pedro Rio, Secret\u00e1rio * Diretoria Operacional M\u00e1quinas e caminh\u00f5es: Ferrovi\u00e1rios, DPO,Oswero do Carmo Vila\u00e7a, Serra velha da Estrela, Sargento Boening * Caminh\u00e3o D 08: Centro hist\u00f3rico e turmas *&hellip;<\/p>\n<\/div>\n\t\n<a href=\"https:\/\/comdep.com.br\/?p=2794\" class=\"post-details details-type-link\" aria-label=\"Read more about COMDEP trabalhando hoje 09\/03\/2020 nos seguintes locais:\">Read more<i class=\"dt-icon-the7-arrow-03\" aria-hidden=\"true\"><\/i><\/a>\n\n<\/div><\/article><article class=\"post project-odd visible post-2791 type-post status-publish format-standard has-post-thumbnail hentry category-home category-1 description-off\" data-name=\"COMDEP trabalhando hoje 08\/03\/2020 nos seguintes locais:\" data-date=\"2020-03-09T21:57:28-03:00\">\n\n<div class=\"post-thumbnail-wrap\">\n\t<div class=\"post-thumbnail\">\n\n\t\t\n\t\t\n\t\t<a href=\"https:\/\/comdep.com.br\/?p=2791\" class=\"post-thumbnail-rollover layzr-bg layzr-bg\" ><img decoding=\"async\" class=\"blog-thumb-lazy-load preload-me lazy-load aspect\" src=\"data:image\/svg+xml,%3Csvg%20xmlns%3D&#39;http%3A%2F%2Fwww.w3.org%2F2000%2Fsvg&#39;%20viewBox%3D&#39;0%200%20438%20292&#39;%2F%3E\" data-src=\"https:\/\/comdep.com.br\/wp-content\/uploads\/2020\/03\/servico-8-e1583801819216-438x292.jpg\" data-srcset=\"https:\/\/comdep.com.br\/wp-content\/uploads\/2020\/03\/servico-8-e1583801819216-438x292.jpg 438w\" loading=\"eager\" style=\"--ratio: 438 \/ 292\" sizes=\"(max-width: 438px) 100vw, 438px\" alt=\"\" title=\"servico\" width=\"438\" height=\"292\"  \/><\/a>\n\t<\/div>\n<\/div>\n\n\n<div class=\"post-entry-content\">\n\n\t<h3 class=\"entry-title\">\n\t\t<a href=\"https:\/\/comdep.com.br\/?p=2791\" title=\"COMDEP trabalhando hoje 08\/03\/2020 nos seguintes locais:\" rel=\"bookmark\">COMDEP trabalhando hoje 08\/03\/2020 nos seguintes locais:<\/a>\n\t<\/h3>\n\n\t<div class=\"entry-meta\"><a href=\"https:\/\/comdep.com.br\/?m=20200309\" title=\"21:57\" class=\"data-link\" rel=\"bookmark\"><time class=\"entry-date updated\" datetime=\"2020-03-09T21:57:28-03:00\">09\/03\/2020<\/time><\/a><\/div>\n\t<div class=\"entry-excerpt\"><p>Diretoria de Limpeza Urbana Varri\u00e7\u00e3o (das 07:00 at\u00e9 11:00) turma da manh\u00e3: Centro, centro hist\u00f3rico, Rua Teresa, pra\u00e7a da liberdade, Bar\u00e3o do Rio Branco, Cascatinha, Itamarati, Quissam\u00e3, Alto da Serra, pra\u00e7a Pasteur, Pontes do Fones, Olavo Bilac, Mosela e Bingen. * Varri\u00e7\u00e3o na feira livre do Alto da Serra. * (03) funcion\u00e1rios trabalhando na feira&hellip;<\/p>\n<\/div>\n\t\n<a href=\"https:\/\/comdep.com.br\/?p=2791\" class=\"post-details details-type-link\" aria-label=\"Read more about COMDEP trabalhando hoje 08\/03\/2020 nos seguintes locais:\">Read more<i class=\"dt-icon-the7-arrow-03\" aria-hidden=\"true\"><\/i><\/a>\n\n<\/div><\/article><article class=\"post project-odd visible post-2782 type-post status-publish format-standard has-post-thumbnail hentry category-home category-1 description-off\" data-name=\"COMDEP trabalhando hoje 07\/03\/2020 nos seguintes locais:\" data-date=\"2020-03-07T14:01:13-03:00\">\n\n<div class=\"post-thumbnail-wrap\">\n\t<div class=\"post-thumbnail\">\n\n\t\t\n\t\t\n\t\t<a href=\"https:\/\/comdep.com.br\/?p=2782\" class=\"post-thumbnail-rollover layzr-bg layzr-bg\" ><img decoding=\"async\" class=\"blog-thumb-lazy-load preload-me lazy-load aspect\" src=\"data:image\/svg+xml,%3Csvg%20xmlns%3D&#39;http%3A%2F%2Fwww.w3.org%2F2000%2Fsvg&#39;%20viewBox%3D&#39;0%200%20507%20338&#39;%2F%3E\" data-src=\"https:\/\/comdep.com.br\/wp-content\/uploads\/2020\/03\/servico-7-e1583600294950-507x338.jpg\" data-srcset=\"https:\/\/comdep.com.br\/wp-content\/uploads\/2020\/03\/servico-7-e1583600294950-507x338.jpg 507w\" loading=\"eager\" style=\"--ratio: 507 \/ 338\" sizes=\"(max-width: 507px) 100vw, 507px\" alt=\"\" title=\"servico\" width=\"507\" height=\"338\"  \/><\/a>\n\t<\/div>\n<\/div>\n\n\n<div class=\"post-entry-content\">\n\n\t<h3 class=\"entry-title\">\n\t\t<a href=\"https:\/\/comdep.com.br\/?p=2782\" title=\"COMDEP trabalhando hoje 07\/03\/2020 nos seguintes locais:\" rel=\"bookmark\">COMDEP trabalhando hoje 07\/03\/2020 nos seguintes locais:<\/a>\n\t<\/h3>\n\n\t<div class=\"entry-meta\"><a href=\"https:\/\/comdep.com.br\/?m=20200307\" title=\"14:01\" class=\"data-link\" rel=\"bookmark\"><time class=\"entry-date updated\" datetime=\"2020-03-07T14:01:13-03:00\">07\/03\/2020<\/time><\/a><\/div>\n\t<div class=\"entry-excerpt\"><p>Diretoria de Limpeza Urbana Varri\u00e7\u00e3o: Valpara\u00edso, Carlos Gomes, Henrique Raffa, Bingen, Campo do Serrano, Batista da costa, Mosela e Pedras brancas * Varri\u00e7\u00e3o: feira livre do Centro * (03) funcion\u00e1rios trabalhando na feira livre do Centro, na retirada de res\u00edduos debaixo das bancas * Caminh\u00e3o (C20) recolhimento de sacos da varri\u00e7\u00e3o: Quitandinha, coronel Veiga, Alto&hellip;<\/p>\n<\/div>\n\t\n<a href=\"https:\/\/comdep.com.br\/?p=2782\" class=\"post-details details-type-link\" aria-label=\"Read more about COMDEP trabalhando hoje 07\/03\/2020 nos seguintes locais:\">Read more<i class=\"dt-icon-the7-arrow-03\" aria-hidden=\"true\"><\/i><\/a>\n\n<\/div><\/article><article class=\"post project-odd visible post-2773 type-post status-publish format-standard has-post-thumbnail hentry category-home category-1 description-off\" data-name=\"COMDEP trabalhando hoje 06\/03\/2020 nos seguintes locais:\" data-date=\"2020-03-06T10:20:14-03:00\">\n\n<div class=\"post-thumbnail-wrap\">\n\t<div class=\"post-thumbnail\">\n\n\t\t\n\t\t\n\t\t<a href=\"https:\/\/comdep.com.br\/?p=2773\" class=\"post-thumbnail-rollover layzr-bg layzr-bg\" ><img decoding=\"async\" class=\"blog-thumb-lazy-load preload-me lazy-load aspect\" src=\"data:image\/svg+xml,%3Csvg%20xmlns%3D&#39;http%3A%2F%2Fwww.w3.org%2F2000%2Fsvg&#39;%20viewBox%3D&#39;0%200%20566%20377&#39;%2F%3E\" data-src=\"https:\/\/comdep.com.br\/wp-content\/uploads\/2020\/03\/servico-6-566x377.jpg\" data-srcset=\"https:\/\/comdep.com.br\/wp-content\/uploads\/2020\/03\/servico-6-566x377.jpg 566w\" loading=\"eager\" style=\"--ratio: 566 \/ 377\" sizes=\"(max-width: 566px) 100vw, 566px\" alt=\"\" title=\"servico\" width=\"566\" height=\"377\"  \/><\/a>\n\t<\/div>\n<\/div>\n\n\n<div class=\"post-entry-content\">\n\n\t<h3 class=\"entry-title\">\n\t\t<a href=\"https:\/\/comdep.com.br\/?p=2773\" title=\"COMDEP trabalhando hoje 06\/03\/2020 nos seguintes locais:\" rel=\"bookmark\">COMDEP trabalhando hoje 06\/03\/2020 nos seguintes locais:<\/a>\n\t<\/h3>\n\n\t<div class=\"entry-meta\"><a href=\"https:\/\/comdep.com.br\/?m=20200306\" title=\"10:20\" class=\"data-link\" rel=\"bookmark\"><time class=\"entry-date updated\" datetime=\"2020-03-06T10:20:14-03:00\">06\/03\/2020<\/time><\/a><\/div>\n\t<div class=\"entry-excerpt\"><p>Diretoria de Obras Obras: Instala\u00e7\u00e3o de uma cesta de 2 metros na Rua Nelson Marcelino n\u00ba 150, S\u00edtio S\u00e3o Luiz, Retiro * Constru\u00e7\u00e3o de b\u00e1ia na Comunidade do F\u00e9lix, Estrada da Saudade * Serralheria: Confec\u00e7\u00e3o de cestas de coletoras na cia * Confec\u00e7\u00e3o de Mata-Cachorros para serem, instalados em canteiros, na Rua S\u00e3o Norberto, Valparaiso&hellip;<\/p>\n<\/div>\n\t\n<a href=\"https:\/\/comdep.com.br\/?p=2773\" class=\"post-details details-type-link\" aria-label=\"Read more about COMDEP trabalhando hoje 06\/03\/2020 nos seguintes locais:\">Read more<i class=\"dt-icon-the7-arrow-03\" aria-hidden=\"true\"><\/i><\/a>\n\n<\/div><\/article><article class=\"post project-odd visible post-2762 type-post status-publish format-standard has-post-thumbnail hentry category-home category-1 description-off\" data-name=\"COMDEP trabalhando hoje 05\/03\/2020 nos seguintes locais:\" data-date=\"2020-03-05T10:26:07-03:00\">\n\n<div class=\"post-thumbnail-wrap\">\n\t<div class=\"post-thumbnail\">\n\n\t\t\n\t\t\n\t\t<a href=\"https:\/\/comdep.com.br\/?p=2762\" class=\"post-thumbnail-rollover layzr-bg layzr-bg\" ><img decoding=\"async\" class=\"blog-thumb-lazy-load preload-me lazy-load aspect\" src=\"data:image\/svg+xml,%3Csvg%20xmlns%3D&#39;http%3A%2F%2Fwww.w3.org%2F2000%2Fsvg&#39;%20viewBox%3D&#39;0%200%20561%20374&#39;%2F%3E\" data-src=\"https:\/\/comdep.com.br\/wp-content\/uploads\/2020\/03\/servico-5-561x374.jpg\" data-srcset=\"https:\/\/comdep.com.br\/wp-content\/uploads\/2020\/03\/servico-5-561x374.jpg 561w, https:\/\/comdep.com.br\/wp-content\/uploads\/2020\/03\/servico-5-561x373.jpg 561w\" loading=\"eager\" style=\"--ratio: 561 \/ 374\" sizes=\"(max-width: 561px) 100vw, 561px\" alt=\"\" title=\"servico\" width=\"561\" height=\"374\"  \/><\/a>\n\t<\/div>\n<\/div>\n\n\n<div class=\"post-entry-content\">\n\n\t<h3 class=\"entry-title\">\n\t\t<a href=\"https:\/\/comdep.com.br\/?p=2762\" title=\"COMDEP trabalhando hoje 05\/03\/2020 nos seguintes locais:\" rel=\"bookmark\">COMDEP trabalhando hoje 05\/03\/2020 nos seguintes locais:<\/a>\n\t<\/h3>\n\n\t<div class=\"entry-meta\"><a href=\"https:\/\/comdep.com.br\/?m=20200305\" title=\"10:26\" class=\"data-link\" rel=\"bookmark\"><time class=\"entry-date updated\" datetime=\"2020-03-05T10:26:07-03:00\">05\/03\/2020<\/time><\/a><\/div>\n\t<div class=\"entry-excerpt\"><p>Distrito Ro\u00e7ada e capina: Continua\u00e7\u00e3o Estrada das Arcas * M\u00e1quina e caminh\u00f5es: Continua\u00e7\u00e3o Castelo S\u00e3o Manoel \u00a0* Retirada de corte de \u00e1rvores no Semin\u00e1rio de Corr\u00eaas * Varri\u00e7\u00e3o di\u00e1ria: Corr\u00eaas, Nogueira, Araras, Itaipava, Madame Machado, Vila Rica, Pedro do Rio e Secret\u00e1rio * Diretoria Operacional M\u00e1quinas e caminh\u00f5es: Lu\u00eds Winter, Dias de Oliveira, Veludo, Ferrovi\u00e1rios,&hellip;<\/p>\n<\/div>\n\t\n<a href=\"https:\/\/comdep.com.br\/?p=2762\" class=\"post-details details-type-link\" aria-label=\"Read more about COMDEP trabalhando hoje 05\/03\/2020 nos seguintes locais:\">Read more<i class=\"dt-icon-the7-arrow-03\" aria-hidden=\"true\"><\/i><\/a>\n\n<\/div><\/article><article class=\"post project-odd visible post-2751 type-post status-publish format-standard has-post-thumbnail hentry category-home category-1 description-off\" data-name=\"COMDEP trabalhando hoje 04\/03\/2020 nos seguintes locais:\" data-date=\"2020-03-04T11:35:46-03:00\">\n\n<div class=\"post-thumbnail-wrap\">\n\t<div class=\"post-thumbnail\">\n\n\t\t\n\t\t\n\t\t<a href=\"https:\/\/comdep.com.br\/?p=2751\" class=\"post-thumbnail-rollover layzr-bg layzr-bg\" ><img decoding=\"async\" class=\"blog-thumb-lazy-load preload-me lazy-load aspect\" src=\"data:image\/svg+xml,%3Csvg%20xmlns%3D&#39;http%3A%2F%2Fwww.w3.org%2F2000%2Fsvg&#39;%20viewBox%3D&#39;0%200%20600%20400&#39;%2F%3E\" data-src=\"https:\/\/comdep.com.br\/wp-content\/uploads\/2020\/03\/servico-4-e1583332927423-600x400.jpg\" data-srcset=\"https:\/\/comdep.com.br\/wp-content\/uploads\/2020\/03\/servico-4-e1583332927423-600x400.jpg 600w, https:\/\/comdep.com.br\/wp-content\/uploads\/2020\/03\/servico-4-e1583332927423-600x399.jpg 600w\" loading=\"eager\" style=\"--ratio: 600 \/ 400\" sizes=\"(max-width: 600px) 100vw, 600px\" alt=\"\" title=\"servico\" width=\"600\" height=\"400\"  \/><\/a>\n\t<\/div>\n<\/div>\n\n\n<div class=\"post-entry-content\">\n\n\t<h3 class=\"entry-title\">\n\t\t<a href=\"https:\/\/comdep.com.br\/?p=2751\" title=\"COMDEP trabalhando hoje 04\/03\/2020 nos seguintes locais:\" rel=\"bookmark\">COMDEP trabalhando hoje 04\/03\/2020 nos seguintes locais:<\/a>\n\t<\/h3>\n\n\t<div class=\"entry-meta\"><a href=\"https:\/\/comdep.com.br\/?m=20200304\" title=\"11:35\" class=\"data-link\" rel=\"bookmark\"><time class=\"entry-date updated\" datetime=\"2020-03-04T11:35:46-03:00\">04\/03\/2020<\/time><\/a><\/div>\n\t<div class=\"entry-excerpt\"><p>Distrito Ro\u00e7ada e capina: continua\u00e7\u00e3o Estrada das Arcas * M\u00e1quina e caminh\u00f5es: continua\u00e7\u00e3o Castelo S\u00e3o Manoel * Varri\u00e7\u00e3o di\u00e1ria: Corr\u00eaas, Nogueiras, Araras, Itaipava, Madame Machado, Vila Rica, Pedro do Rio, Secret\u00e1rio * Diretoria Operacional M\u00e1quinas e caminh\u00f5es: 24 de Maio, Rua Tereza, Ferrovi\u00e1rios, Moinho Preto, Alto da derrubada, Rua Par\u00e1, Rio de Janeiro, Minas Gerais,&hellip;<\/p>\n<\/div>\n\t\n<a href=\"https:\/\/comdep.com.br\/?p=2751\" class=\"post-details details-type-link\" aria-label=\"Read more about COMDEP trabalhando hoje 04\/03\/2020 nos seguintes locais:\">Read more<i class=\"dt-icon-the7-arrow-03\" aria-hidden=\"true\"><\/i><\/a>\n\n<\/div><\/article><article class=\"post project-odd visible post-2741 type-post status-publish format-standard has-post-thumbnail hentry category-home category-1 description-off\" data-name=\"COMDEP trabalhando hoje 03\/03\/2020 nos seguintes locais:\" data-date=\"2020-03-03T11:11:01-03:00\">\n\n<div class=\"post-thumbnail-wrap\">\n\t<div class=\"post-thumbnail\">\n\n\t\t\n\t\t\n\t\t<a href=\"https:\/\/comdep.com.br\/?p=2741\" class=\"post-thumbnail-rollover layzr-bg layzr-bg\" ><img decoding=\"async\" class=\"blog-thumb-lazy-load preload-me lazy-load aspect\" src=\"data:image\/svg+xml,%3Csvg%20xmlns%3D&#39;http%3A%2F%2Fwww.w3.org%2F2000%2Fsvg&#39;%20viewBox%3D&#39;0%200%20507%20338&#39;%2F%3E\" data-src=\"https:\/\/comdep.com.br\/wp-content\/uploads\/2020\/03\/servico-2-e1583244747674-507x338.jpg\" data-srcset=\"https:\/\/comdep.com.br\/wp-content\/uploads\/2020\/03\/servico-2-e1583244747674-507x338.jpg 507w\" loading=\"eager\" style=\"--ratio: 507 \/ 338\" sizes=\"(max-width: 507px) 100vw, 507px\" alt=\"\" title=\"servico\" width=\"507\" height=\"338\"  \/><\/a>\n\t<\/div>\n<\/div>\n\n\n<div class=\"post-entry-content\">\n\n\t<h3 class=\"entry-title\">\n\t\t<a href=\"https:\/\/comdep.com.br\/?p=2741\" title=\"COMDEP trabalhando hoje 03\/03\/2020 nos seguintes locais:\" rel=\"bookmark\">COMDEP trabalhando hoje 03\/03\/2020 nos seguintes locais:<\/a>\n\t<\/h3>\n\n\t<div class=\"entry-meta\"><a href=\"https:\/\/comdep.com.br\/?m=20200303\" title=\"11:11\" class=\"data-link\" rel=\"bookmark\"><time class=\"entry-date updated\" datetime=\"2020-03-03T11:11:01-03:00\">03\/03\/2020<\/time><\/a><\/div>\n\t<div class=\"entry-excerpt\"><p>Distrito Ro\u00e7ada e capina: Estrada das Arcas &nbsp;* M\u00e1quina e caminh\u00f5es: continua\u00e7\u00e3o Castelo S\u00e3o Manoel &nbsp;* Varri\u00e7\u00e3o di\u00e1ria: Corr\u00eaas, Nogueiras, Araras, Itaipava, Madame Machado, Vila Rica, Pedro do Rio * Diretoria Operacional M\u00e1quinas e caminh\u00f5es: Bahia, Esp\u00edrito Santo, Par\u00e1, Pedras Brancas, Alberto de Oliveira, Moinho Preto, Alto da derrubada, Arnaldo de Azevedo, 24 de Maio&hellip;<\/p>\n<\/div>\n\t\n<a href=\"https:\/\/comdep.com.br\/?p=2741\" class=\"post-details details-type-link\" aria-label=\"Read more about COMDEP trabalhando hoje 03\/03\/2020 nos seguintes locais:\">Read more<i class=\"dt-icon-the7-arrow-03\" aria-hidden=\"true\"><\/i><\/a>\n\n<\/div><\/article><article class=\"post project-odd visible post-2732 type-post status-publish format-standard has-post-thumbnail hentry category-home category-1 description-off\" data-name=\"COMDEP trabalhando hoje 02\/03\/2020 nos seguintes locais:\" data-date=\"2020-03-02T10:13:26-03:00\">\n\n<div class=\"post-thumbnail-wrap\">\n\t<div class=\"post-thumbnail\">\n\n\t\t\n\t\t\n\t\t<a href=\"https:\/\/comdep.com.br\/?p=2732\" class=\"post-thumbnail-rollover layzr-bg layzr-bg\" ><img decoding=\"async\" class=\"blog-thumb-lazy-load preload-me lazy-load aspect\" src=\"data:image\/svg+xml,%3Csvg%20xmlns%3D&#39;http%3A%2F%2Fwww.w3.org%2F2000%2Fsvg&#39;%20viewBox%3D&#39;0%200%20600%20400&#39;%2F%3E\" data-src=\"https:\/\/comdep.com.br\/wp-content\/uploads\/2020\/03\/servico-3-e1583265161214-600x400.jpg\" data-srcset=\"https:\/\/comdep.com.br\/wp-content\/uploads\/2020\/03\/servico-3-e1583265161214-600x400.jpg 600w, https:\/\/comdep.com.br\/wp-content\/uploads\/2020\/03\/servico-3-e1583265161214-600x399.jpg 600w\" loading=\"eager\" style=\"--ratio: 600 \/ 400\" sizes=\"(max-width: 600px) 100vw, 600px\" alt=\"\" title=\"servico\" width=\"600\" height=\"400\"  \/><\/a>\n\t<\/div>\n<\/div>\n\n\n<div class=\"post-entry-content\">\n\n\t<h3 class=\"entry-title\">\n\t\t<a href=\"https:\/\/comdep.com.br\/?p=2732\" title=\"COMDEP trabalhando hoje 02\/03\/2020 nos seguintes locais:\" rel=\"bookmark\">COMDEP trabalhando hoje 02\/03\/2020 nos seguintes locais:<\/a>\n\t<\/h3>\n\n\t<div class=\"entry-meta\"><a href=\"https:\/\/comdep.com.br\/?m=20200302\" title=\"10:13\" class=\"data-link\" rel=\"bookmark\"><time class=\"entry-date updated\" datetime=\"2020-03-02T10:13:26-03:00\">02\/03\/2020<\/time><\/a><\/div>\n\t<div class=\"entry-excerpt\"><p>Diretoria de Obras Capina ro\u00e7ada e limpeza de canaletas: Rua Pedro Elmer (continua\u00e7\u00e3o) * Capina e limpeza de ralos: Rua S\u00e3o Pedro de Alc\u00e2ntara (Catedral) * Pintura: continua\u00e7\u00e3o de pintura em sala Pal\u00e1cio S\u00e9rgio Fadel e depend\u00eancias da cia * Obras: reconstru\u00e7\u00e3o de base e recoloca\u00e7\u00e3o de coletora (2mts) Rua Domiciano Eg\u00eddio da Silva e&hellip;<\/p>\n<\/div>\n\t\n<a href=\"https:\/\/comdep.com.br\/?p=2732\" class=\"post-details details-type-link\" aria-label=\"Read more about COMDEP trabalhando hoje 02\/03\/2020 nos seguintes locais:\">Read more<i class=\"dt-icon-the7-arrow-03\" aria-hidden=\"true\"><\/i><\/a>\n\n<\/div><\/article><article class=\"post project-odd visible post-2730 type-post status-publish format-standard has-post-thumbnail hentry category-home category-1 description-off\" data-name=\"COMDEP trabalhando hoje 01\/03\/2020 nos seguintes locais:\" data-date=\"2020-03-02T10:03:29-03:00\">\n\n<div class=\"post-thumbnail-wrap\">\n\t<div class=\"post-thumbnail\">\n\n\t\t\n\t\t\n\t\t<a href=\"https:\/\/comdep.com.br\/?p=2730\" class=\"post-thumbnail-rollover layzr-bg layzr-bg\" ><img decoding=\"async\" class=\"blog-thumb-lazy-load preload-me lazy-load aspect\" src=\"data:image\/svg+xml,%3Csvg%20xmlns%3D&#39;http%3A%2F%2Fwww.w3.org%2F2000%2Fsvg&#39;%20viewBox%3D&#39;0%200%20562%20374&#39;%2F%3E\" data-src=\"https:\/\/comdep.com.br\/wp-content\/uploads\/2020\/03\/servico-1-562x374.jpg\" data-srcset=\"https:\/\/comdep.com.br\/wp-content\/uploads\/2020\/03\/servico-1-562x374.jpg 562w\" loading=\"eager\" style=\"--ratio: 562 \/ 374\" sizes=\"(max-width: 562px) 100vw, 562px\" alt=\"\" title=\"servico\" width=\"562\" height=\"374\"  \/><\/a>\n\t<\/div>\n<\/div>\n\n\n<div class=\"post-entry-content\">\n\n\t<h3 class=\"entry-title\">\n\t\t<a href=\"https:\/\/comdep.com.br\/?p=2730\" title=\"COMDEP trabalhando hoje 01\/03\/2020 nos seguintes locais:\" rel=\"bookmark\">COMDEP trabalhando hoje 01\/03\/2020 nos seguintes locais:<\/a>\n\t<\/h3>\n\n\t<div class=\"entry-meta\"><a href=\"https:\/\/comdep.com.br\/?m=20200302\" title=\"10:03\" class=\"data-link\" rel=\"bookmark\"><time class=\"entry-date updated\" datetime=\"2020-03-02T10:03:29-03:00\">02\/03\/2020<\/time><\/a><\/div>\n\t<div class=\"entry-excerpt\"><p>Diretoria de Limpeza Urbana Varri\u00e7\u00e3o (das 07:00 at\u00e9 11:00) turma da manh\u00e3: Centro, Centro Hist\u00f3rico, Pra\u00e7a da Liberdade, 13 de Maio, Bar\u00e3o do Rio Branco, Cascatinha, Itamarati, Quissam\u00e3, Alto da Serra, pra\u00e7a Pasteur, Quitandinha e Bingen * Varri\u00e7\u00e3o: feira livre do Alto da Serra * (03) funcion\u00e1rios trabalhando na feira livre do Alto da Serra,&hellip;<\/p>\n<\/div>\n\t\n<a href=\"https:\/\/comdep.com.br\/?p=2730\" class=\"post-details details-type-link\" aria-label=\"Read more about COMDEP trabalhando hoje 01\/03\/2020 nos seguintes locais:\">Read more<i class=\"dt-icon-the7-arrow-03\" aria-hidden=\"true\"><\/i><\/a>\n\n<\/div><\/article><article class=\"post project-odd visible post-2725 type-post status-publish format-standard has-post-thumbnail hentry category-home category-1 description-off\" data-name=\"COMDEP trabalhando hoje 29\/02\/2020 nos seguintes locais:\" data-date=\"2020-03-02T09:49:48-03:00\">\n\n<div class=\"post-thumbnail-wrap\">\n\t<div class=\"post-thumbnail\">\n\n\t\t\n\t\t\n\t\t<a href=\"https:\/\/comdep.com.br\/?p=2725\" class=\"post-thumbnail-rollover layzr-bg layzr-bg\" ><img decoding=\"async\" class=\"blog-thumb-lazy-load preload-me lazy-load aspect\" src=\"data:image\/svg+xml,%3Csvg%20xmlns%3D&#39;http%3A%2F%2Fwww.w3.org%2F2000%2Fsvg&#39;%20viewBox%3D&#39;0%200%20438%20292&#39;%2F%3E\" data-src=\"https:\/\/comdep.com.br\/wp-content\/uploads\/2020\/03\/servico-e1583153491665-438x292.jpg\" data-srcset=\"https:\/\/comdep.com.br\/wp-content\/uploads\/2020\/03\/servico-e1583153491665-438x292.jpg 438w\" loading=\"eager\" style=\"--ratio: 438 \/ 292\" sizes=\"(max-width: 438px) 100vw, 438px\" alt=\"\" title=\"servico\" width=\"438\" height=\"292\"  \/><\/a>\n\t<\/div>\n<\/div>\n\n\n<div class=\"post-entry-content\">\n\n\t<h3 class=\"entry-title\">\n\t\t<a href=\"https:\/\/comdep.com.br\/?p=2725\" title=\"COMDEP trabalhando hoje 29\/02\/2020 nos seguintes locais:\" rel=\"bookmark\">COMDEP trabalhando hoje 29\/02\/2020 nos seguintes locais:<\/a>\n\t<\/h3>\n\n\t<div class=\"entry-meta\"><a href=\"https:\/\/comdep.com.br\/?m=20200302\" title=\"09:49\" class=\"data-link\" rel=\"bookmark\"><time class=\"entry-date updated\" datetime=\"2020-03-02T09:49:48-03:00\">02\/03\/2020<\/time><\/a><\/div>\n\t<div class=\"entry-excerpt\"><p>Parques e Jardins Corte de grama: termina reta da Mosela &nbsp;* Caminh\u00e3o do jardim: recolher lixo verde na Mosela &nbsp;* Kombi: transporte de ferramentas e recolher lixo verde Centro Hist\u00f3rico * Distrito Varri\u00e7\u00e3o di\u00e1ria: Corr\u00eaas, Nogueiras, Araras, Itaipava, Madame Machado, Vila Rica, Pedro do Rio &nbsp;* Diretoria Operacional M\u00e1quina e caminh\u00f5es: Vila Ipanema, Pernambuco, Alagoas,&hellip;<\/p>\n<\/div>\n\t\n<a href=\"https:\/\/comdep.com.br\/?p=2725\" class=\"post-details details-type-link\" aria-label=\"Read more about COMDEP trabalhando hoje 29\/02\/2020 nos seguintes locais:\">Read more<i class=\"dt-icon-the7-arrow-03\" aria-hidden=\"true\"><\/i><\/a>\n\n<\/div><\/article><article class=\"post project-odd visible post-2715 type-post status-publish format-standard has-post-thumbnail hentry category-home category-1 description-off\" data-name=\"COMDEP trabalhando hoje 28\/02\/2020 nos seguintes locais:\" data-date=\"2020-02-28T10:26:04-03:00\">\n\n<div class=\"post-thumbnail-wrap\">\n\t<div class=\"post-thumbnail\">\n\n\t\t\n\t\t\n\t\t<a href=\"https:\/\/comdep.com.br\/?p=2715\" class=\"post-thumbnail-rollover layzr-bg layzr-bg\" ><img decoding=\"async\" class=\"blog-thumb-lazy-load preload-me lazy-load aspect\" src=\"data:image\/svg+xml,%3Csvg%20xmlns%3D&#39;http%3A%2F%2Fwww.w3.org%2F2000%2Fsvg&#39;%20viewBox%3D&#39;0%200%20438%20292&#39;%2F%3E\" data-src=\"https:\/\/comdep.com.br\/wp-content\/uploads\/2020\/02\/servico-16-e1582896624226-438x292.jpg\" data-srcset=\"https:\/\/comdep.com.br\/wp-content\/uploads\/2020\/02\/servico-16-e1582896624226-438x292.jpg 438w\" loading=\"eager\" style=\"--ratio: 438 \/ 292\" sizes=\"(max-width: 438px) 100vw, 438px\" alt=\"\" title=\"servico\" width=\"438\" height=\"292\"  \/><\/a>\n\t<\/div>\n<\/div>\n\n\n<div class=\"post-entry-content\">\n\n\t<h3 class=\"entry-title\">\n\t\t<a href=\"https:\/\/comdep.com.br\/?p=2715\" title=\"COMDEP trabalhando hoje 28\/02\/2020 nos seguintes locais:\" rel=\"bookmark\">COMDEP trabalhando hoje 28\/02\/2020 nos seguintes locais:<\/a>\n\t<\/h3>\n\n\t<div class=\"entry-meta\"><a href=\"https:\/\/comdep.com.br\/?m=20200228\" title=\"10:26\" class=\"data-link\" rel=\"bookmark\"><time class=\"entry-date updated\" datetime=\"2020-02-28T10:26:04-03:00\">28\/02\/2020<\/time><\/a><\/div>\n\t<div class=\"entry-excerpt\"><p>Distrito M\u00e1quina e caminh\u00f5es: continua\u00e7\u00e3o Castelo S\u00e3o Manoel, e of\u00edcio 58\/ 2020 do MPE em Madame Machado &nbsp;* Varri\u00e7\u00e3o di\u00e1ria: Corr\u00eaas, Nogueiras, Araras, Itaipava, Madame Machado, Vila Rica, Pedro do Rio, Secret\u00e1rio * Diretoria Operacional M\u00e1quinas e caminh\u00f5es: Sim\u00e9ria, Capit\u00e3o Paladino, Franklin Roosevelt, Tancredo Neves, Cust\u00f3dio Ferreira, Manoel Torres, It\u00e1lia, Vila S\u00e3o Jos\u00e9, Rua Tereza,&hellip;<\/p>\n<\/div>\n\t\n<a href=\"https:\/\/comdep.com.br\/?p=2715\" class=\"post-details details-type-link\" aria-label=\"Read more about COMDEP trabalhando hoje 28\/02\/2020 nos seguintes locais:\">Read more<i class=\"dt-icon-the7-arrow-03\" aria-hidden=\"true\"><\/i><\/a>\n\n<\/div><\/article><article class=\"post project-odd visible post-2709 type-post status-publish format-standard has-post-thumbnail hentry category-home category-1 description-off\" data-name=\"COMDEP trabalhando hoje 27\/02\/2020 nos seguintes locais:\" data-date=\"2020-02-27T10:51:04-03:00\">\n\n<div class=\"post-thumbnail-wrap\">\n\t<div class=\"post-thumbnail\">\n\n\t\t\n\t\t\n\t\t<a href=\"https:\/\/comdep.com.br\/?p=2709\" class=\"post-thumbnail-rollover layzr-bg layzr-bg\" ><img decoding=\"async\" class=\"blog-thumb-lazy-load preload-me lazy-load aspect\" src=\"data:image\/svg+xml,%3Csvg%20xmlns%3D&#39;http%3A%2F%2Fwww.w3.org%2F2000%2Fsvg&#39;%20viewBox%3D&#39;0%200%20563%20375&#39;%2F%3E\" data-src=\"https:\/\/comdep.com.br\/wp-content\/uploads\/2020\/02\/servico-15-563x375.jpg\" data-srcset=\"https:\/\/comdep.com.br\/wp-content\/uploads\/2020\/02\/servico-15-563x375.jpg 563w\" loading=\"eager\" style=\"--ratio: 563 \/ 375\" sizes=\"(max-width: 563px) 100vw, 563px\" alt=\"\" title=\"servico\" width=\"563\" height=\"375\"  \/><\/a>\n\t<\/div>\n<\/div>\n\n\n<div class=\"post-entry-content\">\n\n\t<h3 class=\"entry-title\">\n\t\t<a href=\"https:\/\/comdep.com.br\/?p=2709\" title=\"COMDEP trabalhando hoje 27\/02\/2020 nos seguintes locais:\" rel=\"bookmark\">COMDEP trabalhando hoje 27\/02\/2020 nos seguintes locais:<\/a>\n\t<\/h3>\n\n\t<div class=\"entry-meta\"><a href=\"https:\/\/comdep.com.br\/?m=20200227\" title=\"10:51\" class=\"data-link\" rel=\"bookmark\"><time class=\"entry-date updated\" datetime=\"2020-02-27T10:51:04-03:00\">27\/02\/2020<\/time><\/a><\/div>\n\t<div class=\"entry-excerpt\"><p>Distrito Ro\u00e7ada e capina: continua\u00e7\u00e3o Estrada do Ribeir\u00e3o &nbsp;* M\u00e1quina e caminh\u00f5es: Vila Rica &nbsp;* Varri\u00e7\u00e3o di\u00e1ria: Corr\u00eaas, Nogueiras, Araras, Itaipava, Vila Rica, Pedro do Rio * Diretoria Operacional M\u00e1quinas e caminh\u00f5es: Sim\u00e9ria, Capit\u00e3o Paladino, Franklin Roosevelt, Tancredo Neves, Vila Ipanema, Pernambuco, Visconde do bom retiro, Rua Tereza, Irineu Correia, Dom Jo\u00e3o Braga, Alfredo Shilick&hellip;<\/p>\n<\/div>\n\t\n<a href=\"https:\/\/comdep.com.br\/?p=2709\" class=\"post-details details-type-link\" aria-label=\"Read more about COMDEP trabalhando hoje 27\/02\/2020 nos seguintes locais:\">Read more<i class=\"dt-icon-the7-arrow-03\" aria-hidden=\"true\"><\/i><\/a>\n\n<\/div><\/article><article class=\"post project-odd visible post-2705 type-post status-publish format-standard has-post-thumbnail hentry category-home category-1 description-off\" data-name=\"COMDEP trabalhando hoje 26\/02\/2020 nos seguintes locais:\" data-date=\"2020-02-26T14:38:19-03:00\">\n\n<div class=\"post-thumbnail-wrap\">\n\t<div class=\"post-thumbnail\">\n\n\t\t\n\t\t\n\t\t<a href=\"https:\/\/comdep.com.br\/?p=2705\" class=\"post-thumbnail-rollover layzr-bg layzr-bg\" ><img decoding=\"async\" class=\"blog-thumb-lazy-load preload-me lazy-load aspect\" src=\"data:image\/svg+xml,%3Csvg%20xmlns%3D&#39;http%3A%2F%2Fwww.w3.org%2F2000%2Fsvg&#39;%20viewBox%3D&#39;0%200%20438%20292&#39;%2F%3E\" data-src=\"https:\/\/comdep.com.br\/wp-content\/uploads\/2020\/02\/servico-14-e1582738529208-438x292.jpg\" data-srcset=\"https:\/\/comdep.com.br\/wp-content\/uploads\/2020\/02\/servico-14-e1582738529208-438x292.jpg 438w\" loading=\"eager\" style=\"--ratio: 438 \/ 292\" sizes=\"(max-width: 438px) 100vw, 438px\" alt=\"\" title=\"servico\" width=\"438\" height=\"292\"  \/><\/a>\n\t<\/div>\n<\/div>\n\n\n<div class=\"post-entry-content\">\n\n\t<h3 class=\"entry-title\">\n\t\t<a href=\"https:\/\/comdep.com.br\/?p=2705\" title=\"COMDEP trabalhando hoje 26\/02\/2020 nos seguintes locais:\" rel=\"bookmark\">COMDEP trabalhando hoje 26\/02\/2020 nos seguintes locais:<\/a>\n\t<\/h3>\n\n\t<div class=\"entry-meta\"><a href=\"https:\/\/comdep.com.br\/?m=20200226\" title=\"14:38\" class=\"data-link\" rel=\"bookmark\"><time class=\"entry-date updated\" datetime=\"2020-02-26T14:38:19-03:00\">26\/02\/2020<\/time><\/a><\/div>\n\t<div class=\"entry-excerpt\"><p>Parques e Jardins Corte de grama: Mosela marechal Hermes * Jardim: Mosela &nbsp;* Caminh\u00e3o do jardim: Parque Cremerie &nbsp;* Kombi: transporte de ferramentas * Diretoria Operacional M\u00e1quinas e caminh\u00f5es: Sim\u00e9ria, S\u00e3o Sebasti\u00e3o, Bingen, Galdino Pimentel, Duque de Caxias, Vila S\u00e3o Jos\u00e9, Vila Ipanema, Alagoas, Bahia, Pernambuco * Caminh\u00e3o D 08: Centro Hist\u00f3rico e turmas *&hellip;<\/p>\n<\/div>\n\t\n<a href=\"https:\/\/comdep.com.br\/?p=2705\" class=\"post-details details-type-link\" aria-label=\"Read more about COMDEP trabalhando hoje 26\/02\/2020 nos seguintes locais:\">Read more<i class=\"dt-icon-the7-arrow-03\" aria-hidden=\"true\"><\/i><\/a>\n\n<\/div><\/article><article class=\"post project-odd visible post-2686 type-post status-publish format-standard has-post-thumbnail hentry category-home category-1 description-off\" data-name=\"COMDEP trabalhando hoje 25\/02\/2020 nos seguintes locais:\" data-date=\"2020-02-26T10:02:10-03:00\">\n\n<div class=\"post-thumbnail-wrap\">\n\t<div class=\"post-thumbnail\">\n\n\t\t\n\t\t\n\t\t<a href=\"https:\/\/comdep.com.br\/?p=2686\" class=\"post-thumbnail-rollover layzr-bg layzr-bg\" ><img decoding=\"async\" class=\"blog-thumb-lazy-load preload-me lazy-load aspect\" src=\"data:image\/svg+xml,%3Csvg%20xmlns%3D&#39;http%3A%2F%2Fwww.w3.org%2F2000%2Fsvg&#39;%20viewBox%3D&#39;0%200%20600%20400&#39;%2F%3E\" data-src=\"https:\/\/comdep.com.br\/wp-content\/uploads\/2020\/02\/servico-13-e1582722185926-600x400.jpg\" data-srcset=\"https:\/\/comdep.com.br\/wp-content\/uploads\/2020\/02\/servico-13-e1582722185926-600x400.jpg 600w, https:\/\/comdep.com.br\/wp-content\/uploads\/2020\/02\/servico-13-e1582722185926-600x399.jpg 600w\" loading=\"eager\" style=\"--ratio: 600 \/ 400\" sizes=\"(max-width: 600px) 100vw, 600px\" alt=\"\" title=\"servico\" width=\"600\" height=\"400\"  \/><\/a>\n\t<\/div>\n<\/div>\n\n\n<div class=\"post-entry-content\">\n\n\t<h3 class=\"entry-title\">\n\t\t<a href=\"https:\/\/comdep.com.br\/?p=2686\" title=\"COMDEP trabalhando hoje 25\/02\/2020 nos seguintes locais:\" rel=\"bookmark\">COMDEP trabalhando hoje 25\/02\/2020 nos seguintes locais:<\/a>\n\t<\/h3>\n\n\t<div class=\"entry-meta\"><a href=\"https:\/\/comdep.com.br\/?m=20200226\" title=\"10:02\" class=\"data-link\" rel=\"bookmark\"><time class=\"entry-date updated\" datetime=\"2020-02-26T10:02:10-03:00\">26\/02\/2020<\/time><\/a><\/div>\n\t<div class=\"entry-excerpt\"><p>Diretoria de Limpeza Urbana Varri\u00e7\u00e3o (das 07:09&nbsp; at\u00e9 12:00)&nbsp;&nbsp; turma da manh\u00e3 (esquema especial de Carnaval): Centro, Centro Hist\u00f3rico, Pra\u00e7a da Liberdade, Rua Teresa, Alto da Serra, Pra\u00e7a Pasteur, S\u00e3o Sebasti\u00e3o, Quitandinha, Bar\u00e3o do Rio Branco, Retiro, Cascatinha, Itamarati e Quissam\u00e3 * Varri\u00e7\u00e3o: feira livre do Centro * (03) funcion\u00e1rios trabalhando na feira livre do&hellip;<\/p>\n<\/div>\n\t\n<a href=\"https:\/\/comdep.com.br\/?p=2686\" class=\"post-details details-type-link\" aria-label=\"Read more about COMDEP trabalhando hoje 25\/02\/2020 nos seguintes locais:\">Read more<i class=\"dt-icon-the7-arrow-03\" aria-hidden=\"true\"><\/i><\/a>\n\n<\/div><\/article><article class=\"post project-odd visible post-2682 type-post status-publish format-standard has-post-thumbnail hentry category-home category-1 description-off\" data-name=\"COMDEP trabalhando hoje dia 24\/02\/2020 nos seguintes locais:\" data-date=\"2020-02-24T20:31:08-03:00\">\n\n<div class=\"post-thumbnail-wrap\">\n\t<div class=\"post-thumbnail\">\n\n\t\t\n\t\t\n\t\t<a href=\"https:\/\/comdep.com.br\/?p=2682\" class=\"post-thumbnail-rollover layzr-bg layzr-bg\" ><img decoding=\"async\" class=\"blog-thumb-lazy-load preload-me lazy-load aspect\" src=\"data:image\/svg+xml,%3Csvg%20xmlns%3D&#39;http%3A%2F%2Fwww.w3.org%2F2000%2Fsvg&#39;%20viewBox%3D&#39;0%200%20600%20400&#39;%2F%3E\" data-src=\"https:\/\/comdep.com.br\/wp-content\/uploads\/2020\/02\/servico-12-e1582587173473-600x400.jpg\" data-srcset=\"https:\/\/comdep.com.br\/wp-content\/uploads\/2020\/02\/servico-12-e1582587173473-600x400.jpg 600w, https:\/\/comdep.com.br\/wp-content\/uploads\/2020\/02\/servico-12-e1582587173473-600x399.jpg 600w\" loading=\"eager\" style=\"--ratio: 600 \/ 400\" sizes=\"(max-width: 600px) 100vw, 600px\" alt=\"\" title=\"servico\" width=\"600\" height=\"400\"  \/><\/a>\n\t<\/div>\n<\/div>\n\n\n<div class=\"post-entry-content\">\n\n\t<h3 class=\"entry-title\">\n\t\t<a href=\"https:\/\/comdep.com.br\/?p=2682\" title=\"COMDEP trabalhando hoje dia 24\/02\/2020 nos seguintes locais:\" rel=\"bookmark\">COMDEP trabalhando hoje dia 24\/02\/2020 nos seguintes locais:<\/a>\n\t<\/h3>\n\n\t<div class=\"entry-meta\"><a href=\"https:\/\/comdep.com.br\/?m=20200224\" title=\"20:31\" class=\"data-link\" rel=\"bookmark\"><time class=\"entry-date updated\" datetime=\"2020-02-24T20:31:08-03:00\">24\/02\/2020<\/time><\/a><\/div>\n\t<div class=\"entry-excerpt\"><p>Diretoria Operacional M\u00e1quina e caminh\u00f5es: S\u00e3o Norberto, Cel. Veiga, S\u00e3o Sebasti\u00e3o, Sim\u00e9ria, Honduras, Col\u00f4mbia, Venezuela, Uruguai, Rep\u00fablica do Peru, Chapa Quatro, Thouzet * Caminh\u00e3o D 08: Centro Hist\u00f3rico e turmas: Capina: Rua Paraguai, Guatemala,Dr.J\u00falio Pinto Duarte, Heitor de Aquiles, Nicar\u00e1gua * Diretoria de Limpeza P\u00fablica Varri\u00e7\u00e3o:(esquema especial de carnaval): Centro, Centro Hist\u00f3rico, Quitandinha, Coronel Veiga,&hellip;<\/p>\n<\/div>\n\t\n<a href=\"https:\/\/comdep.com.br\/?p=2682\" class=\"post-details details-type-link\" aria-label=\"Read more about COMDEP trabalhando hoje dia 24\/02\/2020 nos seguintes locais:\">Read more<i class=\"dt-icon-the7-arrow-03\" aria-hidden=\"true\"><\/i><\/a>\n\n<\/div><\/article><article class=\"post project-odd visible post-2679 type-post status-publish format-standard has-post-thumbnail hentry category-home category-1 description-off\" data-name=\"COMDEP trabalhando hoje dia 23\/02\/2020 nos seguintes locais:\" data-date=\"2020-02-24T20:22:55-03:00\">\n\n<div class=\"post-thumbnail-wrap\">\n\t<div class=\"post-thumbnail\">\n\n\t\t\n\t\t\n\t\t<a href=\"https:\/\/comdep.com.br\/?p=2679\" class=\"post-thumbnail-rollover layzr-bg layzr-bg\" ><img decoding=\"async\" class=\"blog-thumb-lazy-load preload-me lazy-load aspect\" src=\"data:image\/svg+xml,%3Csvg%20xmlns%3D&#39;http%3A%2F%2Fwww.w3.org%2F2000%2Fsvg&#39;%20viewBox%3D&#39;0%200%20600%20400&#39;%2F%3E\" data-src=\"https:\/\/comdep.com.br\/wp-content\/uploads\/2020\/02\/servico-11-e1582586554924-600x400.jpg\" data-srcset=\"https:\/\/comdep.com.br\/wp-content\/uploads\/2020\/02\/servico-11-e1582586554924-600x400.jpg 600w, https:\/\/comdep.com.br\/wp-content\/uploads\/2020\/02\/servico-11-e1582586554924-600x399.jpg 600w\" loading=\"eager\" style=\"--ratio: 600 \/ 400\" sizes=\"(max-width: 600px) 100vw, 600px\" alt=\"\" title=\"servico\" width=\"600\" height=\"400\"  \/><\/a>\n\t<\/div>\n<\/div>\n\n\n<div class=\"post-entry-content\">\n\n\t<h3 class=\"entry-title\">\n\t\t<a href=\"https:\/\/comdep.com.br\/?p=2679\" title=\"COMDEP trabalhando hoje dia 23\/02\/2020 nos seguintes locais:\" rel=\"bookmark\">COMDEP trabalhando hoje dia 23\/02\/2020 nos seguintes locais:<\/a>\n\t<\/h3>\n\n\t<div class=\"entry-meta\"><a href=\"https:\/\/comdep.com.br\/?m=20200224\" title=\"20:22\" class=\"data-link\" rel=\"bookmark\"><time class=\"entry-date updated\" datetime=\"2020-02-24T20:22:55-03:00\">24\/02\/2020<\/time><\/a><\/div>\n\t<div class=\"entry-excerpt\"><p>Diretoria de Limpeza P\u00fablica Varri\u00e7\u00e3o:(das 07:00 at\u00e9 12:00) turma da manh\u00e3 (esquema especial de carnaval): Centro, centro hist\u00f3rico, pra\u00e7a da liberdade, Mosela, Bingen, Quitandinha, coronel Veiga, S\u00e3o Sebasti\u00e3o, pra\u00e7a Pasteur, Alto da Serra, Bar\u00e3o do Rio Branco, Retiro, Cascatinha, Itamarati, Quissam\u00e3 e Rua Teresa. * Varri\u00e7\u00e3o: feira livre do Alto da Serra * (03) funcion\u00e1rios&hellip;<\/p>\n<\/div>\n\t\n<a href=\"https:\/\/comdep.com.br\/?p=2679\" class=\"post-details details-type-link\" aria-label=\"Read more about COMDEP trabalhando hoje dia 23\/02\/2020 nos seguintes locais:\">Read more<i class=\"dt-icon-the7-arrow-03\" aria-hidden=\"true\"><\/i><\/a>\n\n<\/div><\/article><article class=\"post project-odd visible post-2675 type-post status-publish format-standard has-post-thumbnail hentry category-home category-1 description-off\" data-name=\"COMDEP trabalhando hoje dia 22\/02\/2020 nos seguintes locais:\" data-date=\"2020-02-24T20:12:19-03:00\">\n\n<div class=\"post-thumbnail-wrap\">\n\t<div class=\"post-thumbnail\">\n\n\t\t\n\t\t\n\t\t<a href=\"https:\/\/comdep.com.br\/?p=2675\" class=\"post-thumbnail-rollover layzr-bg layzr-bg\" ><img decoding=\"async\" class=\"blog-thumb-lazy-load preload-me lazy-load aspect\" src=\"data:image\/svg+xml,%3Csvg%20xmlns%3D&#39;http%3A%2F%2Fwww.w3.org%2F2000%2Fsvg&#39;%20viewBox%3D&#39;0%200%20600%20400&#39;%2F%3E\" data-src=\"https:\/\/comdep.com.br\/wp-content\/uploads\/2020\/02\/servico-10-e1582585975146-600x400.jpg\" data-srcset=\"https:\/\/comdep.com.br\/wp-content\/uploads\/2020\/02\/servico-10-e1582585975146-600x400.jpg 600w, https:\/\/comdep.com.br\/wp-content\/uploads\/2020\/02\/servico-10-e1582585975146-600x399.jpg 600w\" loading=\"eager\" style=\"--ratio: 600 \/ 400\" sizes=\"(max-width: 600px) 100vw, 600px\" alt=\"\" title=\"servico\" width=\"600\" height=\"400\"  \/><\/a>\n\t<\/div>\n<\/div>\n\n\n<div class=\"post-entry-content\">\n\n\t<h3 class=\"entry-title\">\n\t\t<a href=\"https:\/\/comdep.com.br\/?p=2675\" title=\"COMDEP trabalhando hoje dia 22\/02\/2020 nos seguintes locais:\" rel=\"bookmark\">COMDEP trabalhando hoje dia 22\/02\/2020 nos seguintes locais:<\/a>\n\t<\/h3>\n\n\t<div class=\"entry-meta\"><a href=\"https:\/\/comdep.com.br\/?m=20200224\" title=\"20:12\" class=\"data-link\" rel=\"bookmark\"><time class=\"entry-date updated\" datetime=\"2020-02-24T20:12:19-03:00\">24\/02\/2020<\/time><\/a><\/div>\n\t<div class=\"entry-excerpt\"><p>Parques e Jardins Corte de grama: Mosela e Defesa Civil &nbsp;* Caminh\u00e3o do jardim: recolher lixo verde Centro Hist\u00f3rico &nbsp;* Kombi: transporte de ferramentas * Diretoria Operacional M\u00e1quina e caminh\u00f5es: Floreano Peixoto, Alberto Torres, Fonseca Ramos, Quissam\u00e3, Pedro Elmer, Lu\u00eds Paulistano,Bernardo de Vasconcelos, Ivio Naliato,Humberto Rovigati, Loteamento samambaia * Capina: Hercides Jos\u00e9 Estrela, Gabriel Vieira&hellip;<\/p>\n<\/div>\n\t\n<a href=\"https:\/\/comdep.com.br\/?p=2675\" class=\"post-details details-type-link\" aria-label=\"Read more about COMDEP trabalhando hoje dia 22\/02\/2020 nos seguintes locais:\">Read more<i class=\"dt-icon-the7-arrow-03\" aria-hidden=\"true\"><\/i><\/a>\n\n<\/div><\/article><article class=\"post project-odd visible post-2665 type-post status-publish format-standard has-post-thumbnail hentry category-home category-1 description-off\" data-name=\"COMDEP trabalhando hoje 21\/02\/2020 nos seguintes locais:\" data-date=\"2020-02-21T10:22:13-03:00\">\n\n<div class=\"post-thumbnail-wrap\">\n\t<div class=\"post-thumbnail\">\n\n\t\t\n\t\t\n\t\t<a href=\"https:\/\/comdep.com.br\/?p=2665\" class=\"post-thumbnail-rollover layzr-bg layzr-bg\" ><img decoding=\"async\" class=\"blog-thumb-lazy-load preload-me lazy-load aspect\" src=\"data:image\/svg+xml,%3Csvg%20xmlns%3D&#39;http%3A%2F%2Fwww.w3.org%2F2000%2Fsvg&#39;%20viewBox%3D&#39;0%200%20438%20292&#39;%2F%3E\" data-src=\"https:\/\/comdep.com.br\/wp-content\/uploads\/2020\/02\/servico-9-e1582291421960-438x292.jpg\" data-srcset=\"https:\/\/comdep.com.br\/wp-content\/uploads\/2020\/02\/servico-9-e1582291421960-438x292.jpg 438w\" loading=\"eager\" style=\"--ratio: 438 \/ 292\" sizes=\"(max-width: 438px) 100vw, 438px\" alt=\"\" title=\"servico\" width=\"438\" height=\"292\"  \/><\/a>\n\t<\/div>\n<\/div>\n\n\n<div class=\"post-entry-content\">\n\n\t<h3 class=\"entry-title\">\n\t\t<a href=\"https:\/\/comdep.com.br\/?p=2665\" title=\"COMDEP trabalhando hoje 21\/02\/2020 nos seguintes locais:\" rel=\"bookmark\">COMDEP trabalhando hoje 21\/02\/2020 nos seguintes locais:<\/a>\n\t<\/h3>\n\n\t<div class=\"entry-meta\"><a href=\"https:\/\/comdep.com.br\/?m=20200221\" title=\"10:22\" class=\"data-link\" rel=\"bookmark\"><time class=\"entry-date updated\" datetime=\"2020-02-21T10:22:13-03:00\">21\/02\/2020<\/time><\/a><\/div>\n\t<div class=\"entry-excerpt\"><p>Distrito Ro\u00e7ada e capina: continua\u00e7\u00e3o Uni\u00e3o e Ind\u00fastria, Entrada do Catubira &nbsp;&nbsp;* M\u00e1quina e caminh\u00f5es: Coletora do Catubira, Coletora Domingos Jos\u00e9 Martins, Coletora Souza Cruz, recolher sacos Uni\u00e3o e Ind\u00fastria &nbsp;* Varri\u00e7\u00e3o di\u00e1ria: Corr\u00eaas, Nogueiras, Araras, Itaipava, Madame Machado, Vila Rica, Pedro do Rio, Secret\u00e1rio * Diretoria Operacional Varri\u00e7\u00e3o: Castel\u00e2nea, Conde D&#8217;Eu, pra\u00e7a Catulo, pra\u00e7a&hellip;<\/p>\n<\/div>\n\t\n<a href=\"https:\/\/comdep.com.br\/?p=2665\" class=\"post-details details-type-link\" aria-label=\"Read more about COMDEP trabalhando hoje 21\/02\/2020 nos seguintes locais:\">Read more<i class=\"dt-icon-the7-arrow-03\" aria-hidden=\"true\"><\/i><\/a>\n\n<\/div><\/article><article class=\"post project-odd visible post-2661 type-post status-publish format-standard has-post-thumbnail hentry category-home category-1 description-off\" data-name=\"COMDEP trabalhando hoje 20\/02\/2020 nos seguintes locais:\" data-date=\"2020-02-20T12:59:20-03:00\">\n\n<div class=\"post-thumbnail-wrap\">\n\t<div class=\"post-thumbnail\">\n\n\t\t\n\t\t\n\t\t<a href=\"https:\/\/comdep.com.br\/?p=2661\" class=\"post-thumbnail-rollover layzr-bg layzr-bg\" ><img decoding=\"async\" class=\"blog-thumb-lazy-load preload-me lazy-load aspect\" src=\"data:image\/svg+xml,%3Csvg%20xmlns%3D&#39;http%3A%2F%2Fwww.w3.org%2F2000%2Fsvg&#39;%20viewBox%3D&#39;0%200%20600%20400&#39;%2F%3E\" data-src=\"https:\/\/comdep.com.br\/wp-content\/uploads\/2020\/02\/servico-8-e1582214340408-600x400.jpg\" data-srcset=\"https:\/\/comdep.com.br\/wp-content\/uploads\/2020\/02\/servico-8-e1582214340408-600x400.jpg 600w, https:\/\/comdep.com.br\/wp-content\/uploads\/2020\/02\/servico-8-e1582214340408-600x399.jpg 600w\" loading=\"eager\" style=\"--ratio: 600 \/ 400\" sizes=\"(max-width: 600px) 100vw, 600px\" alt=\"\" title=\"servico\" width=\"600\" height=\"400\"  \/><\/a>\n\t<\/div>\n<\/div>\n\n\n<div class=\"post-entry-content\">\n\n\t<h3 class=\"entry-title\">\n\t\t<a href=\"https:\/\/comdep.com.br\/?p=2661\" title=\"COMDEP trabalhando hoje 20\/02\/2020 nos seguintes locais:\" rel=\"bookmark\">COMDEP trabalhando hoje 20\/02\/2020 nos seguintes locais:<\/a>\n\t<\/h3>\n\n\t<div class=\"entry-meta\"><a href=\"https:\/\/comdep.com.br\/?m=20200220\" title=\"12:59\" class=\"data-link\" rel=\"bookmark\"><time class=\"entry-date updated\" datetime=\"2020-02-20T12:59:20-03:00\">20\/02\/2020<\/time><\/a><\/div>\n\t<div class=\"entry-excerpt\"><p>Distrito Ro\u00e7ada e capina: continua\u00e7\u00e3o Estrada Uni\u00e3o, Rua Jos\u00e9 de Almeida Lima, Estrada das Arcas M\u00e1quina e caminh\u00f5es: continua\u00e7\u00e3o Castelo S\u00e3o Manoel, retirada de Uni\u00e3o Ind\u00fastria, retirada de Galhos pra\u00e7a de Nogueiras Varri\u00e7\u00e3o di\u00e1ria: Corr\u00eaas, Nogueiras, Araras, Itaipava, Madame Machado, Vila Rica, Pedro do Rio, Secret\u00e1rio Diretoria Operacional Varri\u00e7\u00e3o: Boa vista, Estrada da Saudade, Cascatinha,&hellip;<\/p>\n<\/div>\n\t\n<a href=\"https:\/\/comdep.com.br\/?p=2661\" class=\"post-details details-type-link\" aria-label=\"Read more about COMDEP trabalhando hoje 20\/02\/2020 nos seguintes locais:\">Read more<i class=\"dt-icon-the7-arrow-03\" aria-hidden=\"true\"><\/i><\/a>\n\n<\/div><\/article><article class=\"post project-odd visible post-2648 type-post status-publish format-standard has-post-thumbnail hentry category-home category-1 description-off\" data-name=\"COMDEP trabalhando hoje 19\/02\/2020 nos seguintes locais:\" data-date=\"2020-02-19T11:55:12-03:00\">\n\n<div class=\"post-thumbnail-wrap\">\n\t<div class=\"post-thumbnail\">\n\n\t\t\n\t\t\n\t\t<a href=\"https:\/\/comdep.com.br\/?p=2648\" class=\"post-thumbnail-rollover layzr-bg layzr-bg\" ><img decoding=\"async\" class=\"blog-thumb-lazy-load preload-me lazy-load aspect\" src=\"data:image\/svg+xml,%3Csvg%20xmlns%3D&#39;http%3A%2F%2Fwww.w3.org%2F2000%2Fsvg&#39;%20viewBox%3D&#39;0%200%20507%20338&#39;%2F%3E\" data-src=\"https:\/\/comdep.com.br\/wp-content\/uploads\/2020\/02\/servico-7-e1582124204934-507x338.jpg\" data-srcset=\"https:\/\/comdep.com.br\/wp-content\/uploads\/2020\/02\/servico-7-e1582124204934-507x338.jpg 507w\" loading=\"eager\" style=\"--ratio: 507 \/ 338\" sizes=\"(max-width: 507px) 100vw, 507px\" alt=\"\" title=\"servico\" width=\"507\" height=\"338\"  \/><\/a>\n\t<\/div>\n<\/div>\n\n\n<div class=\"post-entry-content\">\n\n\t<h3 class=\"entry-title\">\n\t\t<a href=\"https:\/\/comdep.com.br\/?p=2648\" title=\"COMDEP trabalhando hoje 19\/02\/2020 nos seguintes locais:\" rel=\"bookmark\">COMDEP trabalhando hoje 19\/02\/2020 nos seguintes locais:<\/a>\n\t<\/h3>\n\n\t<div class=\"entry-meta\"><a href=\"https:\/\/comdep.com.br\/?m=20200219\" title=\"11:55\" class=\"data-link\" rel=\"bookmark\"><time class=\"entry-date updated\" datetime=\"2020-02-19T11:55:12-03:00\">19\/02\/2020<\/time><\/a><\/div>\n\t<div class=\"entry-excerpt\"><p>Distrito &nbsp; Ro\u00e7ada e capina: continua\u00e7\u00e3o Estrada Uni\u00e3o Ind\u00fastria, Parque de Exposi\u00e7\u00e3o &nbsp;* M\u00e1quina e caminh\u00f5es: continua\u00e7\u00e3o Estrada do Gentil, Castelo S\u00e3o Manoel &nbsp;* Varri\u00e7\u00e3o di\u00e1ria: Corr\u00eaas, Nogueiras, Araras, Itaipava, Madame Machado, Vila Rica, Pedro do Rio, Secret\u00e1rio * Diretoria Operacional Varri\u00e7\u00e3o: Vale do Carangola, Cascatinha, Pedro Elmer, Itamarati, Estrada da Saudade, Fonseca Ramos, Ipiranga,&hellip;<\/p>\n<\/div>\n\t\n<a href=\"https:\/\/comdep.com.br\/?p=2648\" class=\"post-details details-type-link\" aria-label=\"Read more about COMDEP trabalhando hoje 19\/02\/2020 nos seguintes locais:\">Read more<i class=\"dt-icon-the7-arrow-03\" aria-hidden=\"true\"><\/i><\/a>\n\n<\/div><\/article><article class=\"post project-odd visible post-2640 type-post status-publish format-standard has-post-thumbnail hentry category-home category-1 description-off\" data-name=\"COMDEP trabalhando hoje 18\/02\/2020 nos seguintes locais:\" data-date=\"2020-02-18T11:24:18-03:00\">\n\n<div class=\"post-thumbnail-wrap\">\n\t<div class=\"post-thumbnail\">\n\n\t\t\n\t\t\n\t\t<a href=\"https:\/\/comdep.com.br\/?p=2640\" class=\"post-thumbnail-rollover layzr-bg layzr-bg\" ><img decoding=\"async\" class=\"blog-thumb-lazy-load preload-me lazy-load aspect\" src=\"data:image\/svg+xml,%3Csvg%20xmlns%3D&#39;http%3A%2F%2Fwww.w3.org%2F2000%2Fsvg&#39;%20viewBox%3D&#39;0%200%20600%20400&#39;%2F%3E\" data-src=\"https:\/\/comdep.com.br\/wp-content\/uploads\/2020\/02\/servico-6-e1582123261765-600x400.jpg\" data-srcset=\"https:\/\/comdep.com.br\/wp-content\/uploads\/2020\/02\/servico-6-e1582123261765-600x400.jpg 600w, https:\/\/comdep.com.br\/wp-content\/uploads\/2020\/02\/servico-6-e1582123261765-600x399.jpg 600w\" loading=\"eager\" style=\"--ratio: 600 \/ 400\" sizes=\"(max-width: 600px) 100vw, 600px\" alt=\"\" title=\"servico\" width=\"600\" height=\"400\"  \/><\/a>\n\t<\/div>\n<\/div>\n\n\n<div class=\"post-entry-content\">\n\n\t<h3 class=\"entry-title\">\n\t\t<a href=\"https:\/\/comdep.com.br\/?p=2640\" title=\"COMDEP trabalhando hoje 18\/02\/2020 nos seguintes locais:\" rel=\"bookmark\">COMDEP trabalhando hoje 18\/02\/2020 nos seguintes locais:<\/a>\n\t<\/h3>\n\n\t<div class=\"entry-meta\"><a href=\"https:\/\/comdep.com.br\/?m=20200218\" title=\"11:24\" class=\"data-link\" rel=\"bookmark\"><time class=\"entry-date updated\" datetime=\"2020-02-18T11:24:18-03:00\">18\/02\/2020<\/time><\/a><\/div>\n\t<div class=\"entry-excerpt\"><p>Diretoria de Obras Obras: vistoria no Conselho Tutelar (tirar d\u00favidas sobre postia\u00e7\u00e3o * Instala\u00e7\u00e3o de tela na Comunidade da Gl\u00f3ria * Instala\u00e7\u00e3o de uma cesta na Comunidade Gl\u00f3ria (Rua Manoel Correa de Mello) * Serralheria: port\u00e3o do Conselho Tutelar (medi\u00e7\u00e3o) &nbsp;Atendendo of\u00edcio * Confec\u00e7\u00e3o de cesta de coletoras na cia * Confec\u00e7\u00e3o de port\u00e3o de&hellip;<\/p>\n<\/div>\n\t\n<a href=\"https:\/\/comdep.com.br\/?p=2640\" class=\"post-details details-type-link\" aria-label=\"Read more about COMDEP trabalhando hoje 18\/02\/2020 nos seguintes locais:\">Read more<i class=\"dt-icon-the7-arrow-03\" aria-hidden=\"true\"><\/i><\/a>\n\n<\/div><\/article><article class=\"post project-odd visible post-2631 type-post status-publish format-standard has-post-thumbnail hentry category-home category-1 description-off\" data-name=\"COMDEP trabalhando hoje 17\/02\/2020 nos seguintes locais:\" data-date=\"2020-02-17T10:10:45-03:00\">\n\n<div class=\"post-thumbnail-wrap\">\n\t<div class=\"post-thumbnail\">\n\n\t\t\n\t\t\n\t\t<a href=\"https:\/\/comdep.com.br\/?p=2631\" class=\"post-thumbnail-rollover layzr-bg layzr-bg\" ><img decoding=\"async\" class=\"blog-thumb-lazy-load preload-me lazy-load aspect\" src=\"data:image\/svg+xml,%3Csvg%20xmlns%3D&#39;http%3A%2F%2Fwww.w3.org%2F2000%2Fsvg&#39;%20viewBox%3D&#39;0%200%20507%20338&#39;%2F%3E\" data-src=\"https:\/\/comdep.com.br\/wp-content\/uploads\/2020\/02\/servico-5-e1581946991251-507x338.jpg\" data-srcset=\"https:\/\/comdep.com.br\/wp-content\/uploads\/2020\/02\/servico-5-e1581946991251-507x338.jpg 507w\" loading=\"eager\" style=\"--ratio: 507 \/ 338\" sizes=\"(max-width: 507px) 100vw, 507px\" alt=\"\" title=\"servico\" width=\"507\" height=\"338\"  \/><\/a>\n\t<\/div>\n<\/div>\n\n\n<div class=\"post-entry-content\">\n\n\t<h3 class=\"entry-title\">\n\t\t<a href=\"https:\/\/comdep.com.br\/?p=2631\" title=\"COMDEP trabalhando hoje 17\/02\/2020 nos seguintes locais:\" rel=\"bookmark\">COMDEP trabalhando hoje 17\/02\/2020 nos seguintes locais:<\/a>\n\t<\/h3>\n\n\t<div class=\"entry-meta\"><a href=\"https:\/\/comdep.com.br\/?m=20200217\" title=\"10:10\" class=\"data-link\" rel=\"bookmark\"><time class=\"entry-date updated\" datetime=\"2020-02-17T10:10:45-03:00\">17\/02\/2020<\/time><\/a><\/div>\n\t<div class=\"entry-excerpt\"><p>Distrito Ro\u00e7ada e capina: Estrada Uni\u00e3o Ind\u00fastria canteiros do Jardim no trevo de Bonsucesso, Parque de Exposi\u00e7\u00e3o &nbsp;&nbsp;* M\u00e1quina e caminh\u00f5es: paralisados no momento &nbsp;* Varri\u00e7\u00e3o di\u00e1ria: Corr\u00eaas, Nogueiras, Araras, Itaipava, Madame Machado, Vila Rica, Pedro do Rio, Secret\u00e1rio * Diretoria Operacional M\u00e1quinas e caminh\u00f5es: Independ\u00eancia, Caxambu, S\u00e3o Norberto, Fabr\u00edcio de Matos, Dias de Oliveira,&hellip;<\/p>\n<\/div>\n\t\n<a href=\"https:\/\/comdep.com.br\/?p=2631\" class=\"post-details details-type-link\" aria-label=\"Read more about COMDEP trabalhando hoje 17\/02\/2020 nos seguintes locais:\">Read more<i class=\"dt-icon-the7-arrow-03\" aria-hidden=\"true\"><\/i><\/a>\n\n<\/div><\/article><article class=\"post project-odd visible post-2628 type-post status-publish format-standard has-post-thumbnail hentry category-home category-1 description-off\" data-name=\"COMDEP trabalhando hoje 16\/02\/2020 nos seguintes locais:\" data-date=\"2020-02-17T09:53:40-03:00\">\n\n<div class=\"post-thumbnail-wrap\">\n\t<div class=\"post-thumbnail\">\n\n\t\t\n\t\t\n\t\t<a href=\"https:\/\/comdep.com.br\/?p=2628\" class=\"post-thumbnail-rollover layzr-bg layzr-bg\" ><img decoding=\"async\" class=\"blog-thumb-lazy-load preload-me lazy-load aspect\" src=\"data:image\/svg+xml,%3Csvg%20xmlns%3D&#39;http%3A%2F%2Fwww.w3.org%2F2000%2Fsvg&#39;%20viewBox%3D&#39;0%200%20600%20400&#39;%2F%3E\" data-src=\"https:\/\/comdep.com.br\/wp-content\/uploads\/2020\/02\/servico-4-e1581943991702-600x400.jpg\" data-srcset=\"https:\/\/comdep.com.br\/wp-content\/uploads\/2020\/02\/servico-4-e1581943991702-600x400.jpg 600w, https:\/\/comdep.com.br\/wp-content\/uploads\/2020\/02\/servico-4-e1581943991702-600x399.jpg 600w\" loading=\"eager\" style=\"--ratio: 600 \/ 400\" sizes=\"(max-width: 600px) 100vw, 600px\" alt=\"\" title=\"servico\" width=\"600\" height=\"400\"  \/><\/a>\n\t<\/div>\n<\/div>\n\n\n<div class=\"post-entry-content\">\n\n\t<h3 class=\"entry-title\">\n\t\t<a href=\"https:\/\/comdep.com.br\/?p=2628\" title=\"COMDEP trabalhando hoje 16\/02\/2020 nos seguintes locais:\" rel=\"bookmark\">COMDEP trabalhando hoje 16\/02\/2020 nos seguintes locais:<\/a>\n\t<\/h3>\n\n\t<div class=\"entry-meta\"><a href=\"https:\/\/comdep.com.br\/?m=20200217\" title=\"09:53\" class=\"data-link\" rel=\"bookmark\"><time class=\"entry-date updated\" datetime=\"2020-02-17T09:53:40-03:00\">17\/02\/2020<\/time><\/a><\/div>\n\t<div class=\"entry-excerpt\"><p>Diretoria de Limpeza P\u00fablica Varri\u00e7\u00e3o (das 07:00 at\u00e9 11:00) turma da manh\u00e3: Centro, Centro Hist\u00f3rico, Rua Teresa, Pra\u00e7a da Liberdade, Mosela, Bingen, Bar\u00e3o do Rio Branco, Cascatinha, Itamarati, Quissam\u00e3, Alto da Serra, Morim, pra\u00e7a Pasteur e Quitandinha * Varri\u00e7\u00e3o: feira livre do Alto da Serra * (03) funcion\u00e1rios trabalhando na feira livre do Alto da&hellip;<\/p>\n<\/div>\n\t\n<a href=\"https:\/\/comdep.com.br\/?p=2628\" class=\"post-details details-type-link\" aria-label=\"Read more about COMDEP trabalhando hoje 16\/02\/2020 nos seguintes locais:\">Read more<i class=\"dt-icon-the7-arrow-03\" aria-hidden=\"true\"><\/i><\/a>\n\n<\/div><\/article><article class=\"post project-odd visible post-2625 type-post status-publish format-standard has-post-thumbnail hentry category-home category-1 description-off\" data-name=\"COMDEP trabalhando hoje 15\/02\/2020 nos seguintes locais:\" data-date=\"2020-02-17T09:39:01-03:00\">\n\n<div class=\"post-thumbnail-wrap\">\n\t<div class=\"post-thumbnail\">\n\n\t\t\n\t\t\n\t\t<a href=\"https:\/\/comdep.com.br\/?p=2625\" class=\"post-thumbnail-rollover layzr-bg layzr-bg\" ><img decoding=\"async\" class=\"blog-thumb-lazy-load preload-me lazy-load aspect\" src=\"data:image\/svg+xml,%3Csvg%20xmlns%3D&#39;http%3A%2F%2Fwww.w3.org%2F2000%2Fsvg&#39;%20viewBox%3D&#39;0%200%20600%20400&#39;%2F%3E\" data-src=\"https:\/\/comdep.com.br\/wp-content\/uploads\/2020\/02\/servico-3-e1581942888119-600x400.jpg\" data-srcset=\"https:\/\/comdep.com.br\/wp-content\/uploads\/2020\/02\/servico-3-e1581942888119-600x400.jpg 600w, https:\/\/comdep.com.br\/wp-content\/uploads\/2020\/02\/servico-3-e1581942888119-600x399.jpg 600w\" loading=\"eager\" style=\"--ratio: 600 \/ 400\" sizes=\"(max-width: 600px) 100vw, 600px\" alt=\"\" title=\"servico\" width=\"600\" height=\"400\"  \/><\/a>\n\t<\/div>\n<\/div>\n\n\n<div class=\"post-entry-content\">\n\n\t<h3 class=\"entry-title\">\n\t\t<a href=\"https:\/\/comdep.com.br\/?p=2625\" title=\"COMDEP trabalhando hoje 15\/02\/2020 nos seguintes locais:\" rel=\"bookmark\">COMDEP trabalhando hoje 15\/02\/2020 nos seguintes locais:<\/a>\n\t<\/h3>\n\n\t<div class=\"entry-meta\"><a href=\"https:\/\/comdep.com.br\/?m=20200217\" title=\"09:39\" class=\"data-link\" rel=\"bookmark\"><time class=\"entry-date updated\" datetime=\"2020-02-17T09:39:01-03:00\">17\/02\/2020<\/time><\/a><\/div>\n\t<div class=\"entry-excerpt\"><p>Diretoria de Obras Instala\u00e7\u00e3o de placa proibitiva nos bairros Dr. Thouzet e Bingen * Retirada de lixo verde no Loteamento Samambaia e Humberto Rovigatti * Constru\u00e7\u00e3o de gaiola nas depend\u00eancias da Cia (oficina) * * EM TEMPO: SERVI\u00c7O SENDO REALIZADO NAS DEPEND\u00caNCIAS DO PAL\u00c1CIO S\u00c9RGIO FADEL * Diretoria de Limpeza Urbana Caminh\u00e3o (C20) recolhimento de&hellip;<\/p>\n<\/div>\n\t\n<a href=\"https:\/\/comdep.com.br\/?p=2625\" class=\"post-details details-type-link\" aria-label=\"Read more about COMDEP trabalhando hoje 15\/02\/2020 nos seguintes locais:\">Read more<i class=\"dt-icon-the7-arrow-03\" aria-hidden=\"true\"><\/i><\/a>\n\n<\/div><\/article><article class=\"post project-odd visible post-2607 type-post status-publish format-standard has-post-thumbnail hentry category-home category-1 description-off\" data-name=\"COMDEP trabalhando hoje 14\/02\/2020 nos seguintes locais:\" data-date=\"2020-02-14T10:59:37-03:00\">\n\n<div class=\"post-thumbnail-wrap\">\n\t<div class=\"post-thumbnail\">\n\n\t\t\n\t\t\n\t\t<a href=\"https:\/\/comdep.com.br\/?p=2607\" class=\"post-thumbnail-rollover layzr-bg layzr-bg\" ><img decoding=\"async\" class=\"blog-thumb-lazy-load preload-me lazy-load aspect\" src=\"data:image\/svg+xml,%3Csvg%20xmlns%3D&#39;http%3A%2F%2Fwww.w3.org%2F2000%2Fsvg&#39;%20viewBox%3D&#39;0%200%20507%20338&#39;%2F%3E\" data-src=\"https:\/\/comdep.com.br\/wp-content\/uploads\/2020\/02\/servico-7-e1581689473293-507x338.jpeg\" data-srcset=\"https:\/\/comdep.com.br\/wp-content\/uploads\/2020\/02\/servico-7-e1581689473293-507x338.jpeg 507w\" loading=\"eager\" style=\"--ratio: 507 \/ 338\" sizes=\"(max-width: 507px) 100vw, 507px\" alt=\"\" title=\"servico\" width=\"507\" height=\"338\"  \/><\/a>\n\t<\/div>\n<\/div>\n\n\n<div class=\"post-entry-content\">\n\n\t<h3 class=\"entry-title\">\n\t\t<a href=\"https:\/\/comdep.com.br\/?p=2607\" title=\"COMDEP trabalhando hoje 14\/02\/2020 nos seguintes locais:\" rel=\"bookmark\">COMDEP trabalhando hoje 14\/02\/2020 nos seguintes locais:<\/a>\n\t<\/h3>\n\n\t<div class=\"entry-meta\"><a href=\"https:\/\/comdep.com.br\/?m=20200214\" title=\"10:59\" class=\"data-link\" rel=\"bookmark\"><time class=\"entry-date updated\" datetime=\"2020-02-14T10:59:37-03:00\">14\/02\/2020<\/time><\/a><\/div>\n\t<div class=\"entry-excerpt\"><p>Distrito Ro\u00e7ada e capina: continua\u00e7\u00e3o Estrada do Ribeir\u00e3o ( dependendo do tempo), Parque de Exposi\u00e7\u00e3o * M\u00e1quina e caminh\u00f5es: continua\u00e7\u00e3o Castelo S\u00e3o Manoel, Parque Bonclima * Varri\u00e7\u00e3o di\u00e1ria: Corr\u00eaas, Nogueiras, Araras, Itaipava, Madame Machado, Vila Rica, Pedro do Rio, Secret\u00e1rio * Diretoria Operacional Caminh\u00e3o ( C20 ) recolhimento de sacos de varri\u00e7\u00e3o: Quitandinha, Coronel Veiga,&hellip;<\/p>\n<\/div>\n\t\n<a href=\"https:\/\/comdep.com.br\/?p=2607\" class=\"post-details details-type-link\" aria-label=\"Read more about COMDEP trabalhando hoje 14\/02\/2020 nos seguintes locais:\">Read more<i class=\"dt-icon-the7-arrow-03\" aria-hidden=\"true\"><\/i><\/a>\n\n<\/div><\/article><article class=\"post project-odd visible post-2589 type-post status-publish format-standard has-post-thumbnail hentry category-home category-1 description-off\" data-name=\"COMDEP trabalhando hoje 13\/02\/2020 nos seguintes locais:\" data-date=\"2020-02-13T09:31:03-03:00\">\n\n<div class=\"post-thumbnail-wrap\">\n\t<div class=\"post-thumbnail\">\n\n\t\t\n\t\t\n\t\t<a href=\"https:\/\/comdep.com.br\/?p=2589\" class=\"post-thumbnail-rollover layzr-bg layzr-bg\" ><img decoding=\"async\" class=\"blog-thumb-lazy-load preload-me lazy-load aspect\" src=\"data:image\/svg+xml,%3Csvg%20xmlns%3D&#39;http%3A%2F%2Fwww.w3.org%2F2000%2Fsvg&#39;%20viewBox%3D&#39;0%200%20600%20400&#39;%2F%3E\" data-src=\"https:\/\/comdep.com.br\/wp-content\/uploads\/2020\/02\/servico-8-e1581689711523-600x400.jpeg\" data-srcset=\"https:\/\/comdep.com.br\/wp-content\/uploads\/2020\/02\/servico-8-e1581689711523-600x400.jpeg 600w, https:\/\/comdep.com.br\/wp-content\/uploads\/2020\/02\/servico-8-e1581689711523-600x399.jpeg 600w\" loading=\"eager\" style=\"--ratio: 600 \/ 400\" sizes=\"(max-width: 600px) 100vw, 600px\" alt=\"\" title=\"servico\" width=\"600\" height=\"400\"  \/><\/a>\n\t<\/div>\n<\/div>\n\n\n<div class=\"post-entry-content\">\n\n\t<h3 class=\"entry-title\">\n\t\t<a href=\"https:\/\/comdep.com.br\/?p=2589\" title=\"COMDEP trabalhando hoje 13\/02\/2020 nos seguintes locais:\" rel=\"bookmark\">COMDEP trabalhando hoje 13\/02\/2020 nos seguintes locais:<\/a>\n\t<\/h3>\n\n\t<div class=\"entry-meta\"><a href=\"https:\/\/comdep.com.br\/?m=20200213\" title=\"09:31\" class=\"data-link\" rel=\"bookmark\"><time class=\"entry-date updated\" datetime=\"2020-02-13T09:31:03-03:00\">13\/02\/2020<\/time><\/a><\/div>\n\t<div class=\"entry-excerpt\"><p>Distrito Ro\u00e7ada e capina: continua\u00e7\u00e3o Ribeir\u00e3o (dependendo do tempo), Parque de Exposi\u00e7\u00e3o * M\u00e1quina e caminh\u00f5es: continua\u00e7\u00e3o Castelo S\u00e3o Manoel e Parque Bom Clima * Varri\u00e7\u00e3o di\u00e1ria: Corr\u00eaas, Nogueiras, Araras, Itaipava, Madame Machado, Vila Rica, Pedro do Rio, Secret\u00e1rio * Diretoria Operacional M\u00e1quinas e caminh\u00f5es: S\u00e3o Norberto, Duarte da Silveira, Castrioto, Rua Tereza, Alintor Werneck,&hellip;<\/p>\n<\/div>\n\t\n<a href=\"https:\/\/comdep.com.br\/?p=2589\" class=\"post-details details-type-link\" aria-label=\"Read more about COMDEP trabalhando hoje 13\/02\/2020 nos seguintes locais:\">Read more<i class=\"dt-icon-the7-arrow-03\" aria-hidden=\"true\"><\/i><\/a>\n\n<\/div><\/article><article class=\"post project-odd visible post-2577 type-post status-publish format-standard has-post-thumbnail hentry category-home category-1 description-off\" data-name=\"COMDEP trabalhando hoje 12\/02\/2020 nos seguintes locais:\" data-date=\"2020-02-12T11:15:16-03:00\">\n\n<div class=\"post-thumbnail-wrap\">\n\t<div class=\"post-thumbnail\">\n\n\t\t\n\t\t\n\t\t<a href=\"https:\/\/comdep.com.br\/?p=2577\" class=\"post-thumbnail-rollover layzr-bg layzr-bg\" ><img decoding=\"async\" class=\"blog-thumb-lazy-load preload-me lazy-load aspect\" src=\"data:image\/svg+xml,%3Csvg%20xmlns%3D&#39;http%3A%2F%2Fwww.w3.org%2F2000%2Fsvg&#39;%20viewBox%3D&#39;0%200%20507%20338&#39;%2F%3E\" data-src=\"https:\/\/comdep.com.br\/wp-content\/uploads\/2020\/02\/servico-2-e1581517082819-507x338.jpg\" data-srcset=\"https:\/\/comdep.com.br\/wp-content\/uploads\/2020\/02\/servico-2-e1581517082819-507x338.jpg 507w\" loading=\"eager\" style=\"--ratio: 507 \/ 338\" sizes=\"(max-width: 507px) 100vw, 507px\" alt=\"\" title=\"servico\" width=\"507\" height=\"338\"  \/><\/a>\n\t<\/div>\n<\/div>\n\n\n<div class=\"post-entry-content\">\n\n\t<h3 class=\"entry-title\">\n\t\t<a href=\"https:\/\/comdep.com.br\/?p=2577\" title=\"COMDEP trabalhando hoje 12\/02\/2020 nos seguintes locais:\" rel=\"bookmark\">COMDEP trabalhando hoje 12\/02\/2020 nos seguintes locais:<\/a>\n\t<\/h3>\n\n\t<div class=\"entry-meta\"><a href=\"https:\/\/comdep.com.br\/?m=20200212\" title=\"11:15\" class=\"data-link\" rel=\"bookmark\"><time class=\"entry-date updated\" datetime=\"2020-02-12T11:15:16-03:00\">12\/02\/2020<\/time><\/a><\/div>\n\t<div class=\"entry-excerpt\"><p>Distrito Ro\u00e7ada e capina: continua\u00e7\u00e3o Estrada do Ribeir\u00e3o, Parque de Exposi\u00e7\u00e3o * M\u00e1quina e caminh\u00f5es: retirada de \u00c1rvore na rua Jos\u00e9 de Oliveira Botelho, Coletora do Catubira, continua\u00e7\u00e3o Castelo S\u00e3o Manoel * Varri\u00e7\u00e3o di\u00e1ria: Corr\u00eaas, Nogueiras, Araras, Itaipava, Madame Machado, Vila Rica, Pedro do Rio, Secret\u00e1rio &nbsp;* Diretoria Operacional Devido \u00e0 chuva algumas altera\u00e7\u00f5es dos&hellip;<\/p>\n<\/div>\n\t\n<a href=\"https:\/\/comdep.com.br\/?p=2577\" class=\"post-details details-type-link\" aria-label=\"Read more about COMDEP trabalhando hoje 12\/02\/2020 nos seguintes locais:\">Read more<i class=\"dt-icon-the7-arrow-03\" aria-hidden=\"true\"><\/i><\/a>\n\n<\/div><\/article><article class=\"post project-odd visible post-2568 type-post status-publish format-standard has-post-thumbnail hentry category-home category-1 description-off\" data-name=\"COMDEP trabalhando hoje 11\/02\/2020 nos seguintes locais:\" data-date=\"2020-02-11T11:15:33-03:00\">\n\n<div class=\"post-thumbnail-wrap\">\n\t<div class=\"post-thumbnail\">\n\n\t\t\n\t\t\n\t\t<a href=\"https:\/\/comdep.com.br\/?p=2568\" class=\"post-thumbnail-rollover layzr-bg layzr-bg\" ><img decoding=\"async\" class=\"blog-thumb-lazy-load preload-me lazy-load aspect\" src=\"data:image\/svg+xml,%3Csvg%20xmlns%3D&#39;http%3A%2F%2Fwww.w3.org%2F2000%2Fsvg&#39;%20viewBox%3D&#39;0%200%20600%20400&#39;%2F%3E\" data-src=\"https:\/\/comdep.com.br\/wp-content\/uploads\/2020\/02\/servico-1-e1581430628406-600x400.jpg\" data-srcset=\"https:\/\/comdep.com.br\/wp-content\/uploads\/2020\/02\/servico-1-e1581430628406-600x400.jpg 600w, https:\/\/comdep.com.br\/wp-content\/uploads\/2020\/02\/servico-1-e1581430628406-600x399.jpg 600w\" loading=\"eager\" style=\"--ratio: 600 \/ 400\" sizes=\"(max-width: 600px) 100vw, 600px\" alt=\"\" title=\"servico\" width=\"600\" height=\"400\"  \/><\/a>\n\t<\/div>\n<\/div>\n\n\n<div class=\"post-entry-content\">\n\n\t<h3 class=\"entry-title\">\n\t\t<a href=\"https:\/\/comdep.com.br\/?p=2568\" title=\"COMDEP trabalhando hoje 11\/02\/2020 nos seguintes locais:\" rel=\"bookmark\">COMDEP trabalhando hoje 11\/02\/2020 nos seguintes locais:<\/a>\n\t<\/h3>\n\n\t<div class=\"entry-meta\"><a href=\"https:\/\/comdep.com.br\/?m=20200211\" title=\"11:15\" class=\"data-link\" rel=\"bookmark\"><time class=\"entry-date updated\" datetime=\"2020-02-11T11:15:33-03:00\">11\/02\/2020<\/time><\/a><\/div>\n\t<div class=\"entry-excerpt\"><p>Distrito Ro\u00e7ada e capina: Itaipava* M\u00e1quina e caminh\u00f5es: S\u00e3o Sebasti\u00e3o, Caxambu, Comdep Cel Veiga..* Varri\u00e7\u00e3o di\u00e1ria: Corr\u00eaas, Nogueiras, Araras, Itaipava, Madame Machado, Vila Rica, Pedro do Rio, Secret\u00e1rio * Servi\u00e7os paralisados devido \u00e0 chuva Diretoria Operacional Devido \u00e0 chuva encaminhamos nossas turmas de Capina e Ro\u00e7ada para Itaipava * M\u00e1quinas e caminh\u00f5es: S\u00e3o Sebasti\u00e3o, Caxambu,&hellip;<\/p>\n<\/div>\n\t\n<a href=\"https:\/\/comdep.com.br\/?p=2568\" class=\"post-details details-type-link\" aria-label=\"Read more about COMDEP trabalhando hoje 11\/02\/2020 nos seguintes locais:\">Read more<i class=\"dt-icon-the7-arrow-03\" aria-hidden=\"true\"><\/i><\/a>\n\n<\/div><\/article><article class=\"post project-odd visible post-2553 type-post status-publish format-standard has-post-thumbnail hentry category-home category-1 description-off\" data-name=\"COMDEP trabalhando hoje 10\/02\/2020 nos seguintes locais:\" data-date=\"2020-02-10T11:39:14-03:00\">\n\n<div class=\"post-thumbnail-wrap\">\n\t<div class=\"post-thumbnail\">\n\n\t\t\n\t\t\n\t\t<a href=\"https:\/\/comdep.com.br\/?p=2553\" class=\"post-thumbnail-rollover layzr-bg layzr-bg\" ><img decoding=\"async\" class=\"blog-thumb-lazy-load preload-me lazy-load aspect\" src=\"data:image\/svg+xml,%3Csvg%20xmlns%3D&#39;http%3A%2F%2Fwww.w3.org%2F2000%2Fsvg&#39;%20viewBox%3D&#39;0%200%20600%20400&#39;%2F%3E\" data-src=\"https:\/\/comdep.com.br\/wp-content\/uploads\/2020\/02\/servico-6-e1581345732783-600x400.jpeg\" data-srcset=\"https:\/\/comdep.com.br\/wp-content\/uploads\/2020\/02\/servico-6-e1581345732783-600x400.jpeg 600w, https:\/\/comdep.com.br\/wp-content\/uploads\/2020\/02\/servico-6-e1581345732783-600x399.jpeg 600w\" loading=\"eager\" style=\"--ratio: 600 \/ 400\" sizes=\"(max-width: 600px) 100vw, 600px\" alt=\"\" title=\"servico\" width=\"600\" height=\"400\"  \/><\/a>\n\t<\/div>\n<\/div>\n\n\n<div class=\"post-entry-content\">\n\n\t<h3 class=\"entry-title\">\n\t\t<a href=\"https:\/\/comdep.com.br\/?p=2553\" title=\"COMDEP trabalhando hoje 10\/02\/2020 nos seguintes locais:\" rel=\"bookmark\">COMDEP trabalhando hoje 10\/02\/2020 nos seguintes locais:<\/a>\n\t<\/h3>\n\n\t<div class=\"entry-meta\"><a href=\"https:\/\/comdep.com.br\/?m=20200210\" title=\"11:39\" class=\"data-link\" rel=\"bookmark\"><time class=\"entry-date updated\" datetime=\"2020-02-10T11:39:14-03:00\">10\/02\/2020<\/time><\/a><\/div>\n\t<div class=\"entry-excerpt\"><p>Diretoria de Obras Obras: Troca de Coletora Em Pedro Do Rio, Reconstru\u00e7\u00e3o de 2 Bases em Pedro do Rio * Pintura: Ponte no Cremerie, Pra\u00e7a Wolney Aguiar * El\u00e9trica: Vistoria nos Chafarizes e Ponte Cremerie * Serralheria: Desmontar Ponte do Cremerie e Confec\u00e7\u00e3o de Cestas Coletoras na Cia * Carpintaria: Montagem de Brinquedos e apoio&hellip;<\/p>\n<\/div>\n\t\n<a href=\"https:\/\/comdep.com.br\/?p=2553\" class=\"post-details details-type-link\" aria-label=\"Read more about COMDEP trabalhando hoje 10\/02\/2020 nos seguintes locais:\">Read more<i class=\"dt-icon-the7-arrow-03\" aria-hidden=\"true\"><\/i><\/a>\n\n<\/div><\/article><article class=\"post project-odd visible post-2549 type-post status-publish format-standard has-post-thumbnail hentry category-home category-1 description-off\" data-name=\"COMDEP trabalhando hoje 09\/02\/2020 nos seguintes locais:\" data-date=\"2020-02-10T10:57:28-03:00\">\n\n<div class=\"post-thumbnail-wrap\">\n\t<div class=\"post-thumbnail\">\n\n\t\t\n\t\t\n\t\t<a href=\"https:\/\/comdep.com.br\/?p=2549\" class=\"post-thumbnail-rollover layzr-bg layzr-bg\" ><img decoding=\"async\" class=\"blog-thumb-lazy-load preload-me lazy-load aspect\" src=\"data:image\/svg+xml,%3Csvg%20xmlns%3D&#39;http%3A%2F%2Fwww.w3.org%2F2000%2Fsvg&#39;%20viewBox%3D&#39;0%200%20600%20400&#39;%2F%3E\" data-src=\"https:\/\/comdep.com.br\/wp-content\/uploads\/2020\/02\/servico-5-e1581344245130-600x400.jpeg\" data-srcset=\"https:\/\/comdep.com.br\/wp-content\/uploads\/2020\/02\/servico-5-e1581344245130-600x400.jpeg 600w, https:\/\/comdep.com.br\/wp-content\/uploads\/2020\/02\/servico-5-e1581344245130-600x399.jpeg 600w\" loading=\"eager\" style=\"--ratio: 600 \/ 400\" sizes=\"(max-width: 600px) 100vw, 600px\" alt=\"\" title=\"servico\" width=\"600\" height=\"400\"  \/><\/a>\n\t<\/div>\n<\/div>\n\n\n<div class=\"post-entry-content\">\n\n\t<h3 class=\"entry-title\">\n\t\t<a href=\"https:\/\/comdep.com.br\/?p=2549\" title=\"COMDEP trabalhando hoje 09\/02\/2020 nos seguintes locais:\" rel=\"bookmark\">COMDEP trabalhando hoje 09\/02\/2020 nos seguintes locais:<\/a>\n\t<\/h3>\n\n\t<div class=\"entry-meta\"><a href=\"https:\/\/comdep.com.br\/?m=20200210\" title=\"10:57\" class=\"data-link\" rel=\"bookmark\"><time class=\"entry-date updated\" datetime=\"2020-02-10T10:57:28-03:00\">10\/02\/2020<\/time><\/a><\/div>\n\t<div class=\"entry-excerpt\"><p>Eventos Retirar barracas em Nogueira e tablado, Deguste, pra\u00e7a Alcindo Sodr\u00e9 e montar 1 barraca na pra\u00e7a D Pedro * Diretoria de Limpeza Urbana Varri\u00e7\u00e3o (das 07:00 at\u00e9 11:00) turma da manh\u00e3: Centro, Centro Hist\u00f3rico, Rua Teresa, Pra\u00e7a da Liberdade, Mosela, Bingen, 13 de Maio, Bar\u00e3o do Rio Branco, Cascatinha, Itamarati, Quissam\u00e3, Alto da Serra,&hellip;<\/p>\n<\/div>\n\t\n<a href=\"https:\/\/comdep.com.br\/?p=2549\" class=\"post-details details-type-link\" aria-label=\"Read more about COMDEP trabalhando hoje 09\/02\/2020 nos seguintes locais:\">Read more<i class=\"dt-icon-the7-arrow-03\" aria-hidden=\"true\"><\/i><\/a>\n\n<\/div><\/article><article class=\"post project-odd visible post-2535 type-post status-publish format-standard has-post-thumbnail hentry category-home category-1 description-off\" data-name=\"COMDEP trabalhando hoje 07\/02\/2020 nos seguintes locais:\" data-date=\"2020-02-07T10:56:05-03:00\">\n\n<div class=\"post-thumbnail-wrap\">\n\t<div class=\"post-thumbnail\">\n\n\t\t\n\t\t\n\t\t<a href=\"https:\/\/comdep.com.br\/?p=2535\" class=\"post-thumbnail-rollover layzr-bg layzr-bg\" ><img decoding=\"async\" class=\"blog-thumb-lazy-load preload-me lazy-load aspect\" src=\"data:image\/svg+xml,%3Csvg%20xmlns%3D&#39;http%3A%2F%2Fwww.w3.org%2F2000%2Fsvg&#39;%20viewBox%3D&#39;0%200%20600%20400&#39;%2F%3E\" data-src=\"https:\/\/comdep.com.br\/wp-content\/uploads\/2020\/02\/servico-4-e1581084666846-600x400.jpeg\" data-srcset=\"https:\/\/comdep.com.br\/wp-content\/uploads\/2020\/02\/servico-4-e1581084666846-600x400.jpeg 600w, https:\/\/comdep.com.br\/wp-content\/uploads\/2020\/02\/servico-4-e1581084666846-600x399.jpeg 600w\" loading=\"eager\" style=\"--ratio: 600 \/ 400\" sizes=\"(max-width: 600px) 100vw, 600px\" alt=\"\" title=\"servico\" width=\"600\" height=\"400\"  \/><\/a>\n\t<\/div>\n<\/div>\n\n\n<div class=\"post-entry-content\">\n\n\t<h3 class=\"entry-title\">\n\t\t<a href=\"https:\/\/comdep.com.br\/?p=2535\" title=\"COMDEP trabalhando hoje 07\/02\/2020 nos seguintes locais:\" rel=\"bookmark\">COMDEP trabalhando hoje 07\/02\/2020 nos seguintes locais:<\/a>\n\t<\/h3>\n\n\t<div class=\"entry-meta\"><a href=\"https:\/\/comdep.com.br\/?m=20200207\" title=\"10:56\" class=\"data-link\" rel=\"bookmark\"><time class=\"entry-date updated\" datetime=\"2020-02-07T10:56:05-03:00\">07\/02\/2020<\/time><\/a><\/div>\n\t<div class=\"entry-excerpt\"><p>Distrito Ro\u00e7ada e capina: Rua Braz Rossi, continua\u00e7\u00e3o, Parque de Exposi\u00e7\u00e3o * M\u00e1quina e caminh\u00f5es: continua\u00e7\u00e3o Castelo S\u00e3o Manoel e rua Braz Rossi Nogueiras * Varri\u00e7\u00e3o di\u00e1ria: Corr\u00eaas, Nogueiras, Araras, Itaipava, Madame Machado, Vila Rica, Pedro do Rio, Secret\u00e1rio * Diretoria Operacional M\u00e1quinas e caminh\u00f5es: Raul Veiga, Thouzet, Joaquim Ces\u00e1rio, Chapa Quatro, Get\u00falio Vargas, S\u00e3o&hellip;<\/p>\n<\/div>\n\t\n<a href=\"https:\/\/comdep.com.br\/?p=2535\" class=\"post-details details-type-link\" aria-label=\"Read more about COMDEP trabalhando hoje 07\/02\/2020 nos seguintes locais:\">Read more<i class=\"dt-icon-the7-arrow-03\" aria-hidden=\"true\"><\/i><\/a>\n\n<\/div><\/article><article class=\"post project-odd visible post-2531 type-post status-publish format-standard has-post-thumbnail hentry category-home category-1 description-off\" data-name=\"COMDEP trabalhando hoje 06\/02\/2020 nos seguintes locais:\" data-date=\"2020-02-06T15:08:02-03:00\">\n\n<div class=\"post-thumbnail-wrap\">\n\t<div class=\"post-thumbnail\">\n\n\t\t\n\t\t\n\t\t<a href=\"https:\/\/comdep.com.br\/?p=2531\" class=\"post-thumbnail-rollover layzr-bg layzr-bg\" ><img decoding=\"async\" class=\"blog-thumb-lazy-load preload-me lazy-load aspect\" src=\"data:image\/svg+xml,%3Csvg%20xmlns%3D&#39;http%3A%2F%2Fwww.w3.org%2F2000%2Fsvg&#39;%20viewBox%3D&#39;0%200%20600%20400&#39;%2F%3E\" data-src=\"https:\/\/comdep.com.br\/wp-content\/uploads\/2020\/02\/servico-e1581012761336-600x400.jpg\" data-srcset=\"https:\/\/comdep.com.br\/wp-content\/uploads\/2020\/02\/servico-e1581012761336-600x400.jpg 600w, https:\/\/comdep.com.br\/wp-content\/uploads\/2020\/02\/servico-e1581012761336-600x399.jpg 600w\" loading=\"eager\" style=\"--ratio: 600 \/ 400\" sizes=\"(max-width: 600px) 100vw, 600px\" alt=\"\" title=\"servico\" width=\"600\" height=\"400\"  \/><\/a>\n\t<\/div>\n<\/div>\n\n\n<div class=\"post-entry-content\">\n\n\t<h3 class=\"entry-title\">\n\t\t<a href=\"https:\/\/comdep.com.br\/?p=2531\" title=\"COMDEP trabalhando hoje 06\/02\/2020 nos seguintes locais:\" rel=\"bookmark\">COMDEP trabalhando hoje 06\/02\/2020 nos seguintes locais:<\/a>\n\t<\/h3>\n\n\t<div class=\"entry-meta\"><a href=\"https:\/\/comdep.com.br\/?m=20200206\" title=\"15:08\" class=\"data-link\" rel=\"bookmark\"><time class=\"entry-date updated\" datetime=\"2020-02-06T15:08:02-03:00\">06\/02\/2020<\/time><\/a><\/div>\n\t<div class=\"entry-excerpt\"><p>Distrito Ro\u00e7ada e Capina: continua\u00e7\u00e3o Estrada do Ribeir\u00e3o, Parque de Exposi\u00e7\u00e3o. M\u00e1quina e Caminh\u00f5es Castelo S\u00e3o Manoel. Varri\u00e7\u00e3o di\u00e1ria Corr\u00eaas, Nogueiras, Araras, Itaipava, Madame Machado, Vila Rica, Pedro do Rio, Secret\u00e1rio. * Diretoria Operacional M\u00e1quinas e caminh\u00f5es: Rio de Janeiro, Minas Gerais, Mato Grosso, Goi\u00e1s, Sim\u00e9ria, Morin, Vila Felipe.. * Caminh\u00e3o Poli Guindaste: Independ\u00eancia, Rua&hellip;<\/p>\n<\/div>\n\t\n<a href=\"https:\/\/comdep.com.br\/?p=2531\" class=\"post-details details-type-link\" aria-label=\"Read more about COMDEP trabalhando hoje 06\/02\/2020 nos seguintes locais:\">Read more<i class=\"dt-icon-the7-arrow-03\" aria-hidden=\"true\"><\/i><\/a>\n\n<\/div><\/article><article class=\"post project-odd visible post-2522 type-post status-publish format-standard has-post-thumbnail hentry category-home category-1 description-off\" data-name=\"COMDEP trabalhando hoje 05\/02\/2020 nos seguintes locais:\" data-date=\"2020-02-05T10:04:21-03:00\">\n\n<div class=\"post-thumbnail-wrap\">\n\t<div class=\"post-thumbnail\">\n\n\t\t\n\t\t\n\t\t<a href=\"https:\/\/comdep.com.br\/?p=2522\" class=\"post-thumbnail-rollover layzr-bg layzr-bg\" ><img decoding=\"async\" class=\"blog-thumb-lazy-load preload-me lazy-load aspect\" src=\"data:image\/svg+xml,%3Csvg%20xmlns%3D&#39;http%3A%2F%2Fwww.w3.org%2F2000%2Fsvg&#39;%20viewBox%3D&#39;0%200%20438%20292&#39;%2F%3E\" data-src=\"https:\/\/comdep.com.br\/wp-content\/uploads\/2020\/02\/servico-3-e1580907903971-438x292.jpeg\" data-srcset=\"https:\/\/comdep.com.br\/wp-content\/uploads\/2020\/02\/servico-3-e1580907903971-438x292.jpeg 438w\" loading=\"eager\" style=\"--ratio: 438 \/ 292\" sizes=\"(max-width: 438px) 100vw, 438px\" alt=\"\" title=\"servico\" width=\"438\" height=\"292\"  \/><\/a>\n\t<\/div>\n<\/div>\n\n\n<div class=\"post-entry-content\">\n\n\t<h3 class=\"entry-title\">\n\t\t<a href=\"https:\/\/comdep.com.br\/?p=2522\" title=\"COMDEP trabalhando hoje 05\/02\/2020 nos seguintes locais:\" rel=\"bookmark\">COMDEP trabalhando hoje 05\/02\/2020 nos seguintes locais:<\/a>\n\t<\/h3>\n\n\t<div class=\"entry-meta\"><a href=\"https:\/\/comdep.com.br\/?m=20200205\" title=\"10:04\" class=\"data-link\" rel=\"bookmark\"><time class=\"entry-date updated\" datetime=\"2020-02-05T10:04:21-03:00\">05\/02\/2020<\/time><\/a><\/div>\n\t<div class=\"entry-excerpt\"><p>Diretoria Operacional M\u00e1quinas e caminh\u00f5es: Rio de Janeiro, Vicenzo Riveti, Morin, Vila Felipe * Caminh\u00e3o Poli Guindaste: Independ\u00eancia, Rua do Encanto * Caminh\u00e3o D 08: Centro Hist\u00f3rico e turmas * Capina e ro\u00e7ada: Monte Caseiros, Rua Tereza, Vila Felipe, Vicenzo Riveti, Parq. S\u00e3o Vicente, Rua Encanto,Ang\u00e9lica Lopes de Castro, Henrique Rafard, Av. Portugal, Get\u00falio Vargas,&hellip;<\/p>\n<\/div>\n\t\n<a href=\"https:\/\/comdep.com.br\/?p=2522\" class=\"post-details details-type-link\" aria-label=\"Read more about COMDEP trabalhando hoje 05\/02\/2020 nos seguintes locais:\">Read more<i class=\"dt-icon-the7-arrow-03\" aria-hidden=\"true\"><\/i><\/a>\n\n<\/div><\/article><article class=\"post project-odd visible post-2514 type-post status-publish format-standard has-post-thumbnail hentry category-home category-1 description-off\" data-name=\"COMDEP trabalhando hoje 04\/02\/2020 nos seguintes locais:\" data-date=\"2020-02-04T11:50:34-03:00\">\n\n<div class=\"post-thumbnail-wrap\">\n\t<div class=\"post-thumbnail\">\n\n\t\t\n\t\t\n\t\t<a href=\"https:\/\/comdep.com.br\/?p=2514\" class=\"post-thumbnail-rollover layzr-bg layzr-bg\" ><img decoding=\"async\" class=\"blog-thumb-lazy-load preload-me lazy-load aspect\" src=\"data:image\/svg+xml,%3Csvg%20xmlns%3D&#39;http%3A%2F%2Fwww.w3.org%2F2000%2Fsvg&#39;%20viewBox%3D&#39;0%200%20507%20338&#39;%2F%3E\" data-src=\"https:\/\/comdep.com.br\/wp-content\/uploads\/2020\/02\/servico-2-e1580828097507-507x338.jpeg\" data-srcset=\"https:\/\/comdep.com.br\/wp-content\/uploads\/2020\/02\/servico-2-e1580828097507-507x338.jpeg 507w\" loading=\"eager\" style=\"--ratio: 507 \/ 338\" sizes=\"(max-width: 507px) 100vw, 507px\" alt=\"\" title=\"servico\" width=\"507\" height=\"338\"  \/><\/a>\n\t<\/div>\n<\/div>\n\n\n<div class=\"post-entry-content\">\n\n\t<h3 class=\"entry-title\">\n\t\t<a href=\"https:\/\/comdep.com.br\/?p=2514\" title=\"COMDEP trabalhando hoje 04\/02\/2020 nos seguintes locais:\" rel=\"bookmark\">COMDEP trabalhando hoje 04\/02\/2020 nos seguintes locais:<\/a>\n\t<\/h3>\n\n\t<div class=\"entry-meta\"><a href=\"https:\/\/comdep.com.br\/?m=20200204\" title=\"11:50\" class=\"data-link\" rel=\"bookmark\"><time class=\"entry-date updated\" datetime=\"2020-02-04T11:50:34-03:00\">04\/02\/2020<\/time><\/a><\/div>\n\t<div class=\"entry-excerpt\"><p>Distrito Ro\u00e7ada e capina: continua\u00e7\u00e3o Estrada do Ribeir\u00e3o, Parque de Exposi\u00e7\u00e3o. M\u00e1quina e Caminh\u00f5es continua\u00e7\u00e3o Vila Rica. Varri\u00e7\u00e3o di\u00e1ria: Corr\u00eaas, Nogueiras, Araras, Itaipava, Madame Machado, Vila Rica,, Pedro do Rio, Secret\u00e1rio. Obs: devido a chuva, ro\u00e7ada e capina, passou para o parque de exposi\u00e7\u00e3o. Diretoria Operacional Varri\u00e7\u00e3o: Centro, Rua Teresa, 24 de maio, Rua Nova,&hellip;<\/p>\n<\/div>\n\t\n<a href=\"https:\/\/comdep.com.br\/?p=2514\" class=\"post-details details-type-link\" aria-label=\"Read more about COMDEP trabalhando hoje 04\/02\/2020 nos seguintes locais:\">Read more<i class=\"dt-icon-the7-arrow-03\" aria-hidden=\"true\"><\/i><\/a>\n\n<\/div><\/article><article class=\"post project-odd visible post-2503 type-post status-publish format-standard has-post-thumbnail hentry category-home category-1 description-off\" data-name=\"COMDEP  trabalhando hoje 03\/02\/2020 nos seguintes locais:\" data-date=\"2020-02-03T11:05:54-03:00\">\n\n<div class=\"post-thumbnail-wrap\">\n\t<div class=\"post-thumbnail\">\n\n\t\t\n\t\t\n\t\t<a href=\"https:\/\/comdep.com.br\/?p=2503\" class=\"post-thumbnail-rollover layzr-bg layzr-bg\" ><img decoding=\"async\" class=\"blog-thumb-lazy-load preload-me lazy-load aspect\" src=\"data:image\/svg+xml,%3Csvg%20xmlns%3D&#39;http%3A%2F%2Fwww.w3.org%2F2000%2Fsvg&#39;%20viewBox%3D&#39;0%200%20507%20338&#39;%2F%3E\" data-src=\"https:\/\/comdep.com.br\/wp-content\/uploads\/2020\/02\/servico-1-e1580738851902-507x338.jpeg\" data-srcset=\"https:\/\/comdep.com.br\/wp-content\/uploads\/2020\/02\/servico-1-e1580738851902-507x338.jpeg 507w\" loading=\"eager\" style=\"--ratio: 507 \/ 338\" sizes=\"(max-width: 507px) 100vw, 507px\" alt=\"\" title=\"servico\" width=\"507\" height=\"338\"  \/><\/a>\n\t<\/div>\n<\/div>\n\n\n<div class=\"post-entry-content\">\n\n\t<h3 class=\"entry-title\">\n\t\t<a href=\"https:\/\/comdep.com.br\/?p=2503\" title=\"COMDEP  trabalhando hoje 03\/02\/2020 nos seguintes locais:\" rel=\"bookmark\">COMDEP  trabalhando hoje 03\/02\/2020 nos seguintes locais:<\/a>\n\t<\/h3>\n\n\t<div class=\"entry-meta\"><a href=\"https:\/\/comdep.com.br\/?m=20200203\" title=\"11:05\" class=\"data-link\" rel=\"bookmark\"><time class=\"entry-date updated\" datetime=\"2020-02-03T11:05:54-03:00\">03\/02\/2020<\/time><\/a><\/div>\n\t<div class=\"entry-excerpt\"><p>Eventos Manuten\u00e7\u00e3o no material e qualquer solicita\u00e7\u00e3o da presid\u00eancia! Diretoria de Parques e Jardins Corte de grama: Simeria Coronel Veiga * Jardim: Simeria * Caminh\u00e3o do jardim: Faetec e Get\u00falio Vargas Kombi transporte de ferramentas Centro Hist\u00f3rico * Distritos Ro\u00e7ada e capina: Estrada do Ribeir\u00e3o Parque de Exposi\u00e7\u00e3o * M\u00e1quina e caminh\u00f5es: Coletora do Catubira&hellip;<\/p>\n<\/div>\n\t\n<a href=\"https:\/\/comdep.com.br\/?p=2503\" class=\"post-details details-type-link\" aria-label=\"Read more about COMDEP  trabalhando hoje 03\/02\/2020 nos seguintes locais:\">Read more<i class=\"dt-icon-the7-arrow-03\" aria-hidden=\"true\"><\/i><\/a>\n\n<\/div><\/article><article class=\"post project-odd visible post-2500 type-post status-publish format-standard has-post-thumbnail hentry category-home category-1 description-off\" data-name=\"COMDEP trabalhando hoje 02\/02\/2020 nos seguintes locais:\" data-date=\"2020-02-03T10:50:11-03:00\">\n\n<div class=\"post-thumbnail-wrap\">\n\t<div class=\"post-thumbnail\">\n\n\t\t\n\t\t\n\t\t<a href=\"https:\/\/comdep.com.br\/?p=2500\" class=\"post-thumbnail-rollover layzr-bg layzr-bg\" ><img decoding=\"async\" class=\"blog-thumb-lazy-load preload-me lazy-load aspect\" src=\"data:image\/svg+xml,%3Csvg%20xmlns%3D&#39;http%3A%2F%2Fwww.w3.org%2F2000%2Fsvg&#39;%20viewBox%3D&#39;0%200%20600%20400&#39;%2F%3E\" data-src=\"https:\/\/comdep.com.br\/wp-content\/uploads\/2020\/02\/servico-e1580737758325-600x400.jpeg\" data-srcset=\"https:\/\/comdep.com.br\/wp-content\/uploads\/2020\/02\/servico-e1580737758325-600x400.jpeg 600w, https:\/\/comdep.com.br\/wp-content\/uploads\/2020\/02\/servico-e1580737758325-600x399.jpeg 600w\" loading=\"eager\" style=\"--ratio: 600 \/ 400\" sizes=\"(max-width: 600px) 100vw, 600px\" alt=\"\" title=\"servico\" width=\"600\" height=\"400\"  \/><\/a>\n\t<\/div>\n<\/div>\n\n\n<div class=\"post-entry-content\">\n\n\t<h3 class=\"entry-title\">\n\t\t<a href=\"https:\/\/comdep.com.br\/?p=2500\" title=\"COMDEP trabalhando hoje 02\/02\/2020 nos seguintes locais:\" rel=\"bookmark\">COMDEP trabalhando hoje 02\/02\/2020 nos seguintes locais:<\/a>\n\t<\/h3>\n\n\t<div class=\"entry-meta\"><a href=\"https:\/\/comdep.com.br\/?m=20200203\" title=\"10:50\" class=\"data-link\" rel=\"bookmark\"><time class=\"entry-date updated\" datetime=\"2020-02-03T10:50:11-03:00\">03\/02\/2020<\/time><\/a><\/div>\n\t<div class=\"entry-excerpt\"><p>Diretoria de Limpeza P\u00fablica Varri\u00e7\u00e3o (das 07:00 at\u00e9 11:00) turma da manh\u00e3: Centro, Centro Hist\u00f3rico, pra\u00e7a da Liberdade, 13 de Maio, Bar\u00e3o do Rio Branco, Mosela, Bingen, Cascatinha, Itamarati, Quissam\u00e3, Alto da Serra, Pra\u00e7a Pasteur e Quitandinha * Varri\u00e7\u00e3o: feira livre do Alto da Serra * (03) funcion\u00e1rios trabalhando na feira livre do Alto da&hellip;<\/p>\n<\/div>\n\t\n<a href=\"https:\/\/comdep.com.br\/?p=2500\" class=\"post-details details-type-link\" aria-label=\"Read more about COMDEP trabalhando hoje 02\/02\/2020 nos seguintes locais:\">Read more<i class=\"dt-icon-the7-arrow-03\" aria-hidden=\"true\"><\/i><\/a>\n\n<\/div><\/article><article class=\"post project-odd visible post-2496 type-post status-publish format-standard has-post-thumbnail hentry category-home category-1 description-off\" data-name=\"COMDEP trabalhando hoje 01\/02\/2020 nos seguintes locais:\" data-date=\"2020-01-31T16:45:48-03:00\">\n\n<div class=\"post-thumbnail-wrap\">\n\t<div class=\"post-thumbnail\">\n\n\t\t\n\t\t\n\t\t<a href=\"https:\/\/comdep.com.br\/?p=2496\" class=\"post-thumbnail-rollover layzr-bg layzr-bg\" ><img decoding=\"async\" class=\"blog-thumb-lazy-load preload-me lazy-load aspect\" src=\"data:image\/svg+xml,%3Csvg%20xmlns%3D&#39;http%3A%2F%2Fwww.w3.org%2F2000%2Fsvg&#39;%20viewBox%3D&#39;0%200%20507%20338&#39;%2F%3E\" data-src=\"https:\/\/comdep.com.br\/wp-content\/uploads\/2020\/01\/servico-1-e1580500054451-507x338.jpeg\" data-srcset=\"https:\/\/comdep.com.br\/wp-content\/uploads\/2020\/01\/servico-1-e1580500054451-507x338.jpeg 507w\" loading=\"eager\" style=\"--ratio: 507 \/ 338\" sizes=\"(max-width: 507px) 100vw, 507px\" alt=\"\" title=\"servico\" width=\"507\" height=\"338\"  \/><\/a>\n\t<\/div>\n<\/div>\n\n\n<div class=\"post-entry-content\">\n\n\t<h3 class=\"entry-title\">\n\t\t<a href=\"https:\/\/comdep.com.br\/?p=2496\" title=\"COMDEP trabalhando hoje 01\/02\/2020 nos seguintes locais:\" rel=\"bookmark\">COMDEP trabalhando hoje 01\/02\/2020 nos seguintes locais:<\/a>\n\t<\/h3>\n\n\t<div class=\"entry-meta\"><a href=\"https:\/\/comdep.com.br\/?m=20200131\" title=\"16:45\" class=\"data-link\" rel=\"bookmark\"><time class=\"entry-date updated\" datetime=\"2020-01-31T16:45:48-03:00\">31\/01\/2020<\/time><\/a><\/div>\n\t<div class=\"entry-excerpt\"><p>Eventos Para o dia 01\/02 montar 6 barracas na pra\u00e7a Alcindo Sodr\u00e9, 4 barracas no bairro Morim, retirar barracas no Pal\u00e1cio de Cristal * Diretoria de Limpeza P\u00fablica Varri\u00e7\u00e3o: Duques, Amazonas, General Rondon, Coronel Veiga, Valpara\u00edso, Olavo Bilac, Castel\u00e2nea, pra\u00e7a Pasteur e Alto da Serra * Varri\u00e7\u00e3o: feira livre do Centro * (03) funcion\u00e1rios trabalhando&hellip;<\/p>\n<\/div>\n\t\n<a href=\"https:\/\/comdep.com.br\/?p=2496\" class=\"post-details details-type-link\" aria-label=\"Read more about COMDEP trabalhando hoje 01\/02\/2020 nos seguintes locais:\">Read more<i class=\"dt-icon-the7-arrow-03\" aria-hidden=\"true\"><\/i><\/a>\n\n<\/div><\/article><article class=\"post project-odd visible post-2491 type-post status-publish format-standard has-post-thumbnail hentry category-home category-1 description-off\" data-name=\"COMDEP trabalhando hoje 31\/01\/2020 nos seguintes locais:\" data-date=\"2020-01-31T12:08:51-03:00\">\n\n<div class=\"post-thumbnail-wrap\">\n\t<div class=\"post-thumbnail\">\n\n\t\t\n\t\t\n\t\t<a href=\"https:\/\/comdep.com.br\/?p=2491\" class=\"post-thumbnail-rollover layzr-bg layzr-bg\" ><img decoding=\"async\" class=\"blog-thumb-lazy-load preload-me lazy-load aspect\" src=\"data:image\/svg+xml,%3Csvg%20xmlns%3D&#39;http%3A%2F%2Fwww.w3.org%2F2000%2Fsvg&#39;%20viewBox%3D&#39;0%200%20600%20400&#39;%2F%3E\" data-src=\"https:\/\/comdep.com.br\/wp-content\/uploads\/2020\/01\/servico-e1580483648607-600x400.jpeg\" data-srcset=\"https:\/\/comdep.com.br\/wp-content\/uploads\/2020\/01\/servico-e1580483648607-600x400.jpeg 600w, https:\/\/comdep.com.br\/wp-content\/uploads\/2020\/01\/servico-e1580483648607-600x399.jpeg 600w\" loading=\"eager\" style=\"--ratio: 600 \/ 400\" sizes=\"(max-width: 600px) 100vw, 600px\" alt=\"\" title=\"servico\" width=\"600\" height=\"400\"  \/><\/a>\n\t<\/div>\n<\/div>\n\n\n<div class=\"post-entry-content\">\n\n\t<h3 class=\"entry-title\">\n\t\t<a href=\"https:\/\/comdep.com.br\/?p=2491\" title=\"COMDEP trabalhando hoje 31\/01\/2020 nos seguintes locais:\" rel=\"bookmark\">COMDEP trabalhando hoje 31\/01\/2020 nos seguintes locais:<\/a>\n\t<\/h3>\n\n\t<div class=\"entry-meta\"><a href=\"https:\/\/comdep.com.br\/?m=20200131\" title=\"12:08\" class=\"data-link\" rel=\"bookmark\"><time class=\"entry-date updated\" datetime=\"2020-01-31T12:08:51-03:00\">31\/01\/2020<\/time><\/a><\/div>\n\t<div class=\"entry-excerpt\"><p>Distrito Ro\u00e7ada e capina: limpeza Col\u00e9gio Cenecista em Pedro do Rio, Parque de Exposi\u00e7\u00e3o * M\u00e1quina e caminh\u00f5es: Coletora Souza Cruz, Rua Princesa D Paula * Varri\u00e7\u00e3o di\u00e1ria: Corr\u00eaas, Nogueiras, Araras, Itaipava, Madame Machado, Vila Rica, Pedro do Rio, Secret\u00e1rio * Diretoria Operacional M\u00e1quinas e caminh\u00f5es: S\u00e3o Norberto, Alem\u00e3o, Oswero do Carmo Vila\u00e7a * Caminh\u00e3o&hellip;<\/p>\n<\/div>\n\t\n<a href=\"https:\/\/comdep.com.br\/?p=2491\" class=\"post-details details-type-link\" aria-label=\"Read more about COMDEP trabalhando hoje 31\/01\/2020 nos seguintes locais:\">Read more<i class=\"dt-icon-the7-arrow-03\" aria-hidden=\"true\"><\/i><\/a>\n\n<\/div><\/article><article class=\"post project-odd visible post-2478 type-post status-publish format-standard has-post-thumbnail hentry category-home category-1 description-off\" data-name=\"COMDEP trabalhando hoje 30\/01\/2020 nos seguintes locais:\" data-date=\"2020-01-30T12:26:48-03:00\">\n\n<div class=\"post-thumbnail-wrap\">\n\t<div class=\"post-thumbnail\">\n\n\t\t\n\t\t\n\t\t<a href=\"https:\/\/comdep.com.br\/?p=2478\" class=\"post-thumbnail-rollover layzr-bg layzr-bg\" ><img decoding=\"async\" class=\"blog-thumb-lazy-load preload-me lazy-load aspect\" src=\"data:image\/svg+xml,%3Csvg%20xmlns%3D&#39;http%3A%2F%2Fwww.w3.org%2F2000%2Fsvg&#39;%20viewBox%3D&#39;0%200%20438%20292&#39;%2F%3E\" data-src=\"https:\/\/comdep.com.br\/wp-content\/uploads\/2020\/01\/servico-26-e1580398642829-438x292.jpg\" data-srcset=\"https:\/\/comdep.com.br\/wp-content\/uploads\/2020\/01\/servico-26-e1580398642829-438x292.jpg 438w\" loading=\"eager\" style=\"--ratio: 438 \/ 292\" sizes=\"(max-width: 438px) 100vw, 438px\" alt=\"\" title=\"servico\" width=\"438\" height=\"292\"  \/><\/a>\n\t<\/div>\n<\/div>\n\n\n<div class=\"post-entry-content\">\n\n\t<h3 class=\"entry-title\">\n\t\t<a href=\"https:\/\/comdep.com.br\/?p=2478\" title=\"COMDEP trabalhando hoje 30\/01\/2020 nos seguintes locais:\" rel=\"bookmark\">COMDEP trabalhando hoje 30\/01\/2020 nos seguintes locais:<\/a>\n\t<\/h3>\n\n\t<div class=\"entry-meta\"><a href=\"https:\/\/comdep.com.br\/?m=20200130\" title=\"12:26\" class=\"data-link\" rel=\"bookmark\"><time class=\"entry-date updated\" datetime=\"2020-01-30T12:26:48-03:00\">30\/01\/2020<\/time><\/a><\/div>\n\t<div class=\"entry-excerpt\"><p>Distrito Ro\u00e7ada e capina: Rua Princesa D Paula, Rua Alvarez de Azevedo, Rua Jo\u00e3o Ramos e continua\u00e7\u00e3o Parque de Exposi\u00e7\u00e3o &nbsp;* M\u00e1quina e caminh\u00f5es: continua\u00e7\u00e3o Madame Machado &nbsp;* Varri\u00e7\u00e3o di\u00e1ria: Corr\u00eaas, Nogueiras, Araras, Itaipava, Madame Machado, Vila Rica, Pedro do Rio, Secret\u00e1rio * Diretoria de Obras Obras: troca de uma coletora de p\u00e9 na br&hellip;<\/p>\n<\/div>\n\t\n<a href=\"https:\/\/comdep.com.br\/?p=2478\" class=\"post-details details-type-link\" aria-label=\"Read more about COMDEP trabalhando hoje 30\/01\/2020 nos seguintes locais:\">Read more<i class=\"dt-icon-the7-arrow-03\" aria-hidden=\"true\"><\/i><\/a>\n\n<\/div><\/article><article class=\"post project-odd visible post-2448 type-post status-publish format-standard has-post-thumbnail hentry category-home category-1 description-off\" data-name=\"COMDEP trabalhando hoje 29\/01\/2020 nos seguintes locais:\" data-date=\"2020-01-29T09:57:51-03:00\">\n\n<div class=\"post-thumbnail-wrap\">\n\t<div class=\"post-thumbnail\">\n\n\t\t\n\t\t\n\t\t<a href=\"https:\/\/comdep.com.br\/?p=2448\" class=\"post-thumbnail-rollover layzr-bg layzr-bg\" ><img decoding=\"async\" class=\"blog-thumb-lazy-load preload-me lazy-load aspect\" src=\"data:image\/svg+xml,%3Csvg%20xmlns%3D&#39;http%3A%2F%2Fwww.w3.org%2F2000%2Fsvg&#39;%20viewBox%3D&#39;0%200%20475%20317&#39;%2F%3E\" data-src=\"https:\/\/comdep.com.br\/wp-content\/uploads\/2020\/01\/servico1-3-e1580302552950-475x317.jpg\" data-srcset=\"https:\/\/comdep.com.br\/wp-content\/uploads\/2020\/01\/servico1-3-e1580302552950-475x317.jpg 475w\" loading=\"eager\" style=\"--ratio: 475 \/ 317\" sizes=\"(max-width: 475px) 100vw, 475px\" alt=\"\" title=\"servico1\" width=\"475\" height=\"317\"  \/><\/a>\n\t<\/div>\n<\/div>\n\n\n<div class=\"post-entry-content\">\n\n\t<h3 class=\"entry-title\">\n\t\t<a href=\"https:\/\/comdep.com.br\/?p=2448\" title=\"COMDEP trabalhando hoje 29\/01\/2020 nos seguintes locais:\" rel=\"bookmark\">COMDEP trabalhando hoje 29\/01\/2020 nos seguintes locais:<\/a>\n\t<\/h3>\n\n\t<div class=\"entry-meta\"><a href=\"https:\/\/comdep.com.br\/?m=20200129\" title=\"09:57\" class=\"data-link\" rel=\"bookmark\"><time class=\"entry-date updated\" datetime=\"2020-01-29T09:57:51-03:00\">29\/01\/2020<\/time><\/a><\/div>\n\t<div class=\"entry-excerpt\"><p>Diretoria de Obras Obras: constru\u00e7\u00e3o de 3 canteiros no p\u00e1tio e, reforma nos outros canteiros da cal\u00e7ada (C. E. I. Dagmar Rolando de Oliveira), recupera\u00e7\u00e3o de canteiro na pra\u00e7a de Corr\u00eaas, instala\u00e7\u00e3o de 2 bancos na sala lil\u00e1s, reinstalar cesta de coletora no Thouzet, desmotagem de barraca do Natal Imperial (continua\u00e7\u00e3o) * Serralheria: confec\u00e7\u00e3o de&hellip;<\/p>\n<\/div>\n\t\n<a href=\"https:\/\/comdep.com.br\/?p=2448\" class=\"post-details details-type-link\" aria-label=\"Read more about COMDEP trabalhando hoje 29\/01\/2020 nos seguintes locais:\">Read more<i class=\"dt-icon-the7-arrow-03\" aria-hidden=\"true\"><\/i><\/a>\n\n<\/div><\/article><article class=\"post project-odd visible post-2440 type-post status-publish format-standard has-post-thumbnail hentry category-home category-1 description-off\" data-name=\"COMDEP trabalhando hoje 28\/01\/2020 nos seguintes locais:\" data-date=\"2020-01-28T10:18:47-03:00\">\n\n<div class=\"post-thumbnail-wrap\">\n\t<div class=\"post-thumbnail\">\n\n\t\t\n\t\t\n\t\t<a href=\"https:\/\/comdep.com.br\/?p=2440\" class=\"post-thumbnail-rollover layzr-bg layzr-bg\" ><img decoding=\"async\" class=\"blog-thumb-lazy-load preload-me lazy-load aspect\" src=\"data:image\/svg+xml,%3Csvg%20xmlns%3D&#39;http%3A%2F%2Fwww.w3.org%2F2000%2Fsvg&#39;%20viewBox%3D&#39;0%200%20507%20338&#39;%2F%3E\" data-src=\"https:\/\/comdep.com.br\/wp-content\/uploads\/2020\/01\/servico-25-e1580221269964-507x338.jpg\" data-srcset=\"https:\/\/comdep.com.br\/wp-content\/uploads\/2020\/01\/servico-25-e1580221269964-507x338.jpg 507w\" loading=\"eager\" style=\"--ratio: 507 \/ 338\" sizes=\"(max-width: 507px) 100vw, 507px\" alt=\"\" title=\"servico\" width=\"507\" height=\"338\"  \/><\/a>\n\t<\/div>\n<\/div>\n\n\n<div class=\"post-entry-content\">\n\n\t<h3 class=\"entry-title\">\n\t\t<a href=\"https:\/\/comdep.com.br\/?p=2440\" title=\"COMDEP trabalhando hoje 28\/01\/2020 nos seguintes locais:\" rel=\"bookmark\">COMDEP trabalhando hoje 28\/01\/2020 nos seguintes locais:<\/a>\n\t<\/h3>\n\n\t<div class=\"entry-meta\"><a href=\"https:\/\/comdep.com.br\/?m=20200128\" title=\"10:18\" class=\"data-link\" rel=\"bookmark\"><time class=\"entry-date updated\" datetime=\"2020-01-28T10:18:47-03:00\">28\/01\/2020<\/time><\/a><\/div>\n\t<div class=\"entry-excerpt\"><p>Distrito Ro\u00e7ada e capina: continua\u00e7\u00e3o Madame Machado e Parque de Exposi\u00e7\u00e3o. Limpeza na galeria na Estrada Mineira * M\u00e1quina e caminh\u00f5es: continua\u00e7\u00e3o Madame Machado * Varri\u00e7\u00e3o di\u00e1ria: Corr\u00eaas, Nogueiras, Araras, Itaipava, Madame Machado, Vila Rica, Pedro do Rio, Secret\u00e1rio * Diretoria de Limpeza P\u00fablica Varri\u00e7\u00e3o: Valpara\u00edso, Trono de F\u00e1tima, Fabr\u00edcio de Matos, Pra\u00e7a Osvaldo Cruz,&hellip;<\/p>\n<\/div>\n\t\n<a href=\"https:\/\/comdep.com.br\/?p=2440\" class=\"post-details details-type-link\" aria-label=\"Read more about COMDEP trabalhando hoje 28\/01\/2020 nos seguintes locais:\">Read more<i class=\"dt-icon-the7-arrow-03\" aria-hidden=\"true\"><\/i><\/a>\n\n<\/div><\/article><article class=\"post project-odd visible post-2435 type-post status-publish format-standard has-post-thumbnail hentry category-home category-1 description-off\" data-name=\"COMDEP trabalhando hoje 27\/01\/2020 nos seguintes locais:\" data-date=\"2020-01-27T11:43:18-03:00\">\n\n<div class=\"post-thumbnail-wrap\">\n\t<div class=\"post-thumbnail\">\n\n\t\t\n\t\t\n\t\t<a href=\"https:\/\/comdep.com.br\/?p=2435\" class=\"post-thumbnail-rollover layzr-bg layzr-bg\" ><img decoding=\"async\" class=\"blog-thumb-lazy-load preload-me lazy-load aspect\" src=\"data:image\/svg+xml,%3Csvg%20xmlns%3D&#39;http%3A%2F%2Fwww.w3.org%2F2000%2Fsvg&#39;%20viewBox%3D&#39;0%200%20438%20292&#39;%2F%3E\" data-src=\"https:\/\/comdep.com.br\/wp-content\/uploads\/2020\/01\/servico-24-e1580136352800-438x292.jpg\" data-srcset=\"https:\/\/comdep.com.br\/wp-content\/uploads\/2020\/01\/servico-24-e1580136352800-438x292.jpg 438w\" loading=\"eager\" style=\"--ratio: 438 \/ 292\" sizes=\"(max-width: 438px) 100vw, 438px\" alt=\"\" title=\"servico\" width=\"438\" height=\"292\"  \/><\/a>\n\t<\/div>\n<\/div>\n\n\n<div class=\"post-entry-content\">\n\n\t<h3 class=\"entry-title\">\n\t\t<a href=\"https:\/\/comdep.com.br\/?p=2435\" title=\"COMDEP trabalhando hoje 27\/01\/2020 nos seguintes locais:\" rel=\"bookmark\">COMDEP trabalhando hoje 27\/01\/2020 nos seguintes locais:<\/a>\n\t<\/h3>\n\n\t<div class=\"entry-meta\"><a href=\"https:\/\/comdep.com.br\/?m=20200127\" title=\"11:43\" class=\"data-link\" rel=\"bookmark\"><time class=\"entry-date updated\" datetime=\"2020-01-27T11:43:18-03:00\">27\/01\/2020<\/time><\/a><\/div>\n\t<div class=\"entry-excerpt\"><p>Diretoria de Obras Obras: Desmontar barracas do Natal Imperial * Serralheria: Confec\u00e7\u00e3o de cestas de coletoras na cia * Pintura: Rua Coronel Duarte da Silveira e 17, Bingem (continua\u00e7\u00e3o) * Carpintaria: Reforma e confec\u00e7\u00e3o de bancos e pe\u00e7as de pra\u00e7as e parquinhos, desmontar barracas do Natal Imperial * El\u00e9trica: Manuten\u00e7\u00e3o de chafariz no Centro Hist\u00f3rico&hellip;<\/p>\n<\/div>\n\t\n<a href=\"https:\/\/comdep.com.br\/?p=2435\" class=\"post-details details-type-link\" aria-label=\"Read more about COMDEP trabalhando hoje 27\/01\/2020 nos seguintes locais:\">Read more<i class=\"dt-icon-the7-arrow-03\" aria-hidden=\"true\"><\/i><\/a>\n\n<\/div><\/article><article class=\"post project-odd visible post-2431 type-post status-publish format-standard has-post-thumbnail hentry category-home category-1 description-off\" data-name=\"COMDEP trabalhando hoje 26\/01\/2020 nos seguintes locais:\" data-date=\"2020-01-27T11:21:49-03:00\">\n\n<div class=\"post-thumbnail-wrap\">\n\t<div class=\"post-thumbnail\">\n\n\t\t\n\t\t\n\t\t<a href=\"https:\/\/comdep.com.br\/?p=2431\" class=\"post-thumbnail-rollover layzr-bg layzr-bg\" ><img decoding=\"async\" class=\"blog-thumb-lazy-load preload-me lazy-load aspect\" src=\"data:image\/svg+xml,%3Csvg%20xmlns%3D&#39;http%3A%2F%2Fwww.w3.org%2F2000%2Fsvg&#39;%20viewBox%3D&#39;0%200%20600%20400&#39;%2F%3E\" data-src=\"https:\/\/comdep.com.br\/wp-content\/uploads\/2020\/01\/servico-23-e1580134995363-600x400.jpg\" data-srcset=\"https:\/\/comdep.com.br\/wp-content\/uploads\/2020\/01\/servico-23-e1580134995363-600x400.jpg 600w, https:\/\/comdep.com.br\/wp-content\/uploads\/2020\/01\/servico-23-e1580134995363-600x399.jpg 600w\" loading=\"eager\" style=\"--ratio: 600 \/ 400\" sizes=\"(max-width: 600px) 100vw, 600px\" alt=\"\" title=\"servico\" width=\"600\" height=\"400\"  \/><\/a>\n\t<\/div>\n<\/div>\n\n\n<div class=\"post-entry-content\">\n\n\t<h3 class=\"entry-title\">\n\t\t<a href=\"https:\/\/comdep.com.br\/?p=2431\" title=\"COMDEP trabalhando hoje 26\/01\/2020 nos seguintes locais:\" rel=\"bookmark\">COMDEP trabalhando hoje 26\/01\/2020 nos seguintes locais:<\/a>\n\t<\/h3>\n\n\t<div class=\"entry-meta\"><a href=\"https:\/\/comdep.com.br\/?m=20200127\" title=\"11:21\" class=\"data-link\" rel=\"bookmark\"><time class=\"entry-date updated\" datetime=\"2020-01-27T11:21:49-03:00\">27\/01\/2020<\/time><\/a><\/div>\n\t<div class=\"entry-excerpt\"><p>Diretoria de Limpeza P\u00fablica Varri\u00e7\u00e3o (das 07:00 at\u00e9 11:00) turma da manh\u00e3: Centro, Centro Hist\u00f3rico, Pra\u00e7a da Liberdade, Mosela, Bar\u00e3o do Rio Branco, Cascatinha, Itamarati, Quissam\u00e3, Alto da Serra, pra\u00e7a Pasteur e Quitandinha * Varri\u00e7\u00e3o: feira livre do Alto da Serra * (03) funcion\u00e1rios trabalhando na feira livre do Alto da Serra na retirada de&hellip;<\/p>\n<\/div>\n\t\n<a href=\"https:\/\/comdep.com.br\/?p=2431\" class=\"post-details details-type-link\" aria-label=\"Read more about COMDEP trabalhando hoje 26\/01\/2020 nos seguintes locais:\">Read more<i class=\"dt-icon-the7-arrow-03\" aria-hidden=\"true\"><\/i><\/a>\n\n<\/div><\/article><article class=\"post project-odd visible post-2427 type-post status-publish format-standard has-post-thumbnail hentry category-home category-1 description-off\" data-name=\"COMDEP trabalhando hoje 25\/01\/2020 nos seguintes locais:\" data-date=\"2020-01-24T17:36:01-03:00\">\n\n<div class=\"post-thumbnail-wrap\">\n\t<div class=\"post-thumbnail\">\n\n\t\t\n\t\t\n\t\t<a href=\"https:\/\/comdep.com.br\/?p=2427\" class=\"post-thumbnail-rollover layzr-bg layzr-bg\" ><img decoding=\"async\" class=\"blog-thumb-lazy-load preload-me lazy-load aspect\" src=\"data:image\/svg+xml,%3Csvg%20xmlns%3D&#39;http%3A%2F%2Fwww.w3.org%2F2000%2Fsvg&#39;%20viewBox%3D&#39;0%200%20600%20400&#39;%2F%3E\" data-src=\"https:\/\/comdep.com.br\/wp-content\/uploads\/2020\/01\/servico-22-e1579898213972-600x400.jpg\" data-srcset=\"https:\/\/comdep.com.br\/wp-content\/uploads\/2020\/01\/servico-22-e1579898213972-600x400.jpg 600w, https:\/\/comdep.com.br\/wp-content\/uploads\/2020\/01\/servico-22-e1579898213972-600x399.jpg 600w\" loading=\"eager\" style=\"--ratio: 600 \/ 400\" sizes=\"(max-width: 600px) 100vw, 600px\" alt=\"\" title=\"servico\" width=\"600\" height=\"400\"  \/><\/a>\n\t<\/div>\n<\/div>\n\n\n<div class=\"post-entry-content\">\n\n\t<h3 class=\"entry-title\">\n\t\t<a href=\"https:\/\/comdep.com.br\/?p=2427\" title=\"COMDEP trabalhando hoje 25\/01\/2020 nos seguintes locais:\" rel=\"bookmark\">COMDEP trabalhando hoje 25\/01\/2020 nos seguintes locais:<\/a>\n\t<\/h3>\n\n\t<div class=\"entry-meta\"><a href=\"https:\/\/comdep.com.br\/?m=20200124\" title=\"17:36\" class=\"data-link\" rel=\"bookmark\"><time class=\"entry-date updated\" datetime=\"2020-01-24T17:36:01-03:00\">24\/01\/2020<\/time><\/a><\/div>\n\t<div class=\"entry-excerpt\"><p>Distritos M\u00e1quina e caminh\u00f5es: limpeza coletoras Carvalho Junior e coletora Estrada da Divisa Santa M\u00f4nica * Varri\u00e7\u00e3o di\u00e1ria: Corr\u00eaas, Nogueiras, Araras, Itaipava, Vila Rica, Pedro do Rio, Secret\u00e1rio * Eventos Montar pra\u00e7a Alcindo Sodr\u00e9 barracas * In\u00edcio da desmontagem de barracas, Pra\u00e7a da Liberdade * Diretoria Operacional M\u00e1quina e caminh\u00f5es: S\u00e3o Norberto, Visconde de Itabora\u00ed,&hellip;<\/p>\n<\/div>\n\t\n<a href=\"https:\/\/comdep.com.br\/?p=2427\" class=\"post-details details-type-link\" aria-label=\"Read more about COMDEP trabalhando hoje 25\/01\/2020 nos seguintes locais:\">Read more<i class=\"dt-icon-the7-arrow-03\" aria-hidden=\"true\"><\/i><\/a>\n\n<\/div><\/article><article class=\"post project-odd visible post-2423 type-post status-publish format-standard has-post-thumbnail hentry category-home category-1 description-off\" data-name=\"COMDEP trabalhando hoje 24\/01\/2020 nos seguintes locais:\" data-date=\"2020-01-24T10:34:41-03:00\">\n\n<div class=\"post-thumbnail-wrap\">\n\t<div class=\"post-thumbnail\">\n\n\t\t\n\t\t\n\t\t<a href=\"https:\/\/comdep.com.br\/?p=2423\" class=\"post-thumbnail-rollover layzr-bg layzr-bg\" ><img decoding=\"async\" class=\"blog-thumb-lazy-load preload-me lazy-load aspect\" src=\"data:image\/svg+xml,%3Csvg%20xmlns%3D&#39;http%3A%2F%2Fwww.w3.org%2F2000%2Fsvg&#39;%20viewBox%3D&#39;0%200%20600%20400&#39;%2F%3E\" data-src=\"https:\/\/comdep.com.br\/wp-content\/uploads\/2020\/01\/servico-21-e1579874541193-600x400.jpg\" data-srcset=\"https:\/\/comdep.com.br\/wp-content\/uploads\/2020\/01\/servico-21-e1579874541193-600x400.jpg 600w, https:\/\/comdep.com.br\/wp-content\/uploads\/2020\/01\/servico-21-e1579874541193-600x399.jpg 600w\" loading=\"eager\" style=\"--ratio: 600 \/ 400\" sizes=\"(max-width: 600px) 100vw, 600px\" alt=\"\" title=\"servico\" width=\"600\" height=\"400\"  \/><\/a>\n\t<\/div>\n<\/div>\n\n\n<div class=\"post-entry-content\">\n\n\t<h3 class=\"entry-title\">\n\t\t<a href=\"https:\/\/comdep.com.br\/?p=2423\" title=\"COMDEP trabalhando hoje 24\/01\/2020 nos seguintes locais:\" rel=\"bookmark\">COMDEP trabalhando hoje 24\/01\/2020 nos seguintes locais:<\/a>\n\t<\/h3>\n\n\t<div class=\"entry-meta\"><a href=\"https:\/\/comdep.com.br\/?m=20200124\" title=\"10:34\" class=\"data-link\" rel=\"bookmark\"><time class=\"entry-date updated\" datetime=\"2020-01-24T10:34:41-03:00\">24\/01\/2020<\/time><\/a><\/div>\n\t<div class=\"entry-excerpt\"><p>Diretoria Operacional M\u00e1quinas e caminh\u00f5es: Avenida Estados Unidos, Rep\u00fablica Argentina, Par\u00e1, Independ\u00eancia * Caminh\u00e3o D 08: Centro Hist\u00f3rico e turmas * Caminh\u00e3o Poli Guindaste: Casemiro de Abreu * Capina e ro\u00e7ada: Albino Siqueira, Imperatriz, Vila Felipe, Tamancoldi, Tom\u00e1s Cameron, Bingen, Duque de Caxias, Frei C\u00edriaco, Get\u00falio Vargas, Morro do Pr\u00edncipe, Jo\u00e3o Baraveli, Lopes de Castro,&hellip;<\/p>\n<\/div>\n\t\n<a href=\"https:\/\/comdep.com.br\/?p=2423\" class=\"post-details details-type-link\" aria-label=\"Read more about COMDEP trabalhando hoje 24\/01\/2020 nos seguintes locais:\">Read more<i class=\"dt-icon-the7-arrow-03\" aria-hidden=\"true\"><\/i><\/a>\n\n<\/div><\/article><article class=\"post project-odd visible post-2415 type-post status-publish format-standard has-post-thumbnail hentry category-home category-1 description-off\" data-name=\"COMDEP trabalhando hoje 23\/01\/2020 nos seguintes locais:\" data-date=\"2020-01-23T10:48:17-03:00\">\n\n<div class=\"post-thumbnail-wrap\">\n\t<div class=\"post-thumbnail\">\n\n\t\t\n\t\t\n\t\t<a href=\"https:\/\/comdep.com.br\/?p=2415\" class=\"post-thumbnail-rollover layzr-bg layzr-bg\" ><img decoding=\"async\" class=\"blog-thumb-lazy-load preload-me lazy-load aspect\" src=\"data:image\/svg+xml,%3Csvg%20xmlns%3D&#39;http%3A%2F%2Fwww.w3.org%2F2000%2Fsvg&#39;%20viewBox%3D&#39;0%200%20507%20338&#39;%2F%3E\" data-src=\"https:\/\/comdep.com.br\/wp-content\/uploads\/2020\/01\/servico-20-e1579787678826-507x338.jpg\" data-srcset=\"https:\/\/comdep.com.br\/wp-content\/uploads\/2020\/01\/servico-20-e1579787678826-507x338.jpg 507w\" loading=\"eager\" style=\"--ratio: 507 \/ 338\" sizes=\"(max-width: 507px) 100vw, 507px\" alt=\"\" title=\"servico\" width=\"507\" height=\"338\"  \/><\/a>\n\t<\/div>\n<\/div>\n\n\n<div class=\"post-entry-content\">\n\n\t<h3 class=\"entry-title\">\n\t\t<a href=\"https:\/\/comdep.com.br\/?p=2415\" title=\"COMDEP trabalhando hoje 23\/01\/2020 nos seguintes locais:\" rel=\"bookmark\">COMDEP trabalhando hoje 23\/01\/2020 nos seguintes locais:<\/a>\n\t<\/h3>\n\n\t<div class=\"entry-meta\"><a href=\"https:\/\/comdep.com.br\/?m=20200123\" title=\"10:48\" class=\"data-link\" rel=\"bookmark\"><time class=\"entry-date updated\" datetime=\"2020-01-23T10:48:17-03:00\">23\/01\/2020<\/time><\/a><\/div>\n\t<div class=\"entry-excerpt\"><p>Diretoria de Limpeza P\u00fablica Caminh\u00e3o (C20) recolhimento de sacos de varri\u00e7\u00e3o: General Rondon, Coronel Veiga, Alto da Serra, Morin, Centro, Centro Hist\u00f3rico e Bingen * Caminh\u00e3o (I02) Pipa lavagem: Centro, Centro Hist\u00f3rico, Pra\u00e7a Alcindo Sodr\u00e9 atr\u00e1s da banca de jornal e ap\u00f3s verificando o chafariz de Nogueira * Varri\u00e7\u00e3o: Cascatinha, Boa Vista, Estrada da Saudade,&hellip;<\/p>\n<\/div>\n\t\n<a href=\"https:\/\/comdep.com.br\/?p=2415\" class=\"post-details details-type-link\" aria-label=\"Read more about COMDEP trabalhando hoje 23\/01\/2020 nos seguintes locais:\">Read more<i class=\"dt-icon-the7-arrow-03\" aria-hidden=\"true\"><\/i><\/a>\n\n<\/div><\/article><article class=\"post project-odd visible post-2407 type-post status-publish format-standard has-post-thumbnail hentry category-home category-1 description-off\" data-name=\"COMDEP trabalhando hoje 22\/01\/2020 nos seguintes locais:\" data-date=\"2020-01-22T11:36:22-03:00\">\n\n<div class=\"post-thumbnail-wrap\">\n\t<div class=\"post-thumbnail\">\n\n\t\t\n\t\t\n\t\t<a href=\"https:\/\/comdep.com.br\/?p=2407\" class=\"post-thumbnail-rollover layzr-bg layzr-bg\" ><img decoding=\"async\" class=\"blog-thumb-lazy-load preload-me lazy-load aspect\" src=\"data:image\/svg+xml,%3Csvg%20xmlns%3D&#39;http%3A%2F%2Fwww.w3.org%2F2000%2Fsvg&#39;%20viewBox%3D&#39;0%200%20438%20292&#39;%2F%3E\" data-src=\"https:\/\/comdep.com.br\/wp-content\/uploads\/2020\/01\/servico-19-e1579703921466-438x292.jpg\" data-srcset=\"https:\/\/comdep.com.br\/wp-content\/uploads\/2020\/01\/servico-19-e1579703921466-438x292.jpg 438w\" loading=\"eager\" style=\"--ratio: 438 \/ 292\" sizes=\"(max-width: 438px) 100vw, 438px\" alt=\"\" title=\"servico\" width=\"438\" height=\"292\"  \/><\/a>\n\t<\/div>\n<\/div>\n\n\n<div class=\"post-entry-content\">\n\n\t<h3 class=\"entry-title\">\n\t\t<a href=\"https:\/\/comdep.com.br\/?p=2407\" title=\"COMDEP trabalhando hoje 22\/01\/2020 nos seguintes locais:\" rel=\"bookmark\">COMDEP trabalhando hoje 22\/01\/2020 nos seguintes locais:<\/a>\n\t<\/h3>\n\n\t<div class=\"entry-meta\"><a href=\"https:\/\/comdep.com.br\/?m=20200122\" title=\"11:36\" class=\"data-link\" rel=\"bookmark\"><time class=\"entry-date updated\" datetime=\"2020-01-22T11:36:22-03:00\">22\/01\/2020<\/time><\/a><\/div>\n\t<div class=\"entry-excerpt\"><p>Distrito Ro\u00e7ada e capina: continua\u00e7\u00e3o Rodolfo Bruno, Princesa D Paula &nbsp;* Maquina e caminh\u00f5es: continua\u00e7\u00e3o Estrada das Arcas &nbsp;* Varri\u00e7\u00e3o di\u00e1ria: Corr\u00eaas, Nogueiras, Araras, Itaipava, Madame Machado, Vila Rica, Pedro do Rio, Secret\u00e1rio * Diretoria Operacional M\u00e1quinas e caminh\u00f5es: Alagoas, Rep\u00fablica Argentina, Cear\u00e1, Ferrovi\u00e1rios, Sargento Boening * Caminh\u00e3o D 08: Centro Hist\u00f3rico e turmas *&hellip;<\/p>\n<\/div>\n\t\n<a href=\"https:\/\/comdep.com.br\/?p=2407\" class=\"post-details details-type-link\" aria-label=\"Read more about COMDEP trabalhando hoje 22\/01\/2020 nos seguintes locais:\">Read more<i class=\"dt-icon-the7-arrow-03\" aria-hidden=\"true\"><\/i><\/a>\n\n<\/div><\/article><article class=\"post project-odd visible post-2399 type-post status-publish format-standard has-post-thumbnail hentry category-home category-1 description-off\" data-name=\"COMDEP trabalhando hoje 21\/01\/2020 nos seguintes locais:\" data-date=\"2020-01-21T10:23:35-03:00\">\n\n<div class=\"post-thumbnail-wrap\">\n\t<div class=\"post-thumbnail\">\n\n\t\t\n\t\t\n\t\t<a href=\"https:\/\/comdep.com.br\/?p=2399\" class=\"post-thumbnail-rollover layzr-bg layzr-bg\" ><img decoding=\"async\" class=\"blog-thumb-lazy-load preload-me lazy-load aspect\" src=\"data:image\/svg+xml,%3Csvg%20xmlns%3D&#39;http%3A%2F%2Fwww.w3.org%2F2000%2Fsvg&#39;%20viewBox%3D&#39;0%200%20507%20338&#39;%2F%3E\" data-src=\"https:\/\/comdep.com.br\/wp-content\/uploads\/2020\/01\/servico-18-e1579613257330-507x338.jpg\" data-srcset=\"https:\/\/comdep.com.br\/wp-content\/uploads\/2020\/01\/servico-18-e1579613257330-507x338.jpg 507w\" loading=\"eager\" style=\"--ratio: 507 \/ 338\" sizes=\"(max-width: 507px) 100vw, 507px\" alt=\"\" title=\"servico\" width=\"507\" height=\"338\"  \/><\/a>\n\t<\/div>\n<\/div>\n\n\n<div class=\"post-entry-content\">\n\n\t<h3 class=\"entry-title\">\n\t\t<a href=\"https:\/\/comdep.com.br\/?p=2399\" title=\"COMDEP trabalhando hoje 21\/01\/2020 nos seguintes locais:\" rel=\"bookmark\">COMDEP trabalhando hoje 21\/01\/2020 nos seguintes locais:<\/a>\n\t<\/h3>\n\n\t<div class=\"entry-meta\"><a href=\"https:\/\/comdep.com.br\/?m=20200121\" title=\"10:23\" class=\"data-link\" rel=\"bookmark\"><time class=\"entry-date updated\" datetime=\"2020-01-21T10:23:35-03:00\">21\/01\/2020<\/time><\/a><\/div>\n\t<div class=\"entry-excerpt\"><p>Distrito Ro\u00e7ada e capina: Rodolfo Bruno, Jos\u00e9 Muniz Pav\u00e3o * M\u00e1quina e caminh\u00f5es: Estrada das Arcas * Varri\u00e7\u00e3o di\u00e1ria: Corr\u00eaas, Nogueiras, Araras, Itaipava, Madame Machado, Vila Rica, Pedro do Rio, Secret\u00e1rio * Diretoria Operacional M\u00e1quinas e caminh\u00f5es: Alagoas, Para\u00edba, Rep\u00fablica Argentina, Get\u00falio Vargas, Bairro Mau\u00e1, Cear\u00e1, Ferrovi\u00e1rios * Caminh\u00e3o D 08: Centro Hist\u00f3rico, Mosela *&hellip;<\/p>\n<\/div>\n\t\n<a href=\"https:\/\/comdep.com.br\/?p=2399\" class=\"post-details details-type-link\" aria-label=\"Read more about COMDEP trabalhando hoje 21\/01\/2020 nos seguintes locais:\">Read more<i class=\"dt-icon-the7-arrow-03\" aria-hidden=\"true\"><\/i><\/a>\n\n<\/div><\/article><article class=\"post project-odd visible post-2393 type-post status-publish format-standard has-post-thumbnail hentry category-home category-1 description-off\" data-name=\"COMDEP trabalhando hoje 20\/01\/2020 nos seguintes locais:\" data-date=\"2020-01-20T10:14:44-03:00\">\n\n<div class=\"post-thumbnail-wrap\">\n\t<div class=\"post-thumbnail\">\n\n\t\t\n\t\t\n\t\t<a href=\"https:\/\/comdep.com.br\/?p=2393\" class=\"post-thumbnail-rollover layzr-bg layzr-bg\" ><img decoding=\"async\" class=\"blog-thumb-lazy-load preload-me lazy-load aspect\" src=\"data:image\/svg+xml,%3Csvg%20xmlns%3D&#39;http%3A%2F%2Fwww.w3.org%2F2000%2Fsvg&#39;%20viewBox%3D&#39;0%200%20507%20338&#39;%2F%3E\" data-src=\"https:\/\/comdep.com.br\/wp-content\/uploads\/2020\/01\/servico-17-e1579526679642-507x338.jpg\" data-srcset=\"https:\/\/comdep.com.br\/wp-content\/uploads\/2020\/01\/servico-17-e1579526679642-507x338.jpg 507w\" loading=\"eager\" style=\"--ratio: 507 \/ 338\" sizes=\"(max-width: 507px) 100vw, 507px\" alt=\"\" title=\"servico\" width=\"507\" height=\"338\"  \/><\/a>\n\t<\/div>\n<\/div>\n\n\n<div class=\"post-entry-content\">\n\n\t<h3 class=\"entry-title\">\n\t\t<a href=\"https:\/\/comdep.com.br\/?p=2393\" title=\"COMDEP trabalhando hoje 20\/01\/2020 nos seguintes locais:\" rel=\"bookmark\">COMDEP trabalhando hoje 20\/01\/2020 nos seguintes locais:<\/a>\n\t<\/h3>\n\n\t<div class=\"entry-meta\"><a href=\"https:\/\/comdep.com.br\/?m=20200120\" title=\"10:14\" class=\"data-link\" rel=\"bookmark\"><time class=\"entry-date updated\" datetime=\"2020-01-20T10:14:44-03:00\">20\/01\/2020<\/time><\/a><\/div>\n\t<div class=\"entry-excerpt\"><p>Diretoria Operacional M\u00e1quinas e caminh\u00f5es: Alagoas, Para\u00edba, S\u00e3o Sebasti\u00e3o, Ferrovi\u00e1rios * Caminh\u00e3o D 08: Centro Hist\u00f3rico e turmas * Caminh\u00e3o Poli Guindaste: Contorno, Francisco Bello * Capina e ro\u00e7ada: Napole\u00e3o Laureano, Cear\u00e1, Romeu Sutter, Bar\u00e3o do Rio Branco, Bingen, Frederico Noel, Major Ricardo, Oto Reimarus, Cuba, Olavo Bilac, Thouzet, Jo\u00e3o Xavier, Estrada Mineira, Oliveira Bulhoens,&hellip;<\/p>\n<\/div>\n\t\n<a href=\"https:\/\/comdep.com.br\/?p=2393\" class=\"post-details details-type-link\" aria-label=\"Read more about COMDEP trabalhando hoje 20\/01\/2020 nos seguintes locais:\">Read more<i class=\"dt-icon-the7-arrow-03\" aria-hidden=\"true\"><\/i><\/a>\n\n<\/div><\/article><article class=\"post project-odd visible post-2389 type-post status-publish format-standard has-post-thumbnail hentry category-home category-1 description-off\" data-name=\"COMDEP trabalhando hoje 19\/01\/2020 nos seguintes locais:\" data-date=\"2020-01-20T09:48:05-03:00\">\n\n<div class=\"post-thumbnail-wrap\">\n\t<div class=\"post-thumbnail\">\n\n\t\t\n\t\t\n\t\t<a href=\"https:\/\/comdep.com.br\/?p=2389\" class=\"post-thumbnail-rollover layzr-bg layzr-bg\" ><img decoding=\"async\" class=\"blog-thumb-lazy-load preload-me lazy-load aspect\" src=\"data:image\/svg+xml,%3Csvg%20xmlns%3D&#39;http%3A%2F%2Fwww.w3.org%2F2000%2Fsvg&#39;%20viewBox%3D&#39;0%200%20561%20374&#39;%2F%3E\" data-src=\"https:\/\/comdep.com.br\/wp-content\/uploads\/2020\/01\/servico-16-561x374.jpg\" data-srcset=\"https:\/\/comdep.com.br\/wp-content\/uploads\/2020\/01\/servico-16-561x374.jpg 561w, https:\/\/comdep.com.br\/wp-content\/uploads\/2020\/01\/servico-16-561x373.jpg 561w\" loading=\"eager\" style=\"--ratio: 561 \/ 374\" sizes=\"(max-width: 561px) 100vw, 561px\" alt=\"\" title=\"servico\" width=\"561\" height=\"374\"  \/><\/a>\n\t<\/div>\n<\/div>\n\n\n<div class=\"post-entry-content\">\n\n\t<h3 class=\"entry-title\">\n\t\t<a href=\"https:\/\/comdep.com.br\/?p=2389\" title=\"COMDEP trabalhando hoje 19\/01\/2020 nos seguintes locais:\" rel=\"bookmark\">COMDEP trabalhando hoje 19\/01\/2020 nos seguintes locais:<\/a>\n\t<\/h3>\n\n\t<div class=\"entry-meta\"><a href=\"https:\/\/comdep.com.br\/?m=20200120\" title=\"09:48\" class=\"data-link\" rel=\"bookmark\"><time class=\"entry-date updated\" datetime=\"2020-01-20T09:48:05-03:00\">20\/01\/2020<\/time><\/a><\/div>\n\t<div class=\"entry-excerpt\"><p>Diretoria de Limpeza Urbana Caminh\u00e3o (D08) recolhimento de sacos de varri\u00e7\u00e3o: Quitandinha, Coronel Veiga, Centro, Centro Hist\u00f3rico e Bingen * Varri\u00e7\u00e3o (das 07:00 at\u00e9 11:00) turma da manh\u00e3: Centro, Centro Hist\u00f3rico, pra\u00e7a da liberdade, 13 de maio, Pal\u00e1cio de cristal, Bar\u00e3o do Rio Branco, Cascatinha, Itamarati, Quitandinha, Alto da Serra, Mosela e Quitandinha * Varri\u00e7\u00e3o:&hellip;<\/p>\n<\/div>\n\t\n<a href=\"https:\/\/comdep.com.br\/?p=2389\" class=\"post-details details-type-link\" aria-label=\"Read more about COMDEP trabalhando hoje 19\/01\/2020 nos seguintes locais:\">Read more<i class=\"dt-icon-the7-arrow-03\" aria-hidden=\"true\"><\/i><\/a>\n\n<\/div><\/article><article class=\"post project-odd visible post-2380 type-post status-publish format-standard has-post-thumbnail hentry category-home category-1 description-off\" data-name=\"COMDEP trabalhando hoje 18\/01\/2020 nos seguintes locais:\" data-date=\"2020-01-17T17:35:09-03:00\">\n\n<div class=\"post-thumbnail-wrap\">\n\t<div class=\"post-thumbnail\">\n\n\t\t\n\t\t\n\t\t<a href=\"https:\/\/comdep.com.br\/?p=2380\" class=\"post-thumbnail-rollover layzr-bg layzr-bg\" ><img decoding=\"async\" class=\"blog-thumb-lazy-load preload-me lazy-load aspect\" src=\"data:image\/svg+xml,%3Csvg%20xmlns%3D&#39;http%3A%2F%2Fwww.w3.org%2F2000%2Fsvg&#39;%20viewBox%3D&#39;0%200%20507%20338&#39;%2F%3E\" data-src=\"https:\/\/comdep.com.br\/wp-content\/uploads\/2020\/01\/servico-15-e1579523239599-507x338.jpg\" data-srcset=\"https:\/\/comdep.com.br\/wp-content\/uploads\/2020\/01\/servico-15-e1579523239599-507x338.jpg 507w\" loading=\"eager\" style=\"--ratio: 507 \/ 338\" sizes=\"(max-width: 507px) 100vw, 507px\" alt=\"\" title=\"servico\" width=\"507\" height=\"338\"  \/><\/a>\n\t<\/div>\n<\/div>\n\n\n<div class=\"post-entry-content\">\n\n\t<h3 class=\"entry-title\">\n\t\t<a href=\"https:\/\/comdep.com.br\/?p=2380\" title=\"COMDEP trabalhando hoje 18\/01\/2020 nos seguintes locais:\" rel=\"bookmark\">COMDEP trabalhando hoje 18\/01\/2020 nos seguintes locais:<\/a>\n\t<\/h3>\n\n\t<div class=\"entry-meta\"><a href=\"https:\/\/comdep.com.br\/?m=20200117\" title=\"17:35\" class=\"data-link\" rel=\"bookmark\"><time class=\"entry-date updated\" datetime=\"2020-01-17T17:35:09-03:00\">17\/01\/2020<\/time><\/a><\/div>\n\t<div class=\"entry-excerpt\"><p>Diretoria de Limpeza Urbana Caminh\u00e3o ( C20 ) recolhimento de sacos de varri\u00e7\u00e3o e capina: Quitandinha, Alto da Serra, Morim, Centro, Centro Hist\u00f3rico, Bar\u00e3o do Rio Branco, Bingen e Alberto de Oliveira * Caminh\u00e3o ( C55 ) Pipa lavagem: Centro, Centro Hist\u00f3rico e Rua coronel Veiga * Varri\u00e7\u00e3o: Centro, centro hist\u00f3rico, pra\u00e7a da liberdade, Roberto&hellip;<\/p>\n<\/div>\n\t\n<a href=\"https:\/\/comdep.com.br\/?p=2380\" class=\"post-details details-type-link\" aria-label=\"Read more about COMDEP trabalhando hoje 18\/01\/2020 nos seguintes locais:\">Read more<i class=\"dt-icon-the7-arrow-03\" aria-hidden=\"true\"><\/i><\/a>\n\n<\/div><\/article><article class=\"post project-odd visible post-2371 type-post status-publish format-standard has-post-thumbnail hentry category-home category-1 description-off\" data-name=\"COMDEP trabalhando hoje 17\/01\/2020 nos seguintes locais:\" data-date=\"2020-01-17T11:19:35-03:00\">\n\n<div class=\"post-thumbnail-wrap\">\n\t<div class=\"post-thumbnail\">\n\n\t\t\n\t\t\n\t\t<a href=\"https:\/\/comdep.com.br\/?p=2371\" class=\"post-thumbnail-rollover layzr-bg layzr-bg\" ><img decoding=\"async\" class=\"blog-thumb-lazy-load preload-me lazy-load aspect\" src=\"data:image\/svg+xml,%3Csvg%20xmlns%3D&#39;http%3A%2F%2Fwww.w3.org%2F2000%2Fsvg&#39;%20viewBox%3D&#39;0%200%20438%20292&#39;%2F%3E\" data-src=\"https:\/\/comdep.com.br\/wp-content\/uploads\/2020\/01\/servico-13-e1579284159354-438x292.jpg\" data-srcset=\"https:\/\/comdep.com.br\/wp-content\/uploads\/2020\/01\/servico-13-e1579284159354-438x292.jpg 438w\" loading=\"eager\" style=\"--ratio: 438 \/ 292\" sizes=\"(max-width: 438px) 100vw, 438px\" alt=\"\" title=\"servico\" width=\"438\" height=\"292\"  \/><\/a>\n\t<\/div>\n<\/div>\n\n\n<div class=\"post-entry-content\">\n\n\t<h3 class=\"entry-title\">\n\t\t<a href=\"https:\/\/comdep.com.br\/?p=2371\" title=\"COMDEP trabalhando hoje 17\/01\/2020 nos seguintes locais:\" rel=\"bookmark\">COMDEP trabalhando hoje 17\/01\/2020 nos seguintes locais:<\/a>\n\t<\/h3>\n\n\t<div class=\"entry-meta\"><a href=\"https:\/\/comdep.com.br\/?m=20200117\" title=\"11:19\" class=\"data-link\" rel=\"bookmark\"><time class=\"entry-date updated\" datetime=\"2020-01-17T11:19:35-03:00\">17\/01\/2020<\/time><\/a><\/div>\n\t<div class=\"entry-excerpt\"><p>Diretoria Operacional M\u00e1quinas e caminh\u00f5es: S\u00e3o Sebasti\u00e3o, At\u00edlio Marotti, Alagoas, Para\u00edba * Caminh\u00e3o D 08: Centro Administrativo da Bar\u00e3o do Rio Branco * Caminh\u00e3o Poli Guindaste: Contorno, Francisco Bello * Capina e Ro\u00e7ada: Cear\u00e1, Romeu Sutter, Bar\u00e3o do Rio Branco, Major Ricardo, Uni\u00e3o e Ind\u00fastria, Bingen, Cuba, Olavo Bilac, Jo\u00e3o Xavier, Estrada Mineira, Oliveira Bulh\u00f5es,&hellip;<\/p>\n<\/div>\n\t\n<a href=\"https:\/\/comdep.com.br\/?p=2371\" class=\"post-details details-type-link\" aria-label=\"Read more about COMDEP trabalhando hoje 17\/01\/2020 nos seguintes locais:\">Read more<i class=\"dt-icon-the7-arrow-03\" aria-hidden=\"true\"><\/i><\/a>\n\n<\/div><\/article><article class=\"post project-odd visible post-2363 type-post status-publish format-standard has-post-thumbnail hentry category-home category-1 description-off\" data-name=\"COMDEP trabalhando hoje 16\/01\/2020 nos seguintes locais:\" data-date=\"2020-01-16T10:30:43-03:00\">\n\n<div class=\"post-thumbnail-wrap\">\n\t<div class=\"post-thumbnail\">\n\n\t\t\n\t\t\n\t\t<a href=\"https:\/\/comdep.com.br\/?p=2363\" class=\"post-thumbnail-rollover layzr-bg layzr-bg\" ><img decoding=\"async\" class=\"blog-thumb-lazy-load preload-me lazy-load aspect\" src=\"data:image\/svg+xml,%3Csvg%20xmlns%3D&#39;http%3A%2F%2Fwww.w3.org%2F2000%2Fsvg&#39;%20viewBox%3D&#39;0%200%20507%20338&#39;%2F%3E\" data-src=\"https:\/\/comdep.com.br\/wp-content\/uploads\/2020\/01\/servico-11-e1579181588789-507x338.jpg\" data-srcset=\"https:\/\/comdep.com.br\/wp-content\/uploads\/2020\/01\/servico-11-e1579181588789-507x338.jpg 507w\" loading=\"eager\" style=\"--ratio: 507 \/ 338\" sizes=\"(max-width: 507px) 100vw, 507px\" alt=\"\" title=\"servico\" width=\"507\" height=\"338\"  \/><\/a>\n\t<\/div>\n<\/div>\n\n\n<div class=\"post-entry-content\">\n\n\t<h3 class=\"entry-title\">\n\t\t<a href=\"https:\/\/comdep.com.br\/?p=2363\" title=\"COMDEP trabalhando hoje 16\/01\/2020 nos seguintes locais:\" rel=\"bookmark\">COMDEP trabalhando hoje 16\/01\/2020 nos seguintes locais:<\/a>\n\t<\/h3>\n\n\t<div class=\"entry-meta\"><a href=\"https:\/\/comdep.com.br\/?m=20200116\" title=\"10:30\" class=\"data-link\" rel=\"bookmark\"><time class=\"entry-date updated\" datetime=\"2020-01-16T10:30:43-03:00\">16\/01\/2020<\/time><\/a><\/div>\n\t<div class=\"entry-excerpt\"><p>Distritos Ro\u00e7ada e capina: Uni\u00e3o Ind\u00fastria trevo de Bonsucesso sentindo Itaipava * M\u00e1quina e caminh\u00f5es: Uni\u00e3o e Ind\u00fastria * Varri\u00e7\u00e3o di\u00e1ria: Corr\u00eaas, Nogueiras, Araras, Itaipava, Madame Machado, Vila Rica, Pedro do Rio, Secret\u00e1rio * Caminh\u00e3o (C20) recolhimento de sacos de varri\u00e7\u00e3o: General Rondon, Coronel Veiga, Alto da Serra, Morin, Centro, Centro Hist\u00f3rico e Bingen *&hellip;<\/p>\n<\/div>\n\t\n<a href=\"https:\/\/comdep.com.br\/?p=2363\" class=\"post-details details-type-link\" aria-label=\"Read more about COMDEP trabalhando hoje 16\/01\/2020 nos seguintes locais:\">Read more<i class=\"dt-icon-the7-arrow-03\" aria-hidden=\"true\"><\/i><\/a>\n\n<\/div><\/article><article class=\"post project-odd visible post-2359 type-post status-publish format-standard has-post-thumbnail hentry category-home category-1 description-off\" data-name=\"COMDEP trabalhando hoje 15\/01\/2020 nos seguintes locais:\" data-date=\"2020-01-15T10:56:54-03:00\">\n\n<div class=\"post-thumbnail-wrap\">\n\t<div class=\"post-thumbnail\">\n\n\t\t\n\t\t\n\t\t<a href=\"https:\/\/comdep.com.br\/?p=2359\" class=\"post-thumbnail-rollover layzr-bg layzr-bg\" ><img decoding=\"async\" class=\"blog-thumb-lazy-load preload-me lazy-load aspect\" src=\"data:image\/svg+xml,%3Csvg%20xmlns%3D&#39;http%3A%2F%2Fwww.w3.org%2F2000%2Fsvg&#39;%20viewBox%3D&#39;0%200%20600%20400&#39;%2F%3E\" data-src=\"https:\/\/comdep.com.br\/wp-content\/uploads\/2020\/01\/servico-10-e1579099305192-600x400.jpg\" data-srcset=\"https:\/\/comdep.com.br\/wp-content\/uploads\/2020\/01\/servico-10-e1579099305192-600x400.jpg 600w, https:\/\/comdep.com.br\/wp-content\/uploads\/2020\/01\/servico-10-e1579099305192-600x399.jpg 600w\" loading=\"eager\" style=\"--ratio: 600 \/ 400\" sizes=\"(max-width: 600px) 100vw, 600px\" alt=\"\" title=\"servico\" width=\"600\" height=\"400\"  \/><\/a>\n\t<\/div>\n<\/div>\n\n\n<div class=\"post-entry-content\">\n\n\t<h3 class=\"entry-title\">\n\t\t<a href=\"https:\/\/comdep.com.br\/?p=2359\" title=\"COMDEP trabalhando hoje 15\/01\/2020 nos seguintes locais:\" rel=\"bookmark\">COMDEP trabalhando hoje 15\/01\/2020 nos seguintes locais:<\/a>\n\t<\/h3>\n\n\t<div class=\"entry-meta\"><a href=\"https:\/\/comdep.com.br\/?m=20200115\" title=\"10:56\" class=\"data-link\" rel=\"bookmark\"><time class=\"entry-date updated\" datetime=\"2020-01-15T10:56:54-03:00\">15\/01\/2020<\/time><\/a><\/div>\n\t<div class=\"entry-excerpt\"><p>Distrito Ro\u00e7ada e capina: continua\u00e7\u00e3o Nogueiras, Condessa Barbosa &nbsp;&nbsp;* M\u00e1quina e caminh\u00f5es: continua\u00e7\u00e3o Bairro da Gloria e Rua Cear\u00e1 Nogueiras * Varri\u00e7\u00e3o di\u00e1ria: Corr\u00eaas, Nogueiras, Araras, Itaipava, Madame Machado, Vila Rica, Pedro do Rio, Secret\u00e1rio * Diretoria de Obras Obras: reconstru\u00e7\u00e3o de uma base de 2 metros na rua Flavio Cavalcante, Caxamb\u00fa (coletora derrubada por&hellip;<\/p>\n<\/div>\n\t\n<a href=\"https:\/\/comdep.com.br\/?p=2359\" class=\"post-details details-type-link\" aria-label=\"Read more about COMDEP trabalhando hoje 15\/01\/2020 nos seguintes locais:\">Read more<i class=\"dt-icon-the7-arrow-03\" aria-hidden=\"true\"><\/i><\/a>\n\n<\/div><\/article><article class=\"post project-odd visible post-2350 type-post status-publish format-standard has-post-thumbnail hentry category-home category-1 description-off\" data-name=\"COMDEP trabalhando hoje 14\/01\/2020 nos seguintes locais:\" data-date=\"2020-01-14T12:39:52-03:00\">\n\n<div class=\"post-thumbnail-wrap\">\n\t<div class=\"post-thumbnail\">\n\n\t\t\n\t\t\n\t\t<a href=\"https:\/\/comdep.com.br\/?p=2350\" class=\"post-thumbnail-rollover layzr-bg layzr-bg\" ><img decoding=\"async\" class=\"blog-thumb-lazy-load preload-me lazy-load aspect\" src=\"data:image\/svg+xml,%3Csvg%20xmlns%3D&#39;http%3A%2F%2Fwww.w3.org%2F2000%2Fsvg&#39;%20viewBox%3D&#39;0%200%20600%20400&#39;%2F%3E\" data-src=\"https:\/\/comdep.com.br\/wp-content\/uploads\/2020\/01\/servico-9-e1579016541675-600x400.jpg\" data-srcset=\"https:\/\/comdep.com.br\/wp-content\/uploads\/2020\/01\/servico-9-e1579016541675-600x400.jpg 600w, https:\/\/comdep.com.br\/wp-content\/uploads\/2020\/01\/servico-9-e1579016541675-600x399.jpg 600w\" loading=\"eager\" style=\"--ratio: 600 \/ 400\" sizes=\"(max-width: 600px) 100vw, 600px\" alt=\"\" title=\"servico\" width=\"600\" height=\"400\"  \/><\/a>\n\t<\/div>\n<\/div>\n\n\n<div class=\"post-entry-content\">\n\n\t<h3 class=\"entry-title\">\n\t\t<a href=\"https:\/\/comdep.com.br\/?p=2350\" title=\"COMDEP trabalhando hoje 14\/01\/2020 nos seguintes locais:\" rel=\"bookmark\">COMDEP trabalhando hoje 14\/01\/2020 nos seguintes locais:<\/a>\n\t<\/h3>\n\n\t<div class=\"entry-meta\"><a href=\"https:\/\/comdep.com.br\/?m=20200114\" title=\"12:39\" class=\"data-link\" rel=\"bookmark\"><time class=\"entry-date updated\" datetime=\"2020-01-14T12:39:52-03:00\">14\/01\/2020<\/time><\/a><\/div>\n\t<div class=\"entry-excerpt\"><p>Parques e Jardins Corte de grama: Doutor Nelson de S\u00e1 Earp &nbsp;* Jardim: Ipiranga &nbsp;* Kombi do Jardim: transporte de ferramentas &nbsp;* Caminh\u00e3o do jardim: Piabanha e Quitandinha * Diretoria Operacional M\u00e1quinas e caminh\u00f5es: Caxambu, Rua Tereza, Parque S\u00e3o Vicente, Alagoas, Para\u00edba, Cear\u00e1, Rio Grande do Sul, Goi\u00e1s, Paran\u00e1 * Caminh\u00e3o lixo manual: Limpeza no&hellip;<\/p>\n<\/div>\n\t\n<a href=\"https:\/\/comdep.com.br\/?p=2350\" class=\"post-details details-type-link\" aria-label=\"Read more about COMDEP trabalhando hoje 14\/01\/2020 nos seguintes locais:\">Read more<i class=\"dt-icon-the7-arrow-03\" aria-hidden=\"true\"><\/i><\/a>\n\n<\/div><\/article><article class=\"post project-odd visible post-2331 type-post status-publish format-standard has-post-thumbnail hentry category-home category-1 description-off\" data-name=\"COMDEP trabalhando hoje 13\/01\/2020 nos seguintes locais:\" data-date=\"2020-01-13T10:03:52-03:00\">\n\n<div class=\"post-thumbnail-wrap\">\n\t<div class=\"post-thumbnail\">\n\n\t\t\n\t\t\n\t\t<a href=\"https:\/\/comdep.com.br\/?p=2331\" class=\"post-thumbnail-rollover layzr-bg layzr-bg\" ><img decoding=\"async\" class=\"blog-thumb-lazy-load preload-me lazy-load aspect\" src=\"data:image\/svg+xml,%3Csvg%20xmlns%3D&#39;http%3A%2F%2Fwww.w3.org%2F2000%2Fsvg&#39;%20viewBox%3D&#39;0%200%20507%20338&#39;%2F%3E\" data-src=\"https:\/\/comdep.com.br\/wp-content\/uploads\/2020\/01\/servico-8-e1578927170169-507x338.jpg\" data-srcset=\"https:\/\/comdep.com.br\/wp-content\/uploads\/2020\/01\/servico-8-e1578927170169-507x338.jpg 507w\" loading=\"eager\" style=\"--ratio: 507 \/ 338\" sizes=\"(max-width: 507px) 100vw, 507px\" alt=\"\" title=\"servico\" width=\"507\" height=\"338\"  \/><\/a>\n\t<\/div>\n<\/div>\n\n\n<div class=\"post-entry-content\">\n\n\t<h3 class=\"entry-title\">\n\t\t<a href=\"https:\/\/comdep.com.br\/?p=2331\" title=\"COMDEP trabalhando hoje 13\/01\/2020 nos seguintes locais:\" rel=\"bookmark\">COMDEP trabalhando hoje 13\/01\/2020 nos seguintes locais:<\/a>\n\t<\/h3>\n\n\t<div class=\"entry-meta\"><a href=\"https:\/\/comdep.com.br\/?m=20200113\" title=\"10:03\" class=\"data-link\" rel=\"bookmark\"><time class=\"entry-date updated\" datetime=\"2020-01-13T10:03:52-03:00\">13\/01\/2020<\/time><\/a><\/div>\n\t<div class=\"entry-excerpt\"><p>Parques e Jardins Corte de grama: Alto da Serra Piabanha * Jardim: Ipiranga &nbsp;* Caminh\u00e3o do jardim: recolher lixo verde Parque Cremerie, Centro de Sa\u00fade, Piabanha &nbsp;* Kombi do jardim: transporte de ferramentas * Diretoria de Obras Obras: Instala\u00e7\u00e3o de uma cesta de 2 metros no Vale das Flores e constru\u00e7\u00e3o de uma coletora de&hellip;<\/p>\n<\/div>\n\t\n<a href=\"https:\/\/comdep.com.br\/?p=2331\" class=\"post-details details-type-link\" aria-label=\"Read more about COMDEP trabalhando hoje 13\/01\/2020 nos seguintes locais:\">Read more<i class=\"dt-icon-the7-arrow-03\" aria-hidden=\"true\"><\/i><\/a>\n\n<\/div><\/article><article class=\"post project-odd visible post-2328 type-post status-publish format-standard has-post-thumbnail hentry category-home category-1 description-off\" data-name=\"COMDEP trabalhando hoje 12\/01\/2020 nos seguintes locais:\" data-date=\"2020-01-13T09:15:39-03:00\">\n\n<div class=\"post-thumbnail-wrap\">\n\t<div class=\"post-thumbnail\">\n\n\t\t\n\t\t\n\t\t<a href=\"https:\/\/comdep.com.br\/?p=2328\" class=\"post-thumbnail-rollover layzr-bg layzr-bg\" ><img decoding=\"async\" class=\"blog-thumb-lazy-load preload-me lazy-load aspect\" src=\"data:image\/svg+xml,%3Csvg%20xmlns%3D&#39;http%3A%2F%2Fwww.w3.org%2F2000%2Fsvg&#39;%20viewBox%3D&#39;0%200%20600%20400&#39;%2F%3E\" data-src=\"https:\/\/comdep.com.br\/wp-content\/uploads\/2020\/01\/servico-5-e1578917796757-600x400.jpg\" data-srcset=\"https:\/\/comdep.com.br\/wp-content\/uploads\/2020\/01\/servico-5-e1578917796757-600x400.jpg 600w, https:\/\/comdep.com.br\/wp-content\/uploads\/2020\/01\/servico-5-e1578917796757-600x399.jpg 600w\" loading=\"eager\" style=\"--ratio: 600 \/ 400\" sizes=\"(max-width: 600px) 100vw, 600px\" alt=\"\" title=\"servico\" width=\"600\" height=\"400\"  \/><\/a>\n\t<\/div>\n<\/div>\n\n\n<div class=\"post-entry-content\">\n\n\t<h3 class=\"entry-title\">\n\t\t<a href=\"https:\/\/comdep.com.br\/?p=2328\" title=\"COMDEP trabalhando hoje 12\/01\/2020 nos seguintes locais:\" rel=\"bookmark\">COMDEP trabalhando hoje 12\/01\/2020 nos seguintes locais:<\/a>\n\t<\/h3>\n\n\t<div class=\"entry-meta\"><a href=\"https:\/\/comdep.com.br\/?m=20200113\" title=\"09:15\" class=\"data-link\" rel=\"bookmark\"><time class=\"entry-date updated\" datetime=\"2020-01-13T09:15:39-03:00\">13\/01\/2020<\/time><\/a><\/div>\n\t<div class=\"entry-excerpt\"><p>Diretoria de Limpeza Urbana Varri\u00e7\u00e3o:Centro, Centro Hist\u00f3rico, Pra\u00e7a da Liberdade, Pal\u00e1cio de Cristal e 13 de Maio * Varri\u00e7\u00e3o (das 07:00 at\u00e9 11:00) turma da manh\u00e3: Centro, Centro Hist\u00f3rico, Pra\u00e7a da Liberdade, Pal\u00e1cio de Cristal, 13 de Maio, Bar\u00e3o do Rio Branco, Cascatinha, Itamarati, Quissam\u00e3, Alto da Serra, Pra\u00e7a Pasteur, Quitandinha e Mosela * Caminh\u00e3o&hellip;<\/p>\n<\/div>\n\t\n<a href=\"https:\/\/comdep.com.br\/?p=2328\" class=\"post-details details-type-link\" aria-label=\"Read more about COMDEP trabalhando hoje 12\/01\/2020 nos seguintes locais:\">Read more<i class=\"dt-icon-the7-arrow-03\" aria-hidden=\"true\"><\/i><\/a>\n\n<\/div><\/article><article class=\"post project-odd visible post-2324 type-post status-publish format-standard has-post-thumbnail hentry category-home category-1 description-off\" data-name=\"COMDEP trabalhando hoje 11\/01\/2020 nos seguintes locais:\" data-date=\"2020-01-11T15:58:43-03:00\">\n\n<div class=\"post-thumbnail-wrap\">\n\t<div class=\"post-thumbnail\">\n\n\t\t\n\t\t\n\t\t<a href=\"https:\/\/comdep.com.br\/?p=2324\" class=\"post-thumbnail-rollover layzr-bg layzr-bg\" ><img decoding=\"async\" class=\"blog-thumb-lazy-load preload-me lazy-load aspect\" src=\"data:image\/svg+xml,%3Csvg%20xmlns%3D&#39;http%3A%2F%2Fwww.w3.org%2F2000%2Fsvg&#39;%20viewBox%3D&#39;0%200%20600%20400&#39;%2F%3E\" data-src=\"https:\/\/comdep.com.br\/wp-content\/uploads\/2020\/01\/servico-4-e1578769180615-600x400.jpg\" data-srcset=\"https:\/\/comdep.com.br\/wp-content\/uploads\/2020\/01\/servico-4-e1578769180615-600x400.jpg 600w, https:\/\/comdep.com.br\/wp-content\/uploads\/2020\/01\/servico-4-e1578769180615-600x399.jpg 600w\" loading=\"eager\" style=\"--ratio: 600 \/ 400\" sizes=\"(max-width: 600px) 100vw, 600px\" alt=\"\" title=\"servico\" width=\"600\" height=\"400\"  \/><\/a>\n\t<\/div>\n<\/div>\n\n\n<div class=\"post-entry-content\">\n\n\t<h3 class=\"entry-title\">\n\t\t<a href=\"https:\/\/comdep.com.br\/?p=2324\" title=\"COMDEP trabalhando hoje 11\/01\/2020 nos seguintes locais:\" rel=\"bookmark\">COMDEP trabalhando hoje 11\/01\/2020 nos seguintes locais:<\/a>\n\t<\/h3>\n\n\t<div class=\"entry-meta\"><a href=\"https:\/\/comdep.com.br\/?m=20200111\" title=\"15:58\" class=\"data-link\" rel=\"bookmark\"><time class=\"entry-date updated\" datetime=\"2020-01-11T15:58:43-03:00\">11\/01\/2020<\/time><\/a><\/div>\n\t<div class=\"entry-excerpt\"><p>Diretoria Operacional M\u00e1quina e caminh\u00f5es: Parque S\u00e3o Vicente, Alagoas, Rep\u00fablica Argentina &nbsp;* Raspagem de terra e limpeza parcial do lago no Parque S\u00e3o Vicente * Caminh\u00e3o&nbsp; D 08: Limpeza no Centro administrativo na Rua Bar\u00e3o do Rio Branco * Caminh\u00e3o truck e carreta puxando restos de barreira da secretaria de obras no Quissam\u00e3 para Pedro&hellip;<\/p>\n<\/div>\n\t\n<a href=\"https:\/\/comdep.com.br\/?p=2324\" class=\"post-details details-type-link\" aria-label=\"Read more about COMDEP trabalhando hoje 11\/01\/2020 nos seguintes locais:\">Read more<i class=\"dt-icon-the7-arrow-03\" aria-hidden=\"true\"><\/i><\/a>\n\n<\/div><\/article><article class=\"post project-odd visible post-2314 type-post status-publish format-standard has-post-thumbnail hentry category-home category-1 description-off\" data-name=\"COMDEP trabalhando hoje 10\/01\/2020 nos seguintes locais:\" data-date=\"2020-01-10T10:11:44-03:00\">\n\n<div class=\"post-thumbnail-wrap\">\n\t<div class=\"post-thumbnail\">\n\n\t\t\n\t\t\n\t\t<a href=\"https:\/\/comdep.com.br\/?p=2314\" class=\"post-thumbnail-rollover layzr-bg layzr-bg\" ><img decoding=\"async\" class=\"blog-thumb-lazy-load preload-me lazy-load aspect\" src=\"data:image\/svg+xml,%3Csvg%20xmlns%3D&#39;http%3A%2F%2Fwww.w3.org%2F2000%2Fsvg&#39;%20viewBox%3D&#39;0%200%20600%20400&#39;%2F%3E\" data-src=\"https:\/\/comdep.com.br\/wp-content\/uploads\/2020\/01\/servico-3-e1578666127915-600x400.jpg\" data-srcset=\"https:\/\/comdep.com.br\/wp-content\/uploads\/2020\/01\/servico-3-e1578666127915-600x400.jpg 600w, https:\/\/comdep.com.br\/wp-content\/uploads\/2020\/01\/servico-3-e1578666127915-600x399.jpg 600w\" loading=\"eager\" style=\"--ratio: 600 \/ 400\" sizes=\"(max-width: 600px) 100vw, 600px\" alt=\"\" title=\"servico\" width=\"600\" height=\"400\"  \/><\/a>\n\t<\/div>\n<\/div>\n\n\n<div class=\"post-entry-content\">\n\n\t<h3 class=\"entry-title\">\n\t\t<a href=\"https:\/\/comdep.com.br\/?p=2314\" title=\"COMDEP trabalhando hoje 10\/01\/2020 nos seguintes locais:\" rel=\"bookmark\">COMDEP trabalhando hoje 10\/01\/2020 nos seguintes locais:<\/a>\n\t<\/h3>\n\n\t<div class=\"entry-meta\"><a href=\"https:\/\/comdep.com.br\/?m=20200110\" title=\"10:11\" class=\"data-link\" rel=\"bookmark\"><time class=\"entry-date updated\" datetime=\"2020-01-10T10:11:44-03:00\">10\/01\/2020<\/time><\/a><\/div>\n\t<div class=\"entry-excerpt\"><p>Diretoria de Obras Obras: constru\u00e7\u00e3o de bases no Bonfim (continua\u00e7\u00e3o) * Pintura: Rua Souza Franco, pintura no parquinho da Rua Marciano Magalh\u00e3es, na entrada da Pedro Ivo, guarda corpo tubular no Bonfim * Carpintaria: reparar bancos na Pra\u00e7a D. Pedro, revis\u00e3o das lixeirinhas de poste no entorno da Pra\u00e7a D. Pedro, instala\u00e7\u00e3o de placas proibitiva&hellip;<\/p>\n<\/div>\n\t\n<a href=\"https:\/\/comdep.com.br\/?p=2314\" class=\"post-details details-type-link\" aria-label=\"Read more about COMDEP trabalhando hoje 10\/01\/2020 nos seguintes locais:\">Read more<i class=\"dt-icon-the7-arrow-03\" aria-hidden=\"true\"><\/i><\/a>\n\n<\/div><\/article><article class=\"post project-odd visible post-2309 type-post status-publish format-standard has-post-thumbnail hentry category-home category-1 description-off\" data-name=\"COMDEP trabalhando hoje 09\/01\/2020 nos seguintes locais:\" data-date=\"2020-01-09T14:58:20-03:00\">\n\n<div class=\"post-thumbnail-wrap\">\n\t<div class=\"post-thumbnail\">\n\n\t\t\n\t\t\n\t\t<a href=\"https:\/\/comdep.com.br\/?p=2309\" class=\"post-thumbnail-rollover layzr-bg layzr-bg\" ><img decoding=\"async\" class=\"blog-thumb-lazy-load preload-me lazy-load aspect\" src=\"data:image\/svg+xml,%3Csvg%20xmlns%3D&#39;http%3A%2F%2Fwww.w3.org%2F2000%2Fsvg&#39;%20viewBox%3D&#39;0%200%20438%20292&#39;%2F%3E\" data-src=\"https:\/\/comdep.com.br\/wp-content\/uploads\/2020\/01\/servico-2-e1578595516189-438x292.jpg\" data-srcset=\"https:\/\/comdep.com.br\/wp-content\/uploads\/2020\/01\/servico-2-e1578595516189-438x292.jpg 438w\" loading=\"eager\" style=\"--ratio: 438 \/ 292\" sizes=\"(max-width: 438px) 100vw, 438px\" alt=\"\" title=\"servico\" width=\"438\" height=\"292\"  \/><\/a>\n\t<\/div>\n<\/div>\n\n\n<div class=\"post-entry-content\">\n\n\t<h3 class=\"entry-title\">\n\t\t<a href=\"https:\/\/comdep.com.br\/?p=2309\" title=\"COMDEP trabalhando hoje 09\/01\/2020 nos seguintes locais:\" rel=\"bookmark\">COMDEP trabalhando hoje 09\/01\/2020 nos seguintes locais:<\/a>\n\t<\/h3>\n\n\t<div class=\"entry-meta\"><a href=\"https:\/\/comdep.com.br\/?m=20200109\" title=\"14:58\" class=\"data-link\" rel=\"bookmark\"><time class=\"entry-date updated\" datetime=\"2020-01-09T14:58:20-03:00\">09\/01\/2020<\/time><\/a><\/div>\n\t<div class=\"entry-excerpt\"><p>Servi\u00e7os diferenciado para 09\/01\/2020 devido \u00e0s chuvas do dia 08\/01\/2020, a Comdep est\u00e1 executando a limpeza nos pontos atingidos<\/p>\n<\/div>\n\t\n<a href=\"https:\/\/comdep.com.br\/?p=2309\" class=\"post-details details-type-link\" aria-label=\"Read more about COMDEP trabalhando hoje 09\/01\/2020 nos seguintes locais:\">Read more<i class=\"dt-icon-the7-arrow-03\" aria-hidden=\"true\"><\/i><\/a>\n\n<\/div><\/article><article class=\"post project-odd visible post-2299 type-post status-publish format-standard has-post-thumbnail hentry category-home category-1 description-off\" data-name=\"COMDEP trabalhando hoje 08\/01\/2020 nos seguintes locais:\" data-date=\"2020-01-08T09:50:47-03:00\">\n\n<div class=\"post-thumbnail-wrap\">\n\t<div class=\"post-thumbnail\">\n\n\t\t\n\t\t\n\t\t<a href=\"https:\/\/comdep.com.br\/?p=2299\" class=\"post-thumbnail-rollover layzr-bg layzr-bg\" ><img decoding=\"async\" class=\"blog-thumb-lazy-load preload-me lazy-load aspect\" src=\"data:image\/svg+xml,%3Csvg%20xmlns%3D&#39;http%3A%2F%2Fwww.w3.org%2F2000%2Fsvg&#39;%20viewBox%3D&#39;0%200%20600%20400&#39;%2F%3E\" data-src=\"https:\/\/comdep.com.br\/wp-content\/uploads\/2020\/01\/servico-1-e1578492297112-600x400.jpg\" data-srcset=\"https:\/\/comdep.com.br\/wp-content\/uploads\/2020\/01\/servico-1-e1578492297112-600x400.jpg 600w, https:\/\/comdep.com.br\/wp-content\/uploads\/2020\/01\/servico-1-e1578492297112-600x399.jpg 600w\" loading=\"eager\" style=\"--ratio: 600 \/ 400\" sizes=\"(max-width: 600px) 100vw, 600px\" alt=\"\" title=\"servico\" width=\"600\" height=\"400\"  \/><\/a>\n\t<\/div>\n<\/div>\n\n\n<div class=\"post-entry-content\">\n\n\t<h3 class=\"entry-title\">\n\t\t<a href=\"https:\/\/comdep.com.br\/?p=2299\" title=\"COMDEP trabalhando hoje 08\/01\/2020 nos seguintes locais:\" rel=\"bookmark\">COMDEP trabalhando hoje 08\/01\/2020 nos seguintes locais:<\/a>\n\t<\/h3>\n\n\t<div class=\"entry-meta\"><a href=\"https:\/\/comdep.com.br\/?m=20200108\" title=\"09:50\" class=\"data-link\" rel=\"bookmark\"><time class=\"entry-date updated\" datetime=\"2020-01-08T09:50:47-03:00\">08\/01\/2020<\/time><\/a><\/div>\n\t<div class=\"entry-excerpt\"><p>Diretoria de Obras Obras: confec\u00e7\u00e3o de duas bases de coletoras de 3 metros na Comunidade do Bonfim, &nbsp;troca de cesta na Rua Doutor Hans Bistrischan 25 Retiro, &nbsp;confec\u00e7\u00e3o de baias na cia * Serralheria: confec\u00e7\u00e3o de cestas de coletoras na cia, &nbsp;Rua Antonio de Almeida n\u00ba26 Bairro da Gl\u00f3ria, &nbsp;servid\u00e3o Ad\u00e3o Brand * El\u00e9trica: manuten\u00e7\u00e3o&hellip;<\/p>\n<\/div>\n\t\n<a href=\"https:\/\/comdep.com.br\/?p=2299\" class=\"post-details details-type-link\" aria-label=\"Read more about COMDEP trabalhando hoje 08\/01\/2020 nos seguintes locais:\">Read more<i class=\"dt-icon-the7-arrow-03\" aria-hidden=\"true\"><\/i><\/a>\n\n<\/div><\/article><article class=\"post project-odd visible post-2295 type-post status-publish format-standard has-post-thumbnail hentry category-home category-1 description-off\" data-name=\"COMDEP trabalhando hoje 07\/01\/2020 nos seguintes locais:\" data-date=\"2020-01-07T12:50:20-03:00\">\n\n<div class=\"post-thumbnail-wrap\">\n\t<div class=\"post-thumbnail\">\n\n\t\t\n\t\t\n\t\t<a href=\"https:\/\/comdep.com.br\/?p=2295\" class=\"post-thumbnail-rollover layzr-bg layzr-bg\" ><img decoding=\"async\" class=\"blog-thumb-lazy-load preload-me lazy-load aspect\" src=\"data:image\/svg+xml,%3Csvg%20xmlns%3D&#39;http%3A%2F%2Fwww.w3.org%2F2000%2Fsvg&#39;%20viewBox%3D&#39;0%200%20768%20512&#39;%2F%3E\" data-src=\"https:\/\/comdep.com.br\/wp-content\/uploads\/2020\/01\/servico-768x512.jpg\" data-srcset=\"https:\/\/comdep.com.br\/wp-content\/uploads\/2020\/01\/servico-768x512.jpg 768w, https:\/\/comdep.com.br\/wp-content\/uploads\/2020\/01\/servico-1040x692.jpg 1040w\" loading=\"eager\" style=\"--ratio: 768 \/ 512\" sizes=\"(max-width: 768px) 100vw, 768px\" alt=\"\" title=\"servico\" width=\"768\" height=\"512\"  \/><\/a>\n\t<\/div>\n<\/div>\n\n\n<div class=\"post-entry-content\">\n\n\t<h3 class=\"entry-title\">\n\t\t<a href=\"https:\/\/comdep.com.br\/?p=2295\" title=\"COMDEP trabalhando hoje 07\/01\/2020 nos seguintes locais:\" rel=\"bookmark\">COMDEP trabalhando hoje 07\/01\/2020 nos seguintes locais:<\/a>\n\t<\/h3>\n\n\t<div class=\"entry-meta\"><a href=\"https:\/\/comdep.com.br\/?m=20200107\" title=\"12:50\" class=\"data-link\" rel=\"bookmark\"><time class=\"entry-date updated\" datetime=\"2020-01-07T12:50:20-03:00\">07\/01\/2020<\/time><\/a><\/div>\n\t<div class=\"entry-excerpt\"><p>Diretoria de Parques e Jardins Corte de grama: Pra\u00e7a Conde do Bar\u00e3o do Rio Branco, Casa do Colono * Jardim: Piabanha &nbsp;* Kombi do jardim: transporte de ferramentas &nbsp;* Caminh\u00e3o do jardim: manuten\u00e7\u00e3o * Diretoria Operacional Limpeza de Rio: Washington Luiz ; Capina: Pra\u00e7a Pasteur, Saldanha Marinho, Rua Cear\u00e1 (casinhas)!, Rua Al\u00edpio Gomes da Costa,&hellip;<\/p>\n<\/div>\n\t\n<a href=\"https:\/\/comdep.com.br\/?p=2295\" class=\"post-details details-type-link\" aria-label=\"Read more about COMDEP trabalhando hoje 07\/01\/2020 nos seguintes locais:\">Read more<i class=\"dt-icon-the7-arrow-03\" aria-hidden=\"true\"><\/i><\/a>\n\n<\/div><\/article><article class=\"post project-odd visible post-2287 type-post status-publish format-standard has-post-thumbnail hentry category-home category-1 description-off\" data-name=\"COMDEP trabalhando hoje 06\/01\/2020 nos seguintes locais:\" data-date=\"2020-01-06T10:01:35-03:00\">\n\n<div class=\"post-thumbnail-wrap\">\n\t<div class=\"post-thumbnail\">\n\n\t\t\n\t\t\n\t\t<a href=\"https:\/\/comdep.com.br\/?p=2287\" class=\"post-thumbnail-rollover layzr-bg layzr-bg\" ><img decoding=\"async\" class=\"blog-thumb-lazy-load preload-me lazy-load aspect\" src=\"data:image\/svg+xml,%3Csvg%20xmlns%3D&#39;http%3A%2F%2Fwww.w3.org%2F2000%2Fsvg&#39;%20viewBox%3D&#39;0%200%20768%20512&#39;%2F%3E\" data-src=\"https:\/\/comdep.com.br\/wp-content\/uploads\/2020\/01\/servico1-2-768x512.jpg\" data-srcset=\"https:\/\/comdep.com.br\/wp-content\/uploads\/2020\/01\/servico1-2-768x512.jpg 768w, https:\/\/comdep.com.br\/wp-content\/uploads\/2020\/01\/servico1-2-779x518.jpg 779w\" loading=\"eager\" style=\"--ratio: 768 \/ 512\" sizes=\"(max-width: 768px) 100vw, 768px\" alt=\"\" title=\"servico1\" width=\"768\" height=\"512\"  \/><\/a>\n\t<\/div>\n<\/div>\n\n\n<div class=\"post-entry-content\">\n\n\t<h3 class=\"entry-title\">\n\t\t<a href=\"https:\/\/comdep.com.br\/?p=2287\" title=\"COMDEP trabalhando hoje 06\/01\/2020 nos seguintes locais:\" rel=\"bookmark\">COMDEP trabalhando hoje 06\/01\/2020 nos seguintes locais:<\/a>\n\t<\/h3>\n\n\t<div class=\"entry-meta\"><a href=\"https:\/\/comdep.com.br\/?m=20200106\" title=\"10:01\" class=\"data-link\" rel=\"bookmark\"><time class=\"entry-date updated\" datetime=\"2020-01-06T10:01:35-03:00\">06\/01\/2020<\/time><\/a><\/div>\n\t<div class=\"entry-excerpt\"><p>Distritos Ro\u00e7ada e capina: Estrada das Arcas * M\u00e1quina e caminh\u00f5es: continua\u00e7\u00e3o Nogueiras * Varri\u00e7\u00e3o di\u00e1ria: Correias, Nogueiras, Araras, Itaipava, Madame Machado, Vila Rica, Pedro do Rio, Secret\u00e1rio * Parques e jardins: Bar\u00e3o do Rio Branco, Vila Felipe &nbsp;* Jardim: Pra\u00e7a da \u00c1guia e Albino Siqueira &nbsp;* Caminh\u00e3o do jardim: recolher lixo verde, Centro Hist\u00f3rico&hellip;<\/p>\n<\/div>\n\t\n<a href=\"https:\/\/comdep.com.br\/?p=2287\" class=\"post-details details-type-link\" aria-label=\"Read more about COMDEP trabalhando hoje 06\/01\/2020 nos seguintes locais:\">Read more<i class=\"dt-icon-the7-arrow-03\" aria-hidden=\"true\"><\/i><\/a>\n\n<\/div><\/article><article class=\"post project-odd visible post-2280 type-post status-publish format-standard has-post-thumbnail hentry category-home category-1 description-off\" data-name=\"COMDEP trabalhando hoje 04\/01\/2020 nos seguintes locais:\" data-date=\"2020-01-03T19:50:13-03:00\">\n\n<div class=\"post-thumbnail-wrap\">\n\t<div class=\"post-thumbnail\">\n\n\t\t\n\t\t\n\t\t<a href=\"https:\/\/comdep.com.br\/?p=2280\" class=\"post-thumbnail-rollover layzr-bg layzr-bg\" ><img decoding=\"async\" class=\"blog-thumb-lazy-load preload-me lazy-load aspect\" src=\"data:image\/svg+xml,%3Csvg%20xmlns%3D&#39;http%3A%2F%2Fwww.w3.org%2F2000%2Fsvg&#39;%20viewBox%3D&#39;0%200%20768%20512&#39;%2F%3E\" data-src=\"https:\/\/comdep.com.br\/wp-content\/uploads\/2020\/01\/servico2-1-768x512.jpg\" data-srcset=\"https:\/\/comdep.com.br\/wp-content\/uploads\/2020\/01\/servico2-1-768x512.jpg 768w, https:\/\/comdep.com.br\/wp-content\/uploads\/2020\/01\/servico2-1-1280x852.jpg 1280w\" loading=\"eager\" style=\"--ratio: 768 \/ 512\" sizes=\"(max-width: 768px) 100vw, 768px\" alt=\"\" title=\"servico2\" width=\"768\" height=\"512\"  \/><\/a>\n\t<\/div>\n<\/div>\n\n\n<div class=\"post-entry-content\">\n\n\t<h3 class=\"entry-title\">\n\t\t<a href=\"https:\/\/comdep.com.br\/?p=2280\" title=\"COMDEP trabalhando hoje 04\/01\/2020 nos seguintes locais:\" rel=\"bookmark\">COMDEP trabalhando hoje 04\/01\/2020 nos seguintes locais:<\/a>\n\t<\/h3>\n\n\t<div class=\"entry-meta\"><a href=\"https:\/\/comdep.com.br\/?m=20200103\" title=\"19:50\" class=\"data-link\" rel=\"bookmark\"><time class=\"entry-date updated\" datetime=\"2020-01-03T19:50:13-03:00\">03\/01\/2020<\/time><\/a><\/div>\n\t<div class=\"entry-excerpt\"><p>Eventos Para o dia 04\/01 montar 6barracas na pra\u00e7a Alcindo Sodr\u00e9! * Diretoria de Limpeza Urbana Limpeza: em Nogueiras \u00a0* M\u00e1quina e caminh\u00e3o: Nogueiras \u00a0* Diretoria Operacional Raspagem de Terra: Rua Vidal de Negreiros\u00a0 ( retiro ) , Rua Felipe Camar\u00e3o \u00a0* M\u00e1quinas e Caminh\u00f5es: Pedro Ivo , Morim , Caxamb\u00fa , Rua Eliza M\u00fassel&hellip;<\/p>\n<\/div>\n\t\n<a href=\"https:\/\/comdep.com.br\/?p=2280\" class=\"post-details details-type-link\" aria-label=\"Read more about COMDEP trabalhando hoje 04\/01\/2020 nos seguintes locais:\">Read more<i class=\"dt-icon-the7-arrow-03\" aria-hidden=\"true\"><\/i><\/a>\n\n<\/div><\/article><article class=\"post project-odd visible post-2273 type-post status-publish format-standard has-post-thumbnail hentry category-home category-1 description-off\" data-name=\"COMDEP trabalhando hoje 03\/01\/2020 nos seguintes locais:\" data-date=\"2020-01-03T19:31:22-03:00\">\n\n<div class=\"post-thumbnail-wrap\">\n\t<div class=\"post-thumbnail\">\n\n\t\t\n\t\t\n\t\t<a href=\"https:\/\/comdep.com.br\/?p=2273\" class=\"post-thumbnail-rollover layzr-bg layzr-bg\" ><img decoding=\"async\" class=\"blog-thumb-lazy-load preload-me lazy-load aspect\" src=\"data:image\/svg+xml,%3Csvg%20xmlns%3D&#39;http%3A%2F%2Fwww.w3.org%2F2000%2Fsvg&#39;%20viewBox%3D&#39;0%200%20529%20353&#39;%2F%3E\" data-src=\"https:\/\/comdep.com.br\/wp-content\/uploads\/2020\/01\/servico1-1-e1578091019565-529x353.jpg\" data-srcset=\"https:\/\/comdep.com.br\/wp-content\/uploads\/2020\/01\/servico1-1-e1578091019565-529x353.jpg 529w, https:\/\/comdep.com.br\/wp-content\/uploads\/2020\/01\/servico1-1-e1578091019565-529x352.jpg 529w\" loading=\"eager\" style=\"--ratio: 529 \/ 353\" sizes=\"(max-width: 529px) 100vw, 529px\" alt=\"\" title=\"servico1\" width=\"529\" height=\"353\"  \/><\/a>\n\t<\/div>\n<\/div>\n\n\n<div class=\"post-entry-content\">\n\n\t<h3 class=\"entry-title\">\n\t\t<a href=\"https:\/\/comdep.com.br\/?p=2273\" title=\"COMDEP trabalhando hoje 03\/01\/2020 nos seguintes locais:\" rel=\"bookmark\">COMDEP trabalhando hoje 03\/01\/2020 nos seguintes locais:<\/a>\n\t<\/h3>\n\n\t<div class=\"entry-meta\"><a href=\"https:\/\/comdep.com.br\/?m=20200103\" title=\"19:31\" class=\"data-link\" rel=\"bookmark\"><time class=\"entry-date updated\" datetime=\"2020-01-03T19:31:22-03:00\">03\/01\/2020<\/time><\/a><\/div>\n\t<div class=\"entry-excerpt\"><p>Diretoria Operacional Limpeza de Extravasor: Souza Franco; Raspagem de Terra: Coronel Veiga, Rua Vidal de Negreiros, Rua Felipe Camar\u00e3o, Hermog\u00eanio Silva, Quissam\u00e3, Souza Franco, Rua Teresa, Estrada da Saudade, Rua Cardoso Fontes, Pedro Ivo, Capina: Ch\u00e1cara das Rosas, Bairro Mau\u00e1, Duarte da Silveira, Rua Paulista, S\u00e3o Sebasti\u00e3o, Ro\u00e7ada: Bar\u00e3o do Rio Branco, Quarteir\u00e3o Brasileiro &nbsp;*&hellip;<\/p>\n<\/div>\n\t\n<a href=\"https:\/\/comdep.com.br\/?p=2273\" class=\"post-details details-type-link\" aria-label=\"Read more about COMDEP trabalhando hoje 03\/01\/2020 nos seguintes locais:\">Read more<i class=\"dt-icon-the7-arrow-03\" aria-hidden=\"true\"><\/i><\/a>\n\n<\/div><\/article><article class=\"post project-odd visible post-2255 type-post status-publish format-standard has-post-thumbnail hentry category-home category-1 description-off\" data-name=\"COMDEP trabalhando hoje 02\/01\/2020 nos seguintes locais:\" data-date=\"2020-01-02T15:57:06-03:00\">\n\n<div class=\"post-thumbnail-wrap\">\n\t<div class=\"post-thumbnail\">\n\n\t\t\n\t\t\n\t\t<a href=\"https:\/\/comdep.com.br\/?p=2255\" class=\"post-thumbnail-rollover layzr-bg layzr-bg\" ><img decoding=\"async\" class=\"blog-thumb-lazy-load preload-me lazy-load aspect\" src=\"data:image\/svg+xml,%3Csvg%20xmlns%3D&#39;http%3A%2F%2Fwww.w3.org%2F2000%2Fsvg&#39;%20viewBox%3D&#39;0%200%20768%20512&#39;%2F%3E\" data-src=\"https:\/\/comdep.com.br\/wp-content\/uploads\/2020\/01\/servico3-768x512.jpg\" data-srcset=\"https:\/\/comdep.com.br\/wp-content\/uploads\/2020\/01\/servico3-768x512.jpg 768w, https:\/\/comdep.com.br\/wp-content\/uploads\/2020\/01\/servico3-983x655.jpg 983w\" loading=\"eager\" style=\"--ratio: 768 \/ 512\" sizes=\"(max-width: 768px) 100vw, 768px\" alt=\"\" title=\"servico3\" width=\"768\" height=\"512\"  \/><\/a>\n\t<\/div>\n<\/div>\n\n\n<div class=\"post-entry-content\">\n\n\t<h3 class=\"entry-title\">\n\t\t<a href=\"https:\/\/comdep.com.br\/?p=2255\" title=\"COMDEP trabalhando hoje 02\/01\/2020 nos seguintes locais:\" rel=\"bookmark\">COMDEP trabalhando hoje 02\/01\/2020 nos seguintes locais:<\/a>\n\t<\/h3>\n\n\t<div class=\"entry-meta\"><a href=\"https:\/\/comdep.com.br\/?m=20200102\" title=\"15:57\" class=\"data-link\" rel=\"bookmark\"><time class=\"entry-date updated\" datetime=\"2020-01-02T15:57:06-03:00\">02\/01\/2020<\/time><\/a><\/div>\n\t<div class=\"entry-excerpt\"><p>Parques e Jardins Corte de grama: Ch\u00e1cara das Rosas e Bar\u00e3o do Rio Branco, &nbsp;* Jardim: Pra\u00e7a da \u00c1guia, Pra\u00e7a do Bosque e Pra\u00e7a da Bandeira &nbsp;* Caminh\u00e3o do jardim: transportando grama em Itaipava Corte de \u00e1rvores Avenida Bar\u00e3o do Rio Branco * Distrito Ro\u00e7ada e capina: continua\u00e7\u00e3o Quilombo da Tapera Cuiab\u00e1 &nbsp;* M\u00e1quina e&hellip;<\/p>\n<\/div>\n\t\n<a href=\"https:\/\/comdep.com.br\/?p=2255\" class=\"post-details details-type-link\" aria-label=\"Read more about COMDEP trabalhando hoje 02\/01\/2020 nos seguintes locais:\">Read more<i class=\"dt-icon-the7-arrow-03\" aria-hidden=\"true\"><\/i><\/a>\n\n<\/div><\/article><article class=\"post project-odd visible post-2253 type-post status-publish format-standard has-post-thumbnail hentry category-home category-1 description-off\" data-name=\"COMDEP trabalhando hoje dia 01\/01\/2020 nos seguintes locais:\" data-date=\"2020-01-02T15:47:13-03:00\">\n\n<div class=\"post-thumbnail-wrap\">\n\t<div class=\"post-thumbnail\">\n\n\t\t\n\t\t\n\t\t<a href=\"https:\/\/comdep.com.br\/?p=2253\" class=\"post-thumbnail-rollover layzr-bg layzr-bg\" ><img decoding=\"async\" class=\"blog-thumb-lazy-load preload-me lazy-load aspect\" src=\"data:image\/svg+xml,%3Csvg%20xmlns%3D&#39;http%3A%2F%2Fwww.w3.org%2F2000%2Fsvg&#39;%20viewBox%3D&#39;0%200%20768%20512&#39;%2F%3E\" data-src=\"https:\/\/comdep.com.br\/wp-content\/uploads\/2020\/01\/servico2-768x512.jpg\" data-srcset=\"https:\/\/comdep.com.br\/wp-content\/uploads\/2020\/01\/servico2-768x512.jpg 768w, https:\/\/comdep.com.br\/wp-content\/uploads\/2020\/01\/servico2-933x622.jpg 933w\" loading=\"eager\" style=\"--ratio: 768 \/ 512\" sizes=\"(max-width: 768px) 100vw, 768px\" alt=\"\" title=\"servico2\" width=\"768\" height=\"512\"  \/><\/a>\n\t<\/div>\n<\/div>\n\n\n<div class=\"post-entry-content\">\n\n\t<h3 class=\"entry-title\">\n\t\t<a href=\"https:\/\/comdep.com.br\/?p=2253\" title=\"COMDEP trabalhando hoje dia 01\/01\/2020 nos seguintes locais:\" rel=\"bookmark\">COMDEP trabalhando hoje dia 01\/01\/2020 nos seguintes locais:<\/a>\n\t<\/h3>\n\n\t<div class=\"entry-meta\"><a href=\"https:\/\/comdep.com.br\/?m=20200102\" title=\"15:47\" class=\"data-link\" rel=\"bookmark\"><time class=\"entry-date updated\" datetime=\"2020-01-02T15:47:13-03:00\">02\/01\/2020<\/time><\/a><\/div>\n\t<div class=\"entry-excerpt\"><p>Diretoria de Limpeza Urbana Varri\u00e7\u00e3o:(das 07:00 at\u00e9 11:00) turma da manh\u00e3 &#8211; Centro, Centro Hist\u00f3rico, pra\u00e7a da Liberdade, Pal\u00e1cio de cristal, Cascatinha, Itamarati, Quissam\u00e3, Alto da Serra e Quitandinha * Caminh\u00e3o (C20) recolhimento de sacos de varri\u00e7\u00e3o: Centro&nbsp; e Centro Hist\u00f3rico * (06) funcion\u00e1rios trabalhando na limpeza da pra\u00e7a da Liberdade e Pal\u00e1cio de cristal&hellip;<\/p>\n<\/div>\n\t\n<a href=\"https:\/\/comdep.com.br\/?p=2253\" class=\"post-details details-type-link\" aria-label=\"Read more about COMDEP trabalhando hoje dia 01\/01\/2020 nos seguintes locais:\">Read more<i class=\"dt-icon-the7-arrow-03\" aria-hidden=\"true\"><\/i><\/a>\n\n<\/div><\/article><article class=\"post project-odd visible post-2250 type-post status-publish format-standard has-post-thumbnail hentry category-home category-1 description-off\" data-name=\"COMDEP trabalhando hoje dia 31\/12\/2019 nos seguintes locais:\" data-date=\"2020-01-02T15:43:52-03:00\">\n\n<div class=\"post-thumbnail-wrap\">\n\t<div class=\"post-thumbnail\">\n\n\t\t\n\t\t\n\t\t<a href=\"https:\/\/comdep.com.br\/?p=2250\" class=\"post-thumbnail-rollover layzr-bg layzr-bg\" ><img decoding=\"async\" class=\"blog-thumb-lazy-load preload-me lazy-load aspect\" src=\"data:image\/svg+xml,%3Csvg%20xmlns%3D&#39;http%3A%2F%2Fwww.w3.org%2F2000%2Fsvg&#39;%20viewBox%3D&#39;0%200%20768%20512&#39;%2F%3E\" data-src=\"https:\/\/comdep.com.br\/wp-content\/uploads\/2020\/01\/servico1-768x512.jpg\" data-srcset=\"https:\/\/comdep.com.br\/wp-content\/uploads\/2020\/01\/servico1-768x512.jpg 768w, https:\/\/comdep.com.br\/wp-content\/uploads\/2020\/01\/servico1-872x581.jpg 872w\" loading=\"eager\" style=\"--ratio: 768 \/ 512\" sizes=\"(max-width: 768px) 100vw, 768px\" alt=\"\" title=\"servico1\" width=\"768\" height=\"512\"  \/><\/a>\n\t<\/div>\n<\/div>\n\n\n<div class=\"post-entry-content\">\n\n\t<h3 class=\"entry-title\">\n\t\t<a href=\"https:\/\/comdep.com.br\/?p=2250\" title=\"COMDEP trabalhando hoje dia 31\/12\/2019 nos seguintes locais:\" rel=\"bookmark\">COMDEP trabalhando hoje dia 31\/12\/2019 nos seguintes locais:<\/a>\n\t<\/h3>\n\n\t<div class=\"entry-meta\"><a href=\"https:\/\/comdep.com.br\/?m=20200102\" title=\"15:43\" class=\"data-link\" rel=\"bookmark\"><time class=\"entry-date updated\" datetime=\"2020-01-02T15:43:52-03:00\">02\/01\/2020<\/time><\/a><\/div>\n\t<div class=\"entry-excerpt\"><p>Diretoria de Limpeza Urbana Varri\u00e7\u00e3o: Centro, Centro Hist\u00f3rico, Pra\u00e7a da Liberdade, Pal\u00e1cio de cristal, 13 de maio, Duchas, Mosela e Bingen * Caminh\u00e3o ( C20 ) recolhimento de sacos de varri\u00e7\u00e3o: Quitandinha, coronel Veiga, Centro, Centro Hist\u00f3rico e Bingen * Varri\u00e7\u00e3o: na feira livre do Centro * (03) funcion\u00e1rios trabalhando na feira livre do Centro,&hellip;<\/p>\n<\/div>\n\t\n<a href=\"https:\/\/comdep.com.br\/?p=2250\" class=\"post-details details-type-link\" aria-label=\"Read more about COMDEP trabalhando hoje dia 31\/12\/2019 nos seguintes locais:\">Read more<i class=\"dt-icon-the7-arrow-03\" aria-hidden=\"true\"><\/i><\/a>\n\n<\/div><\/article><article class=\"post project-odd visible post-2242 type-post status-publish format-standard has-post-thumbnail hentry category-home category-1 description-off\" data-name=\"COMDEP trabalhando hoje 30\/12\/2019 nos seguintes locais:\" data-date=\"2019-12-30T16:40:04-03:00\">\n\n<div class=\"post-thumbnail-wrap\">\n\t<div class=\"post-thumbnail\">\n\n\t\t\n\t\t\n\t\t<a href=\"https:\/\/comdep.com.br\/?p=2242\" class=\"post-thumbnail-rollover layzr-bg layzr-bg\" ><img decoding=\"async\" class=\"blog-thumb-lazy-load preload-me lazy-load aspect\" src=\"data:image\/svg+xml,%3Csvg%20xmlns%3D&#39;http%3A%2F%2Fwww.w3.org%2F2000%2Fsvg&#39;%20viewBox%3D&#39;0%200%20507%20338&#39;%2F%3E\" data-src=\"https:\/\/comdep.com.br\/wp-content\/uploads\/2019\/12\/servico-24-e1577735011938-507x338.jpg\" data-srcset=\"https:\/\/comdep.com.br\/wp-content\/uploads\/2019\/12\/servico-24-e1577735011938-507x338.jpg 507w\" loading=\"eager\" style=\"--ratio: 507 \/ 338\" sizes=\"(max-width: 507px) 100vw, 507px\" alt=\"\" title=\"servico\" width=\"507\" height=\"338\"  \/><\/a>\n\t<\/div>\n<\/div>\n\n\n<div class=\"post-entry-content\">\n\n\t<h3 class=\"entry-title\">\n\t\t<a href=\"https:\/\/comdep.com.br\/?p=2242\" title=\"COMDEP trabalhando hoje 30\/12\/2019 nos seguintes locais:\" rel=\"bookmark\">COMDEP trabalhando hoje 30\/12\/2019 nos seguintes locais:<\/a>\n\t<\/h3>\n\n\t<div class=\"entry-meta\"><a href=\"https:\/\/comdep.com.br\/?m=20191230\" title=\"16:40\" class=\"data-link\" rel=\"bookmark\"><time class=\"entry-date updated\" datetime=\"2019-12-30T16:40:04-03:00\">30\/12\/2019<\/time><\/a><\/div>\n\t<div class=\"entry-excerpt\"><p>Distrito M\u00e1quina com um caminh\u00e3o. Vila rica limpeza geral * Capina e ro\u00e7ada: tapera vale do Cuiab\u00e1 * Varri\u00e7\u00e3o fixo: &nbsp;Corr\u00eaas, Nogueira, Itaipava, Araras, Madame Machado Secret\u00e1rio Pedro do Rio e Vila Rica * Diretoria Operacional Limpeza de rio: Parque S\u00e3o Vicente Capina: Washington Luiz, Coronel Veiga, Rua Sebasti\u00e3o de Carvalho, rua Santo Ant\u00f4nio, rua&hellip;<\/p>\n<\/div>\n\t\n<a href=\"https:\/\/comdep.com.br\/?p=2242\" class=\"post-details details-type-link\" aria-label=\"Read more about COMDEP trabalhando hoje 30\/12\/2019 nos seguintes locais:\">Read more<i class=\"dt-icon-the7-arrow-03\" aria-hidden=\"true\"><\/i><\/a>\n\n<\/div><\/article><article class=\"post project-odd visible post-2232 type-post status-publish format-standard has-post-thumbnail hentry category-home category-1 description-off\" data-name=\"COMDEP trabalhando hoje 27\/12\/2019 nos seguintes locais:\" data-date=\"2019-12-27T15:24:42-03:00\">\n\n<div class=\"post-thumbnail-wrap\">\n\t<div class=\"post-thumbnail\">\n\n\t\t\n\t\t\n\t\t<a href=\"https:\/\/comdep.com.br\/?p=2232\" class=\"post-thumbnail-rollover layzr-bg layzr-bg\" ><img decoding=\"async\" class=\"blog-thumb-lazy-load preload-me lazy-load aspect\" src=\"data:image\/svg+xml,%3Csvg%20xmlns%3D&#39;http%3A%2F%2Fwww.w3.org%2F2000%2Fsvg&#39;%20viewBox%3D&#39;0%200%20438%20292&#39;%2F%3E\" data-src=\"https:\/\/comdep.com.br\/wp-content\/uploads\/2019\/12\/servico-23-e1577471241597-438x292.jpg\" data-srcset=\"https:\/\/comdep.com.br\/wp-content\/uploads\/2019\/12\/servico-23-e1577471241597-438x292.jpg 438w\" loading=\"eager\" style=\"--ratio: 438 \/ 292\" sizes=\"(max-width: 438px) 100vw, 438px\" alt=\"\" title=\"servico\" width=\"438\" height=\"292\"  \/><\/a>\n\t<\/div>\n<\/div>\n\n\n<div class=\"post-entry-content\">\n\n\t<h3 class=\"entry-title\">\n\t\t<a href=\"https:\/\/comdep.com.br\/?p=2232\" title=\"COMDEP trabalhando hoje 27\/12\/2019 nos seguintes locais:\" rel=\"bookmark\">COMDEP trabalhando hoje 27\/12\/2019 nos seguintes locais:<\/a>\n\t<\/h3>\n\n\t<div class=\"entry-meta\"><a href=\"https:\/\/comdep.com.br\/?m=20191227\" title=\"15:24\" class=\"data-link\" rel=\"bookmark\"><time class=\"entry-date updated\" datetime=\"2019-12-27T15:24:42-03:00\">27\/12\/2019<\/time><\/a><\/div>\n\t<div class=\"entry-excerpt\"><p>Diretoria de Parques e Jardins Corte de grama: Bingen jardim Itaipava &nbsp;* Kombi do Jardim: transporte de ferramentas &nbsp;* Caminh\u00e3o do jardim: Itaipava * Corte de \u00e1rvores: Rua Silva Jardim.. * Diretoria de Limpeza Urbana Varri\u00e7\u00e3o: Pra\u00e7a Catulo, Castel\u00e2nea, Cardoso fontes, Euclides da Cunha, Alto da Serra e Morin. * Caminh\u00e3o ( C55 ) Pipa&hellip;<\/p>\n<\/div>\n\t\n<a href=\"https:\/\/comdep.com.br\/?p=2232\" class=\"post-details details-type-link\" aria-label=\"Read more about COMDEP trabalhando hoje 27\/12\/2019 nos seguintes locais:\">Read more<i class=\"dt-icon-the7-arrow-03\" aria-hidden=\"true\"><\/i><\/a>\n\n<\/div><\/article><article class=\"post project-odd visible post-2224 type-post status-publish format-standard has-post-thumbnail hentry category-home category-1 description-off\" data-name=\"COMDEP trabalhando hoje 26\/12\/2019 nos seguintes locais:\" data-date=\"2019-12-26T12:38:43-03:00\">\n\n<div class=\"post-thumbnail-wrap\">\n\t<div class=\"post-thumbnail\">\n\n\t\t\n\t\t\n\t\t<a href=\"https:\/\/comdep.com.br\/?p=2224\" class=\"post-thumbnail-rollover layzr-bg layzr-bg\" ><img decoding=\"async\" class=\"blog-thumb-lazy-load preload-me lazy-load aspect\" src=\"data:image\/svg+xml,%3Csvg%20xmlns%3D&#39;http%3A%2F%2Fwww.w3.org%2F2000%2Fsvg&#39;%20viewBox%3D&#39;0%200%20428%20285&#39;%2F%3E\" data-src=\"https:\/\/comdep.com.br\/wp-content\/uploads\/2019\/12\/servico-22-428x285.jpg\" data-srcset=\"https:\/\/comdep.com.br\/wp-content\/uploads\/2019\/12\/servico-22-428x285.jpg 428w\" loading=\"eager\" style=\"--ratio: 428 \/ 285\" sizes=\"(max-width: 428px) 100vw, 428px\" alt=\"\" title=\"servico\" width=\"428\" height=\"285\"  \/><\/a>\n\t<\/div>\n<\/div>\n\n\n<div class=\"post-entry-content\">\n\n\t<h3 class=\"entry-title\">\n\t\t<a href=\"https:\/\/comdep.com.br\/?p=2224\" title=\"COMDEP trabalhando hoje 26\/12\/2019 nos seguintes locais:\" rel=\"bookmark\">COMDEP trabalhando hoje 26\/12\/2019 nos seguintes locais:<\/a>\n\t<\/h3>\n\n\t<div class=\"entry-meta\"><a href=\"https:\/\/comdep.com.br\/?m=20191226\" title=\"12:38\" class=\"data-link\" rel=\"bookmark\"><time class=\"entry-date updated\" datetime=\"2019-12-26T12:38:43-03:00\">26\/12\/2019<\/time><\/a><\/div>\n\t<div class=\"entry-excerpt\"><p>Distrito M\u00e1quina com um caminh\u00e3o: continua\u00e7\u00e3o Bairro da gl\u00f3ria * Capina e ro\u00e7ada: parque de exposi\u00e7\u00e3o, pra\u00e7a de skate * Varri\u00e7\u00e3o fixo: Corr\u00eaas, Nogueira, Itaipava, Araras, Madame Machado Secret\u00e1rio Pedro do Rio e Vila Rica * Diretoria Operacional * Raspagem de Terra: Coronel Veiga &nbsp;* Capina: Travessa Fragoso, Dom Jo\u00e3o Braga, Rua Guatemala, Rua Nicar\u00e1gua,&hellip;<\/p>\n<\/div>\n\t\n<a href=\"https:\/\/comdep.com.br\/?p=2224\" class=\"post-details details-type-link\" aria-label=\"Read more about COMDEP trabalhando hoje 26\/12\/2019 nos seguintes locais:\">Read more<i class=\"dt-icon-the7-arrow-03\" aria-hidden=\"true\"><\/i><\/a>\n\n<\/div><\/article><article class=\"post project-odd visible post-2216 type-post status-publish format-standard has-post-thumbnail hentry category-home category-1 description-off\" data-name=\"COMDEP trabalhando hoje 24\/12\/2019 nos seguintes locais:\" data-date=\"2019-12-24T11:32:31-03:00\">\n\n<div class=\"post-thumbnail-wrap\">\n\t<div class=\"post-thumbnail\">\n\n\t\t\n\t\t\n\t\t<a href=\"https:\/\/comdep.com.br\/?p=2216\" class=\"post-thumbnail-rollover layzr-bg layzr-bg\" ><img decoding=\"async\" class=\"blog-thumb-lazy-load preload-me lazy-load aspect\" src=\"data:image\/svg+xml,%3Csvg%20xmlns%3D&#39;http%3A%2F%2Fwww.w3.org%2F2000%2Fsvg&#39;%20viewBox%3D&#39;0%200%20438%20292&#39;%2F%3E\" data-src=\"https:\/\/comdep.com.br\/wp-content\/uploads\/2019\/12\/servico-21-e1577198024663-438x292.jpg\" data-srcset=\"https:\/\/comdep.com.br\/wp-content\/uploads\/2019\/12\/servico-21-e1577198024663-438x292.jpg 438w\" loading=\"eager\" style=\"--ratio: 438 \/ 292\" sizes=\"(max-width: 438px) 100vw, 438px\" alt=\"\" title=\"servico\" width=\"438\" height=\"292\"  \/><\/a>\n\t<\/div>\n<\/div>\n\n\n<div class=\"post-entry-content\">\n\n\t<h3 class=\"entry-title\">\n\t\t<a href=\"https:\/\/comdep.com.br\/?p=2216\" title=\"COMDEP trabalhando hoje 24\/12\/2019 nos seguintes locais:\" rel=\"bookmark\">COMDEP trabalhando hoje 24\/12\/2019 nos seguintes locais:<\/a>\n\t<\/h3>\n\n\t<div class=\"entry-meta\"><a href=\"https:\/\/comdep.com.br\/?m=20191224\" title=\"11:32\" class=\"data-link\" rel=\"bookmark\"><time class=\"entry-date updated\" datetime=\"2019-12-24T11:32:31-03:00\">24\/12\/2019<\/time><\/a><\/div>\n\t<div class=\"entry-excerpt\"><p>Diretoria Operacional Capina: Rua Ana Elizabeth Weber, rua Jo\u00e3o J\u00falio Braun, rua Vitor Meirelles, rua Felipo Gelli * Ro\u00e7ada: rua Sargento Fontes &nbsp;* M\u00e1quinas e Caminh\u00f5es: S\u00e3o Sebasti\u00e3o, Capit\u00e3o Paladino, Dr. S\u00e1 Earp, Morim, Visconde do Bom Retiro, Souza Franco, Duarte da Silveira &nbsp;&nbsp;* Caminh\u00e3o D 08: General Rondon, Quitandinha, Coronel Veiga, Washington Luiz, Centro&hellip;<\/p>\n<\/div>\n\t\n<a href=\"https:\/\/comdep.com.br\/?p=2216\" class=\"post-details details-type-link\" aria-label=\"Read more about COMDEP trabalhando hoje 24\/12\/2019 nos seguintes locais:\">Read more<i class=\"dt-icon-the7-arrow-03\" aria-hidden=\"true\"><\/i><\/a>\n\n<\/div><\/article><article class=\"post project-odd visible post-2211 type-post status-publish format-standard has-post-thumbnail hentry category-home category-1 description-off\" data-name=\"COMDEP trabalhando hoje 23\/12\/2019 nos seguintes locais:\" data-date=\"2019-12-23T13:47:02-03:00\">\n\n<div class=\"post-thumbnail-wrap\">\n\t<div class=\"post-thumbnail\">\n\n\t\t\n\t\t\n\t\t<a href=\"https:\/\/comdep.com.br\/?p=2211\" class=\"post-thumbnail-rollover layzr-bg layzr-bg\" ><img decoding=\"async\" class=\"blog-thumb-lazy-load preload-me lazy-load aspect\" src=\"data:image\/svg+xml,%3Csvg%20xmlns%3D&#39;http%3A%2F%2Fwww.w3.org%2F2000%2Fsvg&#39;%20viewBox%3D&#39;0%200%20269%20179&#39;%2F%3E\" data-src=\"https:\/\/comdep.com.br\/wp-content\/uploads\/2019\/12\/servico-20-269x179.jpg\" data-srcset=\"https:\/\/comdep.com.br\/wp-content\/uploads\/2019\/12\/servico-20-269x179.jpg 269w\" loading=\"eager\" style=\"--ratio: 269 \/ 179\" sizes=\"(max-width: 269px) 100vw, 269px\" alt=\"\" title=\"servico\" width=\"269\" height=\"179\"  \/><\/a>\n\t<\/div>\n<\/div>\n\n\n<div class=\"post-entry-content\">\n\n\t<h3 class=\"entry-title\">\n\t\t<a href=\"https:\/\/comdep.com.br\/?p=2211\" title=\"COMDEP trabalhando hoje 23\/12\/2019 nos seguintes locais:\" rel=\"bookmark\">COMDEP trabalhando hoje 23\/12\/2019 nos seguintes locais:<\/a>\n\t<\/h3>\n\n\t<div class=\"entry-meta\"><a href=\"https:\/\/comdep.com.br\/?m=20191223\" title=\"13:47\" class=\"data-link\" rel=\"bookmark\"><time class=\"entry-date updated\" datetime=\"2019-12-23T13:47:02-03:00\">23\/12\/2019<\/time><\/a><\/div>\n\t<div class=\"entry-excerpt\"><p>Distrito M\u00e1quina com dois caminh\u00f5es, continua\u00e7\u00e3o Bairro da Gl\u00f3ria * Varri\u00e7\u00e3o fixo: Correas, Nogueira, Itaipava, Araras, Madame Machado Secret\u00e1rio Pedro do Rio e Vila Rica * Capina e ro\u00e7ada: Vale do Cuiab\u00e1 Comunidade Quilombola * Diretoria Operacional Limpeza de rio: General Rondon &nbsp;* Capina: Coronel Veiga, General Rondon, Rua Sebasti\u00e3o de Carvalho, Dom Jo\u00e3o Braga,&hellip;<\/p>\n<\/div>\n\t\n<a href=\"https:\/\/comdep.com.br\/?p=2211\" class=\"post-details details-type-link\" aria-label=\"Read more about COMDEP trabalhando hoje 23\/12\/2019 nos seguintes locais:\">Read more<i class=\"dt-icon-the7-arrow-03\" aria-hidden=\"true\"><\/i><\/a>\n\n<\/div><\/article><article class=\"post project-odd visible post-2204 type-post status-publish format-standard has-post-thumbnail hentry category-home category-1 description-off\" data-name=\"COMDEP trabalhando hoje 22\/12\/2019 nos seguintes locais:\" data-date=\"2019-12-22T12:52:23-03:00\">\n\n<div class=\"post-thumbnail-wrap\">\n\t<div class=\"post-thumbnail\">\n\n\t\t\n\t\t\n\t\t<a href=\"https:\/\/comdep.com.br\/?p=2204\" class=\"post-thumbnail-rollover layzr-bg layzr-bg\" ><img decoding=\"async\" class=\"blog-thumb-lazy-load preload-me lazy-load aspect\" src=\"data:image\/svg+xml,%3Csvg%20xmlns%3D&#39;http%3A%2F%2Fwww.w3.org%2F2000%2Fsvg&#39;%20viewBox%3D&#39;0%200%20295%20196&#39;%2F%3E\" data-src=\"https:\/\/comdep.com.br\/wp-content\/uploads\/2019\/12\/servico-19-295x196.jpg\" data-srcset=\"https:\/\/comdep.com.br\/wp-content\/uploads\/2019\/12\/servico-19-295x196.jpg 295w\" loading=\"eager\" style=\"--ratio: 295 \/ 196\" sizes=\"(max-width: 295px) 100vw, 295px\" alt=\"\" title=\"servico\" width=\"295\" height=\"196\"  \/><\/a>\n\t<\/div>\n<\/div>\n\n\n<div class=\"post-entry-content\">\n\n\t<h3 class=\"entry-title\">\n\t\t<a href=\"https:\/\/comdep.com.br\/?p=2204\" title=\"COMDEP trabalhando hoje 22\/12\/2019 nos seguintes locais:\" rel=\"bookmark\">COMDEP trabalhando hoje 22\/12\/2019 nos seguintes locais:<\/a>\n\t<\/h3>\n\n\t<div class=\"entry-meta\"><a href=\"https:\/\/comdep.com.br\/?m=20191222\" title=\"12:52\" class=\"data-link\" rel=\"bookmark\"><time class=\"entry-date updated\" datetime=\"2019-12-22T12:52:23-03:00\">22\/12\/2019<\/time><\/a><\/div>\n\t<div class=\"entry-excerpt\"><p>Diretoria de Limpeza Urbana Varri\u00e7\u00e3o (das 07:00 at\u00e9 11:00) turma da manh\u00e3: Centro, Centro Hist\u00f3rico, Pra\u00e7a da Liberdade, Pal\u00e1cio de cristal, Mosela, Bingen, Bar\u00e3o do Rio Branco, Cascatinha, Itamarati, Quissam\u00e3, Alto da Serra, Pra\u00e7a Pasteur\u00a0 e Quitandinha \u00a0* Varri\u00e7\u00e3o: feira livre do Alto da Serra * (03) funcion\u00e1rios trabalhando na feira livre do Alto da&hellip;<\/p>\n<\/div>\n\t\n<a href=\"https:\/\/comdep.com.br\/?p=2204\" class=\"post-details details-type-link\" aria-label=\"Read more about COMDEP trabalhando hoje 22\/12\/2019 nos seguintes locais:\">Read more<i class=\"dt-icon-the7-arrow-03\" aria-hidden=\"true\"><\/i><\/a>\n\n<\/div><\/article><article class=\"post project-odd visible post-2200 type-post status-publish format-standard has-post-thumbnail hentry category-home category-1 description-off\" data-name=\"COMDEP trabalhando hoje 21\/12\/2019 nos seguintes locais:\" data-date=\"2019-12-22T12:44:18-03:00\">\n\n<div class=\"post-thumbnail-wrap\">\n\t<div class=\"post-thumbnail\">\n\n\t\t\n\t\t\n\t\t<a href=\"https:\/\/comdep.com.br\/?p=2200\" class=\"post-thumbnail-rollover layzr-bg layzr-bg\" ><img decoding=\"async\" class=\"blog-thumb-lazy-load preload-me lazy-load aspect\" src=\"data:image\/svg+xml,%3Csvg%20xmlns%3D&#39;http%3A%2F%2Fwww.w3.org%2F2000%2Fsvg&#39;%20viewBox%3D&#39;0%200%20438%20292&#39;%2F%3E\" data-src=\"https:\/\/comdep.com.br\/wp-content\/uploads\/2019\/12\/servico-18-e1577029509282-438x292.jpg\" data-srcset=\"https:\/\/comdep.com.br\/wp-content\/uploads\/2019\/12\/servico-18-e1577029509282-438x292.jpg 438w\" loading=\"eager\" style=\"--ratio: 438 \/ 292\" sizes=\"(max-width: 438px) 100vw, 438px\" alt=\"\" title=\"servico\" width=\"438\" height=\"292\"  \/><\/a>\n\t<\/div>\n<\/div>\n\n\n<div class=\"post-entry-content\">\n\n\t<h3 class=\"entry-title\">\n\t\t<a href=\"https:\/\/comdep.com.br\/?p=2200\" title=\"COMDEP trabalhando hoje 21\/12\/2019 nos seguintes locais:\" rel=\"bookmark\">COMDEP trabalhando hoje 21\/12\/2019 nos seguintes locais:<\/a>\n\t<\/h3>\n\n\t<div class=\"entry-meta\"><a href=\"https:\/\/comdep.com.br\/?m=20191222\" title=\"12:44\" class=\"data-link\" rel=\"bookmark\"><time class=\"entry-date updated\" datetime=\"2019-12-22T12:44:18-03:00\">22\/12\/2019<\/time><\/a><\/div>\n\t<div class=\"entry-excerpt\"><p>Diretoria de Obras&nbsp; Serralheria; confec\u00e7\u00e3o de coletoras na cia &nbsp;* Obras: instala\u00e7\u00e3o de placa proibitiva descarte de entulho, Rua H\u00e9lio Bittencourt (Rua do T\u00fanel), rua Ant\u00f3nio Silva Ligeiro (Taquara) e instala\u00e7\u00e3o de coletora suspensa Estrada de Cascatinha &nbsp;* Pintura: &nbsp;continua\u00e7\u00e3o de limpeza e pintura, mureta Rua General Rondon &nbsp;&nbsp;* Limpeza de mureta e pintura: (Rua&hellip;<\/p>\n<\/div>\n\t\n<a href=\"https:\/\/comdep.com.br\/?p=2200\" class=\"post-details details-type-link\" aria-label=\"Read more about COMDEP trabalhando hoje 21\/12\/2019 nos seguintes locais:\">Read more<i class=\"dt-icon-the7-arrow-03\" aria-hidden=\"true\"><\/i><\/a>\n\n<\/div><\/article><article class=\"post project-odd visible post-2192 type-post status-publish format-standard has-post-thumbnail hentry category-home category-1 description-off\" data-name=\"COMDEP trabalhando hoje 20\/12\/2019 nos seguintes locais:\" data-date=\"2019-12-20T11:15:18-03:00\">\n\n<div class=\"post-thumbnail-wrap\">\n\t<div class=\"post-thumbnail\">\n\n\t\t\n\t\t\n\t\t<a href=\"https:\/\/comdep.com.br\/?p=2192\" class=\"post-thumbnail-rollover layzr-bg layzr-bg\" ><img decoding=\"async\" class=\"blog-thumb-lazy-load preload-me lazy-load aspect\" src=\"data:image\/svg+xml,%3Csvg%20xmlns%3D&#39;http%3A%2F%2Fwww.w3.org%2F2000%2Fsvg&#39;%20viewBox%3D&#39;0%200%20423%20282&#39;%2F%3E\" data-src=\"https:\/\/comdep.com.br\/wp-content\/uploads\/2019\/12\/servico-17-423x282.jpg\" data-srcset=\"https:\/\/comdep.com.br\/wp-content\/uploads\/2019\/12\/servico-17-423x282.jpg 423w, https:\/\/comdep.com.br\/wp-content\/uploads\/2019\/12\/servico-17-423x281.jpg 423w\" loading=\"eager\" style=\"--ratio: 423 \/ 282\" sizes=\"(max-width: 423px) 100vw, 423px\" alt=\"\" title=\"servico\" width=\"423\" height=\"282\"  \/><\/a>\n\t<\/div>\n<\/div>\n\n\n<div class=\"post-entry-content\">\n\n\t<h3 class=\"entry-title\">\n\t\t<a href=\"https:\/\/comdep.com.br\/?p=2192\" title=\"COMDEP trabalhando hoje 20\/12\/2019 nos seguintes locais:\" rel=\"bookmark\">COMDEP trabalhando hoje 20\/12\/2019 nos seguintes locais:<\/a>\n\t<\/h3>\n\n\t<div class=\"entry-meta\"><a href=\"https:\/\/comdep.com.br\/?m=20191220\" title=\"11:15\" class=\"data-link\" rel=\"bookmark\"><time class=\"entry-date updated\" datetime=\"2019-12-20T11:15:18-03:00\">20\/12\/2019<\/time><\/a><\/div>\n\t<div class=\"entry-excerpt\"><p>Eventos Montar palco na rua Rio de Janeiro.&nbsp; Manuten\u00e7\u00e3o no material e qualquer solicita\u00e7\u00e3o da presid\u00eancia da Rep\u00fablica da presid\u00eancia * Diretoria de Obras Obras: Instalar uma tampa de bueiro na Rua Henrique Rafard 222, coletoras no Vale das Flores (ao lado do Seu Tatu) Bonfim, Rua Alexandre Alves Antunes (em frente a Servid\u00e3o Pedro)&hellip;<\/p>\n<\/div>\n\t\n<a href=\"https:\/\/comdep.com.br\/?p=2192\" class=\"post-details details-type-link\" aria-label=\"Read more about COMDEP trabalhando hoje 20\/12\/2019 nos seguintes locais:\">Read more<i class=\"dt-icon-the7-arrow-03\" aria-hidden=\"true\"><\/i><\/a>\n\n<\/div><\/article><article class=\"post project-odd visible post-2188 type-post status-publish format-standard has-post-thumbnail hentry category-home category-1 description-off\" data-name=\"COMDEP trabalhando hoje 19\/12\/2019 nos seguintes locais:\" data-date=\"2019-12-19T14:00:37-03:00\">\n\n<div class=\"post-thumbnail-wrap\">\n\t<div class=\"post-thumbnail\">\n\n\t\t\n\t\t\n\t\t<a href=\"https:\/\/comdep.com.br\/?p=2188\" class=\"post-thumbnail-rollover layzr-bg layzr-bg\" ><img decoding=\"async\" class=\"blog-thumb-lazy-load preload-me lazy-load aspect\" src=\"data:image\/svg+xml,%3Csvg%20xmlns%3D&#39;http%3A%2F%2Fwww.w3.org%2F2000%2Fsvg&#39;%20viewBox%3D&#39;0%200%20507%20338&#39;%2F%3E\" data-src=\"https:\/\/comdep.com.br\/wp-content\/uploads\/2019\/12\/servico-16-e1576775741950-507x338.jpg\" data-srcset=\"https:\/\/comdep.com.br\/wp-content\/uploads\/2019\/12\/servico-16-e1576775741950-507x338.jpg 507w\" loading=\"eager\" style=\"--ratio: 507 \/ 338\" sizes=\"(max-width: 507px) 100vw, 507px\" alt=\"\" title=\"servico\" width=\"507\" height=\"338\"  \/><\/a>\n\t<\/div>\n<\/div>\n\n\n<div class=\"post-entry-content\">\n\n\t<h3 class=\"entry-title\">\n\t\t<a href=\"https:\/\/comdep.com.br\/?p=2188\" title=\"COMDEP trabalhando hoje 19\/12\/2019 nos seguintes locais:\" rel=\"bookmark\">COMDEP trabalhando hoje 19\/12\/2019 nos seguintes locais:<\/a>\n\t<\/h3>\n\n\t<div class=\"entry-meta\"><a href=\"https:\/\/comdep.com.br\/?m=20191219\" title=\"14:00\" class=\"data-link\" rel=\"bookmark\"><time class=\"entry-date updated\" datetime=\"2019-12-19T14:00:37-03:00\">19\/12\/2019<\/time><\/a><\/div>\n\t<div class=\"entry-excerpt\"><p>Distrito M\u00e1quina e caminh\u00e3o: Secret\u00e1rio &nbsp;* Capina e ro\u00e7ada: Estrada das arcas e carrapat\u00e3o em Nogueira.. * Varri\u00e7\u00e3o fixo: Correas, Nogueira, Itaipava, Araras, Madame Machado,Secret\u00e1rio Pedro do Rio e Vila Rica * Diretoria Operacional Varri\u00e7\u00e3o: Centro, Centro Hist\u00f3rico, Rua Teresa, 24 de maio, Rua Nova, pra\u00e7a Pasteur, Castel\u00e2nea e S\u00e3o Sebasti\u00e3o * Varri\u00e7\u00e3o: feira livre&hellip;<\/p>\n<\/div>\n\t\n<a href=\"https:\/\/comdep.com.br\/?p=2188\" class=\"post-details details-type-link\" aria-label=\"Read more about COMDEP trabalhando hoje 19\/12\/2019 nos seguintes locais:\">Read more<i class=\"dt-icon-the7-arrow-03\" aria-hidden=\"true\"><\/i><\/a>\n\n<\/div><\/article><article class=\"post project-odd visible post-2177 type-post status-publish format-standard has-post-thumbnail hentry category-home category-1 description-off\" data-name=\"COMDEP trabalhando hoje 18\/12\/2019 nos seguintes locais:\" data-date=\"2019-12-18T11:15:57-03:00\">\n\n<div class=\"post-thumbnail-wrap\">\n\t<div class=\"post-thumbnail\">\n\n\t\t\n\t\t\n\t\t<a href=\"https:\/\/comdep.com.br\/?p=2177\" class=\"post-thumbnail-rollover layzr-bg layzr-bg\" ><img decoding=\"async\" class=\"blog-thumb-lazy-load preload-me lazy-load aspect\" src=\"data:image\/svg+xml,%3Csvg%20xmlns%3D&#39;http%3A%2F%2Fwww.w3.org%2F2000%2Fsvg&#39;%20viewBox%3D&#39;0%200%20438%20292&#39;%2F%3E\" data-src=\"https:\/\/comdep.com.br\/wp-content\/uploads\/2019\/12\/servico-15-e1576678609309-438x292.jpg\" data-srcset=\"https:\/\/comdep.com.br\/wp-content\/uploads\/2019\/12\/servico-15-e1576678609309-438x292.jpg 438w\" loading=\"eager\" style=\"--ratio: 438 \/ 292\" sizes=\"(max-width: 438px) 100vw, 438px\" alt=\"\" title=\"servico\" width=\"438\" height=\"292\"  \/><\/a>\n\t<\/div>\n<\/div>\n\n\n<div class=\"post-entry-content\">\n\n\t<h3 class=\"entry-title\">\n\t\t<a href=\"https:\/\/comdep.com.br\/?p=2177\" title=\"COMDEP trabalhando hoje 18\/12\/2019 nos seguintes locais:\" rel=\"bookmark\">COMDEP trabalhando hoje 18\/12\/2019 nos seguintes locais:<\/a>\n\t<\/h3>\n\n\t<div class=\"entry-meta\"><a href=\"https:\/\/comdep.com.br\/?m=20191218\" title=\"11:15\" class=\"data-link\" rel=\"bookmark\"><time class=\"entry-date updated\" datetime=\"2019-12-18T11:15:57-03:00\">18\/12\/2019<\/time><\/a><\/div>\n\t<div class=\"entry-excerpt\"><p>Distrito M\u00e1quina e caminh\u00f5es: Castelo S\u00e3o Manoel, Uni\u00e3o ind\u00fastria * Capina e ro\u00e7ada. Catobira, Uni\u00e3o Ind\u00fastria * Varri\u00e7\u00e3o fixo: Corr\u00eaas, Nogueira, Itaipava, Araras, Madame Machado Secret\u00e1rio Pedro do Rio e Vila Rica * Diretoria Operacional Limpeza de rio: rua Raul Veiga, Pedro Ivo &nbsp;* Capina: Visconde do Bom Retiro, General Rondon, Olavo Bilac, Rua Sebasti\u00e3o&hellip;<\/p>\n<\/div>\n\t\n<a href=\"https:\/\/comdep.com.br\/?p=2177\" class=\"post-details details-type-link\" aria-label=\"Read more about COMDEP trabalhando hoje 18\/12\/2019 nos seguintes locais:\">Read more<i class=\"dt-icon-the7-arrow-03\" aria-hidden=\"true\"><\/i><\/a>\n\n<\/div><\/article><article class=\"post project-odd visible post-2165 type-post status-publish format-standard has-post-thumbnail hentry category-home category-1 description-off\" data-name=\"COMDEP trabalhando hoje 17\/12\/2019 nos seguintes locais:\" data-date=\"2019-12-17T11:02:20-03:00\">\n\n<div class=\"post-thumbnail-wrap\">\n\t<div class=\"post-thumbnail\">\n\n\t\t\n\t\t\n\t\t<a href=\"https:\/\/comdep.com.br\/?p=2165\" class=\"post-thumbnail-rollover layzr-bg layzr-bg\" ><img decoding=\"async\" class=\"blog-thumb-lazy-load preload-me lazy-load aspect\" src=\"data:image\/svg+xml,%3Csvg%20xmlns%3D&#39;http%3A%2F%2Fwww.w3.org%2F2000%2Fsvg&#39;%20viewBox%3D&#39;0%200%20438%20292&#39;%2F%3E\" data-src=\"https:\/\/comdep.com.br\/wp-content\/uploads\/2019\/12\/servico-14-e1576591580635-438x292.jpg\" data-srcset=\"https:\/\/comdep.com.br\/wp-content\/uploads\/2019\/12\/servico-14-e1576591580635-438x292.jpg 438w\" loading=\"eager\" style=\"--ratio: 438 \/ 292\" sizes=\"(max-width: 438px) 100vw, 438px\" alt=\"\" title=\"servico\" width=\"438\" height=\"292\"  \/><\/a>\n\t<\/div>\n<\/div>\n\n\n<div class=\"post-entry-content\">\n\n\t<h3 class=\"entry-title\">\n\t\t<a href=\"https:\/\/comdep.com.br\/?p=2165\" title=\"COMDEP trabalhando hoje 17\/12\/2019 nos seguintes locais:\" rel=\"bookmark\">COMDEP trabalhando hoje 17\/12\/2019 nos seguintes locais:<\/a>\n\t<\/h3>\n\n\t<div class=\"entry-meta\"><a href=\"https:\/\/comdep.com.br\/?m=20191217\" title=\"11:02\" class=\"data-link\" rel=\"bookmark\"><time class=\"entry-date updated\" datetime=\"2019-12-17T11:02:20-03:00\">17\/12\/2019<\/time><\/a><\/div>\n\t<div class=\"entry-excerpt\"><p>Distrito M\u00e1quina e caminh\u00f5es: Castelo S\u00e3o Manoel * Capina e ro\u00e7ada: Estrada do Catobira e Uni\u00e3o e Ind\u00fastria.. * Varri\u00e7\u00e3o fixo: Correas, Nogueira, Itaipava, Araras, Madame Machado, Secret\u00e1rio, Pedro do Rio e Vila Rica * Diretoria Operacional Limpeza de rio: Mosela, rua Raul Veiga &nbsp;* Capina: Vila Manoel Corr\u00eaa, Rua Irineu Corr\u00eaa, Bar\u00e3o do Rio&hellip;<\/p>\n<\/div>\n\t\n<a href=\"https:\/\/comdep.com.br\/?p=2165\" class=\"post-details details-type-link\" aria-label=\"Read more about COMDEP trabalhando hoje 17\/12\/2019 nos seguintes locais:\">Read more<i class=\"dt-icon-the7-arrow-03\" aria-hidden=\"true\"><\/i><\/a>\n\n<\/div><\/article><article class=\"post project-odd visible post-2161 type-post status-publish format-standard has-post-thumbnail hentry category-home category-1 description-off\" data-name=\"COMDEP trabalhando hoje 16\/12\/2019 nos seguintes locais:\" data-date=\"2019-12-16T12:53:36-03:00\">\n\n<div class=\"post-thumbnail-wrap\">\n\t<div class=\"post-thumbnail\">\n\n\t\t\n\t\t\n\t\t<a href=\"https:\/\/comdep.com.br\/?p=2161\" class=\"post-thumbnail-rollover layzr-bg layzr-bg\" ><img decoding=\"async\" class=\"blog-thumb-lazy-load preload-me lazy-load aspect\" src=\"data:image\/svg+xml,%3Csvg%20xmlns%3D&#39;http%3A%2F%2Fwww.w3.org%2F2000%2Fsvg&#39;%20viewBox%3D&#39;0%200%20517%20344&#39;%2F%3E\" data-src=\"https:\/\/comdep.com.br\/wp-content\/uploads\/2019\/12\/servico-13-517x344.jpg\" data-srcset=\"https:\/\/comdep.com.br\/wp-content\/uploads\/2019\/12\/servico-13-517x344.jpg 517w\" loading=\"eager\" style=\"--ratio: 517 \/ 344\" sizes=\"(max-width: 517px) 100vw, 517px\" alt=\"\" title=\"servico\" width=\"517\" height=\"344\"  \/><\/a>\n\t<\/div>\n<\/div>\n\n\n<div class=\"post-entry-content\">\n\n\t<h3 class=\"entry-title\">\n\t\t<a href=\"https:\/\/comdep.com.br\/?p=2161\" title=\"COMDEP trabalhando hoje 16\/12\/2019 nos seguintes locais:\" rel=\"bookmark\">COMDEP trabalhando hoje 16\/12\/2019 nos seguintes locais:<\/a>\n\t<\/h3>\n\n\t<div class=\"entry-meta\"><a href=\"https:\/\/comdep.com.br\/?m=20191216\" title=\"12:53\" class=\"data-link\" rel=\"bookmark\"><time class=\"entry-date updated\" datetime=\"2019-12-16T12:53:36-03:00\">16\/12\/2019<\/time><\/a><\/div>\n\t<div class=\"entry-excerpt\"><p>Diretoria de Limpeza P\u00fablica Varri\u00e7\u00e3o: Castel\u00e2nea, Simeria, S\u00e3o Sebasti\u00e3o, pra\u00e7a Pasteur, Alto da Serra e Morin * Caminh\u00e3o (C20) recolhimento de sacos de varri\u00e7\u00e3o: General Rondon, coronel Veiga, Alto da Serra, Morin, Centro, Centro Hist\u00f3rico, Cascatinha e Bingen * Caminh\u00e3o (C55) Pipa lavagem: Centro, Centro Hist\u00f3rico, pra\u00e7a Alcindo Sodr\u00e9 atr\u00e1s da banca de jornal ap\u00f3s&hellip;<\/p>\n<\/div>\n\t\n<a href=\"https:\/\/comdep.com.br\/?p=2161\" class=\"post-details details-type-link\" aria-label=\"Read more about COMDEP trabalhando hoje 16\/12\/2019 nos seguintes locais:\">Read more<i class=\"dt-icon-the7-arrow-03\" aria-hidden=\"true\"><\/i><\/a>\n\n<\/div><\/article><article class=\"post project-odd visible post-2157 type-post status-publish format-standard has-post-thumbnail hentry category-home category-1 description-off\" data-name=\"COMDEP trabalhando hoje 15\/12\/2019 nos seguintes locais:\" data-date=\"2019-12-16T12:29:24-03:00\">\n\n<div class=\"post-thumbnail-wrap\">\n\t<div class=\"post-thumbnail\">\n\n\t\t\n\t\t\n\t\t<a href=\"https:\/\/comdep.com.br\/?p=2157\" class=\"post-thumbnail-rollover layzr-bg layzr-bg\" ><img decoding=\"async\" class=\"blog-thumb-lazy-load preload-me lazy-load aspect\" src=\"data:image\/svg+xml,%3Csvg%20xmlns%3D&#39;http%3A%2F%2Fwww.w3.org%2F2000%2Fsvg&#39;%20viewBox%3D&#39;0%200%20519%20346&#39;%2F%3E\" data-src=\"https:\/\/comdep.com.br\/wp-content\/uploads\/2019\/12\/servico-12-519x346.jpg\" data-srcset=\"https:\/\/comdep.com.br\/wp-content\/uploads\/2019\/12\/servico-12-519x346.jpg 519w, https:\/\/comdep.com.br\/wp-content\/uploads\/2019\/12\/servico-12-519x345.jpg 519w\" loading=\"eager\" style=\"--ratio: 519 \/ 346\" sizes=\"(max-width: 519px) 100vw, 519px\" alt=\"\" title=\"servico\" width=\"519\" height=\"346\"  \/><\/a>\n\t<\/div>\n<\/div>\n\n\n<div class=\"post-entry-content\">\n\n\t<h3 class=\"entry-title\">\n\t\t<a href=\"https:\/\/comdep.com.br\/?p=2157\" title=\"COMDEP trabalhando hoje 15\/12\/2019 nos seguintes locais:\" rel=\"bookmark\">COMDEP trabalhando hoje 15\/12\/2019 nos seguintes locais:<\/a>\n\t<\/h3>\n\n\t<div class=\"entry-meta\"><a href=\"https:\/\/comdep.com.br\/?m=20191216\" title=\"12:29\" class=\"data-link\" rel=\"bookmark\"><time class=\"entry-date updated\" datetime=\"2019-12-16T12:29:24-03:00\">16\/12\/2019<\/time><\/a><\/div>\n\t<div class=\"entry-excerpt\"><p>Diretoria de Limpeza Urbana Varri\u00e7\u00e3o (das 07:00 at\u00e9 11:00) turma da manh\u00e3: Centro, Centro Hist\u00f3rico, Pra\u00e7a da Liberdade, Pal\u00e1cio de Cristal, 13 de Maio, Mosela, Bingen, Bar\u00e3o do Rio Branco, Cascatinha, Itamarati, Quissam\u00e3, Alto da Serra, Pra\u00e7a Pasteur e Quitandinha * Varri\u00e7\u00e3o: feira livre do Alto da Serra * (03) funcion\u00e1rios trabalhando na feira livre&hellip;<\/p>\n<\/div>\n\t\n<a href=\"https:\/\/comdep.com.br\/?p=2157\" class=\"post-details details-type-link\" aria-label=\"Read more about COMDEP trabalhando hoje 15\/12\/2019 nos seguintes locais:\">Read more<i class=\"dt-icon-the7-arrow-03\" aria-hidden=\"true\"><\/i><\/a>\n\n<\/div><\/article><article class=\"post project-odd visible post-2154 type-post status-publish format-standard has-post-thumbnail hentry category-home category-1 description-off\" data-name=\"COMDEP trabalhando hoje 14\/12\/2019 nos seguintes locais:\" data-date=\"2019-12-16T12:18:05-03:00\">\n\n<div class=\"post-thumbnail-wrap\">\n\t<div class=\"post-thumbnail\">\n\n\t\t\n\t\t\n\t\t<a href=\"https:\/\/comdep.com.br\/?p=2154\" class=\"post-thumbnail-rollover layzr-bg layzr-bg\" ><img decoding=\"async\" class=\"blog-thumb-lazy-load preload-me lazy-load aspect\" src=\"data:image\/svg+xml,%3Csvg%20xmlns%3D&#39;http%3A%2F%2Fwww.w3.org%2F2000%2Fsvg&#39;%20viewBox%3D&#39;0%200%20516%20344&#39;%2F%3E\" data-src=\"https:\/\/comdep.com.br\/wp-content\/uploads\/2019\/12\/servico-11-516x344.jpg\" data-srcset=\"https:\/\/comdep.com.br\/wp-content\/uploads\/2019\/12\/servico-11-516x344.jpg 516w, https:\/\/comdep.com.br\/wp-content\/uploads\/2019\/12\/servico-11-516x343.jpg 516w\" loading=\"eager\" style=\"--ratio: 516 \/ 344\" sizes=\"(max-width: 516px) 100vw, 516px\" alt=\"\" title=\"servico\" width=\"516\" height=\"344\"  \/><\/a>\n\t<\/div>\n<\/div>\n\n\n<div class=\"post-entry-content\">\n\n\t<h3 class=\"entry-title\">\n\t\t<a href=\"https:\/\/comdep.com.br\/?p=2154\" title=\"COMDEP trabalhando hoje 14\/12\/2019 nos seguintes locais:\" rel=\"bookmark\">COMDEP trabalhando hoje 14\/12\/2019 nos seguintes locais:<\/a>\n\t<\/h3>\n\n\t<div class=\"entry-meta\"><a href=\"https:\/\/comdep.com.br\/?m=20191216\" title=\"12:18\" class=\"data-link\" rel=\"bookmark\"><time class=\"entry-date updated\" datetime=\"2019-12-16T12:18:05-03:00\">16\/12\/2019<\/time><\/a><\/div>\n\t<div class=\"entry-excerpt\"><p>Diretoria de Limpeza Urbana Varri\u00e7\u00e3o: Capela, Manoel Torres, Duarte da Silveira, Bairro Castrioto, Dias de Oliveira, Bingen e Mosela * Varri\u00e7\u00e3o na feira livre do Centro * (03) funcion\u00e1rios trabalhando na feira livre do centro, na retirada de res\u00edduos debaixo das bancas * (06) funcion\u00e1rios trabalhando na limpeza da pra\u00e7a da liberdade e Pal\u00e1cio de&hellip;<\/p>\n<\/div>\n\t\n<a href=\"https:\/\/comdep.com.br\/?p=2154\" class=\"post-details details-type-link\" aria-label=\"Read more about COMDEP trabalhando hoje 14\/12\/2019 nos seguintes locais:\">Read more<i class=\"dt-icon-the7-arrow-03\" aria-hidden=\"true\"><\/i><\/a>\n\n<\/div><\/article><article class=\"post project-odd visible post-2141 type-post status-publish format-standard has-post-thumbnail hentry category-home category-1 description-off\" data-name=\"COMDEP trabalhando hoje 13\/12\/2019 nos seguintes locais:\" data-date=\"2019-12-13T10:15:45-03:00\">\n\n<div class=\"post-thumbnail-wrap\">\n\t<div class=\"post-thumbnail\">\n\n\t\t\n\t\t\n\t\t<a href=\"https:\/\/comdep.com.br\/?p=2141\" class=\"post-thumbnail-rollover layzr-bg layzr-bg\" ><img decoding=\"async\" class=\"blog-thumb-lazy-load preload-me lazy-load aspect\" src=\"data:image\/svg+xml,%3Csvg%20xmlns%3D&#39;http%3A%2F%2Fwww.w3.org%2F2000%2Fsvg&#39;%20viewBox%3D&#39;0%200%20519%20346&#39;%2F%3E\" data-src=\"https:\/\/comdep.com.br\/wp-content\/uploads\/2019\/12\/servico-10-519x346.jpg\" data-srcset=\"https:\/\/comdep.com.br\/wp-content\/uploads\/2019\/12\/servico-10-519x346.jpg 519w, https:\/\/comdep.com.br\/wp-content\/uploads\/2019\/12\/servico-10-519x345.jpg 519w\" loading=\"eager\" style=\"--ratio: 519 \/ 346\" sizes=\"(max-width: 519px) 100vw, 519px\" alt=\"\" title=\"servico\" width=\"519\" height=\"346\"  \/><\/a>\n\t<\/div>\n<\/div>\n\n\n<div class=\"post-entry-content\">\n\n\t<h3 class=\"entry-title\">\n\t\t<a href=\"https:\/\/comdep.com.br\/?p=2141\" title=\"COMDEP trabalhando hoje 13\/12\/2019 nos seguintes locais:\" rel=\"bookmark\">COMDEP trabalhando hoje 13\/12\/2019 nos seguintes locais:<\/a>\n\t<\/h3>\n\n\t<div class=\"entry-meta\"><a href=\"https:\/\/comdep.com.br\/?m=20191213\" title=\"10:15\" class=\"data-link\" rel=\"bookmark\"><time class=\"entry-date updated\" datetime=\"2019-12-13T10:15:45-03:00\">13\/12\/2019<\/time><\/a><\/div>\n\t<div class=\"entry-excerpt\"><p>Diretoria de Obras Obras: nivelamento de piso em p\u00f3 de pedra nas pra\u00e7as do Bosque e Liberdade * Pintura: limpeza e pintura na rua Gal. Rondon e pintura de bala\u00fastres * Serralheria: instala\u00e7\u00e3o de tela e placa proibitiva na rua Gal. Marciano Magalh\u00e3es no Morin, pr\u00f3ximo a Ikinha e Pra\u00e7a da Mosela * Carpintaria: montagem&hellip;<\/p>\n<\/div>\n\t\n<a href=\"https:\/\/comdep.com.br\/?p=2141\" class=\"post-details details-type-link\" aria-label=\"Read more about COMDEP trabalhando hoje 13\/12\/2019 nos seguintes locais:\">Read more<i class=\"dt-icon-the7-arrow-03\" aria-hidden=\"true\"><\/i><\/a>\n\n<\/div><\/article><article class=\"post project-odd visible post-2137 type-post status-publish format-standard has-post-thumbnail hentry category-home category-1 description-off\" data-name=\"COMDEP trabalhando hoje 12\/12\/2019 nos seguintes locais:\" data-date=\"2019-12-12T11:44:29-03:00\">\n\n<div class=\"post-thumbnail-wrap\">\n\t<div class=\"post-thumbnail\">\n\n\t\t\n\t\t\n\t\t<a href=\"https:\/\/comdep.com.br\/?p=2137\" class=\"post-thumbnail-rollover layzr-bg layzr-bg\" ><img decoding=\"async\" class=\"blog-thumb-lazy-load preload-me lazy-load aspect\" src=\"data:image\/svg+xml,%3Csvg%20xmlns%3D&#39;http%3A%2F%2Fwww.w3.org%2F2000%2Fsvg&#39;%20viewBox%3D&#39;0%200%20387%20258&#39;%2F%3E\" data-src=\"https:\/\/comdep.com.br\/wp-content\/uploads\/2019\/12\/servico-9-387x258.jpg\" data-srcset=\"https:\/\/comdep.com.br\/wp-content\/uploads\/2019\/12\/servico-9-387x258.jpg 387w, https:\/\/comdep.com.br\/wp-content\/uploads\/2019\/12\/servico-9-387x257.jpg 387w\" loading=\"eager\" style=\"--ratio: 387 \/ 258\" sizes=\"(max-width: 387px) 100vw, 387px\" alt=\"\" title=\"servico\" width=\"387\" height=\"258\"  \/><\/a>\n\t<\/div>\n<\/div>\n\n\n<div class=\"post-entry-content\">\n\n\t<h3 class=\"entry-title\">\n\t\t<a href=\"https:\/\/comdep.com.br\/?p=2137\" title=\"COMDEP trabalhando hoje 12\/12\/2019 nos seguintes locais:\" rel=\"bookmark\">COMDEP trabalhando hoje 12\/12\/2019 nos seguintes locais:<\/a>\n\t<\/h3>\n\n\t<div class=\"entry-meta\"><a href=\"https:\/\/comdep.com.br\/?m=20191212\" title=\"11:44\" class=\"data-link\" rel=\"bookmark\"><time class=\"entry-date updated\" datetime=\"2019-12-12T11:44:29-03:00\">12\/12\/2019<\/time><\/a><\/div>\n\t<div class=\"entry-excerpt\"><p>Distrito Ro\u00e7ada e capina: continua\u00e7\u00e3o Uni\u00e3o Ind\u00fastria e Catubira &nbsp;* M\u00e1quina e caminh\u00e3o: Vila Rica &nbsp;* Varri\u00e7\u00e3o di\u00e1ria: Corr\u00eaas, Nogueiras, Araras, Itaipava, Madame Machado, Vila Rica, Pedro do Rio, Secret\u00e1rio * Diretoria Operacional Limpeza de rio: Mosela &nbsp;* Capina: Travessa Valeriana Jorge, rua Irineu Corr\u00eaa, Bar\u00e3o do Rio Branco, Olavo Bilac, rua Wilson Medeiros de&hellip;<\/p>\n<\/div>\n\t\n<a href=\"https:\/\/comdep.com.br\/?p=2137\" class=\"post-details details-type-link\" aria-label=\"Read more about COMDEP trabalhando hoje 12\/12\/2019 nos seguintes locais:\">Read more<i class=\"dt-icon-the7-arrow-03\" aria-hidden=\"true\"><\/i><\/a>\n\n<\/div><\/article><article class=\"post project-odd visible post-2125 type-post status-publish format-standard has-post-thumbnail hentry category-home category-1 description-off\" data-name=\"COMDEP trabalhando hoje 11\/12\/2019 nos seguintes locais:\" data-date=\"2019-12-11T11:03:47-03:00\">\n\n<div class=\"post-thumbnail-wrap\">\n\t<div class=\"post-thumbnail\">\n\n\t\t\n\t\t\n\t\t<a href=\"https:\/\/comdep.com.br\/?p=2125\" class=\"post-thumbnail-rollover layzr-bg layzr-bg\" ><img decoding=\"async\" class=\"blog-thumb-lazy-load preload-me lazy-load aspect\" src=\"data:image\/svg+xml,%3Csvg%20xmlns%3D&#39;http%3A%2F%2Fwww.w3.org%2F2000%2Fsvg&#39;%20viewBox%3D&#39;0%200%20518%20345&#39;%2F%3E\" data-src=\"https:\/\/comdep.com.br\/wp-content\/uploads\/2019\/12\/servico-8-518x345.jpg\" data-srcset=\"https:\/\/comdep.com.br\/wp-content\/uploads\/2019\/12\/servico-8-518x345.jpg 518w\" loading=\"eager\" style=\"--ratio: 518 \/ 345\" sizes=\"(max-width: 518px) 100vw, 518px\" alt=\"\" title=\"servico\" width=\"518\" height=\"345\"  \/><\/a>\n\t<\/div>\n<\/div>\n\n\n<div class=\"post-entry-content\">\n\n\t<h3 class=\"entry-title\">\n\t\t<a href=\"https:\/\/comdep.com.br\/?p=2125\" title=\"COMDEP trabalhando hoje 11\/12\/2019 nos seguintes locais:\" rel=\"bookmark\">COMDEP trabalhando hoje 11\/12\/2019 nos seguintes locais:<\/a>\n\t<\/h3>\n\n\t<div class=\"entry-meta\"><a href=\"https:\/\/comdep.com.br\/?m=20191211\" title=\"11:03\" class=\"data-link\" rel=\"bookmark\"><time class=\"entry-date updated\" datetime=\"2019-12-11T11:03:47-03:00\">11\/12\/2019<\/time><\/a><\/div>\n\t<div class=\"entry-excerpt\"><p>Distrito Ro\u00e7ada e capina: Uni\u00e3o Ind\u00fastria, continua\u00e7\u00e3o Catubira &nbsp;* M\u00e1quina e caminh\u00f5es: continua\u00e7\u00e3o Castelo S\u00e3o Manoel &nbsp;* Varri\u00e7\u00e3o di\u00e1ria: Corr\u00eaas, Nogueiras, Araras, Itaipava, Madame Machado, Vila Rica, Pedro do Rio, Secret\u00e1rio * Diretoria Operacional Limpeza de rio: Mosela &nbsp;* Capina: Rua Santos Dumont, Travessa Valeriana Jorge, Rua Irineu Corr\u00eaa, Bar\u00e3o do Rio Branco, Olavo Bilac,&hellip;<\/p>\n<\/div>\n\t\n<a href=\"https:\/\/comdep.com.br\/?p=2125\" class=\"post-details details-type-link\" aria-label=\"Read more about COMDEP trabalhando hoje 11\/12\/2019 nos seguintes locais:\">Read more<i class=\"dt-icon-the7-arrow-03\" aria-hidden=\"true\"><\/i><\/a>\n\n<\/div><\/article><article class=\"post project-odd visible post-2121 type-post status-publish format-standard has-post-thumbnail hentry category-home category-1 description-off\" data-name=\"COMDEP trabalhando hoje 10\/12\/2019 nos seguintes locais:\" data-date=\"2019-12-10T13:01:57-03:00\">\n\n<div class=\"post-thumbnail-wrap\">\n\t<div class=\"post-thumbnail\">\n\n\t\t\n\t\t\n\t\t<a href=\"https:\/\/comdep.com.br\/?p=2121\" class=\"post-thumbnail-rollover layzr-bg layzr-bg\" ><img decoding=\"async\" class=\"blog-thumb-lazy-load preload-me lazy-load aspect\" src=\"data:image\/svg+xml,%3Csvg%20xmlns%3D&#39;http%3A%2F%2Fwww.w3.org%2F2000%2Fsvg&#39;%20viewBox%3D&#39;0%200%20388%20258&#39;%2F%3E\" data-src=\"https:\/\/comdep.com.br\/wp-content\/uploads\/2019\/12\/servico-7-388x258.jpg\" data-srcset=\"https:\/\/comdep.com.br\/wp-content\/uploads\/2019\/12\/servico-7-388x258.jpg 388w\" loading=\"eager\" style=\"--ratio: 388 \/ 258\" sizes=\"(max-width: 388px) 100vw, 388px\" alt=\"\" title=\"servico\" width=\"388\" height=\"258\"  \/><\/a>\n\t<\/div>\n<\/div>\n\n\n<div class=\"post-entry-content\">\n\n\t<h3 class=\"entry-title\">\n\t\t<a href=\"https:\/\/comdep.com.br\/?p=2121\" title=\"COMDEP trabalhando hoje 10\/12\/2019 nos seguintes locais:\" rel=\"bookmark\">COMDEP trabalhando hoje 10\/12\/2019 nos seguintes locais:<\/a>\n\t<\/h3>\n\n\t<div class=\"entry-meta\"><a href=\"https:\/\/comdep.com.br\/?m=20191210\" title=\"13:01\" class=\"data-link\" rel=\"bookmark\"><time class=\"entry-date updated\" datetime=\"2019-12-10T13:01:57-03:00\">10\/12\/2019<\/time><\/a><\/div>\n\t<div class=\"entry-excerpt\"><p>Distrito Ro\u00e7ada e capina: continua\u00e7\u00e3o Estrada do Catubira, Parque de Exposi\u00e7\u00e3o &nbsp;* M\u00e1quina e caminh\u00f5es: continua\u00e7\u00e3o Castelo S\u00e3o Manoel &nbsp;* Varri\u00e7\u00e3o di\u00e1ria: Corr\u00eaas, Nogueiras, Araras, Itaipava, Madame Machado, Vila Rica, Pedro do Rio, Secret\u00e1rio * Diretoria Operacional Varri\u00e7\u00e3o: Cascatinha, Boa Vista, Estrada da Saudade, Fonseca Ramos, Ipiranga, 13 de maio, Valpara\u00edso e Mosela * Varri\u00e7\u00e3o:&hellip;<\/p>\n<\/div>\n\t\n<a href=\"https:\/\/comdep.com.br\/?p=2121\" class=\"post-details details-type-link\" aria-label=\"Read more about COMDEP trabalhando hoje 10\/12\/2019 nos seguintes locais:\">Read more<i class=\"dt-icon-the7-arrow-03\" aria-hidden=\"true\"><\/i><\/a>\n\n<\/div><\/article><article class=\"post project-odd visible post-2111 type-post status-publish format-standard has-post-thumbnail hentry category-home category-1 description-off\" data-name=\"COMDEP trabalhando hoje 09\/12\/2019 nos seguintes locais:\" data-date=\"2019-12-09T11:59:34-03:00\">\n\n<div class=\"post-thumbnail-wrap\">\n\t<div class=\"post-thumbnail\">\n\n\t\t\n\t\t\n\t\t<a href=\"https:\/\/comdep.com.br\/?p=2111\" class=\"post-thumbnail-rollover layzr-bg layzr-bg\" ><img decoding=\"async\" class=\"blog-thumb-lazy-load preload-me lazy-load aspect\" src=\"data:image\/svg+xml,%3Csvg%20xmlns%3D&#39;http%3A%2F%2Fwww.w3.org%2F2000%2Fsvg&#39;%20viewBox%3D&#39;0%200%20430%20286&#39;%2F%3E\" data-src=\"https:\/\/comdep.com.br\/wp-content\/uploads\/2019\/12\/servico-6-430x286.jpg\" data-srcset=\"https:\/\/comdep.com.br\/wp-content\/uploads\/2019\/12\/servico-6-430x286.jpg 430w\" loading=\"eager\" style=\"--ratio: 430 \/ 286\" sizes=\"(max-width: 430px) 100vw, 430px\" alt=\"\" title=\"servico\" width=\"430\" height=\"286\"  \/><\/a>\n\t<\/div>\n<\/div>\n\n\n<div class=\"post-entry-content\">\n\n\t<h3 class=\"entry-title\">\n\t\t<a href=\"https:\/\/comdep.com.br\/?p=2111\" title=\"COMDEP trabalhando hoje 09\/12\/2019 nos seguintes locais:\" rel=\"bookmark\">COMDEP trabalhando hoje 09\/12\/2019 nos seguintes locais:<\/a>\n\t<\/h3>\n\n\t<div class=\"entry-meta\"><a href=\"https:\/\/comdep.com.br\/?m=20191209\" title=\"11:59\" class=\"data-link\" rel=\"bookmark\"><time class=\"entry-date updated\" datetime=\"2019-12-09T11:59:34-03:00\">09\/12\/2019<\/time><\/a><\/div>\n\t<div class=\"entry-excerpt\"><p>Distrito Ro\u00e7ada e capina: Catubira * M\u00e1quina e caminh\u00e3o: continua\u00e7\u00e3o Castelo S\u00e3o Manoel&nbsp; * Varri\u00e7\u00e3o di\u00e1ria: Corr\u00eaas, Nogueiras, Araras, Itaipava, Madame Machado, Vila Rica, Pedro do Rio, Secret\u00e1rio * Diretoria Operacional Varri\u00e7\u00e3o: Quarteir\u00e3o Brasileiro, Retiro, Carangola, Roseiral, Cascatinha, Fonseca Ramos e Centro &nbsp;* Caminh\u00e3o (C55) Pipa lavagem: Centro, Centro Hist\u00f3rico, pra\u00e7a Alcindo Sodr\u00e9 atr\u00e1s da&hellip;<\/p>\n<\/div>\n\t\n<a href=\"https:\/\/comdep.com.br\/?p=2111\" class=\"post-details details-type-link\" aria-label=\"Read more about COMDEP trabalhando hoje 09\/12\/2019 nos seguintes locais:\">Read more<i class=\"dt-icon-the7-arrow-03\" aria-hidden=\"true\"><\/i><\/a>\n\n<\/div><\/article><article class=\"post project-odd visible post-2108 type-post status-publish format-standard has-post-thumbnail hentry category-home category-1 description-off\" data-name=\"COMDEP trabalhando hoje 09\/12\/2019 nos seguintes locais:\" data-date=\"2019-12-09T11:17:50-03:00\">\n\n<div class=\"post-thumbnail-wrap\">\n\t<div class=\"post-thumbnail\">\n\n\t\t\n\t\t\n\t\t<a href=\"https:\/\/comdep.com.br\/?p=2108\" class=\"post-thumbnail-rollover layzr-bg layzr-bg\" ><img decoding=\"async\" class=\"blog-thumb-lazy-load preload-me lazy-load aspect\" src=\"data:image\/svg+xml,%3Csvg%20xmlns%3D&#39;http%3A%2F%2Fwww.w3.org%2F2000%2Fsvg&#39;%20viewBox%3D&#39;0%200%20515%20343&#39;%2F%3E\" data-src=\"https:\/\/comdep.com.br\/wp-content\/uploads\/2019\/12\/servico-5-515x343.jpg\" data-srcset=\"https:\/\/comdep.com.br\/wp-content\/uploads\/2019\/12\/servico-5-515x343.jpg 515w\" loading=\"eager\" style=\"--ratio: 515 \/ 343\" sizes=\"(max-width: 515px) 100vw, 515px\" alt=\"\" title=\"servico\" width=\"515\" height=\"343\"  \/><\/a>\n\t<\/div>\n<\/div>\n\n\n<div class=\"post-entry-content\">\n\n\t<h3 class=\"entry-title\">\n\t\t<a href=\"https:\/\/comdep.com.br\/?p=2108\" title=\"COMDEP trabalhando hoje 09\/12\/2019 nos seguintes locais:\" rel=\"bookmark\">COMDEP trabalhando hoje 09\/12\/2019 nos seguintes locais:<\/a>\n\t<\/h3>\n\n\t<div class=\"entry-meta\"><a href=\"https:\/\/comdep.com.br\/?m=20191209\" title=\"11:17\" class=\"data-link\" rel=\"bookmark\"><time class=\"entry-date updated\" datetime=\"2019-12-09T11:17:50-03:00\">09\/12\/2019<\/time><\/a><\/div>\n\t<div class=\"entry-excerpt\"><p>Diretoria de Limpeza P\u00fablica Varri\u00e7\u00e3o (das 07:00 at\u00e9 11:00) turma da manh\u00e3: Centro, centro hist\u00f3rico, pra\u00e7a da liberdade, 13 de maio, Rua Teresa, Mosela, Bingen, Quitandinha, Castel\u00e2nea, pra\u00e7a Pasteur, Alto da Serra, Itamarati, Quissam\u00e3 e Cascatinha * Varri\u00e7\u00e3o: feira livre do Alto da Serra * (03) funcion\u00e1rios trabalhando na feira livre do Alto da Serra&hellip;<\/p>\n<\/div>\n\t\n<a href=\"https:\/\/comdep.com.br\/?p=2108\" class=\"post-details details-type-link\" aria-label=\"Read more about COMDEP trabalhando hoje 09\/12\/2019 nos seguintes locais:\">Read more<i class=\"dt-icon-the7-arrow-03\" aria-hidden=\"true\"><\/i><\/a>\n\n<\/div><\/article><article class=\"post project-odd visible post-2100 type-post status-publish format-standard has-post-thumbnail hentry category-home category-1 description-off\" data-name=\"COMDEP trabalhando hoje 07\/12\/2019 nos seguintes locais:\" data-date=\"2019-12-07T13:49:08-03:00\">\n\n<div class=\"post-thumbnail-wrap\">\n\t<div class=\"post-thumbnail\">\n\n\t\t\n\t\t\n\t\t<a href=\"https:\/\/comdep.com.br\/?p=2100\" class=\"post-thumbnail-rollover layzr-bg layzr-bg\" ><img decoding=\"async\" class=\"blog-thumb-lazy-load preload-me lazy-load aspect\" src=\"data:image\/svg+xml,%3Csvg%20xmlns%3D&#39;http%3A%2F%2Fwww.w3.org%2F2000%2Fsvg&#39;%20viewBox%3D&#39;0%200%20507%20338&#39;%2F%3E\" data-src=\"https:\/\/comdep.com.br\/wp-content\/uploads\/2019\/12\/servico-4-e1575737381387-507x338.jpg\" data-srcset=\"https:\/\/comdep.com.br\/wp-content\/uploads\/2019\/12\/servico-4-e1575737381387-507x338.jpg 507w\" loading=\"eager\" style=\"--ratio: 507 \/ 338\" sizes=\"(max-width: 507px) 100vw, 507px\" alt=\"\" title=\"servico\" width=\"507\" height=\"338\"  \/><\/a>\n\t<\/div>\n<\/div>\n\n\n<div class=\"post-entry-content\">\n\n\t<h3 class=\"entry-title\">\n\t\t<a href=\"https:\/\/comdep.com.br\/?p=2100\" title=\"COMDEP trabalhando hoje 07\/12\/2019 nos seguintes locais:\" rel=\"bookmark\">COMDEP trabalhando hoje 07\/12\/2019 nos seguintes locais:<\/a>\n\t<\/h3>\n\n\t<div class=\"entry-meta\"><a href=\"https:\/\/comdep.com.br\/?m=20191207\" title=\"13:49\" class=\"data-link\" rel=\"bookmark\"><time class=\"entry-date updated\" datetime=\"2019-12-07T13:49:08-03:00\">07\/12\/2019<\/time><\/a><\/div>\n\t<div class=\"entry-excerpt\"><p>Eventos Montar 6barracas pra\u00e7a Alcindo Sodr\u00e9,&nbsp; Quissam\u00e3 ao lado da Barbearia Fluminense&nbsp; 1 barraca, retirar 5 barracas no Inea rua Buenos Aires,&nbsp; retirar 4 barracas pol\u00edcia militar * Diretoria Operacional Capina: Rua Oscar weinschenck, rua Ang\u00e9lica Lopes de Castro, Rua M\u00e9xico, rua Domingos Silv\u00e9rio &nbsp;* M\u00e1quina e caminh\u00f5es: S\u00e3o Sebasti\u00e3o, Dr. Thouzet, Chapa 4 &nbsp;*&hellip;<\/p>\n<\/div>\n\t\n<a href=\"https:\/\/comdep.com.br\/?p=2100\" class=\"post-details details-type-link\" aria-label=\"Read more about COMDEP trabalhando hoje 07\/12\/2019 nos seguintes locais:\">Read more<i class=\"dt-icon-the7-arrow-03\" aria-hidden=\"true\"><\/i><\/a>\n\n<\/div><\/article><article class=\"post project-odd visible post-2091 type-post status-publish format-standard has-post-thumbnail hentry category-home category-1 description-off\" data-name=\"COMDEP trabalhando hoje 06\/12\/2019 nos seguintes locais:\" data-date=\"2019-12-06T12:17:28-03:00\">\n\n<div class=\"post-thumbnail-wrap\">\n\t<div class=\"post-thumbnail\">\n\n\t\t\n\t\t\n\t\t<a href=\"https:\/\/comdep.com.br\/?p=2091\" class=\"post-thumbnail-rollover layzr-bg layzr-bg\" ><img decoding=\"async\" class=\"blog-thumb-lazy-load preload-me lazy-load aspect\" src=\"data:image\/svg+xml,%3Csvg%20xmlns%3D&#39;http%3A%2F%2Fwww.w3.org%2F2000%2Fsvg&#39;%20viewBox%3D&#39;0%200%20600%20400&#39;%2F%3E\" data-src=\"https:\/\/comdep.com.br\/wp-content\/uploads\/2019\/12\/servico-3-e1575646728959-600x400.jpg\" data-srcset=\"https:\/\/comdep.com.br\/wp-content\/uploads\/2019\/12\/servico-3-e1575646728959-600x400.jpg 600w, https:\/\/comdep.com.br\/wp-content\/uploads\/2019\/12\/servico-3-e1575646728959-600x399.jpg 600w\" loading=\"eager\" style=\"--ratio: 600 \/ 400\" sizes=\"(max-width: 600px) 100vw, 600px\" alt=\"\" title=\"servico\" width=\"600\" height=\"400\"  \/><\/a>\n\t<\/div>\n<\/div>\n\n\n<div class=\"post-entry-content\">\n\n\t<h3 class=\"entry-title\">\n\t\t<a href=\"https:\/\/comdep.com.br\/?p=2091\" title=\"COMDEP trabalhando hoje 06\/12\/2019 nos seguintes locais:\" rel=\"bookmark\">COMDEP trabalhando hoje 06\/12\/2019 nos seguintes locais:<\/a>\n\t<\/h3>\n\n\t<div class=\"entry-meta\"><a href=\"https:\/\/comdep.com.br\/?m=20191206\" title=\"12:17\" class=\"data-link\" rel=\"bookmark\"><time class=\"entry-date updated\" datetime=\"2019-12-06T12:17:28-03:00\">06\/12\/2019<\/time><\/a><\/div>\n\t<div class=\"entry-excerpt\"><p>Distrito Ro\u00e7ada e capina: continua\u00e7\u00e3o Madame Machado &nbsp;* M\u00e1quina e caminh\u00f5es: continua\u00e7\u00e3o Castelo S\u00e3o Manoel &nbsp;* Varri\u00e7\u00e3o di\u00e1ria: Corr\u00eaas, Nogueiras, Araras, Itaipava, Madame Machado, Vila Rica, Pedro do Rio, Secret\u00e1rio * Diretoria Operacional Varri\u00e7\u00e3o: Centro, Centro Hist\u00f3rico, pra\u00e7a da liberdade, Pal\u00e1cio de cristal, Mosela, Bingen e Capela * Caminh\u00e3o (C55) Pipa lavagem: Centro, Centro Hist\u00f3rico,&hellip;<\/p>\n<\/div>\n\t\n<a href=\"https:\/\/comdep.com.br\/?p=2091\" class=\"post-details details-type-link\" aria-label=\"Read more about COMDEP trabalhando hoje 06\/12\/2019 nos seguintes locais:\">Read more<i class=\"dt-icon-the7-arrow-03\" aria-hidden=\"true\"><\/i><\/a>\n\n<\/div><\/article><article class=\"post project-odd visible post-2083 type-post status-publish format-standard has-post-thumbnail hentry category-home category-1 description-off\" data-name=\"COMDEP trabalhando hoje 05\/12\/2019 nos seguintes locais:\" data-date=\"2019-12-05T11:05:24-03:00\">\n\n<div class=\"post-thumbnail-wrap\">\n\t<div class=\"post-thumbnail\">\n\n\t\t\n\t\t\n\t\t<a href=\"https:\/\/comdep.com.br\/?p=2083\" class=\"post-thumbnail-rollover layzr-bg layzr-bg\" ><img decoding=\"async\" class=\"blog-thumb-lazy-load preload-me lazy-load aspect\" src=\"data:image\/svg+xml,%3Csvg%20xmlns%3D&#39;http%3A%2F%2Fwww.w3.org%2F2000%2Fsvg&#39;%20viewBox%3D&#39;0%200%20519%20346&#39;%2F%3E\" data-src=\"https:\/\/comdep.com.br\/wp-content\/uploads\/2019\/12\/servico-2-519x346.jpg\" data-srcset=\"https:\/\/comdep.com.br\/wp-content\/uploads\/2019\/12\/servico-2-519x346.jpg 519w, https:\/\/comdep.com.br\/wp-content\/uploads\/2019\/12\/servico-2-519x345.jpg 519w\" loading=\"eager\" style=\"--ratio: 519 \/ 346\" sizes=\"(max-width: 519px) 100vw, 519px\" alt=\"\" title=\"servico\" width=\"519\" height=\"346\"  \/><\/a>\n\t<\/div>\n<\/div>\n\n\n<div class=\"post-entry-content\">\n\n\t<h3 class=\"entry-title\">\n\t\t<a href=\"https:\/\/comdep.com.br\/?p=2083\" title=\"COMDEP trabalhando hoje 05\/12\/2019 nos seguintes locais:\" rel=\"bookmark\">COMDEP trabalhando hoje 05\/12\/2019 nos seguintes locais:<\/a>\n\t<\/h3>\n\n\t<div class=\"entry-meta\"><a href=\"https:\/\/comdep.com.br\/?m=20191205\" title=\"11:05\" class=\"data-link\" rel=\"bookmark\"><time class=\"entry-date updated\" datetime=\"2019-12-05T11:05:24-03:00\">05\/12\/2019<\/time><\/a><\/div>\n\t<div class=\"entry-excerpt\"><p>Distrito Ro\u00e7ada e capina: continua\u00e7\u00e3o Madame Machado &nbsp;* M\u00e1quina e caminh\u00f5es: limpeza Caititu &nbsp;* Varri\u00e7\u00e3o di\u00e1ria: Corr\u00eaas, Nogueiras, Araras, Itaipava, Madame Machado, Vila Rica, Pedro do Rio, Secret\u00e1rio * Diretoria Operacional Limpeza de rio: Crist\u00f3v\u00e3o Colombo &nbsp;* Capina: rua Santos Dumont, rua Chile, Bar\u00e3o do Rio Branco, Piabanha, Quarteir\u00e3o Ingelheim, rua Michel Salomoni (Mosela), rua&hellip;<\/p>\n<\/div>\n\t\n<a href=\"https:\/\/comdep.com.br\/?p=2083\" class=\"post-details details-type-link\" aria-label=\"Read more about COMDEP trabalhando hoje 05\/12\/2019 nos seguintes locais:\">Read more<i class=\"dt-icon-the7-arrow-03\" aria-hidden=\"true\"><\/i><\/a>\n\n<\/div><\/article><article class=\"post project-odd visible post-2071 type-post status-publish format-standard has-post-thumbnail hentry category-home category-1 description-off\" data-name=\"COMDEP trabalhando hoje 04\/12\/2019 nos seguintes locais\" data-date=\"2019-12-04T12:22:50-03:00\">\n\n<div class=\"post-thumbnail-wrap\">\n\t<div class=\"post-thumbnail\">\n\n\t\t\n\t\t\n\t\t<a href=\"https:\/\/comdep.com.br\/?p=2071\" class=\"post-thumbnail-rollover layzr-bg layzr-bg\" ><img decoding=\"async\" class=\"blog-thumb-lazy-load preload-me lazy-load aspect\" src=\"data:image\/svg+xml,%3Csvg%20xmlns%3D&#39;http%3A%2F%2Fwww.w3.org%2F2000%2Fsvg&#39;%20viewBox%3D&#39;0%200%20393%20262&#39;%2F%3E\" data-src=\"https:\/\/comdep.com.br\/wp-content\/uploads\/2019\/12\/servico-1-393x262.jpg\" data-srcset=\"https:\/\/comdep.com.br\/wp-content\/uploads\/2019\/12\/servico-1-393x262.jpg 393w, https:\/\/comdep.com.br\/wp-content\/uploads\/2019\/12\/servico-1-393x261.jpg 393w\" loading=\"eager\" style=\"--ratio: 393 \/ 262\" sizes=\"(max-width: 393px) 100vw, 393px\" alt=\"\" title=\"servico\" width=\"393\" height=\"262\"  \/><\/a>\n\t<\/div>\n<\/div>\n\n\n<div class=\"post-entry-content\">\n\n\t<h3 class=\"entry-title\">\n\t\t<a href=\"https:\/\/comdep.com.br\/?p=2071\" title=\"COMDEP trabalhando hoje 04\/12\/2019 nos seguintes locais\" rel=\"bookmark\">COMDEP trabalhando hoje 04\/12\/2019 nos seguintes locais<\/a>\n\t<\/h3>\n\n\t<div class=\"entry-meta\"><a href=\"https:\/\/comdep.com.br\/?m=20191204\" title=\"12:22\" class=\"data-link\" rel=\"bookmark\"><time class=\"entry-date updated\" datetime=\"2019-12-04T12:22:50-03:00\">04\/12\/2019<\/time><\/a><\/div>\n\t<div class=\"entry-excerpt\"><p>Distrito Ro\u00e7ada e capina: continua\u00e7\u00e3o Madame Machado \u00a0* M\u00e1quina e caminh\u00e3o: continua\u00e7\u00e3o Araras, retirada Capina Parque de Exposi\u00e7\u00e3o \u00a0* Varri\u00e7\u00e3o di\u00e1ria: Corr\u00eaas, Nogueiras, Araras, Itaipava, Madame Machado, Vila Rica, Pedro do Rio, Secret\u00e1rio * Diretoria Operacional Limpeza de rio: rua Sargento Fontes \u00a0* Capina: Souza Franco, Rua Teresa, Bar\u00e3o do Rio Branco, Piabanha, Quarteir\u00e3o Ingelheim,&hellip;<\/p>\n<\/div>\n\t\n<a href=\"https:\/\/comdep.com.br\/?p=2071\" class=\"post-details details-type-link\" aria-label=\"Read more about COMDEP trabalhando hoje 04\/12\/2019 nos seguintes locais\">Read more<i class=\"dt-icon-the7-arrow-03\" aria-hidden=\"true\"><\/i><\/a>\n\n<\/div><\/article><article class=\"post project-odd visible post-2055 type-post status-publish format-standard has-post-thumbnail hentry category-home category-1 description-off\" data-name=\"COMDEP trabalhando hoje 02\/12\/2019 nos seguintes locais:\" data-date=\"2019-12-02T10:31:34-03:00\">\n\n<div class=\"post-thumbnail-wrap\">\n\t<div class=\"post-thumbnail\">\n\n\t\t\n\t\t\n\t\t<a href=\"https:\/\/comdep.com.br\/?p=2055\" class=\"post-thumbnail-rollover layzr-bg layzr-bg\" ><img decoding=\"async\" class=\"blog-thumb-lazy-load preload-me lazy-load aspect\" src=\"data:image\/svg+xml,%3Csvg%20xmlns%3D&#39;http%3A%2F%2Fwww.w3.org%2F2000%2Fsvg&#39;%20viewBox%3D&#39;0%200%20368%20245&#39;%2F%3E\" data-src=\"https:\/\/comdep.com.br\/wp-content\/uploads\/2019\/12\/servico-368x245.jpg\" data-srcset=\"https:\/\/comdep.com.br\/wp-content\/uploads\/2019\/12\/servico-368x245.jpg 368w\" loading=\"eager\" style=\"--ratio: 368 \/ 245\" sizes=\"(max-width: 368px) 100vw, 368px\" alt=\"\" title=\"servico\" width=\"368\" height=\"245\"  \/><\/a>\n\t<\/div>\n<\/div>\n\n\n<div class=\"post-entry-content\">\n\n\t<h3 class=\"entry-title\">\n\t\t<a href=\"https:\/\/comdep.com.br\/?p=2055\" title=\"COMDEP trabalhando hoje 02\/12\/2019 nos seguintes locais:\" rel=\"bookmark\">COMDEP trabalhando hoje 02\/12\/2019 nos seguintes locais:<\/a>\n\t<\/h3>\n\n\t<div class=\"entry-meta\"><a href=\"https:\/\/comdep.com.br\/?m=20191202\" title=\"10:31\" class=\"data-link\" rel=\"bookmark\"><time class=\"entry-date updated\" datetime=\"2019-12-02T10:31:34-03:00\">02\/12\/2019<\/time><\/a><\/div>\n\t<div class=\"entry-excerpt\"><p>Distrito Ro\u00e7ada e capina: Madame Machado &nbsp;* M\u00e1quina e caminh\u00e3o: Vila Rica &nbsp;* Varri\u00e7\u00e3o di\u00e1ria: Corr\u00eaas, Nogueiras, Araras, Itaipava, Madame Machado, Vila Rica, Pedro do Rio, Secret\u00e1rio * Diretoria Operacional Varri\u00e7\u00e3o: Quitandinha, General Rondon, coronel Veiga, pra\u00e7a Pasteur, Alto da Serra, Centro e Centro Hist\u00f3rico * Caminh\u00e3o (C20) recolhimento de sacos de varri\u00e7\u00e3o: Quitandinha, Coronel&hellip;<\/p>\n<\/div>\n\t\n<a href=\"https:\/\/comdep.com.br\/?p=2055\" class=\"post-details details-type-link\" aria-label=\"Read more about COMDEP trabalhando hoje 02\/12\/2019 nos seguintes locais:\">Read more<i class=\"dt-icon-the7-arrow-03\" aria-hidden=\"true\"><\/i><\/a>\n\n<\/div><\/article><article class=\"post project-odd visible post-2041 type-post status-publish format-standard has-post-thumbnail hentry category-home category-1 description-off\" data-name=\"COMDEP trabalhando hoje 29\/11\/2019 nos seguintes locais:\" data-date=\"2019-11-29T10:18:25-03:00\">\n\n<div class=\"post-thumbnail-wrap\">\n\t<div class=\"post-thumbnail\">\n\n\t\t\n\t\t\n\t\t<a href=\"https:\/\/comdep.com.br\/?p=2041\" class=\"post-thumbnail-rollover layzr-bg layzr-bg\" ><img decoding=\"async\" class=\"blog-thumb-lazy-load preload-me lazy-load aspect\" src=\"data:image\/svg+xml,%3Csvg%20xmlns%3D&#39;http%3A%2F%2Fwww.w3.org%2F2000%2Fsvg&#39;%20viewBox%3D&#39;0%200%20438%20292&#39;%2F%3E\" data-src=\"https:\/\/comdep.com.br\/wp-content\/uploads\/2019\/11\/servico-15-e1575033833702-438x292.jpg\" data-srcset=\"https:\/\/comdep.com.br\/wp-content\/uploads\/2019\/11\/servico-15-e1575033833702-438x292.jpg 438w\" loading=\"eager\" style=\"--ratio: 438 \/ 292\" sizes=\"(max-width: 438px) 100vw, 438px\" alt=\"\" title=\"servico\" width=\"438\" height=\"292\"  \/><\/a>\n\t<\/div>\n<\/div>\n\n\n<div class=\"post-entry-content\">\n\n\t<h3 class=\"entry-title\">\n\t\t<a href=\"https:\/\/comdep.com.br\/?p=2041\" title=\"COMDEP trabalhando hoje 29\/11\/2019 nos seguintes locais:\" rel=\"bookmark\">COMDEP trabalhando hoje 29\/11\/2019 nos seguintes locais:<\/a>\n\t<\/h3>\n\n\t<div class=\"entry-meta\"><a href=\"https:\/\/comdep.com.br\/?m=20191129\" title=\"10:18\" class=\"data-link\" rel=\"bookmark\"><time class=\"entry-date updated\" datetime=\"2019-11-29T10:18:25-03:00\">29\/11\/2019<\/time><\/a><\/div>\n\t<div class=\"entry-excerpt\"><p>Distrito Ro\u00e7ada e capina: continua\u00e7\u00e3o Parque de Exposi\u00e7\u00e3o &nbsp;* M\u00e1quina e caminh\u00f5es: atendo of\u00edcio para retirada de entulho no Castelo S\u00e3o Manoel &nbsp;* Varri\u00e7\u00e3o di\u00e1ria: Corr\u00eaas, Nogueiras, Araras, Itaipava, Madame Machado, Vila Rica, Pedro do Rio, Secret\u00e1rio * Diretoria Operacional Limpeza de rio: Crist\u00f3v\u00e3o Colombo &nbsp;* Capina: Rep\u00fablica do L\u00edbano, Parque S\u00e3o Vicente, Rua Gabriel&hellip;<\/p>\n<\/div>\n\t\n<a href=\"https:\/\/comdep.com.br\/?p=2041\" class=\"post-details details-type-link\" aria-label=\"Read more about COMDEP trabalhando hoje 29\/11\/2019 nos seguintes locais:\">Read more<i class=\"dt-icon-the7-arrow-03\" aria-hidden=\"true\"><\/i><\/a>\n\n<\/div><\/article><article class=\"post project-odd visible post-2035 type-post status-publish format-standard has-post-thumbnail hentry category-home category-1 description-off\" data-name=\"COMDEP trabalhando hoje 28\/11\/2019 nos seguintes locais:\" data-date=\"2019-11-28T10:55:25-03:00\">\n\n<div class=\"post-thumbnail-wrap\">\n\t<div class=\"post-thumbnail\">\n\n\t\t\n\t\t\n\t\t<a href=\"https:\/\/comdep.com.br\/?p=2035\" class=\"post-thumbnail-rollover layzr-bg layzr-bg\" ><img decoding=\"async\" class=\"blog-thumb-lazy-load preload-me lazy-load aspect\" src=\"data:image\/svg+xml,%3Csvg%20xmlns%3D&#39;http%3A%2F%2Fwww.w3.org%2F2000%2Fsvg&#39;%20viewBox%3D&#39;0%200%20560%20373&#39;%2F%3E\" data-src=\"https:\/\/comdep.com.br\/wp-content\/uploads\/2019\/11\/servico-14-560x373.jpg\" data-srcset=\"https:\/\/comdep.com.br\/wp-content\/uploads\/2019\/11\/servico-14-560x373.jpg 560w\" loading=\"eager\" style=\"--ratio: 560 \/ 373\" sizes=\"(max-width: 560px) 100vw, 560px\" alt=\"Limpeza e pintura de bala\u00fastres na Rua Washington Luiz\" title=\"servico\" width=\"560\" height=\"373\"  \/><\/a>\n\t<\/div>\n<\/div>\n\n\n<div class=\"post-entry-content\">\n\n\t<h3 class=\"entry-title\">\n\t\t<a href=\"https:\/\/comdep.com.br\/?p=2035\" title=\"COMDEP trabalhando hoje 28\/11\/2019 nos seguintes locais:\" rel=\"bookmark\">COMDEP trabalhando hoje 28\/11\/2019 nos seguintes locais:<\/a>\n\t<\/h3>\n\n\t<div class=\"entry-meta\"><a href=\"https:\/\/comdep.com.br\/?m=20191128\" title=\"10:55\" class=\"data-link\" rel=\"bookmark\"><time class=\"entry-date updated\" datetime=\"2019-11-28T10:55:25-03:00\">28\/11\/2019<\/time><\/a><\/div>\n\t<div class=\"entry-excerpt\"><p>Distrito Ro\u00e7ada e capina: Madame Machado * M\u00e1quina e caminh\u00f5es: Continua\u00e7\u00e3o Araras * Varri\u00e7\u00e3o di\u00e1ria: Corr\u00eaas, Nogueiras, Araras, Itaipava, Madame Machado, Vila Rica, Pedro do Rio, Secret\u00e1rio * Diretoria Operacional Limpeza de rio: Crist\u00f3v\u00e3o Colombo * Capina: Dr. S\u00e1 Earp, rua Teresa, Bar\u00e3o do Rio Branco, Rua Francisco Manoel, Piabanha, Marechal Hermes, rua Major Ricardo,&hellip;<\/p>\n<\/div>\n\t\n<a href=\"https:\/\/comdep.com.br\/?p=2035\" class=\"post-details details-type-link\" aria-label=\"Read more about COMDEP trabalhando hoje 28\/11\/2019 nos seguintes locais:\">Read more<i class=\"dt-icon-the7-arrow-03\" aria-hidden=\"true\"><\/i><\/a>\n\n<\/div><\/article><article class=\"post project-odd visible post-2027 type-post status-publish format-standard has-post-thumbnail hentry category-home category-1 description-off\" data-name=\"COMDEP trabalhando hoje 27\/11\/2019 nos seguintes locais:\" data-date=\"2019-11-27T10:45:32-03:00\">\n\n<div class=\"post-thumbnail-wrap\">\n\t<div class=\"post-thumbnail\">\n\n\t\t\n\t\t\n\t\t<a href=\"https:\/\/comdep.com.br\/?p=2027\" class=\"post-thumbnail-rollover layzr-bg layzr-bg\" ><img decoding=\"async\" class=\"blog-thumb-lazy-load preload-me lazy-load aspect\" src=\"data:image\/svg+xml,%3Csvg%20xmlns%3D&#39;http%3A%2F%2Fwww.w3.org%2F2000%2Fsvg&#39;%20viewBox%3D&#39;0%200%20558%20371&#39;%2F%3E\" data-src=\"https:\/\/comdep.com.br\/wp-content\/uploads\/2019\/11\/servico-13-558x371.jpg\" data-srcset=\"https:\/\/comdep.com.br\/wp-content\/uploads\/2019\/11\/servico-13-558x371.jpg 558w\" loading=\"eager\" style=\"--ratio: 558 \/ 371\" sizes=\"(max-width: 558px) 100vw, 558px\" alt=\"\" title=\"servico\" width=\"558\" height=\"371\"  \/><\/a>\n\t<\/div>\n<\/div>\n\n\n<div class=\"post-entry-content\">\n\n\t<h3 class=\"entry-title\">\n\t\t<a href=\"https:\/\/comdep.com.br\/?p=2027\" title=\"COMDEP trabalhando hoje 27\/11\/2019 nos seguintes locais:\" rel=\"bookmark\">COMDEP trabalhando hoje 27\/11\/2019 nos seguintes locais:<\/a>\n\t<\/h3>\n\n\t<div class=\"entry-meta\"><a href=\"https:\/\/comdep.com.br\/?m=20191127\" title=\"10:45\" class=\"data-link\" rel=\"bookmark\"><time class=\"entry-date updated\" datetime=\"2019-11-27T10:45:32-03:00\">27\/11\/2019<\/time><\/a><\/div>\n\t<div class=\"entry-excerpt\"><p>Distrito Ro\u00e7ada e capina: continua\u00e7\u00e3o Estrada Ministro Salgado Filho, Rua 300 &nbsp;* M\u00e1quina e caminh\u00f5es: continua\u00e7\u00e3o Araras &nbsp;* Varri\u00e7\u00e3o di\u00e1ria: Corr\u00eaas, Nogueiras, Araras, Itaipava, Madame Machado, Vila Rica, Pedro do Rio, Secret\u00e1rio * Diretoria Operacional Limpeza de rio: Crist\u00f3v\u00e3o Colombo ; Capina: Dr. S\u00e1 Earp, rua Teresa, Sargento Boening, Lusitano, Marechal Hermes, rua Jo\u00e3o Wedling,&hellip;<\/p>\n<\/div>\n\t\n<a href=\"https:\/\/comdep.com.br\/?p=2027\" class=\"post-details details-type-link\" aria-label=\"Read more about COMDEP trabalhando hoje 27\/11\/2019 nos seguintes locais:\">Read more<i class=\"dt-icon-the7-arrow-03\" aria-hidden=\"true\"><\/i><\/a>\n\n<\/div><\/article><article class=\"post project-odd visible post-2020 type-post status-publish format-standard has-post-thumbnail hentry category-home category-1 description-off\" data-name=\"COMDEP trabalhando hoje 26\/11\/2019 nos seguintes locais:\" data-date=\"2019-11-26T11:07:13-03:00\">\n\n<div class=\"post-thumbnail-wrap\">\n\t<div class=\"post-thumbnail\">\n\n\t\t\n\t\t\n\t\t<a href=\"https:\/\/comdep.com.br\/?p=2020\" class=\"post-thumbnail-rollover layzr-bg layzr-bg\" ><img decoding=\"async\" class=\"blog-thumb-lazy-load preload-me lazy-load aspect\" src=\"data:image\/svg+xml,%3Csvg%20xmlns%3D&#39;http%3A%2F%2Fwww.w3.org%2F2000%2Fsvg&#39;%20viewBox%3D&#39;0%200%20559%20373&#39;%2F%3E\" data-src=\"https:\/\/comdep.com.br\/wp-content\/uploads\/2019\/11\/servico-12-559x373.jpg\" data-srcset=\"https:\/\/comdep.com.br\/wp-content\/uploads\/2019\/11\/servico-12-559x373.jpg 559w, https:\/\/comdep.com.br\/wp-content\/uploads\/2019\/11\/servico-12-559x372.jpg 559w\" loading=\"eager\" style=\"--ratio: 559 \/ 373\" sizes=\"(max-width: 559px) 100vw, 559px\" alt=\"\" title=\"servico\" width=\"559\" height=\"373\"  \/><\/a>\n\t<\/div>\n<\/div>\n\n\n<div class=\"post-entry-content\">\n\n\t<h3 class=\"entry-title\">\n\t\t<a href=\"https:\/\/comdep.com.br\/?p=2020\" title=\"COMDEP trabalhando hoje 26\/11\/2019 nos seguintes locais:\" rel=\"bookmark\">COMDEP trabalhando hoje 26\/11\/2019 nos seguintes locais:<\/a>\n\t<\/h3>\n\n\t<div class=\"entry-meta\"><a href=\"https:\/\/comdep.com.br\/?m=20191126\" title=\"11:07\" class=\"data-link\" rel=\"bookmark\"><time class=\"entry-date updated\" datetime=\"2019-11-26T11:07:13-03:00\">26\/11\/2019<\/time><\/a><\/div>\n\t<div class=\"entry-excerpt\"><p>Distrito Ro\u00e7ada e capina: continua\u00e7\u00e3o Estrada Ministro Salgado Filho Cuiab\u00e1 &nbsp;&nbsp;* M\u00e1quina e caminh\u00f5es: Araras &nbsp;&nbsp;* Varri\u00e7\u00e3o di\u00e1ria: Corr\u00eaas, Nogueiras, Araras, Itaipava, Madame Machado, Vila Rica, Pedro do Rio, Secret\u00e1rio &nbsp;* Diretoria Operacional Limpeza de rio: Conde D&#8217;Eu &nbsp;&nbsp;* Capina: Dr. S\u00e1 Earp, Rua Teresa, Sargento Boening, Lusitano, Marechal Hermes, Rua Jo\u00e3o Wedling (Mosela), Rua&hellip;<\/p>\n<\/div>\n\t\n<a href=\"https:\/\/comdep.com.br\/?p=2020\" class=\"post-details details-type-link\" aria-label=\"Read more about COMDEP trabalhando hoje 26\/11\/2019 nos seguintes locais:\">Read more<i class=\"dt-icon-the7-arrow-03\" aria-hidden=\"true\"><\/i><\/a>\n\n<\/div><\/article><article class=\"post project-odd visible post-2006 type-post status-publish format-standard has-post-thumbnail hentry category-home category-1 description-off\" data-name=\"COMDEP trabalhando hoje 25\/11\/2019 nos seguintes locais:\" data-date=\"2019-11-25T10:50:04-03:00\">\n\n<div class=\"post-thumbnail-wrap\">\n\t<div class=\"post-thumbnail\">\n\n\t\t\n\t\t\n\t\t<a href=\"https:\/\/comdep.com.br\/?p=2006\" class=\"post-thumbnail-rollover layzr-bg layzr-bg\" ><img decoding=\"async\" class=\"blog-thumb-lazy-load preload-me lazy-load aspect\" src=\"data:image\/svg+xml,%3Csvg%20xmlns%3D&#39;http%3A%2F%2Fwww.w3.org%2F2000%2Fsvg&#39;%20viewBox%3D&#39;0%200%20562%20374&#39;%2F%3E\" data-src=\"https:\/\/comdep.com.br\/wp-content\/uploads\/2019\/11\/servico-11-562x374.jpg\" data-srcset=\"https:\/\/comdep.com.br\/wp-content\/uploads\/2019\/11\/servico-11-562x374.jpg 562w\" loading=\"eager\" style=\"--ratio: 562 \/ 374\" sizes=\"(max-width: 562px) 100vw, 562px\" alt=\"\" title=\"servico\" width=\"562\" height=\"374\"  \/><\/a>\n\t<\/div>\n<\/div>\n\n\n<div class=\"post-entry-content\">\n\n\t<h3 class=\"entry-title\">\n\t\t<a href=\"https:\/\/comdep.com.br\/?p=2006\" title=\"COMDEP trabalhando hoje 25\/11\/2019 nos seguintes locais:\" rel=\"bookmark\">COMDEP trabalhando hoje 25\/11\/2019 nos seguintes locais:<\/a>\n\t<\/h3>\n\n\t<div class=\"entry-meta\"><a href=\"https:\/\/comdep.com.br\/?m=20191125\" title=\"10:50\" class=\"data-link\" rel=\"bookmark\"><time class=\"entry-date updated\" datetime=\"2019-11-25T10:50:04-03:00\">25\/11\/2019<\/time><\/a><\/div>\n\t<div class=\"entry-excerpt\"><p>Distrito Ro\u00e7ada e capina: continua\u00e7\u00e3o Estrada Ministro Salgado Filho Cuiab\u00e1 * M\u00e1quina e caminh\u00f5es: Estrada das Arcas, Vargem dos Marmelos * Varri\u00e7\u00e3o di\u00e1ria: Corr\u00eaas, Nogueiras, Araras, Itaipava, Madame Machado, Vila Rica, Pedro do Rio, Secret\u00e1rio * Diretoria Operacional Varri\u00e7\u00e3o: Euclides da Cunha, Pra\u00e7a Pasteur, Pra\u00e7a Catulo, Castel\u00e2nea, 1\u00b0 de maio, Alto da Serra, Morin, Centro,&hellip;<\/p>\n<\/div>\n\t\n<a href=\"https:\/\/comdep.com.br\/?p=2006\" class=\"post-details details-type-link\" aria-label=\"Read more about COMDEP trabalhando hoje 25\/11\/2019 nos seguintes locais:\">Read more<i class=\"dt-icon-the7-arrow-03\" aria-hidden=\"true\"><\/i><\/a>\n\n<\/div><\/article><article class=\"post project-odd visible post-2001 type-post status-publish format-standard has-post-thumbnail hentry category-home category-1 description-off\" data-name=\"COMDEP trabalhando hoje 22\/11\/2019 nos seguintes locais:\" data-date=\"2019-11-22T10:36:24-03:00\">\n\n<div class=\"post-thumbnail-wrap\">\n\t<div class=\"post-thumbnail\">\n\n\t\t\n\t\t\n\t\t<a href=\"https:\/\/comdep.com.br\/?p=2001\" class=\"post-thumbnail-rollover layzr-bg layzr-bg\" ><img decoding=\"async\" class=\"blog-thumb-lazy-load preload-me lazy-load aspect\" src=\"data:image\/svg+xml,%3Csvg%20xmlns%3D&#39;http%3A%2F%2Fwww.w3.org%2F2000%2Fsvg&#39;%20viewBox%3D&#39;0%200%20540%20360&#39;%2F%3E\" data-src=\"https:\/\/comdep.com.br\/wp-content\/uploads\/2019\/11\/servico-10-e1574449624756-540x360.jpg\" data-srcset=\"https:\/\/comdep.com.br\/wp-content\/uploads\/2019\/11\/servico-10-e1574449624756-540x360.jpg 540w\" loading=\"eager\" style=\"--ratio: 540 \/ 360\" sizes=\"(max-width: 540px) 100vw, 540px\" alt=\"\" title=\"servico\" width=\"540\" height=\"360\"  \/><\/a>\n\t<\/div>\n<\/div>\n\n\n<div class=\"post-entry-content\">\n\n\t<h3 class=\"entry-title\">\n\t\t<a href=\"https:\/\/comdep.com.br\/?p=2001\" title=\"COMDEP trabalhando hoje 22\/11\/2019 nos seguintes locais:\" rel=\"bookmark\">COMDEP trabalhando hoje 22\/11\/2019 nos seguintes locais:<\/a>\n\t<\/h3>\n\n\t<div class=\"entry-meta\"><a href=\"https:\/\/comdep.com.br\/?m=20191122\" title=\"10:36\" class=\"data-link\" rel=\"bookmark\"><time class=\"entry-date updated\" datetime=\"2019-11-22T10:36:24-03:00\">22\/11\/2019<\/time><\/a><\/div>\n\t<div class=\"entry-excerpt\"><p>Distrito Ro\u00e7ada e capina: continua\u00e7\u00e3o Estrada Ministro Salgado Filho Cuiab\u00e1 &nbsp;* M\u00e1quina e caminh\u00f5es: Estrada Uni\u00e3o Ind\u00fastria Reta de Itaipava, coletora Estrada da Divisa Santa M\u00f4nica &nbsp;* Varri\u00e7\u00e3o di\u00e1ria: Corr\u00eaas, Nogueiras, Araras, Itaipava, Madame Machado, Vila Rica, Pedro do Rio, Secret\u00e1rio * Diretoria Operacional Varri\u00e7\u00e3o: Pedras Brancas, Alberto de Oliveira, Mosela, Quarteir\u00e3o Brasileiro, Bar\u00e3o do&hellip;<\/p>\n<\/div>\n\t\n<a href=\"https:\/\/comdep.com.br\/?p=2001\" class=\"post-details details-type-link\" aria-label=\"Read more about COMDEP trabalhando hoje 22\/11\/2019 nos seguintes locais:\">Read more<i class=\"dt-icon-the7-arrow-03\" aria-hidden=\"true\"><\/i><\/a>\n\n<\/div><\/article><article class=\"post project-odd visible post-1992 type-post status-publish format-standard has-post-thumbnail hentry category-home category-1 description-off\" data-name=\"COMDEP trabalhando hoje 21\/11\/2019 nos seguintes locais:\" data-date=\"2019-11-21T09:55:57-03:00\">\n\n<div class=\"post-thumbnail-wrap\">\n\t<div class=\"post-thumbnail\">\n\n\t\t\n\t\t\n\t\t<a href=\"https:\/\/comdep.com.br\/?p=1992\" class=\"post-thumbnail-rollover layzr-bg layzr-bg\" ><img decoding=\"async\" class=\"blog-thumb-lazy-load preload-me lazy-load aspect\" src=\"data:image\/svg+xml,%3Csvg%20xmlns%3D&#39;http%3A%2F%2Fwww.w3.org%2F2000%2Fsvg&#39;%20viewBox%3D&#39;0%200%20507%20338&#39;%2F%3E\" data-src=\"https:\/\/comdep.com.br\/wp-content\/uploads\/2019\/11\/servico-9-e1574367019646-507x338.jpg\" data-srcset=\"https:\/\/comdep.com.br\/wp-content\/uploads\/2019\/11\/servico-9-e1574367019646-507x338.jpg 507w\" loading=\"eager\" style=\"--ratio: 507 \/ 338\" sizes=\"(max-width: 507px) 100vw, 507px\" alt=\"\" title=\"servico\" width=\"507\" height=\"338\"  \/><\/a>\n\t<\/div>\n<\/div>\n\n\n<div class=\"post-entry-content\">\n\n\t<h3 class=\"entry-title\">\n\t\t<a href=\"https:\/\/comdep.com.br\/?p=1992\" title=\"COMDEP trabalhando hoje 21\/11\/2019 nos seguintes locais:\" rel=\"bookmark\">COMDEP trabalhando hoje 21\/11\/2019 nos seguintes locais:<\/a>\n\t<\/h3>\n\n\t<div class=\"entry-meta\"><a href=\"https:\/\/comdep.com.br\/?m=20191121\" title=\"09:55\" class=\"data-link\" rel=\"bookmark\"><time class=\"entry-date updated\" datetime=\"2019-11-21T09:55:57-03:00\">21\/11\/2019<\/time><\/a><\/div>\n\t<div class=\"entry-excerpt\"><p>Distrito Ro\u00e7ada e capina: continua\u00e7\u00e3o Estrada Ministro Salgado Filho Cuiab\u00e1 &nbsp;* M\u00e1quina e caminh\u00f5es: continua\u00e7\u00e3o Madame Machado &nbsp;* Varri\u00e7\u00e3o di\u00e1ria: Corr\u00eaas, Nogueiras, Araras, Itaipava, Madame Machado, Vila Rica, Pedro do Rio, Secret\u00e1rio * Diretoria Operacional Varri\u00e7\u00e3o: Castel\u00e2nea, S\u00e3o Sebasti\u00e3o, Simeria, pra\u00e7a Pasteur, Alto da Serra, Morin, Centro, Centro Hist\u00f3rico, Pra\u00e7a da Liberdade e Pal\u00e1cio de&hellip;<\/p>\n<\/div>\n\t\n<a href=\"https:\/\/comdep.com.br\/?p=1992\" class=\"post-details details-type-link\" aria-label=\"Read more about COMDEP trabalhando hoje 21\/11\/2019 nos seguintes locais:\">Read more<i class=\"dt-icon-the7-arrow-03\" aria-hidden=\"true\"><\/i><\/a>\n\n<\/div><\/article><article class=\"post project-odd visible post-1978 type-post status-publish format-standard has-post-thumbnail hentry category-home category-1 description-off\" data-name=\"COMDEP trabalhando hoje 19\/11\/2019 nos seguintes locais:\" data-date=\"2019-11-19T09:53:14-03:00\">\n\n<div class=\"post-thumbnail-wrap\">\n\t<div class=\"post-thumbnail\">\n\n\t\t\n\t\t\n\t\t<a href=\"https:\/\/comdep.com.br\/?p=1978\" class=\"post-thumbnail-rollover layzr-bg layzr-bg\" ><img decoding=\"async\" class=\"blog-thumb-lazy-load preload-me lazy-load aspect\" src=\"data:image\/svg+xml,%3Csvg%20xmlns%3D&#39;http%3A%2F%2Fwww.w3.org%2F2000%2Fsvg&#39;%20viewBox%3D&#39;0%200%20367%20244&#39;%2F%3E\" data-src=\"https:\/\/comdep.com.br\/wp-content\/uploads\/2019\/11\/servico-8-367x244.jpg\" data-srcset=\"https:\/\/comdep.com.br\/wp-content\/uploads\/2019\/11\/servico-8-367x244.jpg 367w\" loading=\"eager\" style=\"--ratio: 367 \/ 244\" sizes=\"(max-width: 367px) 100vw, 367px\" alt=\"\" title=\"servico\" width=\"367\" height=\"244\"  \/><\/a>\n\t<\/div>\n<\/div>\n\n\n<div class=\"post-entry-content\">\n\n\t<h3 class=\"entry-title\">\n\t\t<a href=\"https:\/\/comdep.com.br\/?p=1978\" title=\"COMDEP trabalhando hoje 19\/11\/2019 nos seguintes locais:\" rel=\"bookmark\">COMDEP trabalhando hoje 19\/11\/2019 nos seguintes locais:<\/a>\n\t<\/h3>\n\n\t<div class=\"entry-meta\"><a href=\"https:\/\/comdep.com.br\/?m=20191119\" title=\"09:53\" class=\"data-link\" rel=\"bookmark\"><time class=\"entry-date updated\" datetime=\"2019-11-19T09:53:14-03:00\">19\/11\/2019<\/time><\/a><\/div>\n\t<div class=\"entry-excerpt\"><p>Distrito Ro\u00e7ada e capina: Estrada Ministro Salgado Filho Cuiab\u00e1 &nbsp;* M\u00e1quina e caminh\u00f5es: continua\u00e7\u00e3o Madame Machado &nbsp;* Varri\u00e7\u00e3o di\u00e1ria: Corr\u00eaas, Nogueiras, Araras, Itaipava, Madame Machado, Vila Rica, Pedro do Rio, Secret\u00e1rio * Diretoria Operacional Limpeza de rio: Pra\u00e7a Dom Pedro &nbsp;* Ro\u00e7ada: Dr. S\u00e1 Earp, Marciano Magalh\u00e3es, Gaspar Gon\u00e7alves, Av. Imperatriz &nbsp;* Capina: Av. Ayrton&hellip;<\/p>\n<\/div>\n\t\n<a href=\"https:\/\/comdep.com.br\/?p=1978\" class=\"post-details details-type-link\" aria-label=\"Read more about COMDEP trabalhando hoje 19\/11\/2019 nos seguintes locais:\">Read more<i class=\"dt-icon-the7-arrow-03\" aria-hidden=\"true\"><\/i><\/a>\n\n<\/div><\/article><article class=\"post project-odd visible post-1971 type-post status-publish format-standard has-post-thumbnail hentry category-home category-1 description-off\" data-name=\"COMDEP trabalhando hoje 18\/11\/2019 nos seguintes locais:\" data-date=\"2019-11-18T10:53:37-03:00\">\n\n<div class=\"post-thumbnail-wrap\">\n\t<div class=\"post-thumbnail\">\n\n\t\t\n\t\t\n\t\t<a href=\"https:\/\/comdep.com.br\/?p=1971\" class=\"post-thumbnail-rollover layzr-bg layzr-bg\" ><img decoding=\"async\" class=\"blog-thumb-lazy-load preload-me lazy-load aspect\" src=\"data:image\/svg+xml,%3Csvg%20xmlns%3D&#39;http%3A%2F%2Fwww.w3.org%2F2000%2Fsvg&#39;%20viewBox%3D&#39;0%200%20540%20360&#39;%2F%3E\" data-src=\"https:\/\/comdep.com.br\/wp-content\/uploads\/2019\/11\/servico-7-e1574103140677-540x360.jpg\" data-srcset=\"https:\/\/comdep.com.br\/wp-content\/uploads\/2019\/11\/servico-7-e1574103140677-540x360.jpg 540w\" loading=\"eager\" style=\"--ratio: 540 \/ 360\" sizes=\"(max-width: 540px) 100vw, 540px\" alt=\"\" title=\"servico\" width=\"540\" height=\"360\"  \/><\/a>\n\t<\/div>\n<\/div>\n\n\n<div class=\"post-entry-content\">\n\n\t<h3 class=\"entry-title\">\n\t\t<a href=\"https:\/\/comdep.com.br\/?p=1971\" title=\"COMDEP trabalhando hoje 18\/11\/2019 nos seguintes locais:\" rel=\"bookmark\">COMDEP trabalhando hoje 18\/11\/2019 nos seguintes locais:<\/a>\n\t<\/h3>\n\n\t<div class=\"entry-meta\"><a href=\"https:\/\/comdep.com.br\/?m=20191118\" title=\"10:53\" class=\"data-link\" rel=\"bookmark\"><time class=\"entry-date updated\" datetime=\"2019-11-18T10:53:37-03:00\">18\/11\/2019<\/time><\/a><\/div>\n\t<div class=\"entry-excerpt\"><p>Distrito &nbsp; Ro\u00e7ada e capina: Estrada do Caetitu * M\u00e1quina e caminh\u00f5es: continua\u00e7\u00e3o Madame Machado &nbsp;* Varri\u00e7\u00e3o di\u00e1ria: Corr\u00eaas, Nogueiras, Araras, Itaipava, Madame Machado, Vila Rica, Pedro do Rio, Secret\u00e1rio * Diretoria Operacional Varri\u00e7\u00e3o: Alto da Serra, Morin, Euclides da Cunha, Pra\u00e7a Pasteur, Castel\u00e2nea, S\u00e3o Sebasti\u00e3o, Simeria, General Rondon e Get\u00falio Vargas * Caminh\u00e3o (C55)&hellip;<\/p>\n<\/div>\n\t\n<a href=\"https:\/\/comdep.com.br\/?p=1971\" class=\"post-details details-type-link\" aria-label=\"Read more about COMDEP trabalhando hoje 18\/11\/2019 nos seguintes locais:\">Read more<i class=\"dt-icon-the7-arrow-03\" aria-hidden=\"true\"><\/i><\/a>\n\n<\/div><\/article><article class=\"post project-odd visible post-1953 type-post status-publish format-standard has-post-thumbnail hentry category-home category-1 description-off\" data-name=\"COMDEP trabalhando hoje 14\/11\/2019 nos seguintes locais:\" data-date=\"2019-11-14T12:01:01-03:00\">\n\n<div class=\"post-thumbnail-wrap\">\n\t<div class=\"post-thumbnail\">\n\n\t\t\n\t\t\n\t\t<a href=\"https:\/\/comdep.com.br\/?p=1953\" class=\"post-thumbnail-rollover layzr-bg layzr-bg\" ><img decoding=\"async\" class=\"blog-thumb-lazy-load preload-me lazy-load aspect\" src=\"data:image\/svg+xml,%3Csvg%20xmlns%3D&#39;http%3A%2F%2Fwww.w3.org%2F2000%2Fsvg&#39;%20viewBox%3D&#39;0%200%20600%20400&#39;%2F%3E\" data-src=\"https:\/\/comdep.com.br\/wp-content\/uploads\/2019\/11\/serv-e1573740033281-600x400.jpg\" data-srcset=\"https:\/\/comdep.com.br\/wp-content\/uploads\/2019\/11\/serv-e1573740033281-600x400.jpg 600w, https:\/\/comdep.com.br\/wp-content\/uploads\/2019\/11\/serv-e1573740033281-600x399.jpg 600w\" loading=\"eager\" style=\"--ratio: 600 \/ 400\" sizes=\"(max-width: 600px) 100vw, 600px\" alt=\"\" title=\"serv\" width=\"600\" height=\"400\"  \/><\/a>\n\t<\/div>\n<\/div>\n\n\n<div class=\"post-entry-content\">\n\n\t<h3 class=\"entry-title\">\n\t\t<a href=\"https:\/\/comdep.com.br\/?p=1953\" title=\"COMDEP trabalhando hoje 14\/11\/2019 nos seguintes locais:\" rel=\"bookmark\">COMDEP trabalhando hoje 14\/11\/2019 nos seguintes locais:<\/a>\n\t<\/h3>\n\n\t<div class=\"entry-meta\"><a href=\"https:\/\/comdep.com.br\/?m=20191114\" title=\"12:01\" class=\"data-link\" rel=\"bookmark\"><time class=\"entry-date updated\" datetime=\"2019-11-14T12:01:01-03:00\">14\/11\/2019<\/time><\/a><\/div>\n\t<div class=\"entry-excerpt\"><p>Distrito Ro\u00e7ada e capina: Cuiab\u00e1, Parque de Exposi\u00e7\u00e3o \u00a0* M\u00e1quina e caminh\u00f5es: continua\u00e7\u00e3o Madame Machado, retirada corte de \u00e1rvores em Nogueiras \u00a0* Varri\u00e7\u00e3o di\u00e1ria: Corr\u00eaas, Nogueiras, Araras, Itaipava, Madame Machado, Vila Rica, Pedro do Rio, Secret\u00e1rio * Diretoria Operacional Limpeza de rio: Pra\u00e7a Dom Pedro \u00a0* Capina: Servid\u00e3o Albino Gomes (Ponte Fones), Rua Frei Rog\u00e9rio,&hellip;<\/p>\n<\/div>\n\t\n<a href=\"https:\/\/comdep.com.br\/?p=1953\" class=\"post-details details-type-link\" aria-label=\"Read more about COMDEP trabalhando hoje 14\/11\/2019 nos seguintes locais:\">Read more<i class=\"dt-icon-the7-arrow-03\" aria-hidden=\"true\"><\/i><\/a>\n\n<\/div><\/article><article class=\"post project-odd visible post-1946 type-post status-publish format-standard has-post-thumbnail hentry category-home category-1 description-off\" data-name=\"COMDEP trabalhando hoje 13\/11\/2019 nos seguintes locais:\" data-date=\"2019-11-13T10:44:43-03:00\">\n\n<div class=\"post-thumbnail-wrap\">\n\t<div class=\"post-thumbnail\">\n\n\t\t\n\t\t\n\t\t<a href=\"https:\/\/comdep.com.br\/?p=1946\" class=\"post-thumbnail-rollover layzr-bg layzr-bg\" ><img decoding=\"async\" class=\"blog-thumb-lazy-load preload-me lazy-load aspect\" src=\"data:image\/svg+xml,%3Csvg%20xmlns%3D&#39;http%3A%2F%2Fwww.w3.org%2F2000%2Fsvg&#39;%20viewBox%3D&#39;0%200%20600%20400&#39;%2F%3E\" data-src=\"https:\/\/comdep.com.br\/wp-content\/uploads\/2019\/11\/servico-5-e1573649047289-600x400.jpg\" data-srcset=\"https:\/\/comdep.com.br\/wp-content\/uploads\/2019\/11\/servico-5-e1573649047289-600x400.jpg 600w, https:\/\/comdep.com.br\/wp-content\/uploads\/2019\/11\/servico-5-e1573649047289-600x399.jpg 600w\" loading=\"eager\" style=\"--ratio: 600 \/ 400\" sizes=\"(max-width: 600px) 100vw, 600px\" alt=\"\" title=\"servico\" width=\"600\" height=\"400\"  \/><\/a>\n\t<\/div>\n<\/div>\n\n\n<div class=\"post-entry-content\">\n\n\t<h3 class=\"entry-title\">\n\t\t<a href=\"https:\/\/comdep.com.br\/?p=1946\" title=\"COMDEP trabalhando hoje 13\/11\/2019 nos seguintes locais:\" rel=\"bookmark\">COMDEP trabalhando hoje 13\/11\/2019 nos seguintes locais:<\/a>\n\t<\/h3>\n\n\t<div class=\"entry-meta\"><a href=\"https:\/\/comdep.com.br\/?m=20191113\" title=\"10:44\" class=\"data-link\" rel=\"bookmark\"><time class=\"entry-date updated\" datetime=\"2019-11-13T10:44:43-03:00\">13\/11\/2019<\/time><\/a><\/div>\n\t<div class=\"entry-excerpt\"><p>Distrito Ro\u00e7ada e capina: continua\u00e7\u00e3o rua Braz Rossi, Rua Piau\u00ed, e Parque de Exposi\u00e7\u00e3o * M\u00e1quina e caminh\u00f5es: Madame Machado \u00a0* Varri\u00e7\u00e3o di\u00e1ria: Corr\u00eaas, Nogueiras, Araras, Itaipava, Madame Machado, Vila Rica, Pedro do Rio, Secret\u00e1rio * Diretoria Operacional Limpeza de Rio: Pra\u00e7a Dom Pedro \u00a0* Capina: Washington Luiz, General Rondon, Rua 7 de Abril, Sargento&hellip;<\/p>\n<\/div>\n\t\n<a href=\"https:\/\/comdep.com.br\/?p=1946\" class=\"post-details details-type-link\" aria-label=\"Read more about COMDEP trabalhando hoje 13\/11\/2019 nos seguintes locais:\">Read more<i class=\"dt-icon-the7-arrow-03\" aria-hidden=\"true\"><\/i><\/a>\n\n<\/div><\/article><article class=\"post project-odd visible post-1939 type-post status-publish format-standard has-post-thumbnail hentry category-home category-1 description-off\" data-name=\"COMDEP trabalhando hoje 12\/11\/2019 nos seguintes locais:\" data-date=\"2019-11-12T13:01:05-03:00\">\n\n<div class=\"post-thumbnail-wrap\">\n\t<div class=\"post-thumbnail\">\n\n\t\t\n\t\t\n\t\t<a href=\"https:\/\/comdep.com.br\/?p=1939\" class=\"post-thumbnail-rollover layzr-bg layzr-bg\" ><img decoding=\"async\" class=\"blog-thumb-lazy-load preload-me lazy-load aspect\" src=\"data:image\/svg+xml,%3Csvg%20xmlns%3D&#39;http%3A%2F%2Fwww.w3.org%2F2000%2Fsvg&#39;%20viewBox%3D&#39;0%200%20365%20243&#39;%2F%3E\" data-src=\"https:\/\/comdep.com.br\/wp-content\/uploads\/2019\/11\/foto1-365x243.jpg\" data-srcset=\"https:\/\/comdep.com.br\/wp-content\/uploads\/2019\/11\/foto1-365x243.jpg 365w\" loading=\"eager\" style=\"--ratio: 365 \/ 243\" sizes=\"(max-width: 365px) 100vw, 365px\" alt=\"\" title=\"foto1\" width=\"365\" height=\"243\"  \/><\/a>\n\t<\/div>\n<\/div>\n\n\n<div class=\"post-entry-content\">\n\n\t<h3 class=\"entry-title\">\n\t\t<a href=\"https:\/\/comdep.com.br\/?p=1939\" title=\"COMDEP trabalhando hoje 12\/11\/2019 nos seguintes locais:\" rel=\"bookmark\">COMDEP trabalhando hoje 12\/11\/2019 nos seguintes locais:<\/a>\n\t<\/h3>\n\n\t<div class=\"entry-meta\"><a href=\"https:\/\/comdep.com.br\/?m=20191112\" title=\"13:01\" class=\"data-link\" rel=\"bookmark\"><time class=\"entry-date updated\" datetime=\"2019-11-12T13:01:05-03:00\">12\/11\/2019<\/time><\/a><\/div>\n\t<div class=\"entry-excerpt\"><p>Distrito Ro\u00e7ada e capina: Parque de Exposi\u00e7\u00e3o &nbsp;* Varri\u00e7\u00e3o di\u00e1ria: Corr\u00eaas, Nogueiras, Araras, Itaipava, Madame Machado, Vila Rica, Pedro do Rio, Secret\u00e1rio &nbsp;* M\u00e1quina paralisada, caminh\u00e3o recolhendo sacos em Itaipava e Nogueiras * Diretoria Operacional Limpeza de rio: Washington Luiz &nbsp;* Capina: Av. Ayrton Senna,&nbsp; 7 de Abril,&nbsp; Sargento Boening,&nbsp; 24 de Maio,&nbsp; Quarteir\u00e3o Ingelheim&hellip;<\/p>\n<\/div>\n\t\n<a href=\"https:\/\/comdep.com.br\/?p=1939\" class=\"post-details details-type-link\" aria-label=\"Read more about COMDEP trabalhando hoje 12\/11\/2019 nos seguintes locais:\">Read more<i class=\"dt-icon-the7-arrow-03\" aria-hidden=\"true\"><\/i><\/a>\n\n<\/div><\/article><article class=\"post project-odd visible post-1931 type-post status-publish format-standard has-post-thumbnail hentry category-home category-1 description-off\" data-name=\"COMDEP trabalhando hoje 11\/11\/2019 nos seguintes locais:\" data-date=\"2019-11-11T17:01:21-03:00\">\n\n<div class=\"post-thumbnail-wrap\">\n\t<div class=\"post-thumbnail\">\n\n\t\t\n\t\t\n\t\t<a href=\"https:\/\/comdep.com.br\/?p=1931\" class=\"post-thumbnail-rollover layzr-bg layzr-bg\" ><img decoding=\"async\" class=\"blog-thumb-lazy-load preload-me lazy-load aspect\" src=\"data:image\/svg+xml,%3Csvg%20xmlns%3D&#39;http%3A%2F%2Fwww.w3.org%2F2000%2Fsvg&#39;%20viewBox%3D&#39;0%200%20507%20338&#39;%2F%3E\" data-src=\"https:\/\/comdep.com.br\/wp-content\/uploads\/2019\/11\/servico-4-e1573498938147-507x338.jpg\" data-srcset=\"https:\/\/comdep.com.br\/wp-content\/uploads\/2019\/11\/servico-4-e1573498938147-507x338.jpg 507w\" loading=\"eager\" style=\"--ratio: 507 \/ 338\" sizes=\"(max-width: 507px) 100vw, 507px\" alt=\"\" title=\"servico\" width=\"507\" height=\"338\"  \/><\/a>\n\t<\/div>\n<\/div>\n\n\n<div class=\"post-entry-content\">\n\n\t<h3 class=\"entry-title\">\n\t\t<a href=\"https:\/\/comdep.com.br\/?p=1931\" title=\"COMDEP trabalhando hoje 11\/11\/2019 nos seguintes locais:\" rel=\"bookmark\">COMDEP trabalhando hoje 11\/11\/2019 nos seguintes locais:<\/a>\n\t<\/h3>\n\n\t<div class=\"entry-meta\"><a href=\"https:\/\/comdep.com.br\/?m=20191111\" title=\"17:01\" class=\"data-link\" rel=\"bookmark\"><time class=\"entry-date updated\" datetime=\"2019-11-11T17:01:21-03:00\">11\/11\/2019<\/time><\/a><\/div>\n\t<div class=\"entry-excerpt\"><p>Distrito M\u00e1quina e Caminh\u00f5es continua\u00e7\u00e3o Vila Rica . Funcion\u00e1rios em palestra na Comdep &nbsp;* Diretoria Operacional Varri\u00e7\u00e3o: Get\u00falio Vargas, Simeria, S\u00e3o Sebasti\u00e3o, Castel\u00e2nea, pra\u00e7a Pasteur, Alto da Serra, Morin, Centro e Centro Hist\u00f3rico * Caminh\u00e3o (C55) Pipa Lavagem: Centro, centro hist\u00f3rico, pra\u00e7a Alcindo Sodr\u00e9 atr\u00e1s da banca de jornal, ap\u00f3s verificando o chafariz da Pra\u00e7a&hellip;<\/p>\n<\/div>\n\t\n<a href=\"https:\/\/comdep.com.br\/?p=1931\" class=\"post-details details-type-link\" aria-label=\"Read more about COMDEP trabalhando hoje 11\/11\/2019 nos seguintes locais:\">Read more<i class=\"dt-icon-the7-arrow-03\" aria-hidden=\"true\"><\/i><\/a>\n\n<\/div><\/article><article class=\"post project-odd visible post-1858 type-post status-publish format-standard has-post-thumbnail hentry category-home category-1 description-off\" data-name=\"COMDEP trabalhando hoje 08\/11\/2019 nos seguintes locais:\" data-date=\"2019-11-08T13:05:02-03:00\">\n\n<div class=\"post-thumbnail-wrap\">\n\t<div class=\"post-thumbnail\">\n\n\t\t\n\t\t\n\t\t<a href=\"https:\/\/comdep.com.br\/?p=1858\" class=\"post-thumbnail-rollover layzr-bg layzr-bg\" ><img decoding=\"async\" class=\"blog-thumb-lazy-load preload-me lazy-load aspect\" src=\"data:image\/svg+xml,%3Csvg%20xmlns%3D&#39;http%3A%2F%2Fwww.w3.org%2F2000%2Fsvg&#39;%20viewBox%3D&#39;0%200%20600%20400&#39;%2F%3E\" data-src=\"https:\/\/comdep.com.br\/wp-content\/uploads\/2019\/11\/servico-3-e1573226347994-600x400.jpg\" data-srcset=\"https:\/\/comdep.com.br\/wp-content\/uploads\/2019\/11\/servico-3-e1573226347994-600x400.jpg 600w, https:\/\/comdep.com.br\/wp-content\/uploads\/2019\/11\/servico-3-e1573226347994-600x399.jpg 600w\" loading=\"eager\" style=\"--ratio: 600 \/ 400\" sizes=\"(max-width: 600px) 100vw, 600px\" alt=\"\" title=\"servico\" width=\"600\" height=\"400\"  \/><\/a>\n\t<\/div>\n<\/div>\n\n\n<div class=\"post-entry-content\">\n\n\t<h3 class=\"entry-title\">\n\t\t<a href=\"https:\/\/comdep.com.br\/?p=1858\" title=\"COMDEP trabalhando hoje 08\/11\/2019 nos seguintes locais:\" rel=\"bookmark\">COMDEP trabalhando hoje 08\/11\/2019 nos seguintes locais:<\/a>\n\t<\/h3>\n\n\t<div class=\"entry-meta\"><a href=\"https:\/\/comdep.com.br\/?m=20191108\" title=\"13:05\" class=\"data-link\" rel=\"bookmark\"><time class=\"entry-date updated\" datetime=\"2019-11-08T13:05:02-03:00\">08\/11\/2019<\/time><\/a><\/div>\n\t<div class=\"entry-excerpt\"><p>Distrito Ro\u00e7ada e capina: continua\u00e7\u00e3o Rua Braz Rossi Nogueira, Lago de Nogueira \u00a0* M\u00e1quina e caminh\u00f5es: Coletora Estrada do Gentil, Vila Rica \u00a0* Varri\u00e7\u00e3o di\u00e1ria: Corr\u00eaas, Nogueiras, Araras, Itaipava, Madame Machado, Vila Rica, Pedro do Rio, Secret\u00e1rio * Diretoria Operacional Limpeza de rio: Washington Luiz \u00a0* Capina: General Rondon, Rua sete de Abril, Sargento Boening,&hellip;<\/p>\n<\/div>\n\t\n<a href=\"https:\/\/comdep.com.br\/?p=1858\" class=\"post-details details-type-link\" aria-label=\"Read more about COMDEP trabalhando hoje 08\/11\/2019 nos seguintes locais:\">Read more<i class=\"dt-icon-the7-arrow-03\" aria-hidden=\"true\"><\/i><\/a>\n\n<\/div><\/article><article class=\"post project-odd visible post-1853 type-post status-publish format-standard has-post-thumbnail hentry category-home category-1 description-off\" data-name=\"COMDEP trabalhando hoje 07\/112019 nos seguintes locais:\" data-date=\"2019-11-07T17:02:54-03:00\">\n\n<div class=\"post-thumbnail-wrap\">\n\t<div class=\"post-thumbnail\">\n\n\t\t\n\t\t\n\t\t<a href=\"https:\/\/comdep.com.br\/?p=1853\" class=\"post-thumbnail-rollover layzr-bg layzr-bg\" ><img decoding=\"async\" class=\"blog-thumb-lazy-load preload-me lazy-load aspect\" src=\"data:image\/svg+xml,%3Csvg%20xmlns%3D&#39;http%3A%2F%2Fwww.w3.org%2F2000%2Fsvg&#39;%20viewBox%3D&#39;0%200%20438%20292&#39;%2F%3E\" data-src=\"https:\/\/comdep.com.br\/wp-content\/uploads\/2019\/11\/servico-2-e1573153345562-438x292.jpg\" data-srcset=\"https:\/\/comdep.com.br\/wp-content\/uploads\/2019\/11\/servico-2-e1573153345562-438x292.jpg 438w\" loading=\"eager\" style=\"--ratio: 438 \/ 292\" sizes=\"(max-width: 438px) 100vw, 438px\" alt=\"\" title=\"servico\" width=\"438\" height=\"292\"  \/><\/a>\n\t<\/div>\n<\/div>\n\n\n<div class=\"post-entry-content\">\n\n\t<h3 class=\"entry-title\">\n\t\t<a href=\"https:\/\/comdep.com.br\/?p=1853\" title=\"COMDEP trabalhando hoje 07\/112019 nos seguintes locais:\" rel=\"bookmark\">COMDEP trabalhando hoje 07\/112019 nos seguintes locais:<\/a>\n\t<\/h3>\n\n\t<div class=\"entry-meta\"><a href=\"https:\/\/comdep.com.br\/?m=20191107\" title=\"17:02\" class=\"data-link\" rel=\"bookmark\"><time class=\"entry-date updated\" datetime=\"2019-11-07T17:02:54-03:00\">07\/11\/2019<\/time><\/a><\/div>\n\t<div class=\"entry-excerpt\"><p>Distrito Ro\u00e7ada e capina: continua\u00e7\u00e3o Nogueiras, Rua Braz Rossi, Cear\u00e1, S\u00e3o Paulo * M\u00e1quina e caminh\u00f5es: continua\u00e7\u00e3o Rua Chile, Lago de Nogueiras, Coletora Castelo S\u00e3o Manoel rua Visconde de Taunay \u00a0* Varri\u00e7\u00e3o di\u00e1ria: Corr\u00eaas, Nogueiras, Araras, Itaipava, Madame Machado, Vila Rica, Pedro do Rio, Secret\u00e1rio * Diretoria Operacional Varri\u00e7\u00e3o: Centro, Centro Hist\u00f3rico, pra\u00e7a da liberdade,&hellip;<\/p>\n<\/div>\n\t\n<a href=\"https:\/\/comdep.com.br\/?p=1853\" class=\"post-details details-type-link\" aria-label=\"Read more about COMDEP trabalhando hoje 07\/112019 nos seguintes locais:\">Read more<i class=\"dt-icon-the7-arrow-03\" aria-hidden=\"true\"><\/i><\/a>\n\n<\/div><\/article><article class=\"post project-odd visible post-1846 type-post status-publish format-standard has-post-thumbnail hentry category-home category-1 description-off\" data-name=\"COMDEP trabalhando hoje 06\/11\/2019 nos seguintes locais:\" data-date=\"2019-11-06T12:03:36-03:00\">\n\n<div class=\"post-thumbnail-wrap\">\n\t<div class=\"post-thumbnail\">\n\n\t\t\n\t\t\n\t\t<a href=\"https:\/\/comdep.com.br\/?p=1846\" class=\"post-thumbnail-rollover layzr-bg layzr-bg\" ><img decoding=\"async\" class=\"blog-thumb-lazy-load preload-me lazy-load aspect\" src=\"data:image\/svg+xml,%3Csvg%20xmlns%3D&#39;http%3A%2F%2Fwww.w3.org%2F2000%2Fsvg&#39;%20viewBox%3D&#39;0%200%20507%20338&#39;%2F%3E\" data-src=\"https:\/\/comdep.com.br\/wp-content\/uploads\/2019\/11\/servico-1-e1573064721736-507x338.jpg\" data-srcset=\"https:\/\/comdep.com.br\/wp-content\/uploads\/2019\/11\/servico-1-e1573064721736-507x338.jpg 507w\" loading=\"eager\" style=\"--ratio: 507 \/ 338\" sizes=\"(max-width: 507px) 100vw, 507px\" alt=\"\" title=\"servico\" width=\"507\" height=\"338\"  \/><\/a>\n\t<\/div>\n<\/div>\n\n\n<div class=\"post-entry-content\">\n\n\t<h3 class=\"entry-title\">\n\t\t<a href=\"https:\/\/comdep.com.br\/?p=1846\" title=\"COMDEP trabalhando hoje 06\/11\/2019 nos seguintes locais:\" rel=\"bookmark\">COMDEP trabalhando hoje 06\/11\/2019 nos seguintes locais:<\/a>\n\t<\/h3>\n\n\t<div class=\"entry-meta\"><a href=\"https:\/\/comdep.com.br\/?m=20191106\" title=\"12:03\" class=\"data-link\" rel=\"bookmark\"><time class=\"entry-date updated\" datetime=\"2019-11-06T12:03:36-03:00\">06\/11\/2019<\/time><\/a><\/div>\n\t<div class=\"entry-excerpt\"><p>Distrito Ro\u00e7ada e capina: continua\u00e7\u00e3o Av Piabanha, rua Norma Mar\u00eda Rener, Rua Jos\u00e9 Sampaio, Rua Pernambuco, Rua Friburgo * M\u00e1quina e caminh\u00f5es: Rua Carvalho Junior, Rua Bol\u00edvia, Rua Chile * Varri\u00e7\u00e3o di\u00e1ria: Corr\u00eaas, Nogueiras, Araras, Itaipava, Madame Machado, Via Rica, Pedro do Rio, Secret\u00e1rio * Diretoria Operacional Limpeza de rio: Coronel Veiga * Capina: General&hellip;<\/p>\n<\/div>\n\t\n<a href=\"https:\/\/comdep.com.br\/?p=1846\" class=\"post-details details-type-link\" aria-label=\"Read more about COMDEP trabalhando hoje 06\/11\/2019 nos seguintes locais:\">Read more<i class=\"dt-icon-the7-arrow-03\" aria-hidden=\"true\"><\/i><\/a>\n\n<\/div><\/article><article class=\"post project-odd visible post-1833 type-post status-publish format-standard has-post-thumbnail hentry category-home category-1 description-off\" data-name=\"COMDEP trabalhando hoje 05\/11\/2019 nos seguintes locais\" data-date=\"2019-11-05T13:56:05-03:00\">\n\n<div class=\"post-thumbnail-wrap\">\n\t<div class=\"post-thumbnail\">\n\n\t\t\n\t\t\n\t\t<a href=\"https:\/\/comdep.com.br\/?p=1833\" class=\"post-thumbnail-rollover layzr-bg layzr-bg\" ><img decoding=\"async\" class=\"blog-thumb-lazy-load preload-me lazy-load aspect\" src=\"data:image\/svg+xml,%3Csvg%20xmlns%3D&#39;http%3A%2F%2Fwww.w3.org%2F2000%2Fsvg&#39;%20viewBox%3D&#39;0%200%20540%20360&#39;%2F%3E\" data-src=\"https:\/\/comdep.com.br\/wp-content\/uploads\/2019\/11\/foto5-e1572969653404-540x360.jpg\" data-srcset=\"https:\/\/comdep.com.br\/wp-content\/uploads\/2019\/11\/foto5-e1572969653404-540x360.jpg 540w\" loading=\"eager\" style=\"--ratio: 540 \/ 360\" sizes=\"(max-width: 540px) 100vw, 540px\" alt=\"\" title=\"foto5\" width=\"540\" height=\"360\"  \/><\/a>\n\t<\/div>\n<\/div>\n\n\n<div class=\"post-entry-content\">\n\n\t<h3 class=\"entry-title\">\n\t\t<a href=\"https:\/\/comdep.com.br\/?p=1833\" title=\"COMDEP trabalhando hoje 05\/11\/2019 nos seguintes locais\" rel=\"bookmark\">COMDEP trabalhando hoje 05\/11\/2019 nos seguintes locais<\/a>\n\t<\/h3>\n\n\t<div class=\"entry-meta\"><a href=\"https:\/\/comdep.com.br\/?m=20191105\" title=\"13:56\" class=\"data-link\" rel=\"bookmark\"><time class=\"entry-date updated\" datetime=\"2019-11-05T13:56:05-03:00\">05\/11\/2019<\/time><\/a><\/div>\n\t<div class=\"entry-excerpt\"><p>Distrito Ro\u00e7ada e capina: continua\u00e7\u00e3o rua Bol\u00edvia, rua Braz Rossi * M\u00e1quina e caminh\u00e3o: Princesa D Paula, Coletora do Catubira \u00a0* Varri\u00e7\u00e3o di\u00e1ria: Corr\u00eaas, Nogueiras, Araras, Itaipava, Madame Machado, Vila Rica, Pedro do Rio, Secret\u00e1rio * Diretoria Operacional Limpeza de rio: Coronel Veiga \u00a0* Capina: Coronel Veiga, Rua Padre Feij\u00f3, Sargento Boening, 24 de Maio,&hellip;<\/p>\n<\/div>\n\t\n<a href=\"https:\/\/comdep.com.br\/?p=1833\" class=\"post-details details-type-link\" aria-label=\"Read more about COMDEP trabalhando hoje 05\/11\/2019 nos seguintes locais\">Read more<i class=\"dt-icon-the7-arrow-03\" aria-hidden=\"true\"><\/i><\/a>\n\n<\/div><\/article><\/div>[\/vc_column][\/vc_row]<\/p>\n<\/section>","protected":false},"excerpt":{"rendered":"<p>[vc_row][vc_column][\/vc_column][\/vc_row][vc_row][vc_column][\/vc_column][\/vc_row]<\/p>\n","protected":false},"author":1,"featured_media":0,"parent":0,"menu_order":0,"comment_status":"closed","ping_status":"closed","template":"","meta":{"_themeisle_gutenberg_block_has_review":false,"footnotes":""},"_links":{"self":[{"href":"https:\/\/comdep.com.br\/index.php?rest_route=\/wp\/v2\/pages\/2458"}],"collection":[{"href":"https:\/\/comdep.com.br\/index.php?rest_route=\/wp\/v2\/pages"}],"about":[{"href":"https:\/\/comdep.com.br\/index.php?rest_route=\/wp\/v2\/types\/page"}],"author":[{"embeddable":true,"href":"https:\/\/comdep.com.br\/index.php?rest_route=\/wp\/v2\/users\/1"}],"replies":[{"embeddable":true,"href":"https:\/\/comdep.com.br\/index.php?rest_route=%2Fwp%2Fv2%2Fcomments&post=2458"}],"version-history":[{"count":2,"href":"https:\/\/comdep.com.br\/index.php?rest_route=\/wp\/v2\/pages\/2458\/revisions"}],"predecessor-version":[{"id":17174,"href":"https:\/\/comdep.com.br\/index.php?rest_route=\/wp\/v2\/pages\/2458\/revisions\/17174"}],"wp:attachment":[{"href":"https:\/\/comdep.com.br\/index.php?rest_route=%2Fwp%2Fv2%2Fmedia&parent=2458"}],"curies":[{"name":"wp","href":"https:\/\/api.w.org\/{rel}","templated":true}]}}