{"id":930,"date":"2016-06-14T01:53:06","date_gmt":"2016-06-14T00:53:06","guid":{"rendered":"https:\/\/the7.io\/construction\/?page_id=2"},"modified":"2025-11-18T14:06:13","modified_gmt":"2025-11-18T17:06:13","slug":"home","status":"publish","type":"page","link":"https:\/\/comdep.com.br\/","title":{"rendered":"Home"},"content":{"rendered":"<section class=\"wpb-content-wrapper\"><p>[vc_row css=&#8221;.vc_custom_1554213659385{padding-top: 40px !important;}&#8221;][vc_column width=&#8221;1\/6&#8243;]<style type=\"text\/css\" data-type=\"the7_shortcodes-inline-css\">.shortcode-single-image-wrap.shortcode-single-image-bba54e0929e42ef29de8c8632836c224.enable-bg-rollover .rollover i,\n.shortcode-single-image-wrap.shortcode-single-image-bba54e0929e42ef29de8c8632836c224.enable-bg-rollover .rollover-video i {\n  background: -webkit-linear-gradient();\n  background: linear-gradient();\n}\n.shortcode-single-image-wrap.shortcode-single-image-bba54e0929e42ef29de8c8632836c224 .rollover-icon {\n  font-size: 32px;\n  color: #ffffff;\n  min-width: 44px;\n  min-height: 44px;\n  line-height: 44px;\n  border-radius: 100px;\n  border-style: solid;\n  border-width: 0px;\n}\n.dt-icon-bg-on.shortcode-single-image-wrap.shortcode-single-image-bba54e0929e42ef29de8c8632836c224 .rollover-icon {\n  background: rgba(255,255,255,0.3);\n  box-shadow: none;\n}<\/style><div class=\"shortcode-single-image-wrap shortcode-single-image-bba54e0929e42ef29de8c8632836c224 alignnone  vc_custom_1659031739376 enable-bg-rollover dt-icon-bg-off\" ><div class=\"shortcode-single-image\"><div class=\"fancy-media-wrap\" style=\"\"><a href=\"https:\/\/comdep.jgbaiao.com.br\/COMDEP\/\" class=\" layzr-bg rollover\" style=\"\" target=\"_blank\" rel=\"noopener\" aria-label=\"Image\"><img fetchpriority=\"high\" decoding=\"async\" class=\"preload-me lazy-load aspect\" src=\"data:image\/svg+xml,%3Csvg%20xmlns%3D&#39;http%3A%2F%2Fwww.w3.org%2F2000%2Fsvg&#39;%20viewBox%3D&#39;0%200%20500%20300&#39;%2F%3E\" data-src=\"https:\/\/comdep.com.br\/wp-content\/uploads\/2022\/07\/JGBaiao1.png\" data-srcset=\"https:\/\/comdep.com.br\/wp-content\/uploads\/2022\/07\/JGBaiao1.png 500w\" loading=\"eager\" style=\"--ratio: 500 \/ 300\" sizes=\"(max-width: 500px) 100vw, 500px\" width=\"500\" height=\"300\"  data-dt-location=\"https:\/\/comdep.com.br\/?attachment_id=8838\" alt=\"\" \/><\/a><\/div><\/div><\/div>[vc_column_text]Sistema Integrado de Gest\u00e3o &#8211; Intranet&#8230;[\/vc_column_text][\/vc_column][vc_column width=&#8221;1\/6&#8243;]<style type=\"text\/css\" data-type=\"the7_shortcodes-inline-css\">.shortcode-single-image-wrap.shortcode-single-image-c7a88fecadf2d33632d94aa4e89eb77e.enable-bg-rollover .rollover i,\n.shortcode-single-image-wrap.shortcode-single-image-c7a88fecadf2d33632d94aa4e89eb77e.enable-bg-rollover .rollover-video i {\n  background: -webkit-linear-gradient();\n  background: linear-gradient();\n}\n.shortcode-single-image-wrap.shortcode-single-image-c7a88fecadf2d33632d94aa4e89eb77e .rollover-icon {\n  font-size: 32px;\n  color: #ffffff;\n  min-width: 44px;\n  min-height: 44px;\n  line-height: 44px;\n  border-radius: 100px;\n  border-style: solid;\n  border-width: 0px;\n}\n.dt-icon-bg-on.shortcode-single-image-wrap.shortcode-single-image-c7a88fecadf2d33632d94aa4e89eb77e .rollover-icon {\n  background: rgba(255,255,255,0.3);\n  box-shadow: none;\n}<\/style><div class=\"shortcode-single-image-wrap shortcode-single-image-c7a88fecadf2d33632d94aa4e89eb77e alignnone  vc_custom_1738084122301 enable-bg-rollover dt-icon-bg-off\" ><div class=\"shortcode-single-image\"><div class=\"fancy-media-wrap\" style=\"\"><a href=\"https:\/\/comdepweb.jgbaiao.com.br\" class=\" layzr-bg rollover\" style=\"\" target=\"_blank\" rel=\"noopener\" aria-label=\"Image\"><img decoding=\"async\" class=\"preload-me lazy-load aspect\" src=\"data:image\/svg+xml,%3Csvg%20xmlns%3D&#39;http%3A%2F%2Fwww.w3.org%2F2000%2Fsvg&#39;%20viewBox%3D&#39;0%200%20598%20449&#39;%2F%3E\" data-src=\"https:\/\/comdep.com.br\/wp-content\/uploads\/2025\/01\/contracheque-598x449.jpg\" data-srcset=\"https:\/\/comdep.com.br\/wp-content\/uploads\/2025\/01\/contracheque-598x449.jpg 598w\" loading=\"eager\" style=\"--ratio: 598 \/ 449\" sizes=\"(max-width: 598px) 100vw, 598px\" width=\"598\" height=\"449\"  data-dt-location=\"https:\/\/comdep.com.br\/?attachment_id=16135\" alt=\"\" \/><\/a><\/div><\/div><\/div>[vc_column_text]Servidor: crie seu login para acessar o seu contra-cheque on line&#8230;.[\/vc_column_text][\/vc_column][vc_column width=&#8221;1\/6&#8243;]<style type=\"text\/css\" data-type=\"the7_shortcodes-inline-css\">.shortcode-single-image-wrap.shortcode-single-image-eb83be7ac4c8949857880850dd9a58b0.enable-bg-rollover .rollover i,\n.shortcode-single-image-wrap.shortcode-single-image-eb83be7ac4c8949857880850dd9a58b0.enable-bg-rollover .rollover-video i {\n  background: -webkit-linear-gradient();\n  background: linear-gradient();\n}\n.shortcode-single-image-wrap.shortcode-single-image-eb83be7ac4c8949857880850dd9a58b0 .rollover-icon {\n  font-size: 32px;\n  color: #ffffff;\n  min-width: 44px;\n  min-height: 44px;\n  line-height: 44px;\n  border-radius: 100px;\n  border-style: solid;\n  border-width: 0px;\n}\n.dt-icon-bg-on.shortcode-single-image-wrap.shortcode-single-image-eb83be7ac4c8949857880850dd9a58b0 .rollover-icon {\n  background: rgba(255,255,255,0.3);\n  box-shadow: none;\n}<\/style><div class=\"shortcode-single-image-wrap shortcode-single-image-eb83be7ac4c8949857880850dd9a58b0 alignnone  vc_custom_1681330648140 enable-bg-rollover dt-icon-bg-off\" ><div class=\"shortcode-single-image\"><div class=\"fancy-media-wrap\" style=\"\"><a href=\"https:\/\/inqc.org.br\/index.php?tela=33\" class=\" layzr-bg rollover\" style=\"\" target=\"_blank\" rel=\"noopener\" aria-label=\"Image\"><img decoding=\"async\" class=\"preload-me lazy-load aspect\" src=\"data:image\/svg+xml,%3Csvg%20xmlns%3D&#39;http%3A%2F%2Fwww.w3.org%2F2000%2Fsvg&#39;%20viewBox%3D&#39;0%200%20500%20300&#39;%2F%3E\" data-src=\"https:\/\/comdep.com.br\/wp-content\/uploads\/2022\/11\/CONCURSO2022-1-500x300.png\" data-srcset=\"https:\/\/comdep.com.br\/wp-content\/uploads\/2022\/11\/CONCURSO2022-1-500x300.png 500w, https:\/\/comdep.com.br\/wp-content\/uploads\/2022\/11\/CONCURSO2022-1-1000x600.png 1000w\" loading=\"eager\" style=\"--ratio: 500 \/ 300\" sizes=\"(max-width: 500px) 100vw, 500px\" width=\"500\" height=\"300\"  data-dt-location=\"https:\/\/comdep.com.br\/?attachment_id=9919\" alt=\"\" \/><\/a><\/div><\/div><\/div>[vc_column_text]<strong>Concurso P\u00fablico 2022<\/strong> <strong><br \/>\n<a href=\"http:\/\/comdep.com.br\/wp-content\/uploads\/2023\/04\/Resultado_Final_do-Concurso_Publico.pdf\" target=\"_blank\" rel=\"noopener\">Resultado Final do Concurso<\/a><br \/>\n<a href=\"http:\/\/comdep.com.br\/?page_id=11636\" target=\"_blank\" rel=\"noopener\">Lista de Convoca\u00e7\u00f5es<\/a><br \/>\n<a href=\"http:\/\/comdep.com.br\/?page_id=12278\" target=\"_blank\" rel=\"noopener\">Edital de Chamamento P\u00fablico &#8211; Contrata\u00e7\u00e3o Tempor\u00e1ria &#8211; CLASSIFICA\u00c7\u00c3O FINAL<\/a><\/strong>[\/vc_column_text][\/vc_column][vc_column width=&#8221;1\/6&#8243;]<style type=\"text\/css\" data-type=\"the7_shortcodes-inline-css\">.shortcode-single-image-wrap.shortcode-single-image-3ff392592ea377c29427ffa8e47c06f9.enable-bg-rollover .rollover i,\n.shortcode-single-image-wrap.shortcode-single-image-3ff392592ea377c29427ffa8e47c06f9.enable-bg-rollover .rollover-video i {\n  background: -webkit-linear-gradient();\n  background: linear-gradient();\n}\n.shortcode-single-image-wrap.shortcode-single-image-3ff392592ea377c29427ffa8e47c06f9 .rollover-icon {\n  font-size: 32px;\n  color: #ffffff;\n  min-width: 44px;\n  min-height: 44px;\n  line-height: 44px;\n  border-radius: 100px;\n  border-style: solid;\n  border-width: 0px;\n}\n.dt-icon-bg-on.shortcode-single-image-wrap.shortcode-single-image-3ff392592ea377c29427ffa8e47c06f9 .rollover-icon {\n  background: rgba(255,255,255,0.3);\n  box-shadow: none;\n}<\/style><div class=\"shortcode-single-image-wrap shortcode-single-image-3ff392592ea377c29427ffa8e47c06f9 alignnone  vc_custom_1738085095502 enable-bg-rollover dt-icon-bg-off\" ><div class=\"shortcode-single-image\"><div class=\"fancy-media-wrap\" style=\"\"><a href=\"http:\/\/comdep.com.br\/?page_id=12794\" class=\" layzr-bg rollover\" style=\"\" aria-label=\"Image\"><img decoding=\"async\" class=\"preload-me lazy-load aspect\" src=\"data:image\/svg+xml,%3Csvg%20xmlns%3D&#39;http%3A%2F%2Fwww.w3.org%2F2000%2Fsvg&#39;%20viewBox%3D&#39;0%200%20350%20180&#39;%2F%3E\" data-src=\"https:\/\/comdep.com.br\/wp-content\/uploads\/2025\/01\/nao_assedio-350x180.png\" data-srcset=\"https:\/\/comdep.com.br\/wp-content\/uploads\/2025\/01\/nao_assedio-350x180.png 350w, https:\/\/comdep.com.br\/wp-content\/uploads\/2025\/01\/nao_assedio-700x360.png 700w\" loading=\"eager\" style=\"--ratio: 350 \/ 180\" sizes=\"(max-width: 350px) 100vw, 350px\" width=\"350\" height=\"180\"  data-dt-location=\"https:\/\/comdep.com.br\/?attachment_id=16138\" alt=\"\" \/><\/a><\/div><\/div><\/div>[vc_column_text]Diga <strong>N\u00c3O<\/strong> ao assedio. <strong>LEMBRE-SE<\/strong> que a sua den\u00fancia \u00e9 an\u00f4nima!<\/p>\n<p><a href=\"https:\/\/comdep.com.br\/wp-content\/uploads\/2025\/11\/codigo_de_etica.pdf\" target=\"_blank\" rel=\"noopener\">C\u00d3DIGO DE \u00c9TICA<\/a>[\/vc_column_text][\/vc_column][vc_column width=&#8221;1\/6&#8243;]<style type=\"text\/css\" data-type=\"the7_shortcodes-inline-css\">.shortcode-single-image-wrap.shortcode-single-image-072b8ab686d7d06f7a88cbdc8d2684f7.enable-bg-rollover .rollover i,\n.shortcode-single-image-wrap.shortcode-single-image-072b8ab686d7d06f7a88cbdc8d2684f7.enable-bg-rollover .rollover-video i {\n  background: -webkit-linear-gradient();\n  background: linear-gradient();\n}\n.shortcode-single-image-wrap.shortcode-single-image-072b8ab686d7d06f7a88cbdc8d2684f7 .rollover-icon {\n  font-size: 32px;\n  color: #ffffff;\n  min-width: 44px;\n  min-height: 44px;\n  line-height: 44px;\n  border-radius: 100px;\n  border-style: solid;\n  border-width: 0px;\n}\n.dt-icon-bg-on.shortcode-single-image-wrap.shortcode-single-image-072b8ab686d7d06f7a88cbdc8d2684f7 .rollover-icon {\n  background: rgba(255,255,255,0.3);\n  box-shadow: none;\n}<\/style><div class=\"shortcode-single-image-wrap shortcode-single-image-072b8ab686d7d06f7a88cbdc8d2684f7 alignnone  vc_custom_1738074474722 enable-bg-rollover dt-icon-bg-off\" ><div class=\"shortcode-single-image\"><div class=\"fancy-media-wrap\" style=\"\"><a href=\"http:\/\/comdep.com.br\/?page_id=1359\" class=\" layzr-bg rollover\" style=\"\" aria-label=\"Image\"><img decoding=\"async\" class=\"preload-me lazy-load aspect\" src=\"data:image\/svg+xml,%3Csvg%20xmlns%3D&#39;http%3A%2F%2Fwww.w3.org%2F2000%2Fsvg&#39;%20viewBox%3D&#39;0%200%20295%20177&#39;%2F%3E\" data-src=\"https:\/\/comdep.com.br\/wp-content\/uploads\/2025\/01\/entulho-1-295x177.png\" data-srcset=\"https:\/\/comdep.com.br\/wp-content\/uploads\/2025\/01\/entulho-1-295x177.png 295w\" loading=\"eager\" style=\"--ratio: 295 \/ 177\" sizes=\"(max-width: 295px) 100vw, 295px\" width=\"295\" height=\"177\"  data-dt-location=\"https:\/\/comdep.com.br\/?attachment_id=16125\" alt=\"\" \/><\/a><\/div><\/div><\/div>[vc_column_text]Precisa descartar algum entulho? ent\u00e3o ligue 2292-9500 e agende a coleta. De segunda \u00e0 sexta das 8 \u00e0s 17h&#8230;[\/vc_column_text][\/vc_column][vc_column width=&#8221;1\/6&#8243;]<style type=\"text\/css\" data-type=\"the7_shortcodes-inline-css\">.shortcode-single-image-wrap.shortcode-single-image-33edc4d1a4391b394985a938581b7e4d.enable-bg-rollover .rollover i,\n.shortcode-single-image-wrap.shortcode-single-image-33edc4d1a4391b394985a938581b7e4d.enable-bg-rollover .rollover-video i {\n  background: -webkit-linear-gradient();\n  background: linear-gradient();\n}\n.shortcode-single-image-wrap.shortcode-single-image-33edc4d1a4391b394985a938581b7e4d .rollover-icon {\n  font-size: 32px;\n  color: #ffffff;\n  min-width: 44px;\n  min-height: 44px;\n  line-height: 44px;\n  border-radius: 100px;\n  border-style: solid;\n  border-width: 0px;\n}\n.dt-icon-bg-on.shortcode-single-image-wrap.shortcode-single-image-33edc4d1a4391b394985a938581b7e4d .rollover-icon {\n  background: rgba(255,255,255,0.3);\n  box-shadow: none;\n}<\/style><div class=\"shortcode-single-image-wrap shortcode-single-image-33edc4d1a4391b394985a938581b7e4d alignnone  vc_custom_1567611403095 enable-bg-rollover dt-icon-bg-off\" ><div class=\"shortcode-single-image\"><div class=\"fancy-media-wrap\" style=\"\"><a href=\"http:\/\/www.petropolis.rj.gov.br\/e-gov\/gap\/e-sic\/index\/\" class=\" layzr-bg rollover\" style=\"\" target=\"_blank\" rel=\"noopener\" aria-label=\"Image\"><img decoding=\"async\" class=\"preload-me lazy-load aspect\" src=\"data:image\/svg+xml,%3Csvg%20xmlns%3D&#39;http%3A%2F%2Fwww.w3.org%2F2000%2Fsvg&#39;%20viewBox%3D&#39;0%200%20500%20300&#39;%2F%3E\" data-src=\"https:\/\/comdep.com.br\/wp-content\/uploads\/2019\/04\/E-SIC.jpg\" data-srcset=\"https:\/\/comdep.com.br\/wp-content\/uploads\/2019\/04\/E-SIC.jpg 500w\" loading=\"eager\" style=\"--ratio: 500 \/ 300\" sizes=\"(max-width: 500px) 100vw, 500px\" width=\"500\" height=\"300\"  data-dt-location=\"https:\/\/comdep.com.br\/?attachment_id=1076\" alt=\"\" \/><\/a><\/div><\/div><\/div>[vc_column_text]Permite que qualquer pessoa, f\u00edsica ou jur\u00eddica, encaminhe pedidos de acesso \u00e0 informa\u00e7\u00e3o&#8230;[\/vc_column_text][\/vc_column][\/vc_row][vc_row equal_height=&#8221;yes&#8221; type=&#8221;vc_default&#8221; css=&#8221;.vc_custom_1555006398297{padding-bottom: 30px !important;}&#8221;][vc_column]<div id=\"ultimate-heading-335769f30629b2260\" class=\"uvc-heading ult-adjust-bottom-margin ultimate-heading-335769f30629b2260 uvc-7273 accent-border-color\" data-hspacer=\"line_only\"  data-halign=\"left\" style=\"text-align:left\"><div class=\"uvc-main-heading ult-responsive\"  data-ultimate-target='.uvc-heading.ultimate-heading-335769f30629b2260 h2'  data-responsive-json-new='{\"font-size\":\"desktop:26px;\",\"line-height\":\"desktop:36px;\"}' ><h2 style=\"font-weight:bold;\">Not\u00edcias<\/h2><\/div><div class=\"uvc-heading-spacer line_only\" style=\"margin-top:15px;margin-bottom:50px;height:4px;\"><span class=\"uvc-headings-line\" style=\"border-style:solid;border-bottom-width:4px;border-color:;width:50px;\"><\/span><\/div><\/div><style type=\"text\/css\" data-type=\"the7_shortcodes-inline-css\">.blog-shortcode.blog-list-shortcode-id-768d5bc50410b2bc17fc3dcd5d8c646a.dividers-on.classic-layout-list article {\n  margin-top: 30px;\n  padding-top: 0;\n}\n.blog-shortcode.blog-list-shortcode-id-768d5bc50410b2bc17fc3dcd5d8c646a.dividers-on.classic-layout-list article:first-of-type {\n  margin-top: 0;\n  padding-top: 0;\n}\n.blog-shortcode.blog-list-shortcode-id-768d5bc50410b2bc17fc3dcd5d8c646a.classic-layout-list.mode-list .post-thumbnail-wrap {\n  width: 25%;\n}\n.blog-shortcode.blog-list-shortcode-id-768d5bc50410b2bc17fc3dcd5d8c646a.classic-layout-list.mode-list .post-entry-content {\n  width: calc(100% - 25%);\n}\n.blog-shortcode.blog-list-shortcode-id-768d5bc50410b2bc17fc3dcd5d8c646a.classic-layout-list.mode-list .no-img .post-entry-content {\n  width: 100%;\n}\n.blog-shortcode.blog-list-shortcode-id-768d5bc50410b2bc17fc3dcd5d8c646a .filter-bg-decoration .filter-categories a.act {\n  color: #fff;\n}\n.blog-shortcode.blog-list-shortcode-id-768d5bc50410b2bc17fc3dcd5d8c646a:not(.mode-masonry) article {\n  margin-top: 30px;\n}\n.blog-shortcode.blog-list-shortcode-id-768d5bc50410b2bc17fc3dcd5d8c646a:not(.mode-masonry) article:first-of-type,\n.blog-shortcode.blog-list-shortcode-id-768d5bc50410b2bc17fc3dcd5d8c646a:not(.mode-masonry) article.visible.first:not(.product) {\n  margin-top: 0;\n}\n.blog-shortcode.blog-list-shortcode-id-768d5bc50410b2bc17fc3dcd5d8c646a.dividers-on:not(.mode-masonry) article {\n  margin-top: 0;\n  padding-top: 30px;\n}\n.blog-shortcode.blog-list-shortcode-id-768d5bc50410b2bc17fc3dcd5d8c646a.dividers-on:not(.mode-masonry) article:first-of-type,\n.blog-shortcode.blog-list-shortcode-id-768d5bc50410b2bc17fc3dcd5d8c646a.dividers-on:not(.mode-masonry) article.visible.first:not(.product) {\n  margin-top: 0;\n  padding-top: 0;\n}\n.blog-shortcode.blog-list-shortcode-id-768d5bc50410b2bc17fc3dcd5d8c646a .post-thumbnail-wrap {\n  padding: 0px 0px 0px 0px;\n}\n.blog-shortcode.blog-list-shortcode-id-768d5bc50410b2bc17fc3dcd5d8c646a.enable-bg-rollover .post-thumbnail-rollover:after {\n  background: -webkit-linear-gradient();\n  background: linear-gradient();\n}\n.blog-shortcode.blog-list-shortcode-id-768d5bc50410b2bc17fc3dcd5d8c646a .gallery-zoom-ico {\n  width: 44px;\n  height: 44px;\n  line-height: 44px;\n  border-radius: 100px;\n  margin: -22px 0 0 -22px;\n  border-width: 0px;\n  color: #ffffff;\n}\n.bottom-overlap-layout-list.blog-shortcode.blog-list-shortcode-id-768d5bc50410b2bc17fc3dcd5d8c646a .gallery-zoom-ico {\n  margin-top: -22px;\n}\n.gradient-overlay-layout-list.blog-shortcode.blog-list-shortcode-id-768d5bc50410b2bc17fc3dcd5d8c646a .gallery-zoom-ico,\n.content-rollover-layout-list.blog-shortcode.blog-list-shortcode-id-768d5bc50410b2bc17fc3dcd5d8c646a .gallery-zoom-ico {\n  margin: 0 0 10px;\n}\n.content-align-center.gradient-overlay-layout-list.blog-shortcode.blog-list-shortcode-id-768d5bc50410b2bc17fc3dcd5d8c646a .gallery-zoom-ico,\n.content-align-center.content-rollover-layout-list.blog-shortcode.blog-list-shortcode-id-768d5bc50410b2bc17fc3dcd5d8c646a .gallery-zoom-ico {\n  margin: 0 auto 10px;\n}\n.dt-icon-bg-on.blog-shortcode.blog-list-shortcode-id-768d5bc50410b2bc17fc3dcd5d8c646a .gallery-zoom-ico {\n  background: rgba(255,255,255,0.3);\n  box-shadow: none;\n}\n.blog-shortcode.blog-list-shortcode-id-768d5bc50410b2bc17fc3dcd5d8c646a .gallery-zoom-ico > span,\n.blog-shortcode.blog-list-shortcode-id-768d5bc50410b2bc17fc3dcd5d8c646a .gallery-zoom-ico:before {\n  font-size: 32px;\n  line-height: 44px;\n}\n.blog-shortcode.blog-list-shortcode-id-768d5bc50410b2bc17fc3dcd5d8c646a .gallery-zoom-ico > span,\n.blog-shortcode.blog-list-shortcode-id-768d5bc50410b2bc17fc3dcd5d8c646a .gallery-zoom-ico:before {\n  color: #ffffff;\n}\n.blog-shortcode.blog-list-shortcode-id-768d5bc50410b2bc17fc3dcd5d8c646a .fancy-date a {\n  background: #ffffff;\n  box-shadow: none;\n}\n.blog-shortcode.blog-list-shortcode-id-768d5bc50410b2bc17fc3dcd5d8c646a .fancy-date a * {\n  color: #2d2d2d;\n}\n.blog-shortcode.blog-list-shortcode-id-768d5bc50410b2bc17fc3dcd5d8c646a .entry-title,\n.blog-shortcode.blog-list-shortcode-id-768d5bc50410b2bc17fc3dcd5d8c646a.owl-carousel .entry-title {\n  margin-bottom: 5px;\n  font-weight: bold;\n}\n.blog-shortcode.blog-list-shortcode-id-768d5bc50410b2bc17fc3dcd5d8c646a .entry-meta {\n  margin-bottom: 15px;\n}\n.blog-shortcode.blog-list-shortcode-id-768d5bc50410b2bc17fc3dcd5d8c646a .portfolio-categories {\n  margin-bottom: 15px;\n}\n.blog-shortcode.blog-list-shortcode-id-768d5bc50410b2bc17fc3dcd5d8c646a .entry-excerpt {\n  margin-bottom: 5px;\n}\n.blog-shortcode.blog-list-shortcode-id-768d5bc50410b2bc17fc3dcd5d8c646a:not(.centered-layout-list) .post-entry-content {\n  padding: 10px 15px 15px 20px;\n}\n.blog-shortcode.blog-list-shortcode-id-768d5bc50410b2bc17fc3dcd5d8c646a:not(.centered-layout-list):not(.content-bg-on):not(.mode-list) .no-img .post-entry-content {\n  padding: 0;\n}\n@media screen and (max-width: 768px) {\n  .blog-shortcode.blog-list-shortcode-id-768d5bc50410b2bc17fc3dcd5d8c646a article {\n    -ms-flex-flow: column nowrap;\n    flex-flow: column nowrap;\n    margin-top: 20px;\n  }\n  .blog-shortcode.blog-list-shortcode-id-768d5bc50410b2bc17fc3dcd5d8c646a.dividers-on article {\n    border: none;\n  }\n  .blog-shortcode.blog-list-shortcode-id-768d5bc50410b2bc17fc3dcd5d8c646a.content-bg-on.centered-layout-list article {\n    padding: 0;\n  }\n  .blog-shortcode.blog-list-shortcode-id-768d5bc50410b2bc17fc3dcd5d8c646a.blog-shortcode.dividers-on article,\n  .blog-shortcode.blog-list-shortcode-id-768d5bc50410b2bc17fc3dcd5d8c646a.dividers-on.classic-layout-list article {\n    margin-top: 20px;\n    padding: 0;\n  }\n  .blog-shortcode.blog-list-shortcode-id-768d5bc50410b2bc17fc3dcd5d8c646a.blog-shortcode.dividers-on article:first-of-type,\n  .blog-shortcode.blog-list-shortcode-id-768d5bc50410b2bc17fc3dcd5d8c646a.dividers-on.classic-layout-list article:first-of-type {\n    padding: 0;\n  }\n  #page .blog-shortcode.blog-list-shortcode-id-768d5bc50410b2bc17fc3dcd5d8c646a .post-thumbnail-wrap,\n  #page .blog-shortcode.blog-list-shortcode-id-768d5bc50410b2bc17fc3dcd5d8c646a .post-entry-content {\n    width: 100%;\n    margin: 0;\n    top: 0;\n  }\n  #page .blog-shortcode.blog-list-shortcode-id-768d5bc50410b2bc17fc3dcd5d8c646a .post-thumbnail-wrap {\n    padding: 0;\n  }\n  #page .blog-shortcode.blog-list-shortcode-id-768d5bc50410b2bc17fc3dcd5d8c646a .post-entry-content:after {\n    display: none;\n  }\n  #page .blog-shortcode.blog-list-shortcode-id-768d5bc50410b2bc17fc3dcd5d8c646a .project-even .post-thumbnail-wrap,\n  #page .blog-shortcode.blog-list-shortcode-id-768d5bc50410b2bc17fc3dcd5d8c646a.centered-layout-list .post-thumbnail-wrap {\n    -ms-flex-order: 0;\n    order: 0;\n  }\n  #page .blog-shortcode.blog-list-shortcode-id-768d5bc50410b2bc17fc3dcd5d8c646a.centered-layout-list .post-entry-title-content {\n    -ms-flex-order: 1;\n    order: 1;\n    width: 100%;\n    padding: 20px 20px 0;\n  }\n  #page .blog-shortcode.blog-list-shortcode-id-768d5bc50410b2bc17fc3dcd5d8c646a.centered-layout-list .post-entry-content {\n    -ms-flex-order: 2;\n    order: 2;\n    padding-top: 0;\n  }\n  #page .blog-shortcode.blog-list-shortcode-id-768d5bc50410b2bc17fc3dcd5d8c646a .fancy-categories {\n    top: 10px;\n    left: 10px;\n    bottom: auto;\n    right: auto;\n  }\n  #page .blog-shortcode.blog-list-shortcode-id-768d5bc50410b2bc17fc3dcd5d8c646a .fancy-date a {\n    top: 10px;\n    right: 10px;\n    left: auto;\n    bottom: auto;\n  }\n  #page .blog-shortcode.blog-list-shortcode-id-768d5bc50410b2bc17fc3dcd5d8c646a .post-entry-content {\n    padding: 20px;\n  }\n  #page .blog-shortcode.blog-list-shortcode-id-768d5bc50410b2bc17fc3dcd5d8c646a .entry-title {\n    margin: 3px 0 5px;\n    font-size: 20px;\n    line-height: 26px;\n  }\n  #page .blog-shortcode.blog-list-shortcode-id-768d5bc50410b2bc17fc3dcd5d8c646a .entry-meta {\n    margin: 5px 0 5px;\n  }\n  #page .blog-shortcode.blog-list-shortcode-id-768d5bc50410b2bc17fc3dcd5d8c646a .entry-excerpt {\n    margin: 15px 0 0;\n  }\n  #page .blog-shortcode.blog-list-shortcode-id-768d5bc50410b2bc17fc3dcd5d8c646a .post-details {\n    margin: 5px 0 10px;\n  }\n  #page .blog-shortcode.blog-list-shortcode-id-768d5bc50410b2bc17fc3dcd5d8c646a .post-details.details-type-link {\n    margin-bottom: 2px;\n  }\n}<\/style><div class=\"articles-list blog-shortcode mode-list blog-list-shortcode-id-768d5bc50410b2bc17fc3dcd5d8c646a classic-layout-list content-bg-on jquery-filter scale-img dt-icon-bg-off loading-effect-fade-in\" data-cur-page=\"1\" data-post-limit=\"-1\" data-pagination-mode=\"none\"><article class=\"post project-odd visible post-18669 type-post status-publish format-standard has-post-thumbnail hentry category-home category-1 description-off\" data-name=\"Prefeitura refor\u00e7a agenda de educa\u00e7\u00e3o ambiental e convida escolas e institui\u00e7\u00f5es a participarem das a\u00e7\u00f5es\" data-date=\"2026-02-09T14:19:29-03:00\">\n\n<div class=\"post-thumbnail-wrap\">\n\t<div class=\"post-thumbnail\">\n\n\t\t\n\t\t\n\t\t<a href=\"https:\/\/comdep.com.br\/?p=18669\" class=\"post-thumbnail-rollover layzr-bg layzr-bg\" ><img decoding=\"async\" class=\"blog-thumb-lazy-load preload-me lazy-load aspect\" src=\"data:image\/svg+xml,%3Csvg%20xmlns%3D&#39;http%3A%2F%2Fwww.w3.org%2F2000%2Fsvg&#39;%20viewBox%3D&#39;0%200%20768%20512&#39;%2F%3E\" data-src=\"https:\/\/comdep.com.br\/wp-content\/uploads\/2026\/02\/a-4c1c341faa86543b1befdfc57456f9d6_XL-768x512.jpg\" data-srcset=\"https:\/\/comdep.com.br\/wp-content\/uploads\/2026\/02\/a-4c1c341faa86543b1befdfc57456f9d6_XL-768x512.jpg 768w, https:\/\/comdep.com.br\/wp-content\/uploads\/2026\/02\/a-4c1c341faa86543b1befdfc57456f9d6_XL-900x599.jpg 900w\" loading=\"eager\" style=\"--ratio: 768 \/ 512\" sizes=\"(max-width: 768px) 100vw, 768px\" alt=\"\" title=\"a 4c1c341faa86543b1befdfc57456f9d6_XL\" width=\"768\" height=\"512\"  \/><\/a>\n\t<\/div>\n<\/div>\n\n\n<div class=\"post-entry-content\">\n\n\t<h3 class=\"entry-title\">\n\t\t<a href=\"https:\/\/comdep.com.br\/?p=18669\" title=\"Prefeitura refor\u00e7a agenda de educa\u00e7\u00e3o ambiental e convida escolas e institui\u00e7\u00f5es a participarem das a\u00e7\u00f5es\" rel=\"bookmark\">Prefeitura refor\u00e7a agenda de educa\u00e7\u00e3o ambiental e convida escolas e institui\u00e7\u00f5es a participarem das a\u00e7\u00f5es<\/a>\n\t<\/h3>\n\n\t<div class=\"entry-meta\"><a href=\"https:\/\/comdep.com.br\/?m=20260209\" title=\"14:19\" class=\"data-link\" rel=\"bookmark\"><time class=\"entry-date updated\" datetime=\"2026-02-09T14:19:29-03:00\">09\/02\/2026<\/time><\/a><\/div>\n\t<div class=\"entry-excerpt\"><p>As a\u00e7\u00f5es de educa\u00e7\u00e3o ambiental desenvolvidas pela Prefeitura seguem ampliando o trabalho de conscientiza\u00e7\u00e3o em escolas, institui\u00e7\u00f5es e empresas de Petr\u00f3polis ao longo de 2026. A programa\u00e7\u00e3o desenvolvida pela Comdep re\u00fane palestras educativas, apresenta\u00e7\u00f5es da Cia Teatral Os Impar\u00e1veis, teatro de fantoches e atividades interativas sobre descarte correto de res\u00edduos, preserva\u00e7\u00e3o ambiental e responsabilidade coletiva,&hellip;<\/p>\n<\/div>\n\t\n<a href=\"https:\/\/comdep.com.br\/?p=18669\" class=\"post-details details-type-link\" aria-label=\"Read more about Prefeitura refor\u00e7a agenda de educa\u00e7\u00e3o ambiental e convida escolas e institui\u00e7\u00f5es a participarem das a\u00e7\u00f5es\">Leia mais<i class=\"dt-icon-the7-arrow-03\" aria-hidden=\"true\"><\/i><\/a>\n\n<\/div><\/article><article class=\"post project-odd visible post-18621 type-post status-publish format-standard has-post-thumbnail hentry category-home category-1 description-off\" data-name=\"Prefeitura promove demoli\u00e7\u00e3o de constru\u00e7\u00f5es em terreno destinado a projetos habitacionais na Estrada da Saudade\" data-date=\"2026-02-02T14:37:20-03:00\">\n\n<div class=\"post-thumbnail-wrap\">\n\t<div class=\"post-thumbnail\">\n\n\t\t\n\t\t\n\t\t<a href=\"https:\/\/comdep.com.br\/?p=18621\" class=\"post-thumbnail-rollover layzr-bg layzr-bg\" ><img decoding=\"async\" class=\"blog-thumb-lazy-load preload-me lazy-load aspect\" src=\"data:image\/svg+xml,%3Csvg%20xmlns%3D&#39;http%3A%2F%2Fwww.w3.org%2F2000%2Fsvg&#39;%20viewBox%3D&#39;0%200%20759%20506&#39;%2F%3E\" data-src=\"https:\/\/comdep.com.br\/wp-content\/uploads\/2026\/02\/a-03-26-759x506.jpg\" data-srcset=\"https:\/\/comdep.com.br\/wp-content\/uploads\/2026\/02\/a-03-26-759x506.jpg 759w\" loading=\"eager\" style=\"--ratio: 759 \/ 506\" sizes=\"(max-width: 759px) 100vw, 759px\" alt=\"\" title=\"a 03 26\" width=\"759\" height=\"506\"  \/><\/a>\n\t<\/div>\n<\/div>\n\n\n<div class=\"post-entry-content\">\n\n\t<h3 class=\"entry-title\">\n\t\t<a href=\"https:\/\/comdep.com.br\/?p=18621\" title=\"Prefeitura promove demoli\u00e7\u00e3o de constru\u00e7\u00f5es em terreno destinado a projetos habitacionais na Estrada da Saudade\" rel=\"bookmark\">Prefeitura promove demoli\u00e7\u00e3o de constru\u00e7\u00f5es em terreno destinado a projetos habitacionais na Estrada da Saudade<\/a>\n\t<\/h3>\n\n\t<div class=\"entry-meta\"><a href=\"https:\/\/comdep.com.br\/?m=20260202\" title=\"14:37\" class=\"data-link\" rel=\"bookmark\"><time class=\"entry-date updated\" datetime=\"2026-02-02T14:37:20-03:00\">02\/02\/2026<\/time><\/a><\/div>\n\t<div class=\"entry-excerpt\"><p>A Prefeitura iniciou a demoli\u00e7\u00e3o de duas casas constru\u00eddas em um terreno da Estrada da Saudade, que \u00e9 destinado a projetos habitacionais. Essas casas j\u00e1 existiam quando o terreno foi adquirido pelo munic\u00edpio. A Secretaria de Habita\u00e7\u00e3o coordena o processo de demoli\u00e7\u00e3o, que \u00e9 executado pela Comdep. O local \u00e9 o mesmo que j\u00e1 havia&hellip;<\/p>\n<\/div>\n\t\n<a href=\"https:\/\/comdep.com.br\/?p=18621\" class=\"post-details details-type-link\" aria-label=\"Read more about Prefeitura promove demoli\u00e7\u00e3o de constru\u00e7\u00f5es em terreno destinado a projetos habitacionais na Estrada da Saudade\">Leia mais<i class=\"dt-icon-the7-arrow-03\" aria-hidden=\"true\"><\/i><\/a>\n\n<\/div><\/article><article class=\"post project-odd visible post-18618 type-post status-publish format-standard has-post-thumbnail hentry category-home category-1 description-off\" data-name=\"Hospital Alcides Carneiro promove semana especial de atividades voltadas ao cuidado com a sa\u00fade mental dos profissionais\" data-date=\"2026-02-02T14:36:12-03:00\">\n\n<div class=\"post-thumbnail-wrap\">\n\t<div class=\"post-thumbnail\">\n\n\t\t\n\t\t\n\t\t<a href=\"https:\/\/comdep.com.br\/?p=18618\" class=\"post-thumbnail-rollover layzr-bg layzr-bg\" ><img decoding=\"async\" class=\"blog-thumb-lazy-load preload-me lazy-load aspect\" src=\"data:image\/svg+xml,%3Csvg%20xmlns%3D&#39;http%3A%2F%2Fwww.w3.org%2F2000%2Fsvg&#39;%20viewBox%3D&#39;0%200%20768%20512&#39;%2F%3E\" data-src=\"https:\/\/comdep.com.br\/wp-content\/uploads\/2026\/02\/a-02-26-768x512.jpg\" data-srcset=\"https:\/\/comdep.com.br\/wp-content\/uploads\/2026\/02\/a-02-26-768x512.jpg 768w, https:\/\/comdep.com.br\/wp-content\/uploads\/2026\/02\/a-02-26-900x599.jpg 900w\" loading=\"eager\" style=\"--ratio: 768 \/ 512\" sizes=\"(max-width: 768px) 100vw, 768px\" alt=\"\" title=\"a 02 26\" width=\"768\" height=\"512\"  \/><\/a>\n\t<\/div>\n<\/div>\n\n\n<div class=\"post-entry-content\">\n\n\t<h3 class=\"entry-title\">\n\t\t<a href=\"https:\/\/comdep.com.br\/?p=18618\" title=\"Hospital Alcides Carneiro promove semana especial de atividades voltadas ao cuidado com a sa\u00fade mental dos profissionais\" rel=\"bookmark\">Hospital Alcides Carneiro promove semana especial de atividades voltadas ao cuidado com a sa\u00fade mental dos profissionais<\/a>\n\t<\/h3>\n\n\t<div class=\"entry-meta\"><a href=\"https:\/\/comdep.com.br\/?m=20260202\" title=\"14:36\" class=\"data-link\" rel=\"bookmark\"><time class=\"entry-date updated\" datetime=\"2026-02-02T14:36:12-03:00\">02\/02\/2026<\/time><\/a><\/div>\n\t<div class=\"entry-excerpt\"><p>uncion\u00e1rios do Hospital Alcides Carneiro (HAC) participaram, esta semana, de atividades voltadas ao cuidado com a sa\u00fade mental. As a\u00e7\u00f5es fazem parte da Campanha Janeiro Branco e t\u00eam como objetivo acolher a equipe que, muitas vezes, no compromisso di\u00e1rio de salvar vidas, enfrenta situa\u00e7\u00f5es de estresse f\u00edsico e emocional. Ao longo da programa\u00e7\u00e3o, foram oferecidas&hellip;<\/p>\n<\/div>\n\t\n<a href=\"https:\/\/comdep.com.br\/?p=18618\" class=\"post-details details-type-link\" aria-label=\"Read more about Hospital Alcides Carneiro promove semana especial de atividades voltadas ao cuidado com a sa\u00fade mental dos profissionais\">Leia mais<i class=\"dt-icon-the7-arrow-03\" aria-hidden=\"true\"><\/i><\/a>\n\n<\/div><\/article><article class=\"post project-odd visible post-18572 type-post status-publish format-standard has-post-thumbnail hentry category-home category-1 description-off\" data-name=\"Prefeitura leva a\u00e7\u00f5es de cuidado emocional aos trabalhadores\" data-date=\"2026-01-29T09:07:33-03:00\">\n\n<div class=\"post-thumbnail-wrap\">\n\t<div class=\"post-thumbnail\">\n\n\t\t\n\t\t\n\t\t<a href=\"https:\/\/comdep.com.br\/?p=18572\" class=\"post-thumbnail-rollover layzr-bg layzr-bg\" ><img decoding=\"async\" class=\"blog-thumb-lazy-load preload-me lazy-load aspect\" src=\"data:image\/svg+xml,%3Csvg%20xmlns%3D&#39;http%3A%2F%2Fwww.w3.org%2F2000%2Fsvg&#39;%20viewBox%3D&#39;0%200%20760%20507&#39;%2F%3E\" data-src=\"https:\/\/comdep.com.br\/wp-content\/uploads\/2026\/01\/a-2026-760x507.jpg\" data-srcset=\"https:\/\/comdep.com.br\/wp-content\/uploads\/2026\/01\/a-2026-760x507.jpg 760w, https:\/\/comdep.com.br\/wp-content\/uploads\/2026\/01\/a-2026-761x506.jpg 761w\" loading=\"eager\" style=\"--ratio: 760 \/ 507\" sizes=\"(max-width: 760px) 100vw, 760px\" alt=\"\" title=\"a 2026\" width=\"760\" height=\"507\"  \/><\/a>\n\t<\/div>\n<\/div>\n\n\n<div class=\"post-entry-content\">\n\n\t<h3 class=\"entry-title\">\n\t\t<a href=\"https:\/\/comdep.com.br\/?p=18572\" title=\"Prefeitura leva a\u00e7\u00f5es de cuidado emocional aos trabalhadores\" rel=\"bookmark\">Prefeitura leva a\u00e7\u00f5es de cuidado emocional aos trabalhadores<\/a>\n\t<\/h3>\n\n\t<div class=\"entry-meta\"><a href=\"https:\/\/comdep.com.br\/?m=20260129\" title=\"09:07\" class=\"data-link\" rel=\"bookmark\"><time class=\"entry-date updated\" datetime=\"2026-01-29T09:07:33-03:00\">29\/01\/2026<\/time><\/a><\/div>\n\t<div class=\"entry-excerpt\"><p>A Prefeitura realizou uma a\u00e7\u00e3o voltada \u00e0 promo\u00e7\u00e3o da sa\u00fade mental dos trabalhadores da Comdep, dentro da programa\u00e7\u00e3o do Janeiro Branco, campanha nacional de conscientiza\u00e7\u00e3o sobre o cuidado com a sa\u00fade emocional. A iniciativa foi desenvolvida por meio de uma parceria entre a Comdep e a Secretaria Municipal de Sa\u00fade, com a realiza\u00e7\u00e3o de palestras&hellip;<\/p>\n<\/div>\n\t\n<a href=\"https:\/\/comdep.com.br\/?p=18572\" class=\"post-details details-type-link\" aria-label=\"Read more about Prefeitura leva a\u00e7\u00f5es de cuidado emocional aos trabalhadores\">Leia mais<i class=\"dt-icon-the7-arrow-03\" aria-hidden=\"true\"><\/i><\/a>\n\n<\/div><\/article><article class=\"post project-odd visible post-18451 type-post status-publish format-standard has-post-thumbnail hentry category-home category-1 description-off\" data-name=\"Prefeitura cria canal exclusivo para atendimento sobre lixo domiciliar\" data-date=\"2026-01-15T11:46:51-03:00\">\n\n<div class=\"post-thumbnail-wrap\">\n\t<div class=\"post-thumbnail\">\n\n\t\t\n\t\t\n\t\t<a href=\"https:\/\/comdep.com.br\/?p=18451\" class=\"post-thumbnail-rollover layzr-bg layzr-bg\" ><img decoding=\"async\" class=\"blog-thumb-lazy-load preload-me lazy-load aspect\" src=\"data:image\/svg+xml,%3Csvg%20xmlns%3D&#39;http%3A%2F%2Fwww.w3.org%2F2000%2Fsvg&#39;%20viewBox%3D&#39;0%200%20768%20512&#39;%2F%3E\" data-src=\"https:\/\/comdep.com.br\/wp-content\/uploads\/2026\/01\/aaaaaaaa-c0d2aa3903fba59e71ae5f16e448d877_XL-768x512.jpg\" data-srcset=\"https:\/\/comdep.com.br\/wp-content\/uploads\/2026\/01\/aaaaaaaa-c0d2aa3903fba59e71ae5f16e448d877_XL-768x512.jpg 768w, https:\/\/comdep.com.br\/wp-content\/uploads\/2026\/01\/aaaaaaaa-c0d2aa3903fba59e71ae5f16e448d877_XL-900x599.jpg 900w\" loading=\"eager\" style=\"--ratio: 768 \/ 512\" sizes=\"(max-width: 768px) 100vw, 768px\" alt=\"\" title=\"aaaaaaaa c0d2aa3903fba59e71ae5f16e448d877_XL\" width=\"768\" height=\"512\"  \/><\/a>\n\t<\/div>\n<\/div>\n\n\n<div class=\"post-entry-content\">\n\n\t<h3 class=\"entry-title\">\n\t\t<a href=\"https:\/\/comdep.com.br\/?p=18451\" title=\"Prefeitura cria canal exclusivo para atendimento sobre lixo domiciliar\" rel=\"bookmark\">Prefeitura cria canal exclusivo para atendimento sobre lixo domiciliar<\/a>\n\t<\/h3>\n\n\t<div class=\"entry-meta\"><a href=\"https:\/\/comdep.com.br\/?m=20260115\" title=\"11:46\" class=\"data-link\" rel=\"bookmark\"><time class=\"entry-date updated\" datetime=\"2026-01-15T11:46:51-03:00\">15\/01\/2026<\/time><\/a><\/div>\n\t<div class=\"entry-excerpt\"><p>A popula\u00e7\u00e3o j\u00e1 conta com um canal de atendimento telef\u00f4nico exclusivo para tratar de assuntos relacionados ao lixo domiciliar, facilitando o contato e agilizando a solu\u00e7\u00e3o de demandas do dia a dia. O atendimento funciona de segunda a sexta-feira, das 8h \u00e0s 17h, pelo telefone (24) 2292-9500, op\u00e7\u00e3o 3. Al\u00e9m disso, as solicita\u00e7\u00f5es e informa\u00e7\u00f5es&hellip;<\/p>\n<\/div>\n\t\n<a href=\"https:\/\/comdep.com.br\/?p=18451\" class=\"post-details details-type-link\" aria-label=\"Read more about Prefeitura cria canal exclusivo para atendimento sobre lixo domiciliar\">Leia mais<i class=\"dt-icon-the7-arrow-03\" aria-hidden=\"true\"><\/i><\/a>\n\n<\/div><\/article><article class=\"post project-odd visible post-18425 type-post status-publish format-standard has-post-thumbnail hentry category-home category-1 description-off\" data-name=\"Prefeitura mant\u00e9m atua\u00e7\u00e3o permanente na limpeza urbana e conserva\u00e7\u00e3o dos espa\u00e7os p\u00fablicos em Petr\u00f3polis em 2025\" data-date=\"2026-01-13T16:26:28-03:00\">\n\n<div class=\"post-thumbnail-wrap\">\n\t<div class=\"post-thumbnail\">\n\n\t\t\n\t\t\n\t\t<a href=\"https:\/\/comdep.com.br\/?p=18425\" class=\"post-thumbnail-rollover layzr-bg layzr-bg\" ><img decoding=\"async\" class=\"blog-thumb-lazy-load preload-me lazy-load aspect\" src=\"data:image\/svg+xml,%3Csvg%20xmlns%3D&#39;http%3A%2F%2Fwww.w3.org%2F2000%2Fsvg&#39;%20viewBox%3D&#39;0%200%20768%20512&#39;%2F%3E\" data-src=\"https:\/\/comdep.com.br\/wp-content\/uploads\/2026\/01\/6f81179d-9fa7-4eb8-b053-5ae79870d9bf-768x512.jpg\" data-srcset=\"https:\/\/comdep.com.br\/wp-content\/uploads\/2026\/01\/6f81179d-9fa7-4eb8-b053-5ae79870d9bf-768x512.jpg 768w, https:\/\/comdep.com.br\/wp-content\/uploads\/2026\/01\/6f81179d-9fa7-4eb8-b053-5ae79870d9bf-1280x852.jpg 1280w\" loading=\"eager\" style=\"--ratio: 768 \/ 512\" sizes=\"(max-width: 768px) 100vw, 768px\" alt=\"\" title=\"6f81179d-9fa7-4eb8-b053-5ae79870d9bf\" width=\"768\" height=\"512\"  \/><\/a>\n\t<\/div>\n<\/div>\n\n\n<div class=\"post-entry-content\">\n\n\t<h3 class=\"entry-title\">\n\t\t<a href=\"https:\/\/comdep.com.br\/?p=18425\" title=\"Prefeitura mant\u00e9m atua\u00e7\u00e3o permanente na limpeza urbana e conserva\u00e7\u00e3o dos espa\u00e7os p\u00fablicos em Petr\u00f3polis em 2025\" rel=\"bookmark\">Prefeitura mant\u00e9m atua\u00e7\u00e3o permanente na limpeza urbana e conserva\u00e7\u00e3o dos espa\u00e7os p\u00fablicos em Petr\u00f3polis em 2025<\/a>\n\t<\/h3>\n\n\t<div class=\"entry-meta\"><a href=\"https:\/\/comdep.com.br\/?m=20260113\" title=\"16:26\" class=\"data-link\" rel=\"bookmark\"><time class=\"entry-date updated\" datetime=\"2026-01-13T16:26:28-03:00\">13\/01\/2026<\/time><\/a><\/div>\n\t<div class=\"entry-excerpt\"><p>Com presen\u00e7a di\u00e1ria nas ruas e a\u00e7\u00f5es distribu\u00eddas por todas as regi\u00f5es da cidade, a Prefeitura de Petr\u00f3polis manteve, ao longo de 2025, uma atua\u00e7\u00e3o cont\u00ednua na limpeza urbana, conserva\u00e7\u00e3o de espa\u00e7os p\u00fablicos e preven\u00e7\u00e3o de impactos ambientais, com execu\u00e7\u00e3o da Companhia Municipal de Desenvolvimento de Petr\u00f3polis (Comdep). O trabalho permanente envolveu desde a manuten\u00e7\u00e3o&hellip;<\/p>\n<\/div>\n\t\n<a href=\"https:\/\/comdep.com.br\/?p=18425\" class=\"post-details details-type-link\" aria-label=\"Read more about Prefeitura mant\u00e9m atua\u00e7\u00e3o permanente na limpeza urbana e conserva\u00e7\u00e3o dos espa\u00e7os p\u00fablicos em Petr\u00f3polis em 2025\">Leia mais<i class=\"dt-icon-the7-arrow-03\" aria-hidden=\"true\"><\/i><\/a>\n\n<\/div><\/article><article class=\"post project-odd visible post-18264 type-post status-publish format-standard has-post-thumbnail hentry category-home category-1 description-off\" data-name=\"Prefeitura revitaliza principais chafarizes da cidade\" data-date=\"2025-12-19T14:34:29-03:00\">\n\n<div class=\"post-thumbnail-wrap\">\n\t<div class=\"post-thumbnail\">\n\n\t\t\n\t\t\n\t\t<a href=\"https:\/\/comdep.com.br\/?p=18264\" class=\"post-thumbnail-rollover layzr-bg layzr-bg\" ><img decoding=\"async\" class=\"blog-thumb-lazy-load preload-me lazy-load aspect\" src=\"data:image\/svg+xml,%3Csvg%20xmlns%3D&#39;http%3A%2F%2Fwww.w3.org%2F2000%2Fsvg&#39;%20viewBox%3D&#39;0%200%20759%20506&#39;%2F%3E\" data-src=\"https:\/\/comdep.com.br\/wp-content\/uploads\/2025\/12\/a-4040c87bf403cb2b09936d99ab37ac68_XL-759x506.jpg\" data-srcset=\"https:\/\/comdep.com.br\/wp-content\/uploads\/2025\/12\/a-4040c87bf403cb2b09936d99ab37ac68_XL-759x506.jpg 759w\" loading=\"eager\" style=\"--ratio: 759 \/ 506\" sizes=\"(max-width: 759px) 100vw, 759px\" alt=\"\" title=\"a 4040c87bf403cb2b09936d99ab37ac68_XL\" width=\"759\" height=\"506\"  \/><\/a>\n\t<\/div>\n<\/div>\n\n\n<div class=\"post-entry-content\">\n\n\t<h3 class=\"entry-title\">\n\t\t<a href=\"https:\/\/comdep.com.br\/?p=18264\" title=\"Prefeitura revitaliza principais chafarizes da cidade\" rel=\"bookmark\">Prefeitura revitaliza principais chafarizes da cidade<\/a>\n\t<\/h3>\n\n\t<div class=\"entry-meta\"><a href=\"https:\/\/comdep.com.br\/?m=20251219\" title=\"14:34\" class=\"data-link\" rel=\"bookmark\"><time class=\"entry-date updated\" datetime=\"2025-12-19T14:34:29-03:00\">19\/12\/2025<\/time><\/a><\/div>\n\t<div class=\"entry-excerpt\"><p>A Prefeitura intensificou, ao longo de 2025, uma s\u00e9rie de interven\u00e7\u00f5es nos principais chafarizes do munic\u00edpio, garantindo recupera\u00e7\u00e3o estrutural, manuten\u00e7\u00e3o hidr\u00e1ulica, pintura e moderniza\u00e7\u00e3o dos sistemas de bombeamento. As a\u00e7\u00f5es aconteceram nas pra\u00e7as Visconde de Mau\u00e1 (Pra\u00e7a da \u00c1guia), da Liberdade, Cascatinha e Nogueira, al\u00e9m do Pal\u00e1cio de Cristal e no Bosque do Imperador. No&hellip;<\/p>\n<\/div>\n\t\n<a href=\"https:\/\/comdep.com.br\/?p=18264\" class=\"post-details details-type-link\" aria-label=\"Read more about Prefeitura revitaliza principais chafarizes da cidade\">Leia mais<i class=\"dt-icon-the7-arrow-03\" aria-hidden=\"true\"><\/i><\/a>\n\n<\/div><\/article><article class=\"post project-odd visible post-18261 type-post status-publish format-standard has-post-thumbnail hentry category-home category-1 description-off\" data-name=\"Cascatinha e Centro recebem novas a\u00e7\u00f5es de zeladoria urbana\" data-date=\"2025-12-19T14:33:28-03:00\">\n\n<div class=\"post-thumbnail-wrap\">\n\t<div class=\"post-thumbnail\">\n\n\t\t\n\t\t\n\t\t<a href=\"https:\/\/comdep.com.br\/?p=18261\" class=\"post-thumbnail-rollover layzr-bg layzr-bg\" ><img decoding=\"async\" class=\"blog-thumb-lazy-load preload-me lazy-load aspect\" src=\"data:image\/svg+xml,%3Csvg%20xmlns%3D&#39;http%3A%2F%2Fwww.w3.org%2F2000%2Fsvg&#39;%20viewBox%3D&#39;0%200%20768%20512&#39;%2F%3E\" data-src=\"https:\/\/comdep.com.br\/wp-content\/uploads\/2025\/12\/a-d9c1c935d328d367e372f9722ee12372_XL-768x512.jpg\" data-srcset=\"https:\/\/comdep.com.br\/wp-content\/uploads\/2025\/12\/a-d9c1c935d328d367e372f9722ee12372_XL-768x512.jpg 768w, https:\/\/comdep.com.br\/wp-content\/uploads\/2025\/12\/a-d9c1c935d328d367e372f9722ee12372_XL-900x599.jpg 900w\" loading=\"eager\" style=\"--ratio: 768 \/ 512\" sizes=\"(max-width: 768px) 100vw, 768px\" alt=\"\" title=\"a d9c1c935d328d367e372f9722ee12372_XL\" width=\"768\" height=\"512\"  \/><\/a>\n\t<\/div>\n<\/div>\n\n\n<div class=\"post-entry-content\">\n\n\t<h3 class=\"entry-title\">\n\t\t<a href=\"https:\/\/comdep.com.br\/?p=18261\" title=\"Cascatinha e Centro recebem novas a\u00e7\u00f5es de zeladoria urbana\" rel=\"bookmark\">Cascatinha e Centro recebem novas a\u00e7\u00f5es de zeladoria urbana<\/a>\n\t<\/h3>\n\n\t<div class=\"entry-meta\"><a href=\"https:\/\/comdep.com.br\/?m=20251219\" title=\"14:33\" class=\"data-link\" rel=\"bookmark\"><time class=\"entry-date updated\" datetime=\"2025-12-19T14:33:28-03:00\">19\/12\/2025<\/time><\/a><\/div>\n\t<div class=\"entry-excerpt\"><p>Trabalho inclui abordagens sociais a pessoas em situa\u00e7\u00e3o de rua e servi\u00e7os de limpeza e seguran\u00e7a A Prefeitura promoveu novas a\u00e7\u00f5es de zeladoria urbana em Cascatinha e em ruas do Centro, na manh\u00e3 desta segunda-feira (15\/12). O trabalho foi liderado pela equipe da Secretaria de Assist\u00eancia Social, com apoio da Guarda Civil e da Comdep.&hellip;<\/p>\n<\/div>\n\t\n<a href=\"https:\/\/comdep.com.br\/?p=18261\" class=\"post-details details-type-link\" aria-label=\"Read more about Cascatinha e Centro recebem novas a\u00e7\u00f5es de zeladoria urbana\">Leia mais<i class=\"dt-icon-the7-arrow-03\" aria-hidden=\"true\"><\/i><\/a>\n\n<\/div><\/article><article class=\"post project-odd visible no-img post-18211 type-post status-publish format-standard hentry category-home category-1 description-off\" data-name=\"Petr\u00f3polis do Bem encerra ano no Carangola\" data-date=\"2025-12-15T11:25:42-03:00\">\n\n<div class=\"post-entry-content\">\n\n\t<h3 class=\"entry-title\">\n\t\t<a href=\"https:\/\/comdep.com.br\/?p=18211\" title=\"Petr\u00f3polis do Bem encerra ano no Carangola\" rel=\"bookmark\">Petr\u00f3polis do Bem encerra ano no Carangola<\/a>\n\t<\/h3>\n\n\t<div class=\"entry-meta\"><a href=\"https:\/\/comdep.com.br\/?m=20251215\" title=\"11:25\" class=\"data-link\" rel=\"bookmark\"><time class=\"entry-date updated\" datetime=\"2025-12-15T11:25:42-03:00\">15\/12\/2025<\/time><\/a><\/div>\n\t<div class=\"entry-excerpt\"><p>Com mais de tr\u00eas mil atendimentos realizados, programa acontece neste s\u00e1bado (13\/12) na Igreja do Divino Esp\u00edrito Santo O Petr\u00f3polis do Bem vai encerrar a agenda do ano no s\u00e1bado (13\/12), no Carangola. O programa vai acontecer na Igreja do Divino Esp\u00edrito Santo (Rua Divino Esp\u00edrito Santo, 818), das 09h \u00e0s 16h. A iniciativa da&hellip;<\/p>\n<\/div>\n\t\n<a href=\"https:\/\/comdep.com.br\/?p=18211\" class=\"post-details details-type-link\" aria-label=\"Read more about Petr\u00f3polis do Bem encerra ano no Carangola\">Leia mais<i class=\"dt-icon-the7-arrow-03\" aria-hidden=\"true\"><\/i><\/a>\n\n<\/div><\/article><article class=\"post project-odd visible post-18183 type-post status-publish format-standard has-post-thumbnail hentry category-home category-1 description-off\" data-name=\"Comdep atende 22 ocorr\u00eancias ap\u00f3s vendaval e segue atuando ao longo do dia no recolhimento de res\u00edduos\" data-date=\"2025-12-10T13:58:41-03:00\">\n\n<div class=\"post-thumbnail-wrap\">\n\t<div class=\"post-thumbnail\">\n\n\t\t\n\t\t\n\t\t<a href=\"https:\/\/comdep.com.br\/?p=18183\" class=\"post-thumbnail-rollover layzr-bg layzr-bg\" ><img decoding=\"async\" class=\"blog-thumb-lazy-load preload-me lazy-load aspect\" src=\"data:image\/svg+xml,%3Csvg%20xmlns%3D&#39;http%3A%2F%2Fwww.w3.org%2F2000%2Fsvg&#39;%20viewBox%3D&#39;0%200%20768%20512&#39;%2F%3E\" data-src=\"https:\/\/comdep.com.br\/wp-content\/uploads\/2025\/12\/corte-arvore-comdep-768x512.jpeg\" data-srcset=\"https:\/\/comdep.com.br\/wp-content\/uploads\/2025\/12\/corte-arvore-comdep-768x512.jpeg 768w, https:\/\/comdep.com.br\/wp-content\/uploads\/2025\/12\/corte-arvore-comdep-1077x717.jpeg 1077w\" loading=\"eager\" style=\"--ratio: 768 \/ 512\" sizes=\"(max-width: 768px) 100vw, 768px\" alt=\"\" title=\"corte arvore comdep\" width=\"768\" height=\"512\"  \/><\/a>\n\t<\/div>\n<\/div>\n\n\n<div class=\"post-entry-content\">\n\n\t<h3 class=\"entry-title\">\n\t\t<a href=\"https:\/\/comdep.com.br\/?p=18183\" title=\"Comdep atende 22 ocorr\u00eancias ap\u00f3s vendaval e segue atuando ao longo do dia no recolhimento de res\u00edduos\" rel=\"bookmark\">Comdep atende 22 ocorr\u00eancias ap\u00f3s vendaval e segue atuando ao longo do dia no recolhimento de res\u00edduos<\/a>\n\t<\/h3>\n\n\t<div class=\"entry-meta\"><a href=\"https:\/\/comdep.com.br\/?m=20251210\" title=\"13:58\" class=\"data-link\" rel=\"bookmark\"><time class=\"entry-date updated\" datetime=\"2025-12-10T13:58:41-03:00\">10\/12\/2025<\/time><\/a><\/div>\n\t<div class=\"entry-excerpt\"><p>A Prefeitura de Petr\u00f3polis, por meio da Comdep, atendeu at\u00e9 \u00e0s 12h30 22 ocorr\u00eancias relacionadas \u00e0s quedas de \u00e1rvores e galhos provocadas pelo vendaval que atingiu a cidade durante a madrugada desta quarta-feira (10). O primeiro chamado foi registrado \u00e0s 2h55, na Estrada da Fazenda Inglesa, e o trabalho se estendeu por diversos bairros, incluindo&hellip;<\/p>\n<\/div>\n\t\n<a href=\"https:\/\/comdep.com.br\/?p=18183\" class=\"post-details details-type-link\" aria-label=\"Read more about Comdep atende 22 ocorr\u00eancias ap\u00f3s vendaval e segue atuando ao longo do dia no recolhimento de res\u00edduos\">Leia mais<i class=\"dt-icon-the7-arrow-03\" aria-hidden=\"true\"><\/i><\/a>\n\n<\/div><\/article><article class=\"post project-odd visible post-18157 type-post status-publish format-standard has-post-thumbnail hentry category-home category-1 description-off\" data-name=\"Prefeitura recebe estudantes de Minas Gerais para visita t\u00e9cnica ao Centro de Triagem\" data-date=\"2025-12-05T13:48:41-03:00\">\n\n<div class=\"post-thumbnail-wrap\">\n\t<div class=\"post-thumbnail\">\n\n\t\t\n\t\t\n\t\t<a href=\"https:\/\/comdep.com.br\/?p=18157\" class=\"post-thumbnail-rollover layzr-bg layzr-bg\" ><img decoding=\"async\" class=\"blog-thumb-lazy-load preload-me lazy-load aspect\" src=\"data:image\/svg+xml,%3Csvg%20xmlns%3D&#39;http%3A%2F%2Fwww.w3.org%2F2000%2Fsvg&#39;%20viewBox%3D&#39;0%200%20768%20512&#39;%2F%3E\" data-src=\"https:\/\/comdep.com.br\/wp-content\/uploads\/2025\/12\/a-mg-768x512.jpg\" data-srcset=\"https:\/\/comdep.com.br\/wp-content\/uploads\/2025\/12\/a-mg-768x512.jpg 768w, https:\/\/comdep.com.br\/wp-content\/uploads\/2025\/12\/a-mg-819x546.jpg 819w\" loading=\"eager\" style=\"--ratio: 768 \/ 512\" sizes=\"(max-width: 768px) 100vw, 768px\" alt=\"\" title=\"a mg\" width=\"768\" height=\"512\"  \/><\/a>\n\t<\/div>\n<\/div>\n\n\n<div class=\"post-entry-content\">\n\n\t<h3 class=\"entry-title\">\n\t\t<a href=\"https:\/\/comdep.com.br\/?p=18157\" title=\"Prefeitura recebe estudantes de Minas Gerais para visita t\u00e9cnica ao Centro de Triagem\" rel=\"bookmark\">Prefeitura recebe estudantes de Minas Gerais para visita t\u00e9cnica ao Centro de Triagem<\/a>\n\t<\/h3>\n\n\t<div class=\"entry-meta\"><a href=\"https:\/\/comdep.com.br\/?m=20251205\" title=\"13:48\" class=\"data-link\" rel=\"bookmark\"><time class=\"entry-date updated\" datetime=\"2025-12-05T13:48:41-03:00\">05\/12\/2025<\/time><\/a><\/div>\n\t<div class=\"entry-excerpt\"><p>A Prefeitura recebeu, na quarta-feira (26\/11), um grupo de 60 estudantes da Escola Estadual Felizarda Russano, de Pouso Alto, no sul de Minas Gerais, para uma visita t\u00e9cnica ao Centro de Triagem de Coleta Seletiva Anderson Manoel Palma, no Sim\u00e9ria. A atividade integrou o roteiro pedag\u00f3gico organizado pela escola, que escolheu Petr\u00f3polis pela qualidade de&hellip;<\/p>\n<\/div>\n\t\n<a href=\"https:\/\/comdep.com.br\/?p=18157\" class=\"post-details details-type-link\" aria-label=\"Read more about Prefeitura recebe estudantes de Minas Gerais para visita t\u00e9cnica ao Centro de Triagem\">Leia mais<i class=\"dt-icon-the7-arrow-03\" aria-hidden=\"true\"><\/i><\/a>\n\n<\/div><\/article><article class=\"post project-odd visible post-18152 type-post status-publish format-standard has-post-thumbnail hentry category-home category-1 description-off\" data-name=\"Prefeitura realiza nova a\u00e7\u00e3o de zeladoria urbana em Cascatinha e no Centro\" data-date=\"2025-12-05T13:46:47-03:00\">\n\n<div class=\"post-thumbnail-wrap\">\n\t<div class=\"post-thumbnail\">\n\n\t\t\n\t\t\n\t\t<a href=\"https:\/\/comdep.com.br\/?p=18152\" class=\"post-thumbnail-rollover layzr-bg layzr-bg\" ><img decoding=\"async\" class=\"blog-thumb-lazy-load preload-me lazy-load aspect\" src=\"data:image\/svg+xml,%3Csvg%20xmlns%3D&#39;http%3A%2F%2Fwww.w3.org%2F2000%2Fsvg&#39;%20viewBox%3D&#39;0%200%20768%20512&#39;%2F%3E\" data-src=\"https:\/\/comdep.com.br\/wp-content\/uploads\/2025\/12\/a-coreassssssss-768x512.jpg\" data-srcset=\"https:\/\/comdep.com.br\/wp-content\/uploads\/2025\/12\/a-coreassssssss-768x512.jpg 768w, https:\/\/comdep.com.br\/wp-content\/uploads\/2025\/12\/a-coreassssssss-900x599.jpg 900w\" loading=\"eager\" style=\"--ratio: 768 \/ 512\" sizes=\"(max-width: 768px) 100vw, 768px\" alt=\"\" title=\"a coreassssssss\" width=\"768\" height=\"512\"  \/><\/a>\n\t<\/div>\n<\/div>\n\n\n<div class=\"post-entry-content\">\n\n\t<h3 class=\"entry-title\">\n\t\t<a href=\"https:\/\/comdep.com.br\/?p=18152\" title=\"Prefeitura realiza nova a\u00e7\u00e3o de zeladoria urbana em Cascatinha e no Centro\" rel=\"bookmark\">Prefeitura realiza nova a\u00e7\u00e3o de zeladoria urbana em Cascatinha e no Centro<\/a>\n\t<\/h3>\n\n\t<div class=\"entry-meta\"><a href=\"https:\/\/comdep.com.br\/?m=20251205\" title=\"13:46\" class=\"data-link\" rel=\"bookmark\"><time class=\"entry-date updated\" datetime=\"2025-12-05T13:46:47-03:00\">05\/12\/2025<\/time><\/a><\/div>\n\t<div class=\"entry-excerpt\"><p>Trabalho incluiu abordagem social a pessoas em situa\u00e7\u00e3o de rua e servi\u00e7os de limpeza, sa\u00fade e seguran\u00e7a A Prefeitura realizou mais uma a\u00e7\u00e3o de zeladoria urbana nessa segunda-feira (02\/12). Equipes da Secretaria de Assist\u00eancia Social estiveram em Cascatinha e em ruas do Centro junto com a Comdep e agentes da Guarda Civil Municipal (GCM). A&hellip;<\/p>\n<\/div>\n\t\n<a href=\"https:\/\/comdep.com.br\/?p=18152\" class=\"post-details details-type-link\" aria-label=\"Read more about Prefeitura realiza nova a\u00e7\u00e3o de zeladoria urbana em Cascatinha e no Centro\">Leia mais<i class=\"dt-icon-the7-arrow-03\" aria-hidden=\"true\"><\/i><\/a>\n\n<\/div><\/article><article class=\"post project-odd visible post-18070 type-post status-publish format-standard has-post-thumbnail hentry category-home category-1 description-off\" data-name=\"Descarte irregular de entulho e lixo verde compromete a limpeza urbana em Petr\u00f3polis\" data-date=\"2025-11-28T11:00:11-03:00\">\n\n<div class=\"post-thumbnail-wrap\">\n\t<div class=\"post-thumbnail\">\n\n\t\t\n\t\t\n\t\t<a href=\"https:\/\/comdep.com.br\/?p=18070\" class=\"post-thumbnail-rollover layzr-bg layzr-bg\" ><img decoding=\"async\" class=\"blog-thumb-lazy-load preload-me lazy-load aspect\" src=\"data:image\/svg+xml,%3Csvg%20xmlns%3D&#39;http%3A%2F%2Fwww.w3.org%2F2000%2Fsvg&#39;%20viewBox%3D&#39;0%200%20768%20512&#39;%2F%3E\" data-src=\"https:\/\/comdep.com.br\/wp-content\/uploads\/2025\/11\/a-descarte-768x512.jpg\" data-srcset=\"https:\/\/comdep.com.br\/wp-content\/uploads\/2025\/11\/a-descarte-768x512.jpg 768w, https:\/\/comdep.com.br\/wp-content\/uploads\/2025\/11\/a-descarte-900x599.jpg 900w\" loading=\"eager\" style=\"--ratio: 768 \/ 512\" sizes=\"(max-width: 768px) 100vw, 768px\" alt=\"\" title=\"a descarte\" width=\"768\" height=\"512\"  \/><\/a>\n\t<\/div>\n<\/div>\n\n\n<div class=\"post-entry-content\">\n\n\t<h3 class=\"entry-title\">\n\t\t<a href=\"https:\/\/comdep.com.br\/?p=18070\" title=\"Descarte irregular de entulho e lixo verde compromete a limpeza urbana em Petr\u00f3polis\" rel=\"bookmark\">Descarte irregular de entulho e lixo verde compromete a limpeza urbana em Petr\u00f3polis<\/a>\n\t<\/h3>\n\n\t<div class=\"entry-meta\"><a href=\"https:\/\/comdep.com.br\/?m=20251128\" title=\"11:00\" class=\"data-link\" rel=\"bookmark\"><time class=\"entry-date updated\" datetime=\"2025-11-28T11:00:11-03:00\">28\/11\/2025<\/time><\/a><\/div>\n\t<div class=\"entry-excerpt\"><p>stacionamento irregular tamb\u00e9m prejudica a coleta em v\u00e1rios pontos da cidade O descarte irregular de entulho, lixo verde e outros materiais em vias p\u00fablicas \u00e9 uma pr\u00e1tica que, al\u00e9m de configurar infra\u00e7\u00e3o ambiental, compromete o trabalho das equipes da Comdep, respons\u00e1veis pela limpeza urbana. O descarte irregular \u00e9 registrado em v\u00e1rios pontos de Petr\u00f3polis. Com&hellip;<\/p>\n<\/div>\n\t\n<a href=\"https:\/\/comdep.com.br\/?p=18070\" class=\"post-details details-type-link\" aria-label=\"Read more about Descarte irregular de entulho e lixo verde compromete a limpeza urbana em Petr\u00f3polis\">Leia mais<i class=\"dt-icon-the7-arrow-03\" aria-hidden=\"true\"><\/i><\/a>\n\n<\/div><\/article><article class=\"post project-odd visible post-18060 type-post status-publish format-standard has-post-thumbnail hentry category-home category-1 description-off\" data-name=\"Prefeitura refor\u00e7a compromisso com a sa\u00fade do trabalhador em a\u00e7\u00e3o do Novembro Azul na Comdep\" data-date=\"2025-11-28T09:33:57-03:00\">\n\n<div class=\"post-thumbnail-wrap\">\n\t<div class=\"post-thumbnail\">\n\n\t\t\n\t\t\n\t\t<a href=\"https:\/\/comdep.com.br\/?p=18060\" class=\"post-thumbnail-rollover layzr-bg layzr-bg\" ><img decoding=\"async\" class=\"blog-thumb-lazy-load preload-me lazy-load aspect\" src=\"data:image\/svg+xml,%3Csvg%20xmlns%3D&#39;http%3A%2F%2Fwww.w3.org%2F2000%2Fsvg&#39;%20viewBox%3D&#39;0%200%20768%20512&#39;%2F%3E\" data-src=\"https:\/\/comdep.com.br\/wp-content\/uploads\/2025\/11\/03-scaled-768x512.jpg\" data-srcset=\"https:\/\/comdep.com.br\/wp-content\/uploads\/2025\/11\/03-scaled-768x512.jpg 768w, https:\/\/comdep.com.br\/wp-content\/uploads\/2025\/11\/03-scaled-1306x870.jpg 1306w\" loading=\"eager\" style=\"--ratio: 768 \/ 512\" sizes=\"(max-width: 768px) 100vw, 768px\" alt=\"\" title=\"03\" width=\"768\" height=\"512\"  \/><\/a>\n\t<\/div>\n<\/div>\n\n\n<div class=\"post-entry-content\">\n\n\t<h3 class=\"entry-title\">\n\t\t<a href=\"https:\/\/comdep.com.br\/?p=18060\" title=\"Prefeitura refor\u00e7a compromisso com a sa\u00fade do trabalhador em a\u00e7\u00e3o do Novembro Azul na Comdep\" rel=\"bookmark\">Prefeitura refor\u00e7a compromisso com a sa\u00fade do trabalhador em a\u00e7\u00e3o do Novembro Azul na Comdep<\/a>\n\t<\/h3>\n\n\t<div class=\"entry-meta\"><a href=\"https:\/\/comdep.com.br\/?m=20251128\" title=\"09:33\" class=\"data-link\" rel=\"bookmark\"><time class=\"entry-date updated\" datetime=\"2025-11-28T09:33:57-03:00\">28\/11\/2025<\/time><\/a><\/div>\n\t<div class=\"entry-excerpt\"><p>Funcion\u00e1rios da Comdep receberam, nesta ter\u00e7a-feira (18\/11), uma s\u00e9rie de atendimentos oferecidos pela Prefeitura dentro da Campanha Novembro Azul. A iniciativa refor\u00e7ou a import\u00e2ncia da preven\u00e7\u00e3o e do diagn\u00f3stico precoce das doen\u00e7as que mais atingem os homens, promovendo um dia dedicado ao cuidado, \u00e0 orienta\u00e7\u00e3o e ao bem-estar dos colaboradores. A programa\u00e7\u00e3o, realizada em parceria&hellip;<\/p>\n<\/div>\n\t\n<a href=\"https:\/\/comdep.com.br\/?p=18060\" class=\"post-details details-type-link\" aria-label=\"Read more about Prefeitura refor\u00e7a compromisso com a sa\u00fade do trabalhador em a\u00e7\u00e3o do Novembro Azul na Comdep\">Leia mais<i class=\"dt-icon-the7-arrow-03\" aria-hidden=\"true\"><\/i><\/a>\n\n<\/div><\/article><article class=\"post project-odd visible post-18057 type-post status-publish format-standard has-post-thumbnail hentry category-home category-1 description-off\" data-name=\"CEI Dra Zilda Arns Neumann cria novos espa\u00e7os de leitura e atividades com reaproveitamento de troncos\" data-date=\"2025-11-28T08:59:27-03:00\">\n\n<div class=\"post-thumbnail-wrap\">\n\t<div class=\"post-thumbnail\">\n\n\t\t\n\t\t\n\t\t<a href=\"https:\/\/comdep.com.br\/?p=18057\" class=\"post-thumbnail-rollover layzr-bg layzr-bg\" ><img decoding=\"async\" class=\"blog-thumb-lazy-load preload-me lazy-load aspect\" src=\"data:image\/svg+xml,%3Csvg%20xmlns%3D&#39;http%3A%2F%2Fwww.w3.org%2F2000%2Fsvg&#39;%20viewBox%3D&#39;0%200%20768%20512&#39;%2F%3E\" data-src=\"https:\/\/comdep.com.br\/wp-content\/uploads\/2025\/11\/a-arns-zilda-768x512.jpg\" data-srcset=\"https:\/\/comdep.com.br\/wp-content\/uploads\/2025\/11\/a-arns-zilda-768x512.jpg 768w, https:\/\/comdep.com.br\/wp-content\/uploads\/2025\/11\/a-arns-zilda-900x599.jpg 900w\" loading=\"eager\" style=\"--ratio: 768 \/ 512\" sizes=\"(max-width: 768px) 100vw, 768px\" alt=\"\" title=\"a arns zilda\" width=\"768\" height=\"512\"  \/><\/a>\n\t<\/div>\n<\/div>\n\n\n<div class=\"post-entry-content\">\n\n\t<h3 class=\"entry-title\">\n\t\t<a href=\"https:\/\/comdep.com.br\/?p=18057\" title=\"CEI Dra Zilda Arns Neumann cria novos espa\u00e7os de leitura e atividades com reaproveitamento de troncos\" rel=\"bookmark\">CEI Dra Zilda Arns Neumann cria novos espa\u00e7os de leitura e atividades com reaproveitamento de troncos<\/a>\n\t<\/h3>\n\n\t<div class=\"entry-meta\"><a href=\"https:\/\/comdep.com.br\/?m=20251128\" title=\"08:59\" class=\"data-link\" rel=\"bookmark\"><time class=\"entry-date updated\" datetime=\"2025-11-28T08:59:27-03:00\">28\/11\/2025<\/time><\/a><\/div>\n\t<div class=\"entry-excerpt\"><p>Projeto transforma material de poda em \u00e1reas de conviv\u00eancia, leitura e plantio dentro do ambiente escolar O Centro de Educa\u00e7\u00e3o Infantil (CEI) Dra Zilda Arns Neumann iniciou um projeto voltado ao reaproveitamento de materiais gerados ap\u00f3s o servi\u00e7o de poda realizado pela Comdep. A proposta foi desenvolvida pela orientadora \u00c9rica Castilho de Oliveira, que identificou&hellip;<\/p>\n<\/div>\n\t\n<a href=\"https:\/\/comdep.com.br\/?p=18057\" class=\"post-details details-type-link\" aria-label=\"Read more about CEI Dra Zilda Arns Neumann cria novos espa\u00e7os de leitura e atividades com reaproveitamento de troncos\">Leia mais<i class=\"dt-icon-the7-arrow-03\" aria-hidden=\"true\"><\/i><\/a>\n\n<\/div><\/article><article class=\"post project-odd visible post-18054 type-post status-publish format-standard has-post-thumbnail hentry category-home category-1 description-off\" data-name=\"Petr\u00f3polis lan\u00e7a Plano Ver\u00e3o 2025\/2026\" data-date=\"2025-11-28T08:57:36-03:00\">\n\n<div class=\"post-thumbnail-wrap\">\n\t<div class=\"post-thumbnail\">\n\n\t\t\n\t\t\n\t\t<a href=\"https:\/\/comdep.com.br\/?p=18054\" class=\"post-thumbnail-rollover layzr-bg layzr-bg\" ><img decoding=\"async\" class=\"blog-thumb-lazy-load preload-me lazy-load aspect\" src=\"data:image\/svg+xml,%3Csvg%20xmlns%3D&#39;http%3A%2F%2Fwww.w3.org%2F2000%2Fsvg&#39;%20viewBox%3D&#39;0%200%20759%20506&#39;%2F%3E\" data-src=\"https:\/\/comdep.com.br\/wp-content\/uploads\/2025\/11\/a-plano-verao-759x506.jpg\" data-srcset=\"https:\/\/comdep.com.br\/wp-content\/uploads\/2025\/11\/a-plano-verao-759x506.jpg 759w\" loading=\"eager\" style=\"--ratio: 759 \/ 506\" sizes=\"(max-width: 759px) 100vw, 759px\" alt=\"\" title=\"a plano verao\" width=\"759\" height=\"506\"  \/><\/a>\n\t<\/div>\n<\/div>\n\n\n<div class=\"post-entry-content\">\n\n\t<h3 class=\"entry-title\">\n\t\t<a href=\"https:\/\/comdep.com.br\/?p=18054\" title=\"Petr\u00f3polis lan\u00e7a Plano Ver\u00e3o 2025\/2026\" rel=\"bookmark\">Petr\u00f3polis lan\u00e7a Plano Ver\u00e3o 2025\/2026<\/a>\n\t<\/h3>\n\n\t<div class=\"entry-meta\"><a href=\"https:\/\/comdep.com.br\/?m=20251128\" title=\"08:57\" class=\"data-link\" rel=\"bookmark\"><time class=\"entry-date updated\" datetime=\"2025-11-28T08:57:36-03:00\">28\/11\/2025<\/time><\/a><\/div>\n\t<div class=\"entry-excerpt\"><p>30 projetos de obras de conten\u00e7\u00e3o e drenagem em andamento e radar banda X est\u00e1 em fase final de instala\u00e7\u00e3o A Prefeitura lan\u00e7ou nesta quarta-feira (26\/11) o Plano de Conting\u00eancia para Chuvas Intensas: ver\u00e3o 2025\/2026 durante reuni\u00e3o ordin\u00e1ria do Conselho Municipal de Prote\u00e7\u00e3o e Defesa Civil (Compdec). O encontro reuniu representantes do Poder P\u00fablico, sociedade&hellip;<\/p>\n<\/div>\n\t\n<a href=\"https:\/\/comdep.com.br\/?p=18054\" class=\"post-details details-type-link\" aria-label=\"Read more about Petr\u00f3polis lan\u00e7a Plano Ver\u00e3o 2025\/2026\">Leia mais<i class=\"dt-icon-the7-arrow-03\" aria-hidden=\"true\"><\/i><\/a>\n\n<\/div><\/article><article class=\"post project-odd visible post-18018 type-post status-publish format-standard has-post-thumbnail hentry category-home category-1 description-off\" data-name=\"Campanha Novembro Azul \u00e9 aberta oficialmente em Petr\u00f3polis com foco no acolhimento e na sa\u00fade integral dos homens\" data-date=\"2025-11-13T08:57:33-03:00\">\n\n<div class=\"post-thumbnail-wrap\">\n\t<div class=\"post-thumbnail\">\n\n\t\t\n\t\t\n\t\t<a href=\"https:\/\/comdep.com.br\/?p=18018\" class=\"post-thumbnail-rollover layzr-bg layzr-bg\" ><img decoding=\"async\" class=\"blog-thumb-lazy-load preload-me lazy-load aspect\" src=\"data:image\/svg+xml,%3Csvg%20xmlns%3D&#39;http%3A%2F%2Fwww.w3.org%2F2000%2Fsvg&#39;%20viewBox%3D&#39;0%200%20768%20512&#39;%2F%3E\" data-src=\"https:\/\/comdep.com.br\/wp-content\/uploads\/2025\/11\/a-azul-768x512.jpg\" data-srcset=\"https:\/\/comdep.com.br\/wp-content\/uploads\/2025\/11\/a-azul-768x512.jpg 768w, https:\/\/comdep.com.br\/wp-content\/uploads\/2025\/11\/a-azul.jpg 900w\" loading=\"eager\" style=\"--ratio: 768 \/ 512\" sizes=\"(max-width: 768px) 100vw, 768px\" alt=\"\" title=\"a azul\" width=\"768\" height=\"512\"  \/><\/a>\n\t<\/div>\n<\/div>\n\n\n<div class=\"post-entry-content\">\n\n\t<h3 class=\"entry-title\">\n\t\t<a href=\"https:\/\/comdep.com.br\/?p=18018\" title=\"Campanha Novembro Azul \u00e9 aberta oficialmente em Petr\u00f3polis com foco no acolhimento e na sa\u00fade integral dos homens\" rel=\"bookmark\">Campanha Novembro Azul \u00e9 aberta oficialmente em Petr\u00f3polis com foco no acolhimento e na sa\u00fade integral dos homens<\/a>\n\t<\/h3>\n\n\t<div class=\"entry-meta\"><a href=\"https:\/\/comdep.com.br\/?m=20251113\" title=\"08:57\" class=\"data-link\" rel=\"bookmark\"><time class=\"entry-date updated\" datetime=\"2025-11-13T08:57:33-03:00\">13\/11\/2025<\/time><\/a><\/div>\n\t<div class=\"entry-excerpt\"><p>A Campanha Novembro Azul foi oficialmente aberta pela Prefeitura nesta quarta-feira (05\/11) com um evento para profissionais de sa\u00fade no Col\u00e9gio Santa Catarina, no Centro. O tema deste ano \u00e9 \u201cAcolher para cuidar: sa\u00fade do homem em foco\u201d e o objetivo da campanha \u00e9 a sa\u00fade integral dos homens. A programa\u00e7\u00e3o de abertura teve, al\u00e9m&hellip;<\/p>\n<\/div>\n\t\n<a href=\"https:\/\/comdep.com.br\/?p=18018\" class=\"post-details details-type-link\" aria-label=\"Read more about Campanha Novembro Azul \u00e9 aberta oficialmente em Petr\u00f3polis com foco no acolhimento e na sa\u00fade integral dos homens\">Leia mais<i class=\"dt-icon-the7-arrow-03\" aria-hidden=\"true\"><\/i><\/a>\n\n<\/div><\/article><article class=\"post project-odd visible post-18015 type-post status-publish format-standard has-post-thumbnail hentry category-home category-1 description-off\" data-name=\"Prefeitura leva a\u00e7\u00f5es de sa\u00fade, meio ambiente, ordem p\u00fablica e limpeza para a Feira Livre do Centro\" data-date=\"2025-11-13T08:55:47-03:00\">\n\n<div class=\"post-thumbnail-wrap\">\n\t<div class=\"post-thumbnail\">\n\n\t\t\n\t\t\n\t\t<a href=\"https:\/\/comdep.com.br\/?p=18015\" class=\"post-thumbnail-rollover layzr-bg layzr-bg\" ><img decoding=\"async\" class=\"blog-thumb-lazy-load preload-me lazy-load aspect\" src=\"data:image\/svg+xml,%3Csvg%20xmlns%3D&#39;http%3A%2F%2Fwww.w3.org%2F2000%2Fsvg&#39;%20viewBox%3D&#39;0%200%20768%20512&#39;%2F%3E\" data-src=\"https:\/\/comdep.com.br\/wp-content\/uploads\/2025\/11\/20251111_085435-scaled-768x512.jpg\" data-srcset=\"https:\/\/comdep.com.br\/wp-content\/uploads\/2025\/11\/20251111_085435-scaled-768x512.jpg 768w, https:\/\/comdep.com.br\/wp-content\/uploads\/2025\/11\/20251111_085435-scaled-1306x870.jpg 1306w\" loading=\"eager\" style=\"--ratio: 768 \/ 512\" sizes=\"(max-width: 768px) 100vw, 768px\" alt=\"\" title=\"20251111_085435\" width=\"768\" height=\"512\"  \/><\/a>\n\t<\/div>\n<\/div>\n\n\n<div class=\"post-entry-content\">\n\n\t<h3 class=\"entry-title\">\n\t\t<a href=\"https:\/\/comdep.com.br\/?p=18015\" title=\"Prefeitura leva a\u00e7\u00f5es de sa\u00fade, meio ambiente, ordem p\u00fablica e limpeza para a Feira Livre do Centro\" rel=\"bookmark\">Prefeitura leva a\u00e7\u00f5es de sa\u00fade, meio ambiente, ordem p\u00fablica e limpeza para a Feira Livre do Centro<\/a>\n\t<\/h3>\n\n\t<div class=\"entry-meta\"><a href=\"https:\/\/comdep.com.br\/?m=20251113\" title=\"08:55\" class=\"data-link\" rel=\"bookmark\"><time class=\"entry-date updated\" datetime=\"2025-11-13T08:55:47-03:00\">13\/11\/2025<\/time><\/a><\/div>\n\t<div class=\"entry-excerpt\"><p>Foco foi no ordenamento dos espa\u00e7os e na orienta\u00e7\u00e3o aos feirantes Os trabalhadores da Feira Livre do Centro receberam uma a\u00e7\u00e3o conjunta da Prefeitura na manh\u00e3 desta ter\u00e7a-feira (11\/11). Foram oferecidas vacinas e testes r\u00e1pidos, oficina de preparo do sal de ervas, orienta\u00e7\u00f5es sobre o descarte adequado de res\u00edduos e informa\u00e7\u00f5es sobre Programa de Recupera\u00e7\u00e3o&hellip;<\/p>\n<\/div>\n\t\n<a href=\"https:\/\/comdep.com.br\/?p=18015\" class=\"post-details details-type-link\" aria-label=\"Read more about Prefeitura leva a\u00e7\u00f5es de sa\u00fade, meio ambiente, ordem p\u00fablica e limpeza para a Feira Livre do Centro\">Leia mais<i class=\"dt-icon-the7-arrow-03\" aria-hidden=\"true\"><\/i><\/a>\n\n<\/div><\/article><article class=\"post project-odd visible post-17969 type-post status-publish format-standard has-post-thumbnail hentry category-home category-1 description-off\" data-name=\"Prefeitura realiza Dia D do Outubro Rosa na Comdep com programa\u00e7\u00e3o especial\" data-date=\"2025-11-04T13:59:00-03:00\">\n\n<div class=\"post-thumbnail-wrap\">\n\t<div class=\"post-thumbnail\">\n\n\t\t\n\t\t\n\t\t<a href=\"https:\/\/comdep.com.br\/?p=17969\" class=\"post-thumbnail-rollover layzr-bg layzr-bg\" ><img decoding=\"async\" class=\"blog-thumb-lazy-load preload-me lazy-load aspect\" src=\"data:image\/svg+xml,%3Csvg%20xmlns%3D&#39;http%3A%2F%2Fwww.w3.org%2F2000%2Fsvg&#39;%20viewBox%3D&#39;0%200%20768%20512&#39;%2F%3E\" data-src=\"https:\/\/comdep.com.br\/wp-content\/uploads\/2025\/11\/a-rosa-768x512.jpg\" data-srcset=\"https:\/\/comdep.com.br\/wp-content\/uploads\/2025\/11\/a-rosa-768x512.jpg 768w, https:\/\/comdep.com.br\/wp-content\/uploads\/2025\/11\/a-rosa.jpg 900w\" loading=\"eager\" style=\"--ratio: 768 \/ 512\" sizes=\"(max-width: 768px) 100vw, 768px\" alt=\"\" title=\"a rosa\" width=\"768\" height=\"512\"  \/><\/a>\n\t<\/div>\n<\/div>\n\n\n<div class=\"post-entry-content\">\n\n\t<h3 class=\"entry-title\">\n\t\t<a href=\"https:\/\/comdep.com.br\/?p=17969\" title=\"Prefeitura realiza Dia D do Outubro Rosa na Comdep com programa\u00e7\u00e3o especial\" rel=\"bookmark\">Prefeitura realiza Dia D do Outubro Rosa na Comdep com programa\u00e7\u00e3o especial<\/a>\n\t<\/h3>\n\n\t<div class=\"entry-meta\"><a href=\"https:\/\/comdep.com.br\/?m=20251104\" title=\"13:59\" class=\"data-link\" rel=\"bookmark\"><time class=\"entry-date updated\" datetime=\"2025-11-04T13:59:00-03:00\">04\/11\/2025<\/time><\/a><\/div>\n\t<div class=\"entry-excerpt\"><p>A sede da Companhia Municipal de Desenvolvimento de Petr\u00f3polis (Comdep), no Quitandinha, foi palco de um dia repleto de conscientiza\u00e7\u00e3o e cuidado com a sa\u00fade. O Dia D do Outubro Rosa da Comdep, realizado pela Prefeitura nesta quarta-feira (29\/10), reuniu colaboradores e convidadas em uma programa\u00e7\u00e3o voltada \u00e0 preven\u00e7\u00e3o e ao diagn\u00f3stico precoce do c\u00e2ncer&hellip;<\/p>\n<\/div>\n\t\n<a href=\"https:\/\/comdep.com.br\/?p=17969\" class=\"post-details details-type-link\" aria-label=\"Read more about Prefeitura realiza Dia D do Outubro Rosa na Comdep com programa\u00e7\u00e3o especial\">Leia mais<i class=\"dt-icon-the7-arrow-03\" aria-hidden=\"true\"><\/i><\/a>\n\n<\/div><\/article><article class=\"post project-odd visible post-17966 type-post status-publish format-standard has-post-thumbnail hentry category-home category-1 description-off\" data-name=\"&#8220;Crian\u00e7a Feliz&#8221; promove festa para p\u00fablico atendido pelo programa\" data-date=\"2025-11-04T13:57:42-03:00\">\n\n<div class=\"post-thumbnail-wrap\">\n\t<div class=\"post-thumbnail\">\n\n\t\t\n\t\t\n\t\t<a href=\"https:\/\/comdep.com.br\/?p=17966\" class=\"post-thumbnail-rollover layzr-bg layzr-bg\" ><img decoding=\"async\" class=\"blog-thumb-lazy-load preload-me lazy-load aspect\" src=\"data:image\/svg+xml,%3Csvg%20xmlns%3D&#39;http%3A%2F%2Fwww.w3.org%2F2000%2Fsvg&#39;%20viewBox%3D&#39;0%200%20768%20512&#39;%2F%3E\" data-src=\"https:\/\/comdep.com.br\/wp-content\/uploads\/2025\/11\/a-crianca-768x512.jpg\" data-srcset=\"https:\/\/comdep.com.br\/wp-content\/uploads\/2025\/11\/a-crianca-768x512.jpg 768w, https:\/\/comdep.com.br\/wp-content\/uploads\/2025\/11\/a-crianca.jpg 900w\" loading=\"eager\" style=\"--ratio: 768 \/ 512\" sizes=\"(max-width: 768px) 100vw, 768px\" alt=\"\" title=\"a crianca\" width=\"768\" height=\"512\"  \/><\/a>\n\t<\/div>\n<\/div>\n\n\n<div class=\"post-entry-content\">\n\n\t<h3 class=\"entry-title\">\n\t\t<a href=\"https:\/\/comdep.com.br\/?p=17966\" title=\"&#8220;Crian\u00e7a Feliz&#8221; promove festa para p\u00fablico atendido pelo programa\" rel=\"bookmark\">&#8220;Crian\u00e7a Feliz&#8221; promove festa para p\u00fablico atendido pelo programa<\/a>\n\t<\/h3>\n\n\t<div class=\"entry-meta\"><a href=\"https:\/\/comdep.com.br\/?m=20251104\" title=\"13:57\" class=\"data-link\" rel=\"bookmark\"><time class=\"entry-date updated\" datetime=\"2025-11-04T13:57:42-03:00\">04\/11\/2025<\/time><\/a><\/div>\n\t<div class=\"entry-excerpt\"><p>A Prefeitura promoveu uma festa para as crian\u00e7as atendidas pelo Crian\u00e7a Feliz, nesta quarta-feira (29\/10). A confraterniza\u00e7\u00e3o, realizada no Pal\u00e1cio de Cristal, trouxe um momento de divers\u00e3o e alegria para os pequenos que participam do programa. Al\u00e9m das equipes da Secretaria de Assist\u00eancia Social, o evento contou com a participa\u00e7\u00e3o da Comdep e da Guarda&hellip;<\/p>\n<\/div>\n\t\n<a href=\"https:\/\/comdep.com.br\/?p=17966\" class=\"post-details details-type-link\" aria-label=\"Read more about &#8220;Crian\u00e7a Feliz&#8221; promove festa para p\u00fablico atendido pelo programa\">Leia mais<i class=\"dt-icon-the7-arrow-03\" aria-hidden=\"true\"><\/i><\/a>\n\n<\/div><\/article><article class=\"post project-odd visible post-17963 type-post status-publish format-standard has-post-thumbnail hentry category-home category-1 description-off\" data-name=\"Petr\u00f3polis \u00e9 selecionado para o curso \u201cUrg\u00eancia clim\u00e1tica \u2013 implementando solu\u00e7\u00f5es em territ\u00f3rios urbanos vulner\u00e1veis\u201d\" data-date=\"2025-11-04T13:52:34-03:00\">\n\n<div class=\"post-thumbnail-wrap\">\n\t<div class=\"post-thumbnail\">\n\n\t\t\n\t\t\n\t\t<a href=\"https:\/\/comdep.com.br\/?p=17963\" class=\"post-thumbnail-rollover layzr-bg layzr-bg\" ><img decoding=\"async\" class=\"blog-thumb-lazy-load preload-me lazy-load aspect\" src=\"data:image\/svg+xml,%3Csvg%20xmlns%3D&#39;http%3A%2F%2Fwww.w3.org%2F2000%2Fsvg&#39;%20viewBox%3D&#39;0%200%20768%20512&#39;%2F%3E\" data-src=\"https:\/\/comdep.com.br\/wp-content\/uploads\/2025\/11\/a-urgencaia-768x512.jpg\" data-srcset=\"https:\/\/comdep.com.br\/wp-content\/uploads\/2025\/11\/a-urgencaia-768x512.jpg 768w, https:\/\/comdep.com.br\/wp-content\/uploads\/2025\/11\/a-urgencaia-900x599.jpg 900w\" loading=\"eager\" style=\"--ratio: 768 \/ 512\" sizes=\"(max-width: 768px) 100vw, 768px\" alt=\"\" title=\"a urgencaia\" width=\"768\" height=\"512\"  \/><\/a>\n\t<\/div>\n<\/div>\n\n\n<div class=\"post-entry-content\">\n\n\t<h3 class=\"entry-title\">\n\t\t<a href=\"https:\/\/comdep.com.br\/?p=17963\" title=\"Petr\u00f3polis \u00e9 selecionado para o curso \u201cUrg\u00eancia clim\u00e1tica \u2013 implementando solu\u00e7\u00f5es em territ\u00f3rios urbanos vulner\u00e1veis\u201d\" rel=\"bookmark\">Petr\u00f3polis \u00e9 selecionado para o curso \u201cUrg\u00eancia clim\u00e1tica \u2013 implementando solu\u00e7\u00f5es em territ\u00f3rios urbanos vulner\u00e1veis\u201d<\/a>\n\t<\/h3>\n\n\t<div class=\"entry-meta\"><a href=\"https:\/\/comdep.com.br\/?m=20251104\" title=\"13:52\" class=\"data-link\" rel=\"bookmark\"><time class=\"entry-date updated\" datetime=\"2025-11-04T13:52:34-03:00\">04\/11\/2025<\/time><\/a><\/div>\n\t<div class=\"entry-excerpt\"><p>Dez cidades foram selecionadas para o curso promovido pelo Minist\u00e9rio das Cidades, em parceria com o Lincoln Institute of Land Policy e apoio do WRI Brasil Petr\u00f3polis foi uma das dez cidades do pa\u00eds selecionada para participar do curso \u201cUrg\u00eancia Clim\u00e1tica \u2013 Implementando Solu\u00e7\u00f5es em Territ\u00f3rios Urbanos Vulner\u00e1veis\u201d. A forma\u00e7\u00e3o integra o Programa Nacional de&hellip;<\/p>\n<\/div>\n\t\n<a href=\"https:\/\/comdep.com.br\/?p=17963\" class=\"post-details details-type-link\" aria-label=\"Read more about Petr\u00f3polis \u00e9 selecionado para o curso \u201cUrg\u00eancia clim\u00e1tica \u2013 implementando solu\u00e7\u00f5es em territ\u00f3rios urbanos vulner\u00e1veis\u201d\">Leia mais<i class=\"dt-icon-the7-arrow-03\" aria-hidden=\"true\"><\/i><\/a>\n\n<\/div><\/article><article class=\"post project-odd visible post-17905 type-post status-publish format-standard has-post-thumbnail hentry category-home category-1 description-off\" data-name=\"Prefeitura vistoria pontos de apoio e organiza kits emergenciais para dias de chuva\" data-date=\"2025-10-30T13:36:56-03:00\">\n\n<div class=\"post-thumbnail-wrap\">\n\t<div class=\"post-thumbnail\">\n\n\t\t\n\t\t\n\t\t<a href=\"https:\/\/comdep.com.br\/?p=17905\" class=\"post-thumbnail-rollover layzr-bg layzr-bg\" ><img decoding=\"async\" class=\"blog-thumb-lazy-load preload-me lazy-load aspect\" src=\"data:image\/svg+xml,%3Csvg%20xmlns%3D&#39;http%3A%2F%2Fwww.w3.org%2F2000%2Fsvg&#39;%20viewBox%3D&#39;0%200%20759%20506&#39;%2F%3E\" data-src=\"https:\/\/comdep.com.br\/wp-content\/uploads\/2025\/10\/a-kits-759x506.jpg\" data-srcset=\"https:\/\/comdep.com.br\/wp-content\/uploads\/2025\/10\/a-kits-759x506.jpg 759w\" loading=\"eager\" style=\"--ratio: 759 \/ 506\" sizes=\"(max-width: 759px) 100vw, 759px\" alt=\"\" title=\"a kits\" width=\"759\" height=\"506\"  \/><\/a>\n\t<\/div>\n<\/div>\n\n\n<div class=\"post-entry-content\">\n\n\t<h3 class=\"entry-title\">\n\t\t<a href=\"https:\/\/comdep.com.br\/?p=17905\" title=\"Prefeitura vistoria pontos de apoio e organiza kits emergenciais para dias de chuva\" rel=\"bookmark\">Prefeitura vistoria pontos de apoio e organiza kits emergenciais para dias de chuva<\/a>\n\t<\/h3>\n\n\t<div class=\"entry-meta\"><a href=\"https:\/\/comdep.com.br\/?m=20251030\" title=\"13:36\" class=\"data-link\" rel=\"bookmark\"><time class=\"entry-date updated\" datetime=\"2025-10-30T13:36:56-03:00\">30\/10\/2025<\/time><\/a><\/div>\n\t<div class=\"entry-excerpt\"><p>Trabalho feito nas \u00faltimas semanas, antes do per\u00edodo de chuvas na cidade, teve o objetivo de garantir que todos os locais estejam preparados em caso de mobiliza\u00e7\u00e3o Como forma de preparar a cidade para enfrentar as chuvas de ver\u00e3o, a Prefeitura est\u00e1 organizando todos os 68 pontos de apoio. Na semana passada as equipes das&hellip;<\/p>\n<\/div>\n\t\n<a href=\"https:\/\/comdep.com.br\/?p=17905\" class=\"post-details details-type-link\" aria-label=\"Read more about Prefeitura vistoria pontos de apoio e organiza kits emergenciais para dias de chuva\">Leia mais<i class=\"dt-icon-the7-arrow-03\" aria-hidden=\"true\"><\/i><\/a>\n\n<\/div><\/article><article class=\"post project-odd visible post-17812 type-post status-publish format-standard has-post-thumbnail hentry category-home category-1 description-off\" data-name=\"Prefeitura intensifica limpeza preventiva e desobstruiu mais de 10 mil bueiros antes do per\u00edodo de chuvas\" data-date=\"2025-10-24T09:35:13-03:00\">\n\n<div class=\"post-thumbnail-wrap\">\n\t<div class=\"post-thumbnail\">\n\n\t\t\n\t\t\n\t\t<a href=\"https:\/\/comdep.com.br\/?p=17812\" class=\"post-thumbnail-rollover layzr-bg layzr-bg\" ><img decoding=\"async\" class=\"blog-thumb-lazy-load preload-me lazy-load aspect\" src=\"data:image\/svg+xml,%3Csvg%20xmlns%3D&#39;http%3A%2F%2Fwww.w3.org%2F2000%2Fsvg&#39;%20viewBox%3D&#39;0%200%20768%20512&#39;%2F%3E\" data-src=\"https:\/\/comdep.com.br\/wp-content\/uploads\/2025\/10\/a-bueuro-768x512.jpg\" data-srcset=\"https:\/\/comdep.com.br\/wp-content\/uploads\/2025\/10\/a-bueuro-768x512.jpg 768w, https:\/\/comdep.com.br\/wp-content\/uploads\/2025\/10\/a-bueuro-900x599.jpg 900w\" loading=\"eager\" style=\"--ratio: 768 \/ 512\" sizes=\"(max-width: 768px) 100vw, 768px\" alt=\"\" title=\"a bueuro\" width=\"768\" height=\"512\"  \/><\/a>\n\t<\/div>\n<\/div>\n\n\n<div class=\"post-entry-content\">\n\n\t<h3 class=\"entry-title\">\n\t\t<a href=\"https:\/\/comdep.com.br\/?p=17812\" title=\"Prefeitura intensifica limpeza preventiva e desobstruiu mais de 10 mil bueiros antes do per\u00edodo de chuvas\" rel=\"bookmark\">Prefeitura intensifica limpeza preventiva e desobstruiu mais de 10 mil bueiros antes do per\u00edodo de chuvas<\/a>\n\t<\/h3>\n\n\t<div class=\"entry-meta\"><a href=\"https:\/\/comdep.com.br\/?m=20251024\" title=\"09:35\" class=\"data-link\" rel=\"bookmark\"><time class=\"entry-date updated\" datetime=\"2025-10-24T09:35:13-03:00\">24\/10\/2025<\/time><\/a><\/div>\n\t<div class=\"entry-excerpt\"><p>Com a proximidade do per\u00edodo de chuvas, a Prefeitura tem intensificado as a\u00e7\u00f5es de limpeza e manuten\u00e7\u00e3o do sistema de drenagem em toda a cidade. Desde janeiro at\u00e9 o \u00faltimo dia 20 de outubro, as equipes da Comdep j\u00e1 realizaram a limpeza de mais de 10 mil bueiros (10.101 no total), al\u00e9m de 560 canaletas&hellip;<\/p>\n<\/div>\n\t\n<a href=\"https:\/\/comdep.com.br\/?p=17812\" class=\"post-details details-type-link\" aria-label=\"Read more about Prefeitura intensifica limpeza preventiva e desobstruiu mais de 10 mil bueiros antes do per\u00edodo de chuvas\">Leia mais<i class=\"dt-icon-the7-arrow-03\" aria-hidden=\"true\"><\/i><\/a>\n\n<\/div><\/article><article class=\"post project-odd visible post-17801 type-post status-publish format-standard has-post-thumbnail hentry category-home category-1 description-off\" data-name=\"Prefeitura realiza a\u00e7\u00e3o de zeladoria urbana em Cascatinha\" data-date=\"2025-10-23T14:06:03-03:00\">\n\n<div class=\"post-thumbnail-wrap\">\n\t<div class=\"post-thumbnail\">\n\n\t\t\n\t\t\n\t\t<a href=\"https:\/\/comdep.com.br\/?p=17801\" class=\"post-thumbnail-rollover layzr-bg layzr-bg\" ><img decoding=\"async\" class=\"blog-thumb-lazy-load preload-me lazy-load aspect\" src=\"data:image\/svg+xml,%3Csvg%20xmlns%3D&#39;http%3A%2F%2Fwww.w3.org%2F2000%2Fsvg&#39;%20viewBox%3D&#39;0%200%20759%20506&#39;%2F%3E\" data-src=\"https:\/\/comdep.com.br\/wp-content\/uploads\/2025\/10\/a-zela-759x506.jpg\" data-srcset=\"https:\/\/comdep.com.br\/wp-content\/uploads\/2025\/10\/a-zela-759x506.jpg 759w\" loading=\"eager\" style=\"--ratio: 759 \/ 506\" sizes=\"(max-width: 759px) 100vw, 759px\" alt=\"\" title=\"a zela\" width=\"759\" height=\"506\"  \/><\/a>\n\t<\/div>\n<\/div>\n\n\n<div class=\"post-entry-content\">\n\n\t<h3 class=\"entry-title\">\n\t\t<a href=\"https:\/\/comdep.com.br\/?p=17801\" title=\"Prefeitura realiza a\u00e7\u00e3o de zeladoria urbana em Cascatinha\" rel=\"bookmark\">Prefeitura realiza a\u00e7\u00e3o de zeladoria urbana em Cascatinha<\/a>\n\t<\/h3>\n\n\t<div class=\"entry-meta\"><a href=\"https:\/\/comdep.com.br\/?m=20251023\" title=\"14:06\" class=\"data-link\" rel=\"bookmark\"><time class=\"entry-date updated\" datetime=\"2025-10-23T14:06:03-03:00\">23\/10\/2025<\/time><\/a><\/div>\n\t<div class=\"entry-excerpt\"><p>Trabalho oferece abordagem social a pessoas em situa\u00e7\u00e3o de rua e tamb\u00e9m promove limpeza, sa\u00fade e seguran\u00e7a nos locais ocupadas por elas A Prefeitura realizou nesta sexta-feira (17\/10) uma a\u00e7\u00e3o de zeladoria urbana na Estrada Jos\u00e9 Carneiro Dias, em Cascatinha. Esse trabalho oferece abordagens sociais a pessoas em situa\u00e7\u00e3o de rua, ao mesmo tempo em&hellip;<\/p>\n<\/div>\n\t\n<a href=\"https:\/\/comdep.com.br\/?p=17801\" class=\"post-details details-type-link\" aria-label=\"Read more about Prefeitura realiza a\u00e7\u00e3o de zeladoria urbana em Cascatinha\">Leia mais<i class=\"dt-icon-the7-arrow-03\" aria-hidden=\"true\"><\/i><\/a>\n\n<\/div><\/article><article class=\"post project-odd visible post-17798 type-post status-publish format-standard has-post-thumbnail hentry category-home category-1 description-off\" data-name=\"Festival Ol\u00edmpico da Educa\u00e7\u00e3o Infantil promove integra\u00e7\u00e3o e viv\u00eancia esportiva para estudantes da rede municipal\" data-date=\"2025-10-23T14:04:53-03:00\">\n\n<div class=\"post-thumbnail-wrap\">\n\t<div class=\"post-thumbnail\">\n\n\t\t\n\t\t\n\t\t<a href=\"https:\/\/comdep.com.br\/?p=17798\" class=\"post-thumbnail-rollover layzr-bg layzr-bg\" ><img decoding=\"async\" class=\"blog-thumb-lazy-load preload-me lazy-load aspect\" src=\"data:image\/svg+xml,%3Csvg%20xmlns%3D&#39;http%3A%2F%2Fwww.w3.org%2F2000%2Fsvg&#39;%20viewBox%3D&#39;0%200%20768%20512&#39;%2F%3E\" data-src=\"https:\/\/comdep.com.br\/wp-content\/uploads\/2025\/10\/a-festv-768x512.jpg\" data-srcset=\"https:\/\/comdep.com.br\/wp-content\/uploads\/2025\/10\/a-festv-768x512.jpg 768w, https:\/\/comdep.com.br\/wp-content\/uploads\/2025\/10\/a-festv.jpg 900w\" loading=\"eager\" style=\"--ratio: 768 \/ 512\" sizes=\"(max-width: 768px) 100vw, 768px\" alt=\"\" title=\"a festv\" width=\"768\" height=\"512\"  \/><\/a>\n\t<\/div>\n<\/div>\n\n\n<div class=\"post-entry-content\">\n\n\t<h3 class=\"entry-title\">\n\t\t<a href=\"https:\/\/comdep.com.br\/?p=17798\" title=\"Festival Ol\u00edmpico da Educa\u00e7\u00e3o Infantil promove integra\u00e7\u00e3o e viv\u00eancia esportiva para estudantes da rede municipal\" rel=\"bookmark\">Festival Ol\u00edmpico da Educa\u00e7\u00e3o Infantil promove integra\u00e7\u00e3o e viv\u00eancia esportiva para estudantes da rede municipal<\/a>\n\t<\/h3>\n\n\t<div class=\"entry-meta\"><a href=\"https:\/\/comdep.com.br\/?m=20251023\" title=\"14:04\" class=\"data-link\" rel=\"bookmark\"><time class=\"entry-date updated\" datetime=\"2025-10-23T14:04:53-03:00\">23\/10\/2025<\/time><\/a><\/div>\n\t<div class=\"entry-excerpt\"><p>O 32\u00ba Batalh\u00e3o de Infantaria Leve de Montanha se transformou em um grande espa\u00e7o de brincadeiras e movimento neste s\u00e1bado (18\/10), durante a primeira edi\u00e7\u00e3o do Festival Ol\u00edmpico da Educa\u00e7\u00e3o Infantil, promovido pela Prefeitura de Petr\u00f3polis. A atividade reuniu cerca de 200 crian\u00e7as do 4\u00ba e 5\u00ba per\u00edodo da Rede Municipal de ensino, em uma&hellip;<\/p>\n<\/div>\n\t\n<a href=\"https:\/\/comdep.com.br\/?p=17798\" class=\"post-details details-type-link\" aria-label=\"Read more about Festival Ol\u00edmpico da Educa\u00e7\u00e3o Infantil promove integra\u00e7\u00e3o e viv\u00eancia esportiva para estudantes da rede municipal\">Leia mais<i class=\"dt-icon-the7-arrow-03\" aria-hidden=\"true\"><\/i><\/a>\n\n<\/div><\/article><article class=\"post project-odd visible post-17785 type-post status-publish format-standard has-post-thumbnail hentry category-home category-1 description-off\" data-name=\"Moradores do Vila Rica trocam mais de 200 garrafas PET por vassouras em a\u00e7\u00e3o ambiental\" data-date=\"2025-10-21T16:50:10-03:00\">\n\n<div class=\"post-thumbnail-wrap\">\n\t<div class=\"post-thumbnail\">\n\n\t\t\n\t\t\n\t\t<a href=\"https:\/\/comdep.com.br\/?p=17785\" class=\"post-thumbnail-rollover layzr-bg layzr-bg\" ><img decoding=\"async\" class=\"blog-thumb-lazy-load preload-me lazy-load aspect\" src=\"data:image\/svg+xml,%3Csvg%20xmlns%3D&#39;http%3A%2F%2Fwww.w3.org%2F2000%2Fsvg&#39;%20viewBox%3D&#39;0%200%20768%20512&#39;%2F%3E\" data-src=\"https:\/\/comdep.com.br\/wp-content\/uploads\/2025\/10\/VILA-RICA-2-768x512.jpeg\" data-srcset=\"https:\/\/comdep.com.br\/wp-content\/uploads\/2025\/10\/VILA-RICA-2-768x512.jpeg 768w, https:\/\/comdep.com.br\/wp-content\/uploads\/2025\/10\/VILA-RICA-2-1200x799.jpeg 1200w\" loading=\"eager\" style=\"--ratio: 768 \/ 512\" sizes=\"(max-width: 768px) 100vw, 768px\" alt=\"\" title=\"VILA RICA 2\" width=\"768\" height=\"512\"  \/><\/a>\n\t<\/div>\n<\/div>\n\n\n<div class=\"post-entry-content\">\n\n\t<h3 class=\"entry-title\">\n\t\t<a href=\"https:\/\/comdep.com.br\/?p=17785\" title=\"Moradores do Vila Rica trocam mais de 200 garrafas PET por vassouras em a\u00e7\u00e3o ambiental\" rel=\"bookmark\">Moradores do Vila Rica trocam mais de 200 garrafas PET por vassouras em a\u00e7\u00e3o ambiental<\/a>\n\t<\/h3>\n\n\t<div class=\"entry-meta\"><a href=\"https:\/\/comdep.com.br\/?m=20251021\" title=\"16:50\" class=\"data-link\" rel=\"bookmark\"><time class=\"entry-date updated\" datetime=\"2025-10-21T16:50:10-03:00\">21\/10\/2025<\/time><\/a><\/div>\n\t<div class=\"entry-excerpt\"><p>Mais de 200 garrafas PET foram recolhidas no bairro Vila Rica, em Pedro do Rio, durante uma a\u00e7\u00e3o de conscientiza\u00e7\u00e3o ambiental promovida pela Prefeitura, por meio da Comdep, em parceria com lideran\u00e7as comunit\u00e1rias. A iniciativa incentivou a coleta seletiva e a reciclagem, com a troca de materiais por vassouras e atividades de educa\u00e7\u00e3o ambiental. Cada&hellip;<\/p>\n<\/div>\n\t\n<a href=\"https:\/\/comdep.com.br\/?p=17785\" class=\"post-details details-type-link\" aria-label=\"Read more about Moradores do Vila Rica trocam mais de 200 garrafas PET por vassouras em a\u00e7\u00e3o ambiental\">Leia mais<i class=\"dt-icon-the7-arrow-03\" aria-hidden=\"true\"><\/i><\/a>\n\n<\/div><\/article><article class=\"post project-odd visible no-img post-17716 type-post status-publish format-standard hentry category-home category-1 description-off\" data-name=\"Cras Volante promove mais de 300 atendimentos na Comunidade Santa Rosa\" data-date=\"2025-10-13T15:14:09-03:00\">\n\n<div class=\"post-entry-content\">\n\n\t<h3 class=\"entry-title\">\n\t\t<a href=\"https:\/\/comdep.com.br\/?p=17716\" title=\"Cras Volante promove mais de 300 atendimentos na Comunidade Santa Rosa\" rel=\"bookmark\">Cras Volante promove mais de 300 atendimentos na Comunidade Santa Rosa<\/a>\n\t<\/h3>\n\n\t<div class=\"entry-meta\"><a href=\"https:\/\/comdep.com.br\/?m=20251013\" title=\"15:14\" class=\"data-link\" rel=\"bookmark\"><time class=\"entry-date updated\" datetime=\"2025-10-13T15:14:09-03:00\">13\/10\/2025<\/time><\/a><\/div>\n\t<div class=\"entry-excerpt\"><p>Moradores tiveram acesso a servi\u00e7os de Assist\u00eancia Social, Sa\u00fade e atividades da Comdep O Cras Volante realizou 301 atendimentos neste s\u00e1bado (11\/10) na Comunidade Santa Rosa, que fica no km 94 da BR-040. A iniciativa da Prefeitura levou os servi\u00e7os de Assist\u00eancia Social para mais perto dos moradores, que tamb\u00e9m tiveram atividades de Sa\u00fade e&hellip;<\/p>\n<\/div>\n\t\n<a href=\"https:\/\/comdep.com.br\/?p=17716\" class=\"post-details details-type-link\" aria-label=\"Read more about Cras Volante promove mais de 300 atendimentos na Comunidade Santa Rosa\">Leia mais<i class=\"dt-icon-the7-arrow-03\" aria-hidden=\"true\"><\/i><\/a>\n\n<\/div><\/article><article class=\"post project-odd visible no-img post-17714 type-post status-publish format-standard hentry category-home category-1 description-off\" data-name=\"Prefeitura de Petr\u00f3polis intensifica fiscaliza\u00e7\u00e3o e atua com mais rigor contra descarte irregular de entulho\" data-date=\"2025-10-13T14:51:31-03:00\">\n\n<div class=\"post-entry-content\">\n\n\t<h3 class=\"entry-title\">\n\t\t<a href=\"https:\/\/comdep.com.br\/?p=17714\" title=\"Prefeitura de Petr\u00f3polis intensifica fiscaliza\u00e7\u00e3o e atua com mais rigor contra descarte irregular de entulho\" rel=\"bookmark\">Prefeitura de Petr\u00f3polis intensifica fiscaliza\u00e7\u00e3o e atua com mais rigor contra descarte irregular de entulho<\/a>\n\t<\/h3>\n\n\t<div class=\"entry-meta\"><a href=\"https:\/\/comdep.com.br\/?m=20251013\" title=\"14:51\" class=\"data-link\" rel=\"bookmark\"><time class=\"entry-date updated\" datetime=\"2025-10-13T14:51:31-03:00\">13\/10\/2025<\/time><\/a><\/div>\n\t<div class=\"entry-excerpt\"><p>Petr\u00f3polis, 10 de outubro de 2025 \u2013 A Prefeitura de Petr\u00f3polis est\u00e1 intensificando as a\u00e7\u00f5es de fiscaliza\u00e7\u00e3o para coibir o descarte irregular de lixo e entulho em toda a cidade. Como parte desta atua\u00e7\u00e3o mais firme, medidas administrativas ser\u00e3o adotadas em rela\u00e7\u00e3o a dois flagrantes recentes, cujas imagens foram recebidas atrav\u00e9s de den\u00fancias. A an\u00e1lise&hellip;<\/p>\n<\/div>\n\t\n<a href=\"https:\/\/comdep.com.br\/?p=17714\" class=\"post-details details-type-link\" aria-label=\"Read more about Prefeitura de Petr\u00f3polis intensifica fiscaliza\u00e7\u00e3o e atua com mais rigor contra descarte irregular de entulho\">Leia mais<i class=\"dt-icon-the7-arrow-03\" aria-hidden=\"true\"><\/i><\/a>\n\n<\/div><\/article><article class=\"post project-odd visible post-17706 type-post status-publish format-standard has-post-thumbnail hentry category-home category-1 description-off\" data-name=\"Estudantes participam de colheita na horta did\u00e1tica da Escola Almirante Tamandar\u00e9\" data-date=\"2025-10-13T09:04:34-03:00\">\n\n<div class=\"post-thumbnail-wrap\">\n\t<div class=\"post-thumbnail\">\n\n\t\t\n\t\t\n\t\t<a href=\"https:\/\/comdep.com.br\/?p=17706\" class=\"post-thumbnail-rollover layzr-bg layzr-bg\" ><img decoding=\"async\" class=\"blog-thumb-lazy-load preload-me lazy-load aspect\" src=\"data:image\/svg+xml,%3Csvg%20xmlns%3D&#39;http%3A%2F%2Fwww.w3.org%2F2000%2Fsvg&#39;%20viewBox%3D&#39;0%200%20768%20512&#39;%2F%3E\" data-src=\"https:\/\/comdep.com.br\/wp-content\/uploads\/2025\/10\/1-colheita-768x512.jpg\" data-srcset=\"https:\/\/comdep.com.br\/wp-content\/uploads\/2025\/10\/1-colheita-768x512.jpg 768w, https:\/\/comdep.com.br\/wp-content\/uploads\/2025\/10\/1-colheita-794x529.jpg 794w\" loading=\"eager\" style=\"--ratio: 768 \/ 512\" sizes=\"(max-width: 768px) 100vw, 768px\" alt=\"\" title=\"1 colheita\" width=\"768\" height=\"512\"  \/><\/a>\n\t<\/div>\n<\/div>\n\n\n<div class=\"post-entry-content\">\n\n\t<h3 class=\"entry-title\">\n\t\t<a href=\"https:\/\/comdep.com.br\/?p=17706\" title=\"Estudantes participam de colheita na horta did\u00e1tica da Escola Almirante Tamandar\u00e9\" rel=\"bookmark\">Estudantes participam de colheita na horta did\u00e1tica da Escola Almirante Tamandar\u00e9<\/a>\n\t<\/h3>\n\n\t<div class=\"entry-meta\"><a href=\"https:\/\/comdep.com.br\/?m=20251013\" title=\"09:04\" class=\"data-link\" rel=\"bookmark\"><time class=\"entry-date updated\" datetime=\"2025-10-13T09:04:34-03:00\">13\/10\/2025<\/time><\/a><\/div>\n\t<div class=\"entry-excerpt\"><p>Estudantes do 5\u00ba per\u00edodo do Educa\u00e7\u00e3o Infantil da Escola Almirante Tamandar\u00e9, na Rua Hermog\u00eanio Silva, viveram uma manh\u00e3 diferente nesta ter\u00e7a-feira (07\/10). Eles participaram da colheita de mostarda, salsinha, cebolinha e alface da horta did\u00e1tica da escola. Os alimentos foram plantados pelas pr\u00f3prias crian\u00e7as no fim de agosto. A atividade fez parte do projeto de&hellip;<\/p>\n<\/div>\n\t\n<a href=\"https:\/\/comdep.com.br\/?p=17706\" class=\"post-details details-type-link\" aria-label=\"Read more about Estudantes participam de colheita na horta did\u00e1tica da Escola Almirante Tamandar\u00e9\">Leia mais<i class=\"dt-icon-the7-arrow-03\" aria-hidden=\"true\"><\/i><\/a>\n\n<\/div><\/article><article class=\"post project-odd visible post-17701 type-post status-publish format-standard has-post-thumbnail hentry category-home category-1 description-off\" data-name=\"Prefeitura marca presen\u00e7a em Semin\u00e1rio Nacional sobre Masculinidades e Preven\u00e7\u00e3o \u00e0s Viol\u00eancias\" data-date=\"2025-10-13T08:58:47-03:00\">\n\n<div class=\"post-thumbnail-wrap\">\n\t<div class=\"post-thumbnail\">\n\n\t\t\n\t\t\n\t\t<a href=\"https:\/\/comdep.com.br\/?p=17701\" class=\"post-thumbnail-rollover layzr-bg layzr-bg\" ><img decoding=\"async\" class=\"blog-thumb-lazy-load preload-me lazy-load aspect\" src=\"data:image\/svg+xml,%3Csvg%20xmlns%3D&#39;http%3A%2F%2Fwww.w3.org%2F2000%2Fsvg&#39;%20viewBox%3D&#39;0%200%20768%20512&#39;%2F%3E\" data-src=\"https:\/\/comdep.com.br\/wp-content\/uploads\/2025\/10\/masculinidades-768x512.jpeg\" data-srcset=\"https:\/\/comdep.com.br\/wp-content\/uploads\/2025\/10\/masculinidades-768x512.jpeg 768w, https:\/\/comdep.com.br\/wp-content\/uploads\/2025\/10\/masculinidades-1080x720.jpeg 1080w\" loading=\"eager\" style=\"--ratio: 768 \/ 512\" sizes=\"(max-width: 768px) 100vw, 768px\" alt=\"\" title=\"masculinidades\" width=\"768\" height=\"512\"  \/><\/a>\n\t<\/div>\n<\/div>\n\n\n<div class=\"post-entry-content\">\n\n\t<h3 class=\"entry-title\">\n\t\t<a href=\"https:\/\/comdep.com.br\/?p=17701\" title=\"Prefeitura marca presen\u00e7a em Semin\u00e1rio Nacional sobre Masculinidades e Preven\u00e7\u00e3o \u00e0s Viol\u00eancias\" rel=\"bookmark\">Prefeitura marca presen\u00e7a em Semin\u00e1rio Nacional sobre Masculinidades e Preven\u00e7\u00e3o \u00e0s Viol\u00eancias<\/a>\n\t<\/h3>\n\n\t<div class=\"entry-meta\"><a href=\"https:\/\/comdep.com.br\/?m=20251013\" title=\"08:58\" class=\"data-link\" rel=\"bookmark\"><time class=\"entry-date updated\" datetime=\"2025-10-13T08:58:47-03:00\">13\/10\/2025<\/time><\/a><\/div>\n\t<div class=\"entry-excerpt\"><p>Funcion\u00e1rios da Comdep participaram dos dois dias de evento e agora ser\u00e3o multiplicadores das experi\u00eancias e aprendizados compartilhados durante o semin\u00e1rio A Prefeitura marcou presen\u00e7a no Semin\u00e1rio Nacional sobre Masculinidades e Preven\u00e7\u00e3o \u00e0s Viol\u00eancias, que aconteceu esta semana no Centro Cultural da Funda\u00e7\u00e3o Get\u00falio Vargas (FGV), em Botafogo, no Rio de Janeiro. A participa\u00e7\u00e3o refor\u00e7ou&hellip;<\/p>\n<\/div>\n\t\n<a href=\"https:\/\/comdep.com.br\/?p=17701\" class=\"post-details details-type-link\" aria-label=\"Read more about Prefeitura marca presen\u00e7a em Semin\u00e1rio Nacional sobre Masculinidades e Preven\u00e7\u00e3o \u00e0s Viol\u00eancias\">Leia mais<i class=\"dt-icon-the7-arrow-03\" aria-hidden=\"true\"><\/i><\/a>\n\n<\/div><\/article><article class=\"post project-odd visible post-17664 type-post status-publish format-standard has-post-thumbnail hentry category-home category-1 description-off\" data-name=\"Prefeitura fecha ponto usado para despejo clandestino de entulho no Alto da Serra\" data-date=\"2025-10-07T10:57:09-03:00\">\n\n<div class=\"post-thumbnail-wrap\">\n\t<div class=\"post-thumbnail\">\n\n\t\t\n\t\t\n\t\t<a href=\"https:\/\/comdep.com.br\/?p=17664\" class=\"post-thumbnail-rollover layzr-bg layzr-bg\" ><img decoding=\"async\" class=\"blog-thumb-lazy-load preload-me lazy-load aspect\" src=\"data:image\/svg+xml,%3Csvg%20xmlns%3D&#39;http%3A%2F%2Fwww.w3.org%2F2000%2Fsvg&#39;%20viewBox%3D&#39;0%200%20768%20512&#39;%2F%3E\" data-src=\"https:\/\/comdep.com.br\/wp-content\/uploads\/2025\/10\/0101010-768x512.jpg\" data-srcset=\"https:\/\/comdep.com.br\/wp-content\/uploads\/2025\/10\/0101010-768x512.jpg 768w, https:\/\/comdep.com.br\/wp-content\/uploads\/2025\/10\/0101010.jpg 900w\" loading=\"eager\" style=\"--ratio: 768 \/ 512\" sizes=\"(max-width: 768px) 100vw, 768px\" alt=\"\" title=\"0101010\" width=\"768\" height=\"512\"  \/><\/a>\n\t<\/div>\n<\/div>\n\n\n<div class=\"post-entry-content\">\n\n\t<h3 class=\"entry-title\">\n\t\t<a href=\"https:\/\/comdep.com.br\/?p=17664\" title=\"Prefeitura fecha ponto usado para despejo clandestino de entulho no Alto da Serra\" rel=\"bookmark\">Prefeitura fecha ponto usado para despejo clandestino de entulho no Alto da Serra<\/a>\n\t<\/h3>\n\n\t<div class=\"entry-meta\"><a href=\"https:\/\/comdep.com.br\/?m=20251007\" title=\"10:57\" class=\"data-link\" rel=\"bookmark\"><time class=\"entry-date updated\" datetime=\"2025-10-07T10:57:09-03:00\">07\/10\/2025<\/time><\/a><\/div>\n\t<div class=\"entry-excerpt\"><p>A Prefeitura fechou um ponto usado para despejo irregular de entulho na Rua Arnaldo de Azevedo, no Alto da Serra, no trecho ao lado da antiga F\u00e1brica Dona Isabel. A a\u00e7\u00e3o aconteceu na manh\u00e3 desta sexta-feira (03\/10) com as equipes da Comdep e da Secretaria de Obras. Na tarde de quinta-feira (02\/10), a Comdep j\u00e1&hellip;<\/p>\n<\/div>\n\t\n<a href=\"https:\/\/comdep.com.br\/?p=17664\" class=\"post-details details-type-link\" aria-label=\"Read more about Prefeitura fecha ponto usado para despejo clandestino de entulho no Alto da Serra\">Leia mais<i class=\"dt-icon-the7-arrow-03\" aria-hidden=\"true\"><\/i><\/a>\n\n<\/div><\/article><article class=\"post project-odd visible no-img post-17662 type-post status-publish format-standard hentry category-home category-1 description-off\" data-name=\"Petr\u00f3polis do Bem bate recorde de atendimentos no Quitandinha\" data-date=\"2025-10-07T10:55:49-03:00\">\n\n<div class=\"post-entry-content\">\n\n\t<h3 class=\"entry-title\">\n\t\t<a href=\"https:\/\/comdep.com.br\/?p=17662\" title=\"Petr\u00f3polis do Bem bate recorde de atendimentos no Quitandinha\" rel=\"bookmark\">Petr\u00f3polis do Bem bate recorde de atendimentos no Quitandinha<\/a>\n\t<\/h3>\n\n\t<div class=\"entry-meta\"><a href=\"https:\/\/comdep.com.br\/?m=20251007\" title=\"10:55\" class=\"data-link\" rel=\"bookmark\"><time class=\"entry-date updated\" datetime=\"2025-10-07T10:55:49-03:00\">07\/10\/2025<\/time><\/a><\/div>\n\t<div class=\"entry-excerpt\"><p>A 5\u00aa edi\u00e7\u00e3o do Petr\u00f3polis do Bem, realizada neste s\u00e1bado (04\/10) na Escola Municipal Stefan Zweig, no Quitandinha, realizou 997 atendimentos \u00e0 popula\u00e7\u00e3o. O programa da Prefeitura re\u00fane secretarias municipais, entidades parceiras e volunt\u00e1rias para oferecer servi\u00e7os de forma mais acess\u00edvel e f\u00e1cil. O programa j\u00e1 passou por Cascatinha, Independ\u00eancia, Mosela e Corr\u00eaas e, desde&hellip;<\/p>\n<\/div>\n\t\n<a href=\"https:\/\/comdep.com.br\/?p=17662\" class=\"post-details details-type-link\" aria-label=\"Read more about Petr\u00f3polis do Bem bate recorde de atendimentos no Quitandinha\">Leia mais<i class=\"dt-icon-the7-arrow-03\" aria-hidden=\"true\"><\/i><\/a>\n\n<\/div><\/article><article class=\"post project-odd visible post-17581 type-post status-publish format-standard has-post-thumbnail hentry category-home category-1 description-off\" data-name=\"Festival Paral\u00edmpico em Petr\u00f3polis promove inclus\u00e3o para 345 crian\u00e7as e jovens\" data-date=\"2025-09-29T16:41:07-03:00\">\n\n<div class=\"post-thumbnail-wrap\">\n\t<div class=\"post-thumbnail\">\n\n\t\t\n\t\t\n\t\t<a href=\"https:\/\/comdep.com.br\/?p=17581\" class=\"post-thumbnail-rollover layzr-bg layzr-bg\" ><img decoding=\"async\" class=\"blog-thumb-lazy-load preload-me lazy-load aspect\" src=\"data:image\/svg+xml,%3Csvg%20xmlns%3D&#39;http%3A%2F%2Fwww.w3.org%2F2000%2Fsvg&#39;%20viewBox%3D&#39;0%200%20768%20512&#39;%2F%3E\" data-src=\"https:\/\/comdep.com.br\/wp-content\/uploads\/2025\/09\/a-paralimpico-768x512.jpg\" data-srcset=\"https:\/\/comdep.com.br\/wp-content\/uploads\/2025\/09\/a-paralimpico-768x512.jpg 768w, https:\/\/comdep.com.br\/wp-content\/uploads\/2025\/09\/a-paralimpico-900x599.jpg 900w\" loading=\"eager\" style=\"--ratio: 768 \/ 512\" sizes=\"(max-width: 768px) 100vw, 768px\" alt=\"\" title=\"a paralimpico\" width=\"768\" height=\"512\"  \/><\/a>\n\t<\/div>\n<\/div>\n\n\n<div class=\"post-entry-content\">\n\n\t<h3 class=\"entry-title\">\n\t\t<a href=\"https:\/\/comdep.com.br\/?p=17581\" title=\"Festival Paral\u00edmpico em Petr\u00f3polis promove inclus\u00e3o para 345 crian\u00e7as e jovens\" rel=\"bookmark\">Festival Paral\u00edmpico em Petr\u00f3polis promove inclus\u00e3o para 345 crian\u00e7as e jovens<\/a>\n\t<\/h3>\n\n\t<div class=\"entry-meta\"><a href=\"https:\/\/comdep.com.br\/?m=20250929\" title=\"16:41\" class=\"data-link\" rel=\"bookmark\"><time class=\"entry-date updated\" datetime=\"2025-09-29T16:41:07-03:00\">29\/09\/2025<\/time><\/a><\/div>\n\t<div class=\"entry-excerpt\"><p>O evento, realizado no 32\u00ba Batalh\u00e3o de Infantaria Leve de Montanha, teve capoeira, atletismo, pickleball e muita atividade em fam\u00edlia A segunda edi\u00e7\u00e3o de 2025 do Festival Paral\u00edmpico em Petr\u00f3polis foi um sucesso. Promovido pelo Comit\u00ea Paral\u00edmpico Brasileiro e pela Caixa, com apoio da Prefeitura de Petr\u00f3polis, o festival foi realizado neste s\u00e1bado (20\/09) e&hellip;<\/p>\n<\/div>\n\t\n<a href=\"https:\/\/comdep.com.br\/?p=17581\" class=\"post-details details-type-link\" aria-label=\"Read more about Festival Paral\u00edmpico em Petr\u00f3polis promove inclus\u00e3o para 345 crian\u00e7as e jovens\">Leia mais<i class=\"dt-icon-the7-arrow-03\" aria-hidden=\"true\"><\/i><\/a>\n\n<\/div><\/article><article class=\"post project-odd visible no-img post-17579 type-post status-publish format-standard hentry category-home category-1 description-off\" data-name=\"Parque Cremerie recebe o evento Caminhos da Vida \u2013 Setembro Amarelo e Meio Ambiente\" data-date=\"2025-09-29T16:39:49-03:00\">\n\n<div class=\"post-entry-content\">\n\n\t<h3 class=\"entry-title\">\n\t\t<a href=\"https:\/\/comdep.com.br\/?p=17579\" title=\"Parque Cremerie recebe o evento Caminhos da Vida \u2013 Setembro Amarelo e Meio Ambiente\" rel=\"bookmark\">Parque Cremerie recebe o evento Caminhos da Vida \u2013 Setembro Amarelo e Meio Ambiente<\/a>\n\t<\/h3>\n\n\t<div class=\"entry-meta\"><a href=\"https:\/\/comdep.com.br\/?m=20250929\" title=\"16:39\" class=\"data-link\" rel=\"bookmark\"><time class=\"entry-date updated\" datetime=\"2025-09-29T16:39:49-03:00\">29\/09\/2025<\/time><\/a><\/div>\n\t<div class=\"entry-excerpt\"><p>O Parque Cremerie ser\u00e1 palco, neste s\u00e1bado (27\/09), das 10h \u00e0s 17h, do \u201cCaminhos da Vida \u2013 Setembro Amarelo e Meio Ambiente\u201d, que encerra a programa\u00e7\u00e3o do Setembro Amarelo em Petr\u00f3polis. Promovido pela Prefeitura, o evento gratuito vai reunir servi\u00e7os de sa\u00fade, oficinas, cultura, lazer e atividades para todas as idades. A Secretaria de Meio&hellip;<\/p>\n<\/div>\n\t\n<a href=\"https:\/\/comdep.com.br\/?p=17579\" class=\"post-details details-type-link\" aria-label=\"Read more about Parque Cremerie recebe o evento Caminhos da Vida \u2013 Setembro Amarelo e Meio Ambiente\">Leia mais<i class=\"dt-icon-the7-arrow-03\" aria-hidden=\"true\"><\/i><\/a>\n\n<\/div><\/article><article class=\"post project-odd visible no-img post-17577 type-post status-publish format-standard hentry category-home category-1 description-off\" data-name=\"Petr\u00f3polis se prepara para o Outubro Rosa, campanha de preven\u00e7\u00e3o ao c\u00e2ncer de mama\" data-date=\"2025-09-29T16:39:11-03:00\">\n\n<div class=\"post-entry-content\">\n\n\t<h3 class=\"entry-title\">\n\t\t<a href=\"https:\/\/comdep.com.br\/?p=17577\" title=\"Petr\u00f3polis se prepara para o Outubro Rosa, campanha de preven\u00e7\u00e3o ao c\u00e2ncer de mama\" rel=\"bookmark\">Petr\u00f3polis se prepara para o Outubro Rosa, campanha de preven\u00e7\u00e3o ao c\u00e2ncer de mama<\/a>\n\t<\/h3>\n\n\t<div class=\"entry-meta\"><a href=\"https:\/\/comdep.com.br\/?m=20250929\" title=\"16:39\" class=\"data-link\" rel=\"bookmark\"><time class=\"entry-date updated\" datetime=\"2025-09-29T16:39:11-03:00\">29\/09\/2025<\/time><\/a><\/div>\n\t<div class=\"entry-excerpt\"><p>Programa\u00e7\u00e3o inclui simp\u00f3sio, Dia D de preven\u00e7\u00e3o, caminhada, baile rosa e outras a\u00e7\u00f5es em diversos pontos da cidade Petr\u00f3polis j\u00e1 se prepara para a programa\u00e7\u00e3o do Outubro Rosa 2025, campanha de preven\u00e7\u00e3o ao c\u00e2ncer de mama, organizada pela Prefeitura e a Associa\u00e7\u00e3o Petropolitana de Pacientes Oncol\u00f3gicos (APPO). Com o tema \u201cCuidados Paliativos: cada momento conta,&hellip;<\/p>\n<\/div>\n\t\n<a href=\"https:\/\/comdep.com.br\/?p=17577\" class=\"post-details details-type-link\" aria-label=\"Read more about Petr\u00f3polis se prepara para o Outubro Rosa, campanha de preven\u00e7\u00e3o ao c\u00e2ncer de mama\">Leia mais<i class=\"dt-icon-the7-arrow-03\" aria-hidden=\"true\"><\/i><\/a>\n\n<\/div><\/article><article class=\"post project-odd visible post-17574 type-post status-publish format-standard has-post-thumbnail hentry category-home category-1 description-off\" data-name=\"CIPA da Comdep define titulares e suplentes para 2025\/2026\" data-date=\"2025-09-29T16:36:30-03:00\">\n\n<div class=\"post-thumbnail-wrap\">\n\t<div class=\"post-thumbnail\">\n\n\t\t\n\t\t\n\t\t<a href=\"https:\/\/comdep.com.br\/?p=17574\" class=\"post-thumbnail-rollover layzr-bg layzr-bg\" ><img decoding=\"async\" class=\"blog-thumb-lazy-load preload-me lazy-load aspect\" src=\"data:image\/svg+xml,%3Csvg%20xmlns%3D&#39;http%3A%2F%2Fwww.w3.org%2F2000%2Fsvg&#39;%20viewBox%3D&#39;0%200%20768%20512&#39;%2F%3E\" data-src=\"https:\/\/comdep.com.br\/wp-content\/uploads\/2025\/09\/cipa-768x512.jpeg\" data-srcset=\"https:\/\/comdep.com.br\/wp-content\/uploads\/2025\/09\/cipa-768x512.jpeg 768w, https:\/\/comdep.com.br\/wp-content\/uploads\/2025\/09\/cipa-1025x683.jpeg 1025w\" loading=\"eager\" style=\"--ratio: 768 \/ 512\" sizes=\"(max-width: 768px) 100vw, 768px\" alt=\"\" title=\"cipa\" width=\"768\" height=\"512\"  \/><\/a>\n\t<\/div>\n<\/div>\n\n\n<div class=\"post-entry-content\">\n\n\t<h3 class=\"entry-title\">\n\t\t<a href=\"https:\/\/comdep.com.br\/?p=17574\" title=\"CIPA da Comdep define titulares e suplentes para 2025\/2026\" rel=\"bookmark\">CIPA da Comdep define titulares e suplentes para 2025\/2026<\/a>\n\t<\/h3>\n\n\t<div class=\"entry-meta\"><a href=\"https:\/\/comdep.com.br\/?m=20250929\" title=\"16:36\" class=\"data-link\" rel=\"bookmark\"><time class=\"entry-date updated\" datetime=\"2025-09-29T16:36:30-03:00\">29\/09\/2025<\/time><\/a><\/div>\n\t<div class=\"entry-excerpt\"><p>As elei\u00e7\u00f5es para a Comiss\u00e3o Interna de Preven\u00e7\u00e3o de Acidentes (CIPA) \u2013 gest\u00e3o 2025\/2026 \u2013 foram realizadas nos dias 15, 16 e 17 de setembro, reunindo os servidores em um processo democr\u00e1tico para a escolha de seus representantes. A vota\u00e7\u00e3o definiu os membros titulares e suplentes que ir\u00e3o atuar ao longo do pr\u00f3ximo mandato, refor\u00e7ando&hellip;<\/p>\n<\/div>\n\t\n<a href=\"https:\/\/comdep.com.br\/?p=17574\" class=\"post-details details-type-link\" aria-label=\"Read more about CIPA da Comdep define titulares e suplentes para 2025\/2026\">Leia mais<i class=\"dt-icon-the7-arrow-03\" aria-hidden=\"true\"><\/i><\/a>\n\n<\/div><\/article><article class=\"post project-odd visible post-17553 type-post status-publish format-standard has-post-thumbnail hentry category-home category-1 description-off\" data-name=\"Reuni\u00e3o refor\u00e7a integra\u00e7\u00e3o para agilizar atendimentos em ocorr\u00eancias com \u00e1rvores\" data-date=\"2025-09-23T10:37:20-03:00\">\n\n<div class=\"post-thumbnail-wrap\">\n\t<div class=\"post-thumbnail\">\n\n\t\t\n\t\t\n\t\t<a href=\"https:\/\/comdep.com.br\/?p=17553\" class=\"post-thumbnail-rollover layzr-bg layzr-bg\" ><img decoding=\"async\" class=\"blog-thumb-lazy-load preload-me lazy-load aspect\" src=\"data:image\/svg+xml,%3Csvg%20xmlns%3D&#39;http%3A%2F%2Fwww.w3.org%2F2000%2Fsvg&#39;%20viewBox%3D&#39;0%200%20768%20512&#39;%2F%3E\" data-src=\"https:\/\/comdep.com.br\/wp-content\/uploads\/2025\/09\/arvores-01-768x512.jpg\" data-srcset=\"https:\/\/comdep.com.br\/wp-content\/uploads\/2025\/09\/arvores-01-768x512.jpg 768w, https:\/\/comdep.com.br\/wp-content\/uploads\/2025\/09\/arvores-01-1200x799.jpg 1200w\" loading=\"eager\" style=\"--ratio: 768 \/ 512\" sizes=\"(max-width: 768px) 100vw, 768px\" alt=\"\" title=\"arvores 01\" width=\"768\" height=\"512\"  \/><\/a>\n\t<\/div>\n<\/div>\n\n\n<div class=\"post-entry-content\">\n\n\t<h3 class=\"entry-title\">\n\t\t<a href=\"https:\/\/comdep.com.br\/?p=17553\" title=\"Reuni\u00e3o refor\u00e7a integra\u00e7\u00e3o para agilizar atendimentos em ocorr\u00eancias com \u00e1rvores\" rel=\"bookmark\">Reuni\u00e3o refor\u00e7a integra\u00e7\u00e3o para agilizar atendimentos em ocorr\u00eancias com \u00e1rvores<\/a>\n\t<\/h3>\n\n\t<div class=\"entry-meta\"><a href=\"https:\/\/comdep.com.br\/?m=20250923\" title=\"10:37\" class=\"data-link\" rel=\"bookmark\"><time class=\"entry-date updated\" datetime=\"2025-09-23T10:37:20-03:00\">23\/09\/2025<\/time><\/a><\/div>\n\t<div class=\"entry-excerpt\"><p>Representantes da Prefeitura se reuniram com o Corpo de Bombeiros para alinhar procedimentos e refor\u00e7ar a integra\u00e7\u00e3o entre os \u00f3rg\u00e3os em casos de quedas de \u00e1rvores e situa\u00e7\u00f5es de emerg\u00eancia. O encontro contou com a participa\u00e7\u00e3o de equipes da Comdep e das secretarias de Prote\u00e7\u00e3o e Defesa Civil e de Meio Ambiente. A integra\u00e7\u00e3o \u00e9&hellip;<\/p>\n<\/div>\n\t\n<a href=\"https:\/\/comdep.com.br\/?p=17553\" class=\"post-details details-type-link\" aria-label=\"Read more about Reuni\u00e3o refor\u00e7a integra\u00e7\u00e3o para agilizar atendimentos em ocorr\u00eancias com \u00e1rvores\">Leia mais<i class=\"dt-icon-the7-arrow-03\" aria-hidden=\"true\"><\/i><\/a>\n\n<\/div><\/article><article class=\"post project-odd visible post-17550 type-post status-publish format-standard has-post-thumbnail hentry category-home category-1 description-off\" data-name=\"Festival Paral\u00edmpico em Petr\u00f3polis promove inclus\u00e3o para 345 crian\u00e7as e jovens\" data-date=\"2025-09-23T10:12:52-03:00\">\n\n<div class=\"post-thumbnail-wrap\">\n\t<div class=\"post-thumbnail\">\n\n\t\t\n\t\t\n\t\t<a href=\"https:\/\/comdep.com.br\/?p=17550\" class=\"post-thumbnail-rollover layzr-bg layzr-bg\" ><img decoding=\"async\" class=\"blog-thumb-lazy-load preload-me lazy-load aspect\" src=\"data:image\/svg+xml,%3Csvg%20xmlns%3D&#39;http%3A%2F%2Fwww.w3.org%2F2000%2Fsvg&#39;%20viewBox%3D&#39;0%200%20768%20512&#39;%2F%3E\" data-src=\"https:\/\/comdep.com.br\/wp-content\/uploads\/2025\/09\/02-paralimpico-768x512.jpg\" data-srcset=\"https:\/\/comdep.com.br\/wp-content\/uploads\/2025\/09\/02-paralimpico-768x512.jpg 768w, https:\/\/comdep.com.br\/wp-content\/uploads\/2025\/09\/02-paralimpico-900x599.jpg 900w\" loading=\"eager\" style=\"--ratio: 768 \/ 512\" sizes=\"(max-width: 768px) 100vw, 768px\" alt=\"\" title=\"02 paralimpico\" width=\"768\" height=\"512\"  \/><\/a>\n\t<\/div>\n<\/div>\n\n\n<div class=\"post-entry-content\">\n\n\t<h3 class=\"entry-title\">\n\t\t<a href=\"https:\/\/comdep.com.br\/?p=17550\" title=\"Festival Paral\u00edmpico em Petr\u00f3polis promove inclus\u00e3o para 345 crian\u00e7as e jovens\" rel=\"bookmark\">Festival Paral\u00edmpico em Petr\u00f3polis promove inclus\u00e3o para 345 crian\u00e7as e jovens<\/a>\n\t<\/h3>\n\n\t<div class=\"entry-meta\"><a href=\"https:\/\/comdep.com.br\/?m=20250923\" title=\"10:12\" class=\"data-link\" rel=\"bookmark\"><time class=\"entry-date updated\" datetime=\"2025-09-23T10:12:52-03:00\">23\/09\/2025<\/time><\/a><\/div>\n\t<div class=\"entry-excerpt\"><p>O evento, realizado no 32\u00ba Batalh\u00e3o de Infantaria Leve de Montanha, teve capoeira, atletismo, pickleball e muita atividade em fam\u00edlia A segunda edi\u00e7\u00e3o de 2025 do Festival Paral\u00edmpico em Petr\u00f3polis foi um sucesso. Promovido pelo Comit\u00ea Paral\u00edmpico Brasileiro e pela Caixa, com apoio da Prefeitura de Petr\u00f3polis, o festival foi realizado neste s\u00e1bado (20\/09) e&hellip;<\/p>\n<\/div>\n\t\n<a href=\"https:\/\/comdep.com.br\/?p=17550\" class=\"post-details details-type-link\" aria-label=\"Read more about Festival Paral\u00edmpico em Petr\u00f3polis promove inclus\u00e3o para 345 crian\u00e7as e jovens\">Leia mais<i class=\"dt-icon-the7-arrow-03\" aria-hidden=\"true\"><\/i><\/a>\n\n<\/div><\/article><article class=\"post project-odd visible post-17526 type-post status-publish format-standard has-post-thumbnail hentry category-home category-1 description-off\" data-name=\"Dez coletoras de res\u00edduos domiciliares s\u00e3o incendiadas em Petr\u00f3polis em 2025\" data-date=\"2025-09-18T11:52:34-03:00\">\n\n<div class=\"post-thumbnail-wrap\">\n\t<div class=\"post-thumbnail\">\n\n\t\t\n\t\t\n\t\t<a href=\"https:\/\/comdep.com.br\/?p=17526\" class=\"post-thumbnail-rollover layzr-bg layzr-bg\" ><img decoding=\"async\" class=\"blog-thumb-lazy-load preload-me lazy-load aspect\" src=\"data:image\/svg+xml,%3Csvg%20xmlns%3D&#39;http%3A%2F%2Fwww.w3.org%2F2000%2Fsvg&#39;%20viewBox%3D&#39;0%200%20768%20512&#39;%2F%3E\" data-src=\"https:\/\/comdep.com.br\/wp-content\/uploads\/2025\/09\/leixeiras-juntas-768x512.png\" data-srcset=\"https:\/\/comdep.com.br\/wp-content\/uploads\/2025\/09\/leixeiras-juntas-768x512.png 768w, https:\/\/comdep.com.br\/wp-content\/uploads\/2025\/09\/leixeiras-juntas-1306x870.png 1306w\" loading=\"eager\" style=\"--ratio: 768 \/ 512\" sizes=\"(max-width: 768px) 100vw, 768px\" alt=\"\" title=\"leixeiras juntas\" width=\"768\" height=\"512\"  \/><\/a>\n\t<\/div>\n<\/div>\n\n\n<div class=\"post-entry-content\">\n\n\t<h3 class=\"entry-title\">\n\t\t<a href=\"https:\/\/comdep.com.br\/?p=17526\" title=\"Dez coletoras de res\u00edduos domiciliares s\u00e3o incendiadas em Petr\u00f3polis em 2025\" rel=\"bookmark\">Dez coletoras de res\u00edduos domiciliares s\u00e3o incendiadas em Petr\u00f3polis em 2025<\/a>\n\t<\/h3>\n\n\t<div class=\"entry-meta\"><a href=\"https:\/\/comdep.com.br\/?m=20250918\" title=\"11:52\" class=\"data-link\" rel=\"bookmark\"><time class=\"entry-date updated\" datetime=\"2025-09-18T11:52:34-03:00\">18\/09\/2025<\/time><\/a><\/div>\n\t<div class=\"entry-excerpt\"><p>Mais duas lixeiras de descarte de res\u00edduos domiciliares foram incendiadas em Petr\u00f3polis. Dessa vez, as coletoras estavam instaladas na Rua Bernardo Vasconcelos, n\u00ba 498, em frente \u00e0 entrada da Rua Paulo Rudge, no Cascatinha. Os equipamentos, novos, haviam sido instalados no dia 7 de maio. A Prefeitura, por meio da Companhia Municipal de Desenvolvimento de&hellip;<\/p>\n<\/div>\n\t\n<a href=\"https:\/\/comdep.com.br\/?p=17526\" class=\"post-details details-type-link\" aria-label=\"Read more about Dez coletoras de res\u00edduos domiciliares s\u00e3o incendiadas em Petr\u00f3polis em 2025\">Leia mais<i class=\"dt-icon-the7-arrow-03\" aria-hidden=\"true\"><\/i><\/a>\n\n<\/div><\/article><article class=\"post project-odd visible post-17523 type-post status-publish format-standard has-post-thumbnail hentry category-home category-1 description-off\" data-name=\"Parceria entre Prefeitura e INcluir Petr\u00f3polis recolhe 2.650 litros de \u00f3leo de cozinha usados\" data-date=\"2025-09-18T11:22:32-03:00\">\n\n<div class=\"post-thumbnail-wrap\">\n\t<div class=\"post-thumbnail\">\n\n\t\t\n\t\t\n\t\t<a href=\"https:\/\/comdep.com.br\/?p=17523\" class=\"post-thumbnail-rollover layzr-bg layzr-bg\" ><img decoding=\"async\" class=\"blog-thumb-lazy-load preload-me lazy-load aspect\" src=\"data:image\/svg+xml,%3Csvg%20xmlns%3D&#39;http%3A%2F%2Fwww.w3.org%2F2000%2Fsvg&#39;%20viewBox%3D&#39;0%200%20768%20512&#39;%2F%3E\" data-src=\"https:\/\/comdep.com.br\/wp-content\/uploads\/2025\/09\/000111-768x512.jpg\" data-srcset=\"https:\/\/comdep.com.br\/wp-content\/uploads\/2025\/09\/000111-768x512.jpg 768w, https:\/\/comdep.com.br\/wp-content\/uploads\/2025\/09\/000111-1080x720.jpg 1080w\" loading=\"eager\" style=\"--ratio: 768 \/ 512\" sizes=\"(max-width: 768px) 100vw, 768px\" alt=\"\" title=\"000111\" width=\"768\" height=\"512\"  \/><\/a>\n\t<\/div>\n<\/div>\n\n\n<div class=\"post-entry-content\">\n\n\t<h3 class=\"entry-title\">\n\t\t<a href=\"https:\/\/comdep.com.br\/?p=17523\" title=\"Parceria entre Prefeitura e INcluir Petr\u00f3polis recolhe 2.650 litros de \u00f3leo de cozinha usados\" rel=\"bookmark\">Parceria entre Prefeitura e INcluir Petr\u00f3polis recolhe 2.650 litros de \u00f3leo de cozinha usados<\/a>\n\t<\/h3>\n\n\t<div class=\"entry-meta\"><a href=\"https:\/\/comdep.com.br\/?m=20250918\" title=\"11:22\" class=\"data-link\" rel=\"bookmark\"><time class=\"entry-date updated\" datetime=\"2025-09-18T11:22:32-03:00\">18\/09\/2025<\/time><\/a><\/div>\n\t<div class=\"entry-excerpt\"><p>Medida impediu o descarte indevido na rede de esgoto e preveniu a contamina\u00e7\u00e3o de mais de 26 piscinas ol\u00edmpicas de \u00e1gua A parceria entre a Prefeitura e o projeto INcluir Petr\u00f3polis recolheu entre mar\u00e7o e setembro deste ano, 2.650 litros de \u00f3leo de cozinha usados. A medida impediu o descarte indevido do material na rede&hellip;<\/p>\n<\/div>\n\t\n<a href=\"https:\/\/comdep.com.br\/?p=17523\" class=\"post-details details-type-link\" aria-label=\"Read more about Parceria entre Prefeitura e INcluir Petr\u00f3polis recolhe 2.650 litros de \u00f3leo de cozinha usados\">Leia mais<i class=\"dt-icon-the7-arrow-03\" aria-hidden=\"true\"><\/i><\/a>\n\n<\/div><\/article><article class=\"post project-odd visible no-img post-17521 type-post status-publish format-standard hentry category-home category-1 description-off\" data-name=\"Petr\u00f3polis solicita inclus\u00e3o no Programa Estadual de Destina\u00e7\u00e3o de \u00d3leos Vegetais\" data-date=\"2025-09-18T11:20:22-03:00\">\n\n<div class=\"post-entry-content\">\n\n\t<h3 class=\"entry-title\">\n\t\t<a href=\"https:\/\/comdep.com.br\/?p=17521\" title=\"Petr\u00f3polis solicita inclus\u00e3o no Programa Estadual de Destina\u00e7\u00e3o de \u00d3leos Vegetais\" rel=\"bookmark\">Petr\u00f3polis solicita inclus\u00e3o no Programa Estadual de Destina\u00e7\u00e3o de \u00d3leos Vegetais<\/a>\n\t<\/h3>\n\n\t<div class=\"entry-meta\"><a href=\"https:\/\/comdep.com.br\/?m=20250918\" title=\"11:20\" class=\"data-link\" rel=\"bookmark\"><time class=\"entry-date updated\" datetime=\"2025-09-18T11:20:22-03:00\">18\/09\/2025<\/time><\/a><\/div>\n\t<div class=\"entry-excerpt\"><p>A Prefeitura encaminhou um pedido oficial \u00e0 Secretaria de Estado de Ambiente e Sustentabilidade, por meio do Instituto Estadual do Ambiente (Inea), para ser inclu\u00eddo no Programa Estadual de Destina\u00e7\u00e3o de \u00d3leos Vegetais (PROVE+D). O documento foi enviado pela Companhia Municipal de Desenvolvimento de Petr\u00f3polis (Comdep), na \u00faltima quinta-feira (11\/09). O recolhimento de \u00f3leo de&hellip;<\/p>\n<\/div>\n\t\n<a href=\"https:\/\/comdep.com.br\/?p=17521\" class=\"post-details details-type-link\" aria-label=\"Read more about Petr\u00f3polis solicita inclus\u00e3o no Programa Estadual de Destina\u00e7\u00e3o de \u00d3leos Vegetais\">Leia mais<i class=\"dt-icon-the7-arrow-03\" aria-hidden=\"true\"><\/i><\/a>\n\n<\/div><\/article><article class=\"post project-odd visible post-17507 type-post status-publish format-standard has-post-thumbnail hentry category-home category-1 description-off\" data-name=\"Teatro de fantoches da Comdep leva educa\u00e7\u00e3o ambiental para crian\u00e7as de Petr\u00f3polis\" data-date=\"2025-09-12T15:33:32-03:00\">\n\n<div class=\"post-thumbnail-wrap\">\n\t<div class=\"post-thumbnail\">\n\n\t\t\n\t\t\n\t\t<a href=\"https:\/\/comdep.com.br\/?p=17507\" class=\"post-thumbnail-rollover layzr-bg layzr-bg\" ><img decoding=\"async\" class=\"blog-thumb-lazy-load preload-me lazy-load aspect\" src=\"data:image\/svg+xml,%3Csvg%20xmlns%3D&#39;http%3A%2F%2Fwww.w3.org%2F2000%2Fsvg&#39;%20viewBox%3D&#39;0%200%20768%20512&#39;%2F%3E\" data-src=\"https:\/\/comdep.com.br\/wp-content\/uploads\/2025\/09\/WhatsApp-Image-2025-09-12-at-14.14.42-1-768x512.jpeg\" data-srcset=\"https:\/\/comdep.com.br\/wp-content\/uploads\/2025\/09\/WhatsApp-Image-2025-09-12-at-14.14.42-1-768x512.jpeg 768w, https:\/\/comdep.com.br\/wp-content\/uploads\/2025\/09\/WhatsApp-Image-2025-09-12-at-14.14.42-1-1145x762.jpeg 1145w\" loading=\"eager\" style=\"--ratio: 768 \/ 512\" sizes=\"(max-width: 768px) 100vw, 768px\" alt=\"\" title=\"WhatsApp Image 2025-09-12 at 14.14.42 (1)\" width=\"768\" height=\"512\"  \/><\/a>\n\t<\/div>\n<\/div>\n\n\n<div class=\"post-entry-content\">\n\n\t<h3 class=\"entry-title\">\n\t\t<a href=\"https:\/\/comdep.com.br\/?p=17507\" title=\"Teatro de fantoches da Comdep leva educa\u00e7\u00e3o ambiental para crian\u00e7as de Petr\u00f3polis\" rel=\"bookmark\">Teatro de fantoches da Comdep leva educa\u00e7\u00e3o ambiental para crian\u00e7as de Petr\u00f3polis<\/a>\n\t<\/h3>\n\n\t<div class=\"entry-meta\"><a href=\"https:\/\/comdep.com.br\/?m=20250912\" title=\"15:33\" class=\"data-link\" rel=\"bookmark\"><time class=\"entry-date updated\" datetime=\"2025-09-12T15:33:32-03:00\">12\/09\/2025<\/time><\/a><\/div>\n\t<div class=\"entry-excerpt\"><p>Com o objetivo de despertar, desde cedo, a consci\u00eancia ambiental nas novas gera\u00e7\u00f5es, a Companhia Municipal de Desenvolvimento de Petr\u00f3polis (Comdep) criou um teatro de fantoches voltado para o quarto e quinto per\u00edodo da Educa\u00e7\u00e3o Infantil e o primeiro segmento do Ensino Fundamental. A iniciativa leva \u00e0s escolas p\u00fablicas e privadas, centros de Educa\u00e7\u00e3o Infantil&hellip;<\/p>\n<\/div>\n\t\n<a href=\"https:\/\/comdep.com.br\/?p=17507\" class=\"post-details details-type-link\" aria-label=\"Read more about Teatro de fantoches da Comdep leva educa\u00e7\u00e3o ambiental para crian\u00e7as de Petr\u00f3polis\">Leia mais<i class=\"dt-icon-the7-arrow-03\" aria-hidden=\"true\"><\/i><\/a>\n\n<\/div><\/article><article class=\"post project-odd visible post-17499 type-post status-publish format-standard has-post-thumbnail hentry category-home category-1 description-off\" data-name=\"Oito coletoras de res\u00edduos j\u00e1 foram incendiadas em 2025 em Petr\u00f3polis\" data-date=\"2025-09-10T11:20:17-03:00\">\n\n<div class=\"post-thumbnail-wrap\">\n\t<div class=\"post-thumbnail\">\n\n\t\t\n\t\t\n\t\t<a href=\"https:\/\/comdep.com.br\/?p=17499\" class=\"post-thumbnail-rollover layzr-bg layzr-bg\" ><img decoding=\"async\" class=\"blog-thumb-lazy-load preload-me lazy-load aspect\" src=\"data:image\/svg+xml,%3Csvg%20xmlns%3D&#39;http%3A%2F%2Fwww.w3.org%2F2000%2Fsvg&#39;%20viewBox%3D&#39;0%200%20768%20512&#39;%2F%3E\" data-src=\"https:\/\/comdep.com.br\/wp-content\/uploads\/2025\/09\/camcaba-fogo-768x512.jpg\" data-srcset=\"https:\/\/comdep.com.br\/wp-content\/uploads\/2025\/09\/camcaba-fogo-768x512.jpg 768w, https:\/\/comdep.com.br\/wp-content\/uploads\/2025\/09\/camcaba-fogo-1306x870.jpg 1306w\" loading=\"eager\" style=\"--ratio: 768 \/ 512\" sizes=\"(max-width: 768px) 100vw, 768px\" alt=\"\" title=\"camcaba fogo\" width=\"768\" height=\"512\"  \/><\/a>\n\t<\/div>\n<\/div>\n\n\n<div class=\"post-entry-content\">\n\n\t<h3 class=\"entry-title\">\n\t\t<a href=\"https:\/\/comdep.com.br\/?p=17499\" title=\"Oito coletoras de res\u00edduos j\u00e1 foram incendiadas em 2025 em Petr\u00f3polis\" rel=\"bookmark\">Oito coletoras de res\u00edduos j\u00e1 foram incendiadas em 2025 em Petr\u00f3polis<\/a>\n\t<\/h3>\n\n\t<div class=\"entry-meta\"><a href=\"https:\/\/comdep.com.br\/?m=20250910\" title=\"11:20\" class=\"data-link\" rel=\"bookmark\"><time class=\"entry-date updated\" datetime=\"2025-09-10T11:20:17-03:00\">10\/09\/2025<\/time><\/a><\/div>\n\t<div class=\"entry-excerpt\"><p>Mais dois casos de vandalismo contra o patrim\u00f4nio p\u00fablico foram registrados em Petr\u00f3polis. Coletoras de res\u00edduos domiciliares foram incendiadas na quinta-feira (04), na Rua Para\u00edba, no Quitandinha, e na Rua \u00c2ngelo Jo\u00e3o Brand, no Independ\u00eancia. Todas as ocorr\u00eancias foram registradas pela Comdep na Delegacia de Pol\u00edcia.Com esses epis\u00f3dios, chega a oito o n\u00famero de lixeiras&hellip;<\/p>\n<\/div>\n\t\n<a href=\"https:\/\/comdep.com.br\/?p=17499\" class=\"post-details details-type-link\" aria-label=\"Read more about Oito coletoras de res\u00edduos j\u00e1 foram incendiadas em 2025 em Petr\u00f3polis\">Leia mais<i class=\"dt-icon-the7-arrow-03\" aria-hidden=\"true\"><\/i><\/a>\n\n<\/div><\/article><article class=\"post project-odd visible post-17496 type-post status-publish format-standard has-post-thumbnail hentry category-home category-1 description-off\" data-name=\"Prefeitura garante coleta de \u00f3leo de cozinha e amplia a\u00e7\u00f5es de reciclagem nos grandes eventos\" data-date=\"2025-09-10T11:11:08-03:00\">\n\n<div class=\"post-thumbnail-wrap\">\n\t<div class=\"post-thumbnail\">\n\n\t\t\n\t\t\n\t\t<a href=\"https:\/\/comdep.com.br\/?p=17496\" class=\"post-thumbnail-rollover layzr-bg layzr-bg\" ><img decoding=\"async\" class=\"blog-thumb-lazy-load preload-me lazy-load aspect\" src=\"data:image\/svg+xml,%3Csvg%20xmlns%3D&#39;http%3A%2F%2Fwww.w3.org%2F2000%2Fsvg&#39;%20viewBox%3D&#39;0%200%20768%20512&#39;%2F%3E\" data-src=\"https:\/\/comdep.com.br\/wp-content\/uploads\/2025\/09\/cheng-768x512.jpg\" data-srcset=\"https:\/\/comdep.com.br\/wp-content\/uploads\/2025\/09\/cheng-768x512.jpg 768w, https:\/\/comdep.com.br\/wp-content\/uploads\/2025\/09\/cheng-900x599.jpg 900w\" loading=\"eager\" style=\"--ratio: 768 \/ 512\" sizes=\"(max-width: 768px) 100vw, 768px\" alt=\"\" title=\"cheng\" width=\"768\" height=\"512\"  \/><\/a>\n\t<\/div>\n<\/div>\n\n\n<div class=\"post-entry-content\">\n\n\t<h3 class=\"entry-title\">\n\t\t<a href=\"https:\/\/comdep.com.br\/?p=17496\" title=\"Prefeitura garante coleta de \u00f3leo de cozinha e amplia a\u00e7\u00f5es de reciclagem nos grandes eventos\" rel=\"bookmark\">Prefeitura garante coleta de \u00f3leo de cozinha e amplia a\u00e7\u00f5es de reciclagem nos grandes eventos<\/a>\n\t<\/h3>\n\n\t<div class=\"entry-meta\"><a href=\"https:\/\/comdep.com.br\/?m=20250910\" title=\"11:11\" class=\"data-link\" rel=\"bookmark\"><time class=\"entry-date updated\" datetime=\"2025-09-10T11:11:08-03:00\">10\/09\/2025<\/time><\/a><\/div>\n\t<div class=\"entry-excerpt\"><p>A Prefeitura vai assegurar a destina\u00e7\u00e3o correta de res\u00edduos em dois grandes eventos do munic\u00edpio: a Serra Serata, no Pal\u00e1cio de Cristal, e a Oktoberfest, no Parque Municipal Prefeito Paulo Rattes, em Itaipava. Al\u00e9m da coleta seletiva de res\u00edduos realizada pela Comdep, os eventos contar\u00e3o com a coleta de \u00f3leo de cozinha usado, em parceria&hellip;<\/p>\n<\/div>\n\t\n<a href=\"https:\/\/comdep.com.br\/?p=17496\" class=\"post-details details-type-link\" aria-label=\"Read more about Prefeitura garante coleta de \u00f3leo de cozinha e amplia a\u00e7\u00f5es de reciclagem nos grandes eventos\">Leia mais<i class=\"dt-icon-the7-arrow-03\" aria-hidden=\"true\"><\/i><\/a>\n\n<\/div><\/article><article class=\"post project-odd visible post-17435 type-post status-publish format-standard has-post-thumbnail hentry category-home category-1 description-off\" data-name=\"Comdep realiza troca de garrafas PET por vassouras ecol\u00f3gicas no Liceu Municipal Carlos Chagas\" data-date=\"2025-09-01T16:48:17-03:00\">\n\n<div class=\"post-thumbnail-wrap\">\n\t<div class=\"post-thumbnail\">\n\n\t\t\n\t\t\n\t\t<a href=\"https:\/\/comdep.com.br\/?p=17435\" class=\"post-thumbnail-rollover layzr-bg layzr-bg\" ><img decoding=\"async\" class=\"blog-thumb-lazy-load preload-me lazy-load aspect\" src=\"data:image\/svg+xml,%3Csvg%20xmlns%3D&#39;http%3A%2F%2Fwww.w3.org%2F2000%2Fsvg&#39;%20viewBox%3D&#39;0%200%20768%20512&#39;%2F%3E\" data-src=\"https:\/\/comdep.com.br\/wp-content\/uploads\/2025\/09\/01-liceu-768x512.jpeg\" data-srcset=\"https:\/\/comdep.com.br\/wp-content\/uploads\/2025\/09\/01-liceu-768x512.jpeg 768w, https:\/\/comdep.com.br\/wp-content\/uploads\/2025\/09\/01-liceu-1080x720.jpeg 1080w\" loading=\"eager\" style=\"--ratio: 768 \/ 512\" sizes=\"(max-width: 768px) 100vw, 768px\" alt=\"\" title=\"01 liceu\" width=\"768\" height=\"512\"  \/><\/a>\n\t<\/div>\n<\/div>\n\n\n<div class=\"post-entry-content\">\n\n\t<h3 class=\"entry-title\">\n\t\t<a href=\"https:\/\/comdep.com.br\/?p=17435\" title=\"Comdep realiza troca de garrafas PET por vassouras ecol\u00f3gicas no Liceu Municipal Carlos Chagas\" rel=\"bookmark\">Comdep realiza troca de garrafas PET por vassouras ecol\u00f3gicas no Liceu Municipal Carlos Chagas<\/a>\n\t<\/h3>\n\n\t<div class=\"entry-meta\"><a href=\"https:\/\/comdep.com.br\/?m=20250901\" title=\"16:48\" class=\"data-link\" rel=\"bookmark\"><time class=\"entry-date updated\" datetime=\"2025-09-01T16:48:17-03:00\">01\/09\/2025<\/time><\/a><\/div>\n\t<div class=\"entry-excerpt\"><p>As equipes da Comdep estiveram, nesta segunda-feira (01\/09), no Liceu Municipal Carlos Chagas para mais uma a\u00e7\u00e3o de sustentabilidade e educa\u00e7\u00e3o ambiental. Desta vez, a visita teve como foco a troca de garrafas PET por vassouras ecol\u00f3gicas, produzidas no Centro de Triagem Anderson Manoel Palma, localizado no bairro Sim\u00e9ria.A iniciativa faz parte do programa de&hellip;<\/p>\n<\/div>\n\t\n<a href=\"https:\/\/comdep.com.br\/?p=17435\" class=\"post-details details-type-link\" aria-label=\"Read more about Comdep realiza troca de garrafas PET por vassouras ecol\u00f3gicas no Liceu Municipal Carlos Chagas\">Leia mais<i class=\"dt-icon-the7-arrow-03\" aria-hidden=\"true\"><\/i><\/a>\n\n<\/div><\/article><article class=\"post project-odd visible no-img post-17433 type-post status-publish format-standard hentry category-home category-1 description-off\" data-name=\"Comdep refor\u00e7a a\u00e7\u00f5es de sustentabilidade e inclus\u00e3o durante a Semana Nacional da Pessoa com Defici\u00eancia Intelectual e M\u00faltipla\" data-date=\"2025-09-01T15:34:30-03:00\">\n\n<div class=\"post-entry-content\">\n\n\t<h3 class=\"entry-title\">\n\t\t<a href=\"https:\/\/comdep.com.br\/?p=17433\" title=\"Comdep refor\u00e7a a\u00e7\u00f5es de sustentabilidade e inclus\u00e3o durante a Semana Nacional da Pessoa com Defici\u00eancia Intelectual e M\u00faltipla\" rel=\"bookmark\">Comdep refor\u00e7a a\u00e7\u00f5es de sustentabilidade e inclus\u00e3o durante a Semana Nacional da Pessoa com Defici\u00eancia Intelectual e M\u00faltipla<\/a>\n\t<\/h3>\n\n\t<div class=\"entry-meta\"><a href=\"https:\/\/comdep.com.br\/?m=20250901\" title=\"15:34\" class=\"data-link\" rel=\"bookmark\"><time class=\"entry-date updated\" datetime=\"2025-09-01T15:34:30-03:00\">01\/09\/2025<\/time><\/a><\/div>\n\t<div class=\"entry-excerpt\"><p>Sustentabilidade e inclus\u00e3o social foram os principais temas de uma reuni\u00e3o realizada entre a Comdep e o Projeto INcluir Petr\u00f3polis. O encontro teve como foco o programa Inclus\u00e3o e Res\u00edduos, que busca n\u00e3o apenas melhorar a destina\u00e7\u00e3o do \u00f3leo de cozinha usado na cidade, mas tamb\u00e9m promover a inclus\u00e3o de pessoas com defici\u00eancia intelectual e&hellip;<\/p>\n<\/div>\n\t\n<a href=\"https:\/\/comdep.com.br\/?p=17433\" class=\"post-details details-type-link\" aria-label=\"Read more about Comdep refor\u00e7a a\u00e7\u00f5es de sustentabilidade e inclus\u00e3o durante a Semana Nacional da Pessoa com Defici\u00eancia Intelectual e M\u00faltipla\">Leia mais<i class=\"dt-icon-the7-arrow-03\" aria-hidden=\"true\"><\/i><\/a>\n\n<\/div><\/article><article class=\"post project-odd visible post-17430 type-post status-publish format-standard has-post-thumbnail hentry category-home category-1 description-off\" data-name=\"Prefeitura participa do 2\u00ba Festival de Limpeza da Cachoeira da Rocinha com a\u00e7\u00f5es integradas de educa\u00e7\u00e3o ambiental e preserva\u00e7\u00e3o\" data-date=\"2025-09-01T15:33:18-03:00\">\n\n<div class=\"post-thumbnail-wrap\">\n\t<div class=\"post-thumbnail\">\n\n\t\t\n\t\t\n\t\t<a href=\"https:\/\/comdep.com.br\/?p=17430\" class=\"post-thumbnail-rollover layzr-bg layzr-bg\" ><img decoding=\"async\" class=\"blog-thumb-lazy-load preload-me lazy-load aspect\" src=\"data:image\/svg+xml,%3Csvg%20xmlns%3D&#39;http%3A%2F%2Fwww.w3.org%2F2000%2Fsvg&#39;%20viewBox%3D&#39;0%200%20768%20512&#39;%2F%3E\" data-src=\"https:\/\/comdep.com.br\/wp-content\/uploads\/2025\/09\/rocinha-limpeza-768x512.jpeg\" data-srcset=\"https:\/\/comdep.com.br\/wp-content\/uploads\/2025\/09\/rocinha-limpeza-768x512.jpeg 768w, https:\/\/comdep.com.br\/wp-content\/uploads\/2025\/09\/rocinha-limpeza-1198x798.jpeg 1198w\" loading=\"eager\" style=\"--ratio: 768 \/ 512\" sizes=\"(max-width: 768px) 100vw, 768px\" alt=\"\" title=\"rocinha limpeza\" width=\"768\" height=\"512\"  \/><\/a>\n\t<\/div>\n<\/div>\n\n\n<div class=\"post-entry-content\">\n\n\t<h3 class=\"entry-title\">\n\t\t<a href=\"https:\/\/comdep.com.br\/?p=17430\" title=\"Prefeitura participa do 2\u00ba Festival de Limpeza da Cachoeira da Rocinha com a\u00e7\u00f5es integradas de educa\u00e7\u00e3o ambiental e preserva\u00e7\u00e3o\" rel=\"bookmark\">Prefeitura participa do 2\u00ba Festival de Limpeza da Cachoeira da Rocinha com a\u00e7\u00f5es integradas de educa\u00e7\u00e3o ambiental e preserva\u00e7\u00e3o<\/a>\n\t<\/h3>\n\n\t<div class=\"entry-meta\"><a href=\"https:\/\/comdep.com.br\/?m=20250901\" title=\"15:33\" class=\"data-link\" rel=\"bookmark\"><time class=\"entry-date updated\" datetime=\"2025-09-01T15:33:18-03:00\">01\/09\/2025<\/time><\/a><\/div>\n\t<div class=\"entry-excerpt\"><p>A Prefeitura marcou presen\u00e7a no 2\u00ba Festival de Limpeza da Cachoeira da Rocinha, na manh\u00e3 desta sexta-feira (29\/08), por meio de uma a\u00e7\u00e3o integrada entre as secretarias municipais de Meio Ambiente, Educa\u00e7\u00e3o e de Prote\u00e7\u00e3o e Defesa Civil. O evento reuniu a Comdep, o ICMBio, o Instituto Estadual do Ambiente (Inea), equipes do Monumento Natural&hellip;<\/p>\n<\/div>\n\t\n<a href=\"https:\/\/comdep.com.br\/?p=17430\" class=\"post-details details-type-link\" aria-label=\"Read more about Prefeitura participa do 2\u00ba Festival de Limpeza da Cachoeira da Rocinha com a\u00e7\u00f5es integradas de educa\u00e7\u00e3o ambiental e preserva\u00e7\u00e3o\">Leia mais<i class=\"dt-icon-the7-arrow-03\" aria-hidden=\"true\"><\/i><\/a>\n\n<\/div><\/article><article class=\"post project-odd visible post-17427 type-post status-publish format-standard has-post-thumbnail hentry category-home category-1 description-off\" data-name=\"Idosos do Caxambu recebem a\u00e7\u00e3o da Comdep sobre coleta seletiva e meio ambiente\" data-date=\"2025-09-01T15:30:49-03:00\">\n\n<div class=\"post-thumbnail-wrap\">\n\t<div class=\"post-thumbnail\">\n\n\t\t\n\t\t\n\t\t<a href=\"https:\/\/comdep.com.br\/?p=17427\" class=\"post-thumbnail-rollover layzr-bg layzr-bg\" ><img decoding=\"async\" class=\"blog-thumb-lazy-load preload-me lazy-load aspect\" src=\"data:image\/svg+xml,%3Csvg%20xmlns%3D&#39;http%3A%2F%2Fwww.w3.org%2F2000%2Fsvg&#39;%20viewBox%3D&#39;0%200%20768%20512&#39;%2F%3E\" data-src=\"https:\/\/comdep.com.br\/wp-content\/uploads\/2025\/09\/20250828_090200-scaled-768x512.jpg\" data-srcset=\"https:\/\/comdep.com.br\/wp-content\/uploads\/2025\/09\/20250828_090200-scaled-768x512.jpg 768w, https:\/\/comdep.com.br\/wp-content\/uploads\/2025\/09\/20250828_090200-scaled-1306x870.jpg 1306w\" loading=\"eager\" style=\"--ratio: 768 \/ 512\" sizes=\"(max-width: 768px) 100vw, 768px\" alt=\"\" title=\"20250828_090200\" width=\"768\" height=\"512\"  \/><\/a>\n\t<\/div>\n<\/div>\n\n\n<div class=\"post-entry-content\">\n\n\t<h3 class=\"entry-title\">\n\t\t<a href=\"https:\/\/comdep.com.br\/?p=17427\" title=\"Idosos do Caxambu recebem a\u00e7\u00e3o da Comdep sobre coleta seletiva e meio ambiente\" rel=\"bookmark\">Idosos do Caxambu recebem a\u00e7\u00e3o da Comdep sobre coleta seletiva e meio ambiente<\/a>\n\t<\/h3>\n\n\t<div class=\"entry-meta\"><a href=\"https:\/\/comdep.com.br\/?m=20250901\" title=\"15:30\" class=\"data-link\" rel=\"bookmark\"><time class=\"entry-date updated\" datetime=\"2025-09-01T15:30:49-03:00\">01\/09\/2025<\/time><\/a><\/div>\n\t<div class=\"entry-excerpt\"><p>Idosos atendidos pela Unidade de Sa\u00fade da Fam\u00edlia (USF) do Caxambu, no Santa Isabel, receberam equipes da Comdep, que levaram orienta\u00e7\u00f5es sobre a import\u00e2ncia da coleta seletiva. A a\u00e7\u00e3o aconteceu na manh\u00e3 desta quinta-feira (28\/08). O encontro faz parte das atividades desenvolvidas com o grupo de idosos da USF, que se re\u00fane mensalmente para rodas&hellip;<\/p>\n<\/div>\n\t\n<a href=\"https:\/\/comdep.com.br\/?p=17427\" class=\"post-details details-type-link\" aria-label=\"Read more about Idosos do Caxambu recebem a\u00e7\u00e3o da Comdep sobre coleta seletiva e meio ambiente\">Leia mais<i class=\"dt-icon-the7-arrow-03\" aria-hidden=\"true\"><\/i><\/a>\n\n<\/div><\/article><article class=\"post project-odd visible post-17413 type-post status-publish format-standard has-post-thumbnail hentry category-home category-1 description-off\" data-name=\"Estudantes da E.M. Paulo Freire conhecem a primeira f\u00e1brica de vassouras ecol\u00f3gicas do estado\" data-date=\"2025-09-01T15:26:32-03:00\">\n\n<div class=\"post-thumbnail-wrap\">\n\t<div class=\"post-thumbnail\">\n\n\t\t\n\t\t\n\t\t<a href=\"https:\/\/comdep.com.br\/?p=17413\" class=\"post-thumbnail-rollover layzr-bg layzr-bg\" ><img decoding=\"async\" class=\"blog-thumb-lazy-load preload-me lazy-load aspect\" src=\"data:image\/svg+xml,%3Csvg%20xmlns%3D&#39;http%3A%2F%2Fwww.w3.org%2F2000%2Fsvg&#39;%20viewBox%3D&#39;0%200%20768%20512&#39;%2F%3E\" data-src=\"https:\/\/comdep.com.br\/wp-content\/uploads\/2025\/09\/20250829_100348-scaled-768x512.jpg\" data-srcset=\"https:\/\/comdep.com.br\/wp-content\/uploads\/2025\/09\/20250829_100348-scaled-768x512.jpg 768w, https:\/\/comdep.com.br\/wp-content\/uploads\/2025\/09\/20250829_100348-scaled-1306x870.jpg 1306w\" loading=\"eager\" style=\"--ratio: 768 \/ 512\" sizes=\"(max-width: 768px) 100vw, 768px\" alt=\"\" title=\"20250829_100348\" width=\"768\" height=\"512\"  \/><\/a>\n\t<\/div>\n<\/div>\n\n\n<div class=\"post-entry-content\">\n\n\t<h3 class=\"entry-title\">\n\t\t<a href=\"https:\/\/comdep.com.br\/?p=17413\" title=\"Estudantes da E.M. Paulo Freire conhecem a primeira f\u00e1brica de vassouras ecol\u00f3gicas do estado\" rel=\"bookmark\">Estudantes da E.M. Paulo Freire conhecem a primeira f\u00e1brica de vassouras ecol\u00f3gicas do estado<\/a>\n\t<\/h3>\n\n\t<div class=\"entry-meta\"><a href=\"https:\/\/comdep.com.br\/?m=20250901\" title=\"15:26\" class=\"data-link\" rel=\"bookmark\"><time class=\"entry-date updated\" datetime=\"2025-09-01T15:26:32-03:00\">01\/09\/2025<\/time><\/a><\/div>\n\t<div class=\"entry-excerpt\"><p>Estudantes da Escola Municipal Paulo Freire conheceram o Centro de Triagem de Coleta Seletiva da Comdep \u2013 a primeira f\u00e1brica de vassouras ecol\u00f3gicas produzidas com garrafas PET do estado do Rio de Janeiro.A atividade foi organizada pela Secretaria de Meio Ambiente, por meio do Departamento de Educa\u00e7\u00e3o Ambiental, em parceria com a Secretaria de Educa\u00e7\u00e3o&hellip;<\/p>\n<\/div>\n\t\n<a href=\"https:\/\/comdep.com.br\/?p=17413\" class=\"post-details details-type-link\" aria-label=\"Read more about Estudantes da E.M. Paulo Freire conhecem a primeira f\u00e1brica de vassouras ecol\u00f3gicas do estado\">Leia mais<i class=\"dt-icon-the7-arrow-03\" aria-hidden=\"true\"><\/i><\/a>\n\n<\/div><\/article><article class=\"post project-odd visible post-17410 type-post status-publish format-standard has-post-thumbnail hentry category-home category-1 description-off\" data-name=\"Centro de triagem de Coleta Seletiva recebe visita de estudantes\" data-date=\"2025-09-01T15:17:54-03:00\">\n\n<div class=\"post-thumbnail-wrap\">\n\t<div class=\"post-thumbnail\">\n\n\t\t\n\t\t\n\t\t<a href=\"https:\/\/comdep.com.br\/?p=17410\" class=\"post-thumbnail-rollover layzr-bg layzr-bg\" ><img decoding=\"async\" class=\"blog-thumb-lazy-load preload-me lazy-load aspect\" src=\"data:image\/svg+xml,%3Csvg%20xmlns%3D&#39;http%3A%2F%2Fwww.w3.org%2F2000%2Fsvg&#39;%20viewBox%3D&#39;0%200%20768%20512&#39;%2F%3E\" data-src=\"https:\/\/comdep.com.br\/wp-content\/uploads\/2025\/09\/0011-768x512.jpg\" data-srcset=\"https:\/\/comdep.com.br\/wp-content\/uploads\/2025\/09\/0011-768x512.jpg 768w, https:\/\/comdep.com.br\/wp-content\/uploads\/2025\/09\/0011-900x599.jpg 900w\" loading=\"eager\" style=\"--ratio: 768 \/ 512\" sizes=\"(max-width: 768px) 100vw, 768px\" alt=\"\" title=\"0011\" width=\"768\" height=\"512\"  \/><\/a>\n\t<\/div>\n<\/div>\n\n\n<div class=\"post-entry-content\">\n\n\t<h3 class=\"entry-title\">\n\t\t<a href=\"https:\/\/comdep.com.br\/?p=17410\" title=\"Centro de triagem de Coleta Seletiva recebe visita de estudantes\" rel=\"bookmark\">Centro de triagem de Coleta Seletiva recebe visita de estudantes<\/a>\n\t<\/h3>\n\n\t<div class=\"entry-meta\"><a href=\"https:\/\/comdep.com.br\/?m=20250901\" title=\"15:17\" class=\"data-link\" rel=\"bookmark\"><time class=\"entry-date updated\" datetime=\"2025-09-01T15:17:54-03:00\">01\/09\/2025<\/time><\/a><\/div>\n\t<div class=\"entry-excerpt\"><p>O Centro de Triagem de Coleta Seletiva Anderson Manoel Palma, da Comdep, no Sim\u00e9ria, recebeu a visita dos estudantes do oitavo ano do Col\u00e9gio Bom Jesus S\u00e3o Jos\u00e9. Eles aprenderam o processos de coleta seletiva e a fabrica\u00e7\u00e3o de vassouras a partir de garrafas PET recicladas. A visita das escolas no Centro de Triagem integra&hellip;<\/p>\n<\/div>\n\t\n<a href=\"https:\/\/comdep.com.br\/?p=17410\" class=\"post-details details-type-link\" aria-label=\"Read more about Centro de triagem de Coleta Seletiva recebe visita de estudantes\">Leia mais<i class=\"dt-icon-the7-arrow-03\" aria-hidden=\"true\"><\/i><\/a>\n\n<\/div><\/article><article class=\"post project-odd visible post-17363 type-post status-publish format-standard has-post-thumbnail hentry category-home category-1 description-off\" data-name=\"Prefeitura reinaugura Ag\u00eancia Regional de Itaipava da Comdep\" data-date=\"2025-08-22T13:15:51-03:00\">\n\n<div class=\"post-thumbnail-wrap\">\n\t<div class=\"post-thumbnail\">\n\n\t\t\n\t\t\n\t\t<a href=\"https:\/\/comdep.com.br\/?p=17363\" class=\"post-thumbnail-rollover layzr-bg layzr-bg\" ><img decoding=\"async\" class=\"blog-thumb-lazy-load preload-me lazy-load aspect\" src=\"data:image\/svg+xml,%3Csvg%20xmlns%3D&#39;http%3A%2F%2Fwww.w3.org%2F2000%2Fsvg&#39;%20viewBox%3D&#39;0%200%20768%20512&#39;%2F%3E\" data-src=\"https:\/\/comdep.com.br\/wp-content\/uploads\/2025\/08\/8004f6680faf799779a59f296d3d1d06_XL-768x512.jpg\" data-srcset=\"https:\/\/comdep.com.br\/wp-content\/uploads\/2025\/08\/8004f6680faf799779a59f296d3d1d06_XL-768x512.jpg 768w, https:\/\/comdep.com.br\/wp-content\/uploads\/2025\/08\/8004f6680faf799779a59f296d3d1d06_XL.jpg 900w\" loading=\"eager\" style=\"--ratio: 768 \/ 512\" sizes=\"(max-width: 768px) 100vw, 768px\" alt=\"\" title=\"8004f6680faf799779a59f296d3d1d06_XL\" width=\"768\" height=\"512\"  \/><\/a>\n\t<\/div>\n<\/div>\n\n\n<div class=\"post-entry-content\">\n\n\t<h3 class=\"entry-title\">\n\t\t<a href=\"https:\/\/comdep.com.br\/?p=17363\" title=\"Prefeitura reinaugura Ag\u00eancia Regional de Itaipava da Comdep\" rel=\"bookmark\">Prefeitura reinaugura Ag\u00eancia Regional de Itaipava da Comdep<\/a>\n\t<\/h3>\n\n\t<div class=\"entry-meta\"><a href=\"https:\/\/comdep.com.br\/?m=20250822\" title=\"13:15\" class=\"data-link\" rel=\"bookmark\"><time class=\"entry-date updated\" datetime=\"2025-08-22T13:15:51-03:00\">22\/08\/2025<\/time><\/a><\/div>\n\t<div class=\"entry-excerpt\"><p>A Prefeitura reinaugurou nesta quinta-feira (21\/08) a Ag\u00eancia Regional de Itaipava da Companhia Municipal de Desenvolvimento de Petr\u00f3polis (Comdep). Ap\u00f3s dois anos inativa, a unidade foi reformada e volta a funcionar com melhorias estruturais, incluindo paisagismo, pintura, instala\u00e7\u00f5es el\u00e9tricas, refeit\u00f3rio equipado e vesti\u00e1rios mais adequados para os funcion\u00e1rios. A entrega representa um avan\u00e7o na descentraliza\u00e7\u00e3o&hellip;<\/p>\n<\/div>\n\t\n<a href=\"https:\/\/comdep.com.br\/?p=17363\" class=\"post-details details-type-link\" aria-label=\"Read more about Prefeitura reinaugura Ag\u00eancia Regional de Itaipava da Comdep\">Leia mais<i class=\"dt-icon-the7-arrow-03\" aria-hidden=\"true\"><\/i><\/a>\n\n<\/div><\/article><article class=\"post project-odd visible post-17345 type-post status-publish format-standard has-post-thumbnail hentry category-home category-1 description-off\" data-name=\"Prefeitura intensifica combate ao Aedes aegypti com segundo Dia D em Petr\u00f3polis\" data-date=\"2025-08-19T12:39:33-03:00\">\n\n<div class=\"post-thumbnail-wrap\">\n\t<div class=\"post-thumbnail\">\n\n\t\t\n\t\t\n\t\t<a href=\"https:\/\/comdep.com.br\/?p=17345\" class=\"post-thumbnail-rollover layzr-bg layzr-bg\" ><img decoding=\"async\" class=\"blog-thumb-lazy-load preload-me lazy-load aspect\" src=\"data:image\/svg+xml,%3Csvg%20xmlns%3D&#39;http%3A%2F%2Fwww.w3.org%2F2000%2Fsvg&#39;%20viewBox%3D&#39;0%200%20768%20512&#39;%2F%3E\" data-src=\"https:\/\/comdep.com.br\/wp-content\/uploads\/2025\/08\/dengue-1-768x512.jpg\" data-srcset=\"https:\/\/comdep.com.br\/wp-content\/uploads\/2025\/08\/dengue-1-768x512.jpg 768w, https:\/\/comdep.com.br\/wp-content\/uploads\/2025\/08\/dengue-1-900x599.jpg 900w\" loading=\"eager\" style=\"--ratio: 768 \/ 512\" sizes=\"(max-width: 768px) 100vw, 768px\" alt=\"\" title=\"dengue 1\" width=\"768\" height=\"512\"  \/><\/a>\n\t<\/div>\n<\/div>\n\n\n<div class=\"post-entry-content\">\n\n\t<h3 class=\"entry-title\">\n\t\t<a href=\"https:\/\/comdep.com.br\/?p=17345\" title=\"Prefeitura intensifica combate ao Aedes aegypti com segundo Dia D em Petr\u00f3polis\" rel=\"bookmark\">Prefeitura intensifica combate ao Aedes aegypti com segundo Dia D em Petr\u00f3polis<\/a>\n\t<\/h3>\n\n\t<div class=\"entry-meta\"><a href=\"https:\/\/comdep.com.br\/?m=20250819\" title=\"12:39\" class=\"data-link\" rel=\"bookmark\"><time class=\"entry-date updated\" datetime=\"2025-08-19T12:39:33-03:00\">19\/08\/2025<\/time><\/a><\/div>\n\t<div class=\"entry-excerpt\"><p>A Prefeitura realizou neste s\u00e1bado (16\/08) uma grande for\u00e7a-tarefa de mobiliza\u00e7\u00e3o contra o mosquito Aedes aegypti \u2013 transmissor da Dengue, Zika e Chikungunya. O segundo dia D contra a Dengue reuniu diversas secretarias municipais e mobilizou a popula\u00e7\u00e3o em diferentes regi\u00f5es da cidade. Uma equipe formada por 88 agentes de combate \u00e0s endemias (ACE) atuou&hellip;<\/p>\n<\/div>\n\t\n<a href=\"https:\/\/comdep.com.br\/?p=17345\" class=\"post-details details-type-link\" aria-label=\"Read more about Prefeitura intensifica combate ao Aedes aegypti com segundo Dia D em Petr\u00f3polis\">Leia mais<i class=\"dt-icon-the7-arrow-03\" aria-hidden=\"true\"><\/i><\/a>\n\n<\/div><\/article><article class=\"post project-odd visible post-17342 type-post status-publish format-standard has-post-thumbnail hentry category-home category-1 description-off\" data-name=\"Mais de 700 atendimentos marcam 4\u00aa edi\u00e7\u00e3o do \u201cPetr\u00f3polis do Bem\u201d em Corr\u00eaas\" data-date=\"2025-08-19T12:38:18-03:00\">\n\n<div class=\"post-thumbnail-wrap\">\n\t<div class=\"post-thumbnail\">\n\n\t\t\n\t\t\n\t\t<a href=\"https:\/\/comdep.com.br\/?p=17342\" class=\"post-thumbnail-rollover layzr-bg layzr-bg\" ><img decoding=\"async\" class=\"blog-thumb-lazy-load preload-me lazy-load aspect\" src=\"data:image\/svg+xml,%3Csvg%20xmlns%3D&#39;http%3A%2F%2Fwww.w3.org%2F2000%2Fsvg&#39;%20viewBox%3D&#39;0%200%20768%20512&#39;%2F%3E\" data-src=\"https:\/\/comdep.com.br\/wp-content\/uploads\/2025\/08\/do-bem-1-768x512.jpg\" data-srcset=\"https:\/\/comdep.com.br\/wp-content\/uploads\/2025\/08\/do-bem-1-768x512.jpg 768w, https:\/\/comdep.com.br\/wp-content\/uploads\/2025\/08\/do-bem-1.jpg 900w\" loading=\"eager\" style=\"--ratio: 768 \/ 512\" sizes=\"(max-width: 768px) 100vw, 768px\" alt=\"\" title=\"do bem 1\" width=\"768\" height=\"512\"  \/><\/a>\n\t<\/div>\n<\/div>\n\n\n<div class=\"post-entry-content\">\n\n\t<h3 class=\"entry-title\">\n\t\t<a href=\"https:\/\/comdep.com.br\/?p=17342\" title=\"Mais de 700 atendimentos marcam 4\u00aa edi\u00e7\u00e3o do \u201cPetr\u00f3polis do Bem\u201d em Corr\u00eaas\" rel=\"bookmark\">Mais de 700 atendimentos marcam 4\u00aa edi\u00e7\u00e3o do \u201cPetr\u00f3polis do Bem\u201d em Corr\u00eaas<\/a>\n\t<\/h3>\n\n\t<div class=\"entry-meta\"><a href=\"https:\/\/comdep.com.br\/?m=20250819\" title=\"12:38\" class=\"data-link\" rel=\"bookmark\"><time class=\"entry-date updated\" datetime=\"2025-08-19T12:38:18-03:00\">19\/08\/2025<\/time><\/a><\/div>\n\t<div class=\"entry-excerpt\"><p>A regi\u00e3o de Corr\u00eaas recebeu neste s\u00e1bado (16\/08) mais uma edi\u00e7\u00e3o do programa Petr\u00f3polis do Bem, promovido pela Prefeitura de Petr\u00f3polis. Em um dia inteiro de atividades, realizado na Escola Municipalizada Herc\u00edlia Henriques Moret, a popula\u00e7\u00e3o contou com uma s\u00e9rie de servi\u00e7os gratuitos, oferecidos por secretarias municipais, entidades parceiras e volunt\u00e1rios. Ao todo, foram registrados&hellip;<\/p>\n<\/div>\n\t\n<a href=\"https:\/\/comdep.com.br\/?p=17342\" class=\"post-details details-type-link\" aria-label=\"Read more about Mais de 700 atendimentos marcam 4\u00aa edi\u00e7\u00e3o do \u201cPetr\u00f3polis do Bem\u201d em Corr\u00eaas\">Leia mais<i class=\"dt-icon-the7-arrow-03\" aria-hidden=\"true\"><\/i><\/a>\n\n<\/div><\/article><article class=\"post project-odd visible post-17303 type-post status-publish format-standard has-post-thumbnail hentry category-home category-1 description-off\" data-name=\"Comdep promove manh\u00e3 de palestras do \u201cAgosto Lil\u00e1s\u201d para servidoras da Companhia\" data-date=\"2025-08-14T15:19:42-03:00\">\n\n<div class=\"post-thumbnail-wrap\">\n\t<div class=\"post-thumbnail\">\n\n\t\t\n\t\t\n\t\t<a href=\"https:\/\/comdep.com.br\/?p=17303\" class=\"post-thumbnail-rollover layzr-bg layzr-bg\" ><img decoding=\"async\" class=\"blog-thumb-lazy-load preload-me lazy-load aspect\" src=\"data:image\/svg+xml,%3Csvg%20xmlns%3D&#39;http%3A%2F%2Fwww.w3.org%2F2000%2Fsvg&#39;%20viewBox%3D&#39;0%200%20768%20512&#39;%2F%3E\" data-src=\"https:\/\/comdep.com.br\/wp-content\/uploads\/2025\/08\/WhatsApp-Image-2025-08-12-at-12.17.25-768x512.jpeg\" data-srcset=\"https:\/\/comdep.com.br\/wp-content\/uploads\/2025\/08\/WhatsApp-Image-2025-08-12-at-12.17.25-768x512.jpeg 768w, https:\/\/comdep.com.br\/wp-content\/uploads\/2025\/08\/WhatsApp-Image-2025-08-12-at-12.17.25-1306x870.jpeg 1306w\" loading=\"eager\" style=\"--ratio: 768 \/ 512\" sizes=\"(max-width: 768px) 100vw, 768px\" alt=\"\" title=\"WhatsApp Image 2025-08-12 at 12.17.25\" width=\"768\" height=\"512\"  \/><\/a>\n\t<\/div>\n<\/div>\n\n\n<div class=\"post-entry-content\">\n\n\t<h3 class=\"entry-title\">\n\t\t<a href=\"https:\/\/comdep.com.br\/?p=17303\" title=\"Comdep promove manh\u00e3 de palestras do \u201cAgosto Lil\u00e1s\u201d para servidoras da Companhia\" rel=\"bookmark\">Comdep promove manh\u00e3 de palestras do \u201cAgosto Lil\u00e1s\u201d para servidoras da Companhia<\/a>\n\t<\/h3>\n\n\t<div class=\"entry-meta\"><a href=\"https:\/\/comdep.com.br\/?m=20250814\" title=\"15:19\" class=\"data-link\" rel=\"bookmark\"><time class=\"entry-date updated\" datetime=\"2025-08-14T15:19:42-03:00\">14\/08\/2025<\/time><\/a><\/div>\n\t<div class=\"entry-excerpt\"><p>A manh\u00e3 desta ter\u00e7a-feira (12) foi marcada por uma programa\u00e7\u00e3o especial dedicada \u00e0s mulheres da Companhia Municipal de Desenvolvimento de Petr\u00f3polis (Comdep), em alus\u00e3o \u00e0 campanha Agosto Lil\u00e1s, que tem como objetivo conscientizar sobre o combate \u00e0 viol\u00eancia contra a mulher e fortalecer o empoderamento feminino.O encontro, realizado na sede da Companhia, contou com uma&hellip;<\/p>\n<\/div>\n\t\n<a href=\"https:\/\/comdep.com.br\/?p=17303\" class=\"post-details details-type-link\" aria-label=\"Read more about Comdep promove manh\u00e3 de palestras do \u201cAgosto Lil\u00e1s\u201d para servidoras da Companhia\">Leia mais<i class=\"dt-icon-the7-arrow-03\" aria-hidden=\"true\"><\/i><\/a>\n\n<\/div><\/article><article class=\"post project-odd visible post-17262 type-post status-publish format-standard has-post-thumbnail hentry category-home category-1 description-off\" data-name=\"Prefeitura acompanha trabalho de resposta \u00e0 chuva nos distritos\" data-date=\"2025-08-11T10:16:37-03:00\">\n\n<div class=\"post-thumbnail-wrap\">\n\t<div class=\"post-thumbnail\">\n\n\t\t\n\t\t\n\t\t<a href=\"https:\/\/comdep.com.br\/?p=17262\" class=\"post-thumbnail-rollover layzr-bg layzr-bg\" ><img decoding=\"async\" class=\"blog-thumb-lazy-load preload-me lazy-load aspect\" src=\"data:image\/svg+xml,%3Csvg%20xmlns%3D&#39;http%3A%2F%2Fwww.w3.org%2F2000%2Fsvg&#39;%20viewBox%3D&#39;0%200%20768%20512&#39;%2F%3E\" data-src=\"https:\/\/comdep.com.br\/wp-content\/uploads\/2025\/08\/limpeza1-768x512.jpg\" data-srcset=\"https:\/\/comdep.com.br\/wp-content\/uploads\/2025\/08\/limpeza1-768x512.jpg 768w, https:\/\/comdep.com.br\/wp-content\/uploads\/2025\/08\/limpeza1-900x599.jpg 900w\" loading=\"eager\" style=\"--ratio: 768 \/ 512\" sizes=\"(max-width: 768px) 100vw, 768px\" alt=\"\" title=\"limpeza1\" width=\"768\" height=\"512\"  \/><\/a>\n\t<\/div>\n<\/div>\n\n\n<div class=\"post-entry-content\">\n\n\t<h3 class=\"entry-title\">\n\t\t<a href=\"https:\/\/comdep.com.br\/?p=17262\" title=\"Prefeitura acompanha trabalho de resposta \u00e0 chuva nos distritos\" rel=\"bookmark\">Prefeitura acompanha trabalho de resposta \u00e0 chuva nos distritos<\/a>\n\t<\/h3>\n\n\t<div class=\"entry-meta\"><a href=\"https:\/\/comdep.com.br\/?m=20250811\" title=\"10:16\" class=\"data-link\" rel=\"bookmark\"><time class=\"entry-date updated\" datetime=\"2025-08-11T10:16:37-03:00\">11\/08\/2025<\/time><\/a><\/div>\n\t<div class=\"entry-excerpt\"><p>Equipes da DC desobstru\u00edram vias durante \u00e0 noite de sexta-feira (08\/08);&nbsp;Comdep realiza limpeza na manh\u00e3 deste s\u00e1bado (09\/08) A Prefeitura&nbsp;acompanhou na manh\u00e3 deste s\u00e1bado (09\/08), o trabalho de limpeza das equipes da Comdep em pontos de Nogueira e Itaipava, regi\u00f5es mais atingidas pela chuva de sexta-feira (08\/09). Uma pipa d&#8217;\u00e1gua e caminh\u00f5es foram usados para&hellip;<\/p>\n<\/div>\n\t\n<a href=\"https:\/\/comdep.com.br\/?p=17262\" class=\"post-details details-type-link\" aria-label=\"Read more about Prefeitura acompanha trabalho de resposta \u00e0 chuva nos distritos\">Leia mais<i class=\"dt-icon-the7-arrow-03\" aria-hidden=\"true\"><\/i><\/a>\n\n<\/div><\/article><article class=\"post project-odd visible post-17259 type-post status-publish format-standard has-post-thumbnail hentry category-home category-1 description-off\" data-name=\"Agosto Lil\u00e1s: Prefeitura pede inclus\u00e3o de endere\u00e7o do Cram nas contas de \u00e1gua\" data-date=\"2025-08-11T10:15:25-03:00\">\n\n<div class=\"post-thumbnail-wrap\">\n\t<div class=\"post-thumbnail\">\n\n\t\t\n\t\t\n\t\t<a href=\"https:\/\/comdep.com.br\/?p=17259\" class=\"post-thumbnail-rollover layzr-bg layzr-bg\" ><img decoding=\"async\" class=\"blog-thumb-lazy-load preload-me lazy-load aspect\" src=\"data:image\/svg+xml,%3Csvg%20xmlns%3D&#39;http%3A%2F%2Fwww.w3.org%2F2000%2Fsvg&#39;%20viewBox%3D&#39;0%200%20759%20506&#39;%2F%3E\" data-src=\"https:\/\/comdep.com.br\/wp-content\/uploads\/2025\/08\/jana-759x506.jpg\" data-srcset=\"https:\/\/comdep.com.br\/wp-content\/uploads\/2025\/08\/jana-759x506.jpg 759w\" loading=\"eager\" style=\"--ratio: 759 \/ 506\" sizes=\"(max-width: 759px) 100vw, 759px\" alt=\"\" title=\"jana\" width=\"759\" height=\"506\"  \/><\/a>\n\t<\/div>\n<\/div>\n\n\n<div class=\"post-entry-content\">\n\n\t<h3 class=\"entry-title\">\n\t\t<a href=\"https:\/\/comdep.com.br\/?p=17259\" title=\"Agosto Lil\u00e1s: Prefeitura pede inclus\u00e3o de endere\u00e7o do Cram nas contas de \u00e1gua\" rel=\"bookmark\">Agosto Lil\u00e1s: Prefeitura pede inclus\u00e3o de endere\u00e7o do Cram nas contas de \u00e1gua<\/a>\n\t<\/h3>\n\n\t<div class=\"entry-meta\"><a href=\"https:\/\/comdep.com.br\/?m=20250811\" title=\"10:15\" class=\"data-link\" rel=\"bookmark\"><time class=\"entry-date updated\" datetime=\"2025-08-11T10:15:25-03:00\">11\/08\/2025<\/time><\/a><\/div>\n\t<div class=\"entry-excerpt\"><p>Como parte das a\u00e7\u00f5es do Agosto Lil\u00e1s &#8211; Petr\u00f3polis por Elas, a Prefeitura, por meio da Comdep, oficiou a concession\u00e1ria \u00c1guas do Imperador para que passe a incluir, nas contas de \u00e1gua e esgoto, o endere\u00e7o e telefone do Centro de Refer\u00eancia em Atendimento \u00e0 Mulher (Cram), servi\u00e7o mantido pelo munic\u00edpio para acolher e orientar&hellip;<\/p>\n<\/div>\n\t\n<a href=\"https:\/\/comdep.com.br\/?p=17259\" class=\"post-details details-type-link\" aria-label=\"Read more about Agosto Lil\u00e1s: Prefeitura pede inclus\u00e3o de endere\u00e7o do Cram nas contas de \u00e1gua\">Leia mais<i class=\"dt-icon-the7-arrow-03\" aria-hidden=\"true\"><\/i><\/a>\n\n<\/div><\/article><article class=\"post project-odd visible no-img post-17244 type-post status-publish format-standard hentry category-home category-1 description-off\" data-name=\"Petr\u00f3polis participa do lan\u00e7amento do Programa Paul Singer, no Rio de Janeiro\" data-date=\"2025-08-08T10:52:09-03:00\">\n\n<div class=\"post-entry-content\">\n\n\t<h3 class=\"entry-title\">\n\t\t<a href=\"https:\/\/comdep.com.br\/?p=17244\" title=\"Petr\u00f3polis participa do lan\u00e7amento do Programa Paul Singer, no Rio de Janeiro\" rel=\"bookmark\">Petr\u00f3polis participa do lan\u00e7amento do Programa Paul Singer, no Rio de Janeiro<\/a>\n\t<\/h3>\n\n\t<div class=\"entry-meta\"><a href=\"https:\/\/comdep.com.br\/?m=20250808\" title=\"10:52\" class=\"data-link\" rel=\"bookmark\"><time class=\"entry-date updated\" datetime=\"2025-08-08T10:52:09-03:00\">08\/08\/2025<\/time><\/a><\/div>\n\t<div class=\"entry-excerpt\"><p>Representantes de Petr\u00f3polis participaram nesta quinta-feira (31\/07) do lan\u00e7amento da nova edi\u00e7\u00e3o do Programa Paul Singer \u2013 Forma\u00e7\u00e3o de Agentes Territoriais da Economia Popular Solid\u00e1ria, realizado no Rio de Janeiro. A cidade foi representada pela Comdep e por Marcelo Xavier, da Economia Popular Solid\u00e1ria de Petr\u00f3polis, que foi selecionado como um dos novos agentes do&hellip;<\/p>\n<\/div>\n\t\n<a href=\"https:\/\/comdep.com.br\/?p=17244\" class=\"post-details details-type-link\" aria-label=\"Read more about Petr\u00f3polis participa do lan\u00e7amento do Programa Paul Singer, no Rio de Janeiro\">Leia mais<i class=\"dt-icon-the7-arrow-03\" aria-hidden=\"true\"><\/i><\/a>\n\n<\/div><\/article><article class=\"post project-odd visible no-img post-17242 type-post status-publish format-standard hentry category-home category-1 description-off\" data-name=\"Petr\u00f3polis celebra o Dia Nacional dos Estudantes e Dia Internacional da Juventude com programa\u00e7\u00e3o no Centro de Cultura\" data-date=\"2025-08-08T10:50:46-03:00\">\n\n<div class=\"post-entry-content\">\n\n\t<h3 class=\"entry-title\">\n\t\t<a href=\"https:\/\/comdep.com.br\/?p=17242\" title=\"Petr\u00f3polis celebra o Dia Nacional dos Estudantes e Dia Internacional da Juventude com programa\u00e7\u00e3o no Centro de Cultura\" rel=\"bookmark\">Petr\u00f3polis celebra o Dia Nacional dos Estudantes e Dia Internacional da Juventude com programa\u00e7\u00e3o no Centro de Cultura<\/a>\n\t<\/h3>\n\n\t<div class=\"entry-meta\"><a href=\"https:\/\/comdep.com.br\/?m=20250808\" title=\"10:50\" class=\"data-link\" rel=\"bookmark\"><time class=\"entry-date updated\" datetime=\"2025-08-08T10:50:46-03:00\">08\/08\/2025<\/time><\/a><\/div>\n\t<div class=\"entry-excerpt\"><p>A Prefeitura, por meio da Secretaria Municipal de Governo e da Coordenadoria de Pol\u00edticas P\u00fablicas para a Juventude, realiza na pr\u00f3xima ter\u00e7a-feira (12\/08) uma ampla programa\u00e7\u00e3o para marcar o Dia Nacional dos Estudantes e Dia Internacional da Juventude. Com o tema \u201cRumo ao Futuro: A Voz dos Estudantes\u201d, o evento vai das 8h \u00e0s 16h,&hellip;<\/p>\n<\/div>\n\t\n<a href=\"https:\/\/comdep.com.br\/?p=17242\" class=\"post-details details-type-link\" aria-label=\"Read more about Petr\u00f3polis celebra o Dia Nacional dos Estudantes e Dia Internacional da Juventude com programa\u00e7\u00e3o no Centro de Cultura\">Leia mais<i class=\"dt-icon-the7-arrow-03\" aria-hidden=\"true\"><\/i><\/a>\n\n<\/div><\/article><article class=\"post project-odd visible post-17239 type-post status-publish format-standard has-post-thumbnail hentry category-home category-1 description-off\" data-name=\"T\u00e9cnicos da Prefeitura passam por capacita\u00e7\u00e3o para projeto de instala\u00e7\u00e3o das barreiras Sabo\" data-date=\"2025-08-08T10:46:52-03:00\">\n\n<div class=\"post-thumbnail-wrap\">\n\t<div class=\"post-thumbnail\">\n\n\t\t\n\t\t\n\t\t<a href=\"https:\/\/comdep.com.br\/?p=17239\" class=\"post-thumbnail-rollover layzr-bg layzr-bg\" ><img decoding=\"async\" class=\"blog-thumb-lazy-load preload-me lazy-load aspect\" src=\"data:image\/svg+xml,%3Csvg%20xmlns%3D&#39;http%3A%2F%2Fwww.w3.org%2F2000%2Fsvg&#39;%20viewBox%3D&#39;0%200%20768%20512&#39;%2F%3E\" data-src=\"https:\/\/comdep.com.br\/wp-content\/uploads\/2025\/08\/sabo-768x512.jpg\" data-srcset=\"https:\/\/comdep.com.br\/wp-content\/uploads\/2025\/08\/sabo-768x512.jpg 768w, https:\/\/comdep.com.br\/wp-content\/uploads\/2025\/08\/sabo-900x599.jpg 900w\" loading=\"eager\" style=\"--ratio: 768 \/ 512\" sizes=\"(max-width: 768px) 100vw, 768px\" alt=\"\" title=\"sabo\" width=\"768\" height=\"512\"  \/><\/a>\n\t<\/div>\n<\/div>\n\n\n<div class=\"post-entry-content\">\n\n\t<h3 class=\"entry-title\">\n\t\t<a href=\"https:\/\/comdep.com.br\/?p=17239\" title=\"T\u00e9cnicos da Prefeitura passam por capacita\u00e7\u00e3o para projeto de instala\u00e7\u00e3o das barreiras Sabo\" rel=\"bookmark\">T\u00e9cnicos da Prefeitura passam por capacita\u00e7\u00e3o para projeto de instala\u00e7\u00e3o das barreiras Sabo<\/a>\n\t<\/h3>\n\n\t<div class=\"entry-meta\"><a href=\"https:\/\/comdep.com.br\/?m=20250808\" title=\"10:46\" class=\"data-link\" rel=\"bookmark\"><time class=\"entry-date updated\" datetime=\"2025-08-08T10:46:52-03:00\">08\/08\/2025<\/time><\/a><\/div>\n\t<div class=\"entry-excerpt\"><p>T\u00e9cnicos da Prefeitura est\u00e3o fazendo uma capacita\u00e7\u00e3o da Ag\u00eancia de Coopera\u00e7\u00e3o Internacional do Jap\u00e3o (JICA) que comp\u00f5e etapa para instala\u00e7\u00e3o de barreira Sabo \u2013 projeto piloto no Brasil de conten\u00e7\u00e3o de movimento de massa. O curso \u00e9 online e come\u00e7ou nesta quarta-feira (06\/08) envolvendo profissionais das secretarias de Prote\u00e7\u00e3o e Defesa Civil, Obras, Planejamento e&hellip;<\/p>\n<\/div>\n\t\n<a href=\"https:\/\/comdep.com.br\/?p=17239\" class=\"post-details details-type-link\" aria-label=\"Read more about T\u00e9cnicos da Prefeitura passam por capacita\u00e7\u00e3o para projeto de instala\u00e7\u00e3o das barreiras Sabo\">Leia mais<i class=\"dt-icon-the7-arrow-03\" aria-hidden=\"true\"><\/i><\/a>\n\n<\/div><\/article><article class=\"post project-odd visible post-17143 type-post status-publish format-standard has-post-thumbnail hentry category-home category-1 description-off\" data-name=\"Comdep refor\u00e7a parceria com escola em a\u00e7\u00e3o de educa\u00e7\u00e3o ambiental\" data-date=\"2025-07-24T16:12:59-03:00\">\n\n<div class=\"post-thumbnail-wrap\">\n\t<div class=\"post-thumbnail\">\n\n\t\t\n\t\t\n\t\t<a href=\"https:\/\/comdep.com.br\/?p=17143\" class=\"post-thumbnail-rollover layzr-bg layzr-bg\" ><img decoding=\"async\" class=\"blog-thumb-lazy-load preload-me lazy-load aspect\" src=\"data:image\/svg+xml,%3Csvg%20xmlns%3D&#39;http%3A%2F%2Fwww.w3.org%2F2000%2Fsvg&#39;%20viewBox%3D&#39;0%200%20768%20512&#39;%2F%3E\" data-src=\"https:\/\/comdep.com.br\/wp-content\/uploads\/2025\/07\/COMDEP-KOELER-768x512.png\" data-srcset=\"https:\/\/comdep.com.br\/wp-content\/uploads\/2025\/07\/COMDEP-KOELER-768x512.png 768w, https:\/\/comdep.com.br\/wp-content\/uploads\/2025\/07\/COMDEP-KOELER-1306x870.png 1306w\" loading=\"eager\" style=\"--ratio: 768 \/ 512\" sizes=\"(max-width: 768px) 100vw, 768px\" alt=\"\" title=\"COMDEP KOELER\" width=\"768\" height=\"512\"  \/><\/a>\n\t<\/div>\n<\/div>\n\n\n<div class=\"post-entry-content\">\n\n\t<h3 class=\"entry-title\">\n\t\t<a href=\"https:\/\/comdep.com.br\/?p=17143\" title=\"Comdep refor\u00e7a parceria com escola em a\u00e7\u00e3o de educa\u00e7\u00e3o ambiental\" rel=\"bookmark\">Comdep refor\u00e7a parceria com escola em a\u00e7\u00e3o de educa\u00e7\u00e3o ambiental<\/a>\n\t<\/h3>\n\n\t<div class=\"entry-meta\"><a href=\"https:\/\/comdep.com.br\/?m=20250724\" title=\"16:12\" class=\"data-link\" rel=\"bookmark\"><time class=\"entry-date updated\" datetime=\"2025-07-24T16:12:59-03:00\">24\/07\/2025<\/time><\/a><\/div>\n\t<div class=\"entry-excerpt\"><p>A Prefeitura, por meio da Comdep, recebeu 1.900 garrafas PET \u2014 o equivalente a 55 quilos de material recicl\u00e1vel \u2014 arrecadadas pelo Col\u00e9gio Koeler durante uma atividade esportiva com tem\u00e1tica sustent\u00e1vel. A escola promoveu a a\u00e7\u00e3o de forma independente e procurou a Comdep para realizar a entrega do material, que ser\u00e1 reaproveitado na produ\u00e7\u00e3o de&hellip;<\/p>\n<\/div>\n\t\n<a href=\"https:\/\/comdep.com.br\/?p=17143\" class=\"post-details details-type-link\" aria-label=\"Read more about Comdep refor\u00e7a parceria com escola em a\u00e7\u00e3o de educa\u00e7\u00e3o ambiental\">Leia mais<i class=\"dt-icon-the7-arrow-03\" aria-hidden=\"true\"><\/i><\/a>\n\n<\/div><\/article><article class=\"post project-odd visible post-17139 type-post status-publish format-standard has-post-thumbnail hentry category-home category-1 description-off\" data-name=\"Prefeitura intensifica limpeza preventiva de bueiros, canaletas e bocas de lobo\" data-date=\"2025-07-24T15:58:42-03:00\">\n\n<div class=\"post-thumbnail-wrap\">\n\t<div class=\"post-thumbnail\">\n\n\t\t\n\t\t\n\t\t<a href=\"https:\/\/comdep.com.br\/?p=17139\" class=\"post-thumbnail-rollover layzr-bg layzr-bg\" ><img decoding=\"async\" class=\"blog-thumb-lazy-load preload-me lazy-load aspect\" src=\"data:image\/svg+xml,%3Csvg%20xmlns%3D&#39;http%3A%2F%2Fwww.w3.org%2F2000%2Fsvg&#39;%20viewBox%3D&#39;0%200%20768%20512&#39;%2F%3E\" data-src=\"https:\/\/comdep.com.br\/wp-content\/uploads\/2025\/07\/teste-3-upscalemedia-transformed-scaled-768x512.jpeg\" data-srcset=\"https:\/\/comdep.com.br\/wp-content\/uploads\/2025\/07\/teste-3-upscalemedia-transformed-scaled-768x512.jpeg 768w, https:\/\/comdep.com.br\/wp-content\/uploads\/2025\/07\/teste-3-upscalemedia-transformed-scaled-1306x870.jpeg 1306w\" loading=\"eager\" style=\"--ratio: 768 \/ 512\" sizes=\"(max-width: 768px) 100vw, 768px\" alt=\"\" title=\"teste 3 upscalemedia-transformed\" width=\"768\" height=\"512\"  \/><\/a>\n\t<\/div>\n<\/div>\n\n\n<div class=\"post-entry-content\">\n\n\t<h3 class=\"entry-title\">\n\t\t<a href=\"https:\/\/comdep.com.br\/?p=17139\" title=\"Prefeitura intensifica limpeza preventiva de bueiros, canaletas e bocas de lobo\" rel=\"bookmark\">Prefeitura intensifica limpeza preventiva de bueiros, canaletas e bocas de lobo<\/a>\n\t<\/h3>\n\n\t<div class=\"entry-meta\"><a href=\"https:\/\/comdep.com.br\/?m=20250724\" title=\"15:58\" class=\"data-link\" rel=\"bookmark\"><time class=\"entry-date updated\" datetime=\"2025-07-24T15:58:42-03:00\">24\/07\/2025<\/time><\/a><\/div>\n\t<div class=\"entry-excerpt\"><p>A Prefeitura vem refor\u00e7ando a manuten\u00e7\u00e3o preventiva do sistema de drenagem urbana para reduzir os impactos das chuvas. Entre 1\u00ba de janeiro e 18 de julho, a Comdep realizou servi\u00e7os de limpeza em 5.927 bueiros, 271 canaletas e 336 bocas de lobo em diversos bairros da cidade.A limpeza desses dispositivos \u00e9 essencial para garantir o&hellip;<\/p>\n<\/div>\n\t\n<a href=\"https:\/\/comdep.com.br\/?p=17139\" class=\"post-details details-type-link\" aria-label=\"Read more about Prefeitura intensifica limpeza preventiva de bueiros, canaletas e bocas de lobo\">Leia mais<i class=\"dt-icon-the7-arrow-03\" aria-hidden=\"true\"><\/i><\/a>\n\n<\/div><\/article><article class=\"post project-odd visible post-17136 type-post status-publish format-standard has-post-thumbnail hentry category-home category-1 description-off\" data-name=\"Prefeitura amplia atendimento da coleta seletiva no Dr. Thouzet\" data-date=\"2025-07-24T15:55:29-03:00\">\n\n<div class=\"post-thumbnail-wrap\">\n\t<div class=\"post-thumbnail\">\n\n\t\t\n\t\t\n\t\t<a href=\"https:\/\/comdep.com.br\/?p=17136\" class=\"post-thumbnail-rollover layzr-bg layzr-bg\" ><img decoding=\"async\" class=\"blog-thumb-lazy-load preload-me lazy-load aspect\" src=\"data:image\/svg+xml,%3Csvg%20xmlns%3D&#39;http%3A%2F%2Fwww.w3.org%2F2000%2Fsvg&#39;%20viewBox%3D&#39;0%200%20768%20512&#39;%2F%3E\" data-src=\"https:\/\/comdep.com.br\/wp-content\/uploads\/2025\/07\/3-24-jul-768x512.jpg\" data-srcset=\"https:\/\/comdep.com.br\/wp-content\/uploads\/2025\/07\/3-24-jul-768x512.jpg 768w, https:\/\/comdep.com.br\/wp-content\/uploads\/2025\/07\/3-24-jul-900x599.jpg 900w\" loading=\"eager\" style=\"--ratio: 768 \/ 512\" sizes=\"(max-width: 768px) 100vw, 768px\" alt=\"\" title=\"3 24 jul\" width=\"768\" height=\"512\"  \/><\/a>\n\t<\/div>\n<\/div>\n\n\n<div class=\"post-entry-content\">\n\n\t<h3 class=\"entry-title\">\n\t\t<a href=\"https:\/\/comdep.com.br\/?p=17136\" title=\"Prefeitura amplia atendimento da coleta seletiva no Dr. Thouzet\" rel=\"bookmark\">Prefeitura amplia atendimento da coleta seletiva no Dr. Thouzet<\/a>\n\t<\/h3>\n\n\t<div class=\"entry-meta\"><a href=\"https:\/\/comdep.com.br\/?m=20250724\" title=\"15:55\" class=\"data-link\" rel=\"bookmark\"><time class=\"entry-date updated\" datetime=\"2025-07-24T15:55:29-03:00\">24\/07\/2025<\/time><\/a><\/div>\n\t<div class=\"entry-excerpt\"><p>A Prefeitura ampliou o atendimento da coleta seletiva na regi\u00e3o do Dr. Thouzet. Na localidade algumas ruas que ainda n\u00e3o contavam com a coleta, passaram a receber o servi\u00e7o nesta sexta-feira (18\/07). Equipes da Comdep orientaram os moradores e convidaram a comunidade a aderir \u00e0 separa\u00e7\u00e3o correta dos recicl\u00e1veis. As equipes da Comdep percorreram a&hellip;<\/p>\n<\/div>\n\t\n<a href=\"https:\/\/comdep.com.br\/?p=17136\" class=\"post-details details-type-link\" aria-label=\"Read more about Prefeitura amplia atendimento da coleta seletiva no Dr. Thouzet\">Leia mais<i class=\"dt-icon-the7-arrow-03\" aria-hidden=\"true\"><\/i><\/a>\n\n<\/div><\/article><article class=\"post project-odd visible post-17133 type-post status-publish format-standard has-post-thumbnail hentry category-home category-1 description-off\" data-name=\"Prefeitura promove debate sobre gest\u00e3o de lixo e redu\u00e7\u00e3o de riscos\" data-date=\"2025-07-24T15:54:25-03:00\">\n\n<div class=\"post-thumbnail-wrap\">\n\t<div class=\"post-thumbnail\">\n\n\t\t\n\t\t\n\t\t<a href=\"https:\/\/comdep.com.br\/?p=17133\" class=\"post-thumbnail-rollover layzr-bg layzr-bg\" ><img decoding=\"async\" class=\"blog-thumb-lazy-load preload-me lazy-load aspect\" src=\"data:image\/svg+xml,%3Csvg%20xmlns%3D&#39;http%3A%2F%2Fwww.w3.org%2F2000%2Fsvg&#39;%20viewBox%3D&#39;0%200%20768%20512&#39;%2F%3E\" data-src=\"https:\/\/comdep.com.br\/wp-content\/uploads\/2025\/07\/2-24-jul-768x512.jpg\" data-srcset=\"https:\/\/comdep.com.br\/wp-content\/uploads\/2025\/07\/2-24-jul-768x512.jpg 768w, https:\/\/comdep.com.br\/wp-content\/uploads\/2025\/07\/2-24-jul-900x599.jpg 900w\" loading=\"eager\" style=\"--ratio: 768 \/ 512\" sizes=\"(max-width: 768px) 100vw, 768px\" alt=\"\" title=\"2 24 jul\" width=\"768\" height=\"512\"  \/><\/a>\n\t<\/div>\n<\/div>\n\n\n<div class=\"post-entry-content\">\n\n\t<h3 class=\"entry-title\">\n\t\t<a href=\"https:\/\/comdep.com.br\/?p=17133\" title=\"Prefeitura promove debate sobre gest\u00e3o de lixo e redu\u00e7\u00e3o de riscos\" rel=\"bookmark\">Prefeitura promove debate sobre gest\u00e3o de lixo e redu\u00e7\u00e3o de riscos<\/a>\n\t<\/h3>\n\n\t<div class=\"entry-meta\"><a href=\"https:\/\/comdep.com.br\/?m=20250724\" title=\"15:54\" class=\"data-link\" rel=\"bookmark\"><time class=\"entry-date updated\" datetime=\"2025-07-24T15:54:25-03:00\">24\/07\/2025<\/time><\/a><\/div>\n\t<div class=\"entry-excerpt\"><p>Cerca de 130 pessoas de 29 Nudecs se inscreveram para participar do encontro, que trouxe vis\u00f5es da Defesa Civil, Meio Ambiente e ComdepEvento tamb\u00e9m marcou o lan\u00e7amento do Nudec Mirim, que vai abordar junto \u00e0s crian\u00e7as nas comunidades A Prefeitura promoveu neste s\u00e1bado (19\/07) o F\u00f3rum de Gest\u00e3o do Lixo e Redu\u00e7\u00e3o de Riscos 2025.&hellip;<\/p>\n<\/div>\n\t\n<a href=\"https:\/\/comdep.com.br\/?p=17133\" class=\"post-details details-type-link\" aria-label=\"Read more about Prefeitura promove debate sobre gest\u00e3o de lixo e redu\u00e7\u00e3o de riscos\">Leia mais<i class=\"dt-icon-the7-arrow-03\" aria-hidden=\"true\"><\/i><\/a>\n\n<\/div><\/article><article class=\"post project-odd visible post-17130 type-post status-publish format-standard has-post-thumbnail hentry category-home category-1 description-off\" data-name=\"Petr\u00f3polis recebe equipe da prefeitura do Rio para apresentar trabalho desenvolvido no ETIC do Bingen\" data-date=\"2025-07-24T15:52:04-03:00\">\n\n<div class=\"post-thumbnail-wrap\">\n\t<div class=\"post-thumbnail\">\n\n\t\t\n\t\t\n\t\t<a href=\"https:\/\/comdep.com.br\/?p=17130\" class=\"post-thumbnail-rollover layzr-bg layzr-bg\" ><img decoding=\"async\" class=\"blog-thumb-lazy-load preload-me lazy-load aspect\" src=\"data:image\/svg+xml,%3Csvg%20xmlns%3D&#39;http%3A%2F%2Fwww.w3.org%2F2000%2Fsvg&#39;%20viewBox%3D&#39;0%200%20768%20512&#39;%2F%3E\" data-src=\"https:\/\/comdep.com.br\/wp-content\/uploads\/2025\/07\/1-24-jul-768x512.jpg\" data-srcset=\"https:\/\/comdep.com.br\/wp-content\/uploads\/2025\/07\/1-24-jul-768x512.jpg 768w, https:\/\/comdep.com.br\/wp-content\/uploads\/2025\/07\/1-24-jul-900x599.jpg 900w\" loading=\"eager\" style=\"--ratio: 768 \/ 512\" sizes=\"(max-width: 768px) 100vw, 768px\" alt=\"\" title=\"1 24 jul\" width=\"768\" height=\"512\"  \/><\/a>\n\t<\/div>\n<\/div>\n\n\n<div class=\"post-entry-content\">\n\n\t<h3 class=\"entry-title\">\n\t\t<a href=\"https:\/\/comdep.com.br\/?p=17130\" title=\"Petr\u00f3polis recebe equipe da prefeitura do Rio para apresentar trabalho desenvolvido no ETIC do Bingen\" rel=\"bookmark\">Petr\u00f3polis recebe equipe da prefeitura do Rio para apresentar trabalho desenvolvido no ETIC do Bingen<\/a>\n\t<\/h3>\n\n\t<div class=\"entry-meta\"><a href=\"https:\/\/comdep.com.br\/?m=20250724\" title=\"15:52\" class=\"data-link\" rel=\"bookmark\"><time class=\"entry-date updated\" datetime=\"2025-07-24T15:52:04-03:00\">24\/07\/2025<\/time><\/a><\/div>\n\t<div class=\"entry-excerpt\"><p>Procura acontece depois de pr\u00eamio em semin\u00e1rio no Rio com projeto de inclus\u00e3o digital e apresenta boas pr\u00e1ticas para a juventude. Depois do reconhecimento na premia\u00e7\u00e3o do Programa ETIC, projeto de inclus\u00e3o digital e apresenta boas pr\u00e1ticas para a juventude, no Semin\u00e1rio de Integra\u00e7\u00e3o Metropolitana \u201cJuventude 4.0: Entre Telas e Trilhas \u2013 Desconectar para Reconectar\u201d,&hellip;<\/p>\n<\/div>\n\t\n<a href=\"https:\/\/comdep.com.br\/?p=17130\" class=\"post-details details-type-link\" aria-label=\"Read more about Petr\u00f3polis recebe equipe da prefeitura do Rio para apresentar trabalho desenvolvido no ETIC do Bingen\">Leia mais<i class=\"dt-icon-the7-arrow-03\" aria-hidden=\"true\"><\/i><\/a>\n\n<\/div><\/article><article class=\"post project-odd visible post-17122 type-post status-publish format-standard has-post-thumbnail hentry category-home category-1 description-off\" data-name=\"Prefeitura leva servi\u00e7os de sa\u00fade do homem aos trabalhadores da Comdep\" data-date=\"2025-07-24T15:44:54-03:00\">\n\n<div class=\"post-thumbnail-wrap\">\n\t<div class=\"post-thumbnail\">\n\n\t\t\n\t\t\n\t\t<a href=\"https:\/\/comdep.com.br\/?p=17122\" class=\"post-thumbnail-rollover layzr-bg layzr-bg\" ><img decoding=\"async\" class=\"blog-thumb-lazy-load preload-me lazy-load aspect\" src=\"data:image\/svg+xml,%3Csvg%20xmlns%3D&#39;http%3A%2F%2Fwww.w3.org%2F2000%2Fsvg&#39;%20viewBox%3D&#39;0%200%20768%20512&#39;%2F%3E\" data-src=\"https:\/\/comdep.com.br\/wp-content\/uploads\/2025\/07\/WhatsApp-Image-2025-07-24-at-15.42.06-768x512.jpeg\" data-srcset=\"https:\/\/comdep.com.br\/wp-content\/uploads\/2025\/07\/WhatsApp-Image-2025-07-24-at-15.42.06-768x512.jpeg 768w, https:\/\/comdep.com.br\/wp-content\/uploads\/2025\/07\/WhatsApp-Image-2025-07-24-at-15.42.06-1306x870.jpeg 1306w\" loading=\"eager\" style=\"--ratio: 768 \/ 512\" sizes=\"(max-width: 768px) 100vw, 768px\" alt=\"\" title=\"WhatsApp Image 2025-07-24 at 15.42.06\" width=\"768\" height=\"512\"  \/><\/a>\n\t<\/div>\n<\/div>\n\n\n<div class=\"post-entry-content\">\n\n\t<h3 class=\"entry-title\">\n\t\t<a href=\"https:\/\/comdep.com.br\/?p=17122\" title=\"Prefeitura leva servi\u00e7os de sa\u00fade do homem aos trabalhadores da Comdep\" rel=\"bookmark\">Prefeitura leva servi\u00e7os de sa\u00fade do homem aos trabalhadores da Comdep<\/a>\n\t<\/h3>\n\n\t<div class=\"entry-meta\"><a href=\"https:\/\/comdep.com.br\/?m=20250724\" title=\"15:44\" class=\"data-link\" rel=\"bookmark\"><time class=\"entry-date updated\" datetime=\"2025-07-24T15:44:54-03:00\">24\/07\/2025<\/time><\/a><\/div>\n\t<div class=\"entry-excerpt\"><p>A Prefeitura, por meio de uma parceria entre a Secretaria de Sa\u00fade e a Comdep, realizou nesta quarta-feira (24) uma a\u00e7\u00e3o voltada para a sa\u00fade do homem, na sede da companhia. A iniciativa contou com a atua\u00e7\u00e3o de profissionais da Unidade B\u00e1sica de Sa\u00fade (UBS) do Quitandinha e ofereceu aos trabalhadores servi\u00e7os como aferi\u00e7\u00e3o de&hellip;<\/p>\n<\/div>\n\t\n<a href=\"https:\/\/comdep.com.br\/?p=17122\" class=\"post-details details-type-link\" aria-label=\"Read more about Prefeitura leva servi\u00e7os de sa\u00fade do homem aos trabalhadores da Comdep\">Leia mais<i class=\"dt-icon-the7-arrow-03\" aria-hidden=\"true\"><\/i><\/a>\n\n<\/div><\/article><article class=\"post project-odd visible post-17081 type-post status-publish format-standard has-post-thumbnail hentry category-home category-1 description-off\" data-name=\"Petr\u00f3polis \u00e9 premiada em semin\u00e1rio no Rio com projeto de inclus\u00e3o digital e destaca atua\u00e7\u00e3o da Comdep em pol\u00edticas para a juventude\" data-date=\"2025-07-17T14:12:15-03:00\">\n\n<div class=\"post-thumbnail-wrap\">\n\t<div class=\"post-thumbnail\">\n\n\t\t\n\t\t\n\t\t<a href=\"https:\/\/comdep.com.br\/?p=17081\" class=\"post-thumbnail-rollover layzr-bg layzr-bg\" ><img decoding=\"async\" class=\"blog-thumb-lazy-load preload-me lazy-load aspect\" src=\"data:image\/svg+xml,%3Csvg%20xmlns%3D&#39;http%3A%2F%2Fwww.w3.org%2F2000%2Fsvg&#39;%20viewBox%3D&#39;0%200%20768%20512&#39;%2F%3E\" data-src=\"https:\/\/comdep.com.br\/wp-content\/uploads\/2025\/07\/remio-comdep-768x512.jpeg\" data-srcset=\"https:\/\/comdep.com.br\/wp-content\/uploads\/2025\/07\/remio-comdep-768x512.jpeg 768w, https:\/\/comdep.com.br\/wp-content\/uploads\/2025\/07\/remio-comdep-900x599.jpeg 900w\" loading=\"eager\" style=\"--ratio: 768 \/ 512\" sizes=\"(max-width: 768px) 100vw, 768px\" alt=\"\" title=\"remio comdep\" width=\"768\" height=\"512\"  \/><\/a>\n\t<\/div>\n<\/div>\n\n\n<div class=\"post-entry-content\">\n\n\t<h3 class=\"entry-title\">\n\t\t<a href=\"https:\/\/comdep.com.br\/?p=17081\" title=\"Petr\u00f3polis \u00e9 premiada em semin\u00e1rio no Rio com projeto de inclus\u00e3o digital e destaca atua\u00e7\u00e3o da Comdep em pol\u00edticas para a juventude\" rel=\"bookmark\">Petr\u00f3polis \u00e9 premiada em semin\u00e1rio no Rio com projeto de inclus\u00e3o digital e destaca atua\u00e7\u00e3o da Comdep em pol\u00edticas para a juventude<\/a>\n\t<\/h3>\n\n\t<div class=\"entry-meta\"><a href=\"https:\/\/comdep.com.br\/?m=20250717\" title=\"14:12\" class=\"data-link\" rel=\"bookmark\"><time class=\"entry-date updated\" datetime=\"2025-07-17T14:12:15-03:00\">17\/07\/2025<\/time><\/a><\/div>\n\t<div class=\"entry-excerpt\"><p>Petr\u00f3polis foi destaque no Semin\u00e1rio de Integra\u00e7\u00e3o Metropolitana \u201cJuventude 4.0: Entre Telas e Trilhas \u2013 Desconectar para Reconectar\u201d, realizado no Museu do Amanh\u00e3, no Rio de Janeiro. O munic\u00edpio foi premiado com o Programa Etic \u2013 Espa\u00e7os de Tecnologia e Inclus\u00e3o Comunit\u00e1ria, e tamb\u00e9m apresentou as a\u00e7\u00f5es bem-sucedidas da Comdep no fortalecimento de pol\u00edticas p\u00fablicas&hellip;<\/p>\n<\/div>\n\t\n<a href=\"https:\/\/comdep.com.br\/?p=17081\" class=\"post-details details-type-link\" aria-label=\"Read more about Petr\u00f3polis \u00e9 premiada em semin\u00e1rio no Rio com projeto de inclus\u00e3o digital e destaca atua\u00e7\u00e3o da Comdep em pol\u00edticas para a juventude\">Leia mais<i class=\"dt-icon-the7-arrow-03\" aria-hidden=\"true\"><\/i><\/a>\n\n<\/div><\/article><article class=\"post project-odd visible post-17061 type-post status-publish format-standard has-post-thumbnail hentry category-home category-1 description-off\" data-name=\"A\u00e7\u00e3o sustent\u00e1vel recolhe 750 litros de \u00f3leo de cozinha usado durante a Bauernfest 2025\" data-date=\"2025-07-16T15:58:52-03:00\">\n\n<div class=\"post-thumbnail-wrap\">\n\t<div class=\"post-thumbnail\">\n\n\t\t\n\t\t\n\t\t<a href=\"https:\/\/comdep.com.br\/?p=17061\" class=\"post-thumbnail-rollover layzr-bg layzr-bg\" ><img decoding=\"async\" class=\"blog-thumb-lazy-load preload-me lazy-load aspect\" src=\"data:image\/svg+xml,%3Csvg%20xmlns%3D&#39;http%3A%2F%2Fwww.w3.org%2F2000%2Fsvg&#39;%20viewBox%3D&#39;0%200%20768%20512&#39;%2F%3E\" data-src=\"https:\/\/comdep.com.br\/wp-content\/uploads\/2025\/07\/oleo-comdep-768x512.jpeg\" data-srcset=\"https:\/\/comdep.com.br\/wp-content\/uploads\/2025\/07\/oleo-comdep-768x512.jpeg 768w, https:\/\/comdep.com.br\/wp-content\/uploads\/2025\/07\/oleo-comdep-1280x852.jpeg 1280w\" loading=\"eager\" style=\"--ratio: 768 \/ 512\" sizes=\"(max-width: 768px) 100vw, 768px\" alt=\"\" title=\"oleo comdep\" width=\"768\" height=\"512\"  \/><\/a>\n\t<\/div>\n<\/div>\n\n\n<div class=\"post-entry-content\">\n\n\t<h3 class=\"entry-title\">\n\t\t<a href=\"https:\/\/comdep.com.br\/?p=17061\" title=\"A\u00e7\u00e3o sustent\u00e1vel recolhe 750 litros de \u00f3leo de cozinha usado durante a Bauernfest 2025\" rel=\"bookmark\">A\u00e7\u00e3o sustent\u00e1vel recolhe 750 litros de \u00f3leo de cozinha usado durante a Bauernfest 2025<\/a>\n\t<\/h3>\n\n\t<div class=\"entry-meta\"><a href=\"https:\/\/comdep.com.br\/?m=20250716\" title=\"15:58\" class=\"data-link\" rel=\"bookmark\"><time class=\"entry-date updated\" datetime=\"2025-07-16T15:58:52-03:00\">16\/07\/2025<\/time><\/a><\/div>\n\t<div class=\"entry-excerpt\"><p>Mais de 750 litros de \u00f3leo de cozinha usado foram recolhidos e destinados corretamente durante a 36\u00aa edi\u00e7\u00e3o da Bauernfest, realizada entre os dias 27 de junho e 13 de julho de 2025. A a\u00e7\u00e3o foi promovida pela Prefeitura de Petr\u00f3polis, por meio de uma parceria entre a Comdep e o Projeto INcluir Petr\u00f3polis, com&hellip;<\/p>\n<\/div>\n\t\n<a href=\"https:\/\/comdep.com.br\/?p=17061\" class=\"post-details details-type-link\" aria-label=\"Read more about A\u00e7\u00e3o sustent\u00e1vel recolhe 750 litros de \u00f3leo de cozinha usado durante a Bauernfest 2025\">Leia mais<i class=\"dt-icon-the7-arrow-03\" aria-hidden=\"true\"><\/i><\/a>\n\n<\/div><\/article><article class=\"post project-odd visible post-17054 type-post status-publish format-standard has-post-thumbnail hentry category-home category-1 description-off\" data-name=\"SIPAT 2025: Informa\u00e7\u00e3o, Cuidado e Conscientiza\u00e7\u00e3o para Todos os Colaboradores\" data-date=\"2025-07-16T13:48:36-03:00\">\n\n<div class=\"post-thumbnail-wrap\">\n\t<div class=\"post-thumbnail\">\n\n\t\t\n\t\t\n\t\t<a href=\"https:\/\/comdep.com.br\/?p=17054\" class=\"post-thumbnail-rollover layzr-bg layzr-bg\" ><img decoding=\"async\" class=\"blog-thumb-lazy-load preload-me lazy-load aspect\" src=\"data:image\/svg+xml,%3Csvg%20xmlns%3D&#39;http%3A%2F%2Fwww.w3.org%2F2000%2Fsvg&#39;%20viewBox%3D&#39;0%200%20768%20512&#39;%2F%3E\" data-src=\"https:\/\/comdep.com.br\/wp-content\/uploads\/2025\/07\/SITE-SIPA-2025-768x512.png\" data-srcset=\"https:\/\/comdep.com.br\/wp-content\/uploads\/2025\/07\/SITE-SIPA-2025-768x512.png 768w, https:\/\/comdep.com.br\/wp-content\/uploads\/2025\/07\/SITE-SIPA-2025-1306x870.png 1306w\" loading=\"eager\" style=\"--ratio: 768 \/ 512\" sizes=\"(max-width: 768px) 100vw, 768px\" alt=\"\" title=\"SITE SIPA 2025\" width=\"768\" height=\"512\"  \/><\/a>\n\t<\/div>\n<\/div>\n\n\n<div class=\"post-entry-content\">\n\n\t<h3 class=\"entry-title\">\n\t\t<a href=\"https:\/\/comdep.com.br\/?p=17054\" title=\"SIPAT 2025: Informa\u00e7\u00e3o, Cuidado e Conscientiza\u00e7\u00e3o para Todos os Colaboradores\" rel=\"bookmark\">SIPAT 2025: Informa\u00e7\u00e3o, Cuidado e Conscientiza\u00e7\u00e3o para Todos os Colaboradores<\/a>\n\t<\/h3>\n\n\t<div class=\"entry-meta\"><a href=\"https:\/\/comdep.com.br\/?m=20250716\" title=\"13:48\" class=\"data-link\" rel=\"bookmark\"><time class=\"entry-date updated\" datetime=\"2025-07-16T13:48:36-03:00\">16\/07\/2025<\/time><\/a><\/div>\n\t<div class=\"entry-excerpt\"><p>A Semana Interna de Preven\u00e7\u00e3o de Acidentes do Trabalho (SIPAT) da COMDEP acontece entre os dias 21 e 25 de julho e contar\u00e1 com uma programa\u00e7\u00e3o especial voltada ao bem-estar, sa\u00fade e seguran\u00e7a dos colaboradores. Ser\u00e3o palestras com profissionais qualificados abordando temas como sa\u00fade mental, intelig\u00eancia emocional, preven\u00e7\u00e3o de inc\u00eandios, ass\u00e9dio no ambiente de trabalho&hellip;<\/p>\n<\/div>\n\t\n<a href=\"https:\/\/comdep.com.br\/?p=17054\" class=\"post-details details-type-link\" aria-label=\"Read more about SIPAT 2025: Informa\u00e7\u00e3o, Cuidado e Conscientiza\u00e7\u00e3o para Todos os Colaboradores\">Leia mais<i class=\"dt-icon-the7-arrow-03\" aria-hidden=\"true\"><\/i><\/a>\n\n<\/div><\/article><article class=\"post project-odd visible post-17011 type-post status-publish format-standard has-post-thumbnail hentry category-home category-1 description-off\" data-name=\"Coleta seletiva recolhe 1,6 tonelada de recicl\u00e1veis na 36\u00aa Bauernfest\" data-date=\"2025-07-15T10:32:50-03:00\">\n\n<div class=\"post-thumbnail-wrap\">\n\t<div class=\"post-thumbnail\">\n\n\t\t\n\t\t\n\t\t<a href=\"https:\/\/comdep.com.br\/?p=17011\" class=\"post-thumbnail-rollover layzr-bg layzr-bg\" ><img decoding=\"async\" class=\"blog-thumb-lazy-load preload-me lazy-load aspect\" src=\"data:image\/svg+xml,%3Csvg%20xmlns%3D&#39;http%3A%2F%2Fwww.w3.org%2F2000%2Fsvg&#39;%20viewBox%3D&#39;0%200%20768%20512&#39;%2F%3E\" data-src=\"https:\/\/comdep.com.br\/wp-content\/uploads\/2025\/07\/WhatsApp-Image-2025-07-15-at-10.24.21-768x512.jpeg\" data-srcset=\"https:\/\/comdep.com.br\/wp-content\/uploads\/2025\/07\/WhatsApp-Image-2025-07-15-at-10.24.21-768x512.jpeg 768w, https:\/\/comdep.com.br\/wp-content\/uploads\/2025\/07\/WhatsApp-Image-2025-07-15-at-10.24.21-1306x870.jpeg 1306w\" loading=\"eager\" style=\"--ratio: 768 \/ 512\" sizes=\"(max-width: 768px) 100vw, 768px\" alt=\"\" title=\"WhatsApp Image 2025-07-15 at 10.24.21\" width=\"768\" height=\"512\"  \/><\/a>\n\t<\/div>\n<\/div>\n\n\n<div class=\"post-entry-content\">\n\n\t<h3 class=\"entry-title\">\n\t\t<a href=\"https:\/\/comdep.com.br\/?p=17011\" title=\"Coleta seletiva recolhe 1,6 tonelada de recicl\u00e1veis na 36\u00aa Bauernfest\" rel=\"bookmark\">Coleta seletiva recolhe 1,6 tonelada de recicl\u00e1veis na 36\u00aa Bauernfest<\/a>\n\t<\/h3>\n\n\t<div class=\"entry-meta\"><a href=\"https:\/\/comdep.com.br\/?m=20250715\" title=\"10:32\" class=\"data-link\" rel=\"bookmark\"><time class=\"entry-date updated\" datetime=\"2025-07-15T10:32:50-03:00\">15\/07\/2025<\/time><\/a><\/div>\n\t<div class=\"entry-excerpt\"><p>A 36\u00aa edi\u00e7\u00e3o da Bauernfest, realizada entre os dias 27 de junho e 13 de julho no Pal\u00e1cio de Cristal, tamb\u00e9m foi marcada pelo refor\u00e7o nas a\u00e7\u00f5es de sustentabilidade. Durante os 17 dias de evento, a Prefeitura, por meio da Comdep, recolheu aproximadamente 1,6 tonelada de res\u00edduos recicl\u00e1veis, resultado da correta destina\u00e7\u00e3o feita pelos visitantes&hellip;<\/p>\n<\/div>\n\t\n<a href=\"https:\/\/comdep.com.br\/?p=17011\" class=\"post-details details-type-link\" aria-label=\"Read more about Coleta seletiva recolhe 1,6 tonelada de recicl\u00e1veis na 36\u00aa Bauernfest\">Leia mais<i class=\"dt-icon-the7-arrow-03\" aria-hidden=\"true\"><\/i><\/a>\n\n<\/div><\/article><article class=\"post project-odd visible post-17008 type-post status-publish format-standard has-post-thumbnail hentry category-home category-1 description-off\" data-name=\"Mosela recebe Petr\u00f3polis do Bem neste s\u00e1bado (12\/07)\" data-date=\"2025-07-14T09:45:47-03:00\">\n\n<div class=\"post-thumbnail-wrap\">\n\t<div class=\"post-thumbnail\">\n\n\t\t\n\t\t\n\t\t<a href=\"https:\/\/comdep.com.br\/?p=17008\" class=\"post-thumbnail-rollover layzr-bg layzr-bg\" ><img decoding=\"async\" class=\"blog-thumb-lazy-load preload-me lazy-load aspect\" src=\"data:image\/svg+xml,%3Csvg%20xmlns%3D&#39;http%3A%2F%2Fwww.w3.org%2F2000%2Fsvg&#39;%20viewBox%3D&#39;0%200%20768%20512&#39;%2F%3E\" data-src=\"https:\/\/comdep.com.br\/wp-content\/uploads\/2025\/07\/03-1-768x512.jpg\" data-srcset=\"https:\/\/comdep.com.br\/wp-content\/uploads\/2025\/07\/03-1-768x512.jpg 768w, https:\/\/comdep.com.br\/wp-content\/uploads\/2025\/07\/03-1.jpg 900w\" loading=\"eager\" style=\"--ratio: 768 \/ 512\" sizes=\"(max-width: 768px) 100vw, 768px\" alt=\"\" title=\"03\" width=\"768\" height=\"512\"  \/><\/a>\n\t<\/div>\n<\/div>\n\n\n<div class=\"post-entry-content\">\n\n\t<h3 class=\"entry-title\">\n\t\t<a href=\"https:\/\/comdep.com.br\/?p=17008\" title=\"Mosela recebe Petr\u00f3polis do Bem neste s\u00e1bado (12\/07)\" rel=\"bookmark\">Mosela recebe Petr\u00f3polis do Bem neste s\u00e1bado (12\/07)<\/a>\n\t<\/h3>\n\n\t<div class=\"entry-meta\"><a href=\"https:\/\/comdep.com.br\/?m=20250714\" title=\"09:45\" class=\"data-link\" rel=\"bookmark\"><time class=\"entry-date updated\" datetime=\"2025-07-14T09:45:47-03:00\">14\/07\/2025<\/time><\/a><\/div>\n\t<div class=\"entry-excerpt\"><p>A\u00e7\u00f5es v\u00e3o acontecer na Escola S\u00e3o Judas Tadeu, entre 09h e 17h O programa Petr\u00f3polis do Bem chega a Mosela neste s\u00e1bado (12\/07). A Prefeitura vai reunir diversas secretarias municipais, entidades parceiras e volunt\u00e1rios na Escola S\u00e3o Judas Tadeu, entre 09h e 17h, para levar servi\u00e7os para mais perto dos moradores. Nesta edi\u00e7\u00e3o, o evento&hellip;<\/p>\n<\/div>\n\t\n<a href=\"https:\/\/comdep.com.br\/?p=17008\" class=\"post-details details-type-link\" aria-label=\"Read more about Mosela recebe Petr\u00f3polis do Bem neste s\u00e1bado (12\/07)\">Leia mais<i class=\"dt-icon-the7-arrow-03\" aria-hidden=\"true\"><\/i><\/a>\n\n<\/div><\/article><article class=\"post project-odd visible post-17005 type-post status-publish format-standard has-post-thumbnail hentry category-home category-1 description-off\" data-name=\"Bauernfest conta com coleta de \u00f3leo de cozinha usado nas barracas\" data-date=\"2025-07-14T09:42:58-03:00\">\n\n<div class=\"post-thumbnail-wrap\">\n\t<div class=\"post-thumbnail\">\n\n\t\t\n\t\t\n\t\t<a href=\"https:\/\/comdep.com.br\/?p=17005\" class=\"post-thumbnail-rollover layzr-bg layzr-bg\" ><img decoding=\"async\" class=\"blog-thumb-lazy-load preload-me lazy-load aspect\" src=\"data:image\/svg+xml,%3Csvg%20xmlns%3D&#39;http%3A%2F%2Fwww.w3.org%2F2000%2Fsvg&#39;%20viewBox%3D&#39;0%200%20768%20512&#39;%2F%3E\" data-src=\"https:\/\/comdep.com.br\/wp-content\/uploads\/2025\/07\/02-1-768x512.jpg\" data-srcset=\"https:\/\/comdep.com.br\/wp-content\/uploads\/2025\/07\/02-1-768x512.jpg 768w, https:\/\/comdep.com.br\/wp-content\/uploads\/2025\/07\/02-1-900x599.jpg 900w\" loading=\"eager\" style=\"--ratio: 768 \/ 512\" sizes=\"(max-width: 768px) 100vw, 768px\" alt=\"\" title=\"02\" width=\"768\" height=\"512\"  \/><\/a>\n\t<\/div>\n<\/div>\n\n\n<div class=\"post-entry-content\">\n\n\t<h3 class=\"entry-title\">\n\t\t<a href=\"https:\/\/comdep.com.br\/?p=17005\" title=\"Bauernfest conta com coleta de \u00f3leo de cozinha usado nas barracas\" rel=\"bookmark\">Bauernfest conta com coleta de \u00f3leo de cozinha usado nas barracas<\/a>\n\t<\/h3>\n\n\t<div class=\"entry-meta\"><a href=\"https:\/\/comdep.com.br\/?m=20250714\" title=\"09:42\" class=\"data-link\" rel=\"bookmark\"><time class=\"entry-date updated\" datetime=\"2025-07-14T09:42:58-03:00\">14\/07\/2025<\/time><\/a><\/div>\n\t<div class=\"entry-excerpt\"><p>Como parte das a\u00e7\u00f5es de sustentabilidade da 36\u00aa Bauernfest, bombonas para o descarte de \u00f3leo de cozinha usado foram disponibilizadas em pontos estrat\u00e9gicos da festa, por meio de uma parceria entre a Prefeitura e o projeto INcluir Petr\u00f3polis. A iniciativa visa garantir a destina\u00e7\u00e3o ambientalmente adequada do res\u00edduo, com benef\u00edcios diretos para o munic\u00edpio. As&hellip;<\/p>\n<\/div>\n\t\n<a href=\"https:\/\/comdep.com.br\/?p=17005\" class=\"post-details details-type-link\" aria-label=\"Read more about Bauernfest conta com coleta de \u00f3leo de cozinha usado nas barracas\">Leia mais<i class=\"dt-icon-the7-arrow-03\" aria-hidden=\"true\"><\/i><\/a>\n\n<\/div><\/article><article class=\"post project-odd visible post-17002 type-post status-publish format-standard has-post-thumbnail hentry category-home category-1 description-off\" data-name=\"Confer\u00eancia Municipal da Sa\u00fade re\u00fane mais de 300 pessoas\" data-date=\"2025-07-14T09:41:38-03:00\">\n\n<div class=\"post-thumbnail-wrap\">\n\t<div class=\"post-thumbnail\">\n\n\t\t\n\t\t\n\t\t<a href=\"https:\/\/comdep.com.br\/?p=17002\" class=\"post-thumbnail-rollover layzr-bg layzr-bg\" ><img decoding=\"async\" class=\"blog-thumb-lazy-load preload-me lazy-load aspect\" src=\"data:image\/svg+xml,%3Csvg%20xmlns%3D&#39;http%3A%2F%2Fwww.w3.org%2F2000%2Fsvg&#39;%20viewBox%3D&#39;0%200%20768%20512&#39;%2F%3E\" data-src=\"https:\/\/comdep.com.br\/wp-content\/uploads\/2025\/07\/01-1-768x512.jpg\" data-srcset=\"https:\/\/comdep.com.br\/wp-content\/uploads\/2025\/07\/01-1-768x512.jpg 768w, https:\/\/comdep.com.br\/wp-content\/uploads\/2025\/07\/01-1.jpg 900w\" loading=\"eager\" style=\"--ratio: 768 \/ 512\" sizes=\"(max-width: 768px) 100vw, 768px\" alt=\"\" title=\"01\" width=\"768\" height=\"512\"  \/><\/a>\n\t<\/div>\n<\/div>\n\n\n<div class=\"post-entry-content\">\n\n\t<h3 class=\"entry-title\">\n\t\t<a href=\"https:\/\/comdep.com.br\/?p=17002\" title=\"Confer\u00eancia Municipal da Sa\u00fade re\u00fane mais de 300 pessoas\" rel=\"bookmark\">Confer\u00eancia Municipal da Sa\u00fade re\u00fane mais de 300 pessoas<\/a>\n\t<\/h3>\n\n\t<div class=\"entry-meta\"><a href=\"https:\/\/comdep.com.br\/?m=20250714\" title=\"09:41\" class=\"data-link\" rel=\"bookmark\"><time class=\"entry-date updated\" datetime=\"2025-07-14T09:41:38-03:00\">14\/07\/2025<\/time><\/a><\/div>\n\t<div class=\"entry-excerpt\"><p>Mais de 300 pessoas participaram neste s\u00e1bado (05\/07) da XVII Confer\u00eancia Municipal de Sa\u00fade, promovida pela Prefeitura e o Conselho Municipal de Sa\u00fade (Comsa\u00fade). O evento aconteceu no audit\u00f3rio da Unifase com objetivo de discutir propostas para a constru\u00e7\u00e3o do plano municipal de sa\u00fade para os pr\u00f3ximos quatro anos. Com o tema \u201cA sa\u00fade que&hellip;<\/p>\n<\/div>\n\t\n<a href=\"https:\/\/comdep.com.br\/?p=17002\" class=\"post-details details-type-link\" aria-label=\"Read more about Confer\u00eancia Municipal da Sa\u00fade re\u00fane mais de 300 pessoas\">Leia mais<i class=\"dt-icon-the7-arrow-03\" aria-hidden=\"true\"><\/i><\/a>\n\n<\/div><\/article><article class=\"post project-odd visible no-img post-17000 type-post status-publish format-standard hentry category-home category-1 description-off\" data-name=\"Comdep participa do projeto Nossa Cidade, Nossa Hist\u00f3ria: sustentabilidade e pertencimento\" data-date=\"2025-07-14T09:39:22-03:00\">\n\n<div class=\"post-entry-content\">\n\n\t<h3 class=\"entry-title\">\n\t\t<a href=\"https:\/\/comdep.com.br\/?p=17000\" title=\"Comdep participa do projeto Nossa Cidade, Nossa Hist\u00f3ria: sustentabilidade e pertencimento\" rel=\"bookmark\">Comdep participa do projeto Nossa Cidade, Nossa Hist\u00f3ria: sustentabilidade e pertencimento<\/a>\n\t<\/h3>\n\n\t<div class=\"entry-meta\"><a href=\"https:\/\/comdep.com.br\/?m=20250714\" title=\"09:39\" class=\"data-link\" rel=\"bookmark\"><time class=\"entry-date updated\" datetime=\"2025-07-14T09:39:22-03:00\">14\/07\/2025<\/time><\/a><\/div>\n\t<div class=\"entry-excerpt\"><p>Funcion\u00e1rios da Comdep est\u00e3o participando do projeto Nossa Cidade, Nossa Hist\u00f3ria: Sustentabilidade e Pertencimento, uma parceria da Prefeitura com a historiadora V\u00e2nia Nicolau de Oliveira. A iniciativa tem como objetivo promover o acesso \u00e0 cultura e ao conhecimento hist\u00f3rico da cidade. A proposta busca valorizar a contribui\u00e7\u00e3o dos profissionais para o cotidiano e os grandes&hellip;<\/p>\n<\/div>\n\t\n<a href=\"https:\/\/comdep.com.br\/?p=17000\" class=\"post-details details-type-link\" aria-label=\"Read more about Comdep participa do projeto Nossa Cidade, Nossa Hist\u00f3ria: sustentabilidade e pertencimento\">Leia mais<i class=\"dt-icon-the7-arrow-03\" aria-hidden=\"true\"><\/i><\/a>\n\n<\/div><\/article><article class=\"post project-odd visible post-16700 type-post status-publish format-standard has-post-thumbnail hentry category-home category-1 description-off\" data-name=\"Prefeitura realiza a\u00e7\u00e3o de conscientiza\u00e7\u00e3o sobre descarte correto de res\u00edduos no Centro Hist\u00f3rico\" data-date=\"2025-07-04T09:13:32-03:00\">\n\n<div class=\"post-thumbnail-wrap\">\n\t<div class=\"post-thumbnail\">\n\n\t\t\n\t\t\n\t\t<a href=\"https:\/\/comdep.com.br\/?p=16700\" class=\"post-thumbnail-rollover layzr-bg layzr-bg\" ><img decoding=\"async\" class=\"blog-thumb-lazy-load preload-me lazy-load aspect\" src=\"data:image\/svg+xml,%3Csvg%20xmlns%3D&#39;http%3A%2F%2Fwww.w3.org%2F2000%2Fsvg&#39;%20viewBox%3D&#39;0%200%20768%20512&#39;%2F%3E\" data-src=\"https:\/\/comdep.com.br\/wp-content\/uploads\/2025\/07\/05-768x512.jpg\" data-srcset=\"https:\/\/comdep.com.br\/wp-content\/uploads\/2025\/07\/05-768x512.jpg 768w, https:\/\/comdep.com.br\/wp-content\/uploads\/2025\/07\/05-900x599.jpg 900w\" loading=\"eager\" style=\"--ratio: 768 \/ 512\" sizes=\"(max-width: 768px) 100vw, 768px\" alt=\"\" title=\"05\" width=\"768\" height=\"512\"  \/><\/a>\n\t<\/div>\n<\/div>\n\n\n<div class=\"post-entry-content\">\n\n\t<h3 class=\"entry-title\">\n\t\t<a href=\"https:\/\/comdep.com.br\/?p=16700\" title=\"Prefeitura realiza a\u00e7\u00e3o de conscientiza\u00e7\u00e3o sobre descarte correto de res\u00edduos no Centro Hist\u00f3rico\" rel=\"bookmark\">Prefeitura realiza a\u00e7\u00e3o de conscientiza\u00e7\u00e3o sobre descarte correto de res\u00edduos no Centro Hist\u00f3rico<\/a>\n\t<\/h3>\n\n\t<div class=\"entry-meta\"><a href=\"https:\/\/comdep.com.br\/?m=20250704\" title=\"09:13\" class=\"data-link\" rel=\"bookmark\"><time class=\"entry-date updated\" datetime=\"2025-07-04T09:13:32-03:00\">04\/07\/2025<\/time><\/a><\/div>\n\t<div class=\"entry-excerpt\"><p>Equipes da Companhia Municipal de Desenvolvimento de Petr\u00f3polis (Comdep) realizaram uma a\u00e7\u00e3o de conscientiza\u00e7\u00e3o voltada aos comerciantes do Centro. O objetivo foi refor\u00e7ar a import\u00e2ncia do descarte correto de res\u00edduos, que devem ser colocados nas cal\u00e7adas apenas ap\u00f3s \u00e0s 19h, hor\u00e1rio que coincide com o encerramento do expediente do com\u00e9rcio. A a\u00e7\u00e3o aconteceu nesta sexta-feira&hellip;<\/p>\n<\/div>\n\t\n<a href=\"https:\/\/comdep.com.br\/?p=16700\" class=\"post-details details-type-link\" aria-label=\"Read more about Prefeitura realiza a\u00e7\u00e3o de conscientiza\u00e7\u00e3o sobre descarte correto de res\u00edduos no Centro Hist\u00f3rico\">Leia mais<i class=\"dt-icon-the7-arrow-03\" aria-hidden=\"true\"><\/i><\/a>\n\n<\/div><\/article><article class=\"post project-odd visible post-16697 type-post status-publish format-standard has-post-thumbnail hentry category-home category-1 description-off\" data-name=\"Prefeitura prorroga Campanha do Agasalho at\u00e9 fim de julho\" data-date=\"2025-07-04T09:11:01-03:00\">\n\n<div class=\"post-thumbnail-wrap\">\n\t<div class=\"post-thumbnail\">\n\n\t\t\n\t\t\n\t\t<a href=\"https:\/\/comdep.com.br\/?p=16697\" class=\"post-thumbnail-rollover layzr-bg layzr-bg\" ><img decoding=\"async\" class=\"blog-thumb-lazy-load preload-me lazy-load aspect\" src=\"data:image\/svg+xml,%3Csvg%20xmlns%3D&#39;http%3A%2F%2Fwww.w3.org%2F2000%2Fsvg&#39;%20viewBox%3D&#39;0%200%20768%20512&#39;%2F%3E\" data-src=\"https:\/\/comdep.com.br\/wp-content\/uploads\/2025\/07\/04-768x512.jpg\" data-srcset=\"https:\/\/comdep.com.br\/wp-content\/uploads\/2025\/07\/04-768x512.jpg 768w, https:\/\/comdep.com.br\/wp-content\/uploads\/2025\/07\/04-900x599.jpg 900w\" loading=\"eager\" style=\"--ratio: 768 \/ 512\" sizes=\"(max-width: 768px) 100vw, 768px\" alt=\"\" title=\"04\" width=\"768\" height=\"512\"  \/><\/a>\n\t<\/div>\n<\/div>\n\n\n<div class=\"post-entry-content\">\n\n\t<h3 class=\"entry-title\">\n\t\t<a href=\"https:\/\/comdep.com.br\/?p=16697\" title=\"Prefeitura prorroga Campanha do Agasalho at\u00e9 fim de julho\" rel=\"bookmark\">Prefeitura prorroga Campanha do Agasalho at\u00e9 fim de julho<\/a>\n\t<\/h3>\n\n\t<div class=\"entry-meta\"><a href=\"https:\/\/comdep.com.br\/?m=20250704\" title=\"09:11\" class=\"data-link\" rel=\"bookmark\"><time class=\"entry-date updated\" datetime=\"2025-07-04T09:11:01-03:00\">04\/07\/2025<\/time><\/a><\/div>\n\t<div class=\"entry-excerpt\"><p>Mais de 800 itens j\u00e1 foram arrecadados; doa\u00e7\u00f5es podem ser feitas em nove locais A Prefeitura prorrogou a Campanha do Agasalho 2025 at\u00e9 o fim de julho. As doa\u00e7\u00f5es de agasalhos, roupas, cobertores e mantas continuam em nove locais e tem como objetivo minimizar o impacto do inverno para a popula\u00e7\u00e3o mais vulner\u00e1vel. At\u00e9 aqui,&hellip;<\/p>\n<\/div>\n\t\n<a href=\"https:\/\/comdep.com.br\/?p=16697\" class=\"post-details details-type-link\" aria-label=\"Read more about Prefeitura prorroga Campanha do Agasalho at\u00e9 fim de julho\">Leia mais<i class=\"dt-icon-the7-arrow-03\" aria-hidden=\"true\"><\/i><\/a>\n\n<\/div><\/article><article class=\"post project-odd visible post-16694 type-post status-publish format-standard has-post-thumbnail hentry category-home category-1 description-off\" data-name=\"Prefeitura inicia busca ativa por im\u00f3veis que ainda n\u00e3o aderiram a coleta seletiva\" data-date=\"2025-07-04T09:09:40-03:00\">\n\n<div class=\"post-thumbnail-wrap\">\n\t<div class=\"post-thumbnail\">\n\n\t\t\n\t\t\n\t\t<a href=\"https:\/\/comdep.com.br\/?p=16694\" class=\"post-thumbnail-rollover layzr-bg layzr-bg\" ><img decoding=\"async\" class=\"blog-thumb-lazy-load preload-me lazy-load aspect\" src=\"data:image\/svg+xml,%3Csvg%20xmlns%3D&#39;http%3A%2F%2Fwww.w3.org%2F2000%2Fsvg&#39;%20viewBox%3D&#39;0%200%20768%20512&#39;%2F%3E\" data-src=\"https:\/\/comdep.com.br\/wp-content\/uploads\/2025\/07\/03-768x512.jpg\" data-srcset=\"https:\/\/comdep.com.br\/wp-content\/uploads\/2025\/07\/03-768x512.jpg 768w, https:\/\/comdep.com.br\/wp-content\/uploads\/2025\/07\/03-900x599.jpg 900w\" loading=\"eager\" style=\"--ratio: 768 \/ 512\" sizes=\"(max-width: 768px) 100vw, 768px\" alt=\"\" title=\"03\" width=\"768\" height=\"512\"  \/><\/a>\n\t<\/div>\n<\/div>\n\n\n<div class=\"post-entry-content\">\n\n\t<h3 class=\"entry-title\">\n\t\t<a href=\"https:\/\/comdep.com.br\/?p=16694\" title=\"Prefeitura inicia busca ativa por im\u00f3veis que ainda n\u00e3o aderiram a coleta seletiva\" rel=\"bookmark\">Prefeitura inicia busca ativa por im\u00f3veis que ainda n\u00e3o aderiram a coleta seletiva<\/a>\n\t<\/h3>\n\n\t<div class=\"entry-meta\"><a href=\"https:\/\/comdep.com.br\/?m=20250704\" title=\"09:09\" class=\"data-link\" rel=\"bookmark\"><time class=\"entry-date updated\" datetime=\"2025-07-04T09:09:40-03:00\">04\/07\/2025<\/time><\/a><\/div>\n\t<div class=\"entry-excerpt\"><p>A Prefeitura iniciou uma busca ativa de im\u00f3veis localizados dentro das rotas j\u00e1 atendidas pela Coleta Seletiva, mas que ainda n\u00e3o participam do programa. O objetivo da a\u00e7\u00e3o \u00e9 ampliar a ades\u00e3o dos moradores e refor\u00e7ar a import\u00e2ncia da separa\u00e7\u00e3o correta dos res\u00edduos recicl\u00e1veis. Neste primeiro momento, o trabalho est\u00e1 sendo realizado nas ruas Coronel&hellip;<\/p>\n<\/div>\n\t\n<a href=\"https:\/\/comdep.com.br\/?p=16694\" class=\"post-details details-type-link\" aria-label=\"Read more about Prefeitura inicia busca ativa por im\u00f3veis que ainda n\u00e3o aderiram a coleta seletiva\">Leia mais<i class=\"dt-icon-the7-arrow-03\" aria-hidden=\"true\"><\/i><\/a>\n\n<\/div><\/article><article class=\"post project-odd visible post-16691 type-post status-publish format-standard has-post-thumbnail hentry category-home category-1 description-off\" data-name=\"Prefeitura leva idosos para visitar pontos tur\u00edsticos\" data-date=\"2025-07-04T09:08:11-03:00\">\n\n<div class=\"post-thumbnail-wrap\">\n\t<div class=\"post-thumbnail\">\n\n\t\t\n\t\t\n\t\t<a href=\"https:\/\/comdep.com.br\/?p=16691\" class=\"post-thumbnail-rollover layzr-bg layzr-bg\" ><img decoding=\"async\" class=\"blog-thumb-lazy-load preload-me lazy-load aspect\" src=\"data:image\/svg+xml,%3Csvg%20xmlns%3D&#39;http%3A%2F%2Fwww.w3.org%2F2000%2Fsvg&#39;%20viewBox%3D&#39;0%200%20768%20512&#39;%2F%3E\" data-src=\"https:\/\/comdep.com.br\/wp-content\/uploads\/2025\/07\/02-768x512.jpg\" data-srcset=\"https:\/\/comdep.com.br\/wp-content\/uploads\/2025\/07\/02-768x512.jpg 768w, https:\/\/comdep.com.br\/wp-content\/uploads\/2025\/07\/02-900x599.jpg 900w\" loading=\"eager\" style=\"--ratio: 768 \/ 512\" sizes=\"(max-width: 768px) 100vw, 768px\" alt=\"\" title=\"02\" width=\"768\" height=\"512\"  \/><\/a>\n\t<\/div>\n<\/div>\n\n\n<div class=\"post-entry-content\">\n\n\t<h3 class=\"entry-title\">\n\t\t<a href=\"https:\/\/comdep.com.br\/?p=16691\" title=\"Prefeitura leva idosos para visitar pontos tur\u00edsticos\" rel=\"bookmark\">Prefeitura leva idosos para visitar pontos tur\u00edsticos<\/a>\n\t<\/h3>\n\n\t<div class=\"entry-meta\"><a href=\"https:\/\/comdep.com.br\/?m=20250704\" title=\"09:08\" class=\"data-link\" rel=\"bookmark\"><time class=\"entry-date updated\" datetime=\"2025-07-04T09:08:11-03:00\">04\/07\/2025<\/time><\/a><\/div>\n\t<div class=\"entry-excerpt\"><p>A\u00e7\u00e3o \u00e9 em parceria com o Comtur e a Associa\u00e7\u00e3o de Guias Tur\u00edsticos Um grupo de 25 idosos funcion\u00e1rios da Companhia Municipal de Desenvolvimento de Petr\u00f3polis (Comdep), participou de um passeio cultural pela cidade. A atividade, promovida pela Prefeitura, em parceria com o Conselho Municipal de Turismo (Comtur) e a Associa\u00e7\u00e3o dos Guias Tur\u00edsticos de&hellip;<\/p>\n<\/div>\n\t\n<a href=\"https:\/\/comdep.com.br\/?p=16691\" class=\"post-details details-type-link\" aria-label=\"Read more about Prefeitura leva idosos para visitar pontos tur\u00edsticos\">Leia mais<i class=\"dt-icon-the7-arrow-03\" aria-hidden=\"true\"><\/i><\/a>\n\n<\/div><\/article><article class=\"post project-odd visible post-16688 type-post status-publish format-standard has-post-thumbnail hentry category-home category-1 description-off\" data-name=\"Prefeitura promove teatro e a\u00e7\u00f5es educativas sobre meio ambiente e valoriza\u00e7\u00e3o das profiss\u00f5es nas escolas\" data-date=\"2025-07-04T09:06:30-03:00\">\n\n<div class=\"post-thumbnail-wrap\">\n\t<div class=\"post-thumbnail\">\n\n\t\t\n\t\t\n\t\t<a href=\"https:\/\/comdep.com.br\/?p=16688\" class=\"post-thumbnail-rollover layzr-bg layzr-bg\" ><img decoding=\"async\" class=\"blog-thumb-lazy-load preload-me lazy-load aspect\" src=\"data:image\/svg+xml,%3Csvg%20xmlns%3D&#39;http%3A%2F%2Fwww.w3.org%2F2000%2Fsvg&#39;%20viewBox%3D&#39;0%200%20768%20512&#39;%2F%3E\" data-src=\"https:\/\/comdep.com.br\/wp-content\/uploads\/2025\/07\/01-768x512.jpg\" data-srcset=\"https:\/\/comdep.com.br\/wp-content\/uploads\/2025\/07\/01-768x512.jpg 768w, https:\/\/comdep.com.br\/wp-content\/uploads\/2025\/07\/01-833x555.jpg 833w\" loading=\"eager\" style=\"--ratio: 768 \/ 512\" sizes=\"(max-width: 768px) 100vw, 768px\" alt=\"\" title=\"01\" width=\"768\" height=\"512\"  \/><\/a>\n\t<\/div>\n<\/div>\n\n\n<div class=\"post-entry-content\">\n\n\t<h3 class=\"entry-title\">\n\t\t<a href=\"https:\/\/comdep.com.br\/?p=16688\" title=\"Prefeitura promove teatro e a\u00e7\u00f5es educativas sobre meio ambiente e valoriza\u00e7\u00e3o das profiss\u00f5es nas escolas\" rel=\"bookmark\">Prefeitura promove teatro e a\u00e7\u00f5es educativas sobre meio ambiente e valoriza\u00e7\u00e3o das profiss\u00f5es nas escolas<\/a>\n\t<\/h3>\n\n\t<div class=\"entry-meta\"><a href=\"https:\/\/comdep.com.br\/?m=20250704\" title=\"09:06\" class=\"data-link\" rel=\"bookmark\"><time class=\"entry-date updated\" datetime=\"2025-07-04T09:06:30-03:00\">04\/07\/2025<\/time><\/a><\/div>\n\t<div class=\"entry-excerpt\"><p>A Prefeitura est\u00e1 levando \u00e0s escolas da cidade uma importante iniciativa de educa\u00e7\u00e3o ambiental e cidadania. Com apresenta\u00e7\u00f5es teatrais realizadas pela Cia. Os Impar\u00e1veis \u2014 formada por funcion\u00e1rios da Comdep, s\u00f3 este ano mais de 600 estudantes da rede p\u00fablica e privada assistiram as esquetes e pe\u00e7as sobre a preserva\u00e7\u00e3o do meio ambiente, a coleta&hellip;<\/p>\n<\/div>\n\t\n<a href=\"https:\/\/comdep.com.br\/?p=16688\" class=\"post-details details-type-link\" aria-label=\"Read more about Prefeitura promove teatro e a\u00e7\u00f5es educativas sobre meio ambiente e valoriza\u00e7\u00e3o das profiss\u00f5es nas escolas\">Leia mais<i class=\"dt-icon-the7-arrow-03\" aria-hidden=\"true\"><\/i><\/a>\n\n<\/div><\/article><article class=\"post project-odd visible post-16269 type-post status-publish format-standard has-post-thumbnail hentry category-home category-1 description-off\" data-name=\"Bosque do Imperador recebe limpeza e melhorias\" data-date=\"2025-02-27T14:52:15-03:00\">\n\n<div class=\"post-thumbnail-wrap\">\n\t<div class=\"post-thumbnail\">\n\n\t\t\n\t\t\n\t\t<a href=\"https:\/\/comdep.com.br\/?p=16269\" class=\"post-thumbnail-rollover layzr-bg layzr-bg\" ><img decoding=\"async\" class=\"blog-thumb-lazy-load preload-me lazy-load aspect\" src=\"data:image\/svg+xml,%3Csvg%20xmlns%3D&#39;http%3A%2F%2Fwww.w3.org%2F2000%2Fsvg&#39;%20viewBox%3D&#39;0%200%20768%20512&#39;%2F%3E\" data-src=\"https:\/\/comdep.com.br\/wp-content\/uploads\/2025\/02\/5c47c0a47f730ad1f23573fdb1864f08_XL-768x512.jpg\" data-srcset=\"https:\/\/comdep.com.br\/wp-content\/uploads\/2025\/02\/5c47c0a47f730ad1f23573fdb1864f08_XL-768x512.jpg 768w, https:\/\/comdep.com.br\/wp-content\/uploads\/2025\/02\/5c47c0a47f730ad1f23573fdb1864f08_XL-900x599.jpg 900w\" loading=\"eager\" style=\"--ratio: 768 \/ 512\" sizes=\"(max-width: 768px) 100vw, 768px\" alt=\"\" title=\"5c47c0a47f730ad1f23573fdb1864f08_XL\" width=\"768\" height=\"512\"  \/><\/a>\n\t<\/div>\n<\/div>\n\n\n<div class=\"post-entry-content\">\n\n\t<h3 class=\"entry-title\">\n\t\t<a href=\"https:\/\/comdep.com.br\/?p=16269\" title=\"Bosque do Imperador recebe limpeza e melhorias\" rel=\"bookmark\">Bosque do Imperador recebe limpeza e melhorias<\/a>\n\t<\/h3>\n\n\t<div class=\"entry-meta\"><a href=\"https:\/\/comdep.com.br\/?m=20250227\" title=\"14:52\" class=\"data-link\" rel=\"bookmark\"><time class=\"entry-date updated\" datetime=\"2025-02-27T14:52:15-03:00\">27\/02\/2025<\/time><\/a><\/div>\n\t<div class=\"entry-excerpt\"><p>O Bosque do Imperador, tamb\u00e9m conhecido como &#8220;Pra\u00e7a do Cenip&#8221; est\u00e1 recebendo uma s\u00e9rie de a\u00e7\u00f5es de manuten\u00e7\u00e3o e limpeza para melhorar a infraestrutura e garantir a seguran\u00e7a dos visitantes. A Prefeitura, por meio da Companhia Municipal de Desenvolvimento (Comdep), est\u00e1 executando um trabalho de revitaliza\u00e7\u00e3o, que inclui a limpeza do chafariz, corte de grama,&hellip;<\/p>\n<\/div>\n\t\n<a href=\"https:\/\/comdep.com.br\/?p=16269\" class=\"post-details details-type-link\" aria-label=\"Read more about Bosque do Imperador recebe limpeza e melhorias\">Leia mais<i class=\"dt-icon-the7-arrow-03\" aria-hidden=\"true\"><\/i><\/a>\n\n<\/div><\/article><article class=\"post project-odd visible post-16121 type-post status-publish format-standard has-post-thumbnail hentry category-home category-1 description-off\" data-name=\"Prefeitura inicia lavagem e higieniza\u00e7\u00e3o dos terminais de \u00f4nibus do munic\u00edpio\" data-date=\"2025-01-28T09:41:44-03:00\">\n\n<div class=\"post-thumbnail-wrap\">\n\t<div class=\"post-thumbnail\">\n\n\t\t\n\t\t\n\t\t<a href=\"https:\/\/comdep.com.br\/?p=16121\" class=\"post-thumbnail-rollover layzr-bg layzr-bg\" ><img decoding=\"async\" class=\"blog-thumb-lazy-load preload-me lazy-load aspect\" src=\"data:image\/svg+xml,%3Csvg%20xmlns%3D&#39;http%3A%2F%2Fwww.w3.org%2F2000%2Fsvg&#39;%20viewBox%3D&#39;0%200%20768%20512&#39;%2F%3E\" data-src=\"https:\/\/comdep.com.br\/wp-content\/uploads\/2025\/01\/08-768x512.jpg\" data-srcset=\"https:\/\/comdep.com.br\/wp-content\/uploads\/2025\/01\/08-768x512.jpg 768w, https:\/\/comdep.com.br\/wp-content\/uploads\/2025\/01\/08.jpg 900w\" loading=\"eager\" style=\"--ratio: 768 \/ 512\" sizes=\"(max-width: 768px) 100vw, 768px\" alt=\"\" title=\"08\" width=\"768\" height=\"512\"  \/><\/a>\n\t<\/div>\n<\/div>\n\n\n<div class=\"post-entry-content\">\n\n\t<h3 class=\"entry-title\">\n\t\t<a href=\"https:\/\/comdep.com.br\/?p=16121\" title=\"Prefeitura inicia lavagem e higieniza\u00e7\u00e3o dos terminais de \u00f4nibus do munic\u00edpio\" rel=\"bookmark\">Prefeitura inicia lavagem e higieniza\u00e7\u00e3o dos terminais de \u00f4nibus do munic\u00edpio<\/a>\n\t<\/h3>\n\n\t<div class=\"entry-meta\"><a href=\"https:\/\/comdep.com.br\/?m=20250128\" title=\"09:41\" class=\"data-link\" rel=\"bookmark\"><time class=\"entry-date updated\" datetime=\"2025-01-28T09:41:44-03:00\">28\/01\/2025<\/time><\/a><\/div>\n\t<div class=\"entry-excerpt\"><p>A Prefeitura, por meio da Companhia Municipal de Desenvolvimento de Petr\u00f3polis (Comdep) iniciou, na noite de quarta-feira (15), um mutir\u00e3o de lavagem e higieniza\u00e7\u00e3o dos tr\u00eas principais terminais de \u00f4nibus urbano do munic\u00edpio. A a\u00e7\u00e3o come\u00e7ou pelo Terminal Centro e, nesta quinta-feira (16), ser\u00e1 a vez do Terminal de Corr\u00eaas, com os trabalhos come\u00e7ando \u00e0s&hellip;<\/p>\n<\/div>\n\t\n<a href=\"https:\/\/comdep.com.br\/?p=16121\" class=\"post-details details-type-link\" aria-label=\"Read more about Prefeitura inicia lavagem e higieniza\u00e7\u00e3o dos terminais de \u00f4nibus do munic\u00edpio\">Leia mais<i class=\"dt-icon-the7-arrow-03\" aria-hidden=\"true\"><\/i><\/a>\n\n<\/div><\/article><article class=\"post project-odd visible post-16118 type-post status-publish format-standard has-post-thumbnail hentry category-home category-1 description-off\" data-name=\"Rua tem pavimenta\u00e7\u00e3o recuperada ap\u00f3s temporal na Posse\" data-date=\"2025-01-28T09:39:07-03:00\">\n\n<div class=\"post-thumbnail-wrap\">\n\t<div class=\"post-thumbnail\">\n\n\t\t\n\t\t\n\t\t<a href=\"https:\/\/comdep.com.br\/?p=16118\" class=\"post-thumbnail-rollover layzr-bg layzr-bg\" ><img decoding=\"async\" class=\"blog-thumb-lazy-load preload-me lazy-load aspect\" src=\"data:image\/svg+xml,%3Csvg%20xmlns%3D&#39;http%3A%2F%2Fwww.w3.org%2F2000%2Fsvg&#39;%20viewBox%3D&#39;0%200%20768%20512&#39;%2F%3E\" data-src=\"https:\/\/comdep.com.br\/wp-content\/uploads\/2025\/01\/07-768x512.jpg\" data-srcset=\"https:\/\/comdep.com.br\/wp-content\/uploads\/2025\/01\/07-768x512.jpg 768w, https:\/\/comdep.com.br\/wp-content\/uploads\/2025\/01\/07.jpg 900w\" loading=\"eager\" style=\"--ratio: 768 \/ 512\" sizes=\"(max-width: 768px) 100vw, 768px\" alt=\"\" title=\"07\" width=\"768\" height=\"512\"  \/><\/a>\n\t<\/div>\n<\/div>\n\n\n<div class=\"post-entry-content\">\n\n\t<h3 class=\"entry-title\">\n\t\t<a href=\"https:\/\/comdep.com.br\/?p=16118\" title=\"Rua tem pavimenta\u00e7\u00e3o recuperada ap\u00f3s temporal na Posse\" rel=\"bookmark\">Rua tem pavimenta\u00e7\u00e3o recuperada ap\u00f3s temporal na Posse<\/a>\n\t<\/h3>\n\n\t<div class=\"entry-meta\"><a href=\"https:\/\/comdep.com.br\/?m=20250128\" title=\"09:39\" class=\"data-link\" rel=\"bookmark\"><time class=\"entry-date updated\" datetime=\"2025-01-28T09:39:07-03:00\">28\/01\/2025<\/time><\/a><\/div>\n\t<div class=\"entry-excerpt\"><p>Desde o dia 2, equipes das secretarias de Obras, Defesa Civil, Comdep e Assist\u00eancia Social atuaram no apoio aos moradores da regi\u00e3o. A equipe da secretaria de Obras da Prefeitura de Petr\u00f3polis finaliza nesta quinta-feira (16), a recupera\u00e7\u00e3o da pavimenta\u00e7\u00e3o que foi completamente destru\u00edda em algumas ruas do bairro Nossa Senhora de F\u00e1tima, no distrito&hellip;<\/p>\n<\/div>\n\t\n<a href=\"https:\/\/comdep.com.br\/?p=16118\" class=\"post-details details-type-link\" aria-label=\"Read more about Rua tem pavimenta\u00e7\u00e3o recuperada ap\u00f3s temporal na Posse\">Leia mais<i class=\"dt-icon-the7-arrow-03\" aria-hidden=\"true\"><\/i><\/a>\n\n<\/div><\/article><article class=\"post project-odd visible post-16115 type-post status-publish format-standard has-post-thumbnail hentry category-home category-1 description-off\" data-name=\"Prefeitura realiza manuten\u00e7\u00e3o do Monumento da \u00c1guia\" data-date=\"2025-01-28T09:34:40-03:00\">\n\n<div class=\"post-thumbnail-wrap\">\n\t<div class=\"post-thumbnail\">\n\n\t\t\n\t\t\n\t\t<a href=\"https:\/\/comdep.com.br\/?p=16115\" class=\"post-thumbnail-rollover layzr-bg layzr-bg\" ><img decoding=\"async\" class=\"blog-thumb-lazy-load preload-me lazy-load aspect\" src=\"data:image\/svg+xml,%3Csvg%20xmlns%3D&#39;http%3A%2F%2Fwww.w3.org%2F2000%2Fsvg&#39;%20viewBox%3D&#39;0%200%20759%20506&#39;%2F%3E\" data-src=\"https:\/\/comdep.com.br\/wp-content\/uploads\/2025\/01\/06-759x506.jpg\" data-srcset=\"https:\/\/comdep.com.br\/wp-content\/uploads\/2025\/01\/06-759x506.jpg 759w\" loading=\"eager\" style=\"--ratio: 759 \/ 506\" sizes=\"(max-width: 759px) 100vw, 759px\" alt=\"Prefeitura realiza manuten\u00e7\u00e3o do Monumento da \u00c1guia\" title=\"06\" width=\"759\" height=\"506\"  \/><\/a>\n\t<\/div>\n<\/div>\n\n\n<div class=\"post-entry-content\">\n\n\t<h3 class=\"entry-title\">\n\t\t<a href=\"https:\/\/comdep.com.br\/?p=16115\" title=\"Prefeitura realiza manuten\u00e7\u00e3o do Monumento da \u00c1guia\" rel=\"bookmark\">Prefeitura realiza manuten\u00e7\u00e3o do Monumento da \u00c1guia<\/a>\n\t<\/h3>\n\n\t<div class=\"entry-meta\"><a href=\"https:\/\/comdep.com.br\/?m=20250128\" title=\"09:34\" class=\"data-link\" rel=\"bookmark\"><time class=\"entry-date updated\" datetime=\"2025-01-28T09:34:40-03:00\">28\/01\/2025<\/time><\/a><\/div>\n\t<div class=\"entry-excerpt\"><p>Equipes do Instituto Municipal de Cultura &#8211; IMC e da Companhia Petropolitana de Desenvolvimento &#8211; Comdep, deram in\u00edcio nesta semana ao trabalho de manuten\u00e7\u00e3o do monumento da \u00e1guia, cart\u00e3o postal da cidade, que fica na pra\u00e7a Visconde de Mau\u00e1, no Centro Hist\u00f3rico. Al\u00e9m da limpeza, tamb\u00e9m foi realizada pintura do chafariz. Ap\u00f3s a pintura da&hellip;<\/p>\n<\/div>\n\t\n<a href=\"https:\/\/comdep.com.br\/?p=16115\" class=\"post-details details-type-link\" aria-label=\"Read more about Prefeitura realiza manuten\u00e7\u00e3o do Monumento da \u00c1guia\">Leia mais<i class=\"dt-icon-the7-arrow-03\" aria-hidden=\"true\"><\/i><\/a>\n\n<\/div><\/article><article class=\"post project-odd visible post-16112 type-post status-publish format-standard has-post-thumbnail hentry category-home category-1 description-off\" data-name=\"Comdep refor\u00e7a coleta de entulho e melhora servi\u00e7os para combater descarte irregular na cidade\" data-date=\"2025-01-28T09:26:57-03:00\">\n\n<div class=\"post-thumbnail-wrap\">\n\t<div class=\"post-thumbnail\">\n\n\t\t\n\t\t\n\t\t<a href=\"https:\/\/comdep.com.br\/?p=16112\" class=\"post-thumbnail-rollover layzr-bg layzr-bg\" ><img decoding=\"async\" class=\"blog-thumb-lazy-load preload-me lazy-load aspect\" src=\"data:image\/svg+xml,%3Csvg%20xmlns%3D&#39;http%3A%2F%2Fwww.w3.org%2F2000%2Fsvg&#39;%20viewBox%3D&#39;0%200%20759%20506&#39;%2F%3E\" data-src=\"https:\/\/comdep.com.br\/wp-content\/uploads\/2025\/01\/05-759x506.jpg\" data-srcset=\"https:\/\/comdep.com.br\/wp-content\/uploads\/2025\/01\/05-759x506.jpg 759w\" loading=\"eager\" style=\"--ratio: 759 \/ 506\" sizes=\"(max-width: 759px) 100vw, 759px\" alt=\"A Comdep tamb\u00e9m est\u00e1 implementando um sistema de numera\u00e7\u00e3o para as ca\u00e7ambas\" title=\"05\" width=\"759\" height=\"506\"  \/><\/a>\n\t<\/div>\n<\/div>\n\n\n<div class=\"post-entry-content\">\n\n\t<h3 class=\"entry-title\">\n\t\t<a href=\"https:\/\/comdep.com.br\/?p=16112\" title=\"Comdep refor\u00e7a coleta de entulho e melhora servi\u00e7os para combater descarte irregular na cidade\" rel=\"bookmark\">Comdep refor\u00e7a coleta de entulho e melhora servi\u00e7os para combater descarte irregular na cidade<\/a>\n\t<\/h3>\n\n\t<div class=\"entry-meta\"><a href=\"https:\/\/comdep.com.br\/?m=20250128\" title=\"09:26\" class=\"data-link\" rel=\"bookmark\"><time class=\"entry-date updated\" datetime=\"2025-01-28T09:26:57-03:00\">28\/01\/2025<\/time><\/a><\/div>\n\t<div class=\"entry-excerpt\"><p>Novo n\u00famero para o disque-entulho \u00e9 divulgado para melhora no servi\u00e7o A Prefeitura, por meio da Comdep, iniciou a reforma das ca\u00e7ambas poly espalhadas pela cidade, com o objetivo de melhorar a limpeza urbana e combater o descarte irregular de entulho. A medida busca tornar mais eficiente o processo de coleta e evitar que restos&hellip;<\/p>\n<\/div>\n\t\n<a href=\"https:\/\/comdep.com.br\/?p=16112\" class=\"post-details details-type-link\" aria-label=\"Read more about Comdep refor\u00e7a coleta de entulho e melhora servi\u00e7os para combater descarte irregular na cidade\">Leia mais<i class=\"dt-icon-the7-arrow-03\" aria-hidden=\"true\"><\/i><\/a>\n\n<\/div><\/article><article class=\"post project-odd visible post-16063 type-post status-publish format-standard has-post-thumbnail hentry category-home category-1 description-off\" data-name=\"Prefeitura inicia plantio de 2.550 mudas para cria\u00e7\u00e3o do cintur\u00e3o verde no Aterro Sanit\u00e1rio de Pedro do Rio\" data-date=\"2025-01-16T12:22:46-03:00\">\n\n<div class=\"post-thumbnail-wrap\">\n\t<div class=\"post-thumbnail\">\n\n\t\t\n\t\t\n\t\t<a href=\"https:\/\/comdep.com.br\/?p=16063\" class=\"post-thumbnail-rollover layzr-bg layzr-bg\" ><img decoding=\"async\" class=\"blog-thumb-lazy-load preload-me lazy-load aspect\" src=\"data:image\/svg+xml,%3Csvg%20xmlns%3D&#39;http%3A%2F%2Fwww.w3.org%2F2000%2Fsvg&#39;%20viewBox%3D&#39;0%200%20768%20512&#39;%2F%3E\" data-src=\"https:\/\/comdep.com.br\/wp-content\/uploads\/2025\/01\/caa64be9608f46dbd92080fd97d4424f_XL-768x512.jpg\" data-srcset=\"https:\/\/comdep.com.br\/wp-content\/uploads\/2025\/01\/caa64be9608f46dbd92080fd97d4424f_XL-768x512.jpg 768w, https:\/\/comdep.com.br\/wp-content\/uploads\/2025\/01\/caa64be9608f46dbd92080fd97d4424f_XL-848x565.jpg 848w\" loading=\"eager\" style=\"--ratio: 768 \/ 512\" sizes=\"(max-width: 768px) 100vw, 768px\" alt=\"\" title=\"caa64be9608f46dbd92080fd97d4424f_XL\" width=\"768\" height=\"512\"  \/><\/a>\n\t<\/div>\n<\/div>\n\n\n<div class=\"post-entry-content\">\n\n\t<h3 class=\"entry-title\">\n\t\t<a href=\"https:\/\/comdep.com.br\/?p=16063\" title=\"Prefeitura inicia plantio de 2.550 mudas para cria\u00e7\u00e3o do cintur\u00e3o verde no Aterro Sanit\u00e1rio de Pedro do Rio\" rel=\"bookmark\">Prefeitura inicia plantio de 2.550 mudas para cria\u00e7\u00e3o do cintur\u00e3o verde no Aterro Sanit\u00e1rio de Pedro do Rio<\/a>\n\t<\/h3>\n\n\t<div class=\"entry-meta\"><a href=\"https:\/\/comdep.com.br\/?m=20250116\" title=\"12:22\" class=\"data-link\" rel=\"bookmark\"><time class=\"entry-date updated\" datetime=\"2025-01-16T12:22:46-03:00\">16\/01\/2025<\/time><\/a><\/div>\n\t<div class=\"entry-excerpt\"><p>A Prefeitura, por meio da Companhia Municipal de Desenvolvimento de Petr\u00f3polis (Comdep), deu in\u00edcio ao plantio de 2.550 mudas no Aterro Sanit\u00e1rio de Pedro do Rio. A iniciativa faz parte da cria\u00e7\u00e3o do cintur\u00e3o verde, uma barreira natural formada por vegeta\u00e7\u00e3o que tem como objetivo principal minimizar os impactos ambientais, como a emiss\u00e3o de odores,&hellip;<\/p>\n<\/div>\n\t\n<a href=\"https:\/\/comdep.com.br\/?p=16063\" class=\"post-details details-type-link\" aria-label=\"Read more about Prefeitura inicia plantio de 2.550 mudas para cria\u00e7\u00e3o do cintur\u00e3o verde no Aterro Sanit\u00e1rio de Pedro do Rio\">Leia mais<i class=\"dt-icon-the7-arrow-03\" aria-hidden=\"true\"><\/i><\/a>\n\n<\/div><\/article><article class=\"post project-odd visible post-16060 type-post status-publish format-standard has-post-thumbnail hentry category-home category-1 description-off\" data-name=\"Mutir\u00e3o emergencial de servi\u00e7os come\u00e7a em Araras com a\u00e7\u00f5es de limpeza e manuten\u00e7\u00e3o vi\u00e1ria\" data-date=\"2025-01-16T12:02:07-03:00\">\n\n<div class=\"post-thumbnail-wrap\">\n\t<div class=\"post-thumbnail\">\n\n\t\t\n\t\t\n\t\t<a href=\"https:\/\/comdep.com.br\/?p=16060\" class=\"post-thumbnail-rollover layzr-bg layzr-bg\" ><img decoding=\"async\" class=\"blog-thumb-lazy-load preload-me lazy-load aspect\" src=\"data:image\/svg+xml,%3Csvg%20xmlns%3D&#39;http%3A%2F%2Fwww.w3.org%2F2000%2Fsvg&#39;%20viewBox%3D&#39;0%200%20759%20506&#39;%2F%3E\" data-src=\"https:\/\/comdep.com.br\/wp-content\/uploads\/2025\/01\/fb8ea42fdf4e72efb5f870f431ea02ba_XL-759x506.jpg\" data-srcset=\"https:\/\/comdep.com.br\/wp-content\/uploads\/2025\/01\/fb8ea42fdf4e72efb5f870f431ea02ba_XL-759x506.jpg 759w\" loading=\"eager\" style=\"--ratio: 759 \/ 506\" sizes=\"(max-width: 759px) 100vw, 759px\" alt=\"\" title=\"fb8ea42fdf4e72efb5f870f431ea02ba_XL\" width=\"759\" height=\"506\"  \/><\/a>\n\t<\/div>\n<\/div>\n\n\n<div class=\"post-entry-content\">\n\n\t<h3 class=\"entry-title\">\n\t\t<a href=\"https:\/\/comdep.com.br\/?p=16060\" title=\"Mutir\u00e3o emergencial de servi\u00e7os come\u00e7a em Araras com a\u00e7\u00f5es de limpeza e manuten\u00e7\u00e3o vi\u00e1ria\" rel=\"bookmark\">Mutir\u00e3o emergencial de servi\u00e7os come\u00e7a em Araras com a\u00e7\u00f5es de limpeza e manuten\u00e7\u00e3o vi\u00e1ria<\/a>\n\t<\/h3>\n\n\t<div class=\"entry-meta\"><a href=\"https:\/\/comdep.com.br\/?m=20250116\" title=\"12:02\" class=\"data-link\" rel=\"bookmark\"><time class=\"entry-date updated\" datetime=\"2025-01-16T12:02:07-03:00\">16\/01\/2025<\/time><\/a><\/div>\n\t<div class=\"entry-excerpt\"><p>Araras iniciou a ter\u00e7a-feira (15) com um mutir\u00e3o emergencial de servi\u00e7os promovido pela Prefeitura, por meio da Companhia Municipal de Desenvolvimento de Petr\u00f3polis (Comdep), para melhorar a infraestrutura e a limpeza do bairro. A a\u00e7\u00e3o incluiu coleta de lixo, manuten\u00e7\u00e3o das vias, capina, ro\u00e7ada e remo\u00e7\u00e3o de entulho, com algumas a\u00e7\u00f5es sendo finalizadas e outras&hellip;<\/p>\n<\/div>\n\t\n<a href=\"https:\/\/comdep.com.br\/?p=16060\" class=\"post-details details-type-link\" aria-label=\"Read more about Mutir\u00e3o emergencial de servi\u00e7os come\u00e7a em Araras com a\u00e7\u00f5es de limpeza e manuten\u00e7\u00e3o vi\u00e1ria\">Leia mais<i class=\"dt-icon-the7-arrow-03\" aria-hidden=\"true\"><\/i><\/a>\n\n<\/div><\/article><\/div>[vc_btn title=&#8221;Veja mais&#8230;&#8221; size=&#8221;sm&#8221; align=&#8221;right&#8221; link=&#8221;url:http%3A%2F%2Fcomdep.com.br%2F%3Fpage_id%3D2458|title:Blog||&#8221; css=&#8221;.vc_custom_1663765646873{padding-top: 10px !important;}&#8221;][\/vc_column][\/vc_row][vc_row][vc_column]<div id=\"ultimate-heading-564569f3062a125db\" class=\"uvc-heading ult-adjust-bottom-margin ultimate-heading-564569f3062a125db uvc-3120 accent-border-color\" data-hspacer=\"line_only\"  data-halign=\"left\" style=\"text-align:left\"><div class=\"uvc-main-heading ult-responsive\"  data-ultimate-target='.uvc-heading.ultimate-heading-564569f3062a125db h2'  data-responsive-json-new='{\"font-size\":\"desktop:26px;\",\"line-height\":\"desktop:36px;\"}' ><h2 style=\"font-weight:bold;\">Nossos Parceiros<\/h2><\/div><div class=\"uvc-heading-spacer line_only\" style=\"margin-top:15px;margin-bottom:45px;height:4px;\"><span class=\"uvc-headings-line\" style=\"border-style:solid;border-bottom-width:4px;border-color:;width:50px;\"><\/span><\/div><\/div>[vc_row_inner][vc_column_inner width=&#8221;1\/6&#8243;][\/vc_column_inner][vc_column_inner width=&#8221;1\/6&#8243;]<style type=\"text\/css\" data-type=\"the7_shortcodes-inline-css\">.shortcode-single-image-wrap.shortcode-single-image-7e2972ddeae0f46aee9161b1a0c96587.enable-bg-rollover .rollover i,\n.shortcode-single-image-wrap.shortcode-single-image-7e2972ddeae0f46aee9161b1a0c96587.enable-bg-rollover .rollover-video i {\n  background: -webkit-linear-gradient();\n  background: linear-gradient();\n}\n.shortcode-single-image-wrap.shortcode-single-image-7e2972ddeae0f46aee9161b1a0c96587 .rollover-icon {\n  font-size: 32px;\n  color: #ffffff;\n  min-width: 44px;\n  min-height: 44px;\n  line-height: 44px;\n  border-radius: 100px;\n  border-style: solid;\n  border-width: 0px;\n}\n.dt-icon-bg-on.shortcode-single-image-wrap.shortcode-single-image-7e2972ddeae0f46aee9161b1a0c96587 .rollover-icon {\n  background: rgba(255,255,255,0.3);\n  box-shadow: none;\n}<\/style><div class=\"shortcode-single-image-wrap shortcode-single-image-7e2972ddeae0f46aee9161b1a0c96587 alignnone  vc_custom_1559221127768 enable-bg-rollover dt-icon-bg-off\" ><div class=\"shortcode-single-image\"><div class=\"fancy-media-wrap  layzr-bg\" style=\"\"><img decoding=\"async\" class=\"preload-me lazy-load aspect\" src=\"data:image\/svg+xml,%3Csvg%20xmlns%3D&#39;http%3A%2F%2Fwww.w3.org%2F2000%2Fsvg&#39;%20viewBox%3D&#39;0%200%20200%20232&#39;%2F%3E\" data-src=\"https:\/\/comdep.com.br\/wp-content\/uploads\/2019\/05\/img_004_proteja.jpg\" data-srcset=\"https:\/\/comdep.com.br\/wp-content\/uploads\/2019\/05\/img_004_proteja.jpg 200w\" loading=\"eager\" sizes=\"(max-width: 200px) 100vw, 200px\" width=\"200\" height=\"232\"  data-dt-location=\"https:\/\/comdep.com.br\/?attachment_id=1396\" style=\"--ratio: 200 \/ 232;\" alt=\"\" \/><\/div><\/div><\/div>[\/vc_column_inner][vc_column_inner width=&#8221;1\/6&#8243;]<style type=\"text\/css\" data-type=\"the7_shortcodes-inline-css\">.shortcode-single-image-wrap.shortcode-single-image-ae29239e74491ecb280d708c53b82d6f.enable-bg-rollover .rollover i,\n.shortcode-single-image-wrap.shortcode-single-image-ae29239e74491ecb280d708c53b82d6f.enable-bg-rollover .rollover-video i {\n  background: -webkit-linear-gradient();\n  background: linear-gradient();\n}\n.shortcode-single-image-wrap.shortcode-single-image-ae29239e74491ecb280d708c53b82d6f .rollover-icon {\n  font-size: 32px;\n  color: #ffffff;\n  min-width: 44px;\n  min-height: 44px;\n  line-height: 44px;\n  border-radius: 100px;\n  border-style: solid;\n  border-width: 0px;\n}\n.dt-icon-bg-on.shortcode-single-image-wrap.shortcode-single-image-ae29239e74491ecb280d708c53b82d6f .rollover-icon {\n  background: rgba(255,255,255,0.3);\n  box-shadow: none;\n}<\/style><div class=\"shortcode-single-image-wrap shortcode-single-image-ae29239e74491ecb280d708c53b82d6f alignnone  vc_custom_1559221121517 enable-bg-rollover dt-icon-bg-off\" ><div class=\"shortcode-single-image\"><div class=\"fancy-media-wrap  layzr-bg\" style=\"\"><img decoding=\"async\" class=\"preload-me lazy-load aspect\" src=\"data:image\/svg+xml,%3Csvg%20xmlns%3D&#39;http%3A%2F%2Fwww.w3.org%2F2000%2Fsvg&#39;%20viewBox%3D&#39;0%200%20200%20232&#39;%2F%3E\" data-src=\"https:\/\/comdep.com.br\/wp-content\/uploads\/2019\/05\/img_002_cidadeparicipante.jpg\" data-srcset=\"https:\/\/comdep.com.br\/wp-content\/uploads\/2019\/05\/img_002_cidadeparicipante.jpg 200w\" loading=\"eager\" sizes=\"(max-width: 200px) 100vw, 200px\" width=\"200\" height=\"232\"  data-dt-location=\"https:\/\/comdep.com.br\/?attachment_id=1394\" style=\"--ratio: 200 \/ 232;\" alt=\"\" \/><\/div><\/div><\/div>[\/vc_column_inner][vc_column_inner width=&#8221;1\/6&#8243;]<style type=\"text\/css\" data-type=\"the7_shortcodes-inline-css\">.shortcode-single-image-wrap.shortcode-single-image-0c151a5cb48864925cc88e5319256ac7.enable-bg-rollover .rollover i,\n.shortcode-single-image-wrap.shortcode-single-image-0c151a5cb48864925cc88e5319256ac7.enable-bg-rollover .rollover-video i {\n  background: -webkit-linear-gradient();\n  background: linear-gradient();\n}\n.shortcode-single-image-wrap.shortcode-single-image-0c151a5cb48864925cc88e5319256ac7 .rollover-icon {\n  font-size: 32px;\n  color: #ffffff;\n  min-width: 44px;\n  min-height: 44px;\n  line-height: 44px;\n  border-radius: 100px;\n  border-style: solid;\n  border-width: 0px;\n}\n.dt-icon-bg-on.shortcode-single-image-wrap.shortcode-single-image-0c151a5cb48864925cc88e5319256ac7 .rollover-icon {\n  background: rgba(255,255,255,0.3);\n  box-shadow: none;\n}<\/style><div class=\"shortcode-single-image-wrap shortcode-single-image-0c151a5cb48864925cc88e5319256ac7 alignnone  vc_custom_1559221150149 enable-bg-rollover dt-icon-bg-off\" ><div class=\"shortcode-single-image\"><div class=\"fancy-media-wrap  layzr-bg\" style=\"\"><img decoding=\"async\" class=\"preload-me lazy-load aspect\" src=\"data:image\/svg+xml,%3Csvg%20xmlns%3D&#39;http%3A%2F%2Fwww.w3.org%2F2000%2Fsvg&#39;%20viewBox%3D&#39;0%200%20200%20232&#39;%2F%3E\" data-src=\"https:\/\/comdep.com.br\/wp-content\/uploads\/2019\/05\/img_003_conselho.jpg\" data-srcset=\"https:\/\/comdep.com.br\/wp-content\/uploads\/2019\/05\/img_003_conselho.jpg 200w\" loading=\"eager\" sizes=\"(max-width: 200px) 100vw, 200px\" width=\"200\" height=\"232\"  data-dt-location=\"https:\/\/comdep.com.br\/?attachment_id=1395\" style=\"--ratio: 200 \/ 232;\" alt=\"\" \/><\/div><\/div><\/div>[\/vc_column_inner][vc_column_inner width=&#8221;1\/6&#8243;]<style type=\"text\/css\" data-type=\"the7_shortcodes-inline-css\">.shortcode-single-image-wrap.shortcode-single-image-2d091ba1260686273872ece97096ff61.enable-bg-rollover .rollover i,\n.shortcode-single-image-wrap.shortcode-single-image-2d091ba1260686273872ece97096ff61.enable-bg-rollover .rollover-video i {\n  background: -webkit-linear-gradient();\n  background: linear-gradient();\n}\n.shortcode-single-image-wrap.shortcode-single-image-2d091ba1260686273872ece97096ff61 .rollover-icon {\n  font-size: 32px;\n  color: #ffffff;\n  min-width: 44px;\n  min-height: 44px;\n  line-height: 44px;\n  border-radius: 100px;\n  border-style: solid;\n  border-width: 0px;\n}\n.dt-icon-bg-on.shortcode-single-image-wrap.shortcode-single-image-2d091ba1260686273872ece97096ff61 .rollover-icon {\n  background: rgba(255,255,255,0.3);\n  box-shadow: none;\n}<\/style><div class=\"shortcode-single-image-wrap shortcode-single-image-2d091ba1260686273872ece97096ff61 alignnone  vc_custom_1659032170731 enable-bg-rollover dt-icon-bg-off\" ><div class=\"shortcode-single-image\"><div class=\"fancy-media-wrap\" style=\"\"><a href=\"https:\/\/www.petropolis.rj.gov.br\/pmp\/\" class=\" layzr-bg rollover\" style=\"\" target=\"_blank\" rel=\"noopener\" aria-label=\"Image\"><img decoding=\"async\" class=\"preload-me lazy-load aspect\" src=\"data:image\/svg+xml,%3Csvg%20xmlns%3D&#39;http%3A%2F%2Fwww.w3.org%2F2000%2Fsvg&#39;%20viewBox%3D&#39;0%200%20200%20232&#39;%2F%3E\" data-src=\"https:\/\/comdep.com.br\/wp-content\/uploads\/2019\/05\/img_001_petropolis.jpg\" data-srcset=\"https:\/\/comdep.com.br\/wp-content\/uploads\/2019\/05\/img_001_petropolis.jpg 200w\" loading=\"eager\" style=\"--ratio: 200 \/ 232\" sizes=\"(max-width: 200px) 100vw, 200px\" width=\"200\" height=\"232\"  data-dt-location=\"https:\/\/comdep.com.br\/?attachment_id=1393\" alt=\"\" \/><\/a><\/div><\/div><\/div>[\/vc_column_inner][vc_column_inner width=&#8221;1\/6&#8243;][\/vc_column_inner][\/vc_row_inner][\/vc_column][\/vc_row][vc_row][vc_column]<div class=\"ult-spacer spacer-69f3062a1414a\" data-id=\"69f3062a1414a\" data-height=\"30\" data-height-mobile=\"30\" data-height-tab=\"30\" data-height-tab-portrait=\"\" data-height-mobile-landscape=\"\" style=\"clear:both;display:block;\"><\/div>[\/vc_column][\/vc_row]<\/p>\n<\/section>","protected":false},"excerpt":{"rendered":"<p>[vc_row css=&#8221;.vc_custom_1554213659385{padding-top: 40px !important;}&#8221;][vc_column width=&#8221;1\/6&#8243;][vc_column_text]Sistema Integrado de Gest\u00e3o &#8211; Intranet&#8230;[\/vc_column_text][\/vc_column][vc_column width=&#8221;1\/6&#8243;][vc_column_text]Servidor: crie seu login para acessar o seu contra-cheque on line&#8230;.[\/vc_column_text][\/vc_column][vc_column width=&#8221;1\/6&#8243;][vc_column_text]Concurso P\u00fablico 2022 Resultado Final do Concurso Lista de Convoca\u00e7\u00f5es Edital de Chamamento P\u00fablico &#8211; Contrata\u00e7\u00e3o Tempor\u00e1ria &#8211; CLASSIFICA\u00c7\u00c3O FINAL[\/vc_column_text][\/vc_column][vc_column width=&#8221;1\/6&#8243;][vc_column_text]Diga N\u00c3O ao assedio. LEMBRE-SE que a sua den\u00fancia \u00e9 an\u00f4nima! C\u00d3DIGO DE \u00c9TICA[\/vc_column_text][\/vc_column][vc_column&hellip;<\/p>\n","protected":false},"author":1,"featured_media":0,"parent":0,"menu_order":0,"comment_status":"closed","ping_status":"closed","template":"","meta":{"_themeisle_gutenberg_block_has_review":false,"footnotes":""},"_links":{"self":[{"href":"https:\/\/comdep.com.br\/index.php?rest_route=\/wp\/v2\/pages\/930"}],"collection":[{"href":"https:\/\/comdep.com.br\/index.php?rest_route=\/wp\/v2\/pages"}],"about":[{"href":"https:\/\/comdep.com.br\/index.php?rest_route=\/wp\/v2\/types\/page"}],"author":[{"embeddable":true,"href":"https:\/\/comdep.com.br\/index.php?rest_route=\/wp\/v2\/users\/1"}],"replies":[{"embeddable":true,"href":"https:\/\/comdep.com.br\/index.php?rest_route=%2Fwp%2Fv2%2Fcomments&post=930"}],"version-history":[{"count":121,"href":"https:\/\/comdep.com.br\/index.php?rest_route=\/wp\/v2\/pages\/930\/revisions"}],"predecessor-version":[{"id":18034,"href":"https:\/\/comdep.com.br\/index.php?rest_route=\/wp\/v2\/pages\/930\/revisions\/18034"}],"wp:attachment":[{"href":"https:\/\/comdep.com.br\/index.php?rest_route=%2Fwp%2Fv2%2Fmedia&parent=930"}],"curies":[{"name":"wp","href":"https:\/\/api.w.org\/{rel}","templated":true}]}}